{"id":29513,"date":"2017-01-05T08:24:55","date_gmt":"2017-01-05T07:24:55","guid":{"rendered":"https:\/\/www.soleum.de\/shop\/sin%20categor\u00eda\/banco-para-bano-de-vapor-t102\/"},"modified":"2024-02-23T16:56:43","modified_gmt":"2024-02-23T15:56:43","slug":"banco-para-bano-de-vapor-t102","status":"publish","type":"product","link":"https:\/\/www.soleum.de\/es\/shop\/bancos-de-bano-de-vapor\/asiento-t102\/banco-para-bano-de-vapor-t102\/","title":{"rendered":"Banco para ba\u00f1o de vapor T102"},"content":{"rendered":"<h1>Banco para ba\u00f1o de vapor T102-Comodidad al m\u00e1s alto nivel<\/h1>\n<div>Banco Comfort como <strong>banco EPS <u>en blanco para<\/u><\/strong> embaldosar<\/div>\n<ul>\n<li>sin red<\/li>\n<li>hasta<\/li>\n<li>Color: gris<\/li>\n<li>Fabricado en 2 piezas (base y respaldo por separado)<\/li>\n<\/ul>\n<div>\n<div>\n<div><u>NOTA:<\/u><\/div>\n<div>Le recomendamos que <u>caliente<\/u> el banco del ba\u00f1o de vapor T102 (y normalmente tambi\u00e9n las partes de la pared donde se apoya y la parte del suelo).<\/div>\n<div>Hay alfombrillas calefactoras est\u00e1ndar de varias longitudes o una alfombrilla <a href=\"https:\/\/www.soleum.de\/es\/shop\/esteras-calefactoras-para-banos-de-vapor\/alfombrillas-calefactoras-de-bano-de-vapor-en-vertical\/\">calefactora a medida<\/a> que se adapta exactamente al m\u00f3dulo del asiento. (\u00a1PEDIDO ESPECIAL!)<\/div>\n<\/div>\n<\/div>\n<div><\/div>\n<div>\n<div>\n<div>Estas c\u00f3modas variantes de asiento<a href=\"https:\/\/www.soleum.de\/es\/shop\/bancos-de-bano-de-vapor\/asiento-t75\/banco-de-bano-de-vapor-t75\/\">(T75<\/a><a href=\"https:\/\/www.soleum.de\/es\/shop\/bancos-de-bano-de-vapor\/asiento-t85\/banco-de-bano-de-vapor-t85\/\">,T85<\/a><a href=\"https:\/\/www.soleum.de\/es\/shop\/bancos-de-bano-de-vapor\/asiento-t95\/banco-de-bano-de-vapor-t95\/\">,T95<\/a>) son perfectas como banco de ba\u00f1o de vapor que se puede alicatar. En lugar de los asientos plegables de filigrana convencionales, aqu\u00ed tiene un banco de ba\u00f1o de vapor posterior muy robusto que puede calentar y alicatar. Este banco para ba\u00f1o turco no s\u00f3lo realza visualmente su ducha o ba\u00f1o turco, sino que tambi\u00e9n es muy c\u00f3modo.<\/div>\n<\/div>\n<\/div>\n<div class=\"is-divider divider clearfix\" style=\"max-width:1000px;background-color:rgb(38, 0, 172);\"><\/div>\n<h2 class=\"uppercase\">Pida los siguientes accesorios<\/h2>\n<h3 class=\"thin-font\">Esterilla calefactora para m\u00f3dulos SPA y controlador para un calor agradable<\/h3>\nEn todos los m\u00f3dulos SPA, ajustamos la direcci\u00f3n de los conductores de calefacci\u00f3n en consecuencia para que la alfombra calefactora sea f\u00e1cil de colocar.\n\n&nbsp;\n<blockquote>\u00bfTiene un proyecto de construcci\u00f3n m\u00e1s grande con diferentes m\u00f3dulos SPA?<\/blockquote>\nPara ello, p\u00f3ngase en contacto con nosotros por correo electr\u00f3nico. Env\u00edenos su plano (planta) con las dimensiones. Nuestro departamento t\u00e9cnico comprobar\u00e1 su proyecto y le har\u00e1 una oferta adecuada.\n\n\u00bfSab\u00eda que ofrecemos <a href=\"https:\/\/www.soleum.de\/es\/kit-de-cabina-de-vapor-preproducido\/\">kits listos para<\/a> usar seg\u00fan plano? Los kits tienen precios fijos seg\u00fan las categor\u00edas de dimensiones. Estaremos encantados de enviarle m\u00e1s informaci\u00f3n.\n\n<ul class=\"ux-products-list product_list_widget\">\n\t\t\t\t\t<li>\n\t<a href=\"https:\/\/www.soleum.de\/es\/shop\/esteras-calefactoras-para-banos-de-vapor\/alfombrillas-calefactoras-de-vapor-a-medida-horizontal\/\" title=\"Esteras calefactoras para ba\u00f1os de vapor a medida-300W\/m2\">\n\t\t<img loading=\"lazy\" decoding=\"async\" width=\"100\" height=\"100\" src=\"https:\/\/www.soleum.de\/wp-content\/uploads\/2017\/01\/horizontale-Dampfbadheizmatte-100x100.jpg\" class=\"attachment-woocommerce_gallery_thumbnail size-woocommerce_gallery_thumbnail\" alt=\"Esteras calefactoras para ba\u00f1os de vapor\" srcset=\"https:\/\/www.soleum.de\/wp-content\/uploads\/2017\/01\/horizontale-Dampfbadheizmatte-100x100.jpg 100w, https:\/\/www.soleum.de\/wp-content\/uploads\/2017\/01\/horizontale-Dampfbadheizmatte-280x280.jpg 280w\" sizes=\"auto, (max-width: 100px) 100vw, 100px\" \/>\t\t<span class=\"product-title\">Esteras calefactoras para ba\u00f1os de vapor a medida-300W\/m2<\/span>\n\t<\/a>\n\t\t<span class=\"woocommerce-Price-amount amount\"><bdi>270,00&nbsp;<span class=\"woocommerce-Price-currencySymbol\">&euro;<\/span><\/bdi><\/span> <small class=\"woocommerce-price-suffix\">inkl. MWSt.<\/small><\/li>\n\t\t\t\t\t<li>\n\t<a href=\"https:\/\/www.soleum.de\/es\/shop\/esteras-calefactoras-para-banos-de-vapor\/termostato-empotrado-para-alfombrillas\/\" title=\"Termostato incorporado para calentar las alfombrillas\">\n\t\t<img loading=\"lazy\" decoding=\"async\" width=\"100\" height=\"100\" src=\"https:\/\/www.soleum.de\/wp-content\/uploads\/2018\/09\/Schaltereinbauthermostat_Heizmatten-100x100.jpg\" class=\"attachment-woocommerce_gallery_thumbnail size-woocommerce_gallery_thumbnail\" alt=\"Termostato incorporado para calentar las alfombrillas\" srcset=\"https:\/\/www.soleum.de\/wp-content\/uploads\/2018\/09\/Schaltereinbauthermostat_Heizmatten-100x100.jpg 100w, https:\/\/www.soleum.de\/wp-content\/uploads\/2018\/09\/Schaltereinbauthermostat_Heizmatten-280x280.jpg 280w\" sizes=\"auto, (max-width: 100px) 100vw, 100px\" \/>\t\t<span class=\"product-title\">Termostato incorporado para calentar las alfombrillas<\/span>\n\t<\/a>\n\t\t<span class=\"woocommerce-Price-amount amount\"><bdi>149,00&nbsp;<span class=\"woocommerce-Price-currencySymbol\">&euro;<\/span><\/bdi><\/span> <small class=\"woocommerce-price-suffix\">inkl. MWSt.<\/small><\/li>\n\t\t\n\t\t<\/ul>\n\n<div class=\"is-divider divider clearfix\" style=\"max-width:1000px;background-color:rgb(38, 0, 172);\"><\/div>\n<h2>\u00a1Servicio de corte!<\/h2>\n<p>Este banco para ba\u00f1o turco est\u00e1 disponible en diferentes longitudes. Introduzca arriba la medida de longitud deseada en \u00abcm\u00bb.<\/p>\n<p>Debido a su voluminosidad, las molduras se cortan en varias partes, pero en la selecci\u00f3n global que desee (por ejemplo, 126 cm).<\/p>\n<p>Si su nicho de ba\u00f1o de vapor es, por ejemplo 130 cm, elija siempre un asiento de ba\u00f1o de vapor unos 2 cm m\u00e1s peque\u00f1o.<\/p>\n<div>\n<div>\u00a1Si tiene preguntas &gt;<a href=\"https:\/\/www.soleum.de\/es\/pongase-en-contacto-con\/\">, p\u00f3ngase en contacto con<\/a>&lt;!<\/div>\n<\/div>\n<div class=\"container section-title-container\" ><h3 class=\"section-title section-title-center\"><b aria-hidden=\"true\"><\/b><span class=\"section-title-main\" ><i class=\"icon-star\" aria-hidden=\"true\"><\/i>Proyectar im\u00e1genes de diferentes formas de asiento<\/span><b aria-hidden=\"true\"><\/b><\/h3><\/div>\n<div id=\"portfolio-1135348483\" class=\"portfolio-element-wrapper has-filtering\">\n  \n    <div class=\"row large-columns-4 medium-columns-3 small-columns-2 row-small slider row-slider slider-nav-reveal slider-nav-push\"  data-flickity-options='{&quot;imagesLoaded&quot;: true, &quot;groupCells&quot;: &quot;100%&quot;, &quot;dragThreshold&quot; : 5, &quot;cellAlign&quot;: &quot;left&quot;,&quot;wrapAround&quot;: true,&quot;prevNextButtons&quot;: true,&quot;percentPosition&quot;: true,&quot;pageDots&quot;: false, &quot;rightToLeft&quot;: false, &quot;autoPlay&quot; : false}' >\n\n    <div class=\"col\" data-terms=\"[&quot;Ba\u00f1o de vapor con asientos&quot;]\" >\n          <div class=\"col-inner\" >\n          <a href=\"https:\/\/www.soleum.de\/wp-content\/uploads\/2020\/03\/Dampfbad-mit-Gewoelbedach-Beitrag.jpg\" class=\"plain lightbox-gallery\">\n          <div class=\"portfolio-box box has-hover\">\n            <div class=\"box-image\" >\n                <div class=\"image-cover\" style=\"padding-top:100%;\">\n                <img loading=\"lazy\" decoding=\"async\" width=\"500\" height=\"334\" src=\"https:\/\/www.soleum.de\/wp-content\/uploads\/2020\/03\/Dampfbad-mit-Gewoelbedach-Beitrag.jpg\" class=\"attachment-medium size-medium\" alt=\"\" \/>                                                <\/div>\n            <\/div>\n            <div class=\"box-text text-center\" >\n                  <div class=\"box-text-inner\">\n                      <h6 class=\"uppercase portfolio-box-title\">Ba\u00f1o de vapor con techo abovedado<\/h6>\n                      <p class=\"uppercase portfolio-box-category is-xsmall op-6\">\n                        <span class=\"show-on-hover\">\n                         Ba\u00f1o de vapor con asientos                        <\/span>\n                      <\/p>\n                  <\/div>\n            <\/div>\n           <\/div>\n           <\/a>\n           <\/div>\n           <\/div><div class=\"col\" data-terms=\"[&quot;Ba\u00f1o de vapor con asientos&quot;,&quot;Duchas de vapor m\u00e1s peque\u00f1as&quot;]\" >\n          <div class=\"col-inner\" >\n          <a href=\"https:\/\/www.soleum.de\/wp-content\/uploads\/2017\/12\/Begehbare_Dusche_mit_Sitzbank-beitrag.jpg\" class=\"plain lightbox-gallery\">\n          <div class=\"portfolio-box box has-hover\">\n            <div class=\"box-image\" >\n                <div class=\"image-cover\" style=\"padding-top:100%;\">\n                <img loading=\"lazy\" decoding=\"async\" width=\"500\" height=\"390\" src=\"https:\/\/www.soleum.de\/wp-content\/uploads\/2017\/12\/Begehbare_Dusche_mit_Sitzbank-beitrag.jpg\" class=\"attachment-medium size-medium\" alt=\"\" \/>                                                <\/div>\n            <\/div>\n            <div class=\"box-text text-center\" >\n                  <div class=\"box-text-inner\">\n                      <h6 class=\"uppercase portfolio-box-title\">Ducha con banco<\/h6>\n                      <p class=\"uppercase portfolio-box-category is-xsmall op-6\">\n                        <span class=\"show-on-hover\">\n                         Ba\u00f1o de vapor con asientos, Duchas de vapor m\u00e1s peque\u00f1as                        <\/span>\n                      <\/p>\n                  <\/div>\n            <\/div>\n           <\/div>\n           <\/a>\n           <\/div>\n           <\/div><div class=\"col\" data-terms=\"[&quot;Ba\u00f1o de vapor con asientos&quot;,&quot;Ba\u00f1o de vapor con tumbonas&quot;]\" >\n          <div class=\"col-inner\" >\n          <a href=\"https:\/\/www.soleum.de\/wp-content\/uploads\/2018\/03\/Dampfbad_mit_Kuppeldach-Beitrag.jpg\" class=\"plain lightbox-gallery\">\n          <div class=\"portfolio-box box has-hover\">\n            <div class=\"box-image\" >\n                <div class=\"image-cover\" style=\"padding-top:100%;\">\n                <img loading=\"lazy\" decoding=\"async\" width=\"500\" height=\"332\" src=\"https:\/\/www.soleum.de\/wp-content\/uploads\/2018\/03\/Dampfbad_mit_Kuppeldach-Beitrag.jpg\" class=\"attachment-medium size-medium\" alt=\"\" \/>                                                <\/div>\n            <\/div>\n            <div class=\"box-text text-center\" >\n                  <div class=\"box-text-inner\">\n                      <h6 class=\"uppercase portfolio-box-title\">Ba\u00f1o de vapor con techo abovedado<\/h6>\n                      <p class=\"uppercase portfolio-box-category is-xsmall op-6\">\n                        <span class=\"show-on-hover\">\n                         Ba\u00f1o de vapor con asientos, Ba\u00f1o de vapor con tumbonas                        <\/span>\n                      <\/p>\n                  <\/div>\n            <\/div>\n           <\/div>\n           <\/a>\n           <\/div>\n           <\/div><div class=\"col\" data-terms=\"[&quot;Ba\u00f1o de vapor con asientos&quot;]\" >\n          <div class=\"col-inner\" >\n          <a href=\"https:\/\/www.soleum.de\/wp-content\/uploads\/2017\/12\/geflieste_Dampfkabine-02.jpg\" class=\"plain lightbox-gallery\">\n          <div class=\"portfolio-box box has-hover\">\n            <div class=\"box-image\" >\n                <div class=\"image-cover\" style=\"padding-top:100%;\">\n                <img loading=\"lazy\" decoding=\"async\" width=\"300\" height=\"400\" src=\"https:\/\/www.soleum.de\/wp-content\/uploads\/2017\/12\/geflieste_Dampfkabine-02-300x400.jpg\" class=\"attachment-medium size-medium\" alt=\"\" srcset=\"https:\/\/www.soleum.de\/wp-content\/uploads\/2017\/12\/geflieste_Dampfkabine-02-300x400.jpg 300w, https:\/\/www.soleum.de\/wp-content\/uploads\/2017\/12\/geflieste_Dampfkabine-02-510x680.jpg 510w, https:\/\/www.soleum.de\/wp-content\/uploads\/2017\/12\/geflieste_Dampfkabine-02-600x800.jpg 600w, https:\/\/www.soleum.de\/wp-content\/uploads\/2017\/12\/geflieste_Dampfkabine-02.jpg 750w\" sizes=\"auto, (max-width: 300px) 100vw, 300px\" \/>                                                <\/div>\n            <\/div>\n            <div class=\"box-text text-center\" >\n                  <div class=\"box-text-inner\">\n                      <h6 class=\"uppercase portfolio-box-title\">Cabina de vapor alicatada<\/h6>\n                      <p class=\"uppercase portfolio-box-category is-xsmall op-6\">\n                        <span class=\"show-on-hover\">\n                         Ba\u00f1o de vapor con asientos                        <\/span>\n                      <\/p>\n                  <\/div>\n            <\/div>\n           <\/div>\n           <\/a>\n           <\/div>\n           <\/div><div class=\"col\" data-terms=\"[&quot;Ba\u00f1o de vapor con asientos&quot;]\" >\n          <div class=\"col-inner\" >\n          <a href=\"https:\/\/www.soleum.de\/wp-content\/uploads\/2018\/07\/Dampfdusche-selbst-bauen-beitrag.jpg\" class=\"plain lightbox-gallery\">\n          <div class=\"portfolio-box box has-hover\">\n            <div class=\"box-image\" >\n                <div class=\"image-cover\" style=\"padding-top:100%;\">\n                <img loading=\"lazy\" decoding=\"async\" width=\"500\" height=\"332\" src=\"https:\/\/www.soleum.de\/wp-content\/uploads\/2018\/07\/Dampfdusche-selbst-bauen-beitrag.jpg\" class=\"attachment-medium size-medium\" alt=\"\" \/>                                                <\/div>\n            <\/div>\n            <div class=\"box-text text-center\" >\n                  <div class=\"box-text-inner\">\n                      <h6 class=\"uppercase portfolio-box-title\">Construya su propia ducha de vapor<\/h6>\n                      <p class=\"uppercase portfolio-box-category is-xsmall op-6\">\n                        <span class=\"show-on-hover\">\n                         Ba\u00f1o de vapor con asientos                        <\/span>\n                      <\/p>\n                  <\/div>\n            <\/div>\n           <\/div>\n           <\/a>\n           <\/div>\n           <\/div><div class=\"col\" data-terms=\"[&quot;Ba\u00f1o de vapor con asientos&quot;]\" >\n          <div class=\"col-inner\" >\n          <a href=\"https:\/\/www.soleum.de\/wp-content\/uploads\/2018\/09\/Dampfbad-mit-Glasw\u00e4nden_Beitrag.jpg\" class=\"plain lightbox-gallery\">\n          <div class=\"portfolio-box box has-hover\">\n            <div class=\"box-image\" >\n                <div class=\"image-cover\" style=\"padding-top:100%;\">\n                <img loading=\"lazy\" decoding=\"async\" width=\"500\" height=\"375\" src=\"https:\/\/www.soleum.de\/wp-content\/uploads\/2018\/09\/Dampfbad-mit-Glasw\u00e4nden_Beitrag.jpg\" class=\"attachment-medium size-medium\" alt=\"\" \/>                                                <\/div>\n            <\/div>\n            <div class=\"box-text text-center\" >\n                  <div class=\"box-text-inner\">\n                      <h6 class=\"uppercase portfolio-box-title\">Ba\u00f1o de vapor con paredes de cristal<\/h6>\n                      <p class=\"uppercase portfolio-box-category is-xsmall op-6\">\n                        <span class=\"show-on-hover\">\n                         Ba\u00f1o de vapor con asientos                        <\/span>\n                      <\/p>\n                  <\/div>\n            <\/div>\n           <\/div>\n           <\/a>\n           <\/div>\n           <\/div><div class=\"col\" data-terms=\"[&quot;Ba\u00f1o de vapor con asientos&quot;]\" >\n          <div class=\"col-inner\" >\n          <a href=\"https:\/\/www.soleum.de\/wp-content\/uploads\/2018\/04\/Dampfdusche-mit-W\u00e4rmebank-04.jpg\" class=\"plain lightbox-gallery\">\n          <div class=\"portfolio-box box has-hover\">\n            <div class=\"box-image\" >\n                <div class=\"image-cover\" style=\"padding-top:100%;\">\n                <img loading=\"lazy\" decoding=\"async\" width=\"500\" height=\"333\" src=\"https:\/\/www.soleum.de\/wp-content\/uploads\/2018\/04\/Dampfdusche-mit-W\u00e4rmebank-04.jpg\" class=\"attachment-medium size-medium\" alt=\"\" \/>                                                <\/div>\n            <\/div>\n            <div class=\"box-text text-center\" >\n                  <div class=\"box-text-inner\">\n                      <h6 class=\"uppercase portfolio-box-title\">Ducha de vapor con banco de calor<\/h6>\n                      <p class=\"uppercase portfolio-box-category is-xsmall op-6\">\n                        <span class=\"show-on-hover\">\n                         Ba\u00f1o de vapor con asientos                        <\/span>\n                      <\/p>\n                  <\/div>\n            <\/div>\n           <\/div>\n           <\/a>\n           <\/div>\n           <\/div><div class=\"col\" data-terms=\"[&quot;Ba\u00f1o de vapor con asientos&quot;,&quot;Ba\u00f1o de vapor con tumbonas&quot;]\" >\n          <div class=\"col-inner\" >\n          <a href=\"https:\/\/www.soleum.de\/wp-content\/uploads\/2018\/09\/barrierefreies-Dampfbad-beitrag.jpg\" class=\"plain lightbox-gallery\">\n          <div class=\"portfolio-box box has-hover\">\n            <div class=\"box-image\" >\n                <div class=\"image-cover\" style=\"padding-top:100%;\">\n                <img loading=\"lazy\" decoding=\"async\" width=\"500\" height=\"375\" src=\"https:\/\/www.soleum.de\/wp-content\/uploads\/2018\/09\/barrierefreies-Dampfbad-beitrag.jpg\" class=\"attachment-medium size-medium\" alt=\"Ba\u00f1o de vapor sin barreras\" \/>                                                <\/div>\n            <\/div>\n            <div class=\"box-text text-center\" >\n                  <div class=\"box-text-inner\">\n                      <h6 class=\"uppercase portfolio-box-title\">Ba\u00f1o de vapor sin barreras<\/h6>\n                      <p class=\"uppercase portfolio-box-category is-xsmall op-6\">\n                        <span class=\"show-on-hover\">\n                         Ba\u00f1o de vapor con asientos, Ba\u00f1o de vapor con tumbonas                        <\/span>\n                      <\/p>\n                  <\/div>\n            <\/div>\n           <\/div>\n           <\/a>\n           <\/div>\n           <\/div><div class=\"col\" data-terms=\"[&quot;Ba\u00f1o de vapor con asientos&quot;,&quot;Ba\u00f1o de vapor con tumbonas&quot;]\" >\n          <div class=\"col-inner\" >\n          <a href=\"https:\/\/www.soleum.de\/wp-content\/uploads\/2019\/03\/Dampfsauna-Niederoesterreich-beitrag.jpg\" class=\"plain lightbox-gallery\">\n          <div class=\"portfolio-box box has-hover\">\n            <div class=\"box-image\" >\n                <div class=\"image-cover\" style=\"padding-top:100%;\">\n                <img loading=\"lazy\" decoding=\"async\" width=\"500\" height=\"333\" src=\"https:\/\/www.soleum.de\/wp-content\/uploads\/2019\/03\/Dampfsauna-Niederoesterreich-beitrag.jpg\" class=\"attachment-medium size-medium\" alt=\"\" \/>                                                <\/div>\n            <\/div>\n            <div class=\"box-text text-center\" >\n                  <div class=\"box-text-inner\">\n                      <h6 class=\"uppercase portfolio-box-title\">Sauna de vapor Baja Austria<\/h6>\n                      <p class=\"uppercase portfolio-box-category is-xsmall op-6\">\n                        <span class=\"show-on-hover\">\n                         Ba\u00f1o de vapor con asientos, Ba\u00f1o de vapor con tumbonas                        <\/span>\n                      <\/p>\n                  <\/div>\n            <\/div>\n           <\/div>\n           <\/a>\n           <\/div>\n           <\/div><div class=\"col\" data-terms=\"[&quot;Ba\u00f1o de vapor con asientos&quot;,&quot;Ba\u00f1o de vapor en tejado inclinado&quot;]\" >\n          <div class=\"col-inner\" >\n          <a href=\"https:\/\/www.soleum.de\/wp-content\/uploads\/2019\/03\/Dampfbadsitz-T75-beitrag.jpg\" class=\"plain lightbox-gallery\">\n          <div class=\"portfolio-box box has-hover\">\n            <div class=\"box-image\" >\n                <div class=\"image-cover\" style=\"padding-top:100%;\">\n                <img loading=\"lazy\" decoding=\"async\" width=\"577\" height=\"400\" src=\"https:\/\/www.soleum.de\/wp-content\/uploads\/2019\/03\/Dampfbadsitz-T75-beitrag-577x400.jpg\" class=\"attachment-medium size-medium\" alt=\"\" srcset=\"https:\/\/www.soleum.de\/wp-content\/uploads\/2019\/03\/Dampfbadsitz-T75-beitrag-577x400.jpg 577w, https:\/\/www.soleum.de\/wp-content\/uploads\/2019\/03\/Dampfbadsitz-T75-beitrag-510x354.jpg 510w, https:\/\/www.soleum.de\/wp-content\/uploads\/2019\/03\/Dampfbadsitz-T75-beitrag.jpg 721w\" sizes=\"auto, (max-width: 577px) 100vw, 577px\" \/>                                                <\/div>\n            <\/div>\n            <div class=\"box-text text-center\" >\n                  <div class=\"box-text-inner\">\n                      <h6 class=\"uppercase portfolio-box-title\">Ducha de vapor en techo inclinado<\/h6>\n                      <p class=\"uppercase portfolio-box-category is-xsmall op-6\">\n                        <span class=\"show-on-hover\">\n                         Ba\u00f1o de vapor con asientos, Ba\u00f1o de vapor en tejado inclinado                        <\/span>\n                      <\/p>\n                  <\/div>\n            <\/div>\n           <\/div>\n           <\/a>\n           <\/div>\n           <\/div><div class=\"col\" data-terms=\"[&quot;Ba\u00f1o de vapor con asientos&quot;]\" >\n          <div class=\"col-inner\" >\n          <a href=\"https:\/\/www.soleum.de\/wp-content\/uploads\/2019\/03\/geflieste_Dampfdusche_in_Wien003.jpg\" class=\"plain lightbox-gallery\">\n          <div class=\"portfolio-box box has-hover\">\n            <div class=\"box-image\" >\n                <div class=\"image-cover\" style=\"padding-top:100%;\">\n                <img loading=\"lazy\" decoding=\"async\" width=\"600\" height=\"400\" src=\"https:\/\/www.soleum.de\/wp-content\/uploads\/2019\/03\/geflieste_Dampfdusche_in_Wien003-600x400.jpg\" class=\"attachment-medium size-medium\" alt=\"\" srcset=\"https:\/\/www.soleum.de\/wp-content\/uploads\/2019\/03\/geflieste_Dampfdusche_in_Wien003-600x400.jpg 600w, https:\/\/www.soleum.de\/wp-content\/uploads\/2019\/03\/geflieste_Dampfdusche_in_Wien003-768x512.jpg 768w, https:\/\/www.soleum.de\/wp-content\/uploads\/2019\/03\/geflieste_Dampfdusche_in_Wien003-510x340.jpg 510w, https:\/\/www.soleum.de\/wp-content\/uploads\/2019\/03\/geflieste_Dampfdusche_in_Wien003.jpg 900w\" sizes=\"auto, (max-width: 600px) 100vw, 600px\" \/>                                                <\/div>\n            <\/div>\n            <div class=\"box-text text-center\" >\n                  <div class=\"box-text-inner\">\n                      <h6 class=\"uppercase portfolio-box-title\">Ducha de vapor alicatada en Viena<\/h6>\n                      <p class=\"uppercase portfolio-box-category is-xsmall op-6\">\n                        <span class=\"show-on-hover\">\n                         Ba\u00f1o de vapor con asientos                        <\/span>\n                      <\/p>\n                  <\/div>\n            <\/div>\n           <\/div>\n           <\/a>\n           <\/div>\n           <\/div><div class=\"col\" data-terms=\"[&quot;Ba\u00f1o de vapor con asientos&quot;]\" >\n          <div class=\"col-inner\" >\n          <a href=\"https:\/\/www.soleum.de\/wp-content\/uploads\/2020\/02\/soleum-Dampfdusche-18.jpg\" class=\"plain lightbox-gallery\">\n          <div class=\"portfolio-box box has-hover\">\n            <div class=\"box-image\" >\n                <div class=\"image-cover\" style=\"padding-top:100%;\">\n                <img loading=\"lazy\" decoding=\"async\" width=\"533\" height=\"400\" src=\"https:\/\/www.soleum.de\/wp-content\/uploads\/2020\/02\/soleum-Dampfdusche-18-533x400.jpg\" class=\"attachment-medium size-medium\" alt=\"\" srcset=\"https:\/\/www.soleum.de\/wp-content\/uploads\/2020\/02\/soleum-Dampfdusche-18-533x400.jpg 533w, https:\/\/www.soleum.de\/wp-content\/uploads\/2020\/02\/soleum-Dampfdusche-18-768x576.jpg 768w, https:\/\/www.soleum.de\/wp-content\/uploads\/2020\/02\/soleum-Dampfdusche-18-510x383.jpg 510w, https:\/\/www.soleum.de\/wp-content\/uploads\/2020\/02\/soleum-Dampfdusche-18.jpg 1000w\" sizes=\"auto, (max-width: 533px) 100vw, 533px\" \/>                                                <\/div>\n            <\/div>\n            <div class=\"box-text text-center\" >\n                  <div class=\"box-text-inner\">\n                      <h6 class=\"uppercase portfolio-box-title\">Ducha de vapor Soleum<\/h6>\n                      <p class=\"uppercase portfolio-box-category is-xsmall op-6\">\n                        <span class=\"show-on-hover\">\n                         Ba\u00f1o de vapor con asientos                        <\/span>\n                      <\/p>\n                  <\/div>\n            <\/div>\n           <\/div>\n           <\/a>\n           <\/div>\n           <\/div><div class=\"col\" data-terms=\"[&quot;Ba\u00f1o de vapor con asientos&quot;]\" >\n          <div class=\"col-inner\" >\n          <a href=\"https:\/\/www.soleum.de\/wp-content\/uploads\/2019\/12\/SOLEUM-Dampfbad-Deutschland-006.jpg\" class=\"plain lightbox-gallery\">\n          <div class=\"portfolio-box box has-hover\">\n            <div class=\"box-image\" >\n                <div class=\"image-cover\" style=\"padding-top:100%;\">\n                <img loading=\"lazy\" decoding=\"async\" width=\"533\" height=\"400\" src=\"https:\/\/www.soleum.de\/wp-content\/uploads\/2019\/12\/SOLEUM-Dampfbad-Deutschland-006-533x400.jpg\" class=\"attachment-medium size-medium\" alt=\"\" srcset=\"https:\/\/www.soleum.de\/wp-content\/uploads\/2019\/12\/SOLEUM-Dampfbad-Deutschland-006-533x400.jpg 533w, https:\/\/www.soleum.de\/wp-content\/uploads\/2019\/12\/SOLEUM-Dampfbad-Deutschland-006-768x576.jpg 768w, https:\/\/www.soleum.de\/wp-content\/uploads\/2019\/12\/SOLEUM-Dampfbad-Deutschland-006-510x383.jpg 510w, https:\/\/www.soleum.de\/wp-content\/uploads\/2019\/12\/SOLEUM-Dampfbad-Deutschland-006.jpg 800w\" sizes=\"auto, (max-width: 533px) 100vw, 533px\" \/>                                                <\/div>\n            <\/div>\n            <div class=\"box-text text-center\" >\n                  <div class=\"box-text-inner\">\n                      <h6 class=\"uppercase portfolio-box-title\">Ba\u00f1o de vapor Alemania<\/h6>\n                      <p class=\"uppercase portfolio-box-category is-xsmall op-6\">\n                        <span class=\"show-on-hover\">\n                         Ba\u00f1o de vapor con asientos                        <\/span>\n                      <\/p>\n                  <\/div>\n            <\/div>\n           <\/div>\n           <\/a>\n           <\/div>\n           <\/div><div class=\"col\" data-terms=\"[&quot;Ba\u00f1o de vapor con asientos&quot;,&quot;Ba\u00f1os de vapor exclusivos&quot;]\" >\n          <div class=\"col-inner\" >\n          <a href=\"https:\/\/www.soleum.de\/wp-content\/uploads\/2020\/02\/soledampfbad-Deutschland-8.jpg\" class=\"plain lightbox-gallery\">\n          <div class=\"portfolio-box box has-hover\">\n            <div class=\"box-image\" >\n                <div class=\"image-cover\" style=\"padding-top:100%;\">\n                <img loading=\"lazy\" decoding=\"async\" width=\"533\" height=\"400\" src=\"https:\/\/www.soleum.de\/wp-content\/uploads\/2020\/02\/soledampfbad-Deutschland-8-533x400.jpg\" class=\"attachment-medium size-medium\" alt=\"\" srcset=\"https:\/\/www.soleum.de\/wp-content\/uploads\/2020\/02\/soledampfbad-Deutschland-8-533x400.jpg 533w, https:\/\/www.soleum.de\/wp-content\/uploads\/2020\/02\/soledampfbad-Deutschland-8-768x576.jpg 768w, https:\/\/www.soleum.de\/wp-content\/uploads\/2020\/02\/soledampfbad-Deutschland-8-510x383.jpg 510w, https:\/\/www.soleum.de\/wp-content\/uploads\/2020\/02\/soledampfbad-Deutschland-8.jpg 1000w\" sizes=\"auto, (max-width: 533px) 100vw, 533px\" \/>                                                <\/div>\n            <\/div>\n            <div class=\"box-text text-center\" >\n                  <div class=\"box-text-inner\">\n                      <h6 class=\"uppercase portfolio-box-title\">Ba\u00f1o de vapor de salmuera Alemania<\/h6>\n                      <p class=\"uppercase portfolio-box-category is-xsmall op-6\">\n                        <span class=\"show-on-hover\">\n                         Ba\u00f1o de vapor con asientos, Ba\u00f1os de vapor exclusivos                        <\/span>\n                      <\/p>\n                  <\/div>\n            <\/div>\n           <\/div>\n           <\/a>\n           <\/div>\n           <\/div><div class=\"col\" data-terms=\"[&quot;Ba\u00f1o de vapor con asientos&quot;]\" >\n          <div class=\"col-inner\" >\n          <a href=\"https:\/\/www.soleum.de\/wp-content\/uploads\/2017\/12\/Dampfdusche_mit_Duschsitz-beitrag.jpg\" class=\"plain lightbox-gallery\">\n          <div class=\"portfolio-box box has-hover\">\n            <div class=\"box-image\" >\n                <div class=\"image-cover\" style=\"padding-top:100%;\">\n                <img loading=\"lazy\" decoding=\"async\" width=\"500\" height=\"333\" src=\"https:\/\/www.soleum.de\/wp-content\/uploads\/2017\/12\/Dampfdusche_mit_Duschsitz-beitrag.jpg\" class=\"attachment-medium size-medium\" alt=\"\" \/>                                                <\/div>\n            <\/div>\n            <div class=\"box-text text-center\" >\n                  <div class=\"box-text-inner\">\n                      <h6 class=\"uppercase portfolio-box-title\">Ducha de vapor con asiento<\/h6>\n                      <p class=\"uppercase portfolio-box-category is-xsmall op-6\">\n                        <span class=\"show-on-hover\">\n                         Ba\u00f1o de vapor con asientos                        <\/span>\n                      <\/p>\n                  <\/div>\n            <\/div>\n           <\/div>\n           <\/a>\n           <\/div>\n           <\/div><div class=\"col\" data-terms=\"[&quot;Ba\u00f1o de vapor con asientos&quot;,&quot;Ba\u00f1o de vapor con tumbonas&quot;,&quot;Ba\u00f1os de vapor exclusivos&quot;]\" >\n          <div class=\"col-inner\" >\n          <a href=\"https:\/\/www.soleum.de\/wp-content\/uploads\/2020\/10\/Soledampfbad-Deutschland-1.jpg\" class=\"plain lightbox-gallery\">\n          <div class=\"portfolio-box box has-hover\">\n            <div class=\"box-image\" >\n                <div class=\"image-cover\" style=\"padding-top:100%;\">\n                <img loading=\"lazy\" decoding=\"async\" width=\"600\" height=\"400\" src=\"https:\/\/www.soleum.de\/wp-content\/uploads\/2020\/10\/Soledampfbad-Deutschland-1-600x400.jpg\" class=\"attachment-medium size-medium\" alt=\"\" srcset=\"https:\/\/www.soleum.de\/wp-content\/uploads\/2020\/10\/Soledampfbad-Deutschland-1-600x400.jpg 600w, https:\/\/www.soleum.de\/wp-content\/uploads\/2020\/10\/Soledampfbad-Deutschland-1-768x512.jpg 768w, https:\/\/www.soleum.de\/wp-content\/uploads\/2020\/10\/Soledampfbad-Deutschland-1-510x340.jpg 510w, https:\/\/www.soleum.de\/wp-content\/uploads\/2020\/10\/Soledampfbad-Deutschland-1.jpg 1000w\" sizes=\"auto, (max-width: 600px) 100vw, 600px\" \/>                                                <\/div>\n            <\/div>\n            <div class=\"box-text text-center\" >\n                  <div class=\"box-text-inner\">\n                      <h6 class=\"uppercase portfolio-box-title\">Ba\u00f1o de vapor de salmuera para 4 personas cerca de Colonia<\/h6>\n                      <p class=\"uppercase portfolio-box-category is-xsmall op-6\">\n                        <span class=\"show-on-hover\">\n                         Ba\u00f1o de vapor con asientos, Ba\u00f1o de vapor con tumbonas, Ba\u00f1os de vapor exclusivos                        <\/span>\n                      <\/p>\n                  <\/div>\n            <\/div>\n           <\/div>\n           <\/a>\n           <\/div>\n           <\/div><div class=\"col\" data-terms=\"[&quot;Ba\u00f1o de vapor con asientos&quot;,&quot;Ba\u00f1o de vapor con tumbonas&quot;,&quot;Ba\u00f1os de vapor exclusivos&quot;]\" >\n          <div class=\"col-inner\" >\n          <a href=\"https:\/\/www.soleum.de\/wp-content\/uploads\/2020\/07\/Dampfbad-in-Poolhalle-beitrag.jpg\" class=\"plain lightbox-gallery\">\n          <div class=\"portfolio-box box has-hover\">\n            <div class=\"box-image\" >\n                <div class=\"image-cover\" style=\"padding-top:100%;\">\n                <img loading=\"lazy\" decoding=\"async\" width=\"500\" height=\"375\" src=\"https:\/\/www.soleum.de\/wp-content\/uploads\/2020\/07\/Dampfbad-in-Poolhalle-beitrag.jpg\" class=\"attachment-medium size-medium\" alt=\"\" \/>                                                <\/div>\n            <\/div>\n            <div class=\"box-text text-center\" >\n                  <div class=\"box-text-inner\">\n                      <h6 class=\"uppercase portfolio-box-title\">Ba\u00f1o de vapor en la piscina<\/h6>\n                      <p class=\"uppercase portfolio-box-category is-xsmall op-6\">\n                        <span class=\"show-on-hover\">\n                         Ba\u00f1o de vapor con asientos, Ba\u00f1o de vapor con tumbonas, Ba\u00f1os de vapor exclusivos                        <\/span>\n                      <\/p>\n                  <\/div>\n            <\/div>\n           <\/div>\n           <\/a>\n           <\/div>\n           <\/div><div class=\"col\" data-terms=\"[&quot;Ba\u00f1o de vapor con asientos&quot;,&quot;Ba\u00f1o de vapor con tumbonas&quot;,&quot;Ba\u00f1os de vapor exclusivos&quot;]\" >\n          <div class=\"col-inner\" >\n          <a href=\"https:\/\/www.soleum.de\/wp-content\/uploads\/2020\/10\/Wellnessbereich-im-Keller-mit-Soleum-Dampfbad-Beitrag.jpg\" class=\"plain lightbox-gallery\">\n          <div class=\"portfolio-box box has-hover\">\n            <div class=\"box-image\" >\n                <div class=\"image-cover\" style=\"padding-top:100%;\">\n                <img loading=\"lazy\" decoding=\"async\" width=\"600\" height=\"399\" src=\"https:\/\/www.soleum.de\/wp-content\/uploads\/2020\/10\/Wellnessbereich-im-Keller-mit-Soleum-Dampfbad-Beitrag.jpg\" class=\"attachment-medium size-medium\" alt=\"\" srcset=\"https:\/\/www.soleum.de\/wp-content\/uploads\/2020\/10\/Wellnessbereich-im-Keller-mit-Soleum-Dampfbad-Beitrag.jpg 600w, https:\/\/www.soleum.de\/wp-content\/uploads\/2020\/10\/Wellnessbereich-im-Keller-mit-Soleum-Dampfbad-Beitrag-510x339.jpg 510w\" sizes=\"auto, (max-width: 600px) 100vw, 600px\" \/>                                                <\/div>\n            <\/div>\n            <div class=\"box-text text-center\" >\n                  <div class=\"box-text-inner\">\n                      <h6 class=\"uppercase portfolio-box-title\">Ba\u00f1o de vapor en lugar de sauna<\/h6>\n                      <p class=\"uppercase portfolio-box-category is-xsmall op-6\">\n                        <span class=\"show-on-hover\">\n                         Ba\u00f1o de vapor con asientos, Ba\u00f1o de vapor con tumbonas, Ba\u00f1os de vapor exclusivos                        <\/span>\n                      <\/p>\n                  <\/div>\n            <\/div>\n           <\/div>\n           <\/a>\n           <\/div>\n           <\/div><div class=\"col\" data-terms=\"[&quot;Ba\u00f1o de vapor con asientos&quot;]\" >\n          <div class=\"col-inner\" >\n          <a href=\"https:\/\/www.soleum.de\/wp-content\/uploads\/2021\/04\/Geflieste-Dampfdusche-fuer-2-Personen-Beitrag.jpg\" class=\"plain lightbox-gallery\">\n          <div class=\"portfolio-box box has-hover\">\n            <div class=\"box-image\" >\n                <div class=\"image-cover\" style=\"padding-top:100%;\">\n                <img loading=\"lazy\" decoding=\"async\" width=\"500\" height=\"375\" src=\"https:\/\/www.soleum.de\/wp-content\/uploads\/2021\/04\/Geflieste-Dampfdusche-fuer-2-Personen-Beitrag.jpg\" class=\"attachment-medium size-medium\" alt=\"\" \/>                                                <\/div>\n            <\/div>\n            <div class=\"box-text text-center\" >\n                  <div class=\"box-text-inner\">\n                      <h6 class=\"uppercase portfolio-box-title\">Ducha de vapor alicatada para 2 personas<\/h6>\n                      <p class=\"uppercase portfolio-box-category is-xsmall op-6\">\n                        <span class=\"show-on-hover\">\n                         Ba\u00f1o de vapor con asientos                        <\/span>\n                      <\/p>\n                  <\/div>\n            <\/div>\n           <\/div>\n           <\/a>\n           <\/div>\n           <\/div><div class=\"col\" data-terms=\"[&quot;Ba\u00f1o de vapor con asientos&quot;]\" >\n          <div class=\"col-inner\" >\n          <a href=\"https:\/\/www.soleum.de\/wp-content\/uploads\/2021\/10\/Wellnessbereich-mit-Sauna-und-Dampfbad-Beitrag.jpg\" class=\"plain lightbox-gallery\">\n          <div class=\"portfolio-box box has-hover\">\n            <div class=\"box-image\" >\n                <div class=\"image-cover\" style=\"padding-top:100%;\">\n                <img loading=\"lazy\" decoding=\"async\" width=\"500\" height=\"333\" src=\"https:\/\/www.soleum.de\/wp-content\/uploads\/2021\/10\/Wellnessbereich-mit-Sauna-und-Dampfbad-Beitrag.jpg\" class=\"attachment-medium size-medium\" alt=\"\" \/>                                                <\/div>\n            <\/div>\n            <div class=\"box-text text-center\" >\n                  <div class=\"box-text-inner\">\n                      <h6 class=\"uppercase portfolio-box-title\">Zona de bienestar con sauna y ba\u00f1o de vapor<\/h6>\n                      <p class=\"uppercase portfolio-box-category is-xsmall op-6\">\n                        <span class=\"show-on-hover\">\n                         Ba\u00f1o de vapor con asientos                        <\/span>\n                      <\/p>\n                  <\/div>\n            <\/div>\n           <\/div>\n           <\/a>\n           <\/div>\n           <\/div><div class=\"col\" data-terms=\"[&quot;Ba\u00f1o de vapor con asientos&quot;]\" >\n          <div class=\"col-inner\" >\n          <a href=\"https:\/\/www.soleum.de\/wp-content\/uploads\/2021\/11\/Altes-Bad-wird-Wellnessbad-Beitrag.jpg\" class=\"plain lightbox-gallery\">\n          <div class=\"portfolio-box box has-hover\">\n            <div class=\"box-image\" >\n                <div class=\"image-cover\" style=\"padding-top:100%;\">\n                <img loading=\"lazy\" decoding=\"async\" width=\"500\" height=\"375\" src=\"https:\/\/www.soleum.de\/wp-content\/uploads\/2021\/11\/Altes-Bad-wird-Wellnessbad-Beitrag.jpg\" class=\"attachment-medium size-medium\" alt=\"\" \/>                                                <\/div>\n            <\/div>\n            <div class=\"box-text text-center\" >\n                  <div class=\"box-text-inner\">\n                      <h6 class=\"uppercase portfolio-box-title\">Un antiguo ba\u00f1o se convierte en un ba\u00f1o de bienestar con Soleum<\/h6>\n                      <p class=\"uppercase portfolio-box-category is-xsmall op-6\">\n                        <span class=\"show-on-hover\">\n                         Ba\u00f1o de vapor con asientos                        <\/span>\n                      <\/p>\n                  <\/div>\n            <\/div>\n           <\/div>\n           <\/a>\n           <\/div>\n           <\/div><div class=\"col\" data-terms=\"[&quot;Ba\u00f1o de vapor con asientos&quot;]\" >\n          <div class=\"col-inner\" >\n          <a href=\"https:\/\/www.soleum.de\/wp-content\/uploads\/2022\/03\/Wellnessbereich-mit-Dampfbad-Beitrag.jpg\" class=\"plain lightbox-gallery\">\n          <div class=\"portfolio-box box has-hover\">\n            <div class=\"box-image\" >\n                <div class=\"image-cover\" style=\"padding-top:100%;\">\n                <img loading=\"lazy\" decoding=\"async\" width=\"533\" height=\"400\" src=\"https:\/\/www.soleum.de\/wp-content\/uploads\/2022\/03\/Wellnessbereich-mit-Dampfbad-Beitrag-533x400.jpg\" class=\"attachment-medium size-medium\" alt=\"\" srcset=\"https:\/\/www.soleum.de\/wp-content\/uploads\/2022\/03\/Wellnessbereich-mit-Dampfbad-Beitrag-533x400.jpg 533w, https:\/\/www.soleum.de\/wp-content\/uploads\/2022\/03\/Wellnessbereich-mit-Dampfbad-Beitrag-510x383.jpg 510w, https:\/\/www.soleum.de\/wp-content\/uploads\/2022\/03\/Wellnessbereich-mit-Dampfbad-Beitrag.jpg 600w\" sizes=\"auto, (max-width: 533px) 100vw, 533px\" \/>                                                <\/div>\n            <\/div>\n            <div class=\"box-text text-center\" >\n                  <div class=\"box-text-inner\">\n                      <h6 class=\"uppercase portfolio-box-title\">Zona de bienestar con ba\u00f1o de vapor<\/h6>\n                      <p class=\"uppercase portfolio-box-category is-xsmall op-6\">\n                        <span class=\"show-on-hover\">\n                         Ba\u00f1o de vapor con asientos                        <\/span>\n                      <\/p>\n                  <\/div>\n            <\/div>\n           <\/div>\n           <\/a>\n           <\/div>\n           <\/div><div class=\"col\" data-terms=\"[&quot;Ba\u00f1o de vapor con asientos&quot;,&quot;Ba\u00f1o de vapor con tumbonas&quot;,&quot;Ba\u00f1os de vapor exclusivos&quot;]\" >\n          <div class=\"col-inner\" >\n          <a href=\"https:\/\/www.soleum.de\/wp-content\/uploads\/2022\/10\/Soleum-Dampfbad-Leonding_022-Beitrag.jpg\" class=\"plain lightbox-gallery\">\n          <div class=\"portfolio-box box has-hover\">\n            <div class=\"box-image\" >\n                <div class=\"image-cover\" style=\"padding-top:100%;\">\n                <img loading=\"lazy\" decoding=\"async\" width=\"533\" height=\"400\" src=\"https:\/\/www.soleum.de\/wp-content\/uploads\/2022\/10\/Soleum-Dampfbad-Leonding_022-Beitrag-533x400.jpg\" class=\"attachment-medium size-medium\" alt=\"\" srcset=\"https:\/\/www.soleum.de\/wp-content\/uploads\/2022\/10\/Soleum-Dampfbad-Leonding_022-Beitrag-533x400.jpg 533w, https:\/\/www.soleum.de\/wp-content\/uploads\/2022\/10\/Soleum-Dampfbad-Leonding_022-Beitrag-510x383.jpg 510w, https:\/\/www.soleum.de\/wp-content\/uploads\/2022\/10\/Soleum-Dampfbad-Leonding_022-Beitrag.jpg 600w\" sizes=\"auto, (max-width: 533px) 100vw, 533px\" \/>                                                <\/div>\n            <\/div>\n            <div class=\"box-text text-center\" >\n                  <div class=\"box-text-inner\">\n                      <h6 class=\"uppercase portfolio-box-title\">Ba\u00f1o de vapor en dos niveles<\/h6>\n                      <p class=\"uppercase portfolio-box-category is-xsmall op-6\">\n                        <span class=\"show-on-hover\">\n                         Ba\u00f1o de vapor con asientos, Ba\u00f1o de vapor con tumbonas, Ba\u00f1os de vapor exclusivos                        <\/span>\n                      <\/p>\n                  <\/div>\n            <\/div>\n           <\/div>\n           <\/a>\n           <\/div>\n           <\/div><div class=\"col\" data-terms=\"[&quot;Ba\u00f1o de vapor con asientos&quot;,&quot;Ba\u00f1os de vapor exclusivos&quot;]\" >\n          <div class=\"col-inner\" >\n          <a href=\"https:\/\/www.soleum.de\/wp-content\/uploads\/2022\/10\/Dampfbad-Weinlandhof_beitrag.jpg\" class=\"plain lightbox-gallery\">\n          <div class=\"portfolio-box box has-hover\">\n            <div class=\"box-image\" >\n                <div class=\"image-cover\" style=\"padding-top:100%;\">\n                <img loading=\"lazy\" decoding=\"async\" width=\"533\" height=\"400\" src=\"https:\/\/www.soleum.de\/wp-content\/uploads\/2022\/10\/Dampfbad-Weinlandhof_beitrag-533x400.jpg\" class=\"attachment-medium size-medium\" alt=\"\" srcset=\"https:\/\/www.soleum.de\/wp-content\/uploads\/2022\/10\/Dampfbad-Weinlandhof_beitrag-533x400.jpg 533w, https:\/\/www.soleum.de\/wp-content\/uploads\/2022\/10\/Dampfbad-Weinlandhof_beitrag-510x383.jpg 510w, https:\/\/www.soleum.de\/wp-content\/uploads\/2022\/10\/Dampfbad-Weinlandhof_beitrag.jpg 600w\" sizes=\"auto, (max-width: 533px) 100vw, 533px\" \/>                                                <\/div>\n            <\/div>\n            <div class=\"box-text text-center\" >\n                  <div class=\"box-text-inner\">\n                      <h6 class=\"uppercase portfolio-box-title\">Hotel Ba\u00f1o de vapor Estiria<\/h6>\n                      <p class=\"uppercase portfolio-box-category is-xsmall op-6\">\n                        <span class=\"show-on-hover\">\n                         Ba\u00f1o de vapor con asientos, Ba\u00f1os de vapor exclusivos                        <\/span>\n                      <\/p>\n                  <\/div>\n            <\/div>\n           <\/div>\n           <\/a>\n           <\/div>\n           <\/div><div class=\"col\" data-terms=\"[&quot;Ba\u00f1o de vapor con asientos&quot;,&quot;Ba\u00f1o de vapor con tumbonas&quot;]\" >\n          <div class=\"col-inner\" >\n          <a href=\"https:\/\/www.soleum.de\/wp-content\/uploads\/2022\/10\/Dampfbad-mit-Beschichtung-2-Beitrag.jpg\" class=\"plain lightbox-gallery\">\n          <div class=\"portfolio-box box has-hover\">\n            <div class=\"box-image\" >\n                <div class=\"image-cover\" style=\"padding-top:100%;\">\n                <img loading=\"lazy\" decoding=\"async\" width=\"714\" height=\"400\" src=\"https:\/\/www.soleum.de\/wp-content\/uploads\/2022\/10\/Dampfbad-mit-Beschichtung-2-Beitrag.jpg\" class=\"attachment-medium size-medium\" alt=\"\" srcset=\"https:\/\/www.soleum.de\/wp-content\/uploads\/2022\/10\/Dampfbad-mit-Beschichtung-2-Beitrag.jpg 714w, https:\/\/www.soleum.de\/wp-content\/uploads\/2022\/10\/Dampfbad-mit-Beschichtung-2-Beitrag-510x286.jpg 510w\" sizes=\"auto, (max-width: 714px) 100vw, 714px\" \/>                                                <\/div>\n            <\/div>\n            <div class=\"box-text text-center\" >\n                  <div class=\"box-text-inner\">\n                      <h6 class=\"uppercase portfolio-box-title\">Ba\u00f1o de vapor con revestimiento<\/h6>\n                      <p class=\"uppercase portfolio-box-category is-xsmall op-6\">\n                        <span class=\"show-on-hover\">\n                         Ba\u00f1o de vapor con asientos, Ba\u00f1o de vapor con tumbonas                        <\/span>\n                      <\/p>\n                  <\/div>\n            <\/div>\n           <\/div>\n           <\/a>\n           <\/div>\n           <\/div><div class=\"col\" data-terms=\"[&quot;Ba\u00f1o de vapor con asientos&quot;,&quot;Ba\u00f1o de vapor con tumbonas&quot;]\" >\n          <div class=\"col-inner\" >\n          <a href=\"https:\/\/www.soleum.de\/wp-content\/uploads\/2022\/10\/private-Dampfdusche-Deutschland-Beitrag.jpg\" class=\"plain lightbox-gallery\">\n          <div class=\"portfolio-box box has-hover\">\n            <div class=\"box-image\" >\n                <div class=\"image-cover\" style=\"padding-top:100%;\">\n                <img loading=\"lazy\" decoding=\"async\" width=\"500\" height=\"375\" src=\"https:\/\/www.soleum.de\/wp-content\/uploads\/2022\/10\/private-Dampfdusche-Deutschland-Beitrag.jpg\" class=\"attachment-medium size-medium\" alt=\"\" \/>                                                <\/div>\n            <\/div>\n            <div class=\"box-text text-center\" >\n                  <div class=\"box-text-inner\">\n                      <h6 class=\"uppercase portfolio-box-title\">ducha de vapor privada en Alemania<\/h6>\n                      <p class=\"uppercase portfolio-box-category is-xsmall op-6\">\n                        <span class=\"show-on-hover\">\n                         Ba\u00f1o de vapor con asientos, Ba\u00f1o de vapor con tumbonas                        <\/span>\n                      <\/p>\n                  <\/div>\n            <\/div>\n           <\/div>\n           <\/a>\n           <\/div>\n           <\/div><div class=\"col\" data-terms=\"[&quot;Ba\u00f1o de vapor con asientos&quot;]\" >\n          <div class=\"col-inner\" >\n          <a href=\"https:\/\/www.soleum.de\/wp-content\/uploads\/2022\/10\/Dampfbad-in-Linz-Beitrag.jpg\" class=\"plain lightbox-gallery\">\n          <div class=\"portfolio-box box has-hover\">\n            <div class=\"box-image\" >\n                <div class=\"image-cover\" style=\"padding-top:100%;\">\n                <img loading=\"lazy\" decoding=\"async\" width=\"500\" height=\"333\" src=\"https:\/\/www.soleum.de\/wp-content\/uploads\/2022\/10\/Dampfbad-in-Linz-Beitrag.jpg\" class=\"attachment-medium size-medium\" alt=\"\" \/>                                                <\/div>\n            <\/div>\n            <div class=\"box-text text-center\" >\n                  <div class=\"box-text-inner\">\n                      <h6 class=\"uppercase portfolio-box-title\">Ba\u00f1o de vapor en Linz<\/h6>\n                      <p class=\"uppercase portfolio-box-category is-xsmall op-6\">\n                        <span class=\"show-on-hover\">\n                         Ba\u00f1o de vapor con asientos                        <\/span>\n                      <\/p>\n                  <\/div>\n            <\/div>\n           <\/div>\n           <\/a>\n           <\/div>\n           <\/div><div class=\"col\" data-terms=\"[&quot;Ba\u00f1o de vapor con asientos&quot;,&quot;Ba\u00f1os de vapor exclusivos&quot;]\" >\n          <div class=\"col-inner\" >\n          <a href=\"https:\/\/www.soleum.de\/wp-content\/uploads\/2023\/06\/Dampfbad-Hotel-Seestuben-Kaernten-beitrag.jpg\" class=\"plain lightbox-gallery\">\n          <div class=\"portfolio-box box has-hover\">\n            <div class=\"box-image\" >\n                <div class=\"image-cover\" style=\"padding-top:100%;\">\n                <img loading=\"lazy\" decoding=\"async\" width=\"500\" height=\"375\" src=\"https:\/\/www.soleum.de\/wp-content\/uploads\/2023\/06\/Dampfbad-Hotel-Seestuben-Kaernten-beitrag.jpg\" class=\"attachment-medium size-medium\" alt=\"\" \/>                                                <\/div>\n            <\/div>\n            <div class=\"box-text text-center\" >\n                  <div class=\"box-text-inner\">\n                      <h6 class=\"uppercase portfolio-box-title\">Damfpbad Hotel Seestuben Carintia<\/h6>\n                      <p class=\"uppercase portfolio-box-category is-xsmall op-6\">\n                        <span class=\"show-on-hover\">\n                         Ba\u00f1o de vapor con asientos, Ba\u00f1os de vapor exclusivos                        <\/span>\n                      <\/p>\n                  <\/div>\n            <\/div>\n           <\/div>\n           <\/a>\n           <\/div>\n           <\/div><div class=\"col\" data-terms=\"[&quot;Ba\u00f1o de vapor con asientos&quot;,&quot;Duchas de vapor m\u00e1s peque\u00f1as&quot;]\" >\n          <div class=\"col-inner\" >\n          <a href=\"https:\/\/www.soleum.de\/wp-content\/uploads\/2017\/06\/Dusche_in_Dampfdusche_umbauen-01.jpg\" class=\"plain lightbox-gallery\">\n          <div class=\"portfolio-box box has-hover\">\n            <div class=\"box-image\" >\n                <div class=\"image-cover\" style=\"padding-top:100%;\">\n                <img loading=\"lazy\" decoding=\"async\" width=\"557\" height=\"400\" src=\"https:\/\/www.soleum.de\/wp-content\/uploads\/2017\/06\/Dusche_in_Dampfdusche_umbauen-01-557x400.jpg\" class=\"attachment-medium size-medium\" alt=\"\" srcset=\"https:\/\/www.soleum.de\/wp-content\/uploads\/2017\/06\/Dusche_in_Dampfdusche_umbauen-01-557x400.jpg 557w, https:\/\/www.soleum.de\/wp-content\/uploads\/2017\/06\/Dusche_in_Dampfdusche_umbauen-01-510x367.jpg 510w, https:\/\/www.soleum.de\/wp-content\/uploads\/2017\/06\/Dusche_in_Dampfdusche_umbauen-01-768x552.jpg 768w, https:\/\/www.soleum.de\/wp-content\/uploads\/2017\/06\/Dusche_in_Dampfdusche_umbauen-01.jpg 800w\" sizes=\"auto, (max-width: 557px) 100vw, 557px\" \/>                                                <\/div>\n            <\/div>\n            <div class=\"box-text text-center\" >\n                  <div class=\"box-text-inner\">\n                      <h6 class=\"uppercase portfolio-box-title\">Convertir la ducha en ducha de vapor<\/h6>\n                      <p class=\"uppercase portfolio-box-category is-xsmall op-6\">\n                        <span class=\"show-on-hover\">\n                         Ba\u00f1o de vapor con asientos, Duchas de vapor m\u00e1s peque\u00f1as                        <\/span>\n                      <\/p>\n                  <\/div>\n            <\/div>\n           <\/div>\n           <\/a>\n           <\/div>\n           <\/div><div class=\"col\" data-terms=\"[&quot;Ba\u00f1o de vapor con asientos&quot;]\" >\n          <div class=\"col-inner\" >\n          <a href=\"https:\/\/www.soleum.de\/wp-content\/uploads\/2017\/02\/\u00f6ffentliches-r\u00f6misches-Dampfbad-beitragsbild.jpg\" class=\"plain lightbox-gallery\">\n          <div class=\"portfolio-box box has-hover\">\n            <div class=\"box-image\" >\n                <div class=\"image-cover\" style=\"padding-top:100%;\">\n                <img loading=\"lazy\" decoding=\"async\" width=\"400\" height=\"288\" src=\"https:\/\/www.soleum.de\/wp-content\/uploads\/2017\/02\/\u00f6ffentliches-r\u00f6misches-Dampfbad-beitragsbild.jpg\" class=\"attachment-medium size-medium\" alt=\"Ba\u00f1o de vapor romano propio\" \/>                                                <\/div>\n            <\/div>\n            <div class=\"box-text text-center\" >\n                  <div class=\"box-text-inner\">\n                      <h6 class=\"uppercase portfolio-box-title\">Ba\u00f1o de vapor romano propio<\/h6>\n                      <p class=\"uppercase portfolio-box-category is-xsmall op-6\">\n                        <span class=\"show-on-hover\">\n                         Ba\u00f1o de vapor con asientos                        <\/span>\n                      <\/p>\n                  <\/div>\n            <\/div>\n           <\/div>\n           <\/a>\n           <\/div>\n           <\/div><div class=\"col\" data-terms=\"[&quot;Ba\u00f1o de vapor con asientos&quot;]\" >\n          <div class=\"col-inner\" >\n          <a href=\"https:\/\/www.soleum.de\/wp-content\/uploads\/2017\/02\/Dampfbad-kaufen-Beitrag.jpg\" class=\"plain lightbox-gallery\">\n          <div class=\"portfolio-box box has-hover\">\n            <div class=\"box-image\" >\n                <div class=\"image-cover\" style=\"padding-top:100%;\">\n                <img loading=\"lazy\" decoding=\"async\" width=\"400\" height=\"266\" src=\"https:\/\/www.soleum.de\/wp-content\/uploads\/2017\/02\/Dampfbad-kaufen-Beitrag.jpg\" class=\"attachment-medium size-medium\" alt=\"\" \/>                                                <\/div>\n            <\/div>\n            <div class=\"box-text text-center\" >\n                  <div class=\"box-text-inner\">\n                      <h6 class=\"uppercase portfolio-box-title\">Comprar ba\u00f1o turco<\/h6>\n                      <p class=\"uppercase portfolio-box-category is-xsmall op-6\">\n                        <span class=\"show-on-hover\">\n                         Ba\u00f1o de vapor con asientos                        <\/span>\n                      <\/p>\n                  <\/div>\n            <\/div>\n           <\/div>\n           <\/a>\n           <\/div>\n           <\/div><div class=\"col\" data-terms=\"[&quot;Ba\u00f1o de vapor con asientos&quot;,&quot;Duchas de vapor m\u00e1s peque\u00f1as&quot;]\" >\n          <div class=\"col-inner\" >\n          <a href=\"https:\/\/www.soleum.de\/wp-content\/uploads\/2017\/02\/Badewanne-raus-Dampfdusche-rein-beitrag.jpg\" class=\"plain lightbox-gallery\">\n          <div class=\"portfolio-box box has-hover\">\n            <div class=\"box-image\" >\n                <div class=\"image-cover\" style=\"padding-top:100%;\">\n                <img loading=\"lazy\" decoding=\"async\" width=\"400\" height=\"266\" src=\"https:\/\/www.soleum.de\/wp-content\/uploads\/2017\/02\/Badewanne-raus-Dampfdusche-rein-beitrag.jpg\" class=\"attachment-medium size-medium\" alt=\"\" \/>                                                <\/div>\n            <\/div>\n            <div class=\"box-text text-center\" >\n                  <div class=\"box-text-inner\">\n                      <h6 class=\"uppercase portfolio-box-title\">Ba\u00f1era fuera Ducha de vapor dentro<\/h6>\n                      <p class=\"uppercase portfolio-box-category is-xsmall op-6\">\n                        <span class=\"show-on-hover\">\n                         Ba\u00f1o de vapor con asientos, Duchas de vapor m\u00e1s peque\u00f1as                        <\/span>\n                      <\/p>\n                  <\/div>\n            <\/div>\n           <\/div>\n           <\/a>\n           <\/div>\n           <\/div><div class=\"col\" data-terms=\"[&quot;Ba\u00f1o de vapor con asientos&quot;,&quot;Duchas de vapor m\u00e1s peque\u00f1as&quot;]\" >\n          <div class=\"col-inner\" >\n          <a href=\"https:\/\/www.soleum.de\/wp-content\/uploads\/2017\/02\/Dampfdusche-mit-Sitz-beitrag.jpg\" class=\"plain lightbox-gallery\">\n          <div class=\"portfolio-box box has-hover\">\n            <div class=\"box-image\" >\n                <div class=\"image-cover\" style=\"padding-top:100%;\">\n                <img loading=\"lazy\" decoding=\"async\" width=\"500\" height=\"333\" src=\"https:\/\/www.soleum.de\/wp-content\/uploads\/2017\/02\/Dampfdusche-mit-Sitz-beitrag.jpg\" class=\"attachment-medium size-medium\" alt=\"\" \/>                                                <\/div>\n            <\/div>\n            <div class=\"box-text text-center\" >\n                  <div class=\"box-text-inner\">\n                      <h6 class=\"uppercase portfolio-box-title\">Ducha de vapor con asiento<\/h6>\n                      <p class=\"uppercase portfolio-box-category is-xsmall op-6\">\n                        <span class=\"show-on-hover\">\n                         Ba\u00f1o de vapor con asientos, Duchas de vapor m\u00e1s peque\u00f1as                        <\/span>\n                      <\/p>\n                  <\/div>\n            <\/div>\n           <\/div>\n           <\/a>\n           <\/div>\n           <\/div><div class=\"col\" data-terms=\"[&quot;Ba\u00f1o de vapor con asientos&quot;,&quot;Duchas de vapor m\u00e1s peque\u00f1as&quot;]\" >\n          <div class=\"col-inner\" >\n          <a href=\"https:\/\/www.soleum.de\/wp-content\/uploads\/2017\/02\/Dampfdusche-fuer-zuhause-selber-bauen-Beitrag.jpg\" class=\"plain lightbox-gallery\">\n          <div class=\"portfolio-box box has-hover\">\n            <div class=\"box-image\" >\n                <div class=\"image-cover\" style=\"padding-top:100%;\">\n                <img loading=\"lazy\" decoding=\"async\" width=\"500\" height=\"333\" src=\"https:\/\/www.soleum.de\/wp-content\/uploads\/2017\/02\/Dampfdusche-fuer-zuhause-selber-bauen-Beitrag.jpg\" class=\"attachment-medium size-medium\" alt=\"Construya su propia ducha de vapor en casa\" \/>                                                <\/div>\n            <\/div>\n            <div class=\"box-text text-center\" >\n                  <div class=\"box-text-inner\">\n                      <h6 class=\"uppercase portfolio-box-title\">Construya su propia ducha de vapor en casa<\/h6>\n                      <p class=\"uppercase portfolio-box-category is-xsmall op-6\">\n                        <span class=\"show-on-hover\">\n                         Ba\u00f1o de vapor con asientos, Duchas de vapor m\u00e1s peque\u00f1as                        <\/span>\n                      <\/p>\n                  <\/div>\n            <\/div>\n           <\/div>\n           <\/a>\n           <\/div>\n           <\/div><div class=\"col\" data-terms=\"[&quot;Ba\u00f1o de vapor con asientos&quot;,&quot;Duchas de vapor m\u00e1s peque\u00f1as&quot;]\" >\n          <div class=\"col-inner\" >\n          <a href=\"https:\/\/www.soleum.de\/wp-content\/uploads\/2017\/02\/Dampfdusche-in-Nische-beitrag.jpg\" class=\"plain lightbox-gallery\">\n          <div class=\"portfolio-box box has-hover\">\n            <div class=\"box-image\" >\n                <div class=\"image-cover\" style=\"padding-top:100%;\">\n                <img loading=\"lazy\" decoding=\"async\" width=\"471\" height=\"400\" src=\"https:\/\/www.soleum.de\/wp-content\/uploads\/2017\/02\/Dampfdusche-in-Nische-beitrag-471x400.jpg\" class=\"attachment-medium size-medium\" alt=\"\" srcset=\"https:\/\/www.soleum.de\/wp-content\/uploads\/2017\/02\/Dampfdusche-in-Nische-beitrag-471x400.jpg 471w, https:\/\/www.soleum.de\/wp-content\/uploads\/2017\/02\/Dampfdusche-in-Nische-beitrag-510x434.jpg 510w, https:\/\/www.soleum.de\/wp-content\/uploads\/2017\/02\/Dampfdusche-in-Nische-beitrag.jpg 600w\" sizes=\"auto, (max-width: 471px) 100vw, 471px\" \/>                                                <\/div>\n            <\/div>\n            <div class=\"box-text text-center\" >\n                  <div class=\"box-text-inner\">\n                      <h6 class=\"uppercase portfolio-box-title\">Ducha de vapor en nicho<\/h6>\n                      <p class=\"uppercase portfolio-box-category is-xsmall op-6\">\n                        <span class=\"show-on-hover\">\n                         Ba\u00f1o de vapor con asientos, Duchas de vapor m\u00e1s peque\u00f1as                        <\/span>\n                      <\/p>\n                  <\/div>\n            <\/div>\n           <\/div>\n           <\/a>\n           <\/div>\n           <\/div><div class=\"col\" data-terms=\"[&quot;Ba\u00f1o de vapor con asientos&quot;,&quot;Ba\u00f1o de vapor con tumbonas&quot;]\" >\n          <div class=\"col-inner\" >\n          <a href=\"https:\/\/www.soleum.de\/wp-content\/uploads\/2017\/02\/Dampfbadbank_mit_Infrarotliege-04.jpg\" class=\"plain lightbox-gallery\">\n          <div class=\"portfolio-box box has-hover\">\n            <div class=\"box-image\" >\n                <div class=\"image-cover\" style=\"padding-top:100%;\">\n                <img loading=\"lazy\" decoding=\"async\" width=\"300\" height=\"400\" src=\"https:\/\/www.soleum.de\/wp-content\/uploads\/2017\/02\/Dampfbadbank_mit_Infrarotliege-04-300x400.jpg\" class=\"attachment-medium size-medium\" alt=\"\" srcset=\"https:\/\/www.soleum.de\/wp-content\/uploads\/2017\/02\/Dampfbadbank_mit_Infrarotliege-04-300x400.jpg 300w, https:\/\/www.soleum.de\/wp-content\/uploads\/2017\/02\/Dampfbadbank_mit_Infrarotliege-04-510x680.jpg 510w, https:\/\/www.soleum.de\/wp-content\/uploads\/2017\/02\/Dampfbadbank_mit_Infrarotliege-04-600x800.jpg 600w, https:\/\/www.soleum.de\/wp-content\/uploads\/2017\/02\/Dampfbadbank_mit_Infrarotliege-04.jpg 750w\" sizes=\"auto, (max-width: 300px) 100vw, 300px\" \/>                                                <\/div>\n            <\/div>\n            <div class=\"box-text text-center\" >\n                  <div class=\"box-text-inner\">\n                      <h6 class=\"uppercase portfolio-box-title\">Banco de ba\u00f1o de vapor con camilla de infrarrojos<\/h6>\n                      <p class=\"uppercase portfolio-box-category is-xsmall op-6\">\n                        <span class=\"show-on-hover\">\n                         Ba\u00f1o de vapor con asientos, Ba\u00f1o de vapor con tumbonas                        <\/span>\n                      <\/p>\n                  <\/div>\n            <\/div>\n           <\/div>\n           <\/a>\n           <\/div>\n           <\/div><div class=\"col\" data-terms=\"[&quot;Ba\u00f1o de vapor con asientos&quot;]\" >\n          <div class=\"col-inner\" >\n          <a href=\"https:\/\/www.soleum.de\/wp-content\/uploads\/2017\/02\/Dampfsauna-Wien-Beitrag.jpg\" class=\"plain lightbox-gallery\">\n          <div class=\"portfolio-box box has-hover\">\n            <div class=\"box-image\" >\n                <div class=\"image-cover\" style=\"padding-top:100%;\">\n                <img loading=\"lazy\" decoding=\"async\" width=\"500\" height=\"334\" src=\"https:\/\/www.soleum.de\/wp-content\/uploads\/2017\/02\/Dampfsauna-Wien-Beitrag.jpg\" class=\"attachment-medium size-medium\" alt=\"\" \/>                                                <\/div>\n            <\/div>\n            <div class=\"box-text text-center\" >\n                  <div class=\"box-text-inner\">\n                      <h6 class=\"uppercase portfolio-box-title\">Sauna de vapor Viena<\/h6>\n                      <p class=\"uppercase portfolio-box-category is-xsmall op-6\">\n                        <span class=\"show-on-hover\">\n                         Ba\u00f1o de vapor con asientos                        <\/span>\n                      <\/p>\n                  <\/div>\n            <\/div>\n           <\/div>\n           <\/a>\n           <\/div>\n           <\/div><div class=\"col\" data-terms=\"[&quot;Ba\u00f1o de vapor con asientos&quot;,&quot;Ba\u00f1o de vapor con tumbonas&quot;]\" >\n          <div class=\"col-inner\" >\n          <a href=\"https:\/\/www.soleum.de\/wp-content\/uploads\/2017\/05\/Dampfbad-mit-Sitzbank-beitragsbild.jpg\" class=\"plain lightbox-gallery\">\n          <div class=\"portfolio-box box has-hover\">\n            <div class=\"box-image\" >\n                <div class=\"image-cover\" style=\"padding-top:100%;\">\n                <img loading=\"lazy\" decoding=\"async\" width=\"500\" height=\"333\" src=\"https:\/\/www.soleum.de\/wp-content\/uploads\/2017\/05\/Dampfbad-mit-Sitzbank-beitragsbild.jpg\" class=\"attachment-medium size-medium\" alt=\"\" \/>                                                <\/div>\n            <\/div>\n            <div class=\"box-text text-center\" >\n                  <div class=\"box-text-inner\">\n                      <h6 class=\"uppercase portfolio-box-title\">Ba\u00f1o de vapor con banco<\/h6>\n                      <p class=\"uppercase portfolio-box-category is-xsmall op-6\">\n                        <span class=\"show-on-hover\">\n                         Ba\u00f1o de vapor con asientos, Ba\u00f1o de vapor con tumbonas                        <\/span>\n                      <\/p>\n                  <\/div>\n            <\/div>\n           <\/div>\n           <\/a>\n           <\/div>\n           <\/div><div class=\"col\" data-terms=\"[&quot;Ba\u00f1o de vapor con asientos&quot;]\" >\n          <div class=\"col-inner\" >\n          <a href=\"https:\/\/www.soleum.de\/wp-content\/uploads\/2017\/05\/Dampfdusche-in-Nische-01.jpg\" class=\"plain lightbox-gallery\">\n          <div class=\"portfolio-box box has-hover\">\n            <div class=\"box-image\" >\n                <div class=\"image-cover\" style=\"padding-top:100%;\">\n                <img loading=\"lazy\" decoding=\"async\" width=\"600\" height=\"400\" src=\"https:\/\/www.soleum.de\/wp-content\/uploads\/2017\/05\/Dampfdusche-in-Nische-01-600x400.jpg\" class=\"attachment-medium size-medium\" alt=\"\" srcset=\"https:\/\/www.soleum.de\/wp-content\/uploads\/2017\/05\/Dampfdusche-in-Nische-01.jpg 600w, https:\/\/www.soleum.de\/wp-content\/uploads\/2017\/05\/Dampfdusche-in-Nische-01-510x340.jpg 510w\" sizes=\"auto, (max-width: 600px) 100vw, 600px\" \/>                                                <\/div>\n            <\/div>\n            <div class=\"box-text text-center\" >\n                  <div class=\"box-text-inner\">\n                      <h6 class=\"uppercase portfolio-box-title\">Ducha de vapor en nicho<\/h6>\n                      <p class=\"uppercase portfolio-box-category is-xsmall op-6\">\n                        <span class=\"show-on-hover\">\n                         Ba\u00f1o de vapor con asientos                        <\/span>\n                      <\/p>\n                  <\/div>\n            <\/div>\n           <\/div>\n           <\/a>\n           <\/div>\n           <\/div><div class=\"col\" data-terms=\"[&quot;Ba\u00f1o de vapor con asientos&quot;,&quot;Duchas de vapor m\u00e1s peque\u00f1as&quot;]\" >\n          <div class=\"col-inner\" >\n          <a href=\"https:\/\/www.soleum.de\/wp-content\/uploads\/2017\/06\/Soleum-im-Hotel-Royal-Bad-Ischl-01.jpg\" class=\"plain lightbox-gallery\">\n          <div class=\"portfolio-box box has-hover\">\n            <div class=\"box-image\" >\n                <div class=\"image-cover\" style=\"padding-top:100%;\">\n                <img loading=\"lazy\" decoding=\"async\" width=\"600\" height=\"400\" src=\"https:\/\/www.soleum.de\/wp-content\/uploads\/2017\/06\/Soleum-im-Hotel-Royal-Bad-Ischl-01-600x400.jpg\" class=\"attachment-medium size-medium\" alt=\"\" srcset=\"https:\/\/www.soleum.de\/wp-content\/uploads\/2017\/06\/Soleum-im-Hotel-Royal-Bad-Ischl-01-600x400.jpg 600w, https:\/\/www.soleum.de\/wp-content\/uploads\/2017\/06\/Soleum-im-Hotel-Royal-Bad-Ischl-01-510x340.jpg 510w, https:\/\/www.soleum.de\/wp-content\/uploads\/2017\/06\/Soleum-im-Hotel-Royal-Bad-Ischl-01-768x512.jpg 768w, https:\/\/www.soleum.de\/wp-content\/uploads\/2017\/06\/Soleum-im-Hotel-Royal-Bad-Ischl-01.jpg 800w\" sizes=\"auto, (max-width: 600px) 100vw, 600px\" \/>                                                <\/div>\n            <\/div>\n            <div class=\"box-text text-center\" >\n                  <div class=\"box-text-inner\">\n                      <h6 class=\"uppercase portfolio-box-title\">Soleum Hotel Royal Bad Ischl<\/h6>\n                      <p class=\"uppercase portfolio-box-category is-xsmall op-6\">\n                        <span class=\"show-on-hover\">\n                         Ba\u00f1o de vapor con asientos, Duchas de vapor m\u00e1s peque\u00f1as                        <\/span>\n                      <\/p>\n                  <\/div>\n            <\/div>\n           <\/div>\n           <\/a>\n           <\/div>\n           <\/div><div class=\"col\" data-terms=\"[&quot;Ba\u00f1o de vapor con asientos&quot;,&quot;Ba\u00f1os de vapor exclusivos&quot;]\" >\n          <div class=\"col-inner\" >\n          <a href=\"https:\/\/www.soleum.de\/wp-content\/uploads\/2017\/05\/Hoteldampfbad-Hotel-Forsthofalm.jpg\" class=\"plain lightbox-gallery\">\n          <div class=\"portfolio-box box has-hover\">\n            <div class=\"box-image\" >\n                <div class=\"image-cover\" style=\"padding-top:100%;\">\n                <img loading=\"lazy\" decoding=\"async\" width=\"600\" height=\"400\" src=\"https:\/\/www.soleum.de\/wp-content\/uploads\/2017\/05\/Hoteldampfbad-Hotel-Forsthofalm-600x400.jpg\" class=\"attachment-medium size-medium\" alt=\"\" srcset=\"https:\/\/www.soleum.de\/wp-content\/uploads\/2017\/05\/Hoteldampfbad-Hotel-Forsthofalm-600x400.jpg 600w, https:\/\/www.soleum.de\/wp-content\/uploads\/2017\/05\/Hoteldampfbad-Hotel-Forsthofalm-510x340.jpg 510w, https:\/\/www.soleum.de\/wp-content\/uploads\/2017\/05\/Hoteldampfbad-Hotel-Forsthofalm-768x512.jpg 768w, https:\/\/www.soleum.de\/wp-content\/uploads\/2017\/05\/Hoteldampfbad-Hotel-Forsthofalm.jpg 800w\" sizes=\"auto, (max-width: 600px) 100vw, 600px\" \/>                                                <\/div>\n            <\/div>\n            <div class=\"box-text text-center\" >\n                  <div class=\"box-text-inner\">\n                      <h6 class=\"uppercase portfolio-box-title\">Ba\u00f1o de vapor del hotel<\/h6>\n                      <p class=\"uppercase portfolio-box-category is-xsmall op-6\">\n                        <span class=\"show-on-hover\">\n                         Ba\u00f1o de vapor con asientos, Ba\u00f1os de vapor exclusivos                        <\/span>\n                      <\/p>\n                  <\/div>\n            <\/div>\n           <\/div>\n           <\/a>\n           <\/div>\n           <\/div><div class=\"col\" data-terms=\"[&quot;Ba\u00f1o de vapor con asientos&quot;,&quot;Duchas de vapor m\u00e1s peque\u00f1as&quot;]\" >\n          <div class=\"col-inner\" >\n          <a href=\"https:\/\/www.soleum.de\/wp-content\/uploads\/2017\/06\/Dusche-mit-Duschsitz-Beitrag.jpg\" class=\"plain lightbox-gallery\">\n          <div class=\"portfolio-box box has-hover\">\n            <div class=\"box-image\" >\n                <div class=\"image-cover\" style=\"padding-top:100%;\">\n                <img loading=\"lazy\" decoding=\"async\" width=\"602\" height=\"400\" src=\"https:\/\/www.soleum.de\/wp-content\/uploads\/2017\/06\/Dusche-mit-Duschsitz-Beitrag-602x400.jpg\" class=\"attachment-medium size-medium\" alt=\"\" srcset=\"https:\/\/www.soleum.de\/wp-content\/uploads\/2017\/06\/Dusche-mit-Duschsitz-Beitrag-602x400.jpg 602w, https:\/\/www.soleum.de\/wp-content\/uploads\/2017\/06\/Dusche-mit-Duschsitz-Beitrag-510x339.jpg 510w, https:\/\/www.soleum.de\/wp-content\/uploads\/2017\/06\/Dusche-mit-Duschsitz-Beitrag-768x511.jpg 768w, https:\/\/www.soleum.de\/wp-content\/uploads\/2017\/06\/Dusche-mit-Duschsitz-Beitrag.jpg 800w\" sizes=\"auto, (max-width: 602px) 100vw, 602px\" \/>                                                <\/div>\n            <\/div>\n            <div class=\"box-text text-center\" >\n                  <div class=\"box-text-inner\">\n                      <h6 class=\"uppercase portfolio-box-title\">Ducha con asiento<\/h6>\n                      <p class=\"uppercase portfolio-box-category is-xsmall op-6\">\n                        <span class=\"show-on-hover\">\n                         Ba\u00f1o de vapor con asientos, Duchas de vapor m\u00e1s peque\u00f1as                        <\/span>\n                      <\/p>\n                  <\/div>\n            <\/div>\n           <\/div>\n           <\/a>\n           <\/div>\n           <\/div><div class=\"col\" data-terms=\"[&quot;Ba\u00f1o de vapor con asientos&quot;]\" >\n          <div class=\"col-inner\" >\n          <a href=\"https:\/\/www.soleum.de\/wp-content\/uploads\/2017\/02\/ein-eigenes-Dampfbad-Beitragsbild.jpg\" class=\"plain lightbox-gallery\">\n          <div class=\"portfolio-box box has-hover\">\n            <div class=\"box-image\" >\n                <div class=\"image-cover\" style=\"padding-top:100%;\">\n                <img loading=\"lazy\" decoding=\"async\" width=\"500\" height=\"333\" src=\"https:\/\/www.soleum.de\/wp-content\/uploads\/2017\/02\/ein-eigenes-Dampfbad-Beitragsbild.jpg\" class=\"attachment-medium size-medium\" alt=\"\" \/>                                                <\/div>\n            <\/div>\n            <div class=\"box-text text-center\" >\n                  <div class=\"box-text-inner\">\n                      <h6 class=\"uppercase portfolio-box-title\">Su propio ba\u00f1o de vapor<\/h6>\n                      <p class=\"uppercase portfolio-box-category is-xsmall op-6\">\n                        <span class=\"show-on-hover\">\n                         Ba\u00f1o de vapor con asientos                        <\/span>\n                      <\/p>\n                  <\/div>\n            <\/div>\n           <\/div>\n           <\/a>\n           <\/div>\n           <\/div><div class=\"col\" data-terms=\"[&quot;Ba\u00f1o de vapor con asientos&quot;,&quot;Duchas de vapor m\u00e1s peque\u00f1as&quot;]\" >\n          <div class=\"col-inner\" >\n          <a href=\"https:\/\/www.soleum.de\/wp-content\/uploads\/2017\/06\/Duschsitzbank-T95-05.jpg\" class=\"plain lightbox-gallery\">\n          <div class=\"portfolio-box box has-hover\">\n            <div class=\"box-image\" >\n                <div class=\"image-cover\" style=\"padding-top:100%;\">\n                <img loading=\"lazy\" decoding=\"async\" width=\"602\" height=\"400\" src=\"https:\/\/www.soleum.de\/wp-content\/uploads\/2017\/06\/Duschsitzbank-T95-05-602x400.jpg\" class=\"attachment-medium size-medium\" alt=\"\" srcset=\"https:\/\/www.soleum.de\/wp-content\/uploads\/2017\/06\/Duschsitzbank-T95-05-602x400.jpg 602w, https:\/\/www.soleum.de\/wp-content\/uploads\/2017\/06\/Duschsitzbank-T95-05-510x339.jpg 510w, https:\/\/www.soleum.de\/wp-content\/uploads\/2017\/06\/Duschsitzbank-T95-05-768x511.jpg 768w, https:\/\/www.soleum.de\/wp-content\/uploads\/2017\/06\/Duschsitzbank-T95-05.jpg 1000w\" sizes=\"auto, (max-width: 602px) 100vw, 602px\" \/>                                                <\/div>\n            <\/div>\n            <div class=\"box-text text-center\" >\n                  <div class=\"box-text-inner\">\n                      <h6 class=\"uppercase portfolio-box-title\">Banco de ducha T95<\/h6>\n                      <p class=\"uppercase portfolio-box-category is-xsmall op-6\">\n                        <span class=\"show-on-hover\">\n                         Ba\u00f1o de vapor con asientos, Duchas de vapor m\u00e1s peque\u00f1as                        <\/span>\n                      <\/p>\n                  <\/div>\n            <\/div>\n           <\/div>\n           <\/a>\n           <\/div>\n           <\/div><div class=\"col\" data-terms=\"[&quot;Ba\u00f1o de vapor con asientos&quot;]\" >\n          <div class=\"col-inner\" >\n          <a href=\"https:\/\/www.soleum.de\/wp-content\/uploads\/2017\/06\/Dampfbad-ueber-Eck-03.jpg\" class=\"plain lightbox-gallery\">\n          <div class=\"portfolio-box box has-hover\">\n            <div class=\"box-image\" >\n                <div class=\"image-cover\" style=\"padding-top:100%;\">\n                <img loading=\"lazy\" decoding=\"async\" width=\"600\" height=\"400\" src=\"https:\/\/www.soleum.de\/wp-content\/uploads\/2017\/06\/Dampfbad-ueber-Eck-03-600x400.jpg\" class=\"attachment-medium size-medium\" alt=\"\" srcset=\"https:\/\/www.soleum.de\/wp-content\/uploads\/2017\/06\/Dampfbad-ueber-Eck-03-600x400.jpg 600w, https:\/\/www.soleum.de\/wp-content\/uploads\/2017\/06\/Dampfbad-ueber-Eck-03-510x340.jpg 510w, https:\/\/www.soleum.de\/wp-content\/uploads\/2017\/06\/Dampfbad-ueber-Eck-03-768x512.jpg 768w, https:\/\/www.soleum.de\/wp-content\/uploads\/2017\/06\/Dampfbad-ueber-Eck-03.jpg 800w\" sizes=\"auto, (max-width: 600px) 100vw, 600px\" \/>                                                <\/div>\n            <\/div>\n            <div class=\"box-text text-center\" >\n                  <div class=\"box-text-inner\">\n                      <h6 class=\"uppercase portfolio-box-title\">Ba\u00f1o de vapor en esquina<\/h6>\n                      <p class=\"uppercase portfolio-box-category is-xsmall op-6\">\n                        <span class=\"show-on-hover\">\n                         Ba\u00f1o de vapor con asientos                        <\/span>\n                      <\/p>\n                  <\/div>\n            <\/div>\n           <\/div>\n           <\/a>\n           <\/div>\n           <\/div><div class=\"col\" data-terms=\"[&quot;Ba\u00f1o de vapor con asientos&quot;]\" >\n          <div class=\"col-inner\" >\n          <a href=\"https:\/\/www.soleum.de\/wp-content\/uploads\/2017\/06\/Dampfdusche-mit-Duschsitze-Beitrag.jpg\" class=\"plain lightbox-gallery\">\n          <div class=\"portfolio-box box has-hover\">\n            <div class=\"box-image\" >\n                <div class=\"image-cover\" style=\"padding-top:100%;\">\n                <img loading=\"lazy\" decoding=\"async\" width=\"422\" height=\"400\" src=\"https:\/\/www.soleum.de\/wp-content\/uploads\/2017\/06\/Dampfdusche-mit-Duschsitze-Beitrag-422x400.jpg\" class=\"attachment-medium size-medium\" alt=\"\" srcset=\"https:\/\/www.soleum.de\/wp-content\/uploads\/2017\/06\/Dampfdusche-mit-Duschsitze-Beitrag-422x400.jpg 422w, https:\/\/www.soleum.de\/wp-content\/uploads\/2017\/06\/Dampfdusche-mit-Duschsitze-Beitrag-510x483.jpg 510w, https:\/\/www.soleum.de\/wp-content\/uploads\/2017\/06\/Dampfdusche-mit-Duschsitze-Beitrag-768x727.jpg 768w, https:\/\/www.soleum.de\/wp-content\/uploads\/2017\/06\/Dampfdusche-mit-Duschsitze-Beitrag-845x800.jpg 845w, https:\/\/www.soleum.de\/wp-content\/uploads\/2017\/06\/Dampfdusche-mit-Duschsitze-Beitrag.jpg 1360w\" sizes=\"auto, (max-width: 422px) 100vw, 422px\" \/>                                                <\/div>\n            <\/div>\n            <div class=\"box-text text-center\" >\n                  <div class=\"box-text-inner\">\n                      <h6 class=\"uppercase portfolio-box-title\">Ducha de vapor con asientos<\/h6>\n                      <p class=\"uppercase portfolio-box-category is-xsmall op-6\">\n                        <span class=\"show-on-hover\">\n                         Ba\u00f1o de vapor con asientos                        <\/span>\n                      <\/p>\n                  <\/div>\n            <\/div>\n           <\/div>\n           <\/a>\n           <\/div>\n           <\/div><div class=\"col\" data-terms=\"[&quot;Ba\u00f1o de vapor con asientos&quot;]\" >\n          <div class=\"col-inner\" >\n          <a href=\"https:\/\/www.soleum.de\/wp-content\/uploads\/2017\/09\/Soledampfbad-19.jpg\" class=\"plain lightbox-gallery\">\n          <div class=\"portfolio-box box has-hover\">\n            <div class=\"box-image\" >\n                <div class=\"image-cover\" style=\"padding-top:100%;\">\n                <img loading=\"lazy\" decoding=\"async\" width=\"533\" height=\"400\" src=\"https:\/\/www.soleum.de\/wp-content\/uploads\/2017\/09\/Soledampfbad-19-533x400.jpg\" class=\"attachment-medium size-medium\" alt=\"\" srcset=\"https:\/\/www.soleum.de\/wp-content\/uploads\/2017\/09\/Soledampfbad-19-533x400.jpg 533w, https:\/\/www.soleum.de\/wp-content\/uploads\/2017\/09\/Soledampfbad-19-510x383.jpg 510w, https:\/\/www.soleum.de\/wp-content\/uploads\/2017\/09\/Soledampfbad-19-768x576.jpg 768w, https:\/\/www.soleum.de\/wp-content\/uploads\/2017\/09\/Soledampfbad-19.jpg 800w\" sizes=\"auto, (max-width: 533px) 100vw, 533px\" \/>                                                <\/div>\n            <\/div>\n            <div class=\"box-text text-center\" >\n                  <div class=\"box-text-inner\">\n                      <h6 class=\"uppercase portfolio-box-title\">Ba\u00f1o de vapor de salmuera privado<\/h6>\n                      <p class=\"uppercase portfolio-box-category is-xsmall op-6\">\n                        <span class=\"show-on-hover\">\n                         Ba\u00f1o de vapor con asientos                        <\/span>\n                      <\/p>\n                  <\/div>\n            <\/div>\n           <\/div>\n           <\/a>\n           <\/div>\n           <\/div><div class=\"col\" data-terms=\"[&quot;Ba\u00f1o de vapor con asientos&quot;]\" >\n          <div class=\"col-inner\" >\n          <a href=\"https:\/\/www.soleum.de\/wp-content\/uploads\/2017\/08\/Tepidarium-und-Dampfbad-in-einer-Kabine-beitrag.jpg\" class=\"plain lightbox-gallery\">\n          <div class=\"portfolio-box box has-hover\">\n            <div class=\"box-image\" >\n                <div class=\"image-cover\" style=\"padding-top:100%;\">\n                <img loading=\"lazy\" decoding=\"async\" width=\"500\" height=\"333\" src=\"https:\/\/www.soleum.de\/wp-content\/uploads\/2017\/08\/Tepidarium-und-Dampfbad-in-einer-Kabine-beitrag.jpg\" class=\"attachment-medium size-medium\" alt=\"\" \/>                                                <\/div>\n            <\/div>\n            <div class=\"box-text text-center\" >\n                  <div class=\"box-text-inner\">\n                      <h6 class=\"uppercase portfolio-box-title\">Tepidarium y ba\u00f1o de vapor en una cabina<\/h6>\n                      <p class=\"uppercase portfolio-box-category is-xsmall op-6\">\n                        <span class=\"show-on-hover\">\n                         Ba\u00f1o de vapor con asientos                        <\/span>\n                      <\/p>\n                  <\/div>\n            <\/div>\n           <\/div>\n           <\/a>\n           <\/div>\n           <\/div><div class=\"col\" data-terms=\"[&quot;Ba\u00f1o de vapor con asientos&quot;]\" >\n          <div class=\"col-inner\" >\n          <a href=\"https:\/\/www.soleum.de\/wp-content\/uploads\/2017\/09\/Soledampfbad-Kompetenzzentrum-Pregarten-beitrag.jpg\" class=\"plain lightbox-gallery\">\n          <div class=\"portfolio-box box has-hover\">\n            <div class=\"box-image\" >\n                <div class=\"image-cover\" style=\"padding-top:100%;\">\n                <img loading=\"lazy\" decoding=\"async\" width=\"500\" height=\"333\" src=\"https:\/\/www.soleum.de\/wp-content\/uploads\/2017\/09\/Soledampfbad-Kompetenzzentrum-Pregarten-beitrag.jpg\" class=\"attachment-medium size-medium\" alt=\"\" \/>                                                <\/div>\n            <\/div>\n            <div class=\"box-text text-center\" >\n                  <div class=\"box-text-inner\">\n                      <h6 class=\"uppercase portfolio-box-title\">Ba\u00f1o de vapor de salmuera Centro de Competencia Jard\u00edn de infancia<\/h6>\n                      <p class=\"uppercase portfolio-box-category is-xsmall op-6\">\n                        <span class=\"show-on-hover\">\n                         Ba\u00f1o de vapor con asientos                        <\/span>\n                      <\/p>\n                  <\/div>\n            <\/div>\n           <\/div>\n           <\/a>\n           <\/div>\n           <\/div><div class=\"col\" data-terms=\"[&quot;Ba\u00f1o de vapor con asientos&quot;,&quot;Ba\u00f1o de vapor con tumbonas&quot;]\" >\n          <div class=\"col-inner\" >\n          <a href=\"https:\/\/www.soleum.de\/wp-content\/uploads\/2017\/10\/Dampfbad-Liege-Dampfbadsitz-T85-Beitrag.jpg\" class=\"plain lightbox-gallery\">\n          <div class=\"portfolio-box box has-hover\">\n            <div class=\"box-image\" >\n                <div class=\"image-cover\" style=\"padding-top:100%;\">\n                <img loading=\"lazy\" decoding=\"async\" width=\"602\" height=\"400\" src=\"https:\/\/www.soleum.de\/wp-content\/uploads\/2017\/10\/Dampfbad-Liege-Dampfbadsitz-T85-Beitrag-602x400.jpg\" class=\"attachment-medium size-medium\" alt=\"\" srcset=\"https:\/\/www.soleum.de\/wp-content\/uploads\/2017\/10\/Dampfbad-Liege-Dampfbadsitz-T85-Beitrag-602x400.jpg 602w, https:\/\/www.soleum.de\/wp-content\/uploads\/2017\/10\/Dampfbad-Liege-Dampfbadsitz-T85-Beitrag-510x339.jpg 510w, https:\/\/www.soleum.de\/wp-content\/uploads\/2017\/10\/Dampfbad-Liege-Dampfbadsitz-T85-Beitrag-768x511.jpg 768w, https:\/\/www.soleum.de\/wp-content\/uploads\/2017\/10\/Dampfbad-Liege-Dampfbadsitz-T85-Beitrag.jpg 800w\" sizes=\"auto, (max-width: 602px) 100vw, 602px\" \/>                                                <\/div>\n            <\/div>\n            <div class=\"box-text text-center\" >\n                  <div class=\"box-text-inner\">\n                      <h6 class=\"uppercase portfolio-box-title\">Ducha de vapor alicatada para 2 personas<\/h6>\n                      <p class=\"uppercase portfolio-box-category is-xsmall op-6\">\n                        <span class=\"show-on-hover\">\n                         Ba\u00f1o de vapor con asientos, Ba\u00f1o de vapor con tumbonas                        <\/span>\n                      <\/p>\n                  <\/div>\n            <\/div>\n           <\/div>\n           <\/a>\n           <\/div>\n           <\/div><div class=\"col\" data-terms=\"[&quot;Ba\u00f1o de vapor con asientos&quot;,&quot;Ba\u00f1os de vapor exclusivos&quot;]\" >\n          <div class=\"col-inner\" >\n          <a href=\"https:\/\/www.soleum.de\/wp-content\/uploads\/2017\/10\/privater-Wellnessbereich-Sauna-Dampfbad-Beitrag.jpg\" class=\"plain lightbox-gallery\">\n          <div class=\"portfolio-box box has-hover\">\n            <div class=\"box-image\" >\n                <div class=\"image-cover\" style=\"padding-top:100%;\">\n                <img loading=\"lazy\" decoding=\"async\" width=\"599\" height=\"400\" src=\"https:\/\/www.soleum.de\/wp-content\/uploads\/2017\/10\/privater-Wellnessbereich-Sauna-Dampfbad-Beitrag-599x400.jpg\" class=\"attachment-medium size-medium\" alt=\"\" srcset=\"https:\/\/www.soleum.de\/wp-content\/uploads\/2017\/10\/privater-Wellnessbereich-Sauna-Dampfbad-Beitrag-599x400.jpg 599w, https:\/\/www.soleum.de\/wp-content\/uploads\/2017\/10\/privater-Wellnessbereich-Sauna-Dampfbad-Beitrag-510x341.jpg 510w, https:\/\/www.soleum.de\/wp-content\/uploads\/2017\/10\/privater-Wellnessbereich-Sauna-Dampfbad-Beitrag.jpg 600w\" sizes=\"auto, (max-width: 599px) 100vw, 599px\" \/>                                                <\/div>\n            <\/div>\n            <div class=\"box-text text-center\" >\n                  <div class=\"box-text-inner\">\n                      <h6 class=\"uppercase portfolio-box-title\">Zona de bienestar privada<\/h6>\n                      <p class=\"uppercase portfolio-box-category is-xsmall op-6\">\n                        <span class=\"show-on-hover\">\n                         Ba\u00f1o de vapor con asientos, Ba\u00f1os de vapor exclusivos                        <\/span>\n                      <\/p>\n                  <\/div>\n            <\/div>\n           <\/div>\n           <\/a>\n           <\/div>\n           <\/div><div class=\"col\" data-terms=\"[&quot;Ba\u00f1o de vapor con asientos&quot;,&quot;Duchas de vapor m\u00e1s peque\u00f1as&quot;]\" >\n          <div class=\"col-inner\" >\n          <a href=\"https:\/\/www.soleum.de\/wp-content\/uploads\/2017\/10\/Dampfdusche-mit-Ecksitz.jpg\" class=\"plain lightbox-gallery\">\n          <div class=\"portfolio-box box has-hover\">\n            <div class=\"box-image\" >\n                <div class=\"image-cover\" style=\"padding-top:100%;\">\n                <img loading=\"lazy\" decoding=\"async\" width=\"500\" height=\"306\" src=\"https:\/\/www.soleum.de\/wp-content\/uploads\/2017\/10\/Dampfdusche-mit-Ecksitz.jpg\" class=\"attachment-medium size-medium\" alt=\"\" \/>                                                <\/div>\n            <\/div>\n            <div class=\"box-text text-center\" >\n                  <div class=\"box-text-inner\">\n                      <h6 class=\"uppercase portfolio-box-title\">Ducha de vapor con asiento esquinero<\/h6>\n                      <p class=\"uppercase portfolio-box-category is-xsmall op-6\">\n                        <span class=\"show-on-hover\">\n                         Ba\u00f1o de vapor con asientos, Duchas de vapor m\u00e1s peque\u00f1as                        <\/span>\n                      <\/p>\n                  <\/div>\n            <\/div>\n           <\/div>\n           <\/a>\n           <\/div>\n           <\/div><div class=\"col\" data-terms=\"[&quot;Ba\u00f1o de vapor con asientos&quot;]\" >\n          <div class=\"col-inner\" >\n          <a href=\"https:\/\/www.soleum.de\/wp-content\/uploads\/2017\/10\/Dampfsauna-f\u00fcr-2-Personen-beitrag.jpg\" class=\"plain lightbox-gallery\">\n          <div class=\"portfolio-box box has-hover\">\n            <div class=\"box-image\" >\n                <div class=\"image-cover\" style=\"padding-top:100%;\">\n                <img loading=\"lazy\" decoding=\"async\" width=\"429\" height=\"400\" src=\"https:\/\/www.soleum.de\/wp-content\/uploads\/2017\/10\/Dampfsauna-f\u00fcr-2-Personen-beitrag-429x400.jpg\" class=\"attachment-medium size-medium\" alt=\"\" srcset=\"https:\/\/www.soleum.de\/wp-content\/uploads\/2017\/10\/Dampfsauna-f\u00fcr-2-Personen-beitrag-429x400.jpg 429w, https:\/\/www.soleum.de\/wp-content\/uploads\/2017\/10\/Dampfsauna-f\u00fcr-2-Personen-beitrag-510x476.jpg 510w, https:\/\/www.soleum.de\/wp-content\/uploads\/2017\/10\/Dampfsauna-f\u00fcr-2-Personen-beitrag.jpg 750w\" sizes=\"auto, (max-width: 429px) 100vw, 429px\" \/>                                                <\/div>\n            <\/div>\n            <div class=\"box-text text-center\" >\n                  <div class=\"box-text-inner\">\n                      <h6 class=\"uppercase portfolio-box-title\">Sauna de vapor para 2 personas<\/h6>\n                      <p class=\"uppercase portfolio-box-category is-xsmall op-6\">\n                        <span class=\"show-on-hover\">\n                         Ba\u00f1o de vapor con asientos                        <\/span>\n                      <\/p>\n                  <\/div>\n            <\/div>\n           <\/div>\n           <\/a>\n           <\/div>\n           <\/div><div class=\"col\" data-terms=\"[&quot;Ba\u00f1o de vapor con asientos&quot;,&quot;Duchas de vapor m\u00e1s peque\u00f1as&quot;]\" >\n          <div class=\"col-inner\" >\n          <a href=\"https:\/\/www.soleum.de\/wp-content\/uploads\/2017\/10\/Dampfkabine-Beitrag.jpg\" class=\"plain lightbox-gallery\">\n          <div class=\"portfolio-box box has-hover\">\n            <div class=\"box-image\" >\n                <div class=\"image-cover\" style=\"padding-top:100%;\">\n                <img loading=\"lazy\" decoding=\"async\" width=\"500\" height=\"333\" src=\"https:\/\/www.soleum.de\/wp-content\/uploads\/2017\/10\/Dampfkabine-Beitrag.jpg\" class=\"attachment-medium size-medium\" alt=\"\" \/>                                                <\/div>\n            <\/div>\n            <div class=\"box-text text-center\" >\n                  <div class=\"box-text-inner\">\n                      <h6 class=\"uppercase portfolio-box-title\">Cabina de vapor con asientos esquineros<\/h6>\n                      <p class=\"uppercase portfolio-box-category is-xsmall op-6\">\n                        <span class=\"show-on-hover\">\n                         Ba\u00f1o de vapor con asientos, Duchas de vapor m\u00e1s peque\u00f1as                        <\/span>\n                      <\/p>\n                  <\/div>\n            <\/div>\n           <\/div>\n           <\/a>\n           <\/div>\n           <\/div><div class=\"col\" data-terms=\"[&quot;Ba\u00f1o de vapor con asientos&quot;]\" >\n          <div class=\"col-inner\" >\n          <a href=\"https:\/\/www.soleum.de\/wp-content\/uploads\/2017\/11\/Dampfbad-2-Personen-beitrag.jpg\" class=\"plain lightbox-gallery\">\n          <div class=\"portfolio-box box has-hover\">\n            <div class=\"box-image\" >\n                <div class=\"image-cover\" style=\"padding-top:100%;\">\n                <img loading=\"lazy\" decoding=\"async\" width=\"500\" height=\"333\" src=\"https:\/\/www.soleum.de\/wp-content\/uploads\/2017\/11\/Dampfbad-2-Personen-beitrag.jpg\" class=\"attachment-medium size-medium\" alt=\"\" \/>                                                <\/div>\n            <\/div>\n            <div class=\"box-text text-center\" >\n                  <div class=\"box-text-inner\">\n                      <h6 class=\"uppercase portfolio-box-title\">Ba\u00f1o de vapor para 2 personas<\/h6>\n                      <p class=\"uppercase portfolio-box-category is-xsmall op-6\">\n                        <span class=\"show-on-hover\">\n                         Ba\u00f1o de vapor con asientos                        <\/span>\n                      <\/p>\n                  <\/div>\n            <\/div>\n           <\/div>\n           <\/a>\n           <\/div>\n           <\/div><\/div><\/div>\n\n  <div class=\"banner has-hover has-parallax\" id=\"banner-645666334\">\n          <div class=\"banner-inner fill\">\n        <div class=\"banner-bg fill\" data-parallax=\"-2\" data-parallax-container=\".banner\" data-parallax-background>\n            <img loading=\"lazy\" decoding=\"async\" width=\"1000\" height=\"360\" src=\"https:\/\/www.soleum.de\/wp-content\/uploads\/2017\/02\/SOLEUM_dampfbad-teile-uns_1000-1.jpg\" class=\"bg attachment-large size-large\" alt=\"\" \/>                        <div class=\"overlay\"><\/div>            \n                    <\/div>\n\t\t\n        <div class=\"banner-layers container\">\n            <div class=\"fill banner-link\"><\/div>            \n\n   <div id=\"text-box-1045670217\" class=\"text-box banner-layer x15 md-x15 lg-x15 y95 md-y95 lg-y95 res-text\">\n                                <div class=\"text-box-content text dark\">\n              \n              <div class=\"text-inner text-center\">\n                  \n\n<div class=\"social-icons share-icons share-row relative full-width text-center icon-style-fill\" style=\"font-size:202%\"><a href=\"whatsapp:\/\/send?text=Ba%C3%B1o%20de%20vapor%20para%202%20personas - https:\/\/www.soleum.de\/es\/featured_item\/bano-de-vapor-para-2-personas\/\" data-action=\"share\/whatsapp\/share\" class=\"icon primary button circle tooltip whatsapp show-for-medium\" title=\"Compartir en WhatsApp\" aria-label=\"Compartir en WhatsApp\"><i class=\"icon-whatsapp\" aria-hidden=\"true\"><\/i><\/a><a href=\"https:\/\/www.facebook.com\/sharer.php?u=https:\/\/www.soleum.de\/es\/featured_item\/bano-de-vapor-para-2-personas\/\" data-label=\"Facebook\" onclick=\"window.open(this.href,this.title,'width=500,height=500,top=300px,left=300px'); return false;\" target=\"_blank\" class=\"icon primary button circle tooltip facebook\" title=\"Compartir en Facebook\" aria-label=\"Compartir en Facebook\" rel=\"noopener nofollow\"><i class=\"icon-facebook\" aria-hidden=\"true\"><\/i><\/a><a href=\"https:\/\/twitter.com\/share?url=https:\/\/www.soleum.de\/es\/featured_item\/bano-de-vapor-para-2-personas\/\" onclick=\"window.open(this.href,this.title,'width=500,height=500,top=300px,left=300px'); return false;\" target=\"_blank\" class=\"icon primary button circle tooltip twitter\" title=\"Compartir en Twitter\" aria-label=\"Compartir en Twitter\" rel=\"noopener nofollow\"><i class=\"icon-twitter\" aria-hidden=\"true\"><\/i><\/a><a href=\"mailto:?subject=Ba%C3%B1o%20de%20vapor%20para%202%20personas&body=Check%20this%20out%3A%20https%3A%2F%2Fwww.soleum.de%2Fes%2Ffeatured_item%2Fbano-de-vapor-para-2-personas%2F\" class=\"icon primary button circle tooltip email\" title=\"Env\u00eda por email\" aria-label=\"Env\u00eda por email\" rel=\"nofollow\"><i class=\"icon-envelop\" aria-hidden=\"true\"><\/i><\/a><a href=\"https:\/\/pinterest.com\/pin\/create\/button?url=https:\/\/www.soleum.de\/es\/featured_item\/bano-de-vapor-para-2-personas\/&media=https:\/\/www.soleum.de\/wp-content\/uploads\/2017\/11\/Dampfbad-2-Personen-beitrag.jpg&description=Ba%C3%B1o%20de%20vapor%20para%202%20personas\" onclick=\"window.open(this.href,this.title,'width=500,height=500,top=300px,left=300px'); return false;\" target=\"_blank\" class=\"icon primary button circle tooltip pinterest\" title=\"Pinear en Pinterest\" aria-label=\"Pinear en Pinterest\" rel=\"noopener nofollow\"><i class=\"icon-pinterest\" aria-hidden=\"true\"><\/i><\/a><\/div>\n\n\n              <\/div>\n           <\/div>\n                            \n<style>\n#text-box-1045670217 {\n  width: 60%;\n}\n#text-box-1045670217 .text-box-content {\n  font-size: 100%;\n}\n@media (min-width:550px) {\n  #text-box-1045670217 {\n    width: 60%;\n  }\n}\n<\/style>\n    <\/div>\n \n\n        <\/div>\n      <\/div>\n\n            \n<style>\n#banner-645666334 {\n  padding-top: 292px;\n}\n#banner-645666334 .overlay {\n  background-color: rgba(0, 0, 0, 0.12);\n}\n#banner-645666334 .banner-bg img {\n  object-position: 66% 24%;\n}\n<\/style>\n  <\/div>\n\n\n<p>&nbsp;<\/p>\n<p>&nbsp;<\/p>\n","protected":false},"excerpt":{"rendered":"<p>Banco confort <strong>T102<\/strong>, profundidad del asiento aprox. 102 cm, altura del respaldo aprox. 83 cm<\/p>\n","protected":false},"featured_media":17097,"template":"","meta":[],"product_brand":[],"product_cat":[4372,3778],"product_tag":[3707,4454,4243,3703,3711,3702,3705,4384,5760,3713,3710,5718,5754,5758,5720,5756,3708,3709],"class_list":{"0":"post-29513","1":"product","2":"type-product","3":"status-publish","4":"has-post-thumbnail","6":"product_cat-asiento-t102","7":"product_cat-bancos-de-bano-de-vapor","8":"product_tag-asiento-de-ducha","9":"product_tag-asiento-de-ducha-eps","10":"product_tag-asiento-eps","11":"product_tag-asiento-para-bano-de-vapor","12":"product_tag-asiento-wellness","13":"product_tag-banco-de-bano-de-vapor","14":"product_tag-banco-de-ducha","15":"product_tag-banco-eps","16":"product_tag-banco-para-ducha-de-vapor","17":"product_tag-banco-wellness-es","18":"product_tag-banco-wellness","19":"product_tag-construccion-de-banos-de-vapor-diy","20":"product_tag-construccion-de-hamams","21":"product_tag-construya-su-propia-ducha-de-vapor","22":"product_tag-construya-su-propio-bano-turco","23":"product_tag-construya-su-propio-hamam","24":"product_tag-modulo-eps","25":"product_tag-modulo-spa","26":"product_shipping_class-mercancias-voluminosas","28":"first","29":"instock","30":"taxable","31":"shipping-taxable","32":"purchasable","33":"product-type-simple"},"_links":{"self":[{"href":"https:\/\/www.soleum.de\/es\/wp-json\/wp\/v2\/product\/29513","targetHints":{"allow":["GET"]}}],"collection":[{"href":"https:\/\/www.soleum.de\/es\/wp-json\/wp\/v2\/product"}],"about":[{"href":"https:\/\/www.soleum.de\/es\/wp-json\/wp\/v2\/types\/product"}],"wp:featuredmedia":[{"embeddable":true,"href":"https:\/\/www.soleum.de\/es\/wp-json\/wp\/v2\/media\/17097"}],"wp:attachment":[{"href":"https:\/\/www.soleum.de\/es\/wp-json\/wp\/v2\/media?parent=29513"}],"wp:term":[{"taxonomy":"product_brand","embeddable":true,"href":"https:\/\/www.soleum.de\/es\/wp-json\/wp\/v2\/product_brand?post=29513"},{"taxonomy":"product_cat","embeddable":true,"href":"https:\/\/www.soleum.de\/es\/wp-json\/wp\/v2\/product_cat?post=29513"},{"taxonomy":"product_tag","embeddable":true,"href":"https:\/\/www.soleum.de\/es\/wp-json\/wp\/v2\/product_tag?post=29513"}],"curies":[{"name":"wp","href":"https:\/\/api.w.org\/{rel}","templated":true}]}}