{"id":29539,"date":"2017-01-11T13:44:43","date_gmt":"2017-01-11T12:44:43","guid":{"rendered":"https:\/\/www.soleum.de\/shop\/sin%20categor\u00eda\/asiento-prefabricado-para-bano-turco-t60\/"},"modified":"2024-02-23T16:58:41","modified_gmt":"2024-02-23T15:58:41","slug":"asiento-prefabricado-para-bano-turco-t60","status":"publish","type":"product","link":"https:\/\/www.soleum.de\/es\/shop\/bancos-de-bano-de-vapor\/asiento-t60\/asiento-prefabricado-para-bano-turco-t60\/","title":{"rendered":"Asiento prefabricado para ba\u00f1o turco T60"},"content":{"rendered":"<h1>Asiento prefabricado para ba\u00f1o turco T60 (EPS <strong><br \/>\n  <u>en blanco<\/u><br \/>\n<\/strong> con estera calefactora rellena)<\/h1>\n<ul>\n<li>hasta<\/li>\n<li>Color: gris<\/li>\n<li>1 pieza fabricada<\/li>\n<\/ul>\n<p>Circunferencia: aprox. 130 cm<\/p>\n<div>\n<h1>\u00a1Servicio de corte!<\/h1>\n<\/div>\n<div>Este banco para ba\u00f1o turco est\u00e1 disponible en diferentes longitudes. Introduzca arriba la medida de longitud deseada en \u00abcm\u00bb. El c\u00e1lculo m\u00ednimo es de 100 cm. La alfombrilla calefactora es siempre aprox. 5 cm m\u00e1s peque\u00f1a que el banco del ba\u00f1o turco (distancia de seguridad).<\/div>\n<div><\/div>\n<div><\/div>\n<div>Si su nicho de ba\u00f1o de vapor es, por ejemplo 130 cm, elija siempre un asiento de ba\u00f1o de vapor unos 2 cm m\u00e1s peque\u00f1o.<\/div>\n<div>\n<div>\n<div>\n<div>\n<p>Para preguntas  &gt;\u00a1<a href=\"https:\/\/www.soleum.de\/es\/pongase-en-contacto-con\/\">p\u00f3ngase en contacto con<\/a>&lt;!<\/p>\n<div class=\"container section-title-container\" ><h3 class=\"section-title section-title-center\"><b aria-hidden=\"true\"><\/b><span class=\"section-title-main\" ><i class=\"icon-star\" aria-hidden=\"true\"><\/i>Proyectar im\u00e1genes de diferentes formas de asiento<\/span><b aria-hidden=\"true\"><\/b><\/h3><\/div>\n<div id=\"portfolio-923883320\" class=\"portfolio-element-wrapper has-filtering\">\n  \n    <div class=\"row large-columns-4 medium-columns-3 small-columns-2 row-small slider row-slider slider-nav-reveal slider-nav-push\"  data-flickity-options='{&quot;imagesLoaded&quot;: true, &quot;groupCells&quot;: &quot;100%&quot;, &quot;dragThreshold&quot; : 5, &quot;cellAlign&quot;: &quot;left&quot;,&quot;wrapAround&quot;: true,&quot;prevNextButtons&quot;: true,&quot;percentPosition&quot;: true,&quot;pageDots&quot;: false, &quot;rightToLeft&quot;: false, &quot;autoPlay&quot; : false}' >\n\n    <div class=\"col\" data-terms=\"[&quot;Ba\u00f1o de vapor con asientos&quot;]\" >\n          <div class=\"col-inner\" >\n          <a href=\"https:\/\/www.soleum.de\/wp-content\/uploads\/2020\/03\/Dampfbad-mit-Gewoelbedach-Beitrag.jpg\" class=\"plain lightbox-gallery\">\n          <div class=\"portfolio-box box has-hover\">\n            <div class=\"box-image\" >\n                <div class=\"image-cover\" style=\"padding-top:100%;\">\n                <img loading=\"lazy\" decoding=\"async\" width=\"500\" height=\"334\" src=\"https:\/\/www.soleum.de\/wp-content\/uploads\/2020\/03\/Dampfbad-mit-Gewoelbedach-Beitrag.jpg\" class=\"attachment-medium size-medium\" alt=\"\" \/>                                                <\/div>\n            <\/div>\n            <div class=\"box-text text-center\" >\n                  <div class=\"box-text-inner\">\n                      <h6 class=\"uppercase portfolio-box-title\">Ba\u00f1o de vapor con techo abovedado<\/h6>\n                      <p class=\"uppercase portfolio-box-category is-xsmall op-6\">\n                        <span class=\"show-on-hover\">\n                         Ba\u00f1o de vapor con asientos                        <\/span>\n                      <\/p>\n                  <\/div>\n            <\/div>\n           <\/div>\n           <\/a>\n           <\/div>\n           <\/div><div class=\"col\" data-terms=\"[&quot;Ba\u00f1o de vapor con asientos&quot;,&quot;Duchas de vapor m\u00e1s peque\u00f1as&quot;]\" >\n          <div class=\"col-inner\" >\n          <a href=\"https:\/\/www.soleum.de\/wp-content\/uploads\/2017\/12\/Begehbare_Dusche_mit_Sitzbank-beitrag.jpg\" class=\"plain lightbox-gallery\">\n          <div class=\"portfolio-box box has-hover\">\n            <div class=\"box-image\" >\n                <div class=\"image-cover\" style=\"padding-top:100%;\">\n                <img loading=\"lazy\" decoding=\"async\" width=\"500\" height=\"390\" src=\"https:\/\/www.soleum.de\/wp-content\/uploads\/2017\/12\/Begehbare_Dusche_mit_Sitzbank-beitrag.jpg\" class=\"attachment-medium size-medium\" alt=\"\" \/>                                                <\/div>\n            <\/div>\n            <div class=\"box-text text-center\" >\n                  <div class=\"box-text-inner\">\n                      <h6 class=\"uppercase portfolio-box-title\">Ducha con banco<\/h6>\n                      <p class=\"uppercase portfolio-box-category is-xsmall op-6\">\n                        <span class=\"show-on-hover\">\n                         Ba\u00f1o de vapor con asientos, Duchas de vapor m\u00e1s peque\u00f1as                        <\/span>\n                      <\/p>\n                  <\/div>\n            <\/div>\n           <\/div>\n           <\/a>\n           <\/div>\n           <\/div><div class=\"col\" data-terms=\"[&quot;Ba\u00f1o de vapor con asientos&quot;,&quot;Ba\u00f1o de vapor con tumbonas&quot;]\" >\n          <div class=\"col-inner\" >\n          <a href=\"https:\/\/www.soleum.de\/wp-content\/uploads\/2018\/03\/Dampfbad_mit_Kuppeldach-Beitrag.jpg\" class=\"plain lightbox-gallery\">\n          <div class=\"portfolio-box box has-hover\">\n            <div class=\"box-image\" >\n                <div class=\"image-cover\" style=\"padding-top:100%;\">\n                <img loading=\"lazy\" decoding=\"async\" width=\"500\" height=\"332\" src=\"https:\/\/www.soleum.de\/wp-content\/uploads\/2018\/03\/Dampfbad_mit_Kuppeldach-Beitrag.jpg\" class=\"attachment-medium size-medium\" alt=\"\" \/>                                                <\/div>\n            <\/div>\n            <div class=\"box-text text-center\" >\n                  <div class=\"box-text-inner\">\n                      <h6 class=\"uppercase portfolio-box-title\">Ba\u00f1o de vapor con techo abovedado<\/h6>\n                      <p class=\"uppercase portfolio-box-category is-xsmall op-6\">\n                        <span class=\"show-on-hover\">\n                         Ba\u00f1o de vapor con asientos, Ba\u00f1o de vapor con tumbonas                        <\/span>\n                      <\/p>\n                  <\/div>\n            <\/div>\n           <\/div>\n           <\/a>\n           <\/div>\n           <\/div><div class=\"col\" data-terms=\"[&quot;Ba\u00f1o de vapor con asientos&quot;]\" >\n          <div class=\"col-inner\" >\n          <a href=\"https:\/\/www.soleum.de\/wp-content\/uploads\/2017\/12\/geflieste_Dampfkabine-02.jpg\" class=\"plain lightbox-gallery\">\n          <div class=\"portfolio-box box has-hover\">\n            <div class=\"box-image\" >\n                <div class=\"image-cover\" style=\"padding-top:100%;\">\n                <img loading=\"lazy\" decoding=\"async\" width=\"300\" height=\"400\" src=\"https:\/\/www.soleum.de\/wp-content\/uploads\/2017\/12\/geflieste_Dampfkabine-02-300x400.jpg\" class=\"attachment-medium size-medium\" alt=\"\" srcset=\"https:\/\/www.soleum.de\/wp-content\/uploads\/2017\/12\/geflieste_Dampfkabine-02-300x400.jpg 300w, https:\/\/www.soleum.de\/wp-content\/uploads\/2017\/12\/geflieste_Dampfkabine-02-510x680.jpg 510w, https:\/\/www.soleum.de\/wp-content\/uploads\/2017\/12\/geflieste_Dampfkabine-02-600x800.jpg 600w, https:\/\/www.soleum.de\/wp-content\/uploads\/2017\/12\/geflieste_Dampfkabine-02.jpg 750w\" sizes=\"auto, (max-width: 300px) 100vw, 300px\" \/>                                                <\/div>\n            <\/div>\n            <div class=\"box-text text-center\" >\n                  <div class=\"box-text-inner\">\n                      <h6 class=\"uppercase portfolio-box-title\">Cabina de vapor alicatada<\/h6>\n                      <p class=\"uppercase portfolio-box-category is-xsmall op-6\">\n                        <span class=\"show-on-hover\">\n                         Ba\u00f1o de vapor con asientos                        <\/span>\n                      <\/p>\n                  <\/div>\n            <\/div>\n           <\/div>\n           <\/a>\n           <\/div>\n           <\/div><div class=\"col\" data-terms=\"[&quot;Ba\u00f1o de vapor con asientos&quot;]\" >\n          <div class=\"col-inner\" >\n          <a href=\"https:\/\/www.soleum.de\/wp-content\/uploads\/2018\/07\/Dampfdusche-selbst-bauen-beitrag.jpg\" class=\"plain lightbox-gallery\">\n          <div class=\"portfolio-box box has-hover\">\n            <div class=\"box-image\" >\n                <div class=\"image-cover\" style=\"padding-top:100%;\">\n                <img loading=\"lazy\" decoding=\"async\" width=\"500\" height=\"332\" src=\"https:\/\/www.soleum.de\/wp-content\/uploads\/2018\/07\/Dampfdusche-selbst-bauen-beitrag.jpg\" class=\"attachment-medium size-medium\" alt=\"\" \/>                                                <\/div>\n            <\/div>\n            <div class=\"box-text text-center\" >\n                  <div class=\"box-text-inner\">\n                      <h6 class=\"uppercase portfolio-box-title\">Construya su propia ducha de vapor<\/h6>\n                      <p class=\"uppercase portfolio-box-category is-xsmall op-6\">\n                        <span class=\"show-on-hover\">\n                         Ba\u00f1o de vapor con asientos                        <\/span>\n                      <\/p>\n                  <\/div>\n            <\/div>\n           <\/div>\n           <\/a>\n           <\/div>\n           <\/div><div class=\"col\" data-terms=\"[&quot;Ba\u00f1o de vapor con asientos&quot;]\" >\n          <div class=\"col-inner\" >\n          <a href=\"https:\/\/www.soleum.de\/wp-content\/uploads\/2018\/09\/Dampfbad-mit-Glasw\u00e4nden_Beitrag.jpg\" class=\"plain lightbox-gallery\">\n          <div class=\"portfolio-box box has-hover\">\n            <div class=\"box-image\" >\n                <div class=\"image-cover\" style=\"padding-top:100%;\">\n                <img loading=\"lazy\" decoding=\"async\" width=\"500\" height=\"375\" src=\"https:\/\/www.soleum.de\/wp-content\/uploads\/2018\/09\/Dampfbad-mit-Glasw\u00e4nden_Beitrag.jpg\" class=\"attachment-medium size-medium\" alt=\"\" \/>                                                <\/div>\n            <\/div>\n            <div class=\"box-text text-center\" >\n                  <div class=\"box-text-inner\">\n                      <h6 class=\"uppercase portfolio-box-title\">Ba\u00f1o de vapor con paredes de cristal<\/h6>\n                      <p class=\"uppercase portfolio-box-category is-xsmall op-6\">\n                        <span class=\"show-on-hover\">\n                         Ba\u00f1o de vapor con asientos                        <\/span>\n                      <\/p>\n                  <\/div>\n            <\/div>\n           <\/div>\n           <\/a>\n           <\/div>\n           <\/div><div class=\"col\" data-terms=\"[&quot;Ba\u00f1o de vapor con asientos&quot;]\" >\n          <div class=\"col-inner\" >\n          <a href=\"https:\/\/www.soleum.de\/wp-content\/uploads\/2018\/04\/Dampfdusche-mit-W\u00e4rmebank-04.jpg\" class=\"plain lightbox-gallery\">\n          <div class=\"portfolio-box box has-hover\">\n            <div class=\"box-image\" >\n                <div class=\"image-cover\" style=\"padding-top:100%;\">\n                <img loading=\"lazy\" decoding=\"async\" width=\"500\" height=\"333\" src=\"https:\/\/www.soleum.de\/wp-content\/uploads\/2018\/04\/Dampfdusche-mit-W\u00e4rmebank-04.jpg\" class=\"attachment-medium size-medium\" alt=\"\" \/>                                                <\/div>\n            <\/div>\n            <div class=\"box-text text-center\" >\n                  <div class=\"box-text-inner\">\n                      <h6 class=\"uppercase portfolio-box-title\">Ducha de vapor con banco de calor<\/h6>\n                      <p class=\"uppercase portfolio-box-category is-xsmall op-6\">\n                        <span class=\"show-on-hover\">\n                         Ba\u00f1o de vapor con asientos                        <\/span>\n                      <\/p>\n                  <\/div>\n            <\/div>\n           <\/div>\n           <\/a>\n           <\/div>\n           <\/div><div class=\"col\" data-terms=\"[&quot;Ba\u00f1o de vapor con asientos&quot;,&quot;Ba\u00f1o de vapor con tumbonas&quot;]\" >\n          <div class=\"col-inner\" >\n          <a href=\"https:\/\/www.soleum.de\/wp-content\/uploads\/2018\/09\/barrierefreies-Dampfbad-beitrag.jpg\" class=\"plain lightbox-gallery\">\n          <div class=\"portfolio-box box has-hover\">\n            <div class=\"box-image\" >\n                <div class=\"image-cover\" style=\"padding-top:100%;\">\n                <img loading=\"lazy\" decoding=\"async\" width=\"500\" height=\"375\" src=\"https:\/\/www.soleum.de\/wp-content\/uploads\/2018\/09\/barrierefreies-Dampfbad-beitrag.jpg\" class=\"attachment-medium size-medium\" alt=\"Ba\u00f1o de vapor sin barreras\" \/>                                                <\/div>\n            <\/div>\n            <div class=\"box-text text-center\" >\n                  <div class=\"box-text-inner\">\n                      <h6 class=\"uppercase portfolio-box-title\">Ba\u00f1o de vapor sin barreras<\/h6>\n                      <p class=\"uppercase portfolio-box-category is-xsmall op-6\">\n                        <span class=\"show-on-hover\">\n                         Ba\u00f1o de vapor con asientos, Ba\u00f1o de vapor con tumbonas                        <\/span>\n                      <\/p>\n                  <\/div>\n            <\/div>\n           <\/div>\n           <\/a>\n           <\/div>\n           <\/div><div class=\"col\" data-terms=\"[&quot;Ba\u00f1o de vapor con asientos&quot;,&quot;Ba\u00f1o de vapor con tumbonas&quot;]\" >\n          <div class=\"col-inner\" >\n          <a href=\"https:\/\/www.soleum.de\/wp-content\/uploads\/2019\/03\/Dampfsauna-Niederoesterreich-beitrag.jpg\" class=\"plain lightbox-gallery\">\n          <div class=\"portfolio-box box has-hover\">\n            <div class=\"box-image\" >\n                <div class=\"image-cover\" style=\"padding-top:100%;\">\n                <img loading=\"lazy\" decoding=\"async\" width=\"500\" height=\"333\" src=\"https:\/\/www.soleum.de\/wp-content\/uploads\/2019\/03\/Dampfsauna-Niederoesterreich-beitrag.jpg\" class=\"attachment-medium size-medium\" alt=\"\" \/>                                                <\/div>\n            <\/div>\n            <div class=\"box-text text-center\" >\n                  <div class=\"box-text-inner\">\n                      <h6 class=\"uppercase portfolio-box-title\">Sauna de vapor Baja Austria<\/h6>\n                      <p class=\"uppercase portfolio-box-category is-xsmall op-6\">\n                        <span class=\"show-on-hover\">\n                         Ba\u00f1o de vapor con asientos, Ba\u00f1o de vapor con tumbonas                        <\/span>\n                      <\/p>\n                  <\/div>\n            <\/div>\n           <\/div>\n           <\/a>\n           <\/div>\n           <\/div><div class=\"col\" data-terms=\"[&quot;Ba\u00f1o de vapor con asientos&quot;,&quot;Ba\u00f1o de vapor en tejado inclinado&quot;]\" >\n          <div class=\"col-inner\" >\n          <a href=\"https:\/\/www.soleum.de\/wp-content\/uploads\/2019\/03\/Dampfbadsitz-T75-beitrag.jpg\" class=\"plain lightbox-gallery\">\n          <div class=\"portfolio-box box has-hover\">\n            <div class=\"box-image\" >\n                <div class=\"image-cover\" style=\"padding-top:100%;\">\n                <img loading=\"lazy\" decoding=\"async\" width=\"577\" height=\"400\" src=\"https:\/\/www.soleum.de\/wp-content\/uploads\/2019\/03\/Dampfbadsitz-T75-beitrag-577x400.jpg\" class=\"attachment-medium size-medium\" alt=\"\" srcset=\"https:\/\/www.soleum.de\/wp-content\/uploads\/2019\/03\/Dampfbadsitz-T75-beitrag-577x400.jpg 577w, https:\/\/www.soleum.de\/wp-content\/uploads\/2019\/03\/Dampfbadsitz-T75-beitrag-510x354.jpg 510w, https:\/\/www.soleum.de\/wp-content\/uploads\/2019\/03\/Dampfbadsitz-T75-beitrag.jpg 721w\" sizes=\"auto, (max-width: 577px) 100vw, 577px\" \/>                                                <\/div>\n            <\/div>\n            <div class=\"box-text text-center\" >\n                  <div class=\"box-text-inner\">\n                      <h6 class=\"uppercase portfolio-box-title\">Ducha de vapor en techo inclinado<\/h6>\n                      <p class=\"uppercase portfolio-box-category is-xsmall op-6\">\n                        <span class=\"show-on-hover\">\n                         Ba\u00f1o de vapor con asientos, Ba\u00f1o de vapor en tejado inclinado                        <\/span>\n                      <\/p>\n                  <\/div>\n            <\/div>\n           <\/div>\n           <\/a>\n           <\/div>\n           <\/div><div class=\"col\" data-terms=\"[&quot;Ba\u00f1o de vapor con asientos&quot;]\" >\n          <div class=\"col-inner\" >\n          <a href=\"https:\/\/www.soleum.de\/wp-content\/uploads\/2019\/03\/geflieste_Dampfdusche_in_Wien003.jpg\" class=\"plain lightbox-gallery\">\n          <div class=\"portfolio-box box has-hover\">\n            <div class=\"box-image\" >\n                <div class=\"image-cover\" style=\"padding-top:100%;\">\n                <img loading=\"lazy\" decoding=\"async\" width=\"600\" height=\"400\" src=\"https:\/\/www.soleum.de\/wp-content\/uploads\/2019\/03\/geflieste_Dampfdusche_in_Wien003-600x400.jpg\" class=\"attachment-medium size-medium\" alt=\"\" srcset=\"https:\/\/www.soleum.de\/wp-content\/uploads\/2019\/03\/geflieste_Dampfdusche_in_Wien003-600x400.jpg 600w, https:\/\/www.soleum.de\/wp-content\/uploads\/2019\/03\/geflieste_Dampfdusche_in_Wien003-768x512.jpg 768w, https:\/\/www.soleum.de\/wp-content\/uploads\/2019\/03\/geflieste_Dampfdusche_in_Wien003-510x340.jpg 510w, https:\/\/www.soleum.de\/wp-content\/uploads\/2019\/03\/geflieste_Dampfdusche_in_Wien003.jpg 900w\" sizes=\"auto, (max-width: 600px) 100vw, 600px\" \/>                                                <\/div>\n            <\/div>\n            <div class=\"box-text text-center\" >\n                  <div class=\"box-text-inner\">\n                      <h6 class=\"uppercase portfolio-box-title\">Ducha de vapor alicatada en Viena<\/h6>\n                      <p class=\"uppercase portfolio-box-category is-xsmall op-6\">\n                        <span class=\"show-on-hover\">\n                         Ba\u00f1o de vapor con asientos                        <\/span>\n                      <\/p>\n                  <\/div>\n            <\/div>\n           <\/div>\n           <\/a>\n           <\/div>\n           <\/div><div class=\"col\" data-terms=\"[&quot;Ba\u00f1o de vapor con asientos&quot;]\" >\n          <div class=\"col-inner\" >\n          <a href=\"https:\/\/www.soleum.de\/wp-content\/uploads\/2020\/02\/soleum-Dampfdusche-18.jpg\" class=\"plain lightbox-gallery\">\n          <div class=\"portfolio-box box has-hover\">\n            <div class=\"box-image\" >\n                <div class=\"image-cover\" style=\"padding-top:100%;\">\n                <img loading=\"lazy\" decoding=\"async\" width=\"533\" height=\"400\" src=\"https:\/\/www.soleum.de\/wp-content\/uploads\/2020\/02\/soleum-Dampfdusche-18-533x400.jpg\" class=\"attachment-medium size-medium\" alt=\"\" srcset=\"https:\/\/www.soleum.de\/wp-content\/uploads\/2020\/02\/soleum-Dampfdusche-18-533x400.jpg 533w, https:\/\/www.soleum.de\/wp-content\/uploads\/2020\/02\/soleum-Dampfdusche-18-768x576.jpg 768w, https:\/\/www.soleum.de\/wp-content\/uploads\/2020\/02\/soleum-Dampfdusche-18-510x383.jpg 510w, https:\/\/www.soleum.de\/wp-content\/uploads\/2020\/02\/soleum-Dampfdusche-18.jpg 1000w\" sizes=\"auto, (max-width: 533px) 100vw, 533px\" \/>                                                <\/div>\n            <\/div>\n            <div class=\"box-text text-center\" >\n                  <div class=\"box-text-inner\">\n                      <h6 class=\"uppercase portfolio-box-title\">Ducha de vapor Soleum<\/h6>\n                      <p class=\"uppercase portfolio-box-category is-xsmall op-6\">\n                        <span class=\"show-on-hover\">\n                         Ba\u00f1o de vapor con asientos                        <\/span>\n                      <\/p>\n                  <\/div>\n            <\/div>\n           <\/div>\n           <\/a>\n           <\/div>\n           <\/div><div class=\"col\" data-terms=\"[&quot;Ba\u00f1o de vapor con asientos&quot;]\" >\n          <div class=\"col-inner\" >\n          <a href=\"https:\/\/www.soleum.de\/wp-content\/uploads\/2019\/12\/SOLEUM-Dampfbad-Deutschland-006.jpg\" class=\"plain lightbox-gallery\">\n          <div class=\"portfolio-box box has-hover\">\n            <div class=\"box-image\" >\n                <div class=\"image-cover\" style=\"padding-top:100%;\">\n                <img loading=\"lazy\" decoding=\"async\" width=\"533\" height=\"400\" src=\"https:\/\/www.soleum.de\/wp-content\/uploads\/2019\/12\/SOLEUM-Dampfbad-Deutschland-006-533x400.jpg\" class=\"attachment-medium size-medium\" alt=\"\" srcset=\"https:\/\/www.soleum.de\/wp-content\/uploads\/2019\/12\/SOLEUM-Dampfbad-Deutschland-006-533x400.jpg 533w, https:\/\/www.soleum.de\/wp-content\/uploads\/2019\/12\/SOLEUM-Dampfbad-Deutschland-006-768x576.jpg 768w, https:\/\/www.soleum.de\/wp-content\/uploads\/2019\/12\/SOLEUM-Dampfbad-Deutschland-006-510x383.jpg 510w, https:\/\/www.soleum.de\/wp-content\/uploads\/2019\/12\/SOLEUM-Dampfbad-Deutschland-006.jpg 800w\" sizes=\"auto, (max-width: 533px) 100vw, 533px\" \/>                                                <\/div>\n            <\/div>\n            <div class=\"box-text text-center\" >\n                  <div class=\"box-text-inner\">\n                      <h6 class=\"uppercase portfolio-box-title\">Ba\u00f1o de vapor Alemania<\/h6>\n                      <p class=\"uppercase portfolio-box-category is-xsmall op-6\">\n                        <span class=\"show-on-hover\">\n                         Ba\u00f1o de vapor con asientos                        <\/span>\n                      <\/p>\n                  <\/div>\n            <\/div>\n           <\/div>\n           <\/a>\n           <\/div>\n           <\/div><div class=\"col\" data-terms=\"[&quot;Ba\u00f1o de vapor con asientos&quot;,&quot;Ba\u00f1os de vapor exclusivos&quot;]\" >\n          <div class=\"col-inner\" >\n          <a href=\"https:\/\/www.soleum.de\/wp-content\/uploads\/2020\/02\/soledampfbad-Deutschland-8.jpg\" class=\"plain lightbox-gallery\">\n          <div class=\"portfolio-box box has-hover\">\n            <div class=\"box-image\" >\n                <div class=\"image-cover\" style=\"padding-top:100%;\">\n                <img loading=\"lazy\" decoding=\"async\" width=\"533\" height=\"400\" src=\"https:\/\/www.soleum.de\/wp-content\/uploads\/2020\/02\/soledampfbad-Deutschland-8-533x400.jpg\" class=\"attachment-medium size-medium\" alt=\"\" srcset=\"https:\/\/www.soleum.de\/wp-content\/uploads\/2020\/02\/soledampfbad-Deutschland-8-533x400.jpg 533w, https:\/\/www.soleum.de\/wp-content\/uploads\/2020\/02\/soledampfbad-Deutschland-8-768x576.jpg 768w, https:\/\/www.soleum.de\/wp-content\/uploads\/2020\/02\/soledampfbad-Deutschland-8-510x383.jpg 510w, https:\/\/www.soleum.de\/wp-content\/uploads\/2020\/02\/soledampfbad-Deutschland-8.jpg 1000w\" sizes=\"auto, (max-width: 533px) 100vw, 533px\" \/>                                                <\/div>\n            <\/div>\n            <div class=\"box-text text-center\" >\n                  <div class=\"box-text-inner\">\n                      <h6 class=\"uppercase portfolio-box-title\">Ba\u00f1o de vapor de salmuera Alemania<\/h6>\n                      <p class=\"uppercase portfolio-box-category is-xsmall op-6\">\n                        <span class=\"show-on-hover\">\n                         Ba\u00f1o de vapor con asientos, Ba\u00f1os de vapor exclusivos                        <\/span>\n                      <\/p>\n                  <\/div>\n            <\/div>\n           <\/div>\n           <\/a>\n           <\/div>\n           <\/div><div class=\"col\" data-terms=\"[&quot;Ba\u00f1o de vapor con asientos&quot;]\" >\n          <div class=\"col-inner\" >\n          <a href=\"https:\/\/www.soleum.de\/wp-content\/uploads\/2017\/12\/Dampfdusche_mit_Duschsitz-beitrag.jpg\" class=\"plain lightbox-gallery\">\n          <div class=\"portfolio-box box has-hover\">\n            <div class=\"box-image\" >\n                <div class=\"image-cover\" style=\"padding-top:100%;\">\n                <img loading=\"lazy\" decoding=\"async\" width=\"500\" height=\"333\" src=\"https:\/\/www.soleum.de\/wp-content\/uploads\/2017\/12\/Dampfdusche_mit_Duschsitz-beitrag.jpg\" class=\"attachment-medium size-medium\" alt=\"\" \/>                                                <\/div>\n            <\/div>\n            <div class=\"box-text text-center\" >\n                  <div class=\"box-text-inner\">\n                      <h6 class=\"uppercase portfolio-box-title\">Ducha de vapor con asiento<\/h6>\n                      <p class=\"uppercase portfolio-box-category is-xsmall op-6\">\n                        <span class=\"show-on-hover\">\n                         Ba\u00f1o de vapor con asientos                        <\/span>\n                      <\/p>\n                  <\/div>\n            <\/div>\n           <\/div>\n           <\/a>\n           <\/div>\n           <\/div><div class=\"col\" data-terms=\"[&quot;Ba\u00f1o de vapor con asientos&quot;,&quot;Ba\u00f1o de vapor con tumbonas&quot;,&quot;Ba\u00f1os de vapor exclusivos&quot;]\" >\n          <div class=\"col-inner\" >\n          <a href=\"https:\/\/www.soleum.de\/wp-content\/uploads\/2020\/10\/Soledampfbad-Deutschland-1.jpg\" class=\"plain lightbox-gallery\">\n          <div class=\"portfolio-box box has-hover\">\n            <div class=\"box-image\" >\n                <div class=\"image-cover\" style=\"padding-top:100%;\">\n                <img loading=\"lazy\" decoding=\"async\" width=\"600\" height=\"400\" src=\"https:\/\/www.soleum.de\/wp-content\/uploads\/2020\/10\/Soledampfbad-Deutschland-1-600x400.jpg\" class=\"attachment-medium size-medium\" alt=\"\" srcset=\"https:\/\/www.soleum.de\/wp-content\/uploads\/2020\/10\/Soledampfbad-Deutschland-1-600x400.jpg 600w, https:\/\/www.soleum.de\/wp-content\/uploads\/2020\/10\/Soledampfbad-Deutschland-1-768x512.jpg 768w, https:\/\/www.soleum.de\/wp-content\/uploads\/2020\/10\/Soledampfbad-Deutschland-1-510x340.jpg 510w, https:\/\/www.soleum.de\/wp-content\/uploads\/2020\/10\/Soledampfbad-Deutschland-1.jpg 1000w\" sizes=\"auto, (max-width: 600px) 100vw, 600px\" \/>                                                <\/div>\n            <\/div>\n            <div class=\"box-text text-center\" >\n                  <div class=\"box-text-inner\">\n                      <h6 class=\"uppercase portfolio-box-title\">Ba\u00f1o de vapor de salmuera para 4 personas cerca de Colonia<\/h6>\n                      <p class=\"uppercase portfolio-box-category is-xsmall op-6\">\n                        <span class=\"show-on-hover\">\n                         Ba\u00f1o de vapor con asientos, Ba\u00f1o de vapor con tumbonas, Ba\u00f1os de vapor exclusivos                        <\/span>\n                      <\/p>\n                  <\/div>\n            <\/div>\n           <\/div>\n           <\/a>\n           <\/div>\n           <\/div><div class=\"col\" data-terms=\"[&quot;Ba\u00f1o de vapor con asientos&quot;,&quot;Ba\u00f1o de vapor con tumbonas&quot;,&quot;Ba\u00f1os de vapor exclusivos&quot;]\" >\n          <div class=\"col-inner\" >\n          <a href=\"https:\/\/www.soleum.de\/wp-content\/uploads\/2020\/07\/Dampfbad-in-Poolhalle-beitrag.jpg\" class=\"plain lightbox-gallery\">\n          <div class=\"portfolio-box box has-hover\">\n            <div class=\"box-image\" >\n                <div class=\"image-cover\" style=\"padding-top:100%;\">\n                <img loading=\"lazy\" decoding=\"async\" width=\"500\" height=\"375\" src=\"https:\/\/www.soleum.de\/wp-content\/uploads\/2020\/07\/Dampfbad-in-Poolhalle-beitrag.jpg\" class=\"attachment-medium size-medium\" alt=\"\" \/>                                                <\/div>\n            <\/div>\n            <div class=\"box-text text-center\" >\n                  <div class=\"box-text-inner\">\n                      <h6 class=\"uppercase portfolio-box-title\">Ba\u00f1o de vapor en la piscina<\/h6>\n                      <p class=\"uppercase portfolio-box-category is-xsmall op-6\">\n                        <span class=\"show-on-hover\">\n                         Ba\u00f1o de vapor con asientos, Ba\u00f1o de vapor con tumbonas, Ba\u00f1os de vapor exclusivos                        <\/span>\n                      <\/p>\n                  <\/div>\n            <\/div>\n           <\/div>\n           <\/a>\n           <\/div>\n           <\/div><div class=\"col\" data-terms=\"[&quot;Ba\u00f1o de vapor con asientos&quot;,&quot;Ba\u00f1o de vapor con tumbonas&quot;,&quot;Ba\u00f1os de vapor exclusivos&quot;]\" >\n          <div class=\"col-inner\" >\n          <a href=\"https:\/\/www.soleum.de\/wp-content\/uploads\/2020\/10\/Wellnessbereich-im-Keller-mit-Soleum-Dampfbad-Beitrag.jpg\" class=\"plain lightbox-gallery\">\n          <div class=\"portfolio-box box has-hover\">\n            <div class=\"box-image\" >\n                <div class=\"image-cover\" style=\"padding-top:100%;\">\n                <img loading=\"lazy\" decoding=\"async\" width=\"600\" height=\"399\" src=\"https:\/\/www.soleum.de\/wp-content\/uploads\/2020\/10\/Wellnessbereich-im-Keller-mit-Soleum-Dampfbad-Beitrag.jpg\" class=\"attachment-medium size-medium\" alt=\"\" srcset=\"https:\/\/www.soleum.de\/wp-content\/uploads\/2020\/10\/Wellnessbereich-im-Keller-mit-Soleum-Dampfbad-Beitrag.jpg 600w, https:\/\/www.soleum.de\/wp-content\/uploads\/2020\/10\/Wellnessbereich-im-Keller-mit-Soleum-Dampfbad-Beitrag-510x339.jpg 510w\" sizes=\"auto, (max-width: 600px) 100vw, 600px\" \/>                                                <\/div>\n            <\/div>\n            <div class=\"box-text text-center\" >\n                  <div class=\"box-text-inner\">\n                      <h6 class=\"uppercase portfolio-box-title\">Ba\u00f1o de vapor en lugar de sauna<\/h6>\n                      <p class=\"uppercase portfolio-box-category is-xsmall op-6\">\n                        <span class=\"show-on-hover\">\n                         Ba\u00f1o de vapor con asientos, Ba\u00f1o de vapor con tumbonas, Ba\u00f1os de vapor exclusivos                        <\/span>\n                      <\/p>\n                  <\/div>\n            <\/div>\n           <\/div>\n           <\/a>\n           <\/div>\n           <\/div><div class=\"col\" data-terms=\"[&quot;Ba\u00f1o de vapor con asientos&quot;]\" >\n          <div class=\"col-inner\" >\n          <a href=\"https:\/\/www.soleum.de\/wp-content\/uploads\/2021\/04\/Geflieste-Dampfdusche-fuer-2-Personen-Beitrag.jpg\" class=\"plain lightbox-gallery\">\n          <div class=\"portfolio-box box has-hover\">\n            <div class=\"box-image\" >\n                <div class=\"image-cover\" style=\"padding-top:100%;\">\n                <img loading=\"lazy\" decoding=\"async\" width=\"500\" height=\"375\" src=\"https:\/\/www.soleum.de\/wp-content\/uploads\/2021\/04\/Geflieste-Dampfdusche-fuer-2-Personen-Beitrag.jpg\" class=\"attachment-medium size-medium\" alt=\"\" \/>                                                <\/div>\n            <\/div>\n            <div class=\"box-text text-center\" >\n                  <div class=\"box-text-inner\">\n                      <h6 class=\"uppercase portfolio-box-title\">Ducha de vapor alicatada para 2 personas<\/h6>\n                      <p class=\"uppercase portfolio-box-category is-xsmall op-6\">\n                        <span class=\"show-on-hover\">\n                         Ba\u00f1o de vapor con asientos                        <\/span>\n                      <\/p>\n                  <\/div>\n            <\/div>\n           <\/div>\n           <\/a>\n           <\/div>\n           <\/div><div class=\"col\" data-terms=\"[&quot;Ba\u00f1o de vapor con asientos&quot;]\" >\n          <div class=\"col-inner\" >\n          <a href=\"https:\/\/www.soleum.de\/wp-content\/uploads\/2021\/10\/Wellnessbereich-mit-Sauna-und-Dampfbad-Beitrag.jpg\" class=\"plain lightbox-gallery\">\n          <div class=\"portfolio-box box has-hover\">\n            <div class=\"box-image\" >\n                <div class=\"image-cover\" style=\"padding-top:100%;\">\n                <img loading=\"lazy\" decoding=\"async\" width=\"500\" height=\"333\" src=\"https:\/\/www.soleum.de\/wp-content\/uploads\/2021\/10\/Wellnessbereich-mit-Sauna-und-Dampfbad-Beitrag.jpg\" class=\"attachment-medium size-medium\" alt=\"\" \/>                                                <\/div>\n            <\/div>\n            <div class=\"box-text text-center\" >\n                  <div class=\"box-text-inner\">\n                      <h6 class=\"uppercase portfolio-box-title\">Zona de bienestar con sauna y ba\u00f1o de vapor<\/h6>\n                      <p class=\"uppercase portfolio-box-category is-xsmall op-6\">\n                        <span class=\"show-on-hover\">\n                         Ba\u00f1o de vapor con asientos                        <\/span>\n                      <\/p>\n                  <\/div>\n            <\/div>\n           <\/div>\n           <\/a>\n           <\/div>\n           <\/div><div class=\"col\" data-terms=\"[&quot;Ba\u00f1o de vapor con asientos&quot;]\" >\n          <div class=\"col-inner\" >\n          <a href=\"https:\/\/www.soleum.de\/wp-content\/uploads\/2021\/11\/Altes-Bad-wird-Wellnessbad-Beitrag.jpg\" class=\"plain lightbox-gallery\">\n          <div class=\"portfolio-box box has-hover\">\n            <div class=\"box-image\" >\n                <div class=\"image-cover\" style=\"padding-top:100%;\">\n                <img loading=\"lazy\" decoding=\"async\" width=\"500\" height=\"375\" src=\"https:\/\/www.soleum.de\/wp-content\/uploads\/2021\/11\/Altes-Bad-wird-Wellnessbad-Beitrag.jpg\" class=\"attachment-medium size-medium\" alt=\"\" \/>                                                <\/div>\n            <\/div>\n            <div class=\"box-text text-center\" >\n                  <div class=\"box-text-inner\">\n                      <h6 class=\"uppercase portfolio-box-title\">Un antiguo ba\u00f1o se convierte en un ba\u00f1o de bienestar con Soleum<\/h6>\n                      <p class=\"uppercase portfolio-box-category is-xsmall op-6\">\n                        <span class=\"show-on-hover\">\n                         Ba\u00f1o de vapor con asientos                        <\/span>\n                      <\/p>\n                  <\/div>\n            <\/div>\n           <\/div>\n           <\/a>\n           <\/div>\n           <\/div><div class=\"col\" data-terms=\"[&quot;Ba\u00f1o de vapor con asientos&quot;]\" >\n          <div class=\"col-inner\" >\n          <a href=\"https:\/\/www.soleum.de\/wp-content\/uploads\/2022\/03\/Wellnessbereich-mit-Dampfbad-Beitrag.jpg\" class=\"plain lightbox-gallery\">\n          <div class=\"portfolio-box box has-hover\">\n            <div class=\"box-image\" >\n                <div class=\"image-cover\" style=\"padding-top:100%;\">\n                <img loading=\"lazy\" decoding=\"async\" width=\"533\" height=\"400\" src=\"https:\/\/www.soleum.de\/wp-content\/uploads\/2022\/03\/Wellnessbereich-mit-Dampfbad-Beitrag-533x400.jpg\" class=\"attachment-medium size-medium\" alt=\"\" srcset=\"https:\/\/www.soleum.de\/wp-content\/uploads\/2022\/03\/Wellnessbereich-mit-Dampfbad-Beitrag-533x400.jpg 533w, https:\/\/www.soleum.de\/wp-content\/uploads\/2022\/03\/Wellnessbereich-mit-Dampfbad-Beitrag-510x383.jpg 510w, https:\/\/www.soleum.de\/wp-content\/uploads\/2022\/03\/Wellnessbereich-mit-Dampfbad-Beitrag.jpg 600w\" sizes=\"auto, (max-width: 533px) 100vw, 533px\" \/>                                                <\/div>\n            <\/div>\n            <div class=\"box-text text-center\" >\n                  <div class=\"box-text-inner\">\n                      <h6 class=\"uppercase portfolio-box-title\">Zona de bienestar con ba\u00f1o de vapor<\/h6>\n                      <p class=\"uppercase portfolio-box-category is-xsmall op-6\">\n                        <span class=\"show-on-hover\">\n                         Ba\u00f1o de vapor con asientos                        <\/span>\n                      <\/p>\n                  <\/div>\n            <\/div>\n           <\/div>\n           <\/a>\n           <\/div>\n           <\/div><div class=\"col\" data-terms=\"[&quot;Ba\u00f1o de vapor con asientos&quot;,&quot;Ba\u00f1o de vapor con tumbonas&quot;,&quot;Ba\u00f1os de vapor exclusivos&quot;]\" >\n          <div class=\"col-inner\" >\n          <a href=\"https:\/\/www.soleum.de\/wp-content\/uploads\/2022\/10\/Soleum-Dampfbad-Leonding_022-Beitrag.jpg\" class=\"plain lightbox-gallery\">\n          <div class=\"portfolio-box box has-hover\">\n            <div class=\"box-image\" >\n                <div class=\"image-cover\" style=\"padding-top:100%;\">\n                <img loading=\"lazy\" decoding=\"async\" width=\"533\" height=\"400\" src=\"https:\/\/www.soleum.de\/wp-content\/uploads\/2022\/10\/Soleum-Dampfbad-Leonding_022-Beitrag-533x400.jpg\" class=\"attachment-medium size-medium\" alt=\"\" srcset=\"https:\/\/www.soleum.de\/wp-content\/uploads\/2022\/10\/Soleum-Dampfbad-Leonding_022-Beitrag-533x400.jpg 533w, https:\/\/www.soleum.de\/wp-content\/uploads\/2022\/10\/Soleum-Dampfbad-Leonding_022-Beitrag-510x383.jpg 510w, https:\/\/www.soleum.de\/wp-content\/uploads\/2022\/10\/Soleum-Dampfbad-Leonding_022-Beitrag.jpg 600w\" sizes=\"auto, (max-width: 533px) 100vw, 533px\" \/>                                                <\/div>\n            <\/div>\n            <div class=\"box-text text-center\" >\n                  <div class=\"box-text-inner\">\n                      <h6 class=\"uppercase portfolio-box-title\">Ba\u00f1o de vapor en dos niveles<\/h6>\n                      <p class=\"uppercase portfolio-box-category is-xsmall op-6\">\n                        <span class=\"show-on-hover\">\n                         Ba\u00f1o de vapor con asientos, Ba\u00f1o de vapor con tumbonas, Ba\u00f1os de vapor exclusivos                        <\/span>\n                      <\/p>\n                  <\/div>\n            <\/div>\n           <\/div>\n           <\/a>\n           <\/div>\n           <\/div><div class=\"col\" data-terms=\"[&quot;Ba\u00f1o de vapor con asientos&quot;,&quot;Ba\u00f1os de vapor exclusivos&quot;]\" >\n          <div class=\"col-inner\" >\n          <a href=\"https:\/\/www.soleum.de\/wp-content\/uploads\/2022\/10\/Dampfbad-Weinlandhof_beitrag.jpg\" class=\"plain lightbox-gallery\">\n          <div class=\"portfolio-box box has-hover\">\n            <div class=\"box-image\" >\n                <div class=\"image-cover\" style=\"padding-top:100%;\">\n                <img loading=\"lazy\" decoding=\"async\" width=\"533\" height=\"400\" src=\"https:\/\/www.soleum.de\/wp-content\/uploads\/2022\/10\/Dampfbad-Weinlandhof_beitrag-533x400.jpg\" class=\"attachment-medium size-medium\" alt=\"\" srcset=\"https:\/\/www.soleum.de\/wp-content\/uploads\/2022\/10\/Dampfbad-Weinlandhof_beitrag-533x400.jpg 533w, https:\/\/www.soleum.de\/wp-content\/uploads\/2022\/10\/Dampfbad-Weinlandhof_beitrag-510x383.jpg 510w, https:\/\/www.soleum.de\/wp-content\/uploads\/2022\/10\/Dampfbad-Weinlandhof_beitrag.jpg 600w\" sizes=\"auto, (max-width: 533px) 100vw, 533px\" \/>                                                <\/div>\n            <\/div>\n            <div class=\"box-text text-center\" >\n                  <div class=\"box-text-inner\">\n                      <h6 class=\"uppercase portfolio-box-title\">Hotel Ba\u00f1o de vapor Estiria<\/h6>\n                      <p class=\"uppercase portfolio-box-category is-xsmall op-6\">\n                        <span class=\"show-on-hover\">\n                         Ba\u00f1o de vapor con asientos, Ba\u00f1os de vapor exclusivos                        <\/span>\n                      <\/p>\n                  <\/div>\n            <\/div>\n           <\/div>\n           <\/a>\n           <\/div>\n           <\/div><div class=\"col\" data-terms=\"[&quot;Ba\u00f1o de vapor con asientos&quot;,&quot;Ba\u00f1o de vapor con tumbonas&quot;]\" >\n          <div class=\"col-inner\" >\n          <a href=\"https:\/\/www.soleum.de\/wp-content\/uploads\/2022\/10\/Dampfbad-mit-Beschichtung-2-Beitrag.jpg\" class=\"plain lightbox-gallery\">\n          <div class=\"portfolio-box box has-hover\">\n            <div class=\"box-image\" >\n                <div class=\"image-cover\" style=\"padding-top:100%;\">\n                <img loading=\"lazy\" decoding=\"async\" width=\"714\" height=\"400\" src=\"https:\/\/www.soleum.de\/wp-content\/uploads\/2022\/10\/Dampfbad-mit-Beschichtung-2-Beitrag.jpg\" class=\"attachment-medium size-medium\" alt=\"\" srcset=\"https:\/\/www.soleum.de\/wp-content\/uploads\/2022\/10\/Dampfbad-mit-Beschichtung-2-Beitrag.jpg 714w, https:\/\/www.soleum.de\/wp-content\/uploads\/2022\/10\/Dampfbad-mit-Beschichtung-2-Beitrag-510x286.jpg 510w\" sizes=\"auto, (max-width: 714px) 100vw, 714px\" \/>                                                <\/div>\n            <\/div>\n            <div class=\"box-text text-center\" >\n                  <div class=\"box-text-inner\">\n                      <h6 class=\"uppercase portfolio-box-title\">Ba\u00f1o de vapor con revestimiento<\/h6>\n                      <p class=\"uppercase portfolio-box-category is-xsmall op-6\">\n                        <span class=\"show-on-hover\">\n                         Ba\u00f1o de vapor con asientos, Ba\u00f1o de vapor con tumbonas                        <\/span>\n                      <\/p>\n                  <\/div>\n            <\/div>\n           <\/div>\n           <\/a>\n           <\/div>\n           <\/div><div class=\"col\" data-terms=\"[&quot;Ba\u00f1o de vapor con asientos&quot;,&quot;Ba\u00f1o de vapor con tumbonas&quot;]\" >\n          <div class=\"col-inner\" >\n          <a href=\"https:\/\/www.soleum.de\/wp-content\/uploads\/2022\/10\/private-Dampfdusche-Deutschland-Beitrag.jpg\" class=\"plain lightbox-gallery\">\n          <div class=\"portfolio-box box has-hover\">\n            <div class=\"box-image\" >\n                <div class=\"image-cover\" style=\"padding-top:100%;\">\n                <img loading=\"lazy\" decoding=\"async\" width=\"500\" height=\"375\" src=\"https:\/\/www.soleum.de\/wp-content\/uploads\/2022\/10\/private-Dampfdusche-Deutschland-Beitrag.jpg\" class=\"attachment-medium size-medium\" alt=\"\" \/>                                                <\/div>\n            <\/div>\n            <div class=\"box-text text-center\" >\n                  <div class=\"box-text-inner\">\n                      <h6 class=\"uppercase portfolio-box-title\">ducha de vapor privada en Alemania<\/h6>\n                      <p class=\"uppercase portfolio-box-category is-xsmall op-6\">\n                        <span class=\"show-on-hover\">\n                         Ba\u00f1o de vapor con asientos, Ba\u00f1o de vapor con tumbonas                        <\/span>\n                      <\/p>\n                  <\/div>\n            <\/div>\n           <\/div>\n           <\/a>\n           <\/div>\n           <\/div><div class=\"col\" data-terms=\"[&quot;Ba\u00f1o de vapor con asientos&quot;]\" >\n          <div class=\"col-inner\" >\n          <a href=\"https:\/\/www.soleum.de\/wp-content\/uploads\/2022\/10\/Dampfbad-in-Linz-Beitrag.jpg\" class=\"plain lightbox-gallery\">\n          <div class=\"portfolio-box box has-hover\">\n            <div class=\"box-image\" >\n                <div class=\"image-cover\" style=\"padding-top:100%;\">\n                <img loading=\"lazy\" decoding=\"async\" width=\"500\" height=\"333\" src=\"https:\/\/www.soleum.de\/wp-content\/uploads\/2022\/10\/Dampfbad-in-Linz-Beitrag.jpg\" class=\"attachment-medium size-medium\" alt=\"\" \/>                                                <\/div>\n            <\/div>\n            <div class=\"box-text text-center\" >\n                  <div class=\"box-text-inner\">\n                      <h6 class=\"uppercase portfolio-box-title\">Ba\u00f1o de vapor en Linz<\/h6>\n                      <p class=\"uppercase portfolio-box-category is-xsmall op-6\">\n                        <span class=\"show-on-hover\">\n                         Ba\u00f1o de vapor con asientos                        <\/span>\n                      <\/p>\n                  <\/div>\n            <\/div>\n           <\/div>\n           <\/a>\n           <\/div>\n           <\/div><div class=\"col\" data-terms=\"[&quot;Ba\u00f1o de vapor con asientos&quot;,&quot;Ba\u00f1os de vapor exclusivos&quot;]\" >\n          <div class=\"col-inner\" >\n          <a href=\"https:\/\/www.soleum.de\/wp-content\/uploads\/2023\/06\/Dampfbad-Hotel-Seestuben-Kaernten-beitrag.jpg\" class=\"plain lightbox-gallery\">\n          <div class=\"portfolio-box box has-hover\">\n            <div class=\"box-image\" >\n                <div class=\"image-cover\" style=\"padding-top:100%;\">\n                <img loading=\"lazy\" decoding=\"async\" width=\"500\" height=\"375\" src=\"https:\/\/www.soleum.de\/wp-content\/uploads\/2023\/06\/Dampfbad-Hotel-Seestuben-Kaernten-beitrag.jpg\" class=\"attachment-medium size-medium\" alt=\"\" \/>                                                <\/div>\n            <\/div>\n            <div class=\"box-text text-center\" >\n                  <div class=\"box-text-inner\">\n                      <h6 class=\"uppercase portfolio-box-title\">Damfpbad Hotel Seestuben Carintia<\/h6>\n                      <p class=\"uppercase portfolio-box-category is-xsmall op-6\">\n                        <span class=\"show-on-hover\">\n                         Ba\u00f1o de vapor con asientos, Ba\u00f1os de vapor exclusivos                        <\/span>\n                      <\/p>\n                  <\/div>\n            <\/div>\n           <\/div>\n           <\/a>\n           <\/div>\n           <\/div><div class=\"col\" data-terms=\"[&quot;Ba\u00f1o de vapor con asientos&quot;,&quot;Duchas de vapor m\u00e1s peque\u00f1as&quot;]\" >\n          <div class=\"col-inner\" >\n          <a href=\"https:\/\/www.soleum.de\/wp-content\/uploads\/2017\/06\/Dusche_in_Dampfdusche_umbauen-01.jpg\" class=\"plain lightbox-gallery\">\n          <div class=\"portfolio-box box has-hover\">\n            <div class=\"box-image\" >\n                <div class=\"image-cover\" style=\"padding-top:100%;\">\n                <img loading=\"lazy\" decoding=\"async\" width=\"557\" height=\"400\" src=\"https:\/\/www.soleum.de\/wp-content\/uploads\/2017\/06\/Dusche_in_Dampfdusche_umbauen-01-557x400.jpg\" class=\"attachment-medium size-medium\" alt=\"\" srcset=\"https:\/\/www.soleum.de\/wp-content\/uploads\/2017\/06\/Dusche_in_Dampfdusche_umbauen-01-557x400.jpg 557w, https:\/\/www.soleum.de\/wp-content\/uploads\/2017\/06\/Dusche_in_Dampfdusche_umbauen-01-510x367.jpg 510w, https:\/\/www.soleum.de\/wp-content\/uploads\/2017\/06\/Dusche_in_Dampfdusche_umbauen-01-768x552.jpg 768w, https:\/\/www.soleum.de\/wp-content\/uploads\/2017\/06\/Dusche_in_Dampfdusche_umbauen-01.jpg 800w\" sizes=\"auto, (max-width: 557px) 100vw, 557px\" \/>                                                <\/div>\n            <\/div>\n            <div class=\"box-text text-center\" >\n                  <div class=\"box-text-inner\">\n                      <h6 class=\"uppercase portfolio-box-title\">Convertir la ducha en ducha de vapor<\/h6>\n                      <p class=\"uppercase portfolio-box-category is-xsmall op-6\">\n                        <span class=\"show-on-hover\">\n                         Ba\u00f1o de vapor con asientos, Duchas de vapor m\u00e1s peque\u00f1as                        <\/span>\n                      <\/p>\n                  <\/div>\n            <\/div>\n           <\/div>\n           <\/a>\n           <\/div>\n           <\/div><div class=\"col\" data-terms=\"[&quot;Ba\u00f1o de vapor con asientos&quot;]\" >\n          <div class=\"col-inner\" >\n          <a href=\"https:\/\/www.soleum.de\/wp-content\/uploads\/2017\/02\/\u00f6ffentliches-r\u00f6misches-Dampfbad-beitragsbild.jpg\" class=\"plain lightbox-gallery\">\n          <div class=\"portfolio-box box has-hover\">\n            <div class=\"box-image\" >\n                <div class=\"image-cover\" style=\"padding-top:100%;\">\n                <img loading=\"lazy\" decoding=\"async\" width=\"400\" height=\"288\" src=\"https:\/\/www.soleum.de\/wp-content\/uploads\/2017\/02\/\u00f6ffentliches-r\u00f6misches-Dampfbad-beitragsbild.jpg\" class=\"attachment-medium size-medium\" alt=\"Ba\u00f1o de vapor romano propio\" \/>                                                <\/div>\n            <\/div>\n            <div class=\"box-text text-center\" >\n                  <div class=\"box-text-inner\">\n                      <h6 class=\"uppercase portfolio-box-title\">Ba\u00f1o de vapor romano propio<\/h6>\n                      <p class=\"uppercase portfolio-box-category is-xsmall op-6\">\n                        <span class=\"show-on-hover\">\n                         Ba\u00f1o de vapor con asientos                        <\/span>\n                      <\/p>\n                  <\/div>\n            <\/div>\n           <\/div>\n           <\/a>\n           <\/div>\n           <\/div><div class=\"col\" data-terms=\"[&quot;Ba\u00f1o de vapor con asientos&quot;]\" >\n          <div class=\"col-inner\" >\n          <a href=\"https:\/\/www.soleum.de\/wp-content\/uploads\/2017\/02\/Dampfbad-kaufen-Beitrag.jpg\" class=\"plain lightbox-gallery\">\n          <div class=\"portfolio-box box has-hover\">\n            <div class=\"box-image\" >\n                <div class=\"image-cover\" style=\"padding-top:100%;\">\n                <img loading=\"lazy\" decoding=\"async\" width=\"400\" height=\"266\" src=\"https:\/\/www.soleum.de\/wp-content\/uploads\/2017\/02\/Dampfbad-kaufen-Beitrag.jpg\" class=\"attachment-medium size-medium\" alt=\"\" \/>                                                <\/div>\n            <\/div>\n            <div class=\"box-text text-center\" >\n                  <div class=\"box-text-inner\">\n                      <h6 class=\"uppercase portfolio-box-title\">Comprar ba\u00f1o turco<\/h6>\n                      <p class=\"uppercase portfolio-box-category is-xsmall op-6\">\n                        <span class=\"show-on-hover\">\n                         Ba\u00f1o de vapor con asientos                        <\/span>\n                      <\/p>\n                  <\/div>\n            <\/div>\n           <\/div>\n           <\/a>\n           <\/div>\n           <\/div><div class=\"col\" data-terms=\"[&quot;Ba\u00f1o de vapor con asientos&quot;,&quot;Duchas de vapor m\u00e1s peque\u00f1as&quot;]\" >\n          <div class=\"col-inner\" >\n          <a href=\"https:\/\/www.soleum.de\/wp-content\/uploads\/2017\/02\/Badewanne-raus-Dampfdusche-rein-beitrag.jpg\" class=\"plain lightbox-gallery\">\n          <div class=\"portfolio-box box has-hover\">\n            <div class=\"box-image\" >\n                <div class=\"image-cover\" style=\"padding-top:100%;\">\n                <img loading=\"lazy\" decoding=\"async\" width=\"400\" height=\"266\" src=\"https:\/\/www.soleum.de\/wp-content\/uploads\/2017\/02\/Badewanne-raus-Dampfdusche-rein-beitrag.jpg\" class=\"attachment-medium size-medium\" alt=\"\" \/>                                                <\/div>\n            <\/div>\n            <div class=\"box-text text-center\" >\n                  <div class=\"box-text-inner\">\n                      <h6 class=\"uppercase portfolio-box-title\">Ba\u00f1era fuera Ducha de vapor dentro<\/h6>\n                      <p class=\"uppercase portfolio-box-category is-xsmall op-6\">\n                        <span class=\"show-on-hover\">\n                         Ba\u00f1o de vapor con asientos, Duchas de vapor m\u00e1s peque\u00f1as                        <\/span>\n                      <\/p>\n                  <\/div>\n            <\/div>\n           <\/div>\n           <\/a>\n           <\/div>\n           <\/div><div class=\"col\" data-terms=\"[&quot;Ba\u00f1o de vapor con asientos&quot;,&quot;Duchas de vapor m\u00e1s peque\u00f1as&quot;]\" >\n          <div class=\"col-inner\" >\n          <a href=\"https:\/\/www.soleum.de\/wp-content\/uploads\/2017\/02\/Dampfdusche-mit-Sitz-beitrag.jpg\" class=\"plain lightbox-gallery\">\n          <div class=\"portfolio-box box has-hover\">\n            <div class=\"box-image\" >\n                <div class=\"image-cover\" style=\"padding-top:100%;\">\n                <img loading=\"lazy\" decoding=\"async\" width=\"500\" height=\"333\" src=\"https:\/\/www.soleum.de\/wp-content\/uploads\/2017\/02\/Dampfdusche-mit-Sitz-beitrag.jpg\" class=\"attachment-medium size-medium\" alt=\"\" \/>                                                <\/div>\n            <\/div>\n            <div class=\"box-text text-center\" >\n                  <div class=\"box-text-inner\">\n                      <h6 class=\"uppercase portfolio-box-title\">Ducha de vapor con asiento<\/h6>\n                      <p class=\"uppercase portfolio-box-category is-xsmall op-6\">\n                        <span class=\"show-on-hover\">\n                         Ba\u00f1o de vapor con asientos, Duchas de vapor m\u00e1s peque\u00f1as                        <\/span>\n                      <\/p>\n                  <\/div>\n            <\/div>\n           <\/div>\n           <\/a>\n           <\/div>\n           <\/div><div class=\"col\" data-terms=\"[&quot;Ba\u00f1o de vapor con asientos&quot;,&quot;Duchas de vapor m\u00e1s peque\u00f1as&quot;]\" >\n          <div class=\"col-inner\" >\n          <a href=\"https:\/\/www.soleum.de\/wp-content\/uploads\/2017\/02\/Dampfdusche-fuer-zuhause-selber-bauen-Beitrag.jpg\" class=\"plain lightbox-gallery\">\n          <div class=\"portfolio-box box has-hover\">\n            <div class=\"box-image\" >\n                <div class=\"image-cover\" style=\"padding-top:100%;\">\n                <img loading=\"lazy\" decoding=\"async\" width=\"500\" height=\"333\" src=\"https:\/\/www.soleum.de\/wp-content\/uploads\/2017\/02\/Dampfdusche-fuer-zuhause-selber-bauen-Beitrag.jpg\" class=\"attachment-medium size-medium\" alt=\"Construya su propia ducha de vapor en casa\" \/>                                                <\/div>\n            <\/div>\n            <div class=\"box-text text-center\" >\n                  <div class=\"box-text-inner\">\n                      <h6 class=\"uppercase portfolio-box-title\">Construya su propia ducha de vapor en casa<\/h6>\n                      <p class=\"uppercase portfolio-box-category is-xsmall op-6\">\n                        <span class=\"show-on-hover\">\n                         Ba\u00f1o de vapor con asientos, Duchas de vapor m\u00e1s peque\u00f1as                        <\/span>\n                      <\/p>\n                  <\/div>\n            <\/div>\n           <\/div>\n           <\/a>\n           <\/div>\n           <\/div><div class=\"col\" data-terms=\"[&quot;Ba\u00f1o de vapor con asientos&quot;,&quot;Duchas de vapor m\u00e1s peque\u00f1as&quot;]\" >\n          <div class=\"col-inner\" >\n          <a href=\"https:\/\/www.soleum.de\/wp-content\/uploads\/2017\/02\/Dampfdusche-in-Nische-beitrag.jpg\" class=\"plain lightbox-gallery\">\n          <div class=\"portfolio-box box has-hover\">\n            <div class=\"box-image\" >\n                <div class=\"image-cover\" style=\"padding-top:100%;\">\n                <img loading=\"lazy\" decoding=\"async\" width=\"471\" height=\"400\" src=\"https:\/\/www.soleum.de\/wp-content\/uploads\/2017\/02\/Dampfdusche-in-Nische-beitrag-471x400.jpg\" class=\"attachment-medium size-medium\" alt=\"\" srcset=\"https:\/\/www.soleum.de\/wp-content\/uploads\/2017\/02\/Dampfdusche-in-Nische-beitrag-471x400.jpg 471w, https:\/\/www.soleum.de\/wp-content\/uploads\/2017\/02\/Dampfdusche-in-Nische-beitrag-510x434.jpg 510w, https:\/\/www.soleum.de\/wp-content\/uploads\/2017\/02\/Dampfdusche-in-Nische-beitrag.jpg 600w\" sizes=\"auto, (max-width: 471px) 100vw, 471px\" \/>                                                <\/div>\n            <\/div>\n            <div class=\"box-text text-center\" >\n                  <div class=\"box-text-inner\">\n                      <h6 class=\"uppercase portfolio-box-title\">Ducha de vapor en nicho<\/h6>\n                      <p class=\"uppercase portfolio-box-category is-xsmall op-6\">\n                        <span class=\"show-on-hover\">\n                         Ba\u00f1o de vapor con asientos, Duchas de vapor m\u00e1s peque\u00f1as                        <\/span>\n                      <\/p>\n                  <\/div>\n            <\/div>\n           <\/div>\n           <\/a>\n           <\/div>\n           <\/div><div class=\"col\" data-terms=\"[&quot;Ba\u00f1o de vapor con asientos&quot;,&quot;Ba\u00f1o de vapor con tumbonas&quot;]\" >\n          <div class=\"col-inner\" >\n          <a href=\"https:\/\/www.soleum.de\/wp-content\/uploads\/2017\/02\/Dampfbadbank_mit_Infrarotliege-04.jpg\" class=\"plain lightbox-gallery\">\n          <div class=\"portfolio-box box has-hover\">\n            <div class=\"box-image\" >\n                <div class=\"image-cover\" style=\"padding-top:100%;\">\n                <img loading=\"lazy\" decoding=\"async\" width=\"300\" height=\"400\" src=\"https:\/\/www.soleum.de\/wp-content\/uploads\/2017\/02\/Dampfbadbank_mit_Infrarotliege-04-300x400.jpg\" class=\"attachment-medium size-medium\" alt=\"\" srcset=\"https:\/\/www.soleum.de\/wp-content\/uploads\/2017\/02\/Dampfbadbank_mit_Infrarotliege-04-300x400.jpg 300w, https:\/\/www.soleum.de\/wp-content\/uploads\/2017\/02\/Dampfbadbank_mit_Infrarotliege-04-510x680.jpg 510w, https:\/\/www.soleum.de\/wp-content\/uploads\/2017\/02\/Dampfbadbank_mit_Infrarotliege-04-600x800.jpg 600w, https:\/\/www.soleum.de\/wp-content\/uploads\/2017\/02\/Dampfbadbank_mit_Infrarotliege-04.jpg 750w\" sizes=\"auto, (max-width: 300px) 100vw, 300px\" \/>                                                <\/div>\n            <\/div>\n            <div class=\"box-text text-center\" >\n                  <div class=\"box-text-inner\">\n                      <h6 class=\"uppercase portfolio-box-title\">Banco de ba\u00f1o de vapor con camilla de infrarrojos<\/h6>\n                      <p class=\"uppercase portfolio-box-category is-xsmall op-6\">\n                        <span class=\"show-on-hover\">\n                         Ba\u00f1o de vapor con asientos, Ba\u00f1o de vapor con tumbonas                        <\/span>\n                      <\/p>\n                  <\/div>\n            <\/div>\n           <\/div>\n           <\/a>\n           <\/div>\n           <\/div><div class=\"col\" data-terms=\"[&quot;Ba\u00f1o de vapor con asientos&quot;]\" >\n          <div class=\"col-inner\" >\n          <a href=\"https:\/\/www.soleum.de\/wp-content\/uploads\/2017\/02\/Dampfsauna-Wien-Beitrag.jpg\" class=\"plain lightbox-gallery\">\n          <div class=\"portfolio-box box has-hover\">\n            <div class=\"box-image\" >\n                <div class=\"image-cover\" style=\"padding-top:100%;\">\n                <img loading=\"lazy\" decoding=\"async\" width=\"500\" height=\"334\" src=\"https:\/\/www.soleum.de\/wp-content\/uploads\/2017\/02\/Dampfsauna-Wien-Beitrag.jpg\" class=\"attachment-medium size-medium\" alt=\"\" \/>                                                <\/div>\n            <\/div>\n            <div class=\"box-text text-center\" >\n                  <div class=\"box-text-inner\">\n                      <h6 class=\"uppercase portfolio-box-title\">Sauna de vapor Viena<\/h6>\n                      <p class=\"uppercase portfolio-box-category is-xsmall op-6\">\n                        <span class=\"show-on-hover\">\n                         Ba\u00f1o de vapor con asientos                        <\/span>\n                      <\/p>\n                  <\/div>\n            <\/div>\n           <\/div>\n           <\/a>\n           <\/div>\n           <\/div><div class=\"col\" data-terms=\"[&quot;Ba\u00f1o de vapor con asientos&quot;,&quot;Ba\u00f1o de vapor con tumbonas&quot;]\" >\n          <div class=\"col-inner\" >\n          <a href=\"https:\/\/www.soleum.de\/wp-content\/uploads\/2017\/05\/Dampfbad-mit-Sitzbank-beitragsbild.jpg\" class=\"plain lightbox-gallery\">\n          <div class=\"portfolio-box box has-hover\">\n            <div class=\"box-image\" >\n                <div class=\"image-cover\" style=\"padding-top:100%;\">\n                <img loading=\"lazy\" decoding=\"async\" width=\"500\" height=\"333\" src=\"https:\/\/www.soleum.de\/wp-content\/uploads\/2017\/05\/Dampfbad-mit-Sitzbank-beitragsbild.jpg\" class=\"attachment-medium size-medium\" alt=\"\" \/>                                                <\/div>\n            <\/div>\n            <div class=\"box-text text-center\" >\n                  <div class=\"box-text-inner\">\n                      <h6 class=\"uppercase portfolio-box-title\">Ba\u00f1o de vapor con banco<\/h6>\n                      <p class=\"uppercase portfolio-box-category is-xsmall op-6\">\n                        <span class=\"show-on-hover\">\n                         Ba\u00f1o de vapor con asientos, Ba\u00f1o de vapor con tumbonas                        <\/span>\n                      <\/p>\n                  <\/div>\n            <\/div>\n           <\/div>\n           <\/a>\n           <\/div>\n           <\/div><div class=\"col\" data-terms=\"[&quot;Ba\u00f1o de vapor con asientos&quot;]\" >\n          <div class=\"col-inner\" >\n          <a href=\"https:\/\/www.soleum.de\/wp-content\/uploads\/2017\/05\/Dampfdusche-in-Nische-01.jpg\" class=\"plain lightbox-gallery\">\n          <div class=\"portfolio-box box has-hover\">\n            <div class=\"box-image\" >\n                <div class=\"image-cover\" style=\"padding-top:100%;\">\n                <img loading=\"lazy\" decoding=\"async\" width=\"600\" height=\"400\" src=\"https:\/\/www.soleum.de\/wp-content\/uploads\/2017\/05\/Dampfdusche-in-Nische-01-600x400.jpg\" class=\"attachment-medium size-medium\" alt=\"\" srcset=\"https:\/\/www.soleum.de\/wp-content\/uploads\/2017\/05\/Dampfdusche-in-Nische-01.jpg 600w, https:\/\/www.soleum.de\/wp-content\/uploads\/2017\/05\/Dampfdusche-in-Nische-01-510x340.jpg 510w\" sizes=\"auto, (max-width: 600px) 100vw, 600px\" \/>                                                <\/div>\n            <\/div>\n            <div class=\"box-text text-center\" >\n                  <div class=\"box-text-inner\">\n                      <h6 class=\"uppercase portfolio-box-title\">Ducha de vapor en nicho<\/h6>\n                      <p class=\"uppercase portfolio-box-category is-xsmall op-6\">\n                        <span class=\"show-on-hover\">\n                         Ba\u00f1o de vapor con asientos                        <\/span>\n                      <\/p>\n                  <\/div>\n            <\/div>\n           <\/div>\n           <\/a>\n           <\/div>\n           <\/div><div class=\"col\" data-terms=\"[&quot;Ba\u00f1o de vapor con asientos&quot;,&quot;Duchas de vapor m\u00e1s peque\u00f1as&quot;]\" >\n          <div class=\"col-inner\" >\n          <a href=\"https:\/\/www.soleum.de\/wp-content\/uploads\/2017\/06\/Soleum-im-Hotel-Royal-Bad-Ischl-01.jpg\" class=\"plain lightbox-gallery\">\n          <div class=\"portfolio-box box has-hover\">\n            <div class=\"box-image\" >\n                <div class=\"image-cover\" style=\"padding-top:100%;\">\n                <img loading=\"lazy\" decoding=\"async\" width=\"600\" height=\"400\" src=\"https:\/\/www.soleum.de\/wp-content\/uploads\/2017\/06\/Soleum-im-Hotel-Royal-Bad-Ischl-01-600x400.jpg\" class=\"attachment-medium size-medium\" alt=\"\" srcset=\"https:\/\/www.soleum.de\/wp-content\/uploads\/2017\/06\/Soleum-im-Hotel-Royal-Bad-Ischl-01-600x400.jpg 600w, https:\/\/www.soleum.de\/wp-content\/uploads\/2017\/06\/Soleum-im-Hotel-Royal-Bad-Ischl-01-510x340.jpg 510w, https:\/\/www.soleum.de\/wp-content\/uploads\/2017\/06\/Soleum-im-Hotel-Royal-Bad-Ischl-01-768x512.jpg 768w, https:\/\/www.soleum.de\/wp-content\/uploads\/2017\/06\/Soleum-im-Hotel-Royal-Bad-Ischl-01.jpg 800w\" sizes=\"auto, (max-width: 600px) 100vw, 600px\" \/>                                                <\/div>\n            <\/div>\n            <div class=\"box-text text-center\" >\n                  <div class=\"box-text-inner\">\n                      <h6 class=\"uppercase portfolio-box-title\">Soleum Hotel Royal Bad Ischl<\/h6>\n                      <p class=\"uppercase portfolio-box-category is-xsmall op-6\">\n                        <span class=\"show-on-hover\">\n                         Ba\u00f1o de vapor con asientos, Duchas de vapor m\u00e1s peque\u00f1as                        <\/span>\n                      <\/p>\n                  <\/div>\n            <\/div>\n           <\/div>\n           <\/a>\n           <\/div>\n           <\/div><div class=\"col\" data-terms=\"[&quot;Ba\u00f1o de vapor con asientos&quot;,&quot;Ba\u00f1os de vapor exclusivos&quot;]\" >\n          <div class=\"col-inner\" >\n          <a href=\"https:\/\/www.soleum.de\/wp-content\/uploads\/2017\/05\/Hoteldampfbad-Hotel-Forsthofalm.jpg\" class=\"plain lightbox-gallery\">\n          <div class=\"portfolio-box box has-hover\">\n            <div class=\"box-image\" >\n                <div class=\"image-cover\" style=\"padding-top:100%;\">\n                <img loading=\"lazy\" decoding=\"async\" width=\"600\" height=\"400\" src=\"https:\/\/www.soleum.de\/wp-content\/uploads\/2017\/05\/Hoteldampfbad-Hotel-Forsthofalm-600x400.jpg\" class=\"attachment-medium size-medium\" alt=\"\" srcset=\"https:\/\/www.soleum.de\/wp-content\/uploads\/2017\/05\/Hoteldampfbad-Hotel-Forsthofalm-600x400.jpg 600w, https:\/\/www.soleum.de\/wp-content\/uploads\/2017\/05\/Hoteldampfbad-Hotel-Forsthofalm-510x340.jpg 510w, https:\/\/www.soleum.de\/wp-content\/uploads\/2017\/05\/Hoteldampfbad-Hotel-Forsthofalm-768x512.jpg 768w, https:\/\/www.soleum.de\/wp-content\/uploads\/2017\/05\/Hoteldampfbad-Hotel-Forsthofalm.jpg 800w\" sizes=\"auto, (max-width: 600px) 100vw, 600px\" \/>                                                <\/div>\n            <\/div>\n            <div class=\"box-text text-center\" >\n                  <div class=\"box-text-inner\">\n                      <h6 class=\"uppercase portfolio-box-title\">Ba\u00f1o de vapor del hotel<\/h6>\n                      <p class=\"uppercase portfolio-box-category is-xsmall op-6\">\n                        <span class=\"show-on-hover\">\n                         Ba\u00f1o de vapor con asientos, Ba\u00f1os de vapor exclusivos                        <\/span>\n                      <\/p>\n                  <\/div>\n            <\/div>\n           <\/div>\n           <\/a>\n           <\/div>\n           <\/div><div class=\"col\" data-terms=\"[&quot;Ba\u00f1o de vapor con asientos&quot;,&quot;Duchas de vapor m\u00e1s peque\u00f1as&quot;]\" >\n          <div class=\"col-inner\" >\n          <a href=\"https:\/\/www.soleum.de\/wp-content\/uploads\/2017\/06\/Dusche-mit-Duschsitz-Beitrag.jpg\" class=\"plain lightbox-gallery\">\n          <div class=\"portfolio-box box has-hover\">\n            <div class=\"box-image\" >\n                <div class=\"image-cover\" style=\"padding-top:100%;\">\n                <img loading=\"lazy\" decoding=\"async\" width=\"602\" height=\"400\" src=\"https:\/\/www.soleum.de\/wp-content\/uploads\/2017\/06\/Dusche-mit-Duschsitz-Beitrag-602x400.jpg\" class=\"attachment-medium size-medium\" alt=\"\" srcset=\"https:\/\/www.soleum.de\/wp-content\/uploads\/2017\/06\/Dusche-mit-Duschsitz-Beitrag-602x400.jpg 602w, https:\/\/www.soleum.de\/wp-content\/uploads\/2017\/06\/Dusche-mit-Duschsitz-Beitrag-510x339.jpg 510w, https:\/\/www.soleum.de\/wp-content\/uploads\/2017\/06\/Dusche-mit-Duschsitz-Beitrag-768x511.jpg 768w, https:\/\/www.soleum.de\/wp-content\/uploads\/2017\/06\/Dusche-mit-Duschsitz-Beitrag.jpg 800w\" sizes=\"auto, (max-width: 602px) 100vw, 602px\" \/>                                                <\/div>\n            <\/div>\n            <div class=\"box-text text-center\" >\n                  <div class=\"box-text-inner\">\n                      <h6 class=\"uppercase portfolio-box-title\">Ducha con asiento<\/h6>\n                      <p class=\"uppercase portfolio-box-category is-xsmall op-6\">\n                        <span class=\"show-on-hover\">\n                         Ba\u00f1o de vapor con asientos, Duchas de vapor m\u00e1s peque\u00f1as                        <\/span>\n                      <\/p>\n                  <\/div>\n            <\/div>\n           <\/div>\n           <\/a>\n           <\/div>\n           <\/div><div class=\"col\" data-terms=\"[&quot;Ba\u00f1o de vapor con asientos&quot;]\" >\n          <div class=\"col-inner\" >\n          <a href=\"https:\/\/www.soleum.de\/wp-content\/uploads\/2017\/02\/ein-eigenes-Dampfbad-Beitragsbild.jpg\" class=\"plain lightbox-gallery\">\n          <div class=\"portfolio-box box has-hover\">\n            <div class=\"box-image\" >\n                <div class=\"image-cover\" style=\"padding-top:100%;\">\n                <img loading=\"lazy\" decoding=\"async\" width=\"500\" height=\"333\" src=\"https:\/\/www.soleum.de\/wp-content\/uploads\/2017\/02\/ein-eigenes-Dampfbad-Beitragsbild.jpg\" class=\"attachment-medium size-medium\" alt=\"\" \/>                                                <\/div>\n            <\/div>\n            <div class=\"box-text text-center\" >\n                  <div class=\"box-text-inner\">\n                      <h6 class=\"uppercase portfolio-box-title\">Su propio ba\u00f1o de vapor<\/h6>\n                      <p class=\"uppercase portfolio-box-category is-xsmall op-6\">\n                        <span class=\"show-on-hover\">\n                         Ba\u00f1o de vapor con asientos                        <\/span>\n                      <\/p>\n                  <\/div>\n            <\/div>\n           <\/div>\n           <\/a>\n           <\/div>\n           <\/div><div class=\"col\" data-terms=\"[&quot;Ba\u00f1o de vapor con asientos&quot;,&quot;Duchas de vapor m\u00e1s peque\u00f1as&quot;]\" >\n          <div class=\"col-inner\" >\n          <a href=\"https:\/\/www.soleum.de\/wp-content\/uploads\/2017\/06\/Duschsitzbank-T95-05.jpg\" class=\"plain lightbox-gallery\">\n          <div class=\"portfolio-box box has-hover\">\n            <div class=\"box-image\" >\n                <div class=\"image-cover\" style=\"padding-top:100%;\">\n                <img loading=\"lazy\" decoding=\"async\" width=\"602\" height=\"400\" src=\"https:\/\/www.soleum.de\/wp-content\/uploads\/2017\/06\/Duschsitzbank-T95-05-602x400.jpg\" class=\"attachment-medium size-medium\" alt=\"\" srcset=\"https:\/\/www.soleum.de\/wp-content\/uploads\/2017\/06\/Duschsitzbank-T95-05-602x400.jpg 602w, https:\/\/www.soleum.de\/wp-content\/uploads\/2017\/06\/Duschsitzbank-T95-05-510x339.jpg 510w, https:\/\/www.soleum.de\/wp-content\/uploads\/2017\/06\/Duschsitzbank-T95-05-768x511.jpg 768w, https:\/\/www.soleum.de\/wp-content\/uploads\/2017\/06\/Duschsitzbank-T95-05.jpg 1000w\" sizes=\"auto, (max-width: 602px) 100vw, 602px\" \/>                                                <\/div>\n            <\/div>\n            <div class=\"box-text text-center\" >\n                  <div class=\"box-text-inner\">\n                      <h6 class=\"uppercase portfolio-box-title\">Banco de ducha T95<\/h6>\n                      <p class=\"uppercase portfolio-box-category is-xsmall op-6\">\n                        <span class=\"show-on-hover\">\n                         Ba\u00f1o de vapor con asientos, Duchas de vapor m\u00e1s peque\u00f1as                        <\/span>\n                      <\/p>\n                  <\/div>\n            <\/div>\n           <\/div>\n           <\/a>\n           <\/div>\n           <\/div><div class=\"col\" data-terms=\"[&quot;Ba\u00f1o de vapor con asientos&quot;]\" >\n          <div class=\"col-inner\" >\n          <a href=\"https:\/\/www.soleum.de\/wp-content\/uploads\/2017\/06\/Dampfbad-ueber-Eck-03.jpg\" class=\"plain lightbox-gallery\">\n          <div class=\"portfolio-box box has-hover\">\n            <div class=\"box-image\" >\n                <div class=\"image-cover\" style=\"padding-top:100%;\">\n                <img loading=\"lazy\" decoding=\"async\" width=\"600\" height=\"400\" src=\"https:\/\/www.soleum.de\/wp-content\/uploads\/2017\/06\/Dampfbad-ueber-Eck-03-600x400.jpg\" class=\"attachment-medium size-medium\" alt=\"\" srcset=\"https:\/\/www.soleum.de\/wp-content\/uploads\/2017\/06\/Dampfbad-ueber-Eck-03-600x400.jpg 600w, https:\/\/www.soleum.de\/wp-content\/uploads\/2017\/06\/Dampfbad-ueber-Eck-03-510x340.jpg 510w, https:\/\/www.soleum.de\/wp-content\/uploads\/2017\/06\/Dampfbad-ueber-Eck-03-768x512.jpg 768w, https:\/\/www.soleum.de\/wp-content\/uploads\/2017\/06\/Dampfbad-ueber-Eck-03.jpg 800w\" sizes=\"auto, (max-width: 600px) 100vw, 600px\" \/>                                                <\/div>\n            <\/div>\n            <div class=\"box-text text-center\" >\n                  <div class=\"box-text-inner\">\n                      <h6 class=\"uppercase portfolio-box-title\">Ba\u00f1o de vapor en esquina<\/h6>\n                      <p class=\"uppercase portfolio-box-category is-xsmall op-6\">\n                        <span class=\"show-on-hover\">\n                         Ba\u00f1o de vapor con asientos                        <\/span>\n                      <\/p>\n                  <\/div>\n            <\/div>\n           <\/div>\n           <\/a>\n           <\/div>\n           <\/div><div class=\"col\" data-terms=\"[&quot;Ba\u00f1o de vapor con asientos&quot;]\" >\n          <div class=\"col-inner\" >\n          <a href=\"https:\/\/www.soleum.de\/wp-content\/uploads\/2017\/06\/Dampfdusche-mit-Duschsitze-Beitrag.jpg\" class=\"plain lightbox-gallery\">\n          <div class=\"portfolio-box box has-hover\">\n            <div class=\"box-image\" >\n                <div class=\"image-cover\" style=\"padding-top:100%;\">\n                <img loading=\"lazy\" decoding=\"async\" width=\"422\" height=\"400\" src=\"https:\/\/www.soleum.de\/wp-content\/uploads\/2017\/06\/Dampfdusche-mit-Duschsitze-Beitrag-422x400.jpg\" class=\"attachment-medium size-medium\" alt=\"\" srcset=\"https:\/\/www.soleum.de\/wp-content\/uploads\/2017\/06\/Dampfdusche-mit-Duschsitze-Beitrag-422x400.jpg 422w, https:\/\/www.soleum.de\/wp-content\/uploads\/2017\/06\/Dampfdusche-mit-Duschsitze-Beitrag-510x483.jpg 510w, https:\/\/www.soleum.de\/wp-content\/uploads\/2017\/06\/Dampfdusche-mit-Duschsitze-Beitrag-768x727.jpg 768w, https:\/\/www.soleum.de\/wp-content\/uploads\/2017\/06\/Dampfdusche-mit-Duschsitze-Beitrag-845x800.jpg 845w, https:\/\/www.soleum.de\/wp-content\/uploads\/2017\/06\/Dampfdusche-mit-Duschsitze-Beitrag.jpg 1360w\" sizes=\"auto, (max-width: 422px) 100vw, 422px\" \/>                                                <\/div>\n            <\/div>\n            <div class=\"box-text text-center\" >\n                  <div class=\"box-text-inner\">\n                      <h6 class=\"uppercase portfolio-box-title\">Ducha de vapor con asientos<\/h6>\n                      <p class=\"uppercase portfolio-box-category is-xsmall op-6\">\n                        <span class=\"show-on-hover\">\n                         Ba\u00f1o de vapor con asientos                        <\/span>\n                      <\/p>\n                  <\/div>\n            <\/div>\n           <\/div>\n           <\/a>\n           <\/div>\n           <\/div><div class=\"col\" data-terms=\"[&quot;Ba\u00f1o de vapor con asientos&quot;]\" >\n          <div class=\"col-inner\" >\n          <a href=\"https:\/\/www.soleum.de\/wp-content\/uploads\/2017\/09\/Soledampfbad-19.jpg\" class=\"plain lightbox-gallery\">\n          <div class=\"portfolio-box box has-hover\">\n            <div class=\"box-image\" >\n                <div class=\"image-cover\" style=\"padding-top:100%;\">\n                <img loading=\"lazy\" decoding=\"async\" width=\"533\" height=\"400\" src=\"https:\/\/www.soleum.de\/wp-content\/uploads\/2017\/09\/Soledampfbad-19-533x400.jpg\" class=\"attachment-medium size-medium\" alt=\"\" srcset=\"https:\/\/www.soleum.de\/wp-content\/uploads\/2017\/09\/Soledampfbad-19-533x400.jpg 533w, https:\/\/www.soleum.de\/wp-content\/uploads\/2017\/09\/Soledampfbad-19-510x383.jpg 510w, https:\/\/www.soleum.de\/wp-content\/uploads\/2017\/09\/Soledampfbad-19-768x576.jpg 768w, https:\/\/www.soleum.de\/wp-content\/uploads\/2017\/09\/Soledampfbad-19.jpg 800w\" sizes=\"auto, (max-width: 533px) 100vw, 533px\" \/>                                                <\/div>\n            <\/div>\n            <div class=\"box-text text-center\" >\n                  <div class=\"box-text-inner\">\n                      <h6 class=\"uppercase portfolio-box-title\">Ba\u00f1o de vapor de salmuera privado<\/h6>\n                      <p class=\"uppercase portfolio-box-category is-xsmall op-6\">\n                        <span class=\"show-on-hover\">\n                         Ba\u00f1o de vapor con asientos                        <\/span>\n                      <\/p>\n                  <\/div>\n            <\/div>\n           <\/div>\n           <\/a>\n           <\/div>\n           <\/div><div class=\"col\" data-terms=\"[&quot;Ba\u00f1o de vapor con asientos&quot;]\" >\n          <div class=\"col-inner\" >\n          <a href=\"https:\/\/www.soleum.de\/wp-content\/uploads\/2017\/08\/Tepidarium-und-Dampfbad-in-einer-Kabine-beitrag.jpg\" class=\"plain lightbox-gallery\">\n          <div class=\"portfolio-box box has-hover\">\n            <div class=\"box-image\" >\n                <div class=\"image-cover\" style=\"padding-top:100%;\">\n                <img loading=\"lazy\" decoding=\"async\" width=\"500\" height=\"333\" src=\"https:\/\/www.soleum.de\/wp-content\/uploads\/2017\/08\/Tepidarium-und-Dampfbad-in-einer-Kabine-beitrag.jpg\" class=\"attachment-medium size-medium\" alt=\"\" \/>                                                <\/div>\n            <\/div>\n            <div class=\"box-text text-center\" >\n                  <div class=\"box-text-inner\">\n                      <h6 class=\"uppercase portfolio-box-title\">Tepidarium y ba\u00f1o de vapor en una cabina<\/h6>\n                      <p class=\"uppercase portfolio-box-category is-xsmall op-6\">\n                        <span class=\"show-on-hover\">\n                         Ba\u00f1o de vapor con asientos                        <\/span>\n                      <\/p>\n                  <\/div>\n            <\/div>\n           <\/div>\n           <\/a>\n           <\/div>\n           <\/div><div class=\"col\" data-terms=\"[&quot;Ba\u00f1o de vapor con asientos&quot;]\" >\n          <div class=\"col-inner\" >\n          <a href=\"https:\/\/www.soleum.de\/wp-content\/uploads\/2017\/09\/Soledampfbad-Kompetenzzentrum-Pregarten-beitrag.jpg\" class=\"plain lightbox-gallery\">\n          <div class=\"portfolio-box box has-hover\">\n            <div class=\"box-image\" >\n                <div class=\"image-cover\" style=\"padding-top:100%;\">\n                <img loading=\"lazy\" decoding=\"async\" width=\"500\" height=\"333\" src=\"https:\/\/www.soleum.de\/wp-content\/uploads\/2017\/09\/Soledampfbad-Kompetenzzentrum-Pregarten-beitrag.jpg\" class=\"attachment-medium size-medium\" alt=\"\" \/>                                                <\/div>\n            <\/div>\n            <div class=\"box-text text-center\" >\n                  <div class=\"box-text-inner\">\n                      <h6 class=\"uppercase portfolio-box-title\">Ba\u00f1o de vapor de salmuera Centro de Competencia Jard\u00edn de infancia<\/h6>\n                      <p class=\"uppercase portfolio-box-category is-xsmall op-6\">\n                        <span class=\"show-on-hover\">\n                         Ba\u00f1o de vapor con asientos                        <\/span>\n                      <\/p>\n                  <\/div>\n            <\/div>\n           <\/div>\n           <\/a>\n           <\/div>\n           <\/div><div class=\"col\" data-terms=\"[&quot;Ba\u00f1o de vapor con asientos&quot;,&quot;Ba\u00f1o de vapor con tumbonas&quot;]\" >\n          <div class=\"col-inner\" >\n          <a href=\"https:\/\/www.soleum.de\/wp-content\/uploads\/2017\/10\/Dampfbad-Liege-Dampfbadsitz-T85-Beitrag.jpg\" class=\"plain lightbox-gallery\">\n          <div class=\"portfolio-box box has-hover\">\n            <div class=\"box-image\" >\n                <div class=\"image-cover\" style=\"padding-top:100%;\">\n                <img loading=\"lazy\" decoding=\"async\" width=\"602\" height=\"400\" src=\"https:\/\/www.soleum.de\/wp-content\/uploads\/2017\/10\/Dampfbad-Liege-Dampfbadsitz-T85-Beitrag-602x400.jpg\" class=\"attachment-medium size-medium\" alt=\"\" srcset=\"https:\/\/www.soleum.de\/wp-content\/uploads\/2017\/10\/Dampfbad-Liege-Dampfbadsitz-T85-Beitrag-602x400.jpg 602w, https:\/\/www.soleum.de\/wp-content\/uploads\/2017\/10\/Dampfbad-Liege-Dampfbadsitz-T85-Beitrag-510x339.jpg 510w, https:\/\/www.soleum.de\/wp-content\/uploads\/2017\/10\/Dampfbad-Liege-Dampfbadsitz-T85-Beitrag-768x511.jpg 768w, https:\/\/www.soleum.de\/wp-content\/uploads\/2017\/10\/Dampfbad-Liege-Dampfbadsitz-T85-Beitrag.jpg 800w\" sizes=\"auto, (max-width: 602px) 100vw, 602px\" \/>                                                <\/div>\n            <\/div>\n            <div class=\"box-text text-center\" >\n                  <div class=\"box-text-inner\">\n                      <h6 class=\"uppercase portfolio-box-title\">Ducha de vapor alicatada para 2 personas<\/h6>\n                      <p class=\"uppercase portfolio-box-category is-xsmall op-6\">\n                        <span class=\"show-on-hover\">\n                         Ba\u00f1o de vapor con asientos, Ba\u00f1o de vapor con tumbonas                        <\/span>\n                      <\/p>\n                  <\/div>\n            <\/div>\n           <\/div>\n           <\/a>\n           <\/div>\n           <\/div><div class=\"col\" data-terms=\"[&quot;Ba\u00f1o de vapor con asientos&quot;,&quot;Ba\u00f1os de vapor exclusivos&quot;]\" >\n          <div class=\"col-inner\" >\n          <a href=\"https:\/\/www.soleum.de\/wp-content\/uploads\/2017\/10\/privater-Wellnessbereich-Sauna-Dampfbad-Beitrag.jpg\" class=\"plain lightbox-gallery\">\n          <div class=\"portfolio-box box has-hover\">\n            <div class=\"box-image\" >\n                <div class=\"image-cover\" style=\"padding-top:100%;\">\n                <img loading=\"lazy\" decoding=\"async\" width=\"599\" height=\"400\" src=\"https:\/\/www.soleum.de\/wp-content\/uploads\/2017\/10\/privater-Wellnessbereich-Sauna-Dampfbad-Beitrag-599x400.jpg\" class=\"attachment-medium size-medium\" alt=\"\" srcset=\"https:\/\/www.soleum.de\/wp-content\/uploads\/2017\/10\/privater-Wellnessbereich-Sauna-Dampfbad-Beitrag-599x400.jpg 599w, https:\/\/www.soleum.de\/wp-content\/uploads\/2017\/10\/privater-Wellnessbereich-Sauna-Dampfbad-Beitrag-510x341.jpg 510w, https:\/\/www.soleum.de\/wp-content\/uploads\/2017\/10\/privater-Wellnessbereich-Sauna-Dampfbad-Beitrag.jpg 600w\" sizes=\"auto, (max-width: 599px) 100vw, 599px\" \/>                                                <\/div>\n            <\/div>\n            <div class=\"box-text text-center\" >\n                  <div class=\"box-text-inner\">\n                      <h6 class=\"uppercase portfolio-box-title\">Zona de bienestar privada<\/h6>\n                      <p class=\"uppercase portfolio-box-category is-xsmall op-6\">\n                        <span class=\"show-on-hover\">\n                         Ba\u00f1o de vapor con asientos, Ba\u00f1os de vapor exclusivos                        <\/span>\n                      <\/p>\n                  <\/div>\n            <\/div>\n           <\/div>\n           <\/a>\n           <\/div>\n           <\/div><div class=\"col\" data-terms=\"[&quot;Ba\u00f1o de vapor con asientos&quot;,&quot;Duchas de vapor m\u00e1s peque\u00f1as&quot;]\" >\n          <div class=\"col-inner\" >\n          <a href=\"https:\/\/www.soleum.de\/wp-content\/uploads\/2017\/10\/Dampfdusche-mit-Ecksitz.jpg\" class=\"plain lightbox-gallery\">\n          <div class=\"portfolio-box box has-hover\">\n            <div class=\"box-image\" >\n                <div class=\"image-cover\" style=\"padding-top:100%;\">\n                <img loading=\"lazy\" decoding=\"async\" width=\"500\" height=\"306\" src=\"https:\/\/www.soleum.de\/wp-content\/uploads\/2017\/10\/Dampfdusche-mit-Ecksitz.jpg\" class=\"attachment-medium size-medium\" alt=\"\" \/>                                                <\/div>\n            <\/div>\n            <div class=\"box-text text-center\" >\n                  <div class=\"box-text-inner\">\n                      <h6 class=\"uppercase portfolio-box-title\">Ducha de vapor con asiento esquinero<\/h6>\n                      <p class=\"uppercase portfolio-box-category is-xsmall op-6\">\n                        <span class=\"show-on-hover\">\n                         Ba\u00f1o de vapor con asientos, Duchas de vapor m\u00e1s peque\u00f1as                        <\/span>\n                      <\/p>\n                  <\/div>\n            <\/div>\n           <\/div>\n           <\/a>\n           <\/div>\n           <\/div><div class=\"col\" data-terms=\"[&quot;Ba\u00f1o de vapor con asientos&quot;]\" >\n          <div class=\"col-inner\" >\n          <a href=\"https:\/\/www.soleum.de\/wp-content\/uploads\/2017\/10\/Dampfsauna-f\u00fcr-2-Personen-beitrag.jpg\" class=\"plain lightbox-gallery\">\n          <div class=\"portfolio-box box has-hover\">\n            <div class=\"box-image\" >\n                <div class=\"image-cover\" style=\"padding-top:100%;\">\n                <img loading=\"lazy\" decoding=\"async\" width=\"429\" height=\"400\" src=\"https:\/\/www.soleum.de\/wp-content\/uploads\/2017\/10\/Dampfsauna-f\u00fcr-2-Personen-beitrag-429x400.jpg\" class=\"attachment-medium size-medium\" alt=\"\" srcset=\"https:\/\/www.soleum.de\/wp-content\/uploads\/2017\/10\/Dampfsauna-f\u00fcr-2-Personen-beitrag-429x400.jpg 429w, https:\/\/www.soleum.de\/wp-content\/uploads\/2017\/10\/Dampfsauna-f\u00fcr-2-Personen-beitrag-510x476.jpg 510w, https:\/\/www.soleum.de\/wp-content\/uploads\/2017\/10\/Dampfsauna-f\u00fcr-2-Personen-beitrag.jpg 750w\" sizes=\"auto, (max-width: 429px) 100vw, 429px\" \/>                                                <\/div>\n            <\/div>\n            <div class=\"box-text text-center\" >\n                  <div class=\"box-text-inner\">\n                      <h6 class=\"uppercase portfolio-box-title\">Sauna de vapor para 2 personas<\/h6>\n                      <p class=\"uppercase portfolio-box-category is-xsmall op-6\">\n                        <span class=\"show-on-hover\">\n                         Ba\u00f1o de vapor con asientos                        <\/span>\n                      <\/p>\n                  <\/div>\n            <\/div>\n           <\/div>\n           <\/a>\n           <\/div>\n           <\/div><div class=\"col\" data-terms=\"[&quot;Ba\u00f1o de vapor con asientos&quot;,&quot;Duchas de vapor m\u00e1s peque\u00f1as&quot;]\" >\n          <div class=\"col-inner\" >\n          <a href=\"https:\/\/www.soleum.de\/wp-content\/uploads\/2017\/10\/Dampfkabine-Beitrag.jpg\" class=\"plain lightbox-gallery\">\n          <div class=\"portfolio-box box has-hover\">\n            <div class=\"box-image\" >\n                <div class=\"image-cover\" style=\"padding-top:100%;\">\n                <img loading=\"lazy\" decoding=\"async\" width=\"500\" height=\"333\" src=\"https:\/\/www.soleum.de\/wp-content\/uploads\/2017\/10\/Dampfkabine-Beitrag.jpg\" class=\"attachment-medium size-medium\" alt=\"\" \/>                                                <\/div>\n            <\/div>\n            <div class=\"box-text text-center\" >\n                  <div class=\"box-text-inner\">\n                      <h6 class=\"uppercase portfolio-box-title\">Cabina de vapor con asientos esquineros<\/h6>\n                      <p class=\"uppercase portfolio-box-category is-xsmall op-6\">\n                        <span class=\"show-on-hover\">\n                         Ba\u00f1o de vapor con asientos, Duchas de vapor m\u00e1s peque\u00f1as                        <\/span>\n                      <\/p>\n                  <\/div>\n            <\/div>\n           <\/div>\n           <\/a>\n           <\/div>\n           <\/div><div class=\"col\" data-terms=\"[&quot;Ba\u00f1o de vapor con asientos&quot;]\" >\n          <div class=\"col-inner\" >\n          <a href=\"https:\/\/www.soleum.de\/wp-content\/uploads\/2017\/11\/Dampfbad-2-Personen-beitrag.jpg\" class=\"plain lightbox-gallery\">\n          <div class=\"portfolio-box box has-hover\">\n            <div class=\"box-image\" >\n                <div class=\"image-cover\" style=\"padding-top:100%;\">\n                <img loading=\"lazy\" decoding=\"async\" width=\"500\" height=\"333\" src=\"https:\/\/www.soleum.de\/wp-content\/uploads\/2017\/11\/Dampfbad-2-Personen-beitrag.jpg\" class=\"attachment-medium size-medium\" alt=\"\" \/>                                                <\/div>\n            <\/div>\n            <div class=\"box-text text-center\" >\n                  <div class=\"box-text-inner\">\n                      <h6 class=\"uppercase portfolio-box-title\">Ba\u00f1o de vapor para 2 personas<\/h6>\n                      <p class=\"uppercase portfolio-box-category is-xsmall op-6\">\n                        <span class=\"show-on-hover\">\n                         Ba\u00f1o de vapor con asientos                        <\/span>\n                      <\/p>\n                  <\/div>\n            <\/div>\n           <\/div>\n           <\/a>\n           <\/div>\n           <\/div><\/div><\/div>\n<\/div>\n<\/div>\n<\/div>\n<\/div>\n<p>&nbsp;<\/p>\n","protected":false},"excerpt":{"rendered":"<p>Banco para ba\u00f1o de vapor T60, profundidad del asiento aprox. 60 cm, altura del respaldo 110 cm, <strong>PREPREPARADO<\/strong> con <strong>alfombrilla calefactora<\/strong> a juego (aprox. 5 cm m\u00e1s peque\u00f1a).<\/p>\n","protected":false},"featured_media":10412,"template":"","meta":[],"product_brand":[],"product_cat":[3699],"product_tag":[3707,3703,4402,3711,3702,6002,3705,3710,3713,3708,3709],"class_list":{"0":"post-29539","1":"product","2":"type-product","3":"status-publish","4":"has-post-thumbnail","6":"product_cat-asiento-t60","7":"product_tag-asiento-de-ducha","8":"product_tag-asiento-para-bano-de-vapor","9":"product_tag-asiento-prefabricado-para-bano-turco-t60","10":"product_tag-asiento-wellness","11":"product_tag-banco-de-bano-de-vapor","12":"product_tag-banco-de-calor","13":"product_tag-banco-de-ducha","14":"product_tag-banco-wellness","15":"product_tag-banco-wellness-es","16":"product_tag-modulo-eps","17":"product_tag-modulo-spa","18":"product_shipping_class-mercancias-voluminosas","20":"first","21":"instock","22":"taxable","23":"shipping-taxable","24":"purchasable","25":"product-type-simple"},"_links":{"self":[{"href":"https:\/\/www.soleum.de\/es\/wp-json\/wp\/v2\/product\/29539","targetHints":{"allow":["GET"]}}],"collection":[{"href":"https:\/\/www.soleum.de\/es\/wp-json\/wp\/v2\/product"}],"about":[{"href":"https:\/\/www.soleum.de\/es\/wp-json\/wp\/v2\/types\/product"}],"wp:featuredmedia":[{"embeddable":true,"href":"https:\/\/www.soleum.de\/es\/wp-json\/wp\/v2\/media\/10412"}],"wp:attachment":[{"href":"https:\/\/www.soleum.de\/es\/wp-json\/wp\/v2\/media?parent=29539"}],"wp:term":[{"taxonomy":"product_brand","embeddable":true,"href":"https:\/\/www.soleum.de\/es\/wp-json\/wp\/v2\/product_brand?post=29539"},{"taxonomy":"product_cat","embeddable":true,"href":"https:\/\/www.soleum.de\/es\/wp-json\/wp\/v2\/product_cat?post=29539"},{"taxonomy":"product_tag","embeddable":true,"href":"https:\/\/www.soleum.de\/es\/wp-json\/wp\/v2\/product_tag?post=29539"}],"curies":[{"name":"wp","href":"https:\/\/api.w.org\/{rel}","templated":true}]}}