{"id":29340,"date":"2016-07-06T10:47:34","date_gmt":"2016-07-06T08:47:34","guid":{"rendered":"https:\/\/www.soleum.de\/shop\/non%20class\u00e9\/siege-de-bain-de-vapeur-t60\/"},"modified":"2024-02-23T16:33:27","modified_gmt":"2024-02-23T15:33:27","slug":"siege-de-bain-de-vapeur-t60","status":"publish","type":"product","link":"https:\/\/www.soleum.de\/fr\/shop\/bancs-de-hammam\/siege-t60\/siege-de-bain-de-vapeur-t60\/","title":{"rendered":"Si\u00e8ge de bain de vapeur T60"},"content":{"rendered":"<h1>Si\u00e8ge de bain de vapeur T60 (profondeur 60cm)<\/h1>\n<h2>Banc EPS <strong><br \/>\n  <u>Ebauche<\/u><br \/>\n<\/strong> \u00e0 carreler<\/h2>\n<ul>\n<li>non mouill\u00e9<\/li>\n<li>non carrel\u00e9<\/li>\n<li>couleur : gris<\/li>\n<li>fabriqu\u00e9 en 2 parties (partie inf\u00e9rieure et dossier s\u00e9par\u00e9s)<\/li>\n<\/ul>\n<p>Circonf\u00e9rence : env.130cm<\/p>\n<div>\n<div>\n<div><u>REMARQUE :<\/u><\/div>\n<div>Nous recommandons vivement de <u>chauffer<\/u> le si\u00e8ge de bain de vapeur T60 (ainsi que les parties de la paroi contre lesquelles on s&rsquo;appuie et la partie inf\u00e9rieure) ! --> <a href=\"https:\/\/www.soleum.de\/fr\/shop\/bancs-de-hammam\/siege-t60\/set-siege-de-bain-de-vapeur-chauffe-t60\/\">pour le si\u00e8ge de bain de vapeur chauff\u00e9<\/a><\/div>\n<div><\/div>\n<\/div>\n<\/div>\n<div>Vous avez \u00e9galement la possibilit\u00e9 de commander le si\u00e8ge d\u00e9j\u00e0 pr\u00eat avec la natte chauffante mastiqu\u00e9e. --> <a href=\"https:\/\/www.soleum.de\/fr\/shop\/bancs-de-hammam\/siege-t60\/siege-de-bain-de-vapeur-t60-pre-produit\/\">pour le si\u00e8ge de bain de vapeur pr\u00e9-produit<\/a><\/div>\n<div><\/div>\n<div><div class=\"is-divider divider clearfix\" style=\"max-width:1000px;background-color:rgb(38, 0, 172);\"><\/div>\n<h2 class=\"uppercase\">Commandez pour cela les accessoires suivants<\/h2>\n<h3 class=\"thin-font\">Tapis chauffant pour modules SPA et r\u00e9gulateurs pour une chaleur agr\u00e9able<\/h3>\nPour tous les modules SPA, nous adaptons la direction des conducteurs de chauffage afin de faciliter l'application de la natte chauffante.\n\n&nbsp;\n<blockquote>Vous avez un projet de construction important avec diff\u00e9rents modules SPA ?<\/blockquote>\nN'h\u00e9sitez pas \u00e0 nous contacter par e-mail ! Veuillez nous envoyer votre plan (plan d'ensemble) avec les dimensions. Notre service technique examine votre projet et vous soumet une offre adapt\u00e9e.\n\nSaviez-vous que nous proposons <a href=\"https:\/\/www.soleum.de\/fr\/cabine-vapeur-en-kit-pre-produit\/\">des kits pr\u00eats<\/a> \u00e0 l'emploi ? Les kits ont des prix fixes par cat\u00e9gorie de dimensions. Nous vous enverrons volontiers des informations plus d\u00e9taill\u00e9es.\n\n<ul class=\"ux-products-list product_list_widget\">\n\t\t\t\t\t<li>\n\t<a href=\"https:\/\/www.soleum.de\/fr\/shop\/tapis-chauffant-pour-bain-de-vapeur\/tapis-chauffant-pour-bain-de-vapeur-sur-mesure-horizontal\/\" title=\"Tapis chauffant pour bain de vapeur sur mesure-300W\/m2\">\n\t\t<img loading=\"lazy\" decoding=\"async\" width=\"100\" height=\"100\" src=\"https:\/\/www.soleum.de\/wp-content\/uploads\/2017\/01\/horizontale-Dampfbadheizmatte-100x100.jpg\" class=\"attachment-woocommerce_gallery_thumbnail size-woocommerce_gallery_thumbnail\" alt=\"Tapis chauffant pour bain de vapeur\" srcset=\"https:\/\/www.soleum.de\/wp-content\/uploads\/2017\/01\/horizontale-Dampfbadheizmatte-100x100.jpg 100w, https:\/\/www.soleum.de\/wp-content\/uploads\/2017\/01\/horizontale-Dampfbadheizmatte-280x280.jpg 280w\" sizes=\"auto, (max-width: 100px) 100vw, 100px\" \/>\t\t<span class=\"product-title\">Tapis chauffant pour bain de vapeur sur mesure-300W\/m2<\/span>\n\t<\/a>\n\t\t<span class=\"woocommerce-Price-amount amount\"><bdi>270,00&nbsp;<span class=\"woocommerce-Price-currencySymbol\">&euro;<\/span><\/bdi><\/span> <small class=\"woocommerce-price-suffix\">inkl. MWSt.<\/small><\/li>\n\t\t\t\t\t<li>\n\t<a href=\"https:\/\/www.soleum.de\/fr\/shop\/tapis-chauffant-pour-bain-de-vapeur\/interrupteur-thermostat-encastre-pour-tapis-chauffant\/\" title=\"Thermostat encastr\u00e9 \u00e0 interrupteur pour tapis chauffant\">\n\t\t<img loading=\"lazy\" decoding=\"async\" width=\"100\" height=\"100\" src=\"https:\/\/www.soleum.de\/wp-content\/uploads\/2018\/09\/Schaltereinbauthermostat_Heizmatten-100x100.jpg\" class=\"attachment-woocommerce_gallery_thumbnail size-woocommerce_gallery_thumbnail\" alt=\"Thermostat encastr\u00e9 \u00e0 interrupteur pour tapis chauffant\" srcset=\"https:\/\/www.soleum.de\/wp-content\/uploads\/2018\/09\/Schaltereinbauthermostat_Heizmatten-100x100.jpg 100w, https:\/\/www.soleum.de\/wp-content\/uploads\/2018\/09\/Schaltereinbauthermostat_Heizmatten-280x280.jpg 280w\" sizes=\"auto, (max-width: 100px) 100vw, 100px\" \/>\t\t<span class=\"product-title\">Thermostat encastr\u00e9 \u00e0 interrupteur pour tapis chauffant<\/span>\n\t<\/a>\n\t\t<span class=\"woocommerce-Price-amount amount\"><bdi>149,00&nbsp;<span class=\"woocommerce-Price-currencySymbol\">&euro;<\/span><\/bdi><\/span> <small class=\"woocommerce-price-suffix\">inkl. MWSt.<\/small><\/li>\n\t\t\n\t\t<\/ul>\n\n<div class=\"is-divider divider clearfix\" style=\"max-width:1000px;background-color:rgb(38, 0, 172);\"><\/div><\/div>\n<div><\/div>\n<div>\n<div>\n<div>Ces formes de si\u00e8ge conviennent parfaitement comme <strong>si\u00e8ge de douche \u00e0 carreler<\/strong>. Au lieu des si\u00e8ges rabattables filigranes habituels, vous avez ici un si\u00e8ge de hammam tr\u00e8s robuste que vous pouvez chauffer et carreler. Cette banquette de hammam n&rsquo;est pas seulement esth\u00e9tique, elle est aussi tr\u00e8s confortable.<\/div>\n<div><\/div>\n<\/div>\n<\/div>\n<div>\n<h1><span class=\"fancy-underline\">Service de d\u00e9coupe !<\/span><\/h1>\n<\/div>\n<div>Ce banc de hammam existe en diff\u00e9rentes longueurs. Veuillez indiquer ci-dessus la mesure de longueur souhait\u00e9e en \u00ab\u00a0cm\u00a0\u00bb. Le calcul minimum est de 100 cm.<\/div>\n<div><\/div>\n<div>En raison de leur encombrement, les pi\u00e8ces moul\u00e9es sont <strong>en plusieurs parties<\/strong>, mais coup\u00e9es \u00e0 la longueur totale que vous souhaitez (par exemple 126 cm).<\/div>\n<div>Si votre niche de hammam est par ex. 130cm, choisissez toujours un si\u00e8ge de bain de vapeur d&rsquo;environ 2cm plus petit !<\/div>\n<p>&nbsp;<\/p>\n<p style=\"text-align: center;\">Vous pouvez \u00e9galement combiner le banc de hammam T60 avec d&rsquo;autres si\u00e8ges &#8211; en fonction de la taille de votre hammam (minimum recommand\u00e9 : 180cm). Ici, vous voyez une combinaison avec une chaise longue :<\/p>\n<p><img loading=\"lazy\" decoding=\"async\" class=\"size-full wp-image-5146 aligncenter\" src=\"http:\/\/www.dampfbad.at\/wp-content\/uploads\/LI-GK-T60_klein.jpg\" alt=\"Combinaison si\u00e8ge de bain de vapeur T60 avec chaise longue\" width=\"800\" height=\"392\"><\/p>\n<p>&nbsp;<\/p>\n<div>\n<div>\n<div>\n<div>Pour toute question &gt;<a href=\"https:\/\/www.soleum.de\/fr\/contact\/\">contactez<\/a>&lt; s&rsquo;il vous pla\u00eet !<\/div>\n<\/div>\n<\/div>\n<\/div>\n<div>\n<div>\n<div><\/div>\n<div class=\"container section-title-container\" ><h3 class=\"section-title section-title-center\"><b aria-hidden=\"true\"><\/b><span class=\"section-title-main\" ><i class=\"icon-star\" aria-hidden=\"true\"><\/i>Images de projets de diff\u00e9rentes formes de si\u00e8ges<\/span><b aria-hidden=\"true\"><\/b><\/h3><\/div>\n<div id=\"portfolio-1363268526\" class=\"portfolio-element-wrapper has-filtering\">\n  \n    <div class=\"row large-columns-4 medium-columns-3 small-columns-2 row-small slider row-slider slider-nav-reveal slider-nav-push\"  data-flickity-options='{&quot;imagesLoaded&quot;: true, &quot;groupCells&quot;: &quot;100%&quot;, &quot;dragThreshold&quot; : 5, &quot;cellAlign&quot;: &quot;left&quot;,&quot;wrapAround&quot;: true,&quot;prevNextButtons&quot;: true,&quot;percentPosition&quot;: true,&quot;pageDots&quot;: false, &quot;rightToLeft&quot;: false, &quot;autoPlay&quot; : false}' >\n\n    <div class=\"col\" data-terms=\"[&quot;Bain de vapeur avec si\u00e8ges&quot;]\" >\n          <div class=\"col-inner\" >\n          <a href=\"https:\/\/www.soleum.de\/wp-content\/uploads\/2020\/03\/Dampfbad-mit-Gewoelbedach-Beitrag.jpg\" class=\"plain lightbox-gallery\">\n          <div class=\"portfolio-box box has-hover\">\n            <div class=\"box-image\" >\n                <div class=\"image-cover\" style=\"padding-top:100%;\">\n                <img loading=\"lazy\" decoding=\"async\" width=\"500\" height=\"334\" src=\"https:\/\/www.soleum.de\/wp-content\/uploads\/2020\/03\/Dampfbad-mit-Gewoelbedach-Beitrag.jpg\" class=\"attachment-medium size-medium\" alt=\"\" \/>                                                <\/div>\n            <\/div>\n            <div class=\"box-text text-center\" >\n                  <div class=\"box-text-inner\">\n                      <h6 class=\"uppercase portfolio-box-title\">Bain de vapeur avec toit vo\u00fbt\u00e9<\/h6>\n                      <p class=\"uppercase portfolio-box-category is-xsmall op-6\">\n                        <span class=\"show-on-hover\">\n                         Bain de vapeur avec si\u00e8ges                        <\/span>\n                      <\/p>\n                  <\/div>\n            <\/div>\n           <\/div>\n           <\/a>\n           <\/div>\n           <\/div><div class=\"col\" data-terms=\"[&quot;Bain de vapeur avec si\u00e8ges&quot;,&quot;Petites douches \u00e0 vapeur&quot;]\" >\n          <div class=\"col-inner\" >\n          <a href=\"https:\/\/www.soleum.de\/wp-content\/uploads\/2017\/12\/Begehbare_Dusche_mit_Sitzbank-beitrag.jpg\" class=\"plain lightbox-gallery\">\n          <div class=\"portfolio-box box has-hover\">\n            <div class=\"box-image\" >\n                <div class=\"image-cover\" style=\"padding-top:100%;\">\n                <img loading=\"lazy\" decoding=\"async\" width=\"500\" height=\"390\" src=\"https:\/\/www.soleum.de\/wp-content\/uploads\/2017\/12\/Begehbare_Dusche_mit_Sitzbank-beitrag.jpg\" class=\"attachment-medium size-medium\" alt=\"\" \/>                                                <\/div>\n            <\/div>\n            <div class=\"box-text text-center\" >\n                  <div class=\"box-text-inner\">\n                      <h6 class=\"uppercase portfolio-box-title\">Douche accessible avec banc<\/h6>\n                      <p class=\"uppercase portfolio-box-category is-xsmall op-6\">\n                        <span class=\"show-on-hover\">\n                         Bain de vapeur avec si\u00e8ges, Petites douches \u00e0 vapeur                        <\/span>\n                      <\/p>\n                  <\/div>\n            <\/div>\n           <\/div>\n           <\/a>\n           <\/div>\n           <\/div><div class=\"col\" data-terms=\"[&quot;Bain de vapeur avec chaises longues&quot;,&quot;Bain de vapeur avec si\u00e8ges&quot;]\" >\n          <div class=\"col-inner\" >\n          <a href=\"https:\/\/www.soleum.de\/wp-content\/uploads\/2018\/03\/Dampfbad_mit_Kuppeldach-Beitrag.jpg\" class=\"plain lightbox-gallery\">\n          <div class=\"portfolio-box box has-hover\">\n            <div class=\"box-image\" >\n                <div class=\"image-cover\" style=\"padding-top:100%;\">\n                <img loading=\"lazy\" decoding=\"async\" width=\"500\" height=\"332\" src=\"https:\/\/www.soleum.de\/wp-content\/uploads\/2018\/03\/Dampfbad_mit_Kuppeldach-Beitrag.jpg\" class=\"attachment-medium size-medium\" alt=\"\" \/>                                                <\/div>\n            <\/div>\n            <div class=\"box-text text-center\" >\n                  <div class=\"box-text-inner\">\n                      <h6 class=\"uppercase portfolio-box-title\">Bain de vapeur avec toit en d\u00f4me<\/h6>\n                      <p class=\"uppercase portfolio-box-category is-xsmall op-6\">\n                        <span class=\"show-on-hover\">\n                         Bain de vapeur avec chaises longues, Bain de vapeur avec si\u00e8ges                        <\/span>\n                      <\/p>\n                  <\/div>\n            <\/div>\n           <\/div>\n           <\/a>\n           <\/div>\n           <\/div><div class=\"col\" data-terms=\"[&quot;Bain de vapeur avec si\u00e8ges&quot;]\" >\n          <div class=\"col-inner\" >\n          <a href=\"https:\/\/www.soleum.de\/wp-content\/uploads\/2017\/12\/geflieste_Dampfkabine-02.jpg\" class=\"plain lightbox-gallery\">\n          <div class=\"portfolio-box box has-hover\">\n            <div class=\"box-image\" >\n                <div class=\"image-cover\" style=\"padding-top:100%;\">\n                <img loading=\"lazy\" decoding=\"async\" width=\"300\" height=\"400\" src=\"https:\/\/www.soleum.de\/wp-content\/uploads\/2017\/12\/geflieste_Dampfkabine-02-300x400.jpg\" class=\"attachment-medium size-medium\" alt=\"\" srcset=\"https:\/\/www.soleum.de\/wp-content\/uploads\/2017\/12\/geflieste_Dampfkabine-02-300x400.jpg 300w, https:\/\/www.soleum.de\/wp-content\/uploads\/2017\/12\/geflieste_Dampfkabine-02-510x680.jpg 510w, https:\/\/www.soleum.de\/wp-content\/uploads\/2017\/12\/geflieste_Dampfkabine-02-600x800.jpg 600w, https:\/\/www.soleum.de\/wp-content\/uploads\/2017\/12\/geflieste_Dampfkabine-02.jpg 750w\" sizes=\"auto, (max-width: 300px) 100vw, 300px\" \/>                                                <\/div>\n            <\/div>\n            <div class=\"box-text text-center\" >\n                  <div class=\"box-text-inner\">\n                      <h6 class=\"uppercase portfolio-box-title\">cabine de vapeur carrel\u00e9e<\/h6>\n                      <p class=\"uppercase portfolio-box-category is-xsmall op-6\">\n                        <span class=\"show-on-hover\">\n                         Bain de vapeur avec si\u00e8ges                        <\/span>\n                      <\/p>\n                  <\/div>\n            <\/div>\n           <\/div>\n           <\/a>\n           <\/div>\n           <\/div><div class=\"col\" data-terms=\"[&quot;Bain de vapeur avec si\u00e8ges&quot;]\" >\n          <div class=\"col-inner\" >\n          <a href=\"https:\/\/www.soleum.de\/wp-content\/uploads\/2018\/04\/Dampfdusche-mit-W\u00e4rmebank-04.jpg\" class=\"plain lightbox-gallery\">\n          <div class=\"portfolio-box box has-hover\">\n            <div class=\"box-image\" >\n                <div class=\"image-cover\" style=\"padding-top:100%;\">\n                <img loading=\"lazy\" decoding=\"async\" width=\"500\" height=\"333\" src=\"https:\/\/www.soleum.de\/wp-content\/uploads\/2018\/04\/Dampfdusche-mit-W\u00e4rmebank-04.jpg\" class=\"attachment-medium size-medium\" alt=\"\" \/>                                                <\/div>\n            <\/div>\n            <div class=\"box-text text-center\" >\n                  <div class=\"box-text-inner\">\n                      <h6 class=\"uppercase portfolio-box-title\">Douche \u00e0 vapeur avec banc chauffant<\/h6>\n                      <p class=\"uppercase portfolio-box-category is-xsmall op-6\">\n                        <span class=\"show-on-hover\">\n                         Bain de vapeur avec si\u00e8ges                        <\/span>\n                      <\/p>\n                  <\/div>\n            <\/div>\n           <\/div>\n           <\/a>\n           <\/div>\n           <\/div><div class=\"col\" data-terms=\"[&quot;Bain de vapeur avec si\u00e8ges&quot;]\" >\n          <div class=\"col-inner\" >\n          <a href=\"https:\/\/www.soleum.de\/wp-content\/uploads\/2018\/07\/Dampfdusche-selbst-bauen-beitrag.jpg\" class=\"plain lightbox-gallery\">\n          <div class=\"portfolio-box box has-hover\">\n            <div class=\"box-image\" >\n                <div class=\"image-cover\" style=\"padding-top:100%;\">\n                <img loading=\"lazy\" decoding=\"async\" width=\"500\" height=\"332\" src=\"https:\/\/www.soleum.de\/wp-content\/uploads\/2018\/07\/Dampfdusche-selbst-bauen-beitrag.jpg\" class=\"attachment-medium size-medium\" alt=\"\" \/>                                                <\/div>\n            <\/div>\n            <div class=\"box-text text-center\" >\n                  <div class=\"box-text-inner\">\n                      <h6 class=\"uppercase portfolio-box-title\">Construire sa douche \u00e0 vapeur soi-m\u00eame<\/h6>\n                      <p class=\"uppercase portfolio-box-category is-xsmall op-6\">\n                        <span class=\"show-on-hover\">\n                         Bain de vapeur avec si\u00e8ges                        <\/span>\n                      <\/p>\n                  <\/div>\n            <\/div>\n           <\/div>\n           <\/a>\n           <\/div>\n           <\/div><div class=\"col\" data-terms=\"[&quot;Bain de vapeur avec si\u00e8ges&quot;]\" >\n          <div class=\"col-inner\" >\n          <a href=\"https:\/\/www.soleum.de\/wp-content\/uploads\/2018\/09\/Dampfbad-mit-Glasw\u00e4nden_Beitrag.jpg\" class=\"plain lightbox-gallery\">\n          <div class=\"portfolio-box box has-hover\">\n            <div class=\"box-image\" >\n                <div class=\"image-cover\" style=\"padding-top:100%;\">\n                <img loading=\"lazy\" decoding=\"async\" width=\"500\" height=\"375\" src=\"https:\/\/www.soleum.de\/wp-content\/uploads\/2018\/09\/Dampfbad-mit-Glasw\u00e4nden_Beitrag.jpg\" class=\"attachment-medium size-medium\" alt=\"\" \/>                                                <\/div>\n            <\/div>\n            <div class=\"box-text text-center\" >\n                  <div class=\"box-text-inner\">\n                      <h6 class=\"uppercase portfolio-box-title\">Bain de vapeur avec parois en verre<\/h6>\n                      <p class=\"uppercase portfolio-box-category is-xsmall op-6\">\n                        <span class=\"show-on-hover\">\n                         Bain de vapeur avec si\u00e8ges                        <\/span>\n                      <\/p>\n                  <\/div>\n            <\/div>\n           <\/div>\n           <\/a>\n           <\/div>\n           <\/div><div class=\"col\" data-terms=\"[&quot;Bain de vapeur avec chaises longues&quot;,&quot;Bain de vapeur avec si\u00e8ges&quot;]\" >\n          <div class=\"col-inner\" >\n          <a href=\"https:\/\/www.soleum.de\/wp-content\/uploads\/2018\/09\/barrierefreies-Dampfbad-beitrag.jpg\" class=\"plain lightbox-gallery\">\n          <div class=\"portfolio-box box has-hover\">\n            <div class=\"box-image\" >\n                <div class=\"image-cover\" style=\"padding-top:100%;\">\n                <img loading=\"lazy\" decoding=\"async\" width=\"500\" height=\"375\" src=\"https:\/\/www.soleum.de\/wp-content\/uploads\/2018\/09\/barrierefreies-Dampfbad-beitrag.jpg\" class=\"attachment-medium size-medium\" alt=\"bain de vapeur accessible\" \/>                                                <\/div>\n            <\/div>\n            <div class=\"box-text text-center\" >\n                  <div class=\"box-text-inner\">\n                      <h6 class=\"uppercase portfolio-box-title\">bain de vapeur accessible<\/h6>\n                      <p class=\"uppercase portfolio-box-category is-xsmall op-6\">\n                        <span class=\"show-on-hover\">\n                         Bain de vapeur avec chaises longues, Bain de vapeur avec si\u00e8ges                        <\/span>\n                      <\/p>\n                  <\/div>\n            <\/div>\n           <\/div>\n           <\/a>\n           <\/div>\n           <\/div><div class=\"col\" data-terms=\"[&quot;Bain de vapeur avec si\u00e8ges&quot;]\" >\n          <div class=\"col-inner\" >\n          <a href=\"https:\/\/www.soleum.de\/wp-content\/uploads\/2019\/03\/geflieste_Dampfdusche_in_Wien003.jpg\" class=\"plain lightbox-gallery\">\n          <div class=\"portfolio-box box has-hover\">\n            <div class=\"box-image\" >\n                <div class=\"image-cover\" style=\"padding-top:100%;\">\n                <img loading=\"lazy\" decoding=\"async\" width=\"600\" height=\"400\" src=\"https:\/\/www.soleum.de\/wp-content\/uploads\/2019\/03\/geflieste_Dampfdusche_in_Wien003-600x400.jpg\" class=\"attachment-medium size-medium\" alt=\"\" srcset=\"https:\/\/www.soleum.de\/wp-content\/uploads\/2019\/03\/geflieste_Dampfdusche_in_Wien003-600x400.jpg 600w, https:\/\/www.soleum.de\/wp-content\/uploads\/2019\/03\/geflieste_Dampfdusche_in_Wien003-768x512.jpg 768w, https:\/\/www.soleum.de\/wp-content\/uploads\/2019\/03\/geflieste_Dampfdusche_in_Wien003-510x340.jpg 510w, https:\/\/www.soleum.de\/wp-content\/uploads\/2019\/03\/geflieste_Dampfdusche_in_Wien003.jpg 900w\" sizes=\"auto, (max-width: 600px) 100vw, 600px\" \/>                                                <\/div>\n            <\/div>\n            <div class=\"box-text text-center\" >\n                  <div class=\"box-text-inner\">\n                      <h6 class=\"uppercase portfolio-box-title\">douche \u00e0 vapeur carrel\u00e9e \u00e0 Vienne<\/h6>\n                      <p class=\"uppercase portfolio-box-category is-xsmall op-6\">\n                        <span class=\"show-on-hover\">\n                         Bain de vapeur avec si\u00e8ges                        <\/span>\n                      <\/p>\n                  <\/div>\n            <\/div>\n           <\/div>\n           <\/a>\n           <\/div>\n           <\/div><div class=\"col\" data-terms=\"[&quot;Bain de vapeur avec si\u00e8ges&quot;,&quot;Bain de vapeur dans la pente du toit&quot;]\" >\n          <div class=\"col-inner\" >\n          <a href=\"https:\/\/www.soleum.de\/wp-content\/uploads\/2019\/03\/Dampfbadsitz-T75-beitrag.jpg\" class=\"plain lightbox-gallery\">\n          <div class=\"portfolio-box box has-hover\">\n            <div class=\"box-image\" >\n                <div class=\"image-cover\" style=\"padding-top:100%;\">\n                <img loading=\"lazy\" decoding=\"async\" width=\"577\" height=\"400\" src=\"https:\/\/www.soleum.de\/wp-content\/uploads\/2019\/03\/Dampfbadsitz-T75-beitrag-577x400.jpg\" class=\"attachment-medium size-medium\" alt=\"\" srcset=\"https:\/\/www.soleum.de\/wp-content\/uploads\/2019\/03\/Dampfbadsitz-T75-beitrag-577x400.jpg 577w, https:\/\/www.soleum.de\/wp-content\/uploads\/2019\/03\/Dampfbadsitz-T75-beitrag-510x354.jpg 510w, https:\/\/www.soleum.de\/wp-content\/uploads\/2019\/03\/Dampfbadsitz-T75-beitrag.jpg 721w\" sizes=\"auto, (max-width: 577px) 100vw, 577px\" \/>                                                <\/div>\n            <\/div>\n            <div class=\"box-text text-center\" >\n                  <div class=\"box-text-inner\">\n                      <h6 class=\"uppercase portfolio-box-title\">Douche \u00e0 vapeur dans une pente de toit<\/h6>\n                      <p class=\"uppercase portfolio-box-category is-xsmall op-6\">\n                        <span class=\"show-on-hover\">\n                         Bain de vapeur avec si\u00e8ges, Bain de vapeur dans la pente du toit                        <\/span>\n                      <\/p>\n                  <\/div>\n            <\/div>\n           <\/div>\n           <\/a>\n           <\/div>\n           <\/div><div class=\"col\" data-terms=\"[&quot;Bain de vapeur avec chaises longues&quot;,&quot;Bain de vapeur avec si\u00e8ges&quot;]\" >\n          <div class=\"col-inner\" >\n          <a href=\"https:\/\/www.soleum.de\/wp-content\/uploads\/2019\/03\/Dampfsauna-Niederoesterreich-beitrag.jpg\" class=\"plain lightbox-gallery\">\n          <div class=\"portfolio-box box has-hover\">\n            <div class=\"box-image\" >\n                <div class=\"image-cover\" style=\"padding-top:100%;\">\n                <img loading=\"lazy\" decoding=\"async\" width=\"500\" height=\"333\" src=\"https:\/\/www.soleum.de\/wp-content\/uploads\/2019\/03\/Dampfsauna-Niederoesterreich-beitrag.jpg\" class=\"attachment-medium size-medium\" alt=\"\" \/>                                                <\/div>\n            <\/div>\n            <div class=\"box-text text-center\" >\n                  <div class=\"box-text-inner\">\n                      <h6 class=\"uppercase portfolio-box-title\">Sauna \u00e0 vapeur Basse-Autriche<\/h6>\n                      <p class=\"uppercase portfolio-box-category is-xsmall op-6\">\n                        <span class=\"show-on-hover\">\n                         Bain de vapeur avec chaises longues, Bain de vapeur avec si\u00e8ges                        <\/span>\n                      <\/p>\n                  <\/div>\n            <\/div>\n           <\/div>\n           <\/a>\n           <\/div>\n           <\/div><div class=\"col\" data-terms=\"[&quot;Bain de vapeur avec si\u00e8ges&quot;]\" >\n          <div class=\"col-inner\" >\n          <a href=\"https:\/\/www.soleum.de\/wp-content\/uploads\/2020\/02\/soleum-Dampfdusche-18.jpg\" class=\"plain lightbox-gallery\">\n          <div class=\"portfolio-box box has-hover\">\n            <div class=\"box-image\" >\n                <div class=\"image-cover\" style=\"padding-top:100%;\">\n                <img loading=\"lazy\" decoding=\"async\" width=\"533\" height=\"400\" src=\"https:\/\/www.soleum.de\/wp-content\/uploads\/2020\/02\/soleum-Dampfdusche-18-533x400.jpg\" class=\"attachment-medium size-medium\" alt=\"\" srcset=\"https:\/\/www.soleum.de\/wp-content\/uploads\/2020\/02\/soleum-Dampfdusche-18-533x400.jpg 533w, https:\/\/www.soleum.de\/wp-content\/uploads\/2020\/02\/soleum-Dampfdusche-18-768x576.jpg 768w, https:\/\/www.soleum.de\/wp-content\/uploads\/2020\/02\/soleum-Dampfdusche-18-510x383.jpg 510w, https:\/\/www.soleum.de\/wp-content\/uploads\/2020\/02\/soleum-Dampfdusche-18.jpg 1000w\" sizes=\"auto, (max-width: 533px) 100vw, 533px\" \/>                                                <\/div>\n            <\/div>\n            <div class=\"box-text text-center\" >\n                  <div class=\"box-text-inner\">\n                      <h6 class=\"uppercase portfolio-box-title\">Douche \u00e0 vapeur Soleum<\/h6>\n                      <p class=\"uppercase portfolio-box-category is-xsmall op-6\">\n                        <span class=\"show-on-hover\">\n                         Bain de vapeur avec si\u00e8ges                        <\/span>\n                      <\/p>\n                  <\/div>\n            <\/div>\n           <\/div>\n           <\/a>\n           <\/div>\n           <\/div><div class=\"col\" data-terms=\"[&quot;Bain de vapeur avec si\u00e8ges&quot;,&quot;Bains de vapeur exclusifs&quot;]\" >\n          <div class=\"col-inner\" >\n          <a href=\"https:\/\/www.soleum.de\/wp-content\/uploads\/2020\/02\/soledampfbad-Deutschland-8.jpg\" class=\"plain lightbox-gallery\">\n          <div class=\"portfolio-box box has-hover\">\n            <div class=\"box-image\" >\n                <div class=\"image-cover\" style=\"padding-top:100%;\">\n                <img loading=\"lazy\" decoding=\"async\" width=\"533\" height=\"400\" src=\"https:\/\/www.soleum.de\/wp-content\/uploads\/2020\/02\/soledampfbad-Deutschland-8-533x400.jpg\" class=\"attachment-medium size-medium\" alt=\"\" srcset=\"https:\/\/www.soleum.de\/wp-content\/uploads\/2020\/02\/soledampfbad-Deutschland-8-533x400.jpg 533w, https:\/\/www.soleum.de\/wp-content\/uploads\/2020\/02\/soledampfbad-Deutschland-8-768x576.jpg 768w, https:\/\/www.soleum.de\/wp-content\/uploads\/2020\/02\/soledampfbad-Deutschland-8-510x383.jpg 510w, https:\/\/www.soleum.de\/wp-content\/uploads\/2020\/02\/soledampfbad-Deutschland-8.jpg 1000w\" sizes=\"auto, (max-width: 533px) 100vw, 533px\" \/>                                                <\/div>\n            <\/div>\n            <div class=\"box-text text-center\" >\n                  <div class=\"box-text-inner\">\n                      <h6 class=\"uppercase portfolio-box-title\">Bains de vapeur salins-Allemagne<\/h6>\n                      <p class=\"uppercase portfolio-box-category is-xsmall op-6\">\n                        <span class=\"show-on-hover\">\n                         Bain de vapeur avec si\u00e8ges, Bains de vapeur exclusifs                        <\/span>\n                      <\/p>\n                  <\/div>\n            <\/div>\n           <\/div>\n           <\/a>\n           <\/div>\n           <\/div><div class=\"col\" data-terms=\"[&quot;Bain de vapeur avec si\u00e8ges&quot;]\" >\n          <div class=\"col-inner\" >\n          <a href=\"https:\/\/www.soleum.de\/wp-content\/uploads\/2019\/12\/SOLEUM-Dampfbad-Deutschland-006.jpg\" class=\"plain lightbox-gallery\">\n          <div class=\"portfolio-box box has-hover\">\n            <div class=\"box-image\" >\n                <div class=\"image-cover\" style=\"padding-top:100%;\">\n                <img loading=\"lazy\" decoding=\"async\" width=\"533\" height=\"400\" src=\"https:\/\/www.soleum.de\/wp-content\/uploads\/2019\/12\/SOLEUM-Dampfbad-Deutschland-006-533x400.jpg\" class=\"attachment-medium size-medium\" alt=\"\" srcset=\"https:\/\/www.soleum.de\/wp-content\/uploads\/2019\/12\/SOLEUM-Dampfbad-Deutschland-006-533x400.jpg 533w, https:\/\/www.soleum.de\/wp-content\/uploads\/2019\/12\/SOLEUM-Dampfbad-Deutschland-006-768x576.jpg 768w, https:\/\/www.soleum.de\/wp-content\/uploads\/2019\/12\/SOLEUM-Dampfbad-Deutschland-006-510x383.jpg 510w, https:\/\/www.soleum.de\/wp-content\/uploads\/2019\/12\/SOLEUM-Dampfbad-Deutschland-006.jpg 800w\" sizes=\"auto, (max-width: 533px) 100vw, 533px\" \/>                                                <\/div>\n            <\/div>\n            <div class=\"box-text text-center\" >\n                  <div class=\"box-text-inner\">\n                      <h6 class=\"uppercase portfolio-box-title\">Bain de vapeur Allemagne<\/h6>\n                      <p class=\"uppercase portfolio-box-category is-xsmall op-6\">\n                        <span class=\"show-on-hover\">\n                         Bain de vapeur avec si\u00e8ges                        <\/span>\n                      <\/p>\n                  <\/div>\n            <\/div>\n           <\/div>\n           <\/a>\n           <\/div>\n           <\/div><div class=\"col\" data-terms=\"[&quot;Bain de vapeur avec si\u00e8ges&quot;]\" >\n          <div class=\"col-inner\" >\n          <a href=\"https:\/\/www.soleum.de\/wp-content\/uploads\/2017\/12\/Dampfdusche_mit_Duschsitz-beitrag.jpg\" class=\"plain lightbox-gallery\">\n          <div class=\"portfolio-box box has-hover\">\n            <div class=\"box-image\" >\n                <div class=\"image-cover\" style=\"padding-top:100%;\">\n                <img loading=\"lazy\" decoding=\"async\" width=\"500\" height=\"333\" src=\"https:\/\/www.soleum.de\/wp-content\/uploads\/2017\/12\/Dampfdusche_mit_Duschsitz-beitrag.jpg\" class=\"attachment-medium size-medium\" alt=\"\" \/>                                                <\/div>\n            <\/div>\n            <div class=\"box-text text-center\" >\n                  <div class=\"box-text-inner\">\n                      <h6 class=\"uppercase portfolio-box-title\">Douche \u00e0 vapeur avec si\u00e8ge de douche<\/h6>\n                      <p class=\"uppercase portfolio-box-category is-xsmall op-6\">\n                        <span class=\"show-on-hover\">\n                         Bain de vapeur avec si\u00e8ges                        <\/span>\n                      <\/p>\n                  <\/div>\n            <\/div>\n           <\/div>\n           <\/a>\n           <\/div>\n           <\/div><div class=\"col\" data-terms=\"[&quot;Bain de vapeur avec chaises longues&quot;,&quot;Bain de vapeur avec si\u00e8ges&quot;,&quot;Bains de vapeur exclusifs&quot;]\" >\n          <div class=\"col-inner\" >\n          <a href=\"https:\/\/www.soleum.de\/wp-content\/uploads\/2020\/10\/Soledampfbad-Deutschland-1.jpg\" class=\"plain lightbox-gallery\">\n          <div class=\"portfolio-box box has-hover\">\n            <div class=\"box-image\" >\n                <div class=\"image-cover\" style=\"padding-top:100%;\">\n                <img loading=\"lazy\" decoding=\"async\" width=\"600\" height=\"400\" src=\"https:\/\/www.soleum.de\/wp-content\/uploads\/2020\/10\/Soledampfbad-Deutschland-1-600x400.jpg\" class=\"attachment-medium size-medium\" alt=\"\" srcset=\"https:\/\/www.soleum.de\/wp-content\/uploads\/2020\/10\/Soledampfbad-Deutschland-1-600x400.jpg 600w, https:\/\/www.soleum.de\/wp-content\/uploads\/2020\/10\/Soledampfbad-Deutschland-1-768x512.jpg 768w, https:\/\/www.soleum.de\/wp-content\/uploads\/2020\/10\/Soledampfbad-Deutschland-1-510x340.jpg 510w, https:\/\/www.soleum.de\/wp-content\/uploads\/2020\/10\/Soledampfbad-Deutschland-1.jpg 1000w\" sizes=\"auto, (max-width: 600px) 100vw, 600px\" \/>                                                <\/div>\n            <\/div>\n            <div class=\"box-text text-center\" >\n                  <div class=\"box-text-inner\">\n                      <h6 class=\"uppercase portfolio-box-title\">Bain de vapeur d&rsquo;eau sal\u00e9e pour 4 personnes pr\u00e8s de Cologne<\/h6>\n                      <p class=\"uppercase portfolio-box-category is-xsmall op-6\">\n                        <span class=\"show-on-hover\">\n                         Bain de vapeur avec chaises longues, Bain de vapeur avec si\u00e8ges, Bains de vapeur exclusifs                        <\/span>\n                      <\/p>\n                  <\/div>\n            <\/div>\n           <\/div>\n           <\/a>\n           <\/div>\n           <\/div><div class=\"col\" data-terms=\"[&quot;Bain de vapeur avec chaises longues&quot;,&quot;Bain de vapeur avec si\u00e8ges&quot;,&quot;Bains de vapeur exclusifs&quot;]\" >\n          <div class=\"col-inner\" >\n          <a href=\"https:\/\/www.soleum.de\/wp-content\/uploads\/2020\/07\/Dampfbad-in-Poolhalle-beitrag.jpg\" class=\"plain lightbox-gallery\">\n          <div class=\"portfolio-box box has-hover\">\n            <div class=\"box-image\" >\n                <div class=\"image-cover\" style=\"padding-top:100%;\">\n                <img loading=\"lazy\" decoding=\"async\" width=\"500\" height=\"375\" src=\"https:\/\/www.soleum.de\/wp-content\/uploads\/2020\/07\/Dampfbad-in-Poolhalle-beitrag.jpg\" class=\"attachment-medium size-medium\" alt=\"\" \/>                                                <\/div>\n            <\/div>\n            <div class=\"box-text text-center\" >\n                  <div class=\"box-text-inner\">\n                      <h6 class=\"uppercase portfolio-box-title\">Bain de vapeur dans le hall de la piscine \/ pool house<\/h6>\n                      <p class=\"uppercase portfolio-box-category is-xsmall op-6\">\n                        <span class=\"show-on-hover\">\n                         Bain de vapeur avec chaises longues, Bain de vapeur avec si\u00e8ges, Bains de vapeur exclusifs                        <\/span>\n                      <\/p>\n                  <\/div>\n            <\/div>\n           <\/div>\n           <\/a>\n           <\/div>\n           <\/div><div class=\"col\" data-terms=\"[&quot;Bain de vapeur avec chaises longues&quot;,&quot;Bain de vapeur avec si\u00e8ges&quot;,&quot;Bains de vapeur exclusifs&quot;]\" >\n          <div class=\"col-inner\" >\n          <a href=\"https:\/\/www.soleum.de\/wp-content\/uploads\/2020\/10\/Wellnessbereich-im-Keller-mit-Soleum-Dampfbad-Beitrag.jpg\" class=\"plain lightbox-gallery\">\n          <div class=\"portfolio-box box has-hover\">\n            <div class=\"box-image\" >\n                <div class=\"image-cover\" style=\"padding-top:100%;\">\n                <img loading=\"lazy\" decoding=\"async\" width=\"600\" height=\"399\" src=\"https:\/\/www.soleum.de\/wp-content\/uploads\/2020\/10\/Wellnessbereich-im-Keller-mit-Soleum-Dampfbad-Beitrag.jpg\" class=\"attachment-medium size-medium\" alt=\"\" srcset=\"https:\/\/www.soleum.de\/wp-content\/uploads\/2020\/10\/Wellnessbereich-im-Keller-mit-Soleum-Dampfbad-Beitrag.jpg 600w, https:\/\/www.soleum.de\/wp-content\/uploads\/2020\/10\/Wellnessbereich-im-Keller-mit-Soleum-Dampfbad-Beitrag-510x339.jpg 510w\" sizes=\"auto, (max-width: 600px) 100vw, 600px\" \/>                                                <\/div>\n            <\/div>\n            <div class=\"box-text text-center\" >\n                  <div class=\"box-text-inner\">\n                      <h6 class=\"uppercase portfolio-box-title\">Bain de vapeur au lieu du sauna !<\/h6>\n                      <p class=\"uppercase portfolio-box-category is-xsmall op-6\">\n                        <span class=\"show-on-hover\">\n                         Bain de vapeur avec chaises longues, Bain de vapeur avec si\u00e8ges, Bains de vapeur exclusifs                        <\/span>\n                      <\/p>\n                  <\/div>\n            <\/div>\n           <\/div>\n           <\/a>\n           <\/div>\n           <\/div><div class=\"col\" data-terms=\"[&quot;Bain de vapeur avec si\u00e8ges&quot;]\" >\n          <div class=\"col-inner\" >\n          <a href=\"https:\/\/www.soleum.de\/wp-content\/uploads\/2021\/04\/Geflieste-Dampfdusche-fuer-2-Personen-Beitrag.jpg\" class=\"plain lightbox-gallery\">\n          <div class=\"portfolio-box box has-hover\">\n            <div class=\"box-image\" >\n                <div class=\"image-cover\" style=\"padding-top:100%;\">\n                <img loading=\"lazy\" decoding=\"async\" width=\"500\" height=\"375\" src=\"https:\/\/www.soleum.de\/wp-content\/uploads\/2021\/04\/Geflieste-Dampfdusche-fuer-2-Personen-Beitrag.jpg\" class=\"attachment-medium size-medium\" alt=\"\" \/>                                                <\/div>\n            <\/div>\n            <div class=\"box-text text-center\" >\n                  <div class=\"box-text-inner\">\n                      <h6 class=\"uppercase portfolio-box-title\">Douche \u00e0 vapeur carrel\u00e9e pour 2 personnes<\/h6>\n                      <p class=\"uppercase portfolio-box-category is-xsmall op-6\">\n                        <span class=\"show-on-hover\">\n                         Bain de vapeur avec si\u00e8ges                        <\/span>\n                      <\/p>\n                  <\/div>\n            <\/div>\n           <\/div>\n           <\/a>\n           <\/div>\n           <\/div><div class=\"col\" data-terms=\"[&quot;Bain de vapeur avec si\u00e8ges&quot;]\" >\n          <div class=\"col-inner\" >\n          <a href=\"https:\/\/www.soleum.de\/wp-content\/uploads\/2021\/10\/Wellnessbereich-mit-Sauna-und-Dampfbad-Beitrag.jpg\" class=\"plain lightbox-gallery\">\n          <div class=\"portfolio-box box has-hover\">\n            <div class=\"box-image\" >\n                <div class=\"image-cover\" style=\"padding-top:100%;\">\n                <img loading=\"lazy\" decoding=\"async\" width=\"500\" height=\"333\" src=\"https:\/\/www.soleum.de\/wp-content\/uploads\/2021\/10\/Wellnessbereich-mit-Sauna-und-Dampfbad-Beitrag.jpg\" class=\"attachment-medium size-medium\" alt=\"\" \/>                                                <\/div>\n            <\/div>\n            <div class=\"box-text text-center\" >\n                  <div class=\"box-text-inner\">\n                      <h6 class=\"uppercase portfolio-box-title\">Espace bien-\u00eatre-avec-sauna-et-bain-de-vapeur<\/h6>\n                      <p class=\"uppercase portfolio-box-category is-xsmall op-6\">\n                        <span class=\"show-on-hover\">\n                         Bain de vapeur avec si\u00e8ges                        <\/span>\n                      <\/p>\n                  <\/div>\n            <\/div>\n           <\/div>\n           <\/a>\n           <\/div>\n           <\/div><div class=\"col\" data-terms=\"[&quot;Bain de vapeur avec si\u00e8ges&quot;]\" >\n          <div class=\"col-inner\" >\n          <a href=\"https:\/\/www.soleum.de\/wp-content\/uploads\/2021\/11\/Altes-Bad-wird-Wellnessbad-Beitrag.jpg\" class=\"plain lightbox-gallery\">\n          <div class=\"portfolio-box box has-hover\">\n            <div class=\"box-image\" >\n                <div class=\"image-cover\" style=\"padding-top:100%;\">\n                <img loading=\"lazy\" decoding=\"async\" width=\"500\" height=\"375\" src=\"https:\/\/www.soleum.de\/wp-content\/uploads\/2021\/11\/Altes-Bad-wird-Wellnessbad-Beitrag.jpg\" class=\"attachment-medium size-medium\" alt=\"\" \/>                                                <\/div>\n            <\/div>\n            <div class=\"box-text text-center\" >\n                  <div class=\"box-text-inner\">\n                      <h6 class=\"uppercase portfolio-box-title\">L&rsquo;ancienne salle de bains devient une salle de bains bien-\u00eatre avec Soleum<\/h6>\n                      <p class=\"uppercase portfolio-box-category is-xsmall op-6\">\n                        <span class=\"show-on-hover\">\n                         Bain de vapeur avec si\u00e8ges                        <\/span>\n                      <\/p>\n                  <\/div>\n            <\/div>\n           <\/div>\n           <\/a>\n           <\/div>\n           <\/div><div class=\"col\" data-terms=\"[&quot;Bain de vapeur avec si\u00e8ges&quot;]\" >\n          <div class=\"col-inner\" >\n          <a href=\"https:\/\/www.soleum.de\/wp-content\/uploads\/2022\/03\/Wellnessbereich-mit-Dampfbad-Beitrag.jpg\" class=\"plain lightbox-gallery\">\n          <div class=\"portfolio-box box has-hover\">\n            <div class=\"box-image\" >\n                <div class=\"image-cover\" style=\"padding-top:100%;\">\n                <img loading=\"lazy\" decoding=\"async\" width=\"533\" height=\"400\" src=\"https:\/\/www.soleum.de\/wp-content\/uploads\/2022\/03\/Wellnessbereich-mit-Dampfbad-Beitrag-533x400.jpg\" class=\"attachment-medium size-medium\" alt=\"\" srcset=\"https:\/\/www.soleum.de\/wp-content\/uploads\/2022\/03\/Wellnessbereich-mit-Dampfbad-Beitrag-533x400.jpg 533w, https:\/\/www.soleum.de\/wp-content\/uploads\/2022\/03\/Wellnessbereich-mit-Dampfbad-Beitrag-510x383.jpg 510w, https:\/\/www.soleum.de\/wp-content\/uploads\/2022\/03\/Wellnessbereich-mit-Dampfbad-Beitrag.jpg 600w\" sizes=\"auto, (max-width: 533px) 100vw, 533px\" \/>                                                <\/div>\n            <\/div>\n            <div class=\"box-text text-center\" >\n                  <div class=\"box-text-inner\">\n                      <h6 class=\"uppercase portfolio-box-title\">Espace bien-\u00eatre avec bain de vapeur<\/h6>\n                      <p class=\"uppercase portfolio-box-category is-xsmall op-6\">\n                        <span class=\"show-on-hover\">\n                         Bain de vapeur avec si\u00e8ges                        <\/span>\n                      <\/p>\n                  <\/div>\n            <\/div>\n           <\/div>\n           <\/a>\n           <\/div>\n           <\/div><div class=\"col\" data-terms=\"[&quot;Bain de vapeur avec chaises longues&quot;,&quot;Bain de vapeur avec si\u00e8ges&quot;,&quot;Bains de vapeur exclusifs&quot;]\" >\n          <div class=\"col-inner\" >\n          <a href=\"https:\/\/www.soleum.de\/wp-content\/uploads\/2022\/10\/Soleum-Dampfbad-Leonding_022-Beitrag.jpg\" class=\"plain lightbox-gallery\">\n          <div class=\"portfolio-box box has-hover\">\n            <div class=\"box-image\" >\n                <div class=\"image-cover\" style=\"padding-top:100%;\">\n                <img loading=\"lazy\" decoding=\"async\" width=\"533\" height=\"400\" src=\"https:\/\/www.soleum.de\/wp-content\/uploads\/2022\/10\/Soleum-Dampfbad-Leonding_022-Beitrag-533x400.jpg\" class=\"attachment-medium size-medium\" alt=\"\" srcset=\"https:\/\/www.soleum.de\/wp-content\/uploads\/2022\/10\/Soleum-Dampfbad-Leonding_022-Beitrag-533x400.jpg 533w, https:\/\/www.soleum.de\/wp-content\/uploads\/2022\/10\/Soleum-Dampfbad-Leonding_022-Beitrag-510x383.jpg 510w, https:\/\/www.soleum.de\/wp-content\/uploads\/2022\/10\/Soleum-Dampfbad-Leonding_022-Beitrag.jpg 600w\" sizes=\"auto, (max-width: 533px) 100vw, 533px\" \/>                                                <\/div>\n            <\/div>\n            <div class=\"box-text text-center\" >\n                  <div class=\"box-text-inner\">\n                      <h6 class=\"uppercase portfolio-box-title\">Bain de vapeur sur deux niveaux<\/h6>\n                      <p class=\"uppercase portfolio-box-category is-xsmall op-6\">\n                        <span class=\"show-on-hover\">\n                         Bain de vapeur avec chaises longues, Bain de vapeur avec si\u00e8ges, Bains de vapeur exclusifs                        <\/span>\n                      <\/p>\n                  <\/div>\n            <\/div>\n           <\/div>\n           <\/a>\n           <\/div>\n           <\/div><div class=\"col\" data-terms=\"[&quot;Bain de vapeur avec si\u00e8ges&quot;,&quot;Bains de vapeur exclusifs&quot;]\" >\n          <div class=\"col-inner\" >\n          <a href=\"https:\/\/www.soleum.de\/wp-content\/uploads\/2022\/10\/Dampfbad-Weinlandhof_beitrag.jpg\" class=\"plain lightbox-gallery\">\n          <div class=\"portfolio-box box has-hover\">\n            <div class=\"box-image\" >\n                <div class=\"image-cover\" style=\"padding-top:100%;\">\n                <img loading=\"lazy\" decoding=\"async\" width=\"533\" height=\"400\" src=\"https:\/\/www.soleum.de\/wp-content\/uploads\/2022\/10\/Dampfbad-Weinlandhof_beitrag-533x400.jpg\" class=\"attachment-medium size-medium\" alt=\"\" srcset=\"https:\/\/www.soleum.de\/wp-content\/uploads\/2022\/10\/Dampfbad-Weinlandhof_beitrag-533x400.jpg 533w, https:\/\/www.soleum.de\/wp-content\/uploads\/2022\/10\/Dampfbad-Weinlandhof_beitrag-510x383.jpg 510w, https:\/\/www.soleum.de\/wp-content\/uploads\/2022\/10\/Dampfbad-Weinlandhof_beitrag.jpg 600w\" sizes=\"auto, (max-width: 533px) 100vw, 533px\" \/>                                                <\/div>\n            <\/div>\n            <div class=\"box-text text-center\" >\n                  <div class=\"box-text-inner\">\n                      <h6 class=\"uppercase portfolio-box-title\">Bain de vapeur de l&rsquo;h\u00f4tel Steiermark<\/h6>\n                      <p class=\"uppercase portfolio-box-category is-xsmall op-6\">\n                        <span class=\"show-on-hover\">\n                         Bain de vapeur avec si\u00e8ges, Bains de vapeur exclusifs                        <\/span>\n                      <\/p>\n                  <\/div>\n            <\/div>\n           <\/div>\n           <\/a>\n           <\/div>\n           <\/div><div class=\"col\" data-terms=\"[&quot;Bain de vapeur avec chaises longues&quot;,&quot;Bain de vapeur avec si\u00e8ges&quot;]\" >\n          <div class=\"col-inner\" >\n          <a href=\"https:\/\/www.soleum.de\/wp-content\/uploads\/2022\/10\/Dampfbad-mit-Beschichtung-2-Beitrag.jpg\" class=\"plain lightbox-gallery\">\n          <div class=\"portfolio-box box has-hover\">\n            <div class=\"box-image\" >\n                <div class=\"image-cover\" style=\"padding-top:100%;\">\n                <img loading=\"lazy\" decoding=\"async\" width=\"714\" height=\"400\" src=\"https:\/\/www.soleum.de\/wp-content\/uploads\/2022\/10\/Dampfbad-mit-Beschichtung-2-Beitrag.jpg\" class=\"attachment-medium size-medium\" alt=\"\" srcset=\"https:\/\/www.soleum.de\/wp-content\/uploads\/2022\/10\/Dampfbad-mit-Beschichtung-2-Beitrag.jpg 714w, https:\/\/www.soleum.de\/wp-content\/uploads\/2022\/10\/Dampfbad-mit-Beschichtung-2-Beitrag-510x286.jpg 510w\" sizes=\"auto, (max-width: 714px) 100vw, 714px\" \/>                                                <\/div>\n            <\/div>\n            <div class=\"box-text text-center\" >\n                  <div class=\"box-text-inner\">\n                      <h6 class=\"uppercase portfolio-box-title\">Bain de vapeur avec rev\u00eatement<\/h6>\n                      <p class=\"uppercase portfolio-box-category is-xsmall op-6\">\n                        <span class=\"show-on-hover\">\n                         Bain de vapeur avec chaises longues, Bain de vapeur avec si\u00e8ges                        <\/span>\n                      <\/p>\n                  <\/div>\n            <\/div>\n           <\/div>\n           <\/a>\n           <\/div>\n           <\/div><div class=\"col\" data-terms=\"[&quot;Bain de vapeur avec chaises longues&quot;,&quot;Bain de vapeur avec si\u00e8ges&quot;]\" >\n          <div class=\"col-inner\" >\n          <a href=\"https:\/\/www.soleum.de\/wp-content\/uploads\/2022\/10\/private-Dampfdusche-Deutschland-Beitrag.jpg\" class=\"plain lightbox-gallery\">\n          <div class=\"portfolio-box box has-hover\">\n            <div class=\"box-image\" >\n                <div class=\"image-cover\" style=\"padding-top:100%;\">\n                <img loading=\"lazy\" decoding=\"async\" width=\"500\" height=\"375\" src=\"https:\/\/www.soleum.de\/wp-content\/uploads\/2022\/10\/private-Dampfdusche-Deutschland-Beitrag.jpg\" class=\"attachment-medium size-medium\" alt=\"\" \/>                                                <\/div>\n            <\/div>\n            <div class=\"box-text text-center\" >\n                  <div class=\"box-text-inner\">\n                      <h6 class=\"uppercase portfolio-box-title\">douche \u00e0 vapeur priv\u00e9e en Allemagne<\/h6>\n                      <p class=\"uppercase portfolio-box-category is-xsmall op-6\">\n                        <span class=\"show-on-hover\">\n                         Bain de vapeur avec chaises longues, Bain de vapeur avec si\u00e8ges                        <\/span>\n                      <\/p>\n                  <\/div>\n            <\/div>\n           <\/div>\n           <\/a>\n           <\/div>\n           <\/div><div class=\"col\" data-terms=\"[&quot;Bain de vapeur avec si\u00e8ges&quot;]\" >\n          <div class=\"col-inner\" >\n          <a href=\"https:\/\/www.soleum.de\/wp-content\/uploads\/2022\/10\/Dampfbad-in-Linz-Beitrag.jpg\" class=\"plain lightbox-gallery\">\n          <div class=\"portfolio-box box has-hover\">\n            <div class=\"box-image\" >\n                <div class=\"image-cover\" style=\"padding-top:100%;\">\n                <img loading=\"lazy\" decoding=\"async\" width=\"500\" height=\"333\" src=\"https:\/\/www.soleum.de\/wp-content\/uploads\/2022\/10\/Dampfbad-in-Linz-Beitrag.jpg\" class=\"attachment-medium size-medium\" alt=\"\" \/>                                                <\/div>\n            <\/div>\n            <div class=\"box-text text-center\" >\n                  <div class=\"box-text-inner\">\n                      <h6 class=\"uppercase portfolio-box-title\">Bain de vapeur \u00e0 Linz<\/h6>\n                      <p class=\"uppercase portfolio-box-category is-xsmall op-6\">\n                        <span class=\"show-on-hover\">\n                         Bain de vapeur avec si\u00e8ges                        <\/span>\n                      <\/p>\n                  <\/div>\n            <\/div>\n           <\/div>\n           <\/a>\n           <\/div>\n           <\/div><div class=\"col\" data-terms=\"[&quot;Bain de vapeur avec si\u00e8ges&quot;,&quot;Bains de vapeur exclusifs&quot;]\" >\n          <div class=\"col-inner\" >\n          <a href=\"https:\/\/www.soleum.de\/wp-content\/uploads\/2023\/06\/Dampfbad-Hotel-Seestuben-Kaernten-beitrag.jpg\" class=\"plain lightbox-gallery\">\n          <div class=\"portfolio-box box has-hover\">\n            <div class=\"box-image\" >\n                <div class=\"image-cover\" style=\"padding-top:100%;\">\n                <img loading=\"lazy\" decoding=\"async\" width=\"500\" height=\"375\" src=\"https:\/\/www.soleum.de\/wp-content\/uploads\/2023\/06\/Dampfbad-Hotel-Seestuben-Kaernten-beitrag.jpg\" class=\"attachment-medium size-medium\" alt=\"\" \/>                                                <\/div>\n            <\/div>\n            <div class=\"box-text text-center\" >\n                  <div class=\"box-text-inner\">\n                      <h6 class=\"uppercase portfolio-box-title\">Damfpbad H\u00f4tel Seestuben Carinthie<\/h6>\n                      <p class=\"uppercase portfolio-box-category is-xsmall op-6\">\n                        <span class=\"show-on-hover\">\n                         Bain de vapeur avec si\u00e8ges, Bains de vapeur exclusifs                        <\/span>\n                      <\/p>\n                  <\/div>\n            <\/div>\n           <\/div>\n           <\/a>\n           <\/div>\n           <\/div><div class=\"col\" data-terms=\"[&quot;Bain de vapeur avec si\u00e8ges&quot;,&quot;Petites douches \u00e0 vapeur&quot;]\" >\n          <div class=\"col-inner\" >\n          <a href=\"https:\/\/www.soleum.de\/wp-content\/uploads\/2017\/06\/Dusche-mit-Duschsitz-Beitrag.jpg\" class=\"plain lightbox-gallery\">\n          <div class=\"portfolio-box box has-hover\">\n            <div class=\"box-image\" >\n                <div class=\"image-cover\" style=\"padding-top:100%;\">\n                <img loading=\"lazy\" decoding=\"async\" width=\"602\" height=\"400\" src=\"https:\/\/www.soleum.de\/wp-content\/uploads\/2017\/06\/Dusche-mit-Duschsitz-Beitrag-602x400.jpg\" class=\"attachment-medium size-medium\" alt=\"\" srcset=\"https:\/\/www.soleum.de\/wp-content\/uploads\/2017\/06\/Dusche-mit-Duschsitz-Beitrag-602x400.jpg 602w, https:\/\/www.soleum.de\/wp-content\/uploads\/2017\/06\/Dusche-mit-Duschsitz-Beitrag-510x339.jpg 510w, https:\/\/www.soleum.de\/wp-content\/uploads\/2017\/06\/Dusche-mit-Duschsitz-Beitrag-768x511.jpg 768w, https:\/\/www.soleum.de\/wp-content\/uploads\/2017\/06\/Dusche-mit-Duschsitz-Beitrag.jpg 800w\" sizes=\"auto, (max-width: 602px) 100vw, 602px\" \/>                                                <\/div>\n            <\/div>\n            <div class=\"box-text text-center\" >\n                  <div class=\"box-text-inner\">\n                      <h6 class=\"uppercase portfolio-box-title\">Douche avec si\u00e8ge de douche<\/h6>\n                      <p class=\"uppercase portfolio-box-category is-xsmall op-6\">\n                        <span class=\"show-on-hover\">\n                         Bain de vapeur avec si\u00e8ges, Petites douches \u00e0 vapeur                        <\/span>\n                      <\/p>\n                  <\/div>\n            <\/div>\n           <\/div>\n           <\/a>\n           <\/div>\n           <\/div><div class=\"col\" data-terms=\"[&quot;Bain de vapeur avec si\u00e8ges&quot;]\" >\n          <div class=\"col-inner\" >\n          <a href=\"https:\/\/www.soleum.de\/wp-content\/uploads\/2017\/02\/\u00f6ffentliches-r\u00f6misches-Dampfbad-beitragsbild.jpg\" class=\"plain lightbox-gallery\">\n          <div class=\"portfolio-box box has-hover\">\n            <div class=\"box-image\" >\n                <div class=\"image-cover\" style=\"padding-top:100%;\">\n                <img loading=\"lazy\" decoding=\"async\" width=\"400\" height=\"288\" src=\"https:\/\/www.soleum.de\/wp-content\/uploads\/2017\/02\/\u00f6ffentliches-r\u00f6misches-Dampfbad-beitragsbild.jpg\" class=\"attachment-medium size-medium\" alt=\"Propre bain de vapeur romain\" \/>                                                <\/div>\n            <\/div>\n            <div class=\"box-text text-center\" >\n                  <div class=\"box-text-inner\">\n                      <h6 class=\"uppercase portfolio-box-title\">Propre bain de vapeur romain<\/h6>\n                      <p class=\"uppercase portfolio-box-category is-xsmall op-6\">\n                        <span class=\"show-on-hover\">\n                         Bain de vapeur avec si\u00e8ges                        <\/span>\n                      <\/p>\n                  <\/div>\n            <\/div>\n           <\/div>\n           <\/a>\n           <\/div>\n           <\/div><div class=\"col\" data-terms=\"[&quot;Bain de vapeur avec si\u00e8ges&quot;]\" >\n          <div class=\"col-inner\" >\n          <a href=\"https:\/\/www.soleum.de\/wp-content\/uploads\/2017\/02\/Dampfbad-kaufen-Beitrag.jpg\" class=\"plain lightbox-gallery\">\n          <div class=\"portfolio-box box has-hover\">\n            <div class=\"box-image\" >\n                <div class=\"image-cover\" style=\"padding-top:100%;\">\n                <img loading=\"lazy\" decoding=\"async\" width=\"400\" height=\"266\" src=\"https:\/\/www.soleum.de\/wp-content\/uploads\/2017\/02\/Dampfbad-kaufen-Beitrag.jpg\" class=\"attachment-medium size-medium\" alt=\"\" \/>                                                <\/div>\n            <\/div>\n            <div class=\"box-text text-center\" >\n                  <div class=\"box-text-inner\">\n                      <h6 class=\"uppercase portfolio-box-title\">Acheter un bain de vapeur<\/h6>\n                      <p class=\"uppercase portfolio-box-category is-xsmall op-6\">\n                        <span class=\"show-on-hover\">\n                         Bain de vapeur avec si\u00e8ges                        <\/span>\n                      <\/p>\n                  <\/div>\n            <\/div>\n           <\/div>\n           <\/a>\n           <\/div>\n           <\/div><div class=\"col\" data-terms=\"[&quot;Bain de vapeur avec si\u00e8ges&quot;,&quot;Petites douches \u00e0 vapeur&quot;]\" >\n          <div class=\"col-inner\" >\n          <a href=\"https:\/\/www.soleum.de\/wp-content\/uploads\/2017\/02\/Badewanne-raus-Dampfdusche-rein-beitrag.jpg\" class=\"plain lightbox-gallery\">\n          <div class=\"portfolio-box box has-hover\">\n            <div class=\"box-image\" >\n                <div class=\"image-cover\" style=\"padding-top:100%;\">\n                <img loading=\"lazy\" decoding=\"async\" width=\"400\" height=\"266\" src=\"https:\/\/www.soleum.de\/wp-content\/uploads\/2017\/02\/Badewanne-raus-Dampfdusche-rein-beitrag.jpg\" class=\"attachment-medium size-medium\" alt=\"\" \/>                                                <\/div>\n            <\/div>\n            <div class=\"box-text text-center\" >\n                  <div class=\"box-text-inner\">\n                      <h6 class=\"uppercase portfolio-box-title\">Sortie de la baignoire Entr\u00e9e de la douche \u00e0 vapeur<\/h6>\n                      <p class=\"uppercase portfolio-box-category is-xsmall op-6\">\n                        <span class=\"show-on-hover\">\n                         Bain de vapeur avec si\u00e8ges, Petites douches \u00e0 vapeur                        <\/span>\n                      <\/p>\n                  <\/div>\n            <\/div>\n           <\/div>\n           <\/a>\n           <\/div>\n           <\/div><div class=\"col\" data-terms=\"[&quot;Bain de vapeur avec si\u00e8ges&quot;,&quot;Petites douches \u00e0 vapeur&quot;]\" >\n          <div class=\"col-inner\" >\n          <a href=\"https:\/\/www.soleum.de\/wp-content\/uploads\/2017\/02\/Dampfdusche-fuer-zuhause-selber-bauen-Beitrag.jpg\" class=\"plain lightbox-gallery\">\n          <div class=\"portfolio-box box has-hover\">\n            <div class=\"box-image\" >\n                <div class=\"image-cover\" style=\"padding-top:100%;\">\n                <img loading=\"lazy\" decoding=\"async\" width=\"500\" height=\"333\" src=\"https:\/\/www.soleum.de\/wp-content\/uploads\/2017\/02\/Dampfdusche-fuer-zuhause-selber-bauen-Beitrag.jpg\" class=\"attachment-medium size-medium\" alt=\"Construire soi-m\u00eame une douche \u00e0 vapeur chez soi\" \/>                                                <\/div>\n            <\/div>\n            <div class=\"box-text text-center\" >\n                  <div class=\"box-text-inner\">\n                      <h6 class=\"uppercase portfolio-box-title\">Construire soi-m\u00eame une douche \u00e0 vapeur chez soi<\/h6>\n                      <p class=\"uppercase portfolio-box-category is-xsmall op-6\">\n                        <span class=\"show-on-hover\">\n                         Bain de vapeur avec si\u00e8ges, Petites douches \u00e0 vapeur                        <\/span>\n                      <\/p>\n                  <\/div>\n            <\/div>\n           <\/div>\n           <\/a>\n           <\/div>\n           <\/div><div class=\"col\" data-terms=\"[&quot;Bain de vapeur avec si\u00e8ges&quot;,&quot;Petites douches \u00e0 vapeur&quot;]\" >\n          <div class=\"col-inner\" >\n          <a href=\"https:\/\/www.soleum.de\/wp-content\/uploads\/2017\/02\/Dampfdusche-mit-Sitz-beitrag.jpg\" class=\"plain lightbox-gallery\">\n          <div class=\"portfolio-box box has-hover\">\n            <div class=\"box-image\" >\n                <div class=\"image-cover\" style=\"padding-top:100%;\">\n                <img loading=\"lazy\" decoding=\"async\" width=\"500\" height=\"333\" src=\"https:\/\/www.soleum.de\/wp-content\/uploads\/2017\/02\/Dampfdusche-mit-Sitz-beitrag.jpg\" class=\"attachment-medium size-medium\" alt=\"\" \/>                                                <\/div>\n            <\/div>\n            <div class=\"box-text text-center\" >\n                  <div class=\"box-text-inner\">\n                      <h6 class=\"uppercase portfolio-box-title\">Douche \u00e0 vapeur avec si\u00e8ge<\/h6>\n                      <p class=\"uppercase portfolio-box-category is-xsmall op-6\">\n                        <span class=\"show-on-hover\">\n                         Bain de vapeur avec si\u00e8ges, Petites douches \u00e0 vapeur                        <\/span>\n                      <\/p>\n                  <\/div>\n            <\/div>\n           <\/div>\n           <\/a>\n           <\/div>\n           <\/div><div class=\"col\" data-terms=\"[&quot;Bain de vapeur avec si\u00e8ges&quot;,&quot;Petites douches \u00e0 vapeur&quot;]\" >\n          <div class=\"col-inner\" >\n          <a href=\"https:\/\/www.soleum.de\/wp-content\/uploads\/2017\/02\/Dampfdusche-in-Nische-beitrag.jpg\" class=\"plain lightbox-gallery\">\n          <div class=\"portfolio-box box has-hover\">\n            <div class=\"box-image\" >\n                <div class=\"image-cover\" style=\"padding-top:100%;\">\n                <img loading=\"lazy\" decoding=\"async\" width=\"471\" height=\"400\" src=\"https:\/\/www.soleum.de\/wp-content\/uploads\/2017\/02\/Dampfdusche-in-Nische-beitrag-471x400.jpg\" class=\"attachment-medium size-medium\" alt=\"\" srcset=\"https:\/\/www.soleum.de\/wp-content\/uploads\/2017\/02\/Dampfdusche-in-Nische-beitrag-471x400.jpg 471w, https:\/\/www.soleum.de\/wp-content\/uploads\/2017\/02\/Dampfdusche-in-Nische-beitrag-510x434.jpg 510w, https:\/\/www.soleum.de\/wp-content\/uploads\/2017\/02\/Dampfdusche-in-Nische-beitrag.jpg 600w\" sizes=\"auto, (max-width: 471px) 100vw, 471px\" \/>                                                <\/div>\n            <\/div>\n            <div class=\"box-text text-center\" >\n                  <div class=\"box-text-inner\">\n                      <h6 class=\"uppercase portfolio-box-title\">Douche \u00e0 vapeur en niche<\/h6>\n                      <p class=\"uppercase portfolio-box-category is-xsmall op-6\">\n                        <span class=\"show-on-hover\">\n                         Bain de vapeur avec si\u00e8ges, Petites douches \u00e0 vapeur                        <\/span>\n                      <\/p>\n                  <\/div>\n            <\/div>\n           <\/div>\n           <\/a>\n           <\/div>\n           <\/div><div class=\"col\" data-terms=\"[&quot;Bain de vapeur avec chaises longues&quot;,&quot;Bain de vapeur avec si\u00e8ges&quot;]\" >\n          <div class=\"col-inner\" >\n          <a href=\"https:\/\/www.soleum.de\/wp-content\/uploads\/2017\/02\/Dampfbadbank_mit_Infrarotliege-04.jpg\" class=\"plain lightbox-gallery\">\n          <div class=\"portfolio-box box has-hover\">\n            <div class=\"box-image\" >\n                <div class=\"image-cover\" style=\"padding-top:100%;\">\n                <img loading=\"lazy\" decoding=\"async\" width=\"300\" height=\"400\" src=\"https:\/\/www.soleum.de\/wp-content\/uploads\/2017\/02\/Dampfbadbank_mit_Infrarotliege-04-300x400.jpg\" class=\"attachment-medium size-medium\" alt=\"\" srcset=\"https:\/\/www.soleum.de\/wp-content\/uploads\/2017\/02\/Dampfbadbank_mit_Infrarotliege-04-300x400.jpg 300w, https:\/\/www.soleum.de\/wp-content\/uploads\/2017\/02\/Dampfbadbank_mit_Infrarotliege-04-510x680.jpg 510w, https:\/\/www.soleum.de\/wp-content\/uploads\/2017\/02\/Dampfbadbank_mit_Infrarotliege-04-600x800.jpg 600w, https:\/\/www.soleum.de\/wp-content\/uploads\/2017\/02\/Dampfbadbank_mit_Infrarotliege-04.jpg 750w\" sizes=\"auto, (max-width: 300px) 100vw, 300px\" \/>                                                <\/div>\n            <\/div>\n            <div class=\"box-text text-center\" >\n                  <div class=\"box-text-inner\">\n                      <h6 class=\"uppercase portfolio-box-title\">Banc de bain de vapeur avec lit infrarouge<\/h6>\n                      <p class=\"uppercase portfolio-box-category is-xsmall op-6\">\n                        <span class=\"show-on-hover\">\n                         Bain de vapeur avec chaises longues, Bain de vapeur avec si\u00e8ges                        <\/span>\n                      <\/p>\n                  <\/div>\n            <\/div>\n           <\/div>\n           <\/a>\n           <\/div>\n           <\/div><div class=\"col\" data-terms=\"[&quot;Bain de vapeur avec si\u00e8ges&quot;]\" >\n          <div class=\"col-inner\" >\n          <a href=\"https:\/\/www.soleum.de\/wp-content\/uploads\/2017\/02\/Dampfsauna-Wien-Beitrag.jpg\" class=\"plain lightbox-gallery\">\n          <div class=\"portfolio-box box has-hover\">\n            <div class=\"box-image\" >\n                <div class=\"image-cover\" style=\"padding-top:100%;\">\n                <img loading=\"lazy\" decoding=\"async\" width=\"500\" height=\"334\" src=\"https:\/\/www.soleum.de\/wp-content\/uploads\/2017\/02\/Dampfsauna-Wien-Beitrag.jpg\" class=\"attachment-medium size-medium\" alt=\"\" \/>                                                <\/div>\n            <\/div>\n            <div class=\"box-text text-center\" >\n                  <div class=\"box-text-inner\">\n                      <h6 class=\"uppercase portfolio-box-title\">Sauna \u00e0 vapeur Vienne<\/h6>\n                      <p class=\"uppercase portfolio-box-category is-xsmall op-6\">\n                        <span class=\"show-on-hover\">\n                         Bain de vapeur avec si\u00e8ges                        <\/span>\n                      <\/p>\n                  <\/div>\n            <\/div>\n           <\/div>\n           <\/a>\n           <\/div>\n           <\/div><div class=\"col\" data-terms=\"[&quot;Bain de vapeur avec chaises longues&quot;,&quot;Bain de vapeur avec si\u00e8ges&quot;]\" >\n          <div class=\"col-inner\" >\n          <a href=\"https:\/\/www.soleum.de\/wp-content\/uploads\/2017\/05\/Dampfbad-mit-Sitzbank-beitragsbild.jpg\" class=\"plain lightbox-gallery\">\n          <div class=\"portfolio-box box has-hover\">\n            <div class=\"box-image\" >\n                <div class=\"image-cover\" style=\"padding-top:100%;\">\n                <img loading=\"lazy\" decoding=\"async\" width=\"500\" height=\"333\" src=\"https:\/\/www.soleum.de\/wp-content\/uploads\/2017\/05\/Dampfbad-mit-Sitzbank-beitragsbild.jpg\" class=\"attachment-medium size-medium\" alt=\"\" \/>                                                <\/div>\n            <\/div>\n            <div class=\"box-text text-center\" >\n                  <div class=\"box-text-inner\">\n                      <h6 class=\"uppercase portfolio-box-title\">Bain de vapeur avec banquette<\/h6>\n                      <p class=\"uppercase portfolio-box-category is-xsmall op-6\">\n                        <span class=\"show-on-hover\">\n                         Bain de vapeur avec chaises longues, Bain de vapeur avec si\u00e8ges                        <\/span>\n                      <\/p>\n                  <\/div>\n            <\/div>\n           <\/div>\n           <\/a>\n           <\/div>\n           <\/div><div class=\"col\" data-terms=\"[&quot;Bain de vapeur avec si\u00e8ges&quot;]\" >\n          <div class=\"col-inner\" >\n          <a href=\"https:\/\/www.soleum.de\/wp-content\/uploads\/2017\/05\/Dampfdusche-in-Nische-01.jpg\" class=\"plain lightbox-gallery\">\n          <div class=\"portfolio-box box has-hover\">\n            <div class=\"box-image\" >\n                <div class=\"image-cover\" style=\"padding-top:100%;\">\n                <img loading=\"lazy\" decoding=\"async\" width=\"600\" height=\"400\" src=\"https:\/\/www.soleum.de\/wp-content\/uploads\/2017\/05\/Dampfdusche-in-Nische-01-600x400.jpg\" class=\"attachment-medium size-medium\" alt=\"\" srcset=\"https:\/\/www.soleum.de\/wp-content\/uploads\/2017\/05\/Dampfdusche-in-Nische-01.jpg 600w, https:\/\/www.soleum.de\/wp-content\/uploads\/2017\/05\/Dampfdusche-in-Nische-01-510x340.jpg 510w\" sizes=\"auto, (max-width: 600px) 100vw, 600px\" \/>                                                <\/div>\n            <\/div>\n            <div class=\"box-text text-center\" >\n                  <div class=\"box-text-inner\">\n                      <h6 class=\"uppercase portfolio-box-title\">Douche \u00e0 vapeur en niche<\/h6>\n                      <p class=\"uppercase portfolio-box-category is-xsmall op-6\">\n                        <span class=\"show-on-hover\">\n                         Bain de vapeur avec si\u00e8ges                        <\/span>\n                      <\/p>\n                  <\/div>\n            <\/div>\n           <\/div>\n           <\/a>\n           <\/div>\n           <\/div><div class=\"col\" data-terms=\"[&quot;Bain de vapeur avec si\u00e8ges&quot;,&quot;Petites douches \u00e0 vapeur&quot;]\" >\n          <div class=\"col-inner\" >\n          <a href=\"https:\/\/www.soleum.de\/wp-content\/uploads\/2017\/06\/Soleum-im-Hotel-Royal-Bad-Ischl-01.jpg\" class=\"plain lightbox-gallery\">\n          <div class=\"portfolio-box box has-hover\">\n            <div class=\"box-image\" >\n                <div class=\"image-cover\" style=\"padding-top:100%;\">\n                <img loading=\"lazy\" decoding=\"async\" width=\"600\" height=\"400\" src=\"https:\/\/www.soleum.de\/wp-content\/uploads\/2017\/06\/Soleum-im-Hotel-Royal-Bad-Ischl-01-600x400.jpg\" class=\"attachment-medium size-medium\" alt=\"\" srcset=\"https:\/\/www.soleum.de\/wp-content\/uploads\/2017\/06\/Soleum-im-Hotel-Royal-Bad-Ischl-01-600x400.jpg 600w, https:\/\/www.soleum.de\/wp-content\/uploads\/2017\/06\/Soleum-im-Hotel-Royal-Bad-Ischl-01-510x340.jpg 510w, https:\/\/www.soleum.de\/wp-content\/uploads\/2017\/06\/Soleum-im-Hotel-Royal-Bad-Ischl-01-768x512.jpg 768w, https:\/\/www.soleum.de\/wp-content\/uploads\/2017\/06\/Soleum-im-Hotel-Royal-Bad-Ischl-01.jpg 800w\" sizes=\"auto, (max-width: 600px) 100vw, 600px\" \/>                                                <\/div>\n            <\/div>\n            <div class=\"box-text text-center\" >\n                  <div class=\"box-text-inner\">\n                      <h6 class=\"uppercase portfolio-box-title\">Soleum H\u00f4tel Royal Bad Ischl<\/h6>\n                      <p class=\"uppercase portfolio-box-category is-xsmall op-6\">\n                        <span class=\"show-on-hover\">\n                         Bain de vapeur avec si\u00e8ges, Petites douches \u00e0 vapeur                        <\/span>\n                      <\/p>\n                  <\/div>\n            <\/div>\n           <\/div>\n           <\/a>\n           <\/div>\n           <\/div><div class=\"col\" data-terms=\"[&quot;Bain de vapeur avec si\u00e8ges&quot;,&quot;Bains de vapeur exclusifs&quot;]\" >\n          <div class=\"col-inner\" >\n          <a href=\"https:\/\/www.soleum.de\/wp-content\/uploads\/2017\/05\/Hoteldampfbad-Hotel-Forsthofalm.jpg\" class=\"plain lightbox-gallery\">\n          <div class=\"portfolio-box box has-hover\">\n            <div class=\"box-image\" >\n                <div class=\"image-cover\" style=\"padding-top:100%;\">\n                <img loading=\"lazy\" decoding=\"async\" width=\"600\" height=\"400\" src=\"https:\/\/www.soleum.de\/wp-content\/uploads\/2017\/05\/Hoteldampfbad-Hotel-Forsthofalm-600x400.jpg\" class=\"attachment-medium size-medium\" alt=\"\" srcset=\"https:\/\/www.soleum.de\/wp-content\/uploads\/2017\/05\/Hoteldampfbad-Hotel-Forsthofalm-600x400.jpg 600w, https:\/\/www.soleum.de\/wp-content\/uploads\/2017\/05\/Hoteldampfbad-Hotel-Forsthofalm-510x340.jpg 510w, https:\/\/www.soleum.de\/wp-content\/uploads\/2017\/05\/Hoteldampfbad-Hotel-Forsthofalm-768x512.jpg 768w, https:\/\/www.soleum.de\/wp-content\/uploads\/2017\/05\/Hoteldampfbad-Hotel-Forsthofalm.jpg 800w\" sizes=\"auto, (max-width: 600px) 100vw, 600px\" \/>                                                <\/div>\n            <\/div>\n            <div class=\"box-text text-center\" >\n                  <div class=\"box-text-inner\">\n                      <h6 class=\"uppercase portfolio-box-title\">Bain de vapeur de l&rsquo;h\u00f4tel<\/h6>\n                      <p class=\"uppercase portfolio-box-category is-xsmall op-6\">\n                        <span class=\"show-on-hover\">\n                         Bain de vapeur avec si\u00e8ges, Bains de vapeur exclusifs                        <\/span>\n                      <\/p>\n                  <\/div>\n            <\/div>\n           <\/div>\n           <\/a>\n           <\/div>\n           <\/div><div class=\"col\" data-terms=\"[&quot;Bain de vapeur avec si\u00e8ges&quot;,&quot;Petites douches \u00e0 vapeur&quot;]\" >\n          <div class=\"col-inner\" >\n          <a href=\"https:\/\/www.soleum.de\/wp-content\/uploads\/2017\/06\/Duschsitzbank-T95-05.jpg\" class=\"plain lightbox-gallery\">\n          <div class=\"portfolio-box box has-hover\">\n            <div class=\"box-image\" >\n                <div class=\"image-cover\" style=\"padding-top:100%;\">\n                <img loading=\"lazy\" decoding=\"async\" width=\"602\" height=\"400\" src=\"https:\/\/www.soleum.de\/wp-content\/uploads\/2017\/06\/Duschsitzbank-T95-05-602x400.jpg\" class=\"attachment-medium size-medium\" alt=\"\" srcset=\"https:\/\/www.soleum.de\/wp-content\/uploads\/2017\/06\/Duschsitzbank-T95-05-602x400.jpg 602w, https:\/\/www.soleum.de\/wp-content\/uploads\/2017\/06\/Duschsitzbank-T95-05-510x339.jpg 510w, https:\/\/www.soleum.de\/wp-content\/uploads\/2017\/06\/Duschsitzbank-T95-05-768x511.jpg 768w, https:\/\/www.soleum.de\/wp-content\/uploads\/2017\/06\/Duschsitzbank-T95-05.jpg 1000w\" sizes=\"auto, (max-width: 602px) 100vw, 602px\" \/>                                                <\/div>\n            <\/div>\n            <div class=\"box-text text-center\" >\n                  <div class=\"box-text-inner\">\n                      <h6 class=\"uppercase portfolio-box-title\">Si\u00e8ge de douche T95<\/h6>\n                      <p class=\"uppercase portfolio-box-category is-xsmall op-6\">\n                        <span class=\"show-on-hover\">\n                         Bain de vapeur avec si\u00e8ges, Petites douches \u00e0 vapeur                        <\/span>\n                      <\/p>\n                  <\/div>\n            <\/div>\n           <\/div>\n           <\/a>\n           <\/div>\n           <\/div><div class=\"col\" data-terms=\"[&quot;Bain de vapeur avec si\u00e8ges&quot;]\" >\n          <div class=\"col-inner\" >\n          <a href=\"https:\/\/www.soleum.de\/wp-content\/uploads\/2017\/02\/ein-eigenes-Dampfbad-Beitragsbild.jpg\" class=\"plain lightbox-gallery\">\n          <div class=\"portfolio-box box has-hover\">\n            <div class=\"box-image\" >\n                <div class=\"image-cover\" style=\"padding-top:100%;\">\n                <img loading=\"lazy\" decoding=\"async\" width=\"500\" height=\"333\" src=\"https:\/\/www.soleum.de\/wp-content\/uploads\/2017\/02\/ein-eigenes-Dampfbad-Beitragsbild.jpg\" class=\"attachment-medium size-medium\" alt=\"\" \/>                                                <\/div>\n            <\/div>\n            <div class=\"box-text text-center\" >\n                  <div class=\"box-text-inner\">\n                      <h6 class=\"uppercase portfolio-box-title\">Un bain de vapeur priv\u00e9<\/h6>\n                      <p class=\"uppercase portfolio-box-category is-xsmall op-6\">\n                        <span class=\"show-on-hover\">\n                         Bain de vapeur avec si\u00e8ges                        <\/span>\n                      <\/p>\n                  <\/div>\n            <\/div>\n           <\/div>\n           <\/a>\n           <\/div>\n           <\/div><div class=\"col\" data-terms=\"[&quot;Bain de vapeur avec si\u00e8ges&quot;,&quot;Petites douches \u00e0 vapeur&quot;]\" >\n          <div class=\"col-inner\" >\n          <a href=\"https:\/\/www.soleum.de\/wp-content\/uploads\/2017\/06\/Dusche_in_Dampfdusche_umbauen-01.jpg\" class=\"plain lightbox-gallery\">\n          <div class=\"portfolio-box box has-hover\">\n            <div class=\"box-image\" >\n                <div class=\"image-cover\" style=\"padding-top:100%;\">\n                <img loading=\"lazy\" decoding=\"async\" width=\"557\" height=\"400\" src=\"https:\/\/www.soleum.de\/wp-content\/uploads\/2017\/06\/Dusche_in_Dampfdusche_umbauen-01-557x400.jpg\" class=\"attachment-medium size-medium\" alt=\"\" srcset=\"https:\/\/www.soleum.de\/wp-content\/uploads\/2017\/06\/Dusche_in_Dampfdusche_umbauen-01-557x400.jpg 557w, https:\/\/www.soleum.de\/wp-content\/uploads\/2017\/06\/Dusche_in_Dampfdusche_umbauen-01-510x367.jpg 510w, https:\/\/www.soleum.de\/wp-content\/uploads\/2017\/06\/Dusche_in_Dampfdusche_umbauen-01-768x552.jpg 768w, https:\/\/www.soleum.de\/wp-content\/uploads\/2017\/06\/Dusche_in_Dampfdusche_umbauen-01.jpg 800w\" sizes=\"auto, (max-width: 557px) 100vw, 557px\" \/>                                                <\/div>\n            <\/div>\n            <div class=\"box-text text-center\" >\n                  <div class=\"box-text-inner\">\n                      <h6 class=\"uppercase portfolio-box-title\">Transformer une douche en douche \u00e0 vapeur<\/h6>\n                      <p class=\"uppercase portfolio-box-category is-xsmall op-6\">\n                        <span class=\"show-on-hover\">\n                         Bain de vapeur avec si\u00e8ges, Petites douches \u00e0 vapeur                        <\/span>\n                      <\/p>\n                  <\/div>\n            <\/div>\n           <\/div>\n           <\/a>\n           <\/div>\n           <\/div><div class=\"col\" data-terms=\"[&quot;Bain de vapeur avec si\u00e8ges&quot;]\" >\n          <div class=\"col-inner\" >\n          <a href=\"https:\/\/www.soleum.de\/wp-content\/uploads\/2017\/06\/Dampfbad-ueber-Eck-03.jpg\" class=\"plain lightbox-gallery\">\n          <div class=\"portfolio-box box has-hover\">\n            <div class=\"box-image\" >\n                <div class=\"image-cover\" style=\"padding-top:100%;\">\n                <img loading=\"lazy\" decoding=\"async\" width=\"600\" height=\"400\" src=\"https:\/\/www.soleum.de\/wp-content\/uploads\/2017\/06\/Dampfbad-ueber-Eck-03-600x400.jpg\" class=\"attachment-medium size-medium\" alt=\"\" srcset=\"https:\/\/www.soleum.de\/wp-content\/uploads\/2017\/06\/Dampfbad-ueber-Eck-03-600x400.jpg 600w, https:\/\/www.soleum.de\/wp-content\/uploads\/2017\/06\/Dampfbad-ueber-Eck-03-510x340.jpg 510w, https:\/\/www.soleum.de\/wp-content\/uploads\/2017\/06\/Dampfbad-ueber-Eck-03-768x512.jpg 768w, https:\/\/www.soleum.de\/wp-content\/uploads\/2017\/06\/Dampfbad-ueber-Eck-03.jpg 800w\" sizes=\"auto, (max-width: 600px) 100vw, 600px\" \/>                                                <\/div>\n            <\/div>\n            <div class=\"box-text text-center\" >\n                  <div class=\"box-text-inner\">\n                      <h6 class=\"uppercase portfolio-box-title\">Bain de vapeur en angle<\/h6>\n                      <p class=\"uppercase portfolio-box-category is-xsmall op-6\">\n                        <span class=\"show-on-hover\">\n                         Bain de vapeur avec si\u00e8ges                        <\/span>\n                      <\/p>\n                  <\/div>\n            <\/div>\n           <\/div>\n           <\/a>\n           <\/div>\n           <\/div><div class=\"col\" data-terms=\"[&quot;Bain de vapeur avec si\u00e8ges&quot;]\" >\n          <div class=\"col-inner\" >\n          <a href=\"https:\/\/www.soleum.de\/wp-content\/uploads\/2017\/09\/Soledampfbad-19.jpg\" class=\"plain lightbox-gallery\">\n          <div class=\"portfolio-box box has-hover\">\n            <div class=\"box-image\" >\n                <div class=\"image-cover\" style=\"padding-top:100%;\">\n                <img loading=\"lazy\" decoding=\"async\" width=\"533\" height=\"400\" src=\"https:\/\/www.soleum.de\/wp-content\/uploads\/2017\/09\/Soledampfbad-19-533x400.jpg\" class=\"attachment-medium size-medium\" alt=\"\" srcset=\"https:\/\/www.soleum.de\/wp-content\/uploads\/2017\/09\/Soledampfbad-19-533x400.jpg 533w, https:\/\/www.soleum.de\/wp-content\/uploads\/2017\/09\/Soledampfbad-19-510x383.jpg 510w, https:\/\/www.soleum.de\/wp-content\/uploads\/2017\/09\/Soledampfbad-19-768x576.jpg 768w, https:\/\/www.soleum.de\/wp-content\/uploads\/2017\/09\/Soledampfbad-19.jpg 800w\" sizes=\"auto, (max-width: 533px) 100vw, 533px\" \/>                                                <\/div>\n            <\/div>\n            <div class=\"box-text text-center\" >\n                  <div class=\"box-text-inner\">\n                      <h6 class=\"uppercase portfolio-box-title\">Bain de vapeur d&rsquo;eau sal\u00e9e priv\u00e9<\/h6>\n                      <p class=\"uppercase portfolio-box-category is-xsmall op-6\">\n                        <span class=\"show-on-hover\">\n                         Bain de vapeur avec si\u00e8ges                        <\/span>\n                      <\/p>\n                  <\/div>\n            <\/div>\n           <\/div>\n           <\/a>\n           <\/div>\n           <\/div><div class=\"col\" data-terms=\"[&quot;Bain de vapeur avec si\u00e8ges&quot;]\" >\n          <div class=\"col-inner\" >\n          <a href=\"https:\/\/www.soleum.de\/wp-content\/uploads\/2017\/06\/Dampfdusche-mit-Duschsitze-Beitrag.jpg\" class=\"plain lightbox-gallery\">\n          <div class=\"portfolio-box box has-hover\">\n            <div class=\"box-image\" >\n                <div class=\"image-cover\" style=\"padding-top:100%;\">\n                <img loading=\"lazy\" decoding=\"async\" width=\"422\" height=\"400\" src=\"https:\/\/www.soleum.de\/wp-content\/uploads\/2017\/06\/Dampfdusche-mit-Duschsitze-Beitrag-422x400.jpg\" class=\"attachment-medium size-medium\" alt=\"\" srcset=\"https:\/\/www.soleum.de\/wp-content\/uploads\/2017\/06\/Dampfdusche-mit-Duschsitze-Beitrag-422x400.jpg 422w, https:\/\/www.soleum.de\/wp-content\/uploads\/2017\/06\/Dampfdusche-mit-Duschsitze-Beitrag-510x483.jpg 510w, https:\/\/www.soleum.de\/wp-content\/uploads\/2017\/06\/Dampfdusche-mit-Duschsitze-Beitrag-768x727.jpg 768w, https:\/\/www.soleum.de\/wp-content\/uploads\/2017\/06\/Dampfdusche-mit-Duschsitze-Beitrag-845x800.jpg 845w, https:\/\/www.soleum.de\/wp-content\/uploads\/2017\/06\/Dampfdusche-mit-Duschsitze-Beitrag.jpg 1360w\" sizes=\"auto, (max-width: 422px) 100vw, 422px\" \/>                                                <\/div>\n            <\/div>\n            <div class=\"box-text text-center\" >\n                  <div class=\"box-text-inner\">\n                      <h6 class=\"uppercase portfolio-box-title\">Douche \u00e0 vapeur avec si\u00e8ges de douche<\/h6>\n                      <p class=\"uppercase portfolio-box-category is-xsmall op-6\">\n                        <span class=\"show-on-hover\">\n                         Bain de vapeur avec si\u00e8ges                        <\/span>\n                      <\/p>\n                  <\/div>\n            <\/div>\n           <\/div>\n           <\/a>\n           <\/div>\n           <\/div><div class=\"col\" data-terms=\"[&quot;Bain de vapeur avec si\u00e8ges&quot;]\" >\n          <div class=\"col-inner\" >\n          <a href=\"https:\/\/www.soleum.de\/wp-content\/uploads\/2017\/08\/Tepidarium-und-Dampfbad-in-einer-Kabine-beitrag.jpg\" class=\"plain lightbox-gallery\">\n          <div class=\"portfolio-box box has-hover\">\n            <div class=\"box-image\" >\n                <div class=\"image-cover\" style=\"padding-top:100%;\">\n                <img loading=\"lazy\" decoding=\"async\" width=\"500\" height=\"333\" src=\"https:\/\/www.soleum.de\/wp-content\/uploads\/2017\/08\/Tepidarium-und-Dampfbad-in-einer-Kabine-beitrag.jpg\" class=\"attachment-medium size-medium\" alt=\"\" \/>                                                <\/div>\n            <\/div>\n            <div class=\"box-text text-center\" >\n                  <div class=\"box-text-inner\">\n                      <h6 class=\"uppercase portfolio-box-title\">Tepidarium et bain de vapeur dans une cabine<\/h6>\n                      <p class=\"uppercase portfolio-box-category is-xsmall op-6\">\n                        <span class=\"show-on-hover\">\n                         Bain de vapeur avec si\u00e8ges                        <\/span>\n                      <\/p>\n                  <\/div>\n            <\/div>\n           <\/div>\n           <\/a>\n           <\/div>\n           <\/div><div class=\"col\" data-terms=\"[&quot;Bain de vapeur avec si\u00e8ges&quot;]\" >\n          <div class=\"col-inner\" >\n          <a href=\"https:\/\/www.soleum.de\/wp-content\/uploads\/2017\/09\/Soledampfbad-Kompetenzzentrum-Pregarten-beitrag.jpg\" class=\"plain lightbox-gallery\">\n          <div class=\"portfolio-box box has-hover\">\n            <div class=\"box-image\" >\n                <div class=\"image-cover\" style=\"padding-top:100%;\">\n                <img loading=\"lazy\" decoding=\"async\" width=\"500\" height=\"333\" src=\"https:\/\/www.soleum.de\/wp-content\/uploads\/2017\/09\/Soledampfbad-Kompetenzzentrum-Pregarten-beitrag.jpg\" class=\"attachment-medium size-medium\" alt=\"\" \/>                                                <\/div>\n            <\/div>\n            <div class=\"box-text text-center\" >\n                  <div class=\"box-text-inner\">\n                      <h6 class=\"uppercase portfolio-box-title\">Bain de vapeur d&rsquo;eau sal\u00e9e Centre de comp\u00e9tence Pregarten<\/h6>\n                      <p class=\"uppercase portfolio-box-category is-xsmall op-6\">\n                        <span class=\"show-on-hover\">\n                         Bain de vapeur avec si\u00e8ges                        <\/span>\n                      <\/p>\n                  <\/div>\n            <\/div>\n           <\/div>\n           <\/a>\n           <\/div>\n           <\/div><div class=\"col\" data-terms=\"[&quot;Bain de vapeur avec chaises longues&quot;,&quot;Bain de vapeur avec si\u00e8ges&quot;]\" >\n          <div class=\"col-inner\" >\n          <a href=\"https:\/\/www.soleum.de\/wp-content\/uploads\/2017\/10\/Dampfbad-Liege-Dampfbadsitz-T85-Beitrag.jpg\" class=\"plain lightbox-gallery\">\n          <div class=\"portfolio-box box has-hover\">\n            <div class=\"box-image\" >\n                <div class=\"image-cover\" style=\"padding-top:100%;\">\n                <img loading=\"lazy\" decoding=\"async\" width=\"602\" height=\"400\" src=\"https:\/\/www.soleum.de\/wp-content\/uploads\/2017\/10\/Dampfbad-Liege-Dampfbadsitz-T85-Beitrag-602x400.jpg\" class=\"attachment-medium size-medium\" alt=\"\" srcset=\"https:\/\/www.soleum.de\/wp-content\/uploads\/2017\/10\/Dampfbad-Liege-Dampfbadsitz-T85-Beitrag-602x400.jpg 602w, https:\/\/www.soleum.de\/wp-content\/uploads\/2017\/10\/Dampfbad-Liege-Dampfbadsitz-T85-Beitrag-510x339.jpg 510w, https:\/\/www.soleum.de\/wp-content\/uploads\/2017\/10\/Dampfbad-Liege-Dampfbadsitz-T85-Beitrag-768x511.jpg 768w, https:\/\/www.soleum.de\/wp-content\/uploads\/2017\/10\/Dampfbad-Liege-Dampfbadsitz-T85-Beitrag.jpg 800w\" sizes=\"auto, (max-width: 602px) 100vw, 602px\" \/>                                                <\/div>\n            <\/div>\n            <div class=\"box-text text-center\" >\n                  <div class=\"box-text-inner\">\n                      <h6 class=\"uppercase portfolio-box-title\">douche \u00e0 vapeur carrel\u00e9e pour 2 personnes<\/h6>\n                      <p class=\"uppercase portfolio-box-category is-xsmall op-6\">\n                        <span class=\"show-on-hover\">\n                         Bain de vapeur avec chaises longues, Bain de vapeur avec si\u00e8ges                        <\/span>\n                      <\/p>\n                  <\/div>\n            <\/div>\n           <\/div>\n           <\/a>\n           <\/div>\n           <\/div><div class=\"col\" data-terms=\"[&quot;Bain de vapeur avec si\u00e8ges&quot;,&quot;Bains de vapeur exclusifs&quot;]\" >\n          <div class=\"col-inner\" >\n          <a href=\"https:\/\/www.soleum.de\/wp-content\/uploads\/2017\/10\/privater-Wellnessbereich-Sauna-Dampfbad-Beitrag.jpg\" class=\"plain lightbox-gallery\">\n          <div class=\"portfolio-box box has-hover\">\n            <div class=\"box-image\" >\n                <div class=\"image-cover\" style=\"padding-top:100%;\">\n                <img loading=\"lazy\" decoding=\"async\" width=\"599\" height=\"400\" src=\"https:\/\/www.soleum.de\/wp-content\/uploads\/2017\/10\/privater-Wellnessbereich-Sauna-Dampfbad-Beitrag-599x400.jpg\" class=\"attachment-medium size-medium\" alt=\"\" srcset=\"https:\/\/www.soleum.de\/wp-content\/uploads\/2017\/10\/privater-Wellnessbereich-Sauna-Dampfbad-Beitrag-599x400.jpg 599w, https:\/\/www.soleum.de\/wp-content\/uploads\/2017\/10\/privater-Wellnessbereich-Sauna-Dampfbad-Beitrag-510x341.jpg 510w, https:\/\/www.soleum.de\/wp-content\/uploads\/2017\/10\/privater-Wellnessbereich-Sauna-Dampfbad-Beitrag.jpg 600w\" sizes=\"auto, (max-width: 599px) 100vw, 599px\" \/>                                                <\/div>\n            <\/div>\n            <div class=\"box-text text-center\" >\n                  <div class=\"box-text-inner\">\n                      <h6 class=\"uppercase portfolio-box-title\">Espace bien-\u00eatre priv\u00e9<\/h6>\n                      <p class=\"uppercase portfolio-box-category is-xsmall op-6\">\n                        <span class=\"show-on-hover\">\n                         Bain de vapeur avec si\u00e8ges, Bains de vapeur exclusifs                        <\/span>\n                      <\/p>\n                  <\/div>\n            <\/div>\n           <\/div>\n           <\/a>\n           <\/div>\n           <\/div><div class=\"col\" data-terms=\"[&quot;Bain de vapeur avec si\u00e8ges&quot;,&quot;Petites douches \u00e0 vapeur&quot;]\" >\n          <div class=\"col-inner\" >\n          <a href=\"https:\/\/www.soleum.de\/wp-content\/uploads\/2017\/10\/Dampfdusche-mit-Ecksitz.jpg\" class=\"plain lightbox-gallery\">\n          <div class=\"portfolio-box box has-hover\">\n            <div class=\"box-image\" >\n                <div class=\"image-cover\" style=\"padding-top:100%;\">\n                <img loading=\"lazy\" decoding=\"async\" width=\"500\" height=\"306\" src=\"https:\/\/www.soleum.de\/wp-content\/uploads\/2017\/10\/Dampfdusche-mit-Ecksitz.jpg\" class=\"attachment-medium size-medium\" alt=\"\" \/>                                                <\/div>\n            <\/div>\n            <div class=\"box-text text-center\" >\n                  <div class=\"box-text-inner\">\n                      <h6 class=\"uppercase portfolio-box-title\">Douche \u00e0 vapeur avec si\u00e8ge d&rsquo;angle<\/h6>\n                      <p class=\"uppercase portfolio-box-category is-xsmall op-6\">\n                        <span class=\"show-on-hover\">\n                         Bain de vapeur avec si\u00e8ges, Petites douches \u00e0 vapeur                        <\/span>\n                      <\/p>\n                  <\/div>\n            <\/div>\n           <\/div>\n           <\/a>\n           <\/div>\n           <\/div><div class=\"col\" data-terms=\"[&quot;Bain de vapeur avec si\u00e8ges&quot;,&quot;Petites douches \u00e0 vapeur&quot;]\" >\n          <div class=\"col-inner\" >\n          <a href=\"https:\/\/www.soleum.de\/wp-content\/uploads\/2017\/10\/Dampfkabine-Beitrag.jpg\" class=\"plain lightbox-gallery\">\n          <div class=\"portfolio-box box has-hover\">\n            <div class=\"box-image\" >\n                <div class=\"image-cover\" style=\"padding-top:100%;\">\n                <img loading=\"lazy\" decoding=\"async\" width=\"500\" height=\"333\" src=\"https:\/\/www.soleum.de\/wp-content\/uploads\/2017\/10\/Dampfkabine-Beitrag.jpg\" class=\"attachment-medium size-medium\" alt=\"\" \/>                                                <\/div>\n            <\/div>\n            <div class=\"box-text text-center\" >\n                  <div class=\"box-text-inner\">\n                      <h6 class=\"uppercase portfolio-box-title\">Cabine de vapeur avec si\u00e8ges d&rsquo;angle<\/h6>\n                      <p class=\"uppercase portfolio-box-category is-xsmall op-6\">\n                        <span class=\"show-on-hover\">\n                         Bain de vapeur avec si\u00e8ges, Petites douches \u00e0 vapeur                        <\/span>\n                      <\/p>\n                  <\/div>\n            <\/div>\n           <\/div>\n           <\/a>\n           <\/div>\n           <\/div><div class=\"col\" data-terms=\"[&quot;Bain de vapeur avec si\u00e8ges&quot;]\" >\n          <div class=\"col-inner\" >\n          <a href=\"https:\/\/www.soleum.de\/wp-content\/uploads\/2017\/10\/Dampfsauna-f\u00fcr-2-Personen-beitrag.jpg\" class=\"plain lightbox-gallery\">\n          <div class=\"portfolio-box box has-hover\">\n            <div class=\"box-image\" >\n                <div class=\"image-cover\" style=\"padding-top:100%;\">\n                <img loading=\"lazy\" decoding=\"async\" width=\"429\" height=\"400\" src=\"https:\/\/www.soleum.de\/wp-content\/uploads\/2017\/10\/Dampfsauna-f\u00fcr-2-Personen-beitrag-429x400.jpg\" class=\"attachment-medium size-medium\" alt=\"\" srcset=\"https:\/\/www.soleum.de\/wp-content\/uploads\/2017\/10\/Dampfsauna-f\u00fcr-2-Personen-beitrag-429x400.jpg 429w, https:\/\/www.soleum.de\/wp-content\/uploads\/2017\/10\/Dampfsauna-f\u00fcr-2-Personen-beitrag-510x476.jpg 510w, https:\/\/www.soleum.de\/wp-content\/uploads\/2017\/10\/Dampfsauna-f\u00fcr-2-Personen-beitrag.jpg 750w\" sizes=\"auto, (max-width: 429px) 100vw, 429px\" \/>                                                <\/div>\n            <\/div>\n            <div class=\"box-text text-center\" >\n                  <div class=\"box-text-inner\">\n                      <h6 class=\"uppercase portfolio-box-title\">Sauna \u00e0 vapeur pour 2 personnes<\/h6>\n                      <p class=\"uppercase portfolio-box-category is-xsmall op-6\">\n                        <span class=\"show-on-hover\">\n                         Bain de vapeur avec si\u00e8ges                        <\/span>\n                      <\/p>\n                  <\/div>\n            <\/div>\n           <\/div>\n           <\/a>\n           <\/div>\n           <\/div><div class=\"col\" data-terms=\"[&quot;Bain de vapeur avec si\u00e8ges&quot;]\" >\n          <div class=\"col-inner\" >\n          <a href=\"https:\/\/www.soleum.de\/wp-content\/uploads\/2017\/11\/Dampfbad-2-Personen-beitrag.jpg\" class=\"plain lightbox-gallery\">\n          <div class=\"portfolio-box box has-hover\">\n            <div class=\"box-image\" >\n                <div class=\"image-cover\" style=\"padding-top:100%;\">\n                <img loading=\"lazy\" decoding=\"async\" width=\"500\" height=\"333\" src=\"https:\/\/www.soleum.de\/wp-content\/uploads\/2017\/11\/Dampfbad-2-Personen-beitrag.jpg\" class=\"attachment-medium size-medium\" alt=\"\" \/>                                                <\/div>\n            <\/div>\n            <div class=\"box-text text-center\" >\n                  <div class=\"box-text-inner\">\n                      <h6 class=\"uppercase portfolio-box-title\">Bain de vapeur pour 2 personnes<\/h6>\n                      <p class=\"uppercase portfolio-box-category is-xsmall op-6\">\n                        <span class=\"show-on-hover\">\n                         Bain de vapeur avec si\u00e8ges                        <\/span>\n                      <\/p>\n                  <\/div>\n            <\/div>\n           <\/div>\n           <\/a>\n           <\/div>\n           <\/div><\/div><\/div>\n\n  <div class=\"banner has-hover has-parallax\" id=\"banner-968101459\">\n          <div class=\"banner-inner fill\">\n        <div class=\"banner-bg fill\" data-parallax=\"-2\" data-parallax-container=\".banner\" data-parallax-background>\n            <img loading=\"lazy\" decoding=\"async\" width=\"1000\" height=\"360\" src=\"https:\/\/www.soleum.de\/wp-content\/uploads\/2017\/02\/SOLEUM_dampfbad-teile-uns_1000-1.jpg\" class=\"bg attachment-large size-large\" alt=\"\" \/>                        <div class=\"overlay\"><\/div>            \n                    <\/div>\n\t\t\n        <div class=\"banner-layers container\">\n            <div class=\"fill banner-link\"><\/div>            \n\n   <div id=\"text-box-1716419751\" class=\"text-box banner-layer x15 md-x15 lg-x15 y95 md-y95 lg-y95 res-text\">\n                                <div class=\"text-box-content text dark\">\n              \n              <div class=\"text-inner text-center\">\n                  \n\n<div class=\"social-icons share-icons share-row relative full-width text-center icon-style-fill\" style=\"font-size:202%\"><a href=\"whatsapp:\/\/send?text=Bain%20de%20vapeur%20pour%202%20personnes - https:\/\/www.soleum.de\/fr\/featured_item\/bain-de-vapeur-pour-2-personnes\/\" data-action=\"share\/whatsapp\/share\" class=\"icon primary button circle tooltip whatsapp show-for-medium\" title=\"Partager sur WhatsApp\" aria-label=\"Partager sur WhatsApp\"><i class=\"icon-whatsapp\" aria-hidden=\"true\"><\/i><\/a><a href=\"https:\/\/www.facebook.com\/sharer.php?u=https:\/\/www.soleum.de\/fr\/featured_item\/bain-de-vapeur-pour-2-personnes\/\" data-label=\"Facebook\" onclick=\"window.open(this.href,this.title,'width=500,height=500,top=300px,left=300px'); return false;\" target=\"_blank\" class=\"icon primary button circle tooltip facebook\" title=\"Partager sur Facebook\" aria-label=\"Partager sur Facebook\" rel=\"noopener nofollow\"><i class=\"icon-facebook\" aria-hidden=\"true\"><\/i><\/a><a href=\"https:\/\/twitter.com\/share?url=https:\/\/www.soleum.de\/fr\/featured_item\/bain-de-vapeur-pour-2-personnes\/\" onclick=\"window.open(this.href,this.title,'width=500,height=500,top=300px,left=300px'); return false;\" target=\"_blank\" class=\"icon primary button circle tooltip twitter\" title=\"Partager sur Twitter\" aria-label=\"Partager sur Twitter\" rel=\"noopener nofollow\"><i class=\"icon-twitter\" aria-hidden=\"true\"><\/i><\/a><a href=\"mailto:?subject=Bain%20de%20vapeur%20pour%202%20personnes&body=Regarde%20%C3%A7a%3A%20https%3A%2F%2Fwww.soleum.de%2Ffr%2Ffeatured_item%2Fbain-de-vapeur-pour-2-personnes%2F\" class=\"icon primary button circle tooltip email\" title=\"Envoyer par mail\" aria-label=\"Envoyer par mail\" rel=\"nofollow\"><i class=\"icon-envelop\" aria-hidden=\"true\"><\/i><\/a><a href=\"https:\/\/pinterest.com\/pin\/create\/button?url=https:\/\/www.soleum.de\/fr\/featured_item\/bain-de-vapeur-pour-2-personnes\/&media=https:\/\/www.soleum.de\/wp-content\/uploads\/2017\/11\/Dampfbad-2-Personen-beitrag.jpg&description=Bain%20de%20vapeur%20pour%202%20personnes\" onclick=\"window.open(this.href,this.title,'width=500,height=500,top=300px,left=300px'); return false;\" target=\"_blank\" class=\"icon primary button circle tooltip pinterest\" title=\"Epingler sur Pinterest\" aria-label=\"Epingler sur Pinterest\" rel=\"noopener nofollow\"><i class=\"icon-pinterest\" aria-hidden=\"true\"><\/i><\/a><\/div>\n\n\n              <\/div>\n           <\/div>\n                            \n<style>\n#text-box-1716419751 {\n  width: 60%;\n}\n#text-box-1716419751 .text-box-content {\n  font-size: 100%;\n}\n@media (min-width:550px) {\n  #text-box-1716419751 {\n    width: 60%;\n  }\n}\n<\/style>\n    <\/div>\n \n\n        <\/div>\n      <\/div>\n\n            \n<style>\n#banner-968101459 {\n  padding-top: 292px;\n}\n#banner-968101459 .overlay {\n  background-color: rgba(0, 0, 0, 0.12);\n}\n#banner-968101459 .banner-bg img {\n  object-position: 66% 24%;\n}\n<\/style>\n  <\/div>\n\n\n<\/div>\n<\/div>\n","protected":false},"excerpt":{"rendered":"<p>Si\u00e8ge de bain de vapeur T60, profondeur d&rsquo;assise env. 60cm, hauteur du dossier 110cm<\/p>\n","protected":false},"featured_media":17059,"template":"","meta":[],"product_brand":[],"product_cat":[3756],"product_tag":[3656,3651,3762,3764,3759,3761,3763,3652,3658],"class_list":{"0":"post-29340","1":"product","2":"type-product","3":"status-publish","4":"has-post-thumbnail","6":"product_cat-siege-t60","7":"product_tag-banc-de-douche","8":"product_tag-banc-pour-bain-de-vapeur","9":"product_tag-banquette-bien-etre","10":"product_tag-banquette-bien-etre-fr","11":"product_tag-module-eps","12":"product_tag-module-spa","13":"product_tag-siege-bien-etre","14":"product_tag-siege-de-bain-de-vapeur","15":"product_tag-siege-de-douche","16":"product_shipping_class-objets-encombrants","18":"first","19":"instock","20":"taxable","21":"shipping-taxable","22":"purchasable","23":"product-type-simple"},"_links":{"self":[{"href":"https:\/\/www.soleum.de\/fr\/wp-json\/wp\/v2\/product\/29340","targetHints":{"allow":["GET"]}}],"collection":[{"href":"https:\/\/www.soleum.de\/fr\/wp-json\/wp\/v2\/product"}],"about":[{"href":"https:\/\/www.soleum.de\/fr\/wp-json\/wp\/v2\/types\/product"}],"wp:featuredmedia":[{"embeddable":true,"href":"https:\/\/www.soleum.de\/fr\/wp-json\/wp\/v2\/media\/17059"}],"wp:attachment":[{"href":"https:\/\/www.soleum.de\/fr\/wp-json\/wp\/v2\/media?parent=29340"}],"wp:term":[{"taxonomy":"product_brand","embeddable":true,"href":"https:\/\/www.soleum.de\/fr\/wp-json\/wp\/v2\/product_brand?post=29340"},{"taxonomy":"product_cat","embeddable":true,"href":"https:\/\/www.soleum.de\/fr\/wp-json\/wp\/v2\/product_cat?post=29340"},{"taxonomy":"product_tag","embeddable":true,"href":"https:\/\/www.soleum.de\/fr\/wp-json\/wp\/v2\/product_tag?post=29340"}],"curies":[{"name":"wp","href":"https:\/\/api.w.org\/{rel}","templated":true}]}}