{"id":21748,"date":"2017-02-15T10:28:49","date_gmt":"2017-02-15T09:28:49","guid":{"rendered":"https:\/\/www.soleum.de\/blog-o-parnoj-kupelji\/"},"modified":"2023-09-22T12:26:40","modified_gmt":"2023-09-22T10:26:40","slug":"blog-o-parnoj-kupelji","status":"publish","type":"page","link":"https:\/\/www.soleum.de\/hr\/blog-o-parnoj-kupelji\/","title":{"rendered":"Blog o parnoj kupelji"},"content":{"rendered":"\n  <div class=\"banner has-hover has-parallax\" id=\"banner-1730352830\">\n          <div class=\"banner-inner fill\">\n        <div class=\"banner-bg fill\" data-parallax=\"-2\" data-parallax-container=\".banner\" data-parallax-background>\n            <img loading=\"lazy\" decoding=\"async\" width=\"1020\" height=\"280\" src=\"https:\/\/www.soleum.de\/wp-content\/uploads\/2017\/02\/dampfbad-bg-1400x384.jpg\" class=\"bg attachment-large size-large\" alt=\"\" \/>                                    \n                    <\/div>\n\t\t\n        <div class=\"banner-layers container\">\n            <div class=\"fill banner-link\"><\/div>            \n   <div id=\"text-box-1535482102\" class=\"text-box banner-layer x50 md-x50 lg-x50 y50 md-y50 lg-y50 res-text\">\n                                <div class=\"text-box-content text dark\">\n              \n              <div class=\"text-inner text-center\">\n                  \n<h3 class=\"uppercase\"><strong>Pregled s na\u0161eg bloga o parnoj kupelji<br \/>\n<\/strong><\/h3>\n<p>Radujemo se va\u0161im komentarima i pitanjima o odre\u0111enim temama, rado \u0107emo odgovoriti na nova pitanja &#8211; po\u0161aljite nam e-mail. Zatim \u0107emo ih objaviti s odgovorom ovdje na ovom blogu o parnoj kupelji<\/p>\n<div class=\"is-divider divider clearfix\" style=\"max-width:67px;height:5px;\"><\/div>\n              <\/div>\n           <\/div>\n                            \n<style>\n#text-box-1535482102 {\n  width: 60%;\n}\n#text-box-1535482102 .text-box-content {\n  font-size: 156%;\n}\n<\/style>\n    <\/div>\n \n        <\/div>\n      <\/div>\n\n            \n<style>\n#banner-1730352830 {\n  padding-top: 364px;\n}\n#banner-1730352830 .banner-bg img {\n  object-position: 80% 19%;\n}\n<\/style>\n  <\/div>\n\n\n<div class=\"container section-title-container\" ><h3 class=\"section-title section-title-center\"><b aria-hidden=\"true\"><\/b><span class=\"section-title-main\" >Ovdje pro\u010ditajte zanimljive informacije i podijelite ih .....<\/span><b aria-hidden=\"true\"><\/b><\/h3><\/div>\n<div class=\"row\"  id=\"row-402806786\">\n<\/div>\n\n  \n    <div id=\"row-680838939\" class=\"row large-columns-4 medium-columns-3 small-columns-1 has-shadow row-box-shadow-2 row-masonry\" data-packery-options='{\"itemSelector\": \".col\", \"gutter\": 0, \"presentageWidth\" : true}'>\n\n  <div class=\"col post-item\" >\n\t\t\t<div class=\"col-inner\">\n\t\t\t\t<div class=\"box box-default box-text-bottom box-blog-post has-hover\">\n            \t\t\t\t\t<div class=\"box-image\" >\n  \t\t\t\t\t\t<div class=\"image-cover\" style=\"padding-top:180px;\">\n\t\t\t\t\t\t\t<a href=\"https:\/\/www.soleum.de\/hr\/moc-haloterapije\/\" class=\"plain\" aria-label=\"Mo\u0107 haloterapije\">\n\t\t\t\t\t\t\t\t<img loading=\"lazy\" decoding=\"async\" width=\"600\" height=\"336\" src=\"https:\/\/www.soleum.de\/wp-content\/uploads\/2024\/02\/halotherapie-halotherapy.jpg\" class=\"attachment-medium size-medium wp-post-image\" alt=\"haloterapija-haloterapija\" srcset=\"https:\/\/www.soleum.de\/wp-content\/uploads\/2024\/02\/halotherapie-halotherapy.jpg 600w, https:\/\/www.soleum.de\/wp-content\/uploads\/2024\/02\/halotherapie-halotherapy-510x286.jpg 510w\" sizes=\"auto, (max-width: 600px) 100vw, 600px\" \/>\t\t\t\t\t\t\t<\/a>\n  \t\t\t\t\t\t\t  \t\t\t\t\t\t\t  \t\t\t\t\t\t<\/div>\n  \t\t\t\t\t\t  \t\t\t\t\t<\/div>\n          \t\t\t\t\t<div class=\"box-text text-center\" >\n\t\t\t\t\t<div class=\"box-text-inner blog-post-inner\">\n\n\t\t\t\t\t\n\t\t\t\t\t\t\t\t\t\t<h5 class=\"post-title is-large \">\n\t\t\t\t\t\t<a href=\"https:\/\/www.soleum.de\/hr\/moc-haloterapije\/\" class=\"plain\">Mo\u0107 haloterapije<\/a>\n\t\t\t\t\t<\/h5>\n\t\t\t\t\t\t\t\t\t\t<div class=\"is-divider\"><\/div>\n\t\t\t\t\t\t\t\t\t\t<p class=\"from_the_blog_excerpt \">\n\t\t\t\t\t\tJedna terapija koja je posljednjih godina postala popularna je haloterapija - tako\u0111er poznata kao terapija [...]\t\t\t\t\t<\/p>\n\t\t\t\t\t                    \n\t\t\t\t\t\n\t\t\t\t\t\n\t\t\t\t\t<\/div>\n\t\t\t\t\t<\/div>\n\t\t\t\t\t\t\t\t\t\t\t\t\t\t\t\t<div class=\"badge absolute top post-date badge-outline\">\n\t\t\t\t\t\t\t<div class=\"badge-inner\">\n\t\t\t\t\t\t\t\t<span class=\"post-date-day\">28<\/span><br>\n\t\t\t\t\t\t\t\t<span class=\"post-date-month is-xsmall\">velj<\/span>\n\t\t\t\t\t\t\t<\/div>\n\t\t\t\t\t\t<\/div>\n\t\t\t\t\t\t\t\t\t<\/div>\n\t\t\t<\/div>\n\t\t<\/div><div class=\"col post-item\" >\n\t\t\t<div class=\"col-inner\">\n\t\t\t\t<div class=\"box box-default box-text-bottom box-blog-post has-hover\">\n            \t\t\t\t\t<div class=\"box-image\" >\n  \t\t\t\t\t\t<div class=\"image-cover\" style=\"padding-top:180px;\">\n\t\t\t\t\t\t\t<a href=\"https:\/\/www.soleum.de\/hr\/izgradite-vlastitu-parnu-kupelj\/\" class=\"plain\" aria-label=\"Izgradite vlastitu parnu kupelj\">\n\t\t\t\t\t\t\t\t<img loading=\"lazy\" decoding=\"async\" width=\"800\" height=\"400\" src=\"https:\/\/www.soleum.de\/wp-content\/uploads\/2023\/10\/Hamam-SPA-Modul-Kombination_T95-BTB-GK-800x400.jpg\" class=\"attachment-medium size-medium wp-post-image\" alt=\"Hamam-SPA-Module-Kombination_T95-BTB-GK\" srcset=\"https:\/\/www.soleum.de\/wp-content\/uploads\/2023\/10\/Hamam-SPA-Modul-Kombination_T95-BTB-GK-800x400.jpg 800w, https:\/\/www.soleum.de\/wp-content\/uploads\/2023\/10\/Hamam-SPA-Modul-Kombination_T95-BTB-GK-768x384.jpg 768w, https:\/\/www.soleum.de\/wp-content\/uploads\/2023\/10\/Hamam-SPA-Modul-Kombination_T95-BTB-GK-510x255.jpg 510w, https:\/\/www.soleum.de\/wp-content\/uploads\/2023\/10\/Hamam-SPA-Modul-Kombination_T95-BTB-GK.jpg 1200w\" sizes=\"auto, (max-width: 800px) 100vw, 800px\" \/>\t\t\t\t\t\t\t<\/a>\n  \t\t\t\t\t\t\t  \t\t\t\t\t\t\t  \t\t\t\t\t\t<\/div>\n  \t\t\t\t\t\t  \t\t\t\t\t<\/div>\n          \t\t\t\t\t<div class=\"box-text text-center\" >\n\t\t\t\t\t<div class=\"box-text-inner blog-post-inner\">\n\n\t\t\t\t\t\n\t\t\t\t\t\t\t\t\t\t<h5 class=\"post-title is-large \">\n\t\t\t\t\t\t<a href=\"https:\/\/www.soleum.de\/hr\/izgradite-vlastitu-parnu-kupelj\/\" class=\"plain\">Izgradite vlastitu parnu kupelj<\/a>\n\t\t\t\t\t<\/h5>\n\t\t\t\t\t\t\t\t\t\t<div class=\"is-divider\"><\/div>\n\t\t\t\t\t\t\t\t\t\t<p class=\"from_the_blog_excerpt \">\n\t\t\t\t\t\tIzgradite vlastitu parnu kupelj - sa SPA modulima tvrtke SOLEUM Za samostalnu konstrukciju parnih kupelji [...]\t\t\t\t\t<\/p>\n\t\t\t\t\t                    \n\t\t\t\t\t\n\t\t\t\t\t\n\t\t\t\t\t<\/div>\n\t\t\t\t\t<\/div>\n\t\t\t\t\t\t\t\t\t\t\t\t\t\t\t\t<div class=\"badge absolute top post-date badge-outline\">\n\t\t\t\t\t\t\t<div class=\"badge-inner\">\n\t\t\t\t\t\t\t\t<span class=\"post-date-day\">09<\/span><br>\n\t\t\t\t\t\t\t\t<span class=\"post-date-month is-xsmall\">lis<\/span>\n\t\t\t\t\t\t\t<\/div>\n\t\t\t\t\t\t<\/div>\n\t\t\t\t\t\t\t\t\t<\/div>\n\t\t\t<\/div>\n\t\t<\/div><div class=\"col post-item\" >\n\t\t\t<div class=\"col-inner\">\n\t\t\t\t<div class=\"box box-default box-text-bottom box-blog-post has-hover\">\n            \t\t\t\t\t<div class=\"box-image\" >\n  \t\t\t\t\t\t<div class=\"image-cover\" style=\"padding-top:180px;\">\n\t\t\t\t\t\t\t<a href=\"https:\/\/www.soleum.de\/hr\/parna-kupelj-tehnickog-podrucja-2\/\" class=\"plain\" aria-label=\"Parna kupelj tehni\u010dkog podru\u010dja\">\n\t\t\t\t\t\t\t\t<img loading=\"lazy\" decoding=\"async\" width=\"480\" height=\"400\" src=\"https:\/\/www.soleum.de\/wp-content\/uploads\/2023\/10\/Dampfgenerator-Schema_1-480x400.jpg\" class=\"attachment-medium size-medium wp-post-image\" alt=\"Parna kupelj tehni\u010dkog podru\u010dja\" srcset=\"https:\/\/www.soleum.de\/wp-content\/uploads\/2023\/10\/Dampfgenerator-Schema_1-480x400.jpg 480w, https:\/\/www.soleum.de\/wp-content\/uploads\/2023\/10\/Dampfgenerator-Schema_1-959x800.jpg 959w, https:\/\/www.soleum.de\/wp-content\/uploads\/2023\/10\/Dampfgenerator-Schema_1-768x641.jpg 768w, https:\/\/www.soleum.de\/wp-content\/uploads\/2023\/10\/Dampfgenerator-Schema_1-510x425.jpg 510w, https:\/\/www.soleum.de\/wp-content\/uploads\/2023\/10\/Dampfgenerator-Schema_1.jpg 1000w\" sizes=\"auto, (max-width: 480px) 100vw, 480px\" \/>\t\t\t\t\t\t\t<\/a>\n  \t\t\t\t\t\t\t  \t\t\t\t\t\t\t  \t\t\t\t\t\t<\/div>\n  \t\t\t\t\t\t  \t\t\t\t\t<\/div>\n          \t\t\t\t\t<div class=\"box-text text-center\" >\n\t\t\t\t\t<div class=\"box-text-inner blog-post-inner\">\n\n\t\t\t\t\t\n\t\t\t\t\t\t\t\t\t\t<h5 class=\"post-title is-large \">\n\t\t\t\t\t\t<a href=\"https:\/\/www.soleum.de\/hr\/parna-kupelj-tehnickog-podrucja-2\/\" class=\"plain\">Parna kupelj tehni\u010dkog podru\u010dja<\/a>\n\t\t\t\t\t<\/h5>\n\t\t\t\t\t\t\t\t\t\t<div class=\"is-divider\"><\/div>\n\t\t\t\t\t\t\t\t\t\t<p class=\"from_the_blog_excerpt \">\n\t\t\t\t\t\tOvdje \u0107ete prona\u0107i informacije o tehni\u010dkom podru\u010dju parne kupelji. Tehnologija parne kupelji treba prostora!\t\t\t\t\t<\/p>\n\t\t\t\t\t                    \n\t\t\t\t\t\n\t\t\t\t\t\n\t\t\t\t\t<\/div>\n\t\t\t\t\t<\/div>\n\t\t\t\t\t\t\t\t\t\t\t\t\t\t\t\t<div class=\"badge absolute top post-date badge-outline\">\n\t\t\t\t\t\t\t<div class=\"badge-inner\">\n\t\t\t\t\t\t\t\t<span class=\"post-date-day\">04<\/span><br>\n\t\t\t\t\t\t\t\t<span class=\"post-date-month is-xsmall\">lis<\/span>\n\t\t\t\t\t\t\t<\/div>\n\t\t\t\t\t\t<\/div>\n\t\t\t\t\t\t\t\t\t<\/div>\n\t\t\t<\/div>\n\t\t<\/div><div class=\"col post-item\" >\n\t\t\t<div class=\"col-inner\">\n\t\t\t\t<div class=\"box box-default box-text-bottom box-blog-post has-hover\">\n            \t\t\t\t\t<div class=\"box-image\" >\n  \t\t\t\t\t\t<div class=\"image-cover\" style=\"padding-top:180px;\">\n\t\t\t\t\t\t\t<a href=\"https:\/\/www.soleum.de\/hr\/vanjska-sauna-soleum-parna-sauna-za-vanjsku-upotrebu\/\" class=\"plain\" aria-label=\"Vanjska sauna SOLEUM &#8211; Parna sauna za vanjsku upotrebu\">\n\t\t\t\t\t\t\t\t<img loading=\"lazy\" decoding=\"async\" width=\"533\" height=\"400\" src=\"https:\/\/www.soleum.de\/wp-content\/uploads\/2023\/08\/Aussensauna-Outdoor-SPA-SOLEUM-533x400.jpg\" class=\"attachment-medium size-medium wp-post-image\" alt=\"Vanjska sauna, vanjski SPA by SOLEUM\" srcset=\"https:\/\/www.soleum.de\/wp-content\/uploads\/2023\/08\/Aussensauna-Outdoor-SPA-SOLEUM-533x400.jpg 533w, https:\/\/www.soleum.de\/wp-content\/uploads\/2023\/08\/Aussensauna-Outdoor-SPA-SOLEUM-768x576.jpg 768w, https:\/\/www.soleum.de\/wp-content\/uploads\/2023\/08\/Aussensauna-Outdoor-SPA-SOLEUM-510x383.jpg 510w, https:\/\/www.soleum.de\/wp-content\/uploads\/2023\/08\/Aussensauna-Outdoor-SPA-SOLEUM.jpg 800w\" sizes=\"auto, (max-width: 533px) 100vw, 533px\" \/>\t\t\t\t\t\t\t<\/a>\n  \t\t\t\t\t\t\t  \t\t\t\t\t\t\t  \t\t\t\t\t\t<\/div>\n  \t\t\t\t\t\t  \t\t\t\t\t<\/div>\n          \t\t\t\t\t<div class=\"box-text text-center\" >\n\t\t\t\t\t<div class=\"box-text-inner blog-post-inner\">\n\n\t\t\t\t\t\n\t\t\t\t\t\t\t\t\t\t<h5 class=\"post-title is-large \">\n\t\t\t\t\t\t<a href=\"https:\/\/www.soleum.de\/hr\/vanjska-sauna-soleum-parna-sauna-za-vanjsku-upotrebu\/\" class=\"plain\">Vanjska sauna SOLEUM &#8211; Parna sauna za vanjsku upotrebu<\/a>\n\t\t\t\t\t<\/h5>\n\t\t\t\t\t\t\t\t\t\t<div class=\"is-divider\"><\/div>\n\t\t\t\t\t\t\t\t\t\t<p class=\"from_the_blog_excerpt \">\n\t\t\t\t\t\tJedinstvena i s mnogim prednostima, predstavlja se parna sauna za vanjski prostor Soleuma\u00ae. To je [...]\t\t\t\t\t<\/p>\n\t\t\t\t\t                    \n\t\t\t\t\t\n\t\t\t\t\t\n\t\t\t\t\t<\/div>\n\t\t\t\t\t<\/div>\n\t\t\t\t\t\t\t\t\t\t\t\t\t\t\t\t<div class=\"badge absolute top post-date badge-outline\">\n\t\t\t\t\t\t\t<div class=\"badge-inner\">\n\t\t\t\t\t\t\t\t<span class=\"post-date-day\">23<\/span><br>\n\t\t\t\t\t\t\t\t<span class=\"post-date-month is-xsmall\">kol<\/span>\n\t\t\t\t\t\t\t<\/div>\n\t\t\t\t\t\t<\/div>\n\t\t\t\t\t\t\t\t\t<\/div>\n\t\t\t<\/div>\n\t\t<\/div><div class=\"col post-item\" >\n\t\t\t<div class=\"col-inner\">\n\t\t\t\t<div class=\"box box-default box-text-bottom box-blog-post has-hover\">\n            \t\t\t\t\t<div class=\"box-image\" >\n  \t\t\t\t\t\t<div class=\"image-cover\" style=\"padding-top:180px;\">\n\t\t\t\t\t\t\t<a href=\"https:\/\/www.soleum.de\/hr\/parna-kupelj-tehnickog-podrucja\/\" class=\"plain\" aria-label=\"Parna kupelj tehni\u010dkog podru\u010dja\">\n\t\t\t\t\t\t\t\t<img loading=\"lazy\" decoding=\"async\" width=\"300\" height=\"400\" src=\"https:\/\/www.soleum.de\/wp-content\/uploads\/2019\/03\/Technikbereich-dampfbad-soleum-1-300x400.jpg\" class=\"attachment-medium size-medium wp-post-image\" alt=\"Tehni\u010dko podru\u010dje parne kupelji soleum Tehnologija parne kupelji\" srcset=\"https:\/\/www.soleum.de\/wp-content\/uploads\/2019\/03\/Technikbereich-dampfbad-soleum-1-300x400.jpg 300w, https:\/\/www.soleum.de\/wp-content\/uploads\/2019\/03\/Technikbereich-dampfbad-soleum-1.jpg 480w\" sizes=\"auto, (max-width: 300px) 100vw, 300px\" \/>\t\t\t\t\t\t\t<\/a>\n  \t\t\t\t\t\t\t  \t\t\t\t\t\t\t  \t\t\t\t\t\t<\/div>\n  \t\t\t\t\t\t  \t\t\t\t\t<\/div>\n          \t\t\t\t\t<div class=\"box-text text-center\" >\n\t\t\t\t\t<div class=\"box-text-inner blog-post-inner\">\n\n\t\t\t\t\t\n\t\t\t\t\t\t\t\t\t\t<h5 class=\"post-title is-large \">\n\t\t\t\t\t\t<a href=\"https:\/\/www.soleum.de\/hr\/parna-kupelj-tehnickog-podrucja\/\" class=\"plain\">Parna kupelj tehni\u010dkog podru\u010dja<\/a>\n\t\t\t\t\t<\/h5>\n\t\t\t\t\t\t\t\t\t\t<div class=\"is-divider\"><\/div>\n\t\t\t\t\t\t\t\t\t\t<p class=\"from_the_blog_excerpt \">\n\t\t\t\t\t\tOvdje \u0107ete prona\u0107i informacije o tehni\u010dkom podru\u010dju parne kupelji. Tehnologija parne kupelji treba prostora!\t\t\t\t\t<\/p>\n\t\t\t\t\t                    \n\t\t\t\t\t\n\t\t\t\t\t\n\t\t\t\t\t<\/div>\n\t\t\t\t\t<\/div>\n\t\t\t\t\t\t\t\t\t\t\t\t\t\t\t\t<div class=\"badge absolute top post-date badge-outline\">\n\t\t\t\t\t\t\t<div class=\"badge-inner\">\n\t\t\t\t\t\t\t\t<span class=\"post-date-day\">16<\/span><br>\n\t\t\t\t\t\t\t\t<span class=\"post-date-month is-xsmall\">lip<\/span>\n\t\t\t\t\t\t\t<\/div>\n\t\t\t\t\t\t<\/div>\n\t\t\t\t\t\t\t\t\t<\/div>\n\t\t\t<\/div>\n\t\t<\/div><div class=\"col post-item\" >\n\t\t\t<div class=\"col-inner\">\n\t\t\t\t<div class=\"box box-default box-text-bottom box-blog-post has-hover\">\n            \t\t\t\t\t<div class=\"box-image\" >\n  \t\t\t\t\t\t<div class=\"image-cover\" style=\"padding-top:180px;\">\n\t\t\t\t\t\t\t<a href=\"https:\/\/www.soleum.de\/hr\/luksuzna-spa-grijana-lezaljka-sa-staklenim-mozaikom-sicis\/\" class=\"plain\" aria-label=\"Luksuzna SPA grijana le\u017ealjka sa staklenim mozaikom SICIS\">\n\t\t\t\t\t\t\t\t<img loading=\"lazy\" decoding=\"async\" width=\"600\" height=\"360\" src=\"https:\/\/www.soleum.de\/wp-content\/uploads\/2023\/05\/SOLEUM-Waermeliege-LAGOON-600.jpg\" class=\"attachment-medium size-medium wp-post-image\" alt=\"SOLEUM grijana le\u017ealjka LAGOON\" srcset=\"https:\/\/www.soleum.de\/wp-content\/uploads\/2023\/05\/SOLEUM-Waermeliege-LAGOON-600.jpg 600w, https:\/\/www.soleum.de\/wp-content\/uploads\/2023\/05\/SOLEUM-Waermeliege-LAGOON-600-510x306.jpg 510w\" sizes=\"auto, (max-width: 600px) 100vw, 600px\" \/>\t\t\t\t\t\t\t<\/a>\n  \t\t\t\t\t\t\t  \t\t\t\t\t\t\t  \t\t\t\t\t\t<\/div>\n  \t\t\t\t\t\t  \t\t\t\t\t<\/div>\n          \t\t\t\t\t<div class=\"box-text text-center\" >\n\t\t\t\t\t<div class=\"box-text-inner blog-post-inner\">\n\n\t\t\t\t\t\n\t\t\t\t\t\t\t\t\t\t<h5 class=\"post-title is-large \">\n\t\t\t\t\t\t<a href=\"https:\/\/www.soleum.de\/hr\/luksuzna-spa-grijana-lezaljka-sa-staklenim-mozaikom-sicis\/\" class=\"plain\">Luksuzna SPA grijana le\u017ealjka sa staklenim mozaikom SICIS<\/a>\n\t\t\t\t\t<\/h5>\n\t\t\t\t\t\t\t\t\t\t<div class=\"is-divider\"><\/div>\n\t\t\t\t\t\t\t\t\t\t<p class=\"from_the_blog_excerpt \">\n\t\t\t\t\t\tLuksuzne SPA le\u017ealjke za hotele, wellness prostore i privatne saune Savr\u0161eno opu\u0161tanje u luksuznim le\u017ealjkama. [...]\t\t\t\t\t<\/p>\n\t\t\t\t\t                    \n\t\t\t\t\t\n\t\t\t\t\t\n\t\t\t\t\t<\/div>\n\t\t\t\t\t<\/div>\n\t\t\t\t\t\t\t\t\t\t\t\t\t\t\t\t<div class=\"badge absolute top post-date badge-outline\">\n\t\t\t\t\t\t\t<div class=\"badge-inner\">\n\t\t\t\t\t\t\t\t<span class=\"post-date-day\">17<\/span><br>\n\t\t\t\t\t\t\t\t<span class=\"post-date-month is-xsmall\">svi<\/span>\n\t\t\t\t\t\t\t<\/div>\n\t\t\t\t\t\t<\/div>\n\t\t\t\t\t\t\t\t\t<\/div>\n\t\t\t<\/div>\n\t\t<\/div><div class=\"col post-item\" >\n\t\t\t<div class=\"col-inner\">\n\t\t\t\t<div class=\"box box-default box-text-bottom box-blog-post has-hover\">\n            \t\t\t\t\t<div class=\"box-image\" >\n  \t\t\t\t\t\t<div class=\"image-cover\" style=\"padding-top:180px;\">\n\t\t\t\t\t\t\t<a href=\"https:\/\/www.soleum.de\/hr\/art-spa-luksuzne-kabine-za-najzahtjevnije-goste\/\" class=\"plain\" aria-label=\"Art &amp; SPA &#8211; Luksuzne kabine za najzahtjevnije goste\">\n\t\t\t\t\t\t\t\t<img loading=\"lazy\" decoding=\"async\" width=\"319\" height=\"400\" src=\"https:\/\/www.soleum.de\/wp-content\/uploads\/2022\/08\/ArtSPA-Luxus-Design-Wellness2-319x400.jpg\" class=\"attachment-medium size-medium wp-post-image\" alt=\"\" srcset=\"https:\/\/www.soleum.de\/wp-content\/uploads\/2022\/08\/ArtSPA-Luxus-Design-Wellness2-319x400.jpg 319w, https:\/\/www.soleum.de\/wp-content\/uploads\/2022\/08\/ArtSPA-Luxus-Design-Wellness2-638x800.jpg 638w, https:\/\/www.soleum.de\/wp-content\/uploads\/2022\/08\/ArtSPA-Luxus-Design-Wellness2-768x963.jpg 768w, https:\/\/www.soleum.de\/wp-content\/uploads\/2022\/08\/ArtSPA-Luxus-Design-Wellness2-510x639.jpg 510w, https:\/\/www.soleum.de\/wp-content\/uploads\/2022\/08\/ArtSPA-Luxus-Design-Wellness2.jpg 900w\" sizes=\"auto, (max-width: 319px) 100vw, 319px\" \/>\t\t\t\t\t\t\t<\/a>\n  \t\t\t\t\t\t\t  \t\t\t\t\t\t\t  \t\t\t\t\t\t<\/div>\n  \t\t\t\t\t\t  \t\t\t\t\t<\/div>\n          \t\t\t\t\t<div class=\"box-text text-center\" >\n\t\t\t\t\t<div class=\"box-text-inner blog-post-inner\">\n\n\t\t\t\t\t\n\t\t\t\t\t\t\t\t\t\t<h5 class=\"post-title is-large \">\n\t\t\t\t\t\t<a href=\"https:\/\/www.soleum.de\/hr\/art-spa-luksuzne-kabine-za-najzahtjevnije-goste\/\" class=\"plain\">Art &amp; SPA &#8211; Luksuzne kabine za najzahtjevnije goste<\/a>\n\t\t\t\t\t<\/h5>\n\t\t\t\t\t\t\t\t\t\t<div class=\"is-divider\"><\/div>\n\t\t\t\t\t\t\t\t\t\t<p class=\"from_the_blog_excerpt \">\n\t\t\t\t\t\tArt &amp; SPA - luksuzne kabine za najzahtjevnije goste. Umjetni\u010dki objekt s brojnim wellness tretmanima. [...]\t\t\t\t\t<\/p>\n\t\t\t\t\t                    \n\t\t\t\t\t\n\t\t\t\t\t\n\t\t\t\t\t<\/div>\n\t\t\t\t\t<\/div>\n\t\t\t\t\t\t\t\t\t\t\t\t\t\t\t\t<div class=\"badge absolute top post-date badge-outline\">\n\t\t\t\t\t\t\t<div class=\"badge-inner\">\n\t\t\t\t\t\t\t\t<span class=\"post-date-day\">21<\/span><br>\n\t\t\t\t\t\t\t\t<span class=\"post-date-month is-xsmall\">velj<\/span>\n\t\t\t\t\t\t\t<\/div>\n\t\t\t\t\t\t<\/div>\n\t\t\t\t\t\t\t\t\t<\/div>\n\t\t\t<\/div>\n\t\t<\/div><div class=\"col post-item\" >\n\t\t\t<div class=\"col-inner\">\n\t\t\t\t<div class=\"box box-default box-text-bottom box-blog-post has-hover\">\n            \t\t\t\t\t<div class=\"box-image\" >\n  \t\t\t\t\t\t<div class=\"image-cover\" style=\"padding-top:180px;\">\n\t\t\t\t\t\t\t<a href=\"https:\/\/www.soleum.de\/hr\/spa-namjestaj-za-wellness-i-hotele\/\" class=\"plain\" aria-label=\"SPA namje\u0161taj za wellness i hotele\">\n\t\t\t\t\t\t\t\t<img loading=\"lazy\" decoding=\"async\" width=\"533\" height=\"400\" src=\"https:\/\/www.soleum.de\/wp-content\/uploads\/2022\/07\/SPA-Moebel-soleum-1-533x400.jpg\" class=\"attachment-medium size-medium wp-post-image\" alt=\"\" srcset=\"https:\/\/www.soleum.de\/wp-content\/uploads\/2022\/07\/SPA-Moebel-soleum-1-533x400.jpg 533w, https:\/\/www.soleum.de\/wp-content\/uploads\/2022\/07\/SPA-Moebel-soleum-1-768x576.jpg 768w, https:\/\/www.soleum.de\/wp-content\/uploads\/2022\/07\/SPA-Moebel-soleum-1-510x383.jpg 510w, https:\/\/www.soleum.de\/wp-content\/uploads\/2022\/07\/SPA-Moebel-soleum-1.jpg 800w\" sizes=\"auto, (max-width: 533px) 100vw, 533px\" \/>\t\t\t\t\t\t\t<\/a>\n  \t\t\t\t\t\t\t  \t\t\t\t\t\t\t  \t\t\t\t\t\t<\/div>\n  \t\t\t\t\t\t  \t\t\t\t\t<\/div>\n          \t\t\t\t\t<div class=\"box-text text-center\" >\n\t\t\t\t\t<div class=\"box-text-inner blog-post-inner\">\n\n\t\t\t\t\t\n\t\t\t\t\t\t\t\t\t\t<h5 class=\"post-title is-large \">\n\t\t\t\t\t\t<a href=\"https:\/\/www.soleum.de\/hr\/spa-namjestaj-za-wellness-i-hotele\/\" class=\"plain\">SPA namje\u0161taj za wellness i hotele<\/a>\n\t\t\t\t\t<\/h5>\n\t\t\t\t\t\t\t\t\t\t<div class=\"is-divider\"><\/div>\n\t\t\t\t\t\t\t\t\t\t<p class=\"from_the_blog_excerpt \">\n\t\t\t\t\t\tU SOLEUM-u ne dobivate samo ekskluzivne parne kupelji i saune, ve\u0107 i visokokvalitetni SPA namje\u0161taj [...]\t\t\t\t\t<\/p>\n\t\t\t\t\t                    \n\t\t\t\t\t\n\t\t\t\t\t\n\t\t\t\t\t<\/div>\n\t\t\t\t\t<\/div>\n\t\t\t\t\t\t\t\t\t\t\t\t\t\t\t\t<div class=\"badge absolute top post-date badge-outline\">\n\t\t\t\t\t\t\t<div class=\"badge-inner\">\n\t\t\t\t\t\t\t\t<span class=\"post-date-day\">27<\/span><br>\n\t\t\t\t\t\t\t\t<span class=\"post-date-month is-xsmall\">srp<\/span>\n\t\t\t\t\t\t\t<\/div>\n\t\t\t\t\t\t<\/div>\n\t\t\t\t\t\t\t\t\t<\/div>\n\t\t\t<\/div>\n\t\t<\/div><div class=\"col post-item\" >\n\t\t\t<div class=\"col-inner\">\n\t\t\t\t<div class=\"box box-default box-text-bottom box-blog-post has-hover\">\n            \t\t\t\t\t<div class=\"box-image\" >\n  \t\t\t\t\t\t<div class=\"image-cover\" style=\"padding-top:180px;\">\n\t\t\t\t\t\t\t<a href=\"https:\/\/www.soleum.de\/hr\/komplet-parne-kabine-unaprijed-proizveden\/\" class=\"plain\" aria-label=\"Komplet parne kabine unaprijed proizveden\">\n\t\t\t\t\t\t\t\t<img loading=\"lazy\" decoding=\"async\" width=\"286\" height=\"400\" src=\"https:\/\/www.soleum.de\/wp-content\/uploads\/2019\/03\/Soleum-Bausatz-aufgestellt-1-286x400.jpg\" class=\"attachment-medium size-medium wp-post-image\" alt=\"Komplet parne kabine\" srcset=\"https:\/\/www.soleum.de\/wp-content\/uploads\/2019\/03\/Soleum-Bausatz-aufgestellt-1-286x400.jpg 286w, https:\/\/www.soleum.de\/wp-content\/uploads\/2019\/03\/Soleum-Bausatz-aufgestellt-1-768x1074.jpg 768w, https:\/\/www.soleum.de\/wp-content\/uploads\/2019\/03\/Soleum-Bausatz-aufgestellt-1-572x800.jpg 572w, https:\/\/www.soleum.de\/wp-content\/uploads\/2019\/03\/Soleum-Bausatz-aufgestellt-1-510x713.jpg 510w, https:\/\/www.soleum.de\/wp-content\/uploads\/2019\/03\/Soleum-Bausatz-aufgestellt-1.jpg 1000w\" sizes=\"auto, (max-width: 286px) 100vw, 286px\" \/>\t\t\t\t\t\t\t<\/a>\n  \t\t\t\t\t\t\t  \t\t\t\t\t\t\t  \t\t\t\t\t\t<\/div>\n  \t\t\t\t\t\t  \t\t\t\t\t<\/div>\n          \t\t\t\t\t<div class=\"box-text text-center\" >\n\t\t\t\t\t<div class=\"box-text-inner blog-post-inner\">\n\n\t\t\t\t\t\n\t\t\t\t\t\t\t\t\t\t<h5 class=\"post-title is-large \">\n\t\t\t\t\t\t<a href=\"https:\/\/www.soleum.de\/hr\/komplet-parne-kabine-unaprijed-proizveden\/\" class=\"plain\">Komplet parne kabine unaprijed proizveden<\/a>\n\t\t\t\t\t<\/h5>\n\t\t\t\t\t\t\t\t\t\t<div class=\"is-divider\"><\/div>\n\t\t\t\t\t\t\t\t\t\t<p class=\"from_the_blog_excerpt \">\n\t\t\t\t\t\t\t\t\t\t\t<\/p>\n\t\t\t\t\t                    \n\t\t\t\t\t\n\t\t\t\t\t\n\t\t\t\t\t<\/div>\n\t\t\t\t\t<\/div>\n\t\t\t\t\t\t\t\t\t\t\t\t\t\t\t\t<div class=\"badge absolute top post-date badge-outline\">\n\t\t\t\t\t\t\t<div class=\"badge-inner\">\n\t\t\t\t\t\t\t\t<span class=\"post-date-day\">11<\/span><br>\n\t\t\t\t\t\t\t\t<span class=\"post-date-month is-xsmall\">velj<\/span>\n\t\t\t\t\t\t\t<\/div>\n\t\t\t\t\t\t<\/div>\n\t\t\t\t\t\t\t\t\t<\/div>\n\t\t\t<\/div>\n\t\t<\/div><div class=\"col post-item\" >\n\t\t\t<div class=\"col-inner\">\n\t\t\t\t<div class=\"box box-default box-text-bottom box-blog-post has-hover\">\n            \t\t\t\t\t<div class=\"box-image\" >\n  \t\t\t\t\t\t<div class=\"image-cover\" style=\"padding-top:180px;\">\n\t\t\t\t\t\t\t<a href=\"https:\/\/www.soleum.de\/hr\/renoviranje-stare-kupaonice\/\" class=\"plain\" aria-label=\"Renoviranje stare kupaonice\">\n\t\t\t\t\t\t\t\t<img loading=\"lazy\" decoding=\"async\" width=\"533\" height=\"400\" src=\"https:\/\/www.soleum.de\/wp-content\/uploads\/2021\/11\/Altes-Bad-renovieren-1-533x400.jpg\" class=\"attachment-medium size-medium wp-post-image\" alt=\"\" srcset=\"https:\/\/www.soleum.de\/wp-content\/uploads\/2021\/11\/Altes-Bad-renovieren-1-533x400.jpg 533w, https:\/\/www.soleum.de\/wp-content\/uploads\/2021\/11\/Altes-Bad-renovieren-1-510x383.jpg 510w, https:\/\/www.soleum.de\/wp-content\/uploads\/2021\/11\/Altes-Bad-renovieren-1.jpg 600w\" sizes=\"auto, (max-width: 533px) 100vw, 533px\" \/>\t\t\t\t\t\t\t<\/a>\n  \t\t\t\t\t\t\t  \t\t\t\t\t\t\t  \t\t\t\t\t\t<\/div>\n  \t\t\t\t\t\t  \t\t\t\t\t<\/div>\n          \t\t\t\t\t<div class=\"box-text text-center\" >\n\t\t\t\t\t<div class=\"box-text-inner blog-post-inner\">\n\n\t\t\t\t\t\n\t\t\t\t\t\t\t\t\t\t<h5 class=\"post-title is-large \">\n\t\t\t\t\t\t<a href=\"https:\/\/www.soleum.de\/hr\/renoviranje-stare-kupaonice\/\" class=\"plain\">Renoviranje stare kupaonice<\/a>\n\t\t\t\t\t<\/h5>\n\t\t\t\t\t\t\t\t\t\t<div class=\"is-divider\"><\/div>\n\t\t\t\t\t\t\t\t\t\t<p class=\"from_the_blog_excerpt \">\n\t\t\t\t\t\tUradi sam: Od stare do nove - Renovirajte staru kupaonicu Rezultat: svijetla soba s parnim [...]\t\t\t\t\t<\/p>\n\t\t\t\t\t                    \n\t\t\t\t\t\n\t\t\t\t\t\n\t\t\t\t\t<\/div>\n\t\t\t\t\t<\/div>\n\t\t\t\t\t\t\t\t\t\t\t\t\t\t\t\t<div class=\"badge absolute top post-date badge-outline\">\n\t\t\t\t\t\t\t<div class=\"badge-inner\">\n\t\t\t\t\t\t\t\t<span class=\"post-date-day\">21<\/span><br>\n\t\t\t\t\t\t\t\t<span class=\"post-date-month is-xsmall\">stu<\/span>\n\t\t\t\t\t\t\t<\/div>\n\t\t\t\t\t\t<\/div>\n\t\t\t\t\t\t\t\t\t<\/div>\n\t\t\t<\/div>\n\t\t<\/div><div class=\"col post-item\" >\n\t\t\t<div class=\"col-inner\">\n\t\t\t\t<div class=\"box box-default box-text-bottom box-blog-post has-hover\">\n            \t\t\t\t\t<div class=\"box-image\" >\n  \t\t\t\t\t\t<div class=\"image-cover\" style=\"padding-top:180px;\">\n\t\t\t\t\t\t\t<a href=\"https:\/\/www.soleum.de\/hr\/kucica-uz-bazen-u-vrtu\/\" class=\"plain\" aria-label=\"Ku\u0107ica uz bazen u vrtu\">\n\t\t\t\t\t\t\t\t<img loading=\"lazy\" decoding=\"async\" width=\"533\" height=\"400\" src=\"https:\/\/www.soleum.de\/wp-content\/uploads\/2021\/11\/Poolhaus_im_Garten-533x400.jpg\" class=\"attachment-medium size-medium wp-post-image\" alt=\"\" srcset=\"https:\/\/www.soleum.de\/wp-content\/uploads\/2021\/11\/Poolhaus_im_Garten-533x400.jpg 533w, https:\/\/www.soleum.de\/wp-content\/uploads\/2021\/11\/Poolhaus_im_Garten-768x576.jpg 768w, https:\/\/www.soleum.de\/wp-content\/uploads\/2021\/11\/Poolhaus_im_Garten-510x383.jpg 510w, https:\/\/www.soleum.de\/wp-content\/uploads\/2021\/11\/Poolhaus_im_Garten.jpg 1000w\" sizes=\"auto, (max-width: 533px) 100vw, 533px\" \/>\t\t\t\t\t\t\t<\/a>\n  \t\t\t\t\t\t\t  \t\t\t\t\t\t\t  \t\t\t\t\t\t<\/div>\n  \t\t\t\t\t\t  \t\t\t\t\t<\/div>\n          \t\t\t\t\t<div class=\"box-text text-center\" >\n\t\t\t\t\t<div class=\"box-text-inner blog-post-inner\">\n\n\t\t\t\t\t\n\t\t\t\t\t\t\t\t\t\t<h5 class=\"post-title is-large \">\n\t\t\t\t\t\t<a href=\"https:\/\/www.soleum.de\/hr\/kucica-uz-bazen-u-vrtu\/\" class=\"plain\">Ku\u0107ica uz bazen u vrtu<\/a>\n\t\t\t\t\t<\/h5>\n\t\t\t\t\t\t\t\t\t\t<div class=\"is-divider\"><\/div>\n\t\t\t\t\t\t\t\t\t\t<p class=\"from_the_blog_excerpt \">\n\t\t\t\t\t\tWellness i \u017eivot u vrtu - Ova ku\u0107ica uz bazen u vrtu ispunjava svaku wellness [...]\t\t\t\t\t<\/p>\n\t\t\t\t\t                    \n\t\t\t\t\t\n\t\t\t\t\t\n\t\t\t\t\t<\/div>\n\t\t\t\t\t<\/div>\n\t\t\t\t\t\t\t\t\t\t\t\t\t\t\t\t<div class=\"badge absolute top post-date badge-outline\">\n\t\t\t\t\t\t\t<div class=\"badge-inner\">\n\t\t\t\t\t\t\t\t<span class=\"post-date-day\">05<\/span><br>\n\t\t\t\t\t\t\t\t<span class=\"post-date-month is-xsmall\">stu<\/span>\n\t\t\t\t\t\t\t<\/div>\n\t\t\t\t\t\t<\/div>\n\t\t\t\t\t\t\t\t\t<\/div>\n\t\t\t<\/div>\n\t\t<\/div><div class=\"col post-item\" >\n\t\t\t<div class=\"col-inner\">\n\t\t\t\t<div class=\"box box-default box-text-bottom box-blog-post has-hover\">\n            \t\t\t\t\t<div class=\"box-image\" >\n  \t\t\t\t\t\t<div class=\"image-cover\" style=\"padding-top:180px;\">\n\t\t\t\t\t\t\t<a href=\"https:\/\/www.soleum.de\/hr\/soleum-kabine-za-morsku-klimu\/\" class=\"plain\" aria-label=\"SOLEUM\u00ae kabine za morsku klimu\">\n\t\t\t\t\t\t\t\t<img loading=\"lazy\" decoding=\"async\" width=\"727\" height=\"400\" src=\"https:\/\/www.soleum.de\/wp-content\/uploads\/2020\/02\/soleum-omega-sea-climate-cabin-1-727x400.jpg\" class=\"attachment-medium size-medium wp-post-image\" alt=\"\" srcset=\"https:\/\/www.soleum.de\/wp-content\/uploads\/2020\/02\/soleum-omega-sea-climate-cabin-1-727x400.jpg 727w, https:\/\/www.soleum.de\/wp-content\/uploads\/2020\/02\/soleum-omega-sea-climate-cabin-1-1400x770.jpg 1400w, https:\/\/www.soleum.de\/wp-content\/uploads\/2020\/02\/soleum-omega-sea-climate-cabin-1-768x422.jpg 768w, https:\/\/www.soleum.de\/wp-content\/uploads\/2020\/02\/soleum-omega-sea-climate-cabin-1-1536x845.jpg 1536w, https:\/\/www.soleum.de\/wp-content\/uploads\/2020\/02\/soleum-omega-sea-climate-cabin-1-510x281.jpg 510w, https:\/\/www.soleum.de\/wp-content\/uploads\/2020\/02\/soleum-omega-sea-climate-cabin-1.jpg 2000w\" sizes=\"auto, (max-width: 727px) 100vw, 727px\" \/>\t\t\t\t\t\t\t<\/a>\n  \t\t\t\t\t\t\t  \t\t\t\t\t\t\t  \t\t\t\t\t\t<\/div>\n  \t\t\t\t\t\t  \t\t\t\t\t<\/div>\n          \t\t\t\t\t<div class=\"box-text text-center\" >\n\t\t\t\t\t<div class=\"box-text-inner blog-post-inner\">\n\n\t\t\t\t\t\n\t\t\t\t\t\t\t\t\t\t<h5 class=\"post-title is-large \">\n\t\t\t\t\t\t<a href=\"https:\/\/www.soleum.de\/hr\/soleum-kabine-za-morsku-klimu\/\" class=\"plain\">SOLEUM\u00ae kabine za morsku klimu<\/a>\n\t\t\t\t\t<\/h5>\n\t\t\t\t\t\t\t\t\t\t<div class=\"is-divider\"><\/div>\n\t\t\t\t\t\t\t\t\t\t<p class=\"from_the_blog_excerpt \">\n\t\t\t\t\t\tRevolucionarne kabine za spa klimu iz Soleuma Kabine za morsku klimu Soleum\u00ae Spa dizajnirane su [...]\t\t\t\t\t<\/p>\n\t\t\t\t\t                    \n\t\t\t\t\t\n\t\t\t\t\t\n\t\t\t\t\t<\/div>\n\t\t\t\t\t<\/div>\n\t\t\t\t\t\t\t\t\t\t\t\t\t\t\t\t<div class=\"badge absolute top post-date badge-outline\">\n\t\t\t\t\t\t\t<div class=\"badge-inner\">\n\t\t\t\t\t\t\t\t<span class=\"post-date-day\">14<\/span><br>\n\t\t\t\t\t\t\t\t<span class=\"post-date-month is-xsmall\">velj<\/span>\n\t\t\t\t\t\t\t<\/div>\n\t\t\t\t\t\t<\/div>\n\t\t\t\t\t\t\t\t\t<\/div>\n\t\t\t<\/div>\n\t\t<\/div><div class=\"col post-item\" >\n\t\t\t<div class=\"col-inner\">\n\t\t\t\t<div class=\"box box-default box-text-bottom box-blog-post has-hover\">\n            \t\t\t\t\t<div class=\"box-image\" >\n  \t\t\t\t\t\t<div class=\"image-cover\" style=\"padding-top:180px;\">\n\t\t\t\t\t\t\t<a href=\"https:\/\/www.soleum.de\/hr\/soleum-kabina-za-morsku-klimu-ellipse\/\" class=\"plain\" aria-label=\"SOLEUM kabina za morsku klimu ELLIPSE\">\n\t\t\t\t\t\t\t\t<img loading=\"lazy\" decoding=\"async\" width=\"703\" height=\"400\" src=\"https:\/\/www.soleum.de\/wp-content\/uploads\/2023\/05\/SOLEUM-Aussen-SPA-Design-703x400.jpg\" class=\"attachment-medium size-medium wp-post-image\" alt=\"\" srcset=\"https:\/\/www.soleum.de\/wp-content\/uploads\/2023\/05\/SOLEUM-Aussen-SPA-Design-703x400.jpg 703w, https:\/\/www.soleum.de\/wp-content\/uploads\/2023\/05\/SOLEUM-Aussen-SPA-Design-768x437.jpg 768w, https:\/\/www.soleum.de\/wp-content\/uploads\/2023\/05\/SOLEUM-Aussen-SPA-Design-510x290.jpg 510w, https:\/\/www.soleum.de\/wp-content\/uploads\/2023\/05\/SOLEUM-Aussen-SPA-Design.jpg 1157w\" sizes=\"auto, (max-width: 703px) 100vw, 703px\" \/>\t\t\t\t\t\t\t<\/a>\n  \t\t\t\t\t\t\t  \t\t\t\t\t\t\t  \t\t\t\t\t\t<\/div>\n  \t\t\t\t\t\t  \t\t\t\t\t<\/div>\n          \t\t\t\t\t<div class=\"box-text text-center\" >\n\t\t\t\t\t<div class=\"box-text-inner blog-post-inner\">\n\n\t\t\t\t\t\n\t\t\t\t\t\t\t\t\t\t<h5 class=\"post-title is-large \">\n\t\t\t\t\t\t<a href=\"https:\/\/www.soleum.de\/hr\/soleum-kabina-za-morsku-klimu-ellipse\/\" class=\"plain\">SOLEUM kabina za morsku klimu ELLIPSE<\/a>\n\t\t\t\t\t<\/h5>\n\t\t\t\t\t\t\t\t\t\t<div class=\"is-divider\"><\/div>\n\t\t\t\t\t\t\t\t\t\t<p class=\"from_the_blog_excerpt \">\n\t\t\t\t\t\tModel ELLIPSE daje vam dovoljno manevarskog prostora u dizajnu interijera klupa ili le\u017ealjki. Poput velike [...]\t\t\t\t\t<\/p>\n\t\t\t\t\t                    \n\t\t\t\t\t\n\t\t\t\t\t\n\t\t\t\t\t<\/div>\n\t\t\t\t\t<\/div>\n\t\t\t\t\t\t\t\t\t\t\t\t\t\t\t\t<div class=\"badge absolute top post-date badge-outline\">\n\t\t\t\t\t\t\t<div class=\"badge-inner\">\n\t\t\t\t\t\t\t\t<span class=\"post-date-day\">14<\/span><br>\n\t\t\t\t\t\t\t\t<span class=\"post-date-month is-xsmall\">velj<\/span>\n\t\t\t\t\t\t\t<\/div>\n\t\t\t\t\t\t<\/div>\n\t\t\t\t\t\t\t\t\t<\/div>\n\t\t\t<\/div>\n\t\t<\/div><div class=\"col post-item\" >\n\t\t\t<div class=\"col-inner\">\n\t\t\t\t<div class=\"box box-default box-text-bottom box-blog-post has-hover\">\n            \t\t\t\t\t<div class=\"box-image\" >\n  \t\t\t\t\t\t<div class=\"image-cover\" style=\"padding-top:180px;\">\n\t\t\t\t\t\t\t<a href=\"https:\/\/www.soleum.de\/hr\/soleum-morska-klima-kabina-jaje\/\" class=\"plain\" aria-label=\"SOLEUM morska klima kabina JAJE\">\n\t\t\t\t\t\t\t\t<img loading=\"lazy\" decoding=\"async\" width=\"400\" height=\"400\" src=\"https:\/\/www.soleum.de\/wp-content\/uploads\/2022\/03\/Soleum-Luxusdampfbad-mit-Salzinhalation-Meeresklimakabine-Beitrag-400x400.jpg\" class=\"attachment-medium size-medium wp-post-image\" alt=\"\" srcset=\"https:\/\/www.soleum.de\/wp-content\/uploads\/2022\/03\/Soleum-Luxusdampfbad-mit-Salzinhalation-Meeresklimakabine-Beitrag-400x400.jpg 400w, https:\/\/www.soleum.de\/wp-content\/uploads\/2022\/03\/Soleum-Luxusdampfbad-mit-Salzinhalation-Meeresklimakabine-Beitrag-280x280.jpg 280w, https:\/\/www.soleum.de\/wp-content\/uploads\/2022\/03\/Soleum-Luxusdampfbad-mit-Salzinhalation-Meeresklimakabine-Beitrag-510x510.jpg 510w, https:\/\/www.soleum.de\/wp-content\/uploads\/2022\/03\/Soleum-Luxusdampfbad-mit-Salzinhalation-Meeresklimakabine-Beitrag-100x100.jpg 100w, https:\/\/www.soleum.de\/wp-content\/uploads\/2022\/03\/Soleum-Luxusdampfbad-mit-Salzinhalation-Meeresklimakabine-Beitrag.jpg 600w\" sizes=\"auto, (max-width: 400px) 100vw, 400px\" \/>\t\t\t\t\t\t\t<\/a>\n  \t\t\t\t\t\t\t  \t\t\t\t\t\t\t  \t\t\t\t\t\t<\/div>\n  \t\t\t\t\t\t  \t\t\t\t\t<\/div>\n          \t\t\t\t\t<div class=\"box-text text-center\" >\n\t\t\t\t\t<div class=\"box-text-inner blog-post-inner\">\n\n\t\t\t\t\t\n\t\t\t\t\t\t\t\t\t\t<h5 class=\"post-title is-large \">\n\t\t\t\t\t\t<a href=\"https:\/\/www.soleum.de\/hr\/soleum-morska-klima-kabina-jaje\/\" class=\"plain\">SOLEUM morska klima kabina JAJE<\/a>\n\t\t\t\t\t<\/h5>\n\t\t\t\t\t\t\t\t\t\t<div class=\"is-divider\"><\/div>\n\t\t\t\t\t\t\t\t\t\t<p class=\"from_the_blog_excerpt \">\n\t\t\t\t\t\tImpresivno elegantan u \"obliku jaja\" je model kabine za morsku klimu EGG. Ako se povu\u010dete [...]\t\t\t\t\t<\/p>\n\t\t\t\t\t                    \n\t\t\t\t\t\n\t\t\t\t\t\n\t\t\t\t\t<\/div>\n\t\t\t\t\t<\/div>\n\t\t\t\t\t\t\t\t\t\t\t\t\t\t\t\t<div class=\"badge absolute top post-date badge-outline\">\n\t\t\t\t\t\t\t<div class=\"badge-inner\">\n\t\t\t\t\t\t\t\t<span class=\"post-date-day\">14<\/span><br>\n\t\t\t\t\t\t\t\t<span class=\"post-date-month is-xsmall\">velj<\/span>\n\t\t\t\t\t\t\t<\/div>\n\t\t\t\t\t\t<\/div>\n\t\t\t\t\t\t\t\t\t<\/div>\n\t\t\t<\/div>\n\t\t<\/div><div class=\"col post-item\" >\n\t\t\t<div class=\"col-inner\">\n\t\t\t\t<div class=\"box box-default box-text-bottom box-blog-post has-hover\">\n            \t\t\t\t\t<div class=\"box-image\" >\n  \t\t\t\t\t\t<div class=\"image-cover\" style=\"padding-top:180px;\">\n\t\t\t\t\t\t\t<a href=\"https:\/\/www.soleum.de\/hr\/soleum-morska-klimatska-kabina-omega\/\" class=\"plain\" aria-label=\"SOLEUM morska klimatska kabina OMEGA\">\n\t\t\t\t\t\t\t\t<img loading=\"lazy\" decoding=\"async\" width=\"500\" height=\"311\" src=\"https:\/\/www.soleum.de\/wp-content\/uploads\/2021\/11\/Meeresklimakabine-fuer-den-Aussenbereich.jpg\" class=\"attachment-medium size-medium wp-post-image\" alt=\"\" \/>\t\t\t\t\t\t\t<\/a>\n  \t\t\t\t\t\t\t  \t\t\t\t\t\t\t  \t\t\t\t\t\t<\/div>\n  \t\t\t\t\t\t  \t\t\t\t\t<\/div>\n          \t\t\t\t\t<div class=\"box-text text-center\" >\n\t\t\t\t\t<div class=\"box-text-inner blog-post-inner\">\n\n\t\t\t\t\t\n\t\t\t\t\t\t\t\t\t\t<h5 class=\"post-title is-large \">\n\t\t\t\t\t\t<a href=\"https:\/\/www.soleum.de\/hr\/soleum-morska-klimatska-kabina-omega\/\" class=\"plain\">SOLEUM morska klimatska kabina OMEGA<\/a>\n\t\t\t\t\t<\/h5>\n\t\t\t\t\t\t\t\t\t\t<div class=\"is-divider\"><\/div>\n\t\t\t\t\t\t\t\t\t\t<p class=\"from_the_blog_excerpt \">\n\t\t\t\t\t\tAko se ovdje povu\u010dete, mo\u017eete slobodno birati izme\u0111u udisanja suhe soli, nejodiranog i vla\u017enog udisanja [...]\t\t\t\t\t<\/p>\n\t\t\t\t\t                    \n\t\t\t\t\t\n\t\t\t\t\t\n\t\t\t\t\t<\/div>\n\t\t\t\t\t<\/div>\n\t\t\t\t\t\t\t\t\t\t\t\t\t\t\t\t<div class=\"badge absolute top post-date badge-outline\">\n\t\t\t\t\t\t\t<div class=\"badge-inner\">\n\t\t\t\t\t\t\t\t<span class=\"post-date-day\">14<\/span><br>\n\t\t\t\t\t\t\t\t<span class=\"post-date-month is-xsmall\">velj<\/span>\n\t\t\t\t\t\t\t<\/div>\n\t\t\t\t\t\t<\/div>\n\t\t\t\t\t\t\t\t\t<\/div>\n\t\t\t<\/div>\n\t\t<\/div><div class=\"col post-item\" >\n\t\t\t<div class=\"col-inner\">\n\t\t\t\t<div class=\"box box-default box-text-bottom box-blog-post has-hover\">\n            \t\t\t\t\t<div class=\"box-image\" >\n  \t\t\t\t\t\t<div class=\"image-cover\" style=\"padding-top:180px;\">\n\t\t\t\t\t\t\t<a href=\"https:\/\/www.soleum.de\/hr\/troskovi-tehnologije-parne-kupelji\/\" class=\"plain\" aria-label=\"Tro\u0161kovi tehnologije parne kupelji\">\n\t\t\t\t\t\t\t\t<img loading=\"lazy\" decoding=\"async\" width=\"600\" height=\"400\" src=\"https:\/\/www.soleum.de\/wp-content\/uploads\/2017\/02\/Dampfbadtechnik-Kosten-600x400.jpg\" class=\"attachment-medium size-medium wp-post-image\" alt=\"\" srcset=\"https:\/\/www.soleum.de\/wp-content\/uploads\/2017\/02\/Dampfbadtechnik-Kosten-600x400.jpg 600w, https:\/\/www.soleum.de\/wp-content\/uploads\/2017\/02\/Dampfbadtechnik-Kosten-510x340.jpg 510w, https:\/\/www.soleum.de\/wp-content\/uploads\/2017\/02\/Dampfbadtechnik-Kosten.jpg 700w\" sizes=\"auto, (max-width: 600px) 100vw, 600px\" \/>\t\t\t\t\t\t\t<\/a>\n  \t\t\t\t\t\t\t  \t\t\t\t\t\t\t  \t\t\t\t\t\t<\/div>\n  \t\t\t\t\t\t  \t\t\t\t\t<\/div>\n          \t\t\t\t\t<div class=\"box-text text-center\" >\n\t\t\t\t\t<div class=\"box-text-inner blog-post-inner\">\n\n\t\t\t\t\t\n\t\t\t\t\t\t\t\t\t\t<h5 class=\"post-title is-large \">\n\t\t\t\t\t\t<a href=\"https:\/\/www.soleum.de\/hr\/troskovi-tehnologije-parne-kupelji\/\" class=\"plain\">Tro\u0161kovi tehnologije parne kupelji<\/a>\n\t\t\t\t\t<\/h5>\n\t\t\t\t\t\t\t\t\t\t<div class=\"is-divider\"><\/div>\n\t\t\t\t\t\t\t\t\t\t<p class=\"from_the_blog_excerpt \">\n\t\t\t\t\t\tKoje tro\u0161kove tehnologije parne kupelji morate o\u010dekivati ako sami izgradite parnu kupelj ili je izgradite? [...]\t\t\t\t\t<\/p>\n\t\t\t\t\t                    \n\t\t\t\t\t\n\t\t\t\t\t\n\t\t\t\t\t<\/div>\n\t\t\t\t\t<\/div>\n\t\t\t\t\t\t\t\t\t\t\t\t\t\t\t\t<div class=\"badge absolute top post-date badge-outline\">\n\t\t\t\t\t\t\t<div class=\"badge-inner\">\n\t\t\t\t\t\t\t\t<span class=\"post-date-day\">25<\/span><br>\n\t\t\t\t\t\t\t\t<span class=\"post-date-month is-xsmall\">sij<\/span>\n\t\t\t\t\t\t\t<\/div>\n\t\t\t\t\t\t<\/div>\n\t\t\t\t\t\t\t\t\t<\/div>\n\t\t\t<\/div>\n\t\t<\/div><div class=\"col post-item\" >\n\t\t\t<div class=\"col-inner\">\n\t\t\t\t<div class=\"box box-default box-text-bottom box-blog-post has-hover\">\n            \t\t\t\t\t<div class=\"box-image\" >\n  \t\t\t\t\t\t<div class=\"image-cover\" style=\"padding-top:180px;\">\n\t\t\t\t\t\t\t<a href=\"https:\/\/www.soleum.de\/hr\/konj-za-inhalaciju-slane-vode-udisanje-konja\/\" class=\"plain\" aria-label=\"Konj za inhalaciju slane vode &#8211; udisanje konja\">\n\t\t\t\t\t\t\t\t<img loading=\"lazy\" decoding=\"async\" width=\"298\" height=\"400\" src=\"https:\/\/www.soleum.de\/wp-content\/uploads\/2018\/07\/Sole-Inhalation-Pferd-298x400.jpg\" class=\"attachment-medium size-medium wp-post-image\" alt=\"\" srcset=\"https:\/\/www.soleum.de\/wp-content\/uploads\/2018\/07\/Sole-Inhalation-Pferd-298x400.jpg 298w, https:\/\/www.soleum.de\/wp-content\/uploads\/2018\/07\/Sole-Inhalation-Pferd-510x684.jpg 510w, https:\/\/www.soleum.de\/wp-content\/uploads\/2018\/07\/Sole-Inhalation-Pferd.jpg 594w\" sizes=\"auto, (max-width: 298px) 100vw, 298px\" \/>\t\t\t\t\t\t\t<\/a>\n  \t\t\t\t\t\t\t  \t\t\t\t\t\t\t  \t\t\t\t\t\t<\/div>\n  \t\t\t\t\t\t  \t\t\t\t\t<\/div>\n          \t\t\t\t\t<div class=\"box-text text-center\" >\n\t\t\t\t\t<div class=\"box-text-inner blog-post-inner\">\n\n\t\t\t\t\t\n\t\t\t\t\t\t\t\t\t\t<h5 class=\"post-title is-large \">\n\t\t\t\t\t\t<a href=\"https:\/\/www.soleum.de\/hr\/konj-za-inhalaciju-slane-vode-udisanje-konja\/\" class=\"plain\">Konj za inhalaciju slane vode &#8211; udisanje konja<\/a>\n\t\t\t\t\t<\/h5>\n\t\t\t\t\t\t\t\t\t\t<div class=\"is-divider\"><\/div>\n\t\t\t\t\t\t\t\t\t\t<p class=\"from_the_blog_excerpt \">\n\t\t\t\t\t\tKonj za inhalaciju slane vode &#8211; s raspr\u0161iva\u010dem slane vode tvrtke Soleum GmbH Udisanje kopitara [...]\t\t\t\t\t<\/p>\n\t\t\t\t\t                    \n\t\t\t\t\t\n\t\t\t\t\t\n\t\t\t\t\t<\/div>\n\t\t\t\t\t<\/div>\n\t\t\t\t\t\t\t\t\t\t\t\t\t\t\t\t<div class=\"badge absolute top post-date badge-outline\">\n\t\t\t\t\t\t\t<div class=\"badge-inner\">\n\t\t\t\t\t\t\t\t<span class=\"post-date-day\">31<\/span><br>\n\t\t\t\t\t\t\t\t<span class=\"post-date-month is-xsmall\">srp<\/span>\n\t\t\t\t\t\t\t<\/div>\n\t\t\t\t\t\t<\/div>\n\t\t\t\t\t\t\t\t\t<\/div>\n\t\t\t<\/div>\n\t\t<\/div><div class=\"col post-item\" >\n\t\t\t<div class=\"col-inner\">\n\t\t\t\t<div class=\"box box-default box-text-bottom box-blog-post has-hover\">\n            \t\t\t\t\t<div class=\"box-image\" >\n  \t\t\t\t\t\t<div class=\"image-cover\" style=\"padding-top:180px;\">\n\t\t\t\t\t\t\t<a href=\"https:\/\/www.soleum.de\/hr\/poplocano-sjedalo-za-tusiranje\/\" class=\"plain\" aria-label=\"Poplo\u010dano sjedalo za tu\u0161iranje\">\n\t\t\t\t\t\t\t\t<img loading=\"lazy\" decoding=\"async\" width=\"600\" height=\"309\" src=\"https:\/\/www.soleum.de\/wp-content\/uploads\/2017\/12\/befliesbarer_Duschsitz-beitrag.jpg\" class=\"attachment-medium size-medium wp-post-image\" alt=\"\" srcset=\"https:\/\/www.soleum.de\/wp-content\/uploads\/2017\/12\/befliesbarer_Duschsitz-beitrag.jpg 600w, https:\/\/www.soleum.de\/wp-content\/uploads\/2017\/12\/befliesbarer_Duschsitz-beitrag-510x263.jpg 510w\" sizes=\"auto, (max-width: 600px) 100vw, 600px\" \/>\t\t\t\t\t\t\t<\/a>\n  \t\t\t\t\t\t\t  \t\t\t\t\t\t\t  \t\t\t\t\t\t<\/div>\n  \t\t\t\t\t\t  \t\t\t\t\t<\/div>\n          \t\t\t\t\t<div class=\"box-text text-center\" >\n\t\t\t\t\t<div class=\"box-text-inner blog-post-inner\">\n\n\t\t\t\t\t\n\t\t\t\t\t\t\t\t\t\t<h5 class=\"post-title is-large \">\n\t\t\t\t\t\t<a href=\"https:\/\/www.soleum.de\/hr\/poplocano-sjedalo-za-tusiranje\/\" class=\"plain\">Poplo\u010dano sjedalo za tu\u0161iranje<\/a>\n\t\t\t\t\t<\/h5>\n\t\t\t\t\t\t\t\t\t\t<div class=\"is-divider\"><\/div>\n\t\t\t\t\t\t\t\t\t\t<p class=\"from_the_blog_excerpt \">\n\t\t\t\t\t\tPoplo\u010dano sjedalo za tu\u0161iranje Prema crte\u017eu kupca, proizvedeno je ovo tu\u0161 sjedalo. Naj\u010de\u0161\u0107e se tu\u0161 [...]\t\t\t\t\t<\/p>\n\t\t\t\t\t                    \n\t\t\t\t\t\n\t\t\t\t\t\n\t\t\t\t\t<\/div>\n\t\t\t\t\t<\/div>\n\t\t\t\t\t\t\t\t\t\t\t\t\t\t\t\t<div class=\"badge absolute top post-date badge-outline\">\n\t\t\t\t\t\t\t<div class=\"badge-inner\">\n\t\t\t\t\t\t\t\t<span class=\"post-date-day\">06<\/span><br>\n\t\t\t\t\t\t\t\t<span class=\"post-date-month is-xsmall\">o\u017eu<\/span>\n\t\t\t\t\t\t\t<\/div>\n\t\t\t\t\t\t<\/div>\n\t\t\t\t\t\t\t\t\t<\/div>\n\t\t\t<\/div>\n\t\t<\/div><div class=\"col post-item\" >\n\t\t\t<div class=\"col-inner\">\n\t\t\t\t<div class=\"box box-default box-text-bottom box-blog-post has-hover\">\n            \t\t\t\t\t<div class=\"box-image\" >\n  \t\t\t\t\t\t<div class=\"image-cover\" style=\"padding-top:180px;\">\n\t\t\t\t\t\t\t<a href=\"https:\/\/www.soleum.de\/hr\/parni-tus-t65-klupa-kombinacija\/\" class=\"plain\" aria-label=\"Parni tu\u0161 T65 klupa kombinacija\">\n\t\t\t\t\t\t\t\t<img loading=\"lazy\" decoding=\"async\" width=\"600\" height=\"332\" src=\"https:\/\/www.soleum.de\/wp-content\/uploads\/2017\/10\/Dampfdusche-T65-Sitzbankkombination.jpg\" class=\"attachment-medium size-medium wp-post-image\" alt=\"\" srcset=\"https:\/\/www.soleum.de\/wp-content\/uploads\/2017\/10\/Dampfdusche-T65-Sitzbankkombination.jpg 600w, https:\/\/www.soleum.de\/wp-content\/uploads\/2017\/10\/Dampfdusche-T65-Sitzbankkombination-510x282.jpg 510w\" sizes=\"auto, (max-width: 600px) 100vw, 600px\" \/>\t\t\t\t\t\t\t<\/a>\n  \t\t\t\t\t\t\t  \t\t\t\t\t\t\t  \t\t\t\t\t\t<\/div>\n  \t\t\t\t\t\t  \t\t\t\t\t<\/div>\n          \t\t\t\t\t<div class=\"box-text text-center\" >\n\t\t\t\t\t<div class=\"box-text-inner blog-post-inner\">\n\n\t\t\t\t\t\n\t\t\t\t\t\t\t\t\t\t<h5 class=\"post-title is-large \">\n\t\t\t\t\t\t<a href=\"https:\/\/www.soleum.de\/hr\/parni-tus-t65-klupa-kombinacija\/\" class=\"plain\">Parni tu\u0161 T65 klupa kombinacija<\/a>\n\t\t\t\t\t<\/h5>\n\t\t\t\t\t\t\t\t\t\t<div class=\"is-divider\"><\/div>\n\t\t\t\t\t\t\t\t\t\t<p class=\"from_the_blog_excerpt \">\n\t\t\t\t\t\tParni tu\u0161 T65 klupa kombinacija TO je jednostavno izgraditi parnu kupelj s kombinacijom T65 parne [...]\t\t\t\t\t<\/p>\n\t\t\t\t\t                    \n\t\t\t\t\t\n\t\t\t\t\t\n\t\t\t\t\t<\/div>\n\t\t\t\t\t<\/div>\n\t\t\t\t\t\t\t\t\t\t\t\t\t\t\t\t<div class=\"badge absolute top post-date badge-outline\">\n\t\t\t\t\t\t\t<div class=\"badge-inner\">\n\t\t\t\t\t\t\t\t<span class=\"post-date-day\">27<\/span><br>\n\t\t\t\t\t\t\t\t<span class=\"post-date-month is-xsmall\">lis<\/span>\n\t\t\t\t\t\t\t<\/div>\n\t\t\t\t\t\t<\/div>\n\t\t\t\t\t\t\t\t\t<\/div>\n\t\t\t<\/div>\n\t\t<\/div><div class=\"col post-item\" >\n\t\t\t<div class=\"col-inner\">\n\t\t\t\t<div class=\"box box-default box-text-bottom box-blog-post has-hover\">\n            \t\t\t\t\t<div class=\"box-image\" >\n  \t\t\t\t\t\t<div class=\"image-cover\" style=\"padding-top:180px;\">\n\t\t\t\t\t\t\t<a href=\"https:\/\/www.soleum.de\/hr\/parna-kupelj-t95-kombinacija\/\" class=\"plain\" aria-label=\"Parna kupelj T95 kombinacija\">\n\t\t\t\t\t\t\t\t<img loading=\"lazy\" decoding=\"async\" width=\"600\" height=\"252\" src=\"https:\/\/www.soleum.de\/wp-content\/uploads\/2017\/10\/Dampfbad-Bank-T95-Kombination-1.jpg\" class=\"attachment-medium size-medium wp-post-image\" alt=\"\" srcset=\"https:\/\/www.soleum.de\/wp-content\/uploads\/2017\/10\/Dampfbad-Bank-T95-Kombination-1.jpg 600w, https:\/\/www.soleum.de\/wp-content\/uploads\/2017\/10\/Dampfbad-Bank-T95-Kombination-1-510x214.jpg 510w\" sizes=\"auto, (max-width: 600px) 100vw, 600px\" \/>\t\t\t\t\t\t\t<\/a>\n  \t\t\t\t\t\t\t  \t\t\t\t\t\t\t  \t\t\t\t\t\t<\/div>\n  \t\t\t\t\t\t  \t\t\t\t\t<\/div>\n          \t\t\t\t\t<div class=\"box-text text-center\" >\n\t\t\t\t\t<div class=\"box-text-inner blog-post-inner\">\n\n\t\t\t\t\t\n\t\t\t\t\t\t\t\t\t\t<h5 class=\"post-title is-large \">\n\t\t\t\t\t\t<a href=\"https:\/\/www.soleum.de\/hr\/parna-kupelj-t95-kombinacija\/\" class=\"plain\">Parna kupelj T95 kombinacija<\/a>\n\t\t\t\t\t<\/h5>\n\t\t\t\t\t\t\t\t\t\t<div class=\"is-divider\"><\/div>\n\t\t\t\t\t\t\t\t\t\t<p class=\"from_the_blog_excerpt \">\n\t\t\t\t\t\tParna kupelj T95 kombinacija Tako je lako izgraditi parnu kupelj s velikodu\u0161nom kombinacijom klupe za [...]\t\t\t\t\t<\/p>\n\t\t\t\t\t                    \n\t\t\t\t\t\n\t\t\t\t\t\n\t\t\t\t\t<\/div>\n\t\t\t\t\t<\/div>\n\t\t\t\t\t\t\t\t\t\t\t\t\t\t\t\t<div class=\"badge absolute top post-date badge-outline\">\n\t\t\t\t\t\t\t<div class=\"badge-inner\">\n\t\t\t\t\t\t\t\t<span class=\"post-date-day\">27<\/span><br>\n\t\t\t\t\t\t\t\t<span class=\"post-date-month is-xsmall\">lis<\/span>\n\t\t\t\t\t\t\t<\/div>\n\t\t\t\t\t\t<\/div>\n\t\t\t\t\t\t\t\t\t<\/div>\n\t\t\t<\/div>\n\t\t<\/div><\/div>\n","protected":false},"excerpt":{"rendered":"","protected":false},"author":1,"featured_media":12226,"parent":0,"menu_order":3,"comment_status":"closed","ping_status":"closed","template":"page-blank.php","meta":{"footnotes":""},"class_list":["post-21748","page","type-page","status-publish","has-post-thumbnail","hentry"],"_links":{"self":[{"href":"https:\/\/www.soleum.de\/hr\/wp-json\/wp\/v2\/pages\/21748","targetHints":{"allow":["GET"]}}],"collection":[{"href":"https:\/\/www.soleum.de\/hr\/wp-json\/wp\/v2\/pages"}],"about":[{"href":"https:\/\/www.soleum.de\/hr\/wp-json\/wp\/v2\/types\/page"}],"author":[{"embeddable":true,"href":"https:\/\/www.soleum.de\/hr\/wp-json\/wp\/v2\/users\/1"}],"replies":[{"embeddable":true,"href":"https:\/\/www.soleum.de\/hr\/wp-json\/wp\/v2\/comments?post=21748"}],"version-history":[{"count":2,"href":"https:\/\/www.soleum.de\/hr\/wp-json\/wp\/v2\/pages\/21748\/revisions"}],"predecessor-version":[{"id":21778,"href":"https:\/\/www.soleum.de\/hr\/wp-json\/wp\/v2\/pages\/21748\/revisions\/21778"}],"wp:featuredmedia":[{"embeddable":true,"href":"https:\/\/www.soleum.de\/hr\/wp-json\/wp\/v2\/media\/12226"}],"wp:attachment":[{"href":"https:\/\/www.soleum.de\/hr\/wp-json\/wp\/v2\/media?parent=21748"}],"curies":[{"name":"wp","href":"https:\/\/api.w.org\/{rel}","templated":true}]}}