{"id":21958,"date":"2019-03-26T08:53:01","date_gmt":"2019-03-26T07:53:01","guid":{"rendered":"https:\/\/www.soleum.de\/opseg-usluga-izgradnje-parne-kupelji\/"},"modified":"2023-10-10T08:54:57","modified_gmt":"2023-10-10T06:54:57","slug":"opseg-usluga-izgradnje-parne-kupelji","status":"publish","type":"page","link":"https:\/\/www.soleum.de\/hr\/opseg-usluga-izgradnje-parne-kupelji\/","title":{"rendered":"Opseg usluga izgradnje parne kupelji"},"content":{"rendered":"\n<div class=\"container section-title-container\" ><h1 class=\"section-title section-title-bold-center\"><b aria-hidden=\"true\"><\/b><span class=\"section-title-main\" >\u0160to da radimo?<\/span><b aria-hidden=\"true\"><\/b><\/h1><\/div>\n\n\t<div class=\"box has-hover   has-hover box-default box-text-bottom\" >\n\n\t\t<div class=\"box-image\" style=\"width:77%;\">\n\t\t\t\t\t\t<div class=\"\" >\n\t\t\t\t<img loading=\"lazy\" decoding=\"async\" width=\"1200\" height=\"642\" src=\"https:\/\/www.soleum.de\/wp-content\/uploads\/2017\/02\/Kompetenzzentrum-pregarten-slider_3.jpg\" class=\"attachment- size-\" alt=\"\" srcset=\"https:\/\/www.soleum.de\/wp-content\/uploads\/2017\/02\/Kompetenzzentrum-pregarten-slider_3.jpg 1200w, https:\/\/www.soleum.de\/wp-content\/uploads\/2017\/02\/Kompetenzzentrum-pregarten-slider_3-510x273.jpg 510w, https:\/\/www.soleum.de\/wp-content\/uploads\/2017\/02\/Kompetenzzentrum-pregarten-slider_3-748x400.jpg 748w, https:\/\/www.soleum.de\/wp-content\/uploads\/2017\/02\/Kompetenzzentrum-pregarten-slider_3-768x411.jpg 768w\" sizes=\"auto, (max-width: 1200px) 100vw, 1200px\" \/>\t\t\t\t\t\t\t\t\t\t\t<\/div>\n\t\t\t\t\t<\/div>\n\n\t\t<div class=\"box-text text-center\" >\n\t\t\t<div class=\"box-text-inner\">\n\t\t\t\t\n\n<div class=\"row\"  id=\"row-1657550173\">\n\n\n\t<div id=\"col-1737200691\" class=\"col small-12 large-12\"  >\n\t\t\t\t<div class=\"col-inner\"  >\n\t\t\t\n\t\t\t\n\n<h1>Proizvo\u0111a\u010d parnih kupelji SOLEUM GmbH<\/h1>\n<p style=\"text-align: left;\"><span style=\"font-size: 120%;\">Tvrtka SOLEUM GmbH, sa sjedi\u0161tem u Pregartenu kod LINZ-a \/ Gornje Austrije, planira i proizvodi pojedina\u010dne parne kupelji i parne tu\u0161eve, uglavnom za privatne gra\u0111evinske projekte.<\/span><\/p>\n<p> <\/p>\n<p style=\"text-align: left;\"><span style=\"font-size: 120%;\">Nudimo vam sljede\u0107e:<br><\/span><\/p>\n<ul>\n<li style=\"text-align: left;\"><span style=\"font-size: 120%;\">Na zahtjev, samo sirovi moduli (<a href=\"https:\/\/www.soleum.de\/hr\/izgradite-vlastitu-parnu-kupelj\/\">SPA moduli<\/a>) kao \u0161to su <a href=\"https:\/\/www.soleum.de\/hr\/izgradite-vlastitu-parnu-kupelj\/\">klupe<\/a>, le\u017ealjke, kupole i zapravo sav materijal za izgradnju vlastite parne kupelji (kupnja \u010distog materijala)  <br><\/span><\/li>\n<li style=\"text-align: left;\"><span style=\"font-size: 120%;\">  kompletna kabina koju smo monta\u017eno pripremili \u017eeljenom tehnologijom parne kupelji<br><\/span><\/li>\n<li style=\"text-align: left;\"><span style=\"font-size: 120%;\">\u0161tand koji smo monta\u017eno pripremili uz profesionalnu monta\u017eu na va\u0161em mjestu (u odre\u0111enom radijusu)<br><\/span><\/li>\n<\/ul>\n<p style=\"text-align: left;\"><span style=\"font-size: 120%;\">Mi nismo samo parna kupelj. Soleum GmbH za vas proizvodi parne kupelji po mjeri (parni tu\u0161evi), na zahtjev kao \u010disti oblikovani dijelovi za samostalnu konstrukciju ili kao <a href=\"https:\/\/www.soleum.de\/hr\/komplet-parne-kabine-unaprijed-proizveden\/\">unaprijed proizvedeni komplet<\/a>.<\/span><\/p>\n<p> <\/p>\n<p style=\"text-align: left;\"><span style=\"font-size: 120%;\">Ako ne \u017eelite parnu kupelj, na\u0161e klupe uvijek se mogu ugraditi u normalne tu\u0161eve!  <br><\/span><\/p>\n<p> <\/p>\n<p style=\"text-align: left;\"><span style=\"font-size: 120%;\">Na\u0161a internetska trgovina ne mo\u017ee prikazati sve razli\u010dite kombinacije sjedala. Oni se uvijek nude u obliku pisane ponude &#8211; nakon primitka skice (plana). Osim toga, uobi\u010dajena ili potrebna tehnologija parne kupelji tako\u0111er se mo\u017ee koristiti na zahtjev.<\/span><\/p>\n\n\t\t<\/div>\n\t\t\t\t\t<\/div>\n\n\t\n\n<\/div>\n\t<div id=\"gap-334178473\" class=\"gap-element clearfix\" style=\"display:block; height:auto;\">\n\t\t\n<style>\n#gap-334178473 {\n  padding-top: 40px;\n}\n<\/style>\n\t<\/div>\n\t\n\n<div class=\"container section-title-container\" ><h1 class=\"section-title section-title-bold-center\"><b aria-hidden=\"true\"><\/b><span class=\"section-title-main\" >SPA moduli izra\u0111eni od EPS-a - pojedina\u010dna izrada kalupa od SOLEUMA<\/span><b aria-hidden=\"true\"><\/b><\/h1><\/div>\n\n\n  <div class=\"banner has-hover has-parallax\" id=\"banner-1970345059\">\n          <div class=\"banner-inner fill\">\n        <div class=\"banner-bg fill\" data-parallax=\"-8\" data-parallax-container=\".banner\" data-parallax-background>\n            <img loading=\"lazy\" decoding=\"async\" width=\"1000\" height=\"662\" src=\"https:\/\/www.soleum.de\/wp-content\/uploads\/2017\/02\/Dampfbad-Spa-Module-1000.jpg\" class=\"bg attachment-orginal size-orginal\" alt=\"Spa moduli parne sobe\" \/>                                    \n                    <\/div>\n\t\t\n        <div class=\"banner-layers container\">\n            <div class=\"fill banner-link\"><\/div>            \n\n   <div id=\"text-box-939112368\" class=\"text-box banner-layer x50 md-x50 lg-x50 y50 md-y50 lg-y50 res-text\">\n              <div data-parallax=\"4\" data-parallax-fade=\"true\">                  <div class=\"text-box-content text dark\">\n              \n              <div class=\"text-inner text-center\">\n                  \n\n<h3 class=\"uppercase\"><strong>SPA MODULI<br>\n<\/strong><\/h3>\n<p>Ekskluzivna parna kupelj s na\u0161im SPA modulima i velikom kupolom parne kupelji, kao i parnim ni\u0161ama<\/p>\n\n              <\/div>\n           <\/div>\n              <\/div>              \n<style>\n#text-box-939112368 {\n  width: 60%;\n}\n#text-box-939112368 .text-box-content {\n  font-size: 151%;\n}\n<\/style>\n    <\/div>\n \n\n        <\/div>\n      <\/div>\n\n            \n<style>\n#banner-1970345059 {\n  padding-top: 662px;\n}\n<\/style>\n  <\/div>\n\n\n<div class=\"row\"  id=\"row-1881430055\">\n\n\n\t<div id=\"col-100430439\" class=\"col small-12 large-12\"  >\n\t\t\t\t<div class=\"col-inner\"  >\n\t\t\t\n\t\t\t\n\n<h2>Prednosti SPA modula izra\u0111enih od EPS-a<\/h2>\n<ul>\n<li><span style=\"font-size: 120%;\">&nbsp;&nbsp;&nbsp;  Brzo postavljanje (bez zidanja i zapra\u0161ivanja)<\/span><\/li>\n<li><span style=\"font-size: 120%;\">&nbsp;&nbsp;&nbsp;  Jednostavno ure\u0111ivanje ili promjena<\/span><\/li>\n<li><span style=\"font-size: 120%;\">&nbsp;&nbsp;&nbsp;  isplativo (jer postoji mnogo gubitka radnog vremena).<\/span><\/li>\n<\/ul>\n<div id=\"c1t44inlineContent\" class=\"s21inlineContent\" data-reactid=\".0.$SITE_ROOT.$desktop_siteRoot.$PAGES_CONTAINER.1.1.$SITE_PAGES.$c1t44.1\"><span style=\"font-size: 120%;\">Bilo da se radi o malim tu\u0161 kabinama ili ve\u0107im parnim kupkama &#8211; s na\u0161im SPA modulima imate \u0161irok raspon mogu\u0107nosti. Neki od oblika sjedala izra\u0111enih od EPS-a mogu se kombinirati po \u017eelji, \u0161to rezultira uzbudljivim oblicima i parnim kupkama &#8211; prema va\u0161im zahtjevima.<\/span><\/div>\n<div class=\"s21inlineContent\" data-reactid=\".0.$SITE_ROOT.$desktop_siteRoot.$PAGES_CONTAINER.1.1.$SITE_PAGES.$c1t44.1\">&nbsp;<\/div>\n<div class=\"s21inlineContent\" data-reactid=\".0.$SITE_ROOT.$desktop_siteRoot.$PAGES_CONTAINER.1.1.$SITE_PAGES.$c1t44.1\"><span style=\"font-size: 120%;\">Me\u0111utim, SPA moduli ili oblikovani dijelovi ne samo da se mogu koristiti u parnim kupkama \/ parnim tu\u0161evima ili normalnim tu\u0161evima, ve\u0107 su <a href=\"https:\/\/www.soleum.de\/hr\/suhozid-s-eps-om\/\">idealni i za suhozidnu konstrukciju<\/a>. Bilo da se radi o wellnessu, dnevnom boravku ili kupaonici, zakrivljeni, organski oblici uvijek privla\u010de poglede.<\/span><\/div>\n\n  \n    <div class=\"row large-columns-2 medium-columns-1 small-columns-1 slider row-slider slider-nav-reveal\"  data-flickity-options='{&quot;imagesLoaded&quot;: true, &quot;groupCells&quot;: &quot;100%&quot;, &quot;dragThreshold&quot; : 5, &quot;cellAlign&quot;: &quot;left&quot;,&quot;wrapAround&quot;: true,&quot;prevNextButtons&quot;: true,&quot;percentPosition&quot;: true,&quot;pageDots&quot;: false, &quot;rightToLeft&quot;: false, &quot;autoPlay&quot; : false}' >\n\n  <div class=\"col post-item\" >\n\t\t\t<div class=\"col-inner\">\n\t\t\t\t<div class=\"box box-vertical box-text-bottom box-blog-post has-hover\">\n            \t\t\t\t\t<div class=\"box-image\" >\n  \t\t\t\t\t\t<div class=\"image-cover\" style=\"padding-top:100%;\">\n\t\t\t\t\t\t\t<a href=\"https:\/\/www.soleum.de\/hr\/suhozid-s-eps-om\/\" class=\"plain\" aria-label=\"Suhozid s EPS-om\">\n\t\t\t\t\t\t\t\t<img loading=\"lazy\" decoding=\"async\" width=\"300\" height=\"400\" src=\"https:\/\/www.soleum.de\/wp-content\/uploads\/2017\/02\/EPS-Trockenbau-Deckengestaltung-19-300x400.jpg\" class=\"attachment-medium size-medium wp-post-image\" alt=\"\" srcset=\"https:\/\/www.soleum.de\/wp-content\/uploads\/2017\/02\/EPS-Trockenbau-Deckengestaltung-19-300x400.jpg 300w, https:\/\/www.soleum.de\/wp-content\/uploads\/2017\/02\/EPS-Trockenbau-Deckengestaltung-19-510x680.jpg 510w, https:\/\/www.soleum.de\/wp-content\/uploads\/2017\/02\/EPS-Trockenbau-Deckengestaltung-19-768x1024.jpg 768w, https:\/\/www.soleum.de\/wp-content\/uploads\/2017\/02\/EPS-Trockenbau-Deckengestaltung-19-600x800.jpg 600w, https:\/\/www.soleum.de\/wp-content\/uploads\/2017\/02\/EPS-Trockenbau-Deckengestaltung-19.jpg 900w\" sizes=\"auto, (max-width: 300px) 100vw, 300px\" \/>\t\t\t\t\t\t\t<\/a>\n  \t\t\t\t\t\t\t  \t\t\t\t\t\t\t  \t\t\t\t\t\t<\/div>\n  \t\t\t\t\t\t  \t\t\t\t\t<\/div>\n          \t\t\t\t\t<div class=\"box-text text-center\" >\n\t\t\t\t\t<div class=\"box-text-inner blog-post-inner\">\n\n\t\t\t\t\t\n\t\t\t\t\t\t\t\t\t\t<h5 class=\"post-title is-large uppercase\">\n\t\t\t\t\t\t<a href=\"https:\/\/www.soleum.de\/hr\/suhozid-s-eps-om\/\" class=\"plain\">Suhozid s EPS-om<\/a>\n\t\t\t\t\t<\/h5>\n\t\t\t\t\t\t\t\t\t\t<div class=\"is-divider\"><\/div>\n\t\t\t\t\t\t\t\t\t\t<p class=\"from_the_blog_excerpt \">\n\t\t\t\t\t\tEkskluzivni dizajn interijera EPS kalupima (suhozid)\t\t\t\t\t<\/p>\n\t\t\t\t\t                    \n\t\t\t\t\t\n\t\t\t\t\t\n\t\t\t\t\t<\/div>\n\t\t\t\t\t<\/div>\n\t\t\t\t\t\t\t\t\t\t\t\t\t\t\t\t<div class=\"badge absolute top post-date badge-outline\">\n\t\t\t\t\t\t\t<div class=\"badge-inner\">\n\t\t\t\t\t\t\t\t<span class=\"post-date-day\">14<\/span><br>\n\t\t\t\t\t\t\t\t<span class=\"post-date-month is-xsmall\">velj<\/span>\n\t\t\t\t\t\t\t<\/div>\n\t\t\t\t\t\t<\/div>\n\t\t\t\t\t\t\t\t\t<\/div>\n\t\t\t<\/div>\n\t\t<\/div><\/div>\n\n\n\t\t<\/div>\n\t\t\t\t\t<\/div>\n\n\t\n\n<\/div>\n\t<div id=\"gap-1511534319\" class=\"gap-element clearfix\" style=\"display:block; height:auto;\">\n\t\t\n<style>\n#gap-1511534319 {\n  padding-top: 60px;\n}\n<\/style>\n\t<\/div>\n\t\n\n<div class=\"is-divider divider clearfix\" style=\"max-width:622px;\"><\/div>\n\n<div class=\"container section-title-container\" ><h1 class=\"section-title section-title-bold-center\"><b aria-hidden=\"true\"><\/b><span class=\"section-title-main\" >Profesionalno planiranje parne kupelji<\/span><b aria-hidden=\"true\"><\/b><\/h1><\/div>\n\n<div class=\"row\"  id=\"row-252216817\">\n\n\n\t<div id=\"col-878264277\" class=\"col small-12 large-12\"  >\n\t\t\t\t<div class=\"col-inner text-center\"  >\n\t\t\t\n\t\t\t\n\n\t<div class=\"img has-hover x md-x lg-x y md-y lg-y\" id=\"image_983187202\">\n\t\t\t\t\t\t\t\t<div class=\"img-inner dark\" >\n\t\t\t<img loading=\"lazy\" decoding=\"async\" width=\"856\" height=\"604\" src=\"https:\/\/www.soleum.de\/wp-content\/uploads\/2019\/03\/Soleum-Dampfbadplanung-1.jpg\" class=\"attachment-original size-original\" alt=\"\" srcset=\"https:\/\/www.soleum.de\/wp-content\/uploads\/2019\/03\/Soleum-Dampfbadplanung-1.jpg 856w, https:\/\/www.soleum.de\/wp-content\/uploads\/2019\/03\/Soleum-Dampfbadplanung-1-567x400.jpg 567w, https:\/\/www.soleum.de\/wp-content\/uploads\/2019\/03\/Soleum-Dampfbadplanung-1-768x542.jpg 768w, https:\/\/www.soleum.de\/wp-content\/uploads\/2019\/03\/Soleum-Dampfbadplanung-1-510x360.jpg 510w\" sizes=\"auto, (max-width: 856px) 100vw, 856px\" \/>\t\t\t\t\t\t\n\t\t\t\t\t<\/div>\n\t\t\t\t\t\t\t\t\n<style>\n#image_983187202 {\n  width: 74%;\n}\n<\/style>\n\t<\/div>\n\t\n\n\n\t\t<\/div>\n\t\t\t\t\t<\/div>\n\n\t\n\n<\/div>\n<p><span style=\"font-size: 120%;\">Eine Dampfbadplanung wird nur noch in Verbindung eines Gesamtauftrages angeboten.<\/span><\/p>\n<p>Bitte haben Sie Verst\u00e4ndnis, dass wir keine Informationen vorab weitergeben. Auf dieser Webseite sehen Sie die wichtigsten Informationen die Sie vorab ben\u00f6tigen wie zB. wie sieht der <a href=\"https:\/\/www.soleum.de\/hr\/parna-kupelj-tehnickog-podrucja\/\">Technikbereich<\/a> aus.<\/p>\n<p><span style=\"font-size: 120%;\">Bitte haben Sie Verst\u00e4ndnis, dass wir keine Informationen vorab weitergeben. Fragen wie &#8220;Der Installateur und Elektriker sind gerade auf der Baustelle und m\u00fcssen wissen wo was hinkommt&#8221; werden ohne Bestellung nicht mehr beantwortet. Um korrekte Angaben zu machen, m\u00fcssen wir uns seri\u00f6s mit Ihrer Baustellensituation auseinandersetzen, und in Ihr Projekt hineindenken. <br \/><\/span><\/p>\n<p>\u00a0<\/p>\n<p><span style=\"font-size: 120%;\">Nach Auftragseingang besch\u00e4ftigen wir uns mit Ihrem Projekt binnen einer Woche (je nach Auslastung) und Sie erhalten dann den Dampfbadplan. Diesen k\u00f6nnen wir gemeinsam auch mit Ihren Professionisten besprechen und gegebenenfalls auch ab\u00e4ndern. Selbstverst\u00e4ndlich erhalten Sie auch beim Kauf der <a href=\"https:\/\/www.soleum.de\/hr\/parna-kupelj-tehnickog-podrucja-2\/\">Dampfbadtechnik<\/a> (<a href=\"https:\/\/www.soleum.de\/hr\/shop\/generatori-pare\/generator-pare-sol-steam-flexline-hgm-fle15kg-kopie-kopie\/\">Dampfgenerator<\/a>, usw. ) die notwendigen Informationen zu den Vorbereitungs- bzw. Installationsarbeiten.<br \/><\/span><\/p>\n<p><span style=\"font-size: 120%;\"><strong>Wir begleiten auch Ihr Projekt<\/strong> beim Bau und sprechen uns -falls gew\u00fcnscht- mit Ihren Handwerkern ab damit alles richtig eingebaut und nichts vergessen wird.<\/span><\/p>\n<p>\u00a0<\/p>\n\t<div id=\"gap-1506594964\" class=\"gap-element clearfix\" style=\"display:block; height:auto;\">\n\t\t\n<style>\n#gap-1506594964 {\n  padding-top: 80px;\n}\n<\/style>\n\t<\/div>\n\t\n\n\t<div class=\"img has-hover x md-x lg-x y md-y lg-y\" id=\"image_1309275957\">\n\t\t\t\t\t\t\t\t<div class=\"img-inner dark\" >\n\t\t\t<img loading=\"lazy\" decoding=\"async\" width=\"910\" height=\"643\" src=\"https:\/\/www.soleum.de\/wp-content\/uploads\/2019\/03\/Soleum-Heizmattenplan.jpg\" class=\"attachment-original size-original\" alt=\"\" srcset=\"https:\/\/www.soleum.de\/wp-content\/uploads\/2019\/03\/Soleum-Heizmattenplan.jpg 910w, https:\/\/www.soleum.de\/wp-content\/uploads\/2019\/03\/Soleum-Heizmattenplan-566x400.jpg 566w, https:\/\/www.soleum.de\/wp-content\/uploads\/2019\/03\/Soleum-Heizmattenplan-768x543.jpg 768w, https:\/\/www.soleum.de\/wp-content\/uploads\/2019\/03\/Soleum-Heizmattenplan-510x360.jpg 510w\" sizes=\"auto, (max-width: 910px) 100vw, 910px\" \/>\t\t\t\t\t\t\n\t\t\t\t\t<\/div>\n\t\t\t\t\t\t\t\t\n<style>\n#image_1309275957 {\n  width: 58%;\n}\n<\/style>\n\t<\/div>\n\t\n\n\t<div id=\"gap-291018210\" class=\"gap-element clearfix\" style=\"display:block; height:auto;\">\n\t\t\n<style>\n#gap-291018210 {\n  padding-top: 30px;\n}\n<\/style>\n\t<\/div>\n\t\n\n<p><span style=\"font-size: 120%;\">Wir erstellen ihnen f\u00fcr unsere Module einen kostenpflichtigen Heizmattenplan (lt. Angebot) &#8211; die Heizmatten werden auf Ma\u00df f\u00fcr Ihr Projekt produziert. Auch beim Selbstbau k\u00f6nnen Sie hier keine Fehler machen.<\/span><\/p>\n\t<div id=\"gap-1308854400\" class=\"gap-element clearfix\" style=\"display:block; height:auto;\">\n\t\t\n<style>\n#gap-1308854400 {\n  padding-top: 80px;\n}\n<\/style>\n\t<\/div>\n\t\n\n<div class=\"container section-title-container\" ><h3 class=\"section-title section-title-normal\"><b aria-hidden=\"true\"><\/b><span class=\"section-title-main\" >Naru\u010divanje unaprijed proizvedenog kompleta kabine - varijanta BASIC PRO<\/span><b aria-hidden=\"true\"><\/b><\/h3><\/div>\n\n<div class=\"row align-middle\"  id=\"row-549974793\">\n\n\n\t<div id=\"col-664597558\" class=\"col medium-6 small-12 large-6\"  >\n\t\t\t\t<div class=\"col-inner\"  >\n\t\t\t\n\t\t\t\n\n\t<div class=\"img has-hover x md-x lg-x y md-y lg-y\" id=\"image_678237152\">\n\t\t\t\t\t\t\t\t<div class=\"img-inner dark\" >\n\t\t\t<img loading=\"lazy\" decoding=\"async\" width=\"572\" height=\"800\" src=\"https:\/\/www.soleum.de\/wp-content\/uploads\/2019\/03\/Soleum-Bausatz-aufgestellt-1-572x800.jpg\" class=\"attachment-large size-large\" alt=\"Komplet parne kabine\" srcset=\"https:\/\/www.soleum.de\/wp-content\/uploads\/2019\/03\/Soleum-Bausatz-aufgestellt-1-572x800.jpg 572w, https:\/\/www.soleum.de\/wp-content\/uploads\/2019\/03\/Soleum-Bausatz-aufgestellt-1-286x400.jpg 286w, https:\/\/www.soleum.de\/wp-content\/uploads\/2019\/03\/Soleum-Bausatz-aufgestellt-1-768x1074.jpg 768w, https:\/\/www.soleum.de\/wp-content\/uploads\/2019\/03\/Soleum-Bausatz-aufgestellt-1-510x713.jpg 510w, https:\/\/www.soleum.de\/wp-content\/uploads\/2019\/03\/Soleum-Bausatz-aufgestellt-1.jpg 1000w\" sizes=\"auto, (max-width: 572px) 100vw, 572px\" \/>\t\t\t\t\t\t\n\t\t\t\t\t<\/div>\n\t\t\t\t\t\t\t\t\n<style>\n#image_678237152 {\n  width: 74%;\n}\n<\/style>\n\t<\/div>\n\t\n\n\n\t\t<\/div>\n\t\t\t\t\t<\/div>\n\n\t\n\n\t<div id=\"col-258143245\" class=\"col medium-6 small-12 large-6\"  >\n\t\t\t\t<div class=\"col-inner\"  >\n\t\t\t\n\t\t\t\n\n<p style=\"text-align: left;\">U BASIC-PRO izboru unaprijed proizvodimo SPA module koji su vam potrebni u na\u0161oj tvrtki.<\/p>\n<p>&nbsp;<\/p>\n<h2 style=\"text-align: left;\">\u0160to se to\u010dno ovdje doga\u0111a?<\/h2>\n<ul style=\"text-align: left;\">\n<li>Kompletna oblaganje SPA modula tekstilnom staklenom mre\u017eom<\/li>\n<li>nakon postupka su\u0161enja premazati posebnim prostirkama (300W\/m2)<\/li>\n<li>Nakon ovog postupka su\u0161enja: ugradnja temperaturnih senzora (npr. zidna povr\u0161ina, sjedalo)<\/li>\n<li>Ugradnja aluminijskih profila za kasniju monta\u017eu stakla<\/li>\n<li>jednokratna ugradnja kompletne kabine u na\u0161u proizvodnju za kontrolu dimenzija (tako da tako\u0111er mo\u017eemo biti sigurni da vam sve odgovara!)<\/li>\n<\/ul>\n<p style=\"text-align: left;\">Ovi unaprijed proizvedeni dijelovi kabine kasnije se pakiraju na paletu i isporu\u010duju vam s \u0161pediterom. Tro\u0161kovi \u0161pedicije nude se i napla\u0107uju svakodnevno.<\/p>\n<p style=\"text-align: left;\">&nbsp;<\/p>\n<h2 style=\"text-align: left;\">Tko obi\u010dno postavlja ovu kabinu na licu mjesta?<\/h2>\n<ul style=\"text-align: left;\">\n<li>Tiler<\/li>\n<li>Graditelj suhozida<\/li>\n<li>Vje\u0161ti majstori<\/li>\n<\/ul>\n<p style=\"text-align: left;\">Kada kupite na\u0161e proizvode, dobit \u0107ete detaljne opise pripremnih radova i kao pomo\u0107 u postavljanju kabine.<\/p>\n<p style=\"text-align: left;\">Mnoge od ovih dobro osmi\u0161ljenih kompleta \u0161aljemo u Njema\u010dku.<\/p>\n<p>&nbsp;<\/p>\n<blockquote>\n<p style=\"text-align: left;\">\u010cak i nakon kupnje, na va\u0161oj smo strani sa savjetima i savjetima!<\/p>\n<\/blockquote>\n<p>&nbsp;<\/p>\n\n\t\t<\/div>\n\t\t\t\t\t<\/div>\n\n\t\n\n<\/div>\n\n  \n    <div class=\"row large-columns-2 medium-columns-1 small-columns-1 has-shadow row-box-shadow-1\" >\n  <div class=\"col post-item\" >\n\t\t\t<div class=\"col-inner\">\n\t\t\t\t<div class=\"box box-default box-text-bottom box-blog-post has-hover\">\n            \t\t\t\t\t<div class=\"box-image\" style=\"width:34%;\">\n  \t\t\t\t\t\t<div class=\"image-cover\" style=\"padding-top:100%;\">\n\t\t\t\t\t\t\t<a href=\"https:\/\/www.soleum.de\/hr\/komplet-parne-kabine-unaprijed-proizveden\/\" class=\"plain\" aria-label=\"Komplet parne kabine unaprijed proizveden\">\n\t\t\t\t\t\t\t\t<img loading=\"lazy\" decoding=\"async\" width=\"286\" height=\"400\" src=\"https:\/\/www.soleum.de\/wp-content\/uploads\/2019\/03\/Soleum-Bausatz-aufgestellt-1-286x400.jpg\" class=\"attachment-medium size-medium wp-post-image\" alt=\"Komplet parne kabine\" srcset=\"https:\/\/www.soleum.de\/wp-content\/uploads\/2019\/03\/Soleum-Bausatz-aufgestellt-1-286x400.jpg 286w, https:\/\/www.soleum.de\/wp-content\/uploads\/2019\/03\/Soleum-Bausatz-aufgestellt-1-768x1074.jpg 768w, https:\/\/www.soleum.de\/wp-content\/uploads\/2019\/03\/Soleum-Bausatz-aufgestellt-1-572x800.jpg 572w, https:\/\/www.soleum.de\/wp-content\/uploads\/2019\/03\/Soleum-Bausatz-aufgestellt-1-510x713.jpg 510w, https:\/\/www.soleum.de\/wp-content\/uploads\/2019\/03\/Soleum-Bausatz-aufgestellt-1.jpg 1000w\" sizes=\"auto, (max-width: 286px) 100vw, 286px\" \/>\t\t\t\t\t\t\t<\/a>\n  \t\t\t\t\t\t\t  \t\t\t\t\t\t\t  \t\t\t\t\t\t<\/div>\n  \t\t\t\t\t\t  \t\t\t\t\t<\/div>\n          \t\t\t\t\t<div class=\"box-text text-center\" >\n\t\t\t\t\t<div class=\"box-text-inner blog-post-inner\">\n\n\t\t\t\t\t\n\t\t\t\t\t\t\t\t\t\t<h5 class=\"post-title is-large \">\n\t\t\t\t\t\t<a href=\"https:\/\/www.soleum.de\/hr\/komplet-parne-kabine-unaprijed-proizveden\/\" class=\"plain\">Komplet parne kabine unaprijed proizveden<\/a>\n\t\t\t\t\t<\/h5>\n\t\t\t\t\t\t\t\t\t\t<div class=\"is-divider\"><\/div>\n\t\t\t\t\t\t\t\t\t\t<p class=\"from_the_blog_excerpt \">\n\t\t\t\t\t\t\t\t\t\t\t<\/p>\n\t\t\t\t\t                    \n\t\t\t\t\t\n\t\t\t\t\t\n\t\t\t\t\t<\/div>\n\t\t\t\t\t<\/div>\n\t\t\t\t\t\t\t\t\t\t\t\t\t\t\t\t<div class=\"badge absolute top post-date badge-outline\">\n\t\t\t\t\t\t\t<div class=\"badge-inner\">\n\t\t\t\t\t\t\t\t<span class=\"post-date-day\">11<\/span><br>\n\t\t\t\t\t\t\t\t<span class=\"post-date-month is-xsmall\">velj<\/span>\n\t\t\t\t\t\t\t<\/div>\n\t\t\t\t\t\t<\/div>\n\t\t\t\t\t\t\t\t\t<\/div>\n\t\t\t<\/div>\n\t\t<\/div><div class=\"col post-item\" >\n\t\t\t<div class=\"col-inner\">\n\t\t\t\t<div class=\"box box-default box-text-bottom box-blog-post has-hover\">\n            \t\t\t\t\t<div class=\"box-image\" style=\"width:34%;\">\n  \t\t\t\t\t\t<div class=\"image-cover\" style=\"padding-top:100%;\">\n\t\t\t\t\t\t\t<a href=\"https:\/\/www.soleum.de\/hr\/izgradite-vlastitu-parnu-kupelj\/\" class=\"plain\" aria-label=\"Izgradite vlastitu parnu kupelj\">\n\t\t\t\t\t\t\t\t<img loading=\"lazy\" decoding=\"async\" width=\"800\" height=\"400\" src=\"https:\/\/www.soleum.de\/wp-content\/uploads\/2023\/10\/Hamam-SPA-Modul-Kombination_T95-BTB-GK-800x400.jpg\" class=\"attachment-medium size-medium wp-post-image\" alt=\"Hamam-SPA-Module-Kombination_T95-BTB-GK\" srcset=\"https:\/\/www.soleum.de\/wp-content\/uploads\/2023\/10\/Hamam-SPA-Modul-Kombination_T95-BTB-GK-800x400.jpg 800w, https:\/\/www.soleum.de\/wp-content\/uploads\/2023\/10\/Hamam-SPA-Modul-Kombination_T95-BTB-GK-768x384.jpg 768w, https:\/\/www.soleum.de\/wp-content\/uploads\/2023\/10\/Hamam-SPA-Modul-Kombination_T95-BTB-GK-510x255.jpg 510w, https:\/\/www.soleum.de\/wp-content\/uploads\/2023\/10\/Hamam-SPA-Modul-Kombination_T95-BTB-GK.jpg 1200w\" sizes=\"auto, (max-width: 800px) 100vw, 800px\" \/>\t\t\t\t\t\t\t<\/a>\n  \t\t\t\t\t\t\t  \t\t\t\t\t\t\t  \t\t\t\t\t\t<\/div>\n  \t\t\t\t\t\t  \t\t\t\t\t<\/div>\n          \t\t\t\t\t<div class=\"box-text text-center\" >\n\t\t\t\t\t<div class=\"box-text-inner blog-post-inner\">\n\n\t\t\t\t\t\n\t\t\t\t\t\t\t\t\t\t<h5 class=\"post-title is-large \">\n\t\t\t\t\t\t<a href=\"https:\/\/www.soleum.de\/hr\/izgradite-vlastitu-parnu-kupelj\/\" class=\"plain\">Izgradite vlastitu parnu kupelj<\/a>\n\t\t\t\t\t<\/h5>\n\t\t\t\t\t\t\t\t\t\t<div class=\"is-divider\"><\/div>\n\t\t\t\t\t\t\t\t\t\t<p class=\"from_the_blog_excerpt \">\n\t\t\t\t\t\tIzgradite vlastitu parnu kupelj - sa SPA modulima tvrtke SOLEUM Za samostalnu konstrukciju parnih kupelji [...]\t\t\t\t\t<\/p>\n\t\t\t\t\t                    \n\t\t\t\t\t\n\t\t\t\t\t\n\t\t\t\t\t<\/div>\n\t\t\t\t\t<\/div>\n\t\t\t\t\t\t\t\t\t\t\t\t\t\t\t\t<div class=\"badge absolute top post-date badge-outline\">\n\t\t\t\t\t\t\t<div class=\"badge-inner\">\n\t\t\t\t\t\t\t\t<span class=\"post-date-day\">09<\/span><br>\n\t\t\t\t\t\t\t\t<span class=\"post-date-month is-xsmall\">lis<\/span>\n\t\t\t\t\t\t\t<\/div>\n\t\t\t\t\t\t<\/div>\n\t\t\t\t\t\t\t\t\t<\/div>\n\t\t\t<\/div>\n\t\t<\/div><div class=\"col post-item\" >\n\t\t\t<div class=\"col-inner\">\n\t\t\t\t<div class=\"box box-default box-text-bottom box-blog-post has-hover\">\n            \t\t\t\t\t<div class=\"box-image\" style=\"width:34%;\">\n  \t\t\t\t\t\t<div class=\"image-cover\" style=\"padding-top:100%;\">\n\t\t\t\t\t\t\t<a href=\"https:\/\/www.soleum.de\/hr\/parna-kupelj-tehnickog-podrucja-2\/\" class=\"plain\" aria-label=\"Parna kupelj tehni\u010dkog podru\u010dja\">\n\t\t\t\t\t\t\t\t<img loading=\"lazy\" decoding=\"async\" width=\"480\" height=\"400\" src=\"https:\/\/www.soleum.de\/wp-content\/uploads\/2023\/10\/Dampfgenerator-Schema_1-480x400.jpg\" class=\"attachment-medium size-medium wp-post-image\" alt=\"Parna kupelj tehni\u010dkog podru\u010dja\" srcset=\"https:\/\/www.soleum.de\/wp-content\/uploads\/2023\/10\/Dampfgenerator-Schema_1-480x400.jpg 480w, https:\/\/www.soleum.de\/wp-content\/uploads\/2023\/10\/Dampfgenerator-Schema_1-959x800.jpg 959w, https:\/\/www.soleum.de\/wp-content\/uploads\/2023\/10\/Dampfgenerator-Schema_1-768x641.jpg 768w, https:\/\/www.soleum.de\/wp-content\/uploads\/2023\/10\/Dampfgenerator-Schema_1-510x425.jpg 510w, https:\/\/www.soleum.de\/wp-content\/uploads\/2023\/10\/Dampfgenerator-Schema_1.jpg 1000w\" sizes=\"auto, (max-width: 480px) 100vw, 480px\" \/>\t\t\t\t\t\t\t<\/a>\n  \t\t\t\t\t\t\t  \t\t\t\t\t\t\t  \t\t\t\t\t\t<\/div>\n  \t\t\t\t\t\t  \t\t\t\t\t<\/div>\n          \t\t\t\t\t<div class=\"box-text text-center\" >\n\t\t\t\t\t<div class=\"box-text-inner blog-post-inner\">\n\n\t\t\t\t\t\n\t\t\t\t\t\t\t\t\t\t<h5 class=\"post-title is-large \">\n\t\t\t\t\t\t<a href=\"https:\/\/www.soleum.de\/hr\/parna-kupelj-tehnickog-podrucja-2\/\" class=\"plain\">Parna kupelj tehni\u010dkog podru\u010dja<\/a>\n\t\t\t\t\t<\/h5>\n\t\t\t\t\t\t\t\t\t\t<div class=\"is-divider\"><\/div>\n\t\t\t\t\t\t\t\t\t\t<p class=\"from_the_blog_excerpt \">\n\t\t\t\t\t\tOvdje \u0107ete prona\u0107i informacije o tehni\u010dkom podru\u010dju parne kupelji. Tehnologija parne kupelji treba prostora!\t\t\t\t\t<\/p>\n\t\t\t\t\t                    \n\t\t\t\t\t\n\t\t\t\t\t\n\t\t\t\t\t<\/div>\n\t\t\t\t\t<\/div>\n\t\t\t\t\t\t\t\t\t\t\t\t\t\t\t\t<div class=\"badge absolute top post-date badge-outline\">\n\t\t\t\t\t\t\t<div class=\"badge-inner\">\n\t\t\t\t\t\t\t\t<span class=\"post-date-day\">04<\/span><br>\n\t\t\t\t\t\t\t\t<span class=\"post-date-month is-xsmall\">lis<\/span>\n\t\t\t\t\t\t\t<\/div>\n\t\t\t\t\t\t<\/div>\n\t\t\t\t\t\t\t\t\t<\/div>\n\t\t\t<\/div>\n\t\t<\/div><\/div>\n\n\n\t\t\t<\/div>\n\t\t<\/div>\n\t<\/div>\n\t\n\n\t<section class=\"section\" id=\"section_764506595\">\n\t\t<div class=\"section-bg fill\" >\n\t\t\t\t\t\t\t\t\t\n\t\t\t\n\t<div class=\"is-border\"\n\t\tstyle=\"border-width:1px 0px 1px 0px;\">\n\t<\/div>\n\n\t\t<\/div>\n\n\t\t\n\n\t\t<div class=\"section-content relative\">\n\t\t\t\n\n<div class=\"row align-equal\"  id=\"row-1235224728\">\n\n\n\t<div id=\"col-1300459214\" class=\"col medium-3 small-12 large-3\"  >\n\t\t\t\t<div class=\"col-inner\"  >\n\t\t\t\n\t\t\t\n\n<h2 class=\"uppercase\">Neke informacije<\/h2>\n<p>Pro\u010ditajte na\u0161e detaljne informacije o raznim temama<\/p>\n<a class=\"button primary\" >\n\t\t<span>Parna kupelj BLOG<\/span>\n\t<\/a>\n\n\n\n\t\t<\/div>\n\t\t\t\t\t<\/div>\n\n\t\n\n\t<div id=\"col-261663712\" class=\"col medium-9 small-12 large-9\"  >\n\t\t\t\t<div class=\"col-inner\"  >\n\t\t\t\n\t\t\t\n\n\n  \n    <div class=\"row large-columns-2 medium-columns- small-columns-1 has-shadow row-box-shadow-1 slider row-slider slider-nav-circle\"  data-flickity-options='{&quot;imagesLoaded&quot;: true, &quot;groupCells&quot;: &quot;100%&quot;, &quot;dragThreshold&quot; : 5, &quot;cellAlign&quot;: &quot;left&quot;,&quot;wrapAround&quot;: true,&quot;prevNextButtons&quot;: true,&quot;percentPosition&quot;: true,&quot;pageDots&quot;: false, &quot;rightToLeft&quot;: false, &quot;autoPlay&quot; : false}' >\n\n  <div class=\"col post-item\" >\n\t\t\t<div class=\"col-inner\">\n\t\t\t\t<div class=\"box box-vertical box-text-bottom box-blog-post has-hover\">\n            \t\t\t\t\t<div class=\"box-image\" style=\"width:40%;\">\n  \t\t\t\t\t\t<div class=\"image-cover\" style=\"padding-top:223px;\">\n\t\t\t\t\t\t\t<a href=\"https:\/\/www.soleum.de\/hr\/moc-haloterapije\/\" class=\"plain\" aria-label=\"Mo\u0107 haloterapije\">\n\t\t\t\t\t\t\t\t<img loading=\"lazy\" decoding=\"async\" width=\"600\" height=\"336\" src=\"https:\/\/www.soleum.de\/wp-content\/uploads\/2024\/02\/halotherapie-halotherapy.jpg\" class=\"attachment-medium size-medium wp-post-image\" alt=\"haloterapija-haloterapija\" srcset=\"https:\/\/www.soleum.de\/wp-content\/uploads\/2024\/02\/halotherapie-halotherapy.jpg 600w, https:\/\/www.soleum.de\/wp-content\/uploads\/2024\/02\/halotherapie-halotherapy-510x286.jpg 510w\" sizes=\"auto, (max-width: 600px) 100vw, 600px\" \/>\t\t\t\t\t\t\t<\/a>\n  \t\t\t\t\t\t\t  \t\t\t\t\t\t\t  \t\t\t\t\t\t<\/div>\n  \t\t\t\t\t\t  \t\t\t\t\t<\/div>\n          \t\t\t\t\t<div class=\"box-text text-left\" style=\"background-color:rgb(255, 255, 255);\">\n\t\t\t\t\t<div class=\"box-text-inner blog-post-inner\">\n\n\t\t\t\t\t\n\t\t\t\t\t\t\t\t\t\t<h5 class=\"post-title is-large \">\n\t\t\t\t\t\t<a href=\"https:\/\/www.soleum.de\/hr\/moc-haloterapije\/\" class=\"plain\">Mo\u0107 haloterapije<\/a>\n\t\t\t\t\t<\/h5>\n\t\t\t\t\t\t\t\t\t\t<div class=\"is-divider\"><\/div>\n\t\t\t\t\t\t\t\t\t\t<p class=\"from_the_blog_excerpt \">\n\t\t\t\t\t\tJedna terapija koja je posljednjih godina postala popularna je haloterapija - tako\u0111er poznata kao terapija [...]\t\t\t\t\t<\/p>\n\t\t\t\t\t                    \n\t\t\t\t\t\n\t\t\t\t\t\n\t\t\t\t\t<\/div>\n\t\t\t\t\t<\/div>\n\t\t\t\t\t\t\t\t\t\t\t\t\t\t\t\t<div class=\"badge absolute top post-date badge-outline\">\n\t\t\t\t\t\t\t<div class=\"badge-inner\">\n\t\t\t\t\t\t\t\t<span class=\"post-date-day\">28<\/span><br>\n\t\t\t\t\t\t\t\t<span class=\"post-date-month is-xsmall\">velj<\/span>\n\t\t\t\t\t\t\t<\/div>\n\t\t\t\t\t\t<\/div>\n\t\t\t\t\t\t\t\t\t<\/div>\n\t\t\t<\/div>\n\t\t<\/div><div class=\"col post-item\" >\n\t\t\t<div class=\"col-inner\">\n\t\t\t\t<div class=\"box box-vertical box-text-bottom box-blog-post has-hover\">\n            \t\t\t\t\t<div class=\"box-image\" style=\"width:40%;\">\n  \t\t\t\t\t\t<div class=\"image-cover\" style=\"padding-top:223px;\">\n\t\t\t\t\t\t\t<a href=\"https:\/\/www.soleum.de\/hr\/izgradite-vlastitu-parnu-kupelj\/\" class=\"plain\" aria-label=\"Izgradite vlastitu parnu kupelj\">\n\t\t\t\t\t\t\t\t<img loading=\"lazy\" decoding=\"async\" width=\"800\" height=\"400\" src=\"https:\/\/www.soleum.de\/wp-content\/uploads\/2023\/10\/Hamam-SPA-Modul-Kombination_T95-BTB-GK-800x400.jpg\" class=\"attachment-medium size-medium wp-post-image\" alt=\"Hamam-SPA-Module-Kombination_T95-BTB-GK\" srcset=\"https:\/\/www.soleum.de\/wp-content\/uploads\/2023\/10\/Hamam-SPA-Modul-Kombination_T95-BTB-GK-800x400.jpg 800w, https:\/\/www.soleum.de\/wp-content\/uploads\/2023\/10\/Hamam-SPA-Modul-Kombination_T95-BTB-GK-768x384.jpg 768w, https:\/\/www.soleum.de\/wp-content\/uploads\/2023\/10\/Hamam-SPA-Modul-Kombination_T95-BTB-GK-510x255.jpg 510w, https:\/\/www.soleum.de\/wp-content\/uploads\/2023\/10\/Hamam-SPA-Modul-Kombination_T95-BTB-GK.jpg 1200w\" sizes=\"auto, (max-width: 800px) 100vw, 800px\" \/>\t\t\t\t\t\t\t<\/a>\n  \t\t\t\t\t\t\t  \t\t\t\t\t\t\t  \t\t\t\t\t\t<\/div>\n  \t\t\t\t\t\t  \t\t\t\t\t<\/div>\n          \t\t\t\t\t<div class=\"box-text text-left\" style=\"background-color:rgb(255, 255, 255);\">\n\t\t\t\t\t<div class=\"box-text-inner blog-post-inner\">\n\n\t\t\t\t\t\n\t\t\t\t\t\t\t\t\t\t<h5 class=\"post-title is-large \">\n\t\t\t\t\t\t<a href=\"https:\/\/www.soleum.de\/hr\/izgradite-vlastitu-parnu-kupelj\/\" class=\"plain\">Izgradite vlastitu parnu kupelj<\/a>\n\t\t\t\t\t<\/h5>\n\t\t\t\t\t\t\t\t\t\t<div class=\"is-divider\"><\/div>\n\t\t\t\t\t\t\t\t\t\t<p class=\"from_the_blog_excerpt \">\n\t\t\t\t\t\tIzgradite vlastitu parnu kupelj - sa SPA modulima tvrtke SOLEUM Za samostalnu konstrukciju parnih kupelji [...]\t\t\t\t\t<\/p>\n\t\t\t\t\t                    \n\t\t\t\t\t\n\t\t\t\t\t\n\t\t\t\t\t<\/div>\n\t\t\t\t\t<\/div>\n\t\t\t\t\t\t\t\t\t\t\t\t\t\t\t\t<div class=\"badge absolute top post-date badge-outline\">\n\t\t\t\t\t\t\t<div class=\"badge-inner\">\n\t\t\t\t\t\t\t\t<span class=\"post-date-day\">09<\/span><br>\n\t\t\t\t\t\t\t\t<span class=\"post-date-month is-xsmall\">lis<\/span>\n\t\t\t\t\t\t\t<\/div>\n\t\t\t\t\t\t<\/div>\n\t\t\t\t\t\t\t\t\t<\/div>\n\t\t\t<\/div>\n\t\t<\/div><div class=\"col post-item\" >\n\t\t\t<div class=\"col-inner\">\n\t\t\t\t<div class=\"box box-vertical box-text-bottom box-blog-post has-hover\">\n            \t\t\t\t\t<div class=\"box-image\" style=\"width:40%;\">\n  \t\t\t\t\t\t<div class=\"image-cover\" style=\"padding-top:223px;\">\n\t\t\t\t\t\t\t<a href=\"https:\/\/www.soleum.de\/hr\/parna-kupelj-tehnickog-podrucja-2\/\" class=\"plain\" aria-label=\"Parna kupelj tehni\u010dkog podru\u010dja\">\n\t\t\t\t\t\t\t\t<img loading=\"lazy\" decoding=\"async\" width=\"480\" height=\"400\" src=\"https:\/\/www.soleum.de\/wp-content\/uploads\/2023\/10\/Dampfgenerator-Schema_1-480x400.jpg\" class=\"attachment-medium size-medium wp-post-image\" alt=\"Parna kupelj tehni\u010dkog podru\u010dja\" srcset=\"https:\/\/www.soleum.de\/wp-content\/uploads\/2023\/10\/Dampfgenerator-Schema_1-480x400.jpg 480w, https:\/\/www.soleum.de\/wp-content\/uploads\/2023\/10\/Dampfgenerator-Schema_1-959x800.jpg 959w, https:\/\/www.soleum.de\/wp-content\/uploads\/2023\/10\/Dampfgenerator-Schema_1-768x641.jpg 768w, https:\/\/www.soleum.de\/wp-content\/uploads\/2023\/10\/Dampfgenerator-Schema_1-510x425.jpg 510w, https:\/\/www.soleum.de\/wp-content\/uploads\/2023\/10\/Dampfgenerator-Schema_1.jpg 1000w\" sizes=\"auto, (max-width: 480px) 100vw, 480px\" \/>\t\t\t\t\t\t\t<\/a>\n  \t\t\t\t\t\t\t  \t\t\t\t\t\t\t  \t\t\t\t\t\t<\/div>\n  \t\t\t\t\t\t  \t\t\t\t\t<\/div>\n          \t\t\t\t\t<div class=\"box-text text-left\" style=\"background-color:rgb(255, 255, 255);\">\n\t\t\t\t\t<div class=\"box-text-inner blog-post-inner\">\n\n\t\t\t\t\t\n\t\t\t\t\t\t\t\t\t\t<h5 class=\"post-title is-large \">\n\t\t\t\t\t\t<a href=\"https:\/\/www.soleum.de\/hr\/parna-kupelj-tehnickog-podrucja-2\/\" class=\"plain\">Parna kupelj tehni\u010dkog podru\u010dja<\/a>\n\t\t\t\t\t<\/h5>\n\t\t\t\t\t\t\t\t\t\t<div class=\"is-divider\"><\/div>\n\t\t\t\t\t\t\t\t\t\t<p class=\"from_the_blog_excerpt \">\n\t\t\t\t\t\tOvdje \u0107ete prona\u0107i informacije o tehni\u010dkom podru\u010dju parne kupelji. Tehnologija parne kupelji treba prostora!\t\t\t\t\t<\/p>\n\t\t\t\t\t                    \n\t\t\t\t\t\n\t\t\t\t\t\n\t\t\t\t\t<\/div>\n\t\t\t\t\t<\/div>\n\t\t\t\t\t\t\t\t\t\t\t\t\t\t\t\t<div class=\"badge absolute top post-date badge-outline\">\n\t\t\t\t\t\t\t<div class=\"badge-inner\">\n\t\t\t\t\t\t\t\t<span class=\"post-date-day\">04<\/span><br>\n\t\t\t\t\t\t\t\t<span class=\"post-date-month is-xsmall\">lis<\/span>\n\t\t\t\t\t\t\t<\/div>\n\t\t\t\t\t\t<\/div>\n\t\t\t\t\t\t\t\t\t<\/div>\n\t\t\t<\/div>\n\t\t<\/div><div class=\"col post-item\" >\n\t\t\t<div class=\"col-inner\">\n\t\t\t\t<div class=\"box box-vertical box-text-bottom box-blog-post has-hover\">\n            \t\t\t\t\t<div class=\"box-image\" style=\"width:40%;\">\n  \t\t\t\t\t\t<div class=\"image-cover\" style=\"padding-top:223px;\">\n\t\t\t\t\t\t\t<a href=\"https:\/\/www.soleum.de\/hr\/vanjska-sauna-soleum-parna-sauna-za-vanjsku-upotrebu\/\" class=\"plain\" aria-label=\"Vanjska sauna SOLEUM &#8211; Parna sauna za vanjsku upotrebu\">\n\t\t\t\t\t\t\t\t<img loading=\"lazy\" decoding=\"async\" width=\"533\" height=\"400\" src=\"https:\/\/www.soleum.de\/wp-content\/uploads\/2023\/08\/Aussensauna-Outdoor-SPA-SOLEUM-533x400.jpg\" class=\"attachment-medium size-medium wp-post-image\" alt=\"Vanjska sauna, vanjski SPA by SOLEUM\" srcset=\"https:\/\/www.soleum.de\/wp-content\/uploads\/2023\/08\/Aussensauna-Outdoor-SPA-SOLEUM-533x400.jpg 533w, https:\/\/www.soleum.de\/wp-content\/uploads\/2023\/08\/Aussensauna-Outdoor-SPA-SOLEUM-768x576.jpg 768w, https:\/\/www.soleum.de\/wp-content\/uploads\/2023\/08\/Aussensauna-Outdoor-SPA-SOLEUM-510x383.jpg 510w, https:\/\/www.soleum.de\/wp-content\/uploads\/2023\/08\/Aussensauna-Outdoor-SPA-SOLEUM.jpg 800w\" sizes=\"auto, (max-width: 533px) 100vw, 533px\" \/>\t\t\t\t\t\t\t<\/a>\n  \t\t\t\t\t\t\t  \t\t\t\t\t\t\t  \t\t\t\t\t\t<\/div>\n  \t\t\t\t\t\t  \t\t\t\t\t<\/div>\n          \t\t\t\t\t<div class=\"box-text text-left\" style=\"background-color:rgb(255, 255, 255);\">\n\t\t\t\t\t<div class=\"box-text-inner blog-post-inner\">\n\n\t\t\t\t\t\n\t\t\t\t\t\t\t\t\t\t<h5 class=\"post-title is-large \">\n\t\t\t\t\t\t<a href=\"https:\/\/www.soleum.de\/hr\/vanjska-sauna-soleum-parna-sauna-za-vanjsku-upotrebu\/\" class=\"plain\">Vanjska sauna SOLEUM &#8211; Parna sauna za vanjsku upotrebu<\/a>\n\t\t\t\t\t<\/h5>\n\t\t\t\t\t\t\t\t\t\t<div class=\"is-divider\"><\/div>\n\t\t\t\t\t\t\t\t\t\t<p class=\"from_the_blog_excerpt \">\n\t\t\t\t\t\tJedinstvena i s mnogim prednostima, predstavlja se parna sauna za vanjski prostor Soleuma\u00ae. To je [...]\t\t\t\t\t<\/p>\n\t\t\t\t\t                    \n\t\t\t\t\t\n\t\t\t\t\t\n\t\t\t\t\t<\/div>\n\t\t\t\t\t<\/div>\n\t\t\t\t\t\t\t\t\t\t\t\t\t\t\t\t<div class=\"badge absolute top post-date badge-outline\">\n\t\t\t\t\t\t\t<div class=\"badge-inner\">\n\t\t\t\t\t\t\t\t<span class=\"post-date-day\">23<\/span><br>\n\t\t\t\t\t\t\t\t<span class=\"post-date-month is-xsmall\">kol<\/span>\n\t\t\t\t\t\t\t<\/div>\n\t\t\t\t\t\t<\/div>\n\t\t\t\t\t\t\t\t\t<\/div>\n\t\t\t<\/div>\n\t\t<\/div><div class=\"col post-item\" >\n\t\t\t<div class=\"col-inner\">\n\t\t\t\t<div class=\"box box-vertical box-text-bottom box-blog-post has-hover\">\n            \t\t\t\t\t<div class=\"box-image\" style=\"width:40%;\">\n  \t\t\t\t\t\t<div class=\"image-cover\" style=\"padding-top:223px;\">\n\t\t\t\t\t\t\t<a href=\"https:\/\/www.soleum.de\/hr\/parna-kupelj-tehnickog-podrucja\/\" class=\"plain\" aria-label=\"Parna kupelj tehni\u010dkog podru\u010dja\">\n\t\t\t\t\t\t\t\t<img loading=\"lazy\" decoding=\"async\" width=\"300\" height=\"400\" src=\"https:\/\/www.soleum.de\/wp-content\/uploads\/2019\/03\/Technikbereich-dampfbad-soleum-1-300x400.jpg\" class=\"attachment-medium size-medium wp-post-image\" alt=\"Tehni\u010dko podru\u010dje parne kupelji soleum Tehnologija parne kupelji\" srcset=\"https:\/\/www.soleum.de\/wp-content\/uploads\/2019\/03\/Technikbereich-dampfbad-soleum-1-300x400.jpg 300w, https:\/\/www.soleum.de\/wp-content\/uploads\/2019\/03\/Technikbereich-dampfbad-soleum-1.jpg 480w\" sizes=\"auto, (max-width: 300px) 100vw, 300px\" \/>\t\t\t\t\t\t\t<\/a>\n  \t\t\t\t\t\t\t  \t\t\t\t\t\t\t  \t\t\t\t\t\t<\/div>\n  \t\t\t\t\t\t  \t\t\t\t\t<\/div>\n          \t\t\t\t\t<div class=\"box-text text-left\" style=\"background-color:rgb(255, 255, 255);\">\n\t\t\t\t\t<div class=\"box-text-inner blog-post-inner\">\n\n\t\t\t\t\t\n\t\t\t\t\t\t\t\t\t\t<h5 class=\"post-title is-large \">\n\t\t\t\t\t\t<a href=\"https:\/\/www.soleum.de\/hr\/parna-kupelj-tehnickog-podrucja\/\" class=\"plain\">Parna kupelj tehni\u010dkog podru\u010dja<\/a>\n\t\t\t\t\t<\/h5>\n\t\t\t\t\t\t\t\t\t\t<div class=\"is-divider\"><\/div>\n\t\t\t\t\t\t\t\t\t\t<p class=\"from_the_blog_excerpt \">\n\t\t\t\t\t\tOvdje \u0107ete prona\u0107i informacije o tehni\u010dkom podru\u010dju parne kupelji. Tehnologija parne kupelji treba prostora!\t\t\t\t\t<\/p>\n\t\t\t\t\t                    \n\t\t\t\t\t\n\t\t\t\t\t\n\t\t\t\t\t<\/div>\n\t\t\t\t\t<\/div>\n\t\t\t\t\t\t\t\t\t\t\t\t\t\t\t\t<div class=\"badge absolute top post-date badge-outline\">\n\t\t\t\t\t\t\t<div class=\"badge-inner\">\n\t\t\t\t\t\t\t\t<span class=\"post-date-day\">16<\/span><br>\n\t\t\t\t\t\t\t\t<span class=\"post-date-month is-xsmall\">lip<\/span>\n\t\t\t\t\t\t\t<\/div>\n\t\t\t\t\t\t<\/div>\n\t\t\t\t\t\t\t\t\t<\/div>\n\t\t\t<\/div>\n\t\t<\/div><div class=\"col post-item\" >\n\t\t\t<div class=\"col-inner\">\n\t\t\t\t<div class=\"box box-vertical box-text-bottom box-blog-post has-hover\">\n            \t\t\t\t\t<div class=\"box-image\" style=\"width:40%;\">\n  \t\t\t\t\t\t<div class=\"image-cover\" style=\"padding-top:223px;\">\n\t\t\t\t\t\t\t<a href=\"https:\/\/www.soleum.de\/hr\/luksuzna-spa-grijana-lezaljka-sa-staklenim-mozaikom-sicis\/\" class=\"plain\" aria-label=\"Luksuzna SPA grijana le\u017ealjka sa staklenim mozaikom SICIS\">\n\t\t\t\t\t\t\t\t<img loading=\"lazy\" decoding=\"async\" width=\"600\" height=\"360\" src=\"https:\/\/www.soleum.de\/wp-content\/uploads\/2023\/05\/SOLEUM-Waermeliege-LAGOON-600.jpg\" class=\"attachment-medium size-medium wp-post-image\" alt=\"SOLEUM grijana le\u017ealjka LAGOON\" srcset=\"https:\/\/www.soleum.de\/wp-content\/uploads\/2023\/05\/SOLEUM-Waermeliege-LAGOON-600.jpg 600w, https:\/\/www.soleum.de\/wp-content\/uploads\/2023\/05\/SOLEUM-Waermeliege-LAGOON-600-510x306.jpg 510w\" sizes=\"auto, (max-width: 600px) 100vw, 600px\" \/>\t\t\t\t\t\t\t<\/a>\n  \t\t\t\t\t\t\t  \t\t\t\t\t\t\t  \t\t\t\t\t\t<\/div>\n  \t\t\t\t\t\t  \t\t\t\t\t<\/div>\n          \t\t\t\t\t<div class=\"box-text text-left\" style=\"background-color:rgb(255, 255, 255);\">\n\t\t\t\t\t<div class=\"box-text-inner blog-post-inner\">\n\n\t\t\t\t\t\n\t\t\t\t\t\t\t\t\t\t<h5 class=\"post-title is-large \">\n\t\t\t\t\t\t<a href=\"https:\/\/www.soleum.de\/hr\/luksuzna-spa-grijana-lezaljka-sa-staklenim-mozaikom-sicis\/\" class=\"plain\">Luksuzna SPA grijana le\u017ealjka sa staklenim mozaikom SICIS<\/a>\n\t\t\t\t\t<\/h5>\n\t\t\t\t\t\t\t\t\t\t<div class=\"is-divider\"><\/div>\n\t\t\t\t\t\t\t\t\t\t<p class=\"from_the_blog_excerpt \">\n\t\t\t\t\t\tLuksuzne SPA le\u017ealjke za hotele, wellness prostore i privatne saune Savr\u0161eno opu\u0161tanje u luksuznim le\u017ealjkama. [...]\t\t\t\t\t<\/p>\n\t\t\t\t\t                    \n\t\t\t\t\t\n\t\t\t\t\t\n\t\t\t\t\t<\/div>\n\t\t\t\t\t<\/div>\n\t\t\t\t\t\t\t\t\t\t\t\t\t\t\t\t<div class=\"badge absolute top post-date badge-outline\">\n\t\t\t\t\t\t\t<div class=\"badge-inner\">\n\t\t\t\t\t\t\t\t<span class=\"post-date-day\">17<\/span><br>\n\t\t\t\t\t\t\t\t<span class=\"post-date-month is-xsmall\">svi<\/span>\n\t\t\t\t\t\t\t<\/div>\n\t\t\t\t\t\t<\/div>\n\t\t\t\t\t\t\t\t\t<\/div>\n\t\t\t<\/div>\n\t\t<\/div><div class=\"col post-item\" >\n\t\t\t<div class=\"col-inner\">\n\t\t\t\t<div class=\"box box-vertical box-text-bottom box-blog-post has-hover\">\n            \t\t\t\t\t<div class=\"box-image\" style=\"width:40%;\">\n  \t\t\t\t\t\t<div class=\"image-cover\" style=\"padding-top:223px;\">\n\t\t\t\t\t\t\t<a href=\"https:\/\/www.soleum.de\/hr\/art-spa-luksuzne-kabine-za-najzahtjevnije-goste\/\" class=\"plain\" aria-label=\"Art &amp; SPA &#8211; Luksuzne kabine za najzahtjevnije goste\">\n\t\t\t\t\t\t\t\t<img loading=\"lazy\" decoding=\"async\" width=\"319\" height=\"400\" src=\"https:\/\/www.soleum.de\/wp-content\/uploads\/2022\/08\/ArtSPA-Luxus-Design-Wellness2-319x400.jpg\" class=\"attachment-medium size-medium wp-post-image\" alt=\"\" srcset=\"https:\/\/www.soleum.de\/wp-content\/uploads\/2022\/08\/ArtSPA-Luxus-Design-Wellness2-319x400.jpg 319w, https:\/\/www.soleum.de\/wp-content\/uploads\/2022\/08\/ArtSPA-Luxus-Design-Wellness2-638x800.jpg 638w, https:\/\/www.soleum.de\/wp-content\/uploads\/2022\/08\/ArtSPA-Luxus-Design-Wellness2-768x963.jpg 768w, https:\/\/www.soleum.de\/wp-content\/uploads\/2022\/08\/ArtSPA-Luxus-Design-Wellness2-510x639.jpg 510w, https:\/\/www.soleum.de\/wp-content\/uploads\/2022\/08\/ArtSPA-Luxus-Design-Wellness2.jpg 900w\" sizes=\"auto, (max-width: 319px) 100vw, 319px\" \/>\t\t\t\t\t\t\t<\/a>\n  \t\t\t\t\t\t\t  \t\t\t\t\t\t\t  \t\t\t\t\t\t<\/div>\n  \t\t\t\t\t\t  \t\t\t\t\t<\/div>\n          \t\t\t\t\t<div class=\"box-text text-left\" style=\"background-color:rgb(255, 255, 255);\">\n\t\t\t\t\t<div class=\"box-text-inner blog-post-inner\">\n\n\t\t\t\t\t\n\t\t\t\t\t\t\t\t\t\t<h5 class=\"post-title is-large \">\n\t\t\t\t\t\t<a href=\"https:\/\/www.soleum.de\/hr\/art-spa-luksuzne-kabine-za-najzahtjevnije-goste\/\" class=\"plain\">Art &amp; SPA &#8211; Luksuzne kabine za najzahtjevnije goste<\/a>\n\t\t\t\t\t<\/h5>\n\t\t\t\t\t\t\t\t\t\t<div class=\"is-divider\"><\/div>\n\t\t\t\t\t\t\t\t\t\t<p class=\"from_the_blog_excerpt \">\n\t\t\t\t\t\tArt &amp; SPA - luksuzne kabine za najzahtjevnije goste. Umjetni\u010dki objekt s brojnim wellness tretmanima. [...]\t\t\t\t\t<\/p>\n\t\t\t\t\t                    \n\t\t\t\t\t\n\t\t\t\t\t\n\t\t\t\t\t<\/div>\n\t\t\t\t\t<\/div>\n\t\t\t\t\t\t\t\t\t\t\t\t\t\t\t\t<div class=\"badge absolute top post-date badge-outline\">\n\t\t\t\t\t\t\t<div class=\"badge-inner\">\n\t\t\t\t\t\t\t\t<span class=\"post-date-day\">21<\/span><br>\n\t\t\t\t\t\t\t\t<span class=\"post-date-month is-xsmall\">velj<\/span>\n\t\t\t\t\t\t\t<\/div>\n\t\t\t\t\t\t<\/div>\n\t\t\t\t\t\t\t\t\t<\/div>\n\t\t\t<\/div>\n\t\t<\/div><div class=\"col post-item\" >\n\t\t\t<div class=\"col-inner\">\n\t\t\t\t<div class=\"box box-vertical box-text-bottom box-blog-post has-hover\">\n            \t\t\t\t\t<div class=\"box-image\" style=\"width:40%;\">\n  \t\t\t\t\t\t<div class=\"image-cover\" style=\"padding-top:223px;\">\n\t\t\t\t\t\t\t<a href=\"https:\/\/www.soleum.de\/hr\/spa-namjestaj-za-wellness-i-hotele\/\" class=\"plain\" aria-label=\"SPA namje\u0161taj za wellness i hotele\">\n\t\t\t\t\t\t\t\t<img loading=\"lazy\" decoding=\"async\" width=\"533\" height=\"400\" src=\"https:\/\/www.soleum.de\/wp-content\/uploads\/2022\/07\/SPA-Moebel-soleum-1-533x400.jpg\" class=\"attachment-medium size-medium wp-post-image\" alt=\"\" srcset=\"https:\/\/www.soleum.de\/wp-content\/uploads\/2022\/07\/SPA-Moebel-soleum-1-533x400.jpg 533w, https:\/\/www.soleum.de\/wp-content\/uploads\/2022\/07\/SPA-Moebel-soleum-1-768x576.jpg 768w, https:\/\/www.soleum.de\/wp-content\/uploads\/2022\/07\/SPA-Moebel-soleum-1-510x383.jpg 510w, https:\/\/www.soleum.de\/wp-content\/uploads\/2022\/07\/SPA-Moebel-soleum-1.jpg 800w\" sizes=\"auto, (max-width: 533px) 100vw, 533px\" \/>\t\t\t\t\t\t\t<\/a>\n  \t\t\t\t\t\t\t  \t\t\t\t\t\t\t  \t\t\t\t\t\t<\/div>\n  \t\t\t\t\t\t  \t\t\t\t\t<\/div>\n          \t\t\t\t\t<div class=\"box-text text-left\" style=\"background-color:rgb(255, 255, 255);\">\n\t\t\t\t\t<div class=\"box-text-inner blog-post-inner\">\n\n\t\t\t\t\t\n\t\t\t\t\t\t\t\t\t\t<h5 class=\"post-title is-large \">\n\t\t\t\t\t\t<a href=\"https:\/\/www.soleum.de\/hr\/spa-namjestaj-za-wellness-i-hotele\/\" class=\"plain\">SPA namje\u0161taj za wellness i hotele<\/a>\n\t\t\t\t\t<\/h5>\n\t\t\t\t\t\t\t\t\t\t<div class=\"is-divider\"><\/div>\n\t\t\t\t\t\t\t\t\t\t<p class=\"from_the_blog_excerpt \">\n\t\t\t\t\t\tU SOLEUM-u ne dobivate samo ekskluzivne parne kupelji i saune, ve\u0107 i visokokvalitetni SPA namje\u0161taj [...]\t\t\t\t\t<\/p>\n\t\t\t\t\t                    \n\t\t\t\t\t\n\t\t\t\t\t\n\t\t\t\t\t<\/div>\n\t\t\t\t\t<\/div>\n\t\t\t\t\t\t\t\t\t\t\t\t\t\t\t\t<div class=\"badge absolute top post-date badge-outline\">\n\t\t\t\t\t\t\t<div class=\"badge-inner\">\n\t\t\t\t\t\t\t\t<span class=\"post-date-day\">27<\/span><br>\n\t\t\t\t\t\t\t\t<span class=\"post-date-month is-xsmall\">srp<\/span>\n\t\t\t\t\t\t\t<\/div>\n\t\t\t\t\t\t<\/div>\n\t\t\t\t\t\t\t\t\t<\/div>\n\t\t\t<\/div>\n\t\t<\/div><\/div>\n\n\n\t\t<\/div>\n\t\t\t\t\t<\/div>\n\n\t\n\n<\/div>\n\n\t\t<\/div>\n\n\t\t\n<style>\n#section_764506595 {\n  padding-top: 43px;\n  padding-bottom: 43px;\n  min-height: 276px;\n  background-color: rgb(241, 241, 241);\n}\n<\/style>\n\t<\/section>\n\t\n<div class=\"slider-wrapper relative\" id=\"slider-1202894157\" >\n    <div class=\"slider slider-nav-circle slider-nav-large slider-nav-light slider-style-normal\"\n        data-flickity-options='{\n            \"cellAlign\": \"center\",\n            \"imagesLoaded\": true,\n            \"lazyLoad\": 1,\n            \"freeScroll\": false,\n            \"wrapAround\": true,\n            \"autoPlay\": 6000,\n            \"pauseAutoPlayOnHover\" : true,\n            \"prevNextButtons\": true,\n            \"contain\" : true,\n            \"adaptiveHeight\" : true,\n            \"dragThreshold\" : 10,\n            \"percentPosition\": true,\n            \"pageDots\": true,\n            \"rightToLeft\": false,\n            \"draggable\": true,\n            \"selectedAttraction\": 0.1,\n            \"parallax\" : 0,\n            \"friction\": 0.6        }'\n        >\n        \r\n\r\n\n  <div class=\"banner has-hover\" id=\"banner-1008559310\">\n          <div class=\"banner-inner fill\">\n        <div class=\"banner-bg fill\" >\n            <img loading=\"lazy\" decoding=\"async\" width=\"1000\" height=\"665\" src=\"https:\/\/www.soleum.de\/wp-content\/uploads\/2017\/08\/Dampfdusche-Soleum-oberoesterreich-4.jpg\" class=\"bg attachment-large size-large\" alt=\"\" \/>                        <div class=\"overlay\"><\/div>            \n                    <\/div>\n\t\t\n        <div class=\"banner-layers container\">\n            <div class=\"fill banner-link\"><\/div>            \r\n\r\n   <div id=\"text-box-1482753738\" class=\"text-box banner-layer x50 md-x50 lg-x50 y50 md-y50 lg-y50 res-text\">\n                                <div class=\"text-box-content text dark\">\n              \n              <div class=\"text-inner text-center\">\n                  \r\n\r\n  <div class=\"icon-box testimonial-box icon-box-left text-left\">\n                <div class=\"icon-box-img testimonial-image circle\" style=\"width: 142px\">\n                      <\/div>\n                <div class=\"icon-box-text p-last-0\">\n          <div class=\"star-rating\" role=\"img\" aria-label=\"Rated 5 out of 5\"><span style=\"width:100%\"><strong class=\"rating\"><\/strong><\/span><\/div>  \t\t\t\t<div class=\"testimonial-text line-height-small italic test_text first-reset last-reset is-italic\">\n            \r\n\r\n<p class=\"lead\"><span class=\"r-iUfEJpOtIAO0\"><span class=\"review-full-text\">G. Kiesenebner me kontaktirao u brojnim e-mailovima i. Telefonski razgovori uvijek vrlo prijateljski i visoko profesionalni savjeti.<br>Planiranje je provedeno to\u010dno prema mojim idejama na moje potpuno zadovoljstvo.<br>Monta\u017ea kabine i polaganje podloge kao i svi instalacijski radovi<br>dovr\u0161eni su brzo, precizno i na najsavr\u0161eniji na\u010din od strane montera g. Christiana.<br>Mogu preporu\u010diti tvrtku. Toplo preporu\u010dujemo Soleum prema na\u0161em znanju i uvjerenju.<\/span><\/span><\/p>\r\n\r\n          <\/div>\n          <div class=\"testimonial-meta pt-half\">\n             <strong class=\"testimonial-name test_name\">Alfred F\u00fcrthauer<\/strong>\n             <span class=\"testimonial-name-divider\"> \/ <\/span>             <span class=\"testimonial-company test_company\">GOOGLE<\/span>\n          <\/div>\n        <\/div>\n  <\/div>\n\n  \r\n\r\n              <\/div>\n           <\/div>\n                            \n<style>\n#text-box-1482753738 {\n  width: 100%;\n}\n#text-box-1482753738 .text-box-content {\n  font-size: 100%;\n}\n@media (min-width:550px) {\n  #text-box-1482753738 {\n    width: 78%;\n  }\n}\n<\/style>\n    <\/div>\n \r\n\r\n        <\/div>\n      <\/div>\n\n            \n<style>\n#banner-1008559310 {\n  padding-top: 378px;\n}\n#banner-1008559310 .overlay {\n  background-color: rgba(0, 0, 0, 0.68);\n}\n#banner-1008559310 .banner-bg img {\n  object-position: 79% 68%;\n}\n<\/style>\n  <\/div>\n\n\r\n\n  <div class=\"banner has-hover\" id=\"banner-1064153671\">\n          <div class=\"banner-inner fill\">\n        <div class=\"banner-bg fill\" >\n            <img loading=\"lazy\" decoding=\"async\" width=\"1020\" height=\"680\" src=\"https:\/\/www.soleum.de\/wp-content\/uploads\/2017\/02\/Solekabine-mit-Dampfbadliege-01-1200x800.jpg\" class=\"bg attachment-large size-large\" alt=\"Le\u017ealjka u parnoj kupelji\" \/>                        <div class=\"overlay\"><\/div>            \n                    <\/div>\n\t\t\n        <div class=\"banner-layers container\">\n            <div class=\"fill banner-link\"><\/div>            \r\n\r\n   <div id=\"text-box-2114159772\" class=\"text-box banner-layer x50 md-x50 lg-x50 y50 md-y50 lg-y50 res-text\">\n                                <div class=\"text-box-content text dark\">\n              \n              <div class=\"text-inner text-center\">\n                  \r\n\r\n  <div class=\"icon-box testimonial-box icon-box-left text-left\">\n                <div class=\"icon-box-img testimonial-image circle\" style=\"width: 142px\">\n                      <\/div>\n                <div class=\"icon-box-text p-last-0\">\n          <div class=\"star-rating\" role=\"img\" aria-label=\"Rated 5 out of 5\"><span style=\"width:100%\"><strong class=\"rating\"><\/strong><\/span><\/div>  \t\t\t\t<div class=\"testimonial-text line-height-small italic test_text first-reset last-reset is-italic\">\n            \r\n\r\n<p class=\"lead\"><span class=\"r-iSHFIgWrcIs4\">Jako se zabavljamo s njim i \u017eeljeli bismo vam jo\u0161 jednom zahvaliti na izvrsnim savjetima i pouzdanosti.<\/span><\/p>\r\n\r\n          <\/div>\n          <div class=\"testimonial-meta pt-half\">\n             <strong class=\"testimonial-name test_name\">Paul Glaser<\/strong>\n             <span class=\"testimonial-name-divider\"> \/ <\/span>             <span class=\"testimonial-company test_company\">GOOGLE<\/span>\n          <\/div>\n        <\/div>\n  <\/div>\n\n  \r\n\r\n              <\/div>\n           <\/div>\n                            \n<style>\n#text-box-2114159772 {\n  width: 100%;\n}\n#text-box-2114159772 .text-box-content {\n  font-size: 100%;\n}\n@media (min-width:550px) {\n  #text-box-2114159772 {\n    width: 78%;\n  }\n}\n<\/style>\n    <\/div>\n \r\n\r\n        <\/div>\n      <\/div>\n\n            \n<style>\n#banner-1064153671 {\n  padding-top: 378px;\n}\n#banner-1064153671 .overlay {\n  background-color: rgba(0, 0, 0, 0.68);\n}\n#banner-1064153671 .banner-bg img {\n  object-position: 79% 68%;\n}\n<\/style>\n  <\/div>\n\n\r\n\n  <div class=\"banner has-hover\" id=\"banner-1361514249\">\n          <div class=\"banner-inner fill\">\n        <div class=\"banner-bg fill\" >\n            <img loading=\"lazy\" decoding=\"async\" width=\"1020\" height=\"367\" src=\"https:\/\/www.soleum.de\/wp-content\/uploads\/2017\/02\/SOLEUM_dampfbad-testimonial-5-1400x504.jpg\" class=\"bg attachment-large size-large\" alt=\"\" \/>                        <div class=\"overlay\"><\/div>            \n                    <\/div>\n\t\t\n        <div class=\"banner-layers container\">\n            <div class=\"fill banner-link\"><\/div>            \r\n\r\n   <div id=\"text-box-531150886\" class=\"text-box banner-layer x50 md-x50 lg-x50 y50 md-y50 lg-y50 res-text\">\n                                <div class=\"text-box-content text dark\">\n              \n              <div class=\"text-inner text-center\">\n                  \r\n\r\n  <div class=\"icon-box testimonial-box icon-box-left text-left\">\n                <div class=\"icon-box-img testimonial-image circle\" style=\"width: 142px\">\n                      <\/div>\n                <div class=\"icon-box-text p-last-0\">\n          <div class=\"star-rating\" role=\"img\" aria-label=\"Rated 5 out of 5\"><span style=\"width:100%\"><strong class=\"rating\"><\/strong><\/span><\/div>  \t\t\t\t<div class=\"testimonial-text line-height-small italic test_text first-reset last-reset is-italic\">\n            \r\n\r\n<p class=\"lead\"><span class=\"r-iSHFIgWrcIs4\"><span class=\"r-ibcvrFFu_zHM\">Zdravi savjeti i brza isporuka komponenti parne kupelji. Moja \u017eena je uvijek imala problema sa sinusima, otkad koristimo soleum, pritu\u017ebe su nestale.<\/span><\/span><\/p>\r\n\r\n          <\/div>\n          <div class=\"testimonial-meta pt-half\">\n             <strong class=\"testimonial-name test_name\">Georg Pointner<\/strong>\n             <span class=\"testimonial-name-divider\"> \/ <\/span>             <span class=\"testimonial-company test_company\">GOOGLE<\/span>\n          <\/div>\n        <\/div>\n  <\/div>\n\n  \r\n\r\n              <\/div>\n           <\/div>\n                            \n<style>\n#text-box-531150886 {\n  width: 100%;\n}\n#text-box-531150886 .text-box-content {\n  font-size: 100%;\n}\n@media (min-width:550px) {\n  #text-box-531150886 {\n    width: 78%;\n  }\n}\n<\/style>\n    <\/div>\n \r\n\r\n        <\/div>\n      <\/div>\n\n            \n<style>\n#banner-1361514249 {\n  padding-top: 378px;\n}\n#banner-1361514249 .overlay {\n  background-color: rgba(0, 0, 0, 0.68);\n}\n#banner-1361514249 .banner-bg img {\n  object-position: 79% 68%;\n}\n<\/style>\n  <\/div>\n\n\r\n\n  <div class=\"banner has-hover\" id=\"banner-228884982\">\n          <div class=\"banner-inner fill\">\n        <div class=\"banner-bg fill\" >\n            <img loading=\"lazy\" decoding=\"async\" width=\"1000\" height=\"665\" src=\"https:\/\/www.soleum.de\/wp-content\/uploads\/2017\/09\/geflieste-Dampfdusche-07.jpg\" class=\"bg attachment-large size-large\" alt=\"\" \/>                        <div class=\"overlay\"><\/div>            \n                    <\/div>\n\t\t\n        <div class=\"banner-layers container\">\n            <div class=\"fill banner-link\"><\/div>            \r\n\r\n   <div id=\"text-box-861660536\" class=\"text-box banner-layer x50 md-x50 lg-x50 y50 md-y50 lg-y50 res-text\">\n                                <div class=\"text-box-content text dark\">\n              \n              <div class=\"text-inner text-center\">\n                  \r\n\r\n  <div class=\"icon-box testimonial-box icon-box-left text-left\">\n                <div class=\"icon-box-img testimonial-image circle\" style=\"width: 142px\">\n                      <\/div>\n                <div class=\"icon-box-text p-last-0\">\n          <div class=\"star-rating\" role=\"img\" aria-label=\"Rated 5 out of 5\"><span style=\"width:100%\"><strong class=\"rating\"><\/strong><\/span><\/div>  \t\t\t\t<div class=\"testimonial-text line-height-small italic test_text first-reset last-reset is-italic\">\n            \r\n\r\n<p class=\"lead\"><span class=\"r-iSHFIgWrcIs4\"><span class=\"r-ibcvrFFu_zHM\"><span class=\"r-iaXil3ZyWoYI\">Izvrsni savjeti i to\u010dna dostava po po\u0161tenoj cijeni. Vrlo smo zadovoljni<\/span><\/span><\/span><\/p>\r\n\r\n          <\/div>\n          <div class=\"testimonial-meta pt-half\">\n             <strong class=\"testimonial-name test_name\">Ing. Christian Weissmann<\/strong>\n             <span class=\"testimonial-name-divider\"> \/ <\/span>             <span class=\"testimonial-company test_company\">GOOGLE<\/span>\n          <\/div>\n        <\/div>\n  <\/div>\n\n  \r\n\r\n              <\/div>\n           <\/div>\n                            \n<style>\n#text-box-861660536 {\n  width: 100%;\n}\n#text-box-861660536 .text-box-content {\n  font-size: 100%;\n}\n@media (min-width:550px) {\n  #text-box-861660536 {\n    width: 78%;\n  }\n}\n<\/style>\n    <\/div>\n \r\n\r\n        <\/div>\n      <\/div>\n\n            \n<style>\n#banner-228884982 {\n  padding-top: 378px;\n}\n#banner-228884982 .overlay {\n  background-color: rgba(0, 0, 0, 0.68);\n}\n#banner-228884982 .banner-bg img {\n  object-position: 79% 68%;\n}\n<\/style>\n  <\/div>\n\n\r\n\n  <div class=\"banner has-hover\" id=\"banner-1748834118\">\n          <div class=\"banner-inner fill\">\n        <div class=\"banner-bg fill\" >\n            <img loading=\"lazy\" decoding=\"async\" width=\"1000\" height=\"750\" src=\"https:\/\/www.soleum.de\/wp-content\/uploads\/2017\/10\/Dampfbad-Liege-Dampfbadsitz-T85-2.jpg\" class=\"bg attachment-large size-large\" alt=\"\" \/>                        <div class=\"overlay\"><\/div>            \n                    <\/div>\n\t\t\n        <div class=\"banner-layers container\">\n            <div class=\"fill banner-link\"><\/div>            \r\n\r\n   <div id=\"text-box-916703989\" class=\"text-box banner-layer x50 md-x50 lg-x50 y50 md-y50 lg-y50 res-text\">\n                                <div class=\"text-box-content text dark\">\n              \n              <div class=\"text-inner text-center\">\n                  \r\n\r\n  <div class=\"icon-box testimonial-box icon-box-left text-left\">\n                <div class=\"icon-box-img testimonial-image circle\" style=\"width: 142px\">\n                      <\/div>\n                <div class=\"icon-box-text p-last-0\">\n          <div class=\"star-rating\" role=\"img\" aria-label=\"Rated 5 out of 5\"><span style=\"width:100%\"><strong class=\"rating\"><\/strong><\/span><\/div>  \t\t\t\t<div class=\"testimonial-text line-height-small italic test_text first-reset last-reset is-italic\">\n            \r\n\r\n<p class=\"lead\"><span class=\"r-iSHFIgWrcIs4\"><span class=\"r-ibcvrFFu_zHM\"><span class=\"r-iaXil3ZyWoYI\"><span class=\"r-iVsFRIOyXZDI\">Super kompetentna, to\u010dna dostava, sljede\u0107a parna kupelj natrag u Soleum!<\/span><\/span><\/span><\/span><\/p>\r\n\r\n          <\/div>\n          <div class=\"testimonial-meta pt-half\">\n             <strong class=\"testimonial-name test_name\">Wolfgang B\u00f6sch<\/strong>\n             <span class=\"testimonial-name-divider\"> \/ <\/span>             <span class=\"testimonial-company test_company\">GOOGLE<\/span>\n          <\/div>\n        <\/div>\n  <\/div>\n\n  \r\n\r\n              <\/div>\n           <\/div>\n                            \n<style>\n#text-box-916703989 {\n  width: 100%;\n}\n#text-box-916703989 .text-box-content {\n  font-size: 100%;\n}\n@media (min-width:550px) {\n  #text-box-916703989 {\n    width: 78%;\n  }\n}\n<\/style>\n    <\/div>\n \r\n\r\n        <\/div>\n      <\/div>\n\n            \n<style>\n#banner-1748834118 {\n  padding-top: 378px;\n}\n#banner-1748834118 .overlay {\n  background-color: rgba(0, 0, 0, 0.68);\n}\n#banner-1748834118 .banner-bg img {\n  object-position: 79% 68%;\n}\n<\/style>\n  <\/div>\n\n\r\n\n  <div class=\"banner has-hover\" id=\"banner-645762080\">\n          <div class=\"banner-inner fill\">\n        <div class=\"banner-bg fill\" >\n            <img loading=\"lazy\" decoding=\"async\" width=\"1000\" height=\"665\" src=\"https:\/\/www.soleum.de\/wp-content\/uploads\/2017\/03\/Soledampfbad-Kompetenzzentrum-Pregarten-14.jpg\" class=\"bg attachment-large size-large\" alt=\"\" \/>                        <div class=\"overlay\"><\/div>            \n                    <\/div>\n\t\t\n        <div class=\"banner-layers container\">\n            <div class=\"fill banner-link\"><\/div>            \r\n\r\n   <div id=\"text-box-439811945\" class=\"text-box banner-layer x50 md-x50 lg-x50 y50 md-y50 lg-y50 res-text\">\n                                <div class=\"text-box-content text dark\">\n              \n              <div class=\"text-inner text-center\">\n                  \r\n\r\n  <div class=\"icon-box testimonial-box icon-box-left text-left\">\n                <div class=\"icon-box-img testimonial-image circle\" style=\"width: 142px\">\n                      <\/div>\n                <div class=\"icon-box-text p-last-0\">\n          <div class=\"star-rating\" role=\"img\" aria-label=\"Rated 5 out of 5\"><span style=\"width:100%\"><strong class=\"rating\"><\/strong><\/span><\/div>  \t\t\t\t<div class=\"testimonial-text line-height-small italic test_text first-reset last-reset is-italic\">\n            \r\n\r\n<p class=\"lead\"><span class=\"r-iSHFIgWrcIs4\"><span class=\"r-ibcvrFFu_zHM\"><span class=\"r-iaXil3ZyWoYI\"><span class=\"r-iVsFRIOyXZDI\"><span class=\"r-ib1kX0r6HX5A\">Vrlo zadovoljan<br>Tehni\u010dke informacije<br>Brzi odgovor<\/span><\/span><\/span><\/span><\/span><\/p>\r\n\r\n          <\/div>\n          <div class=\"testimonial-meta pt-half\">\n             <strong class=\"testimonial-name test_name\">Claudia Burkert<\/strong>\n             <span class=\"testimonial-name-divider\"> \/ <\/span>             <span class=\"testimonial-company test_company\">GOOGLE<\/span>\n          <\/div>\n        <\/div>\n  <\/div>\n\n  \r\n\r\n              <\/div>\n           <\/div>\n                            \n<style>\n#text-box-439811945 {\n  width: 100%;\n}\n#text-box-439811945 .text-box-content {\n  font-size: 100%;\n}\n@media (min-width:550px) {\n  #text-box-439811945 {\n    width: 78%;\n  }\n}\n<\/style>\n    <\/div>\n \r\n\r\n        <\/div>\n      <\/div>\n\n            \n<style>\n#banner-645762080 {\n  padding-top: 378px;\n}\n#banner-645762080 .overlay {\n  background-color: rgba(0, 0, 0, 0.68);\n}\n#banner-645762080 .banner-bg img {\n  object-position: 79% 68%;\n}\n<\/style>\n  <\/div>\n\n\r\n\r\n     <\/div>\n\n     <div class=\"loading-spin dark large centered\"><\/div>\n\n\t<\/div>\n\n\n\n<div class=\"message-box relative dark\" style=\"padding-top:36px;padding-bottom:36px;\"><div class=\"message-box-bg-image bg-fill fill\" ><\/div><div class=\"message-box-bg-overlay bg-fill fill\" style=\"background-color:rgb(34, 20, 81);\"><\/div><div class=\"container relative\"><div class=\"inner last-reset\">\n\n<div class=\"row align-middle\"  id=\"row-1423719904\">\n\n\n\t<div id=\"col-711426099\" class=\"col medium-7 small-12 large-7\"  >\n\t\t\t\t<div class=\"col-inner\"  >\n\t\t\t\n\t\t\t\n\n<h2 class=\"uppercase\">OVDJE \u0106ETE PRONA\u0106I NA\u0160E SPA MODULE<\/h2>\n<p>Pregledajte na\u0161u trgovinu o raznim mogu\u0107nostima na\u0161ih SPA modula izra\u0111enih od EPS-a &#8211; rado \u0107emo proizvesti posebne module za vas na zahtjev!<\/p>\n\n\t\t<\/div>\n\t\t\t\t\t<\/div>\n\n\t\n\n\t<div id=\"col-1693624391\" class=\"col medium-5 small-12 large-5\"  >\n\t\t\t\t<div class=\"col-inner text-right\"  >\n\t\t\t\n\t\t\t\n\n<a data-animate=\"flipInY\" href=\"https:\/\/www.soleum.de\/hr\/produkt-kategorie\/letvice-za-parne-kupelji\/\" target=\"_blank\" class=\"button white is-outline is-larger\" rel=\"noopener\" >\n\t\t<span>LETVICE ZA PARNU KUPELJ<\/span>\n\t<\/a>\n\n\n\n\t\t<\/div>\n\t\t\t\t\t<\/div>\n\n\t\n\n<\/div>\n\n<\/div><\/div><\/div>\n\n","protected":false},"excerpt":{"rendered":"","protected":false},"author":1,"featured_media":11918,"parent":0,"menu_order":1,"comment_status":"closed","ping_status":"closed","template":"page-blank.php","meta":{"footnotes":""},"class_list":["post-21958","page","type-page","status-publish","has-post-thumbnail","hentry"],"_links":{"self":[{"href":"https:\/\/www.soleum.de\/hr\/wp-json\/wp\/v2\/pages\/21958","targetHints":{"allow":["GET"]}}],"collection":[{"href":"https:\/\/www.soleum.de\/hr\/wp-json\/wp\/v2\/pages"}],"about":[{"href":"https:\/\/www.soleum.de\/hr\/wp-json\/wp\/v2\/types\/page"}],"author":[{"embeddable":true,"href":"https:\/\/www.soleum.de\/hr\/wp-json\/wp\/v2\/users\/1"}],"replies":[{"embeddable":true,"href":"https:\/\/www.soleum.de\/hr\/wp-json\/wp\/v2\/comments?post=21958"}],"version-history":[{"count":7,"href":"https:\/\/www.soleum.de\/hr\/wp-json\/wp\/v2\/pages\/21958\/revisions"}],"predecessor-version":[{"id":31516,"href":"https:\/\/www.soleum.de\/hr\/wp-json\/wp\/v2\/pages\/21958\/revisions\/31516"}],"wp:featuredmedia":[{"embeddable":true,"href":"https:\/\/www.soleum.de\/hr\/wp-json\/wp\/v2\/media\/11918"}],"wp:attachment":[{"href":"https:\/\/www.soleum.de\/hr\/wp-json\/wp\/v2\/media?parent=21958"}],"curies":[{"name":"wp","href":"https:\/\/api.w.org\/{rel}","templated":true}]}}