{"id":22004,"date":"2023-08-28T10:18:26","date_gmt":"2023-08-28T08:18:26","guid":{"rendered":"https:\/\/www.soleum.de\/hotelske-spa-lezaljke\/"},"modified":"2024-07-29T13:18:54","modified_gmt":"2024-07-29T11:18:54","slug":"hotelske-spa-lezaljke","status":"publish","type":"page","link":"https:\/\/www.soleum.de\/hr\/hotelske-spa-lezaljke\/","title":{"rendered":"Hotelske SPA le\u017ealjke"},"content":{"rendered":"\n\t<div id=\"gap-242235527\" class=\"gap-element clearfix\" style=\"display:block; height:auto;\">\n\t\t\n<style>\n#gap-242235527 {\n  padding-top: 40px;\n}\n<\/style>\n\t<\/div>\n\t\n\n<div class=\"container section-title-container\" ><h1 class=\"section-title section-title-center\"><b aria-hidden=\"true\"><\/b><span class=\"section-title-main\" >Hotelske SPA le\u017ealjke. INFRACRVENE LE\u017dALJKE za wellness prostore<\/span><b aria-hidden=\"true\"><\/b><\/h1><\/div>\n\n\t<div id=\"text-3595261682\" class=\"text\">\n\t\t\n\n<h2 class=\"title-heading-left fusion-responsive-typography-calculated\">Ekskluzivne infracrvene grijane le\u017ealjke tvrtke SOLEUM\u00ae<\/h2>\n\t\t\n<style>\n#text-3595261682 {\n  text-align: center;\n}\n<\/style>\n\t<\/div>\n\t\n\t<div id=\"text-13928213\" class=\"text\">\n\t\t\n\n<div class=\"fusion-text fusion-text-1\">\n<h3 class=\"fusion-responsive-typography-calculated\" data-fontsize=\"50\" data-lineheight=\"50px\">NOVO u SOLEUM-u: <strong>GRIJANE LE\u017dALJKE<\/strong> za hotelske SPA-ove\u00ae, privatne wellness prostore i dnevne boravke<\/h3>\n<p><strong>Hotel SPA le\u017ealjke<\/strong> u zapanjuju\u0107em DIZAJNU i funkcionalnosti. Nove ekskluzivne infracrvene grijane le\u017ealjke s podesivom temperaturom funkcionalna su umjetni\u010dka djela pogodna za svako okru\u017eenje.<\/p>\n<p>Jedinstvene grijane le\u017ealjke koje pru\u017eaju udobnost i stil u svakom okru\u017eenju.<br> Kompletan asortiman ovih le\u017ealjki dostupan je za svaki stil interijera.&nbsp; Bilo da se radi o grijanim le\u017ealjkama s plo\u010dicama, grijanim le\u017ealjkama od BETONA ili mikrocementnog premaza, mramornim grijanim le\u017ealjkama ili infracrvenim le\u017ealjkama s plo\u010dicama velikog formata, kod nas mo\u017eete nabaviti sve ekskluzivne wellness le\u017ealjke s grijanjem za svoj wellness prostor.<\/p>\n<p>Le\u017ealjke ne samo da ostavljaju dobar dojam u prostoru hotela SPA, ve\u0107 su savr\u0161ene i za luksuzne hotelske apartmane. Impresionirajte gosta i dajte luksuznom apartmanu dodatnu &#8220;nadogradnju&#8221;.<\/p>\n<\/div>\n\t\t\n<style>\n#text-13928213 {\n  text-align: center;\n}\n<\/style>\n\t<\/div>\n\t\n\t<div class=\"img has-hover x md-x lg-x y md-y lg-y\" id=\"image_1691259476\">\n\t\t\t\t\t\t\t\t<div class=\"img-inner dark\" >\n\t\t\t<img loading=\"lazy\" decoding=\"async\" width=\"1020\" height=\"505\" src=\"https:\/\/www.soleum.de\/wp-content\/uploads\/2023\/08\/Beheizte-Waermeliegen-ROSERED-4-1400x693.jpg\" class=\"attachment-large size-large\" alt=\"\" srcset=\"https:\/\/www.soleum.de\/wp-content\/uploads\/2023\/08\/Beheizte-Waermeliegen-ROSERED-4-1400x693.jpg 1400w, https:\/\/www.soleum.de\/wp-content\/uploads\/2023\/08\/Beheizte-Waermeliegen-ROSERED-4-800x396.jpg 800w, https:\/\/www.soleum.de\/wp-content\/uploads\/2023\/08\/Beheizte-Waermeliegen-ROSERED-4-768x380.jpg 768w, https:\/\/www.soleum.de\/wp-content\/uploads\/2023\/08\/Beheizte-Waermeliegen-ROSERED-4-1536x760.jpg 1536w, https:\/\/www.soleum.de\/wp-content\/uploads\/2023\/08\/Beheizte-Waermeliegen-ROSERED-4-510x252.jpg 510w, https:\/\/www.soleum.de\/wp-content\/uploads\/2023\/08\/Beheizte-Waermeliegen-ROSERED-4.jpg 2000w\" sizes=\"auto, (max-width: 1020px) 100vw, 1020px\" \/>\t\t\t\t\t\t\n\t\t\t\t\t<\/div>\n\t\t\t\t\t\t\t\t\n<style>\n#image_1691259476 {\n  width: 100%;\n}\n<\/style>\n\t<\/div>\n\t\n\n\t<div id=\"gap-834449775\" class=\"gap-element clearfix\" style=\"display:block; height:auto;\">\n\t\t\n<style>\n#gap-834449775 {\n  padding-top: 80px;\n}\n<\/style>\n\t<\/div>\n\t\n\n<h2>GEFLIESTE WELLNESSLIEGEN<\/h2>\n<p>&nbsp;<\/p>\n<div class=\"row row-collapse row-full-width\"  id=\"row-718373482\">\n\n\n\t<div id=\"col-832279703\" class=\"col medium-6 large-6\"  >\n\t\t\t\t<div class=\"col-inner\"  >\n\t\t\t\n\t\t\t\n\n<h3>Poplo\u010dane <strong>hotelske SPA le\u017ealjke<\/strong> s luksuznim staklenim mozaikom sa SICIC-a\u00ae samo u SOLEUM-u\u00ae<\/h3>\n<p><a href=\"https:\/\/www.soleum.de\/cs\/featured_item\/luxusni-lazenske-vyhrivane-lehatko-pro-hotely-a-soukrome-pouziti-lagoon\/\"><strong>Grijane le\u017ealjke s plo\u010dicama<\/strong><\/a> proizvodimo u SOLEUM-u po izboru kupca ili arhitekta. Radije koristimo kolekciju plemenitih staklenih mozaika tvrtke SICIS.\u00ae Luksuzne staklene mozaike pola\u017eemo u epoksidnu smolu uskla\u0111enu u boji!<\/p>\n<p>Bo\u010dne povr\u0161ine mogu biti opremljene kamenim plo\u010dama ili plo\u010dicama velikog formata. Na primjeru na\u0161e ekskluzivne wellness le\u017ealjke RED ROSE sa strane je kori\u0161ten bijeli be\u0161avni mikrocement.<\/p>\n\n\t\t<\/div>\n\t\t\t\t\t<\/div>\n\n\t\n\n\t<div id=\"col-781138627\" class=\"col medium-6 large-6\"  >\n\t\t\t\t<div class=\"col-inner\"  >\n\t\t\t\n\t\t\t\n\n\t<div class=\"img has-hover x md-x lg-x y md-y lg-y\" id=\"image_474201873\">\n\t\t\t\t\t\t\t\t<div class=\"img-inner dark\" >\n\t\t\t<img loading=\"lazy\" decoding=\"async\" width=\"1020\" height=\"612\" src=\"https:\/\/www.soleum.de\/wp-content\/uploads\/2023\/08\/geflieste_Waermeliege-ROSERED-1500-3-1333x800.jpg\" class=\"attachment-large size-large\" alt=\"\" srcset=\"https:\/\/www.soleum.de\/wp-content\/uploads\/2023\/08\/geflieste_Waermeliege-ROSERED-1500-3-1333x800.jpg 1333w, https:\/\/www.soleum.de\/wp-content\/uploads\/2023\/08\/geflieste_Waermeliege-ROSERED-1500-3-667x400.jpg 667w, https:\/\/www.soleum.de\/wp-content\/uploads\/2023\/08\/geflieste_Waermeliege-ROSERED-1500-3-768x461.jpg 768w, https:\/\/www.soleum.de\/wp-content\/uploads\/2023\/08\/geflieste_Waermeliege-ROSERED-1500-3-510x306.jpg 510w, https:\/\/www.soleum.de\/wp-content\/uploads\/2023\/08\/geflieste_Waermeliege-ROSERED-1500-3.jpg 1500w\" sizes=\"auto, (max-width: 1020px) 100vw, 1020px\" \/>\t\t\t\t\t\t\n\t\t\t\t\t<\/div>\n\t\t\t\t\t\t\t\t\n<style>\n#image_474201873 {\n  width: 100%;\n}\n<\/style>\n\t<\/div>\n\t\n\n\n\t\t<\/div>\n\t\t\t\t\t<\/div>\n\n\t\n\n<\/div>\n\t<div id=\"gap-1137449389\" class=\"gap-element clearfix\" style=\"display:block; height:auto;\">\n\t\t\n<style>\n#gap-1137449389 {\n  padding-top: 40px;\n}\n<\/style>\n\t<\/div>\n\t\n\n\t<div id=\"text-3923400812\" class=\"text\">\n\t\t\n\n<h2 class=\"uppercase\">Ovdje mo\u017eete vidjeti na\u0161e poplo\u010dane grijane le\u017ealjke<\/h2>\n\t\t\n<style>\n#text-3923400812 {\n  text-align: center;\n}\n<\/style>\n\t<\/div>\n\t\n<div id=\"portfolio-1290435116\" class=\"portfolio-element-wrapper has-filtering\">\n  \n    <div class=\"row large-columns-3 medium-columns- small-columns-2 row-small\" >\n    <div class=\"col\" data-terms=\"[&quot;Grijane le\u017ealjke&quot;]\" >\n          <div class=\"col-inner\" >\n          <a href=\"https:\/\/www.soleum.de\/hr\/featured_item\/poplocana-grijana-lezaljka\/\" class=\"plain \">\n          <div class=\"portfolio-box box has-hover\">\n            <div class=\"box-image\" >\n                <div class=\"image-cover\" style=\"padding-top:100%;\">\n                <img loading=\"lazy\" decoding=\"async\" width=\"765\" height=\"379\" src=\"https:\/\/www.soleum.de\/wp-content\/uploads\/2023\/08\/Infrarot-Waermeliegen-Soleum-Design9.jpg\" class=\"attachment-medium size-medium\" alt=\"\" srcset=\"https:\/\/www.soleum.de\/wp-content\/uploads\/2023\/08\/Infrarot-Waermeliegen-Soleum-Design9.jpg 765w, https:\/\/www.soleum.de\/wp-content\/uploads\/2023\/08\/Infrarot-Waermeliegen-Soleum-Design9-510x253.jpg 510w\" sizes=\"auto, (max-width: 765px) 100vw, 765px\" \/>                                                <\/div>\n            <\/div>\n            <div class=\"box-text text-center\" >\n                  <div class=\"box-text-inner\">\n                      <h6 class=\"uppercase portfolio-box-title\">Poplo\u010dana grijana le\u017ealjka<\/h6>\n                      <p class=\"uppercase portfolio-box-category is-xsmall op-6\">\n                        <span class=\"show-on-hover\">\n                         Grijane le\u017ealjke                        <\/span>\n                      <\/p>\n                  <\/div>\n            <\/div>\n           <\/div>\n           <\/a>\n           <\/div>\n           <\/div><div class=\"col\" data-terms=\"[&quot;Grijane le\u017ealjke&quot;]\" >\n          <div class=\"col-inner\" >\n          <a href=\"https:\/\/www.soleum.de\/hr\/featured_item\/luksuzna-spa-grijana-lezaljka-za-hotele-i-privatni-lagoon\/\" class=\"plain \">\n          <div class=\"portfolio-box box has-hover\">\n            <div class=\"box-image\" >\n                <div class=\"image-cover\" style=\"padding-top:100%;\">\n                <img loading=\"lazy\" decoding=\"async\" width=\"600\" height=\"360\" src=\"https:\/\/www.soleum.de\/wp-content\/uploads\/2023\/05\/SOLEUM-Waermeliege-LAGOON-600.jpg\" class=\"attachment-medium size-medium\" alt=\"SOLEUM grijana le\u017ealjka LAGOON\" srcset=\"https:\/\/www.soleum.de\/wp-content\/uploads\/2023\/05\/SOLEUM-Waermeliege-LAGOON-600.jpg 600w, https:\/\/www.soleum.de\/wp-content\/uploads\/2023\/05\/SOLEUM-Waermeliege-LAGOON-600-510x306.jpg 510w\" sizes=\"auto, (max-width: 600px) 100vw, 600px\" \/>                                                <\/div>\n            <\/div>\n            <div class=\"box-text text-center\" >\n                  <div class=\"box-text-inner\">\n                      <h6 class=\"uppercase portfolio-box-title\">Luksuzna SPA grijana le\u017ealjka za hotele i privatni LAGOON<\/h6>\n                      <p class=\"uppercase portfolio-box-category is-xsmall op-6\">\n                        <span class=\"show-on-hover\">\n                         Grijane le\u017ealjke                        <\/span>\n                      <\/p>\n                  <\/div>\n            <\/div>\n           <\/div>\n           <\/a>\n           <\/div>\n           <\/div><div class=\"col\" data-terms=\"[&quot;Grijane le\u017ealjke&quot;]\" >\n          <div class=\"col-inner\" >\n          <a href=\"https:\/\/www.soleum.de\/hr\/featured_item\/luksuzna-wellness-lezaljka\/\" class=\"plain \">\n          <div class=\"portfolio-box box has-hover\">\n            <div class=\"box-image\" >\n                <div class=\"image-cover\" style=\"padding-top:100%;\">\n                <img loading=\"lazy\" decoding=\"async\" width=\"466\" height=\"400\" src=\"https:\/\/www.soleum.de\/wp-content\/uploads\/2023\/08\/Luxus-Wellnessliege-Flying_Carpet-beitrag-466x400.jpg\" class=\"attachment-medium size-medium\" alt=\"\" srcset=\"https:\/\/www.soleum.de\/wp-content\/uploads\/2023\/08\/Luxus-Wellnessliege-Flying_Carpet-beitrag-466x400.jpg 466w, https:\/\/www.soleum.de\/wp-content\/uploads\/2023\/08\/Luxus-Wellnessliege-Flying_Carpet-beitrag-510x438.jpg 510w, https:\/\/www.soleum.de\/wp-content\/uploads\/2023\/08\/Luxus-Wellnessliege-Flying_Carpet-beitrag.jpg 600w\" sizes=\"auto, (max-width: 466px) 100vw, 466px\" \/>                                                <\/div>\n            <\/div>\n            <div class=\"box-text text-center\" >\n                  <div class=\"box-text-inner\">\n                      <h6 class=\"uppercase portfolio-box-title\">Luksuzna wellness le\u017ealjka<\/h6>\n                      <p class=\"uppercase portfolio-box-category is-xsmall op-6\">\n                        <span class=\"show-on-hover\">\n                         Grijane le\u017ealjke                        <\/span>\n                      <\/p>\n                  <\/div>\n            <\/div>\n           <\/div>\n           <\/a>\n           <\/div>\n           <\/div><\/div><\/div>\n\n\t<div id=\"text-2438186277\" class=\"text\">\n\t\t\n\n<h2 class=\"fusion-responsive-typography-calculated\" data-fontsize=\"30\" data-lineheight=\"33px\">Bilo da se radi o privatnom SPA-u, privatnom dnevnom boravku ili luksuznoj hotelskoj industriji<\/h2>\n<p>Svaka od na\u0161ih le\u017ealjki detaljno je ru\u010dno izra\u0111ena u na\u0161oj manufakturi prema va\u0161oj boji i dizajnu materijala. Konfigurirajte na\u0161e grijane wellness le\u017ealjke tako da odgovaraju va\u0161em SPA projektu.<\/p>\n\t\t\n<style>\n#text-2438186277 {\n  font-size: 1rem;\n  text-align: center;\n}\n<\/style>\n\t<\/div>\n\t\n<h2>F\u00fcr die gehobene Wellnessbereiche bieten wir Betonliegen (Betonoptik) oder hochwertige geflieste Liegen im Gesamtkonzept an<\/h2>\n<p>Mit einer optisch ansprechenden Feuerbox machen die Beton(optik)liegen mit der dimmbaren LED Beleuchtung einen guten Auftritt. Beeindruckend stehen Sie im Raum und laden nicht nur die Blicke zu sich ein. F\u00fchlen, Sitzen und Hinlegen ist hier angesagt und erw\u00fcnscht!<\/p>\n\n  <div class=\"banner has-hover is-full-height\" id=\"banner-905806489\">\n          <div class=\"banner-inner fill\">\n        <div class=\"banner-bg fill\" >\n            <img loading=\"lazy\" decoding=\"async\" width=\"1020\" height=\"505\" src=\"https:\/\/www.soleum.de\/wp-content\/uploads\/2023\/08\/Hotel-SPA-Waermeliegen-1400x693.jpg\" class=\"bg attachment-large size-large\" alt=\"\" \/>                                    \n                    <\/div>\n\t\t\n        <div class=\"banner-layers container\">\n            <div class=\"fill banner-link\"><\/div>            \n\n   <div id=\"text-box-331917527\" class=\"text-box banner-layer x50 md-x50 lg-x50 y50 md-y50 lg-y50 res-text\">\n                                <div class=\"text-box-content text dark\">\n              \n              <div class=\"text-inner text-center\">\n                  \n\n<h1 class=\"uppercase\">WELLNESS REDEFINIRAN&nbsp;<\/h1>\n<p class=\"lead\">Nadogradnja va\u0161eg wellness podru\u010dja &#8211; SPA le\u017ealjke s 3D ultrazvu\u010dnom vatrom.  <\/p>\n<a href=\"https:\/\/soleum.com\/produkte\/luxus-spa-konzept-fuer-spa-designer\/\" target=\"_blank\" class=\"button white is-large\" rel=\"noopener\" style=\"border-radius:3px;padding:7px 30px 7px 30px;\">\n\t\t<span>U\u010di vi\u0161e<\/span>\n\t<\/a>\n\n\n\n              <\/div>\n           <\/div>\n                            \n<style>\n#text-box-331917527 .text-inner {\n  padding: 30px 0px 0px 0px;\n}\n#text-box-331917527 {\n  width: 83%;\n}\n#text-box-331917527 .text-box-content {\n  font-size: 100%;\n}\n@media (min-width:550px) {\n  #text-box-331917527 {\n    width: 81%;\n  }\n}\n@media (min-width:850px) {\n  #text-box-331917527 {\n    width: 61%;\n  }\n}\n<\/style>\n    <\/div>\n \n   <div id=\"text-box-1434060577\" class=\"text-box banner-layer x50 md-x50 lg-x50 y100 md-y100 lg-y100 res-text\">\n                                <div class=\"text-box-content text dark\">\n              \n              <div class=\"text-inner text-center\">\n                  \n\n<p>Nudimo ekskluzivnu novu opremu za vrhunski wellness centar<\/p>\n\t<div id=\"gap-1198963840\" class=\"gap-element clearfix\" style=\"display:block; height:auto;\">\n\t\t\n<style>\n#gap-1198963840 {\n  padding-top: 18px;\n}\n<\/style>\n\t<\/div>\n\t\n\n\n              <\/div>\n           <\/div>\n                            \n<style>\n#text-box-1434060577 {\n  width: 60%;\n}\n#text-box-1434060577 .text-box-content {\n  font-size: 100%;\n}\n<\/style>\n    <\/div>\n \n\n        <\/div>\n      <\/div>\n\n            \n<style>\n#banner-905806489 {\n  padding-top: 140%;\n}\n#banner-905806489 .banner-bg img {\n  object-position: 100% 54%;\n}\n@media (min-width:550px) {\n  #banner-905806489 {\n    padding-top: 75%;\n  }\n}\n@media (min-width:850px) {\n  #banner-905806489 {\n    padding-top: 100%;\n  }\n}\n<\/style>\n  <\/div>\n\n\n\t<div id=\"gap-2016652240\" class=\"gap-element clearfix\" style=\"display:block; height:auto;\">\n\t\t\n<style>\n#gap-2016652240 {\n  padding-top: 80px;\n}\n<\/style>\n\t<\/div>\n\t\n\n<div class=\"fusion-text fusion-text-6\">\n<h2 class=\"fusion-responsive-typography-calculated\" data-fontsize=\"30\" data-lineheight=\"33px\">Beheizte Liegen aus Beton-Beschichtung (Mikrozement)<\/h2>\n<p>Wir produzieren Betonliegen mit einer Schichtdicke von nur 3mm! Dadurch haben diese lediglich ein Gewicht von nur ca. 70kg!<\/p>\n<p>Wir geben diesem M\u00f6belst\u00fcck durch die <strong>h\u00e4ndische Beschichtung von Mikrozement<\/strong> eine tolle Betonoptik. Individuell nach Verarbeiter und Muster ergeben sich individuelle Strukturen. Verschiedene Farben sind hier m\u00f6glich.<\/p>\n<\/div>\n<div class=\"row row-collapse row-full-width\"  id=\"row-1040317551\">\n\n\n\t<div id=\"col-1634220481\" class=\"col medium-6 large-6\"  >\n\t\t\t\t<div class=\"col-inner\"  >\n\t\t\t\n\t\t\t\n\n\t<div class=\"img has-hover x md-x lg-x y md-y lg-y\" id=\"image_349289518\">\n\t\t\t\t\t\t\t\t<div class=\"img-inner dark\" >\n\t\t\t<img loading=\"lazy\" decoding=\"async\" width=\"765\" height=\"379\" src=\"https:\/\/www.soleum.de\/wp-content\/uploads\/2023\/08\/Infrarot-Waermeliegen-Soleum-Design23.jpg\" class=\"attachment-large size-large\" alt=\"\" srcset=\"https:\/\/www.soleum.de\/wp-content\/uploads\/2023\/08\/Infrarot-Waermeliegen-Soleum-Design23.jpg 765w, https:\/\/www.soleum.de\/wp-content\/uploads\/2023\/08\/Infrarot-Waermeliegen-Soleum-Design23-510x253.jpg 510w\" sizes=\"auto, (max-width: 765px) 100vw, 765px\" \/>\t\t\t\t\t\t\n\t\t\t\t\t<\/div>\n\t\t\t\t\t\t\t\t\n<style>\n#image_349289518 {\n  width: 100%;\n}\n<\/style>\n\t<\/div>\n\t\n\n<p>Nudimo OVERLAYs na le\u017ealjci. Sloj je dodatni premaz s elementom dizajna. To mo\u017ee biti logotip hotela ili logotip tvrtke &#8211; komercijalni ili osobni branding.<\/p>\n\n\t\t<\/div>\n\t\t\t\t\t<\/div>\n\n\t\n\n\t<div id=\"col-1364533152\" class=\"col medium-6 large-6\"  >\n\t\t\t\t<div class=\"col-inner\"  >\n\t\t\t\n\t\t\t\n\n\t<div class=\"img has-hover x md-x lg-x y md-y lg-y\" id=\"image_1174879022\">\n\t\t\t\t\t\t\t\t<div class=\"img-inner dark\" >\n\t\t\t<img loading=\"lazy\" decoding=\"async\" width=\"765\" height=\"379\" src=\"https:\/\/www.soleum.de\/wp-content\/uploads\/2023\/08\/Infrarot-Waermeliegen-Soleum-Design22.jpg\" class=\"attachment-large size-large\" alt=\"\" srcset=\"https:\/\/www.soleum.de\/wp-content\/uploads\/2023\/08\/Infrarot-Waermeliegen-Soleum-Design22.jpg 765w, https:\/\/www.soleum.de\/wp-content\/uploads\/2023\/08\/Infrarot-Waermeliegen-Soleum-Design22-510x253.jpg 510w\" sizes=\"auto, (max-width: 765px) 100vw, 765px\" \/>\t\t\t\t\t\t\n\t\t\t\t\t<\/div>\n\t\t\t\t\t\t\t\t\n<style>\n#image_1174879022 {\n  width: 100%;\n}\n<\/style>\n\t<\/div>\n\t\n\n<p>Dajemo le\u017ealjci izvrstan betonski izgled kroz ru\u010dni premaz mikrocementa. Pojedina\u010dno prema procesorima i uzorcima rezultiraju pojedina\u010dne strukture.<\/p>\n\n\t\t<\/div>\n\t\t\t\t\t<\/div>\n\n\t\n\n<\/div>\n\n\t<section class=\"section\" id=\"section_49786777\">\n\t\t<div class=\"section-bg fill\" >\n\t\t\t\t\t\t\t\t\t\n\t\t\t\n\n\t\t<\/div>\n\n\t\t\n\n\t\t<div class=\"section-content relative\">\n\t\t\t\n\n<div class=\"row align-bottom\" style=\"max-width:1200px\" id=\"row-1917346636\">\n\n\n\t<div id=\"col-1333885324\" class=\"col medium-9 small-12 large-10\"  >\n\t\t\t\t<div class=\"col-inner\"  >\n\t\t\t\n\t\t\t\n\n\t<div id=\"gap-80098684\" class=\"gap-element clearfix\" style=\"display:block; height:auto;\">\n\t\t\n<style>\n#gap-80098684 {\n  padding-top: 100px;\n}\n@media (min-width:550px) {\n  #gap-80098684 {\n    padding-top: 150px;\n  }\n}\n<\/style>\n\t<\/div>\n\t\n\n\n\t\t<\/div>\n\t\t\t\t\t<\/div>\n\n\t\n\n\t<div id=\"col-1228977952\" class=\"col medium-3 small-12 large-2\"  >\n\t\t\t\t<div class=\"col-inner text-right\"  >\n\t\t\t\n\t\t\t\n\n\n\t\t<\/div>\n\t\t\t\t\t<\/div>\n\n\t\n\n<\/div>\n\n\t\t<\/div>\n\n\t\t\n<style>\n#section_49786777 {\n  padding-top: 0px;\n  padding-bottom: 0px;\n}\n<\/style>\n\t<\/section>\n\t\n<div id=\"portfolio-192976363\" class=\"portfolio-element-wrapper has-filtering\">\n  \n    <div class=\"row large-columns-4 medium-columns-3 small-columns-2 row-small slider row-slider slider-nav-reveal slider-nav-push\"  data-flickity-options='{&quot;imagesLoaded&quot;: true, &quot;groupCells&quot;: &quot;100%&quot;, &quot;dragThreshold&quot; : 5, &quot;cellAlign&quot;: &quot;left&quot;,&quot;wrapAround&quot;: true,&quot;prevNextButtons&quot;: true,&quot;percentPosition&quot;: true,&quot;pageDots&quot;: false, &quot;rightToLeft&quot;: false, &quot;autoPlay&quot; : false}' >\n\n    <div class=\"col\" data-terms=\"[&quot;Grijane le\u017ealjke&quot;]\" >\n          <div class=\"col-inner\" >\n          <a href=\"https:\/\/www.soleum.de\/hr\/featured_item\/luksuzna-spa-grijana-lezaljka-za-hotele-i-privatni-lagoon\/\" class=\"plain \">\n          <div class=\"portfolio-box box has-hover\">\n            <div class=\"box-image\" >\n                <div class=\"image-cover\" style=\"padding-top:100%;\">\n                <img loading=\"lazy\" decoding=\"async\" width=\"600\" height=\"360\" src=\"https:\/\/www.soleum.de\/wp-content\/uploads\/2023\/05\/SOLEUM-Waermeliege-LAGOON-600.jpg\" class=\"attachment-medium size-medium\" alt=\"SOLEUM grijana le\u017ealjka LAGOON\" srcset=\"https:\/\/www.soleum.de\/wp-content\/uploads\/2023\/05\/SOLEUM-Waermeliege-LAGOON-600.jpg 600w, https:\/\/www.soleum.de\/wp-content\/uploads\/2023\/05\/SOLEUM-Waermeliege-LAGOON-600-510x306.jpg 510w\" sizes=\"auto, (max-width: 600px) 100vw, 600px\" \/>                                                <\/div>\n            <\/div>\n            <div class=\"box-text text-center\" >\n                  <div class=\"box-text-inner\">\n                      <h6 class=\"uppercase portfolio-box-title\">Luksuzna SPA grijana le\u017ealjka za hotele i privatni LAGOON<\/h6>\n                      <p class=\"uppercase portfolio-box-category is-xsmall op-6\">\n                        <span class=\"show-on-hover\">\n                         Grijane le\u017ealjke                        <\/span>\n                      <\/p>\n                  <\/div>\n            <\/div>\n           <\/div>\n           <\/a>\n           <\/div>\n           <\/div><div class=\"col\" data-terms=\"[&quot;Grijane le\u017ealjke&quot;]\" >\n          <div class=\"col-inner\" >\n          <a href=\"https:\/\/www.soleum.de\/hr\/featured_item\/poplocana-grijana-lezaljka\/\" class=\"plain \">\n          <div class=\"portfolio-box box has-hover\">\n            <div class=\"box-image\" >\n                <div class=\"image-cover\" style=\"padding-top:100%;\">\n                <img loading=\"lazy\" decoding=\"async\" width=\"765\" height=\"379\" src=\"https:\/\/www.soleum.de\/wp-content\/uploads\/2023\/08\/Infrarot-Waermeliegen-Soleum-Design9.jpg\" class=\"attachment-medium size-medium\" alt=\"\" srcset=\"https:\/\/www.soleum.de\/wp-content\/uploads\/2023\/08\/Infrarot-Waermeliegen-Soleum-Design9.jpg 765w, https:\/\/www.soleum.de\/wp-content\/uploads\/2023\/08\/Infrarot-Waermeliegen-Soleum-Design9-510x253.jpg 510w\" sizes=\"auto, (max-width: 765px) 100vw, 765px\" \/>                                                <\/div>\n            <\/div>\n            <div class=\"box-text text-center\" >\n                  <div class=\"box-text-inner\">\n                      <h6 class=\"uppercase portfolio-box-title\">Poplo\u010dana grijana le\u017ealjka<\/h6>\n                      <p class=\"uppercase portfolio-box-category is-xsmall op-6\">\n                        <span class=\"show-on-hover\">\n                         Grijane le\u017ealjke                        <\/span>\n                      <\/p>\n                  <\/div>\n            <\/div>\n           <\/div>\n           <\/a>\n           <\/div>\n           <\/div><div class=\"col\" data-terms=\"[&quot;Grijane le\u017ealjke&quot;]\" >\n          <div class=\"col-inner\" >\n          <a href=\"https:\/\/www.soleum.de\/hr\/featured_item\/zagrijavanje-spa-lezaljke\/\" class=\"plain \">\n          <div class=\"portfolio-box box has-hover\">\n            <div class=\"box-image\" >\n                <div class=\"image-cover\" style=\"padding-top:100%;\">\n                <img loading=\"lazy\" decoding=\"async\" width=\"765\" height=\"379\" src=\"https:\/\/www.soleum.de\/wp-content\/uploads\/2023\/08\/Infrarot-Waermeliegen-Soleum-Design21.jpg\" class=\"attachment-medium size-medium\" alt=\"\" srcset=\"https:\/\/www.soleum.de\/wp-content\/uploads\/2023\/08\/Infrarot-Waermeliegen-Soleum-Design21.jpg 765w, https:\/\/www.soleum.de\/wp-content\/uploads\/2023\/08\/Infrarot-Waermeliegen-Soleum-Design21-510x253.jpg 510w\" sizes=\"auto, (max-width: 765px) 100vw, 765px\" \/>                                                <\/div>\n            <\/div>\n            <div class=\"box-text text-center\" >\n                  <div class=\"box-text-inner\">\n                      <h6 class=\"uppercase portfolio-box-title\">zagrijavanje SPA le\u017ealjke<\/h6>\n                      <p class=\"uppercase portfolio-box-category is-xsmall op-6\">\n                        <span class=\"show-on-hover\">\n                         Grijane le\u017ealjke                        <\/span>\n                      <\/p>\n                  <\/div>\n            <\/div>\n           <\/div>\n           <\/a>\n           <\/div>\n           <\/div><div class=\"col\" data-terms=\"[&quot;Grijane le\u017ealjke&quot;]\" >\n          <div class=\"col-inner\" >\n          <a href=\"https:\/\/www.soleum.de\/hr\/featured_item\/infracrvena-betonska-lezaljka-snjeguljica\/\" class=\"plain \">\n          <div class=\"portfolio-box box has-hover\">\n            <div class=\"box-image\" >\n                <div class=\"image-cover\" style=\"padding-top:100%;\">\n                <img loading=\"lazy\" decoding=\"async\" width=\"765\" height=\"379\" src=\"https:\/\/www.soleum.de\/wp-content\/uploads\/2023\/08\/Infrarot-Waermeliegen-Soleum-Design3.jpg\" class=\"attachment-medium size-medium\" alt=\"\" srcset=\"https:\/\/www.soleum.de\/wp-content\/uploads\/2023\/08\/Infrarot-Waermeliegen-Soleum-Design3.jpg 765w, https:\/\/www.soleum.de\/wp-content\/uploads\/2023\/08\/Infrarot-Waermeliegen-Soleum-Design3-510x253.jpg 510w\" sizes=\"auto, (max-width: 765px) 100vw, 765px\" \/>                                                <\/div>\n            <\/div>\n            <div class=\"box-text text-center\" >\n                  <div class=\"box-text-inner\">\n                      <h6 class=\"uppercase portfolio-box-title\">Infracrvena betonska le\u017ealjka SNJEGULJICA<\/h6>\n                      <p class=\"uppercase portfolio-box-category is-xsmall op-6\">\n                        <span class=\"show-on-hover\">\n                         Grijane le\u017ealjke                        <\/span>\n                      <\/p>\n                  <\/div>\n            <\/div>\n           <\/div>\n           <\/a>\n           <\/div>\n           <\/div><div class=\"col\" data-terms=\"[&quot;Grijane le\u017ealjke&quot;]\" >\n          <div class=\"col-inner\" >\n          <a href=\"https:\/\/www.soleum.de\/hr\/featured_item\/grijana-lezaljka-mythos-u-betonskom-izgledu\/\" class=\"plain \">\n          <div class=\"portfolio-box box has-hover\">\n            <div class=\"box-image\" >\n                <div class=\"image-cover\" style=\"padding-top:100%;\">\n                <img loading=\"lazy\" decoding=\"async\" width=\"765\" height=\"379\" src=\"https:\/\/www.soleum.de\/wp-content\/uploads\/2023\/08\/Infrarot-Waermeliegen-Soleum-Design15.jpg\" class=\"attachment-medium size-medium\" alt=\"Infrarot-Waermeliegen-Soleum-MYTHOS\" srcset=\"https:\/\/www.soleum.de\/wp-content\/uploads\/2023\/08\/Infrarot-Waermeliegen-Soleum-Design15.jpg 765w, https:\/\/www.soleum.de\/wp-content\/uploads\/2023\/08\/Infrarot-Waermeliegen-Soleum-Design15-510x253.jpg 510w\" sizes=\"auto, (max-width: 765px) 100vw, 765px\" \/>                                                <\/div>\n            <\/div>\n            <div class=\"box-text text-center\" >\n                  <div class=\"box-text-inner\">\n                      <h6 class=\"uppercase portfolio-box-title\">Grijana le\u017ealjka MYTHOS u betonskom izgledu<\/h6>\n                      <p class=\"uppercase portfolio-box-category is-xsmall op-6\">\n                        <span class=\"show-on-hover\">\n                         Grijane le\u017ealjke                        <\/span>\n                      <\/p>\n                  <\/div>\n            <\/div>\n           <\/div>\n           <\/a>\n           <\/div>\n           <\/div><div class=\"col\" data-terms=\"[&quot;Grijane le\u017ealjke&quot;]\" >\n          <div class=\"col-inner\" >\n          <a href=\"https:\/\/www.soleum.de\/hr\/featured_item\/grijana-lezaljka-za-saunu-woodon\/\" class=\"plain \">\n          <div class=\"portfolio-box box has-hover\">\n            <div class=\"box-image\" >\n                <div class=\"image-cover\" style=\"padding-top:100%;\">\n                <img loading=\"lazy\" decoding=\"async\" width=\"765\" height=\"379\" src=\"https:\/\/www.soleum.de\/wp-content\/uploads\/2023\/08\/Infrarot-Waermeliegen-Soleum-Design5.jpg\" class=\"attachment-medium size-medium\" alt=\"\" srcset=\"https:\/\/www.soleum.de\/wp-content\/uploads\/2023\/08\/Infrarot-Waermeliegen-Soleum-Design5.jpg 765w, https:\/\/www.soleum.de\/wp-content\/uploads\/2023\/08\/Infrarot-Waermeliegen-Soleum-Design5-510x253.jpg 510w\" sizes=\"auto, (max-width: 765px) 100vw, 765px\" \/>                                                <\/div>\n            <\/div>\n            <div class=\"box-text text-center\" >\n                  <div class=\"box-text-inner\">\n                      <h6 class=\"uppercase portfolio-box-title\">Grijana le\u017ealjka za saunu WOODON<\/h6>\n                      <p class=\"uppercase portfolio-box-category is-xsmall op-6\">\n                        <span class=\"show-on-hover\">\n                         Grijane le\u017ealjke                        <\/span>\n                      <\/p>\n                  <\/div>\n            <\/div>\n           <\/div>\n           <\/a>\n           <\/div>\n           <\/div><div class=\"col\" data-terms=\"[&quot;Grijane le\u017ealjke&quot;]\" >\n          <div class=\"col-inner\" >\n          <a href=\"https:\/\/www.soleum.de\/hr\/featured_item\/luksuzna-wellness-lezaljka\/\" class=\"plain \">\n          <div class=\"portfolio-box box has-hover\">\n            <div class=\"box-image\" >\n                <div class=\"image-cover\" style=\"padding-top:100%;\">\n                <img loading=\"lazy\" decoding=\"async\" width=\"466\" height=\"400\" src=\"https:\/\/www.soleum.de\/wp-content\/uploads\/2023\/08\/Luxus-Wellnessliege-Flying_Carpet-beitrag-466x400.jpg\" class=\"attachment-medium size-medium\" alt=\"\" srcset=\"https:\/\/www.soleum.de\/wp-content\/uploads\/2023\/08\/Luxus-Wellnessliege-Flying_Carpet-beitrag-466x400.jpg 466w, https:\/\/www.soleum.de\/wp-content\/uploads\/2023\/08\/Luxus-Wellnessliege-Flying_Carpet-beitrag-510x438.jpg 510w, https:\/\/www.soleum.de\/wp-content\/uploads\/2023\/08\/Luxus-Wellnessliege-Flying_Carpet-beitrag.jpg 600w\" sizes=\"auto, (max-width: 466px) 100vw, 466px\" \/>                                                <\/div>\n            <\/div>\n            <div class=\"box-text text-center\" >\n                  <div class=\"box-text-inner\">\n                      <h6 class=\"uppercase portfolio-box-title\">Luksuzna wellness le\u017ealjka<\/h6>\n                      <p class=\"uppercase portfolio-box-category is-xsmall op-6\">\n                        <span class=\"show-on-hover\">\n                         Grijane le\u017ealjke                        <\/span>\n                      <\/p>\n                  <\/div>\n            <\/div>\n           <\/div>\n           <\/a>\n           <\/div>\n           <\/div><\/div><\/div>\n\n\n\t<section class=\"section\" id=\"section_1828976971\">\n\t\t<div class=\"section-bg fill\" >\n\t\t\t\t\t\t\t\t\t\n\t\t\t\n\n\t\t<\/div>\n\n\t\t\n\n\t\t<div class=\"section-content relative\">\n\t\t\t\n\n<div class=\"row align-bottom\" style=\"max-width:1200px\" id=\"row-103370568\">\n\n\n\t<div id=\"col-1265541438\" class=\"col medium-9 small-12 large-10\"  >\n\t\t\t\t<div class=\"col-inner\"  >\n\t\t\t\n\t\t\t\n\n\t<div id=\"gap-1803774273\" class=\"gap-element clearfix\" style=\"display:block; height:auto;\">\n\t\t\n<style>\n#gap-1803774273 {\n  padding-top: 100px;\n}\n@media (min-width:550px) {\n  #gap-1803774273 {\n    padding-top: 150px;\n  }\n}\n<\/style>\n\t<\/div>\n\t\n\n\t<div id=\"text-1146153361\" class=\"text\">\n\t\t\n\n<h2><span style=\"font-size: 190%;\">Za LUKSUZNA SPA podru\u010dja&#8230;..<br><\/span><\/h2>\n\t\t\n<style>\n#text-1146153361 {\n  font-size: 1rem;\n}\n@media (min-width:550px) {\n  #text-1146153361 {\n    font-size: 0.75rem;\n  }\n}\n@media (min-width:850px) {\n  #text-1146153361 {\n    font-size: 1rem;\n  }\n}\n<\/style>\n\t<\/div>\n\t\n\n\t\t<\/div>\n\t\t\t\t\t<\/div>\n\n\t\n\n\t<div id=\"col-783663777\" class=\"col medium-3 small-12 large-2\"  >\n\t\t\t\t<div class=\"col-inner text-right\"  >\n\t\t\t\n\t\t\t\n\n<a href=\"https:\/\/www.soleum.de\/hr\/kontakt\/\" class=\"button secondary expand\" style=\"border-radius:30px;padding:5px 30px 5px 30px;\">\n\t\t<span>KONTAKT<\/span>\n\t<\/a>\n\n\n\n\t\t<\/div>\n\t\t\t\t\t<\/div>\n\n\t\n\n<\/div>\n\n\t\t<\/div>\n\n\t\t\n<style>\n#section_1828976971 {\n  padding-top: 0px;\n  padding-bottom: 0px;\n}\n<\/style>\n\t<\/section>\n\t\n\n\t<section class=\"section has-parallax\" id=\"section_1675511327\">\n\t\t<div class=\"section-bg fill\" data-parallax-container=\".section\" data-parallax-background data-parallax=\"-7\">\n\t\t\t<img loading=\"lazy\" decoding=\"async\" width=\"2000\" height=\"894\" src=\"https:\/\/www.soleum.de\/wp-content\/uploads\/2023\/08\/Hotel_SPA_Wellnessliege_Infrarotliege_FLYING-CARPET.jpg\" class=\"bg attachment-original size-original\" alt=\"\" \/>\t\t\t\t\t\t\n\t\t\t\n\n\t\t<\/div>\n\n\t\t\n\n\t\t<div class=\"section-content relative\">\n\t\t\t\n\n<p style=\"text-align: center;\"><span style=\"font-size: 500%; color: #ffffff;\">LETE\u0106I TEPIH<\/span><\/p>\n\n\t\t<\/div>\n\n\t\t\n<style>\n#section_1675511327 {\n  padding-top: 30px;\n  padding-bottom: 30px;\n  min-height: 350px;\n}\n#section_1675511327 .section-bg img {\n  object-position: 48% 62%;\n}\n@media (min-width:550px) {\n  #section_1675511327 {\n    min-height: 450px;\n  }\n}\n@media (min-width:850px) {\n  #section_1675511327 {\n    min-height: 750px;\n  }\n}\n<\/style>\n\t<\/section>\n\t\n\n\t<section class=\"section\" id=\"section_275341871\">\n\t\t<div class=\"section-bg fill\" >\n\t\t\t\t\t\t\t\t\t\n\t\t\t\n\n\t\t<\/div>\n\n\t\t\n\n\t\t<div class=\"section-content relative\">\n\t\t\t\n\n<div class=\"row\" style=\"max-width:1200px\" id=\"row-38413542\">\n\n\n\t<div id=\"col-2037685490\" class=\"col small-12 large-12\"  >\n\t\t\t\t<div class=\"col-inner\" style=\"background-color:rgb(255, 255, 255);\" >\n\t\t\t\n\t\t\t\n\n<div class=\"row align-middle align-right\" style=\"max-width:1200px\" id=\"row-1746582673\">\n\n\n\t<div id=\"col-1960463283\" class=\"col medium-12 small-12 large-6\"  >\n\t\t\t\t<div class=\"col-inner\"  >\n\t\t\t\n\t\t\t\n\n\t<div id=\"gap-1611389424\" class=\"gap-element clearfix\" style=\"display:block; height:auto;\">\n\t\t\n<style>\n#gap-1611389424 {\n  padding-top: 5px;\n}\n@media (min-width:550px) {\n  #gap-1611389424 {\n    padding-top: 50px;\n  }\n}\n<\/style>\n\t<\/div>\n\t\n\n<h6>elegancija i luksuz<\/h6>\n\t<div id=\"text-2170777375\" class=\"text\">\n\t\t\n\n<h2>Luksuzna grijana le\u017ealjka<\/h2>\n\t\t\n<style>\n#text-2170777375 {\n  font-size: 1.75rem;\n}\n<\/style>\n\t<\/div>\n\t\n<p><a href=\"https:\/\/soleum.com\/produkte\/luxus-waermeliege-fliegender-teppich\/\" target=\"_blank\" rel=\"noopener\"><strong>Flying Carpet<\/strong><\/a> je luksuzna poplo\u010dana grijana le\u017ealjka iz SOLEUM\u00ae-a. Ekskluzivni <strong>stakleni mozaik<\/strong> i <strong>zlatni premaz<\/strong> s preljevom sa strane.<br> Plemeniti privla\u010dan pogled u orijentalnom stilu. Zahvaljuju\u0107i arhitekturi le\u017ealjki s nje\u017enom ljulja\u010dkom, le\u017ealjka se uklapa u svaki luksuzni wellness i sauna krajolik. Me\u0111utim, to je tako\u0111er ekskluzivan komad namje\u0161taja, a svoje mjesto nalazi iu dnevnim sobama, potkrovljima, predsobljima ili \u010dak u zgradama tvrtke za drijemanje snage.<\/p>\n<a class=\"button secondary\" style=\"border-radius:30px;padding:5px 30px 5px 30px;\">\n\t\t<span>OP\u0160IRNIJE<\/span>\n\t<\/a>\n\n\n\n\t\t<\/div>\n\t\t\t\t\n<style>\n#col-1960463283 > .col-inner {\n  padding: 10px 30px 0px 30px;\n}\n@media (min-width:550px) {\n  #col-1960463283 > .col-inner {\n    padding: 0 50px 20px 50px;\n  }\n}\n@media (min-width:850px) {\n  #col-1960463283 > .col-inner {\n    padding: 50px 50px 50px 70px;\n  }\n}\n<\/style>\n\t<\/div>\n\n\t\n\n\t<div id=\"col-1081458819\" class=\"col medium-12 small-12 large-6 medium-col-first\"  >\n\t\t\t\t<div class=\"col-inner\"  >\n\t\t\t\n\t\t\t\n\n\n  <div class=\"banner has-hover\" id=\"banner-1135053171\">\n          <div class=\"banner-inner fill\">\n        <div class=\"banner-bg fill\" >\n            <img loading=\"lazy\" decoding=\"async\" width=\"765\" height=\"379\" src=\"https:\/\/www.soleum.de\/wp-content\/uploads\/2023\/08\/Infrarot-Waermeliegen-Soleum-Design17.jpg\" class=\"bg attachment-original size-original\" alt=\"\" \/>                                    \n                    <\/div>\n\t\t\n        <div class=\"banner-layers container\">\n            <div class=\"fill banner-link\"><\/div>            \n\n\n        <\/div>\n      <\/div>\n\n              <div class=\"height-fix is-invisible\"><img loading=\"lazy\" decoding=\"async\" width=\"765\" height=\"379\" src=\"https:\/\/www.soleum.de\/wp-content\/uploads\/2023\/08\/Infrarot-Waermeliegen-Soleum-Design17.jpg\" class=\"attachment-original size-original\" alt=\"\" srcset=\"https:\/\/www.soleum.de\/wp-content\/uploads\/2023\/08\/Infrarot-Waermeliegen-Soleum-Design17.jpg 765w, https:\/\/www.soleum.de\/wp-content\/uploads\/2023\/08\/Infrarot-Waermeliegen-Soleum-Design17-510x253.jpg 510w\" sizes=\"auto, (max-width: 765px) 100vw, 765px\" \/><\/div>\n            \n<style>\n#banner-1135053171 {\n  padding-top: 300px;\n  background-color: rgb(255, 255, 255);\n}\n#banner-1135053171 .banner-bg img {\n  object-position: 95% 100%;\n}\n@media (min-width:550px) {\n  #banner-1135053171 {\n    padding-top: 400px;\n  }\n}\n<\/style>\n  <\/div>\n\n\n\n\t\t<\/div>\n\t\t\t\t\n<style>\n#col-1081458819 > .col-inner {\n  padding: 20px 20px 10px 20px;\n}\n@media (min-width:550px) {\n  #col-1081458819 > .col-inner {\n    padding: 50px 50px 0 50px;\n  }\n}\n@media (min-width:850px) {\n  #col-1081458819 > .col-inner {\n    padding: 50px 50px 20px 0px;\n  }\n}\n<\/style>\n\t<\/div>\n\n\t\n\n<\/div>\n\n\t\t<\/div>\n\t\t\t\t\n<style>\n#col-2037685490 > .col-inner {\n  margin: -100px 0px 0px 0px;\n}\n@media (min-width:550px) {\n  #col-2037685490 > .col-inner {\n    margin: -150px 0px 0px 0px;\n  }\n}\n<\/style>\n\t<\/div>\n\n\t\n\n<\/div>\n\t<div id=\"gap-439435113\" class=\"gap-element clearfix\" style=\"display:block; height:auto;\">\n\t\t\n<style>\n#gap-439435113 {\n  padding-top: 15px;\n}\n@media (min-width:550px) {\n  #gap-439435113 {\n    padding-top: 55px;\n  }\n}\n<\/style>\n\t<\/div>\n\t\n\n\t<div id=\"gap-1729487616\" class=\"gap-element clearfix\" style=\"display:block; height:auto;\">\n\t\t\n<style>\n#gap-1729487616 {\n  padding-top: 30px;\n}\n<\/style>\n\t<\/div>\n\t\n\n\n\t\t<\/div>\n\n\t\t\n<style>\n#section_275341871 {\n  padding-top: 30px;\n  padding-bottom: 30px;\n  background-color: rgb(238, 238, 238);\n}\n<\/style>\n\t<\/section>\n\t\n\n\t<section class=\"section has-parallax\" id=\"section_373008754\">\n\t\t<div class=\"section-bg fill\" data-parallax-container=\".section\" data-parallax-background data-parallax=\"-7\">\n\t\t\t<img loading=\"lazy\" decoding=\"async\" width=\"2000\" height=\"990\" src=\"https:\/\/www.soleum.de\/wp-content\/uploads\/2023\/08\/Hotel_SPA_Liege_Infrarotliege_SNOW_WHITE.jpg\" class=\"bg attachment- size-\" alt=\"\" \/>\t\t\t\t\t\t\n\t\t\t\n\n\t\t<\/div>\n\n\t\t\n\n\t\t<div class=\"section-content relative\">\n\t\t\t\n\n\n\t\t<\/div>\n\n\t\t\n<style>\n#section_373008754 {\n  padding-top: 30px;\n  padding-bottom: 30px;\n  min-height: 300px;\n}\n@media (min-width:550px) {\n  #section_373008754 {\n    min-height: 350px;\n  }\n}\n@media (min-width:850px) {\n  #section_373008754 {\n    min-height: 600px;\n  }\n}\n<\/style>\n\t<\/section>\n\t\n\n\t<section class=\"section\" id=\"section_149667612\">\n\t\t<div class=\"section-bg fill\" >\n\t\t\t\t\t\t\t\t\t\n\t\t\t\n\n\t\t<\/div>\n\n\t\t\n\n\t\t<div class=\"section-content relative\">\n\t\t\t\n\n<div class=\"row\" style=\"max-width:1200px\" id=\"row-545211635\">\n\n\n\t<div id=\"col-1731340337\" class=\"col small-12 large-12\"  >\n\t\t\t\t<div class=\"col-inner\" style=\"background-color:rgb(255, 255, 255);\" >\n\t\t\t\n\t\t\t\n\n<div class=\"row\" style=\"max-width:1200px\" id=\"row-1298877339\">\n\n\n\t<div id=\"col-1133359950\" class=\"col small-12 large-12\"  >\n\t\t\t\t<div class=\"col-inner\"  >\n\t\t\t\n\t\t\t\n\n\t<div id=\"text-1098819783\" class=\"text\">\n\t\t\n\n<h6>ZAGRIJAVANJE BETONA<\/h6>\n\t\t\n<style>\n#text-1098819783 {\n  text-align: center;\n}\n<\/style>\n\t<\/div>\n\t\n\t<div id=\"text-4252723429\" class=\"text\">\n\t\t\n\n<h2>Grijane infracrvene BETONSKE LE\u017dALJKE<\/h2>\n\t\t\n<style>\n#text-4252723429 {\n  font-size: 2rem;\n  text-align: center;\n}\n@media (min-width:550px) {\n  #text-4252723429 {\n    font-size: 1.75rem;\n  }\n}\n<\/style>\n\t<\/div>\n\t\n\n\t\t<\/div>\n\t\t\t\t\n<style>\n#col-1133359950 > .col-inner {\n  padding: 50px 20px 0px 20px;\n}\n@media (min-width:550px) {\n  #col-1133359950 > .col-inner {\n    padding: 50px 50px 0px 50px;\n  }\n}\n<\/style>\n\t<\/div>\n\n\t\n\n<\/div>\n<div class=\"row align-center\" style=\"max-width:1200px\" id=\"row-1213875269\">\n\n\n\t<div id=\"col-261098325\" class=\"col medium-6 small-12 large-6\"  >\n\t\t\t\t<div class=\"col-inner\"  >\n\t\t\t\n\t\t\t\n\n<h2 class=\"fusion-responsive-typography-calculated\" data-fontsize=\"30\" data-lineheight=\"33px\">Puristi\u010dki \u2013 bijeli beton<\/h2>\n<p>Grijana le\u017ealjka s razlikom od trijeznog bijelog mikrocementa na ovoj wellness le\u017ealjci je \u010dista i elegantna.<br> Sa svojim \u0161armom bisera i nevinom bjelinom snje\u017ene pahulje, osjetno nadma\u0161uje druge dizajne.<br> Kad dodirnete povr\u0161inu, javlja se prvo divljenje.<br> Vanjska hladno\u0107a ne bi vas trebala navesti na pomisao da vas ovaj lijepi primjerak ne\u0107e razmaziti vrlo ugodnom toplinom iznutra.<br> Samopodesiv, mo\u017eete podesiti \u017eeljenu temperaturu i na njoj se opustiti i stvoriti prostor za svoje snove.<\/p>\n\n\t\t<\/div>\n\t\t\t\t\n<style>\n#col-261098325 > .col-inner {\n  padding: 0px 30px 0px 30px;\n  margin: -20px 0px 0px 0px;\n}\n@media (min-width:550px) {\n  #col-261098325 > .col-inner {\n    padding: 0px 0px 0px 50px;\n    margin: -25px 0px 0px 0px;\n  }\n}\n@media (min-width:850px) {\n  #col-261098325 > .col-inner {\n    padding: 0px 10px 0px 60px;\n  }\n}\n<\/style>\n\t<\/div>\n\n\t\n\n\t<div id=\"col-634617225\" class=\"col medium-6 small-12 large-6\"  >\n\t\t\t\t<div class=\"col-inner\"  >\n\t\t\t\n\t<div class=\"is-border\"\n\t\tstyle=\"border-width:0px 0px 0px 3px;margin:0px 0px 0px -17px;\">\n\t<\/div>\n\t\t\t\n\n<h2 class=\"fusion-responsive-typography-calculated\" data-fontsize=\"30\" data-lineheight=\"33px\">Opcija &#8220;Pahuljice&#8221;: Najfinija izrada krasi ovaj model.<\/h2>\n<p><span class=\"ILfuVd\" lang=\"de\"><span class=\"hgKElc\">Infracrveno zra\u010denje grijane le\u017ealjke utje\u010de na zdravlje, ba\u0161 kao i sun\u010devo zra\u010denje. <b>Zra\u010denje mo\u017ee potaknuti cirkulaciju krvi, pomo\u0107i kod prehlade, kao i napetosti ili reume i pomo\u0107i kod problema s ko\u017eom<\/b>. Ovdje je postavljena temperatura koja vam se \u010dini ugodnom (malo iznad temperature krvi). Me\u0111utim, pode\u0161avanje se mo\u017ee izvr\u0161iti u vrlo \u0161irokom rasponu od 30-45 \u00b0C. Dobra standardna vrijednost je oko 37 \u00b0C.  <\/span><\/span><\/p>\n<p>Ru\u010dno izra\u0111ena le\u017ealjka u <strong>betonu izgleda bijelo<\/strong>, koja se uvijek neutralno integrira u bilo koji koncept sobe.<\/p>\n\n\t\t<\/div>\n\t\t\t\t\n<style>\n#col-634617225 > .col-inner {\n  padding: 0px 30px 0px 30px;\n  margin: -20px 0px 0px 0px;\n}\n@media (min-width:550px) {\n  #col-634617225 > .col-inner {\n    padding: 0px 20px 0px 30px;\n    margin: -25px 0px 0px 0px;\n  }\n}\n@media (min-width:850px) {\n  #col-634617225 > .col-inner {\n    padding: 0px 60px 0px 10px;\n  }\n}\n<\/style>\n\t<\/div>\n\n\t\n\n<\/div>\n\n\t\t<\/div>\n\t\t\t\t\n<style>\n#col-1731340337 > .col-inner {\n  margin: -100px 0px 0px 0px;\n}\n<\/style>\n\t<\/div>\n\n\t\n\n<\/div>\n\n\t\t<\/div>\n\n\t\t\n<style>\n#section_149667612 {\n  padding-top: 30px;\n  padding-bottom: 30px;\n  background-color: rgb(237, 233, 227);\n}\n<\/style>\n\t<\/section>\n\t\n\n\t<section class=\"section dark\" id=\"section_880282271\">\n\t\t<div class=\"section-bg fill\" >\n\t\t\t<img loading=\"lazy\" decoding=\"async\" width=\"2000\" height=\"990\" src=\"https:\/\/www.soleum.de\/wp-content\/uploads\/2023\/08\/Hotel_SPA_Liegen-Infrarotliege-WOODON.jpg\" class=\"bg attachment-original size-original\" alt=\"\" \/>\t\t\t\t\t\t<div class=\"section-bg-overlay absolute fill\"><\/div>\n\t\t\t\n\n\t\t<\/div>\n\n\t\t\n\n\t\t<div class=\"section-content relative\">\n\t\t\t\n\n\t<div id=\"gap-1887989188\" class=\"gap-element clearfix\" style=\"display:block; height:auto;\">\n\t\t\n<style>\n#gap-1887989188 {\n  padding-top: 30px;\n}\n<\/style>\n\t<\/div>\n\t\n\n<div class=\"row align-center\"  id=\"row-1781836476\">\n\n\n\t<div id=\"col-684846103\" class=\"col medium-9 small-12 large-7\"  >\n\t\t\t\t<div class=\"col-inner text-center\"  >\n\t\t\t\n\t\t\t\n\n\t<div id=\"text-1814737739\" class=\"text\">\n\t\t\n\n<h6>PROIZVEDENO U AUSTRIJI<\/h6>\n\t\t\n<style>\n#text-1814737739 {\n  line-height: 1;\n}\n<\/style>\n\t<\/div>\n\t\n\t<div id=\"text-2930958560\" class=\"text\">\n\t\t\n\n<h3>LE\u017dALJKE U PLANINSKOJ KU\u0106I<\/h3>\n\t\t\n<style>\n#text-2930958560 {\n  font-size: 2.75rem;\n  line-height: 1;\n}\n<\/style>\n\t<\/div>\n\t\n<h2 class=\"fusion-responsive-typography-calculated\" data-fontsize=\"30\" data-lineheight=\"33px\">HRAST SE SUSRE\u0106E S BETONOM<\/h2>\n<h3>WOODON &#8211; na\u0161a grijana CHALET wellness le\u017ealjka<\/h3>\n<p>Osje\u0107aju bliskost s prirodom kada se opuste na na\u0161oj posebnoj vrsti grijane le\u017ealjke. Toplo hrastovo drvo obla\u017ee grijanu infracrvenu le\u017ealjku, a na povr\u0161ini se zagrijavate na be\u0161avnom betonu.<\/p>\n<h2 class=\"fusion-responsive-typography-calculated\" data-fontsize=\"30\" data-lineheight=\"33px\">Najbolje umije\u0107e karakterizira na\u0161 proizvod.<\/h2>\n<p>Prepustite se vrhunskom usporavanju.<br> Bilo u privatnom ili hotelskom sektoru, na\u0161a grijana wellness le\u017ealjka mo\u017ee se ukorijeniti bilo gdje zahvaljuju\u0107i svojoj prirodnoj prirodi.<\/p>\n<p>Savr\u0161eno se uklapa u luksuzne planinske ku\u0107e, hotelske sobe u seoskom stilu, ali naravno i u rustikalnom wellness podru\u010dju.<\/p>\n<a class=\"button success\" style=\"border-radius:5px;padding:7px 30px 7px 30px;\">\n\t\t<span>Vi\u0161e zUR WOODON wellness le\u017ealjka<\/span>\n\t<\/a>\n\n\n\n\t\t<\/div>\n\t\t\t\t\t<\/div>\n\n\t\n\n<\/div>\n\n\t\t<\/div>\n\n\t\t\n<style>\n#section_880282271 {\n  padding-top: 30px;\n  padding-bottom: 30px;\n  min-height: 600px;\n}\n#section_880282271 .section-bg-overlay {\n  background-color: rgba(0, 0, 0, 0.4);\n}\n@media (min-width:850px) {\n  #section_880282271 {\n    min-height: 900px;\n  }\n}\n<\/style>\n\t<\/section>\n\t\n\n\t<section class=\"section has-parallax\" id=\"section_1328988514\">\n\t\t<div class=\"section-bg fill\" data-parallax-container=\".section\" data-parallax-background data-parallax=\"-2\">\n\t\t\t<img loading=\"lazy\" decoding=\"async\" width=\"1000\" height=\"750\" src=\"https:\/\/www.soleum.de\/wp-content\/uploads\/2023\/08\/Soleum-Schauraum-Pregarten5.jpg\" class=\"bg attachment-original size-original\" alt=\"\" \/>\t\t\t\t\t\t\n\t\t\t\n\n\t\t<\/div>\n\n\t\t\n\n\t\t<div class=\"section-content relative\">\n\t\t\t\n\n\t<div id=\"gap-2095193079\" class=\"gap-element clearfix\" style=\"display:block; height:auto;\">\n\t\t\n<style>\n#gap-2095193079 {\n  padding-top: 30px;\n}\n<\/style>\n\t<\/div>\n\t\n\n<div class=\"row\" style=\"max-width:1200px\" id=\"row-1744243610\">\n\n\n\t<div id=\"col-374727207\" class=\"col small-12 large-12\"  >\n\t\t\t\t<div class=\"col-inner text-center\"  >\n\t\t\t\n\t\t\t\n\n\t<div id=\"gap-36661543\" class=\"gap-element clearfix\" style=\"display:block; height:auto;\">\n\t\t\n<style>\n#gap-36661543 {\n  padding-top: 15px;\n}\n<\/style>\n\t<\/div>\n\t\n\n\t<div id=\"text-4079345838\" class=\"text\">\n\t\t\n\n<h6>Obratite nam se<\/h6>\n\t\t\n<style>\n#text-4079345838 {\n  text-align: center;\n}\n<\/style>\n\t<\/div>\n\t\n\t<div id=\"text-3300177912\" class=\"text\">\n\t\t\n\n<h2>Imate li pitanje za nas?<\/h2>\n\t\t\n<style>\n#text-3300177912 {\n  font-size: 1.75rem;\n  text-align: center;\n}\n<\/style>\n\t<\/div>\n\t\n<a href=\"https:\/\/www.soleum.de\/hr\/kontakt\/\" class=\"button secondary\" style=\"border-radius:30px;padding:5px 30px 5px 30px;\">\n\t\t<span>Obratite se SOLEUM-u<\/span>\n\t<\/a>\n\n\n\n\t\t<\/div>\n\t\t\t\t\n<style>\n#col-374727207 > .col-inner {\n  padding: 50px 50px 50px 50px;\n}\n<\/style>\n\t<\/div>\n\n\t\n\n\n<style>\n#row-1744243610 > .col > .col-inner {\n  background-color: rgb(255, 255, 255);\n}\n<\/style>\n<\/div>\n\n\t\t<\/div>\n\n\t\t\n<style>\n#section_1328988514 {\n  padding-top: 30px;\n  padding-bottom: 30px;\n  min-height: 400px;\n}\n#section_1328988514 .section-bg img {\n  object-position: 74% 51%;\n}\n<\/style>\n\t<\/section>\n\t\n\t<div id=\"gap-504370181\" class=\"gap-element clearfix\" style=\"display:block; height:auto;\">\n\t\t\n<style>\n#gap-504370181 {\n  padding-top: 30px;\n}\n<\/style>\n\t<\/div>\n\t\n\n<div class=\"container section-title-container\" ><h3 class=\"section-title section-title-center\"><b aria-hidden=\"true\"><\/b><span class=\"section-title-main\" >PREGLED - Video svih grijanih le\u017ealjki iz SOLEUMA\u00ae<\/span><b aria-hidden=\"true\"><\/b><\/h3><\/div>\n\n<div class=\"video video-fit mb\" style=\"padding-top:56.25%;\"><div style=\"width: 640px;\" class=\"wp-video\"><video class=\"wp-video-shortcode\" id=\"video-29040-1\" width=\"640\" height=\"360\" preload=\"metadata\" controls=\"controls\"><source type=\"video\/mp4\" src=\"https:\/\/soleum.com\/wp-content\/uploads\/2023\/07\/Soleum-Heated-Loungers-EN_Full-HD-1080p.mp4?_=1\" \/><a href=\"https:\/\/soleum.com\/wp-content\/uploads\/2023\/07\/Soleum-Heated-Loungers-EN_Full-HD-1080p.mp4\">https:\/\/soleum.com\/wp-content\/uploads\/2023\/07\/Soleum-Heated-Loungers-EN_Full-HD-1080p.mp4<\/a><\/video><\/div><\/div>\n\n\t<div class=\"img has-hover x md-x lg-x y md-y lg-y\" id=\"image_549908361\">\n\t\t<a class=\"\" href=\"https:\/\/soleum.com\/beheizte-liegen\/\" target=\"_blank\" rel=\"noopener\" >\t\t\t\t\t\t<div class=\"img-inner dark\" >\n\t\t\t<img loading=\"lazy\" decoding=\"async\" width=\"1020\" height=\"505\" src=\"https:\/\/www.soleum.de\/wp-content\/uploads\/2023\/08\/SOLEUM-Waermeliegen-Luxury-Relaxing-2000-1400x693.jpg\" class=\"attachment-large size-large\" alt=\"\" srcset=\"https:\/\/www.soleum.de\/wp-content\/uploads\/2023\/08\/SOLEUM-Waermeliegen-Luxury-Relaxing-2000-1400x693.jpg 1400w, https:\/\/www.soleum.de\/wp-content\/uploads\/2023\/08\/SOLEUM-Waermeliegen-Luxury-Relaxing-2000-800x396.jpg 800w, https:\/\/www.soleum.de\/wp-content\/uploads\/2023\/08\/SOLEUM-Waermeliegen-Luxury-Relaxing-2000-768x380.jpg 768w, https:\/\/www.soleum.de\/wp-content\/uploads\/2023\/08\/SOLEUM-Waermeliegen-Luxury-Relaxing-2000-1536x760.jpg 1536w, https:\/\/www.soleum.de\/wp-content\/uploads\/2023\/08\/SOLEUM-Waermeliegen-Luxury-Relaxing-2000-510x252.jpg 510w, https:\/\/www.soleum.de\/wp-content\/uploads\/2023\/08\/SOLEUM-Waermeliegen-Luxury-Relaxing-2000.jpg 2000w\" sizes=\"auto, (max-width: 1020px) 100vw, 1020px\" \/>\t\t\t\t\t\t\n\t\t\t\t\t<\/div>\n\t\t\t\t\t\t<\/a>\t\t\n<style>\n#image_549908361 {\n  width: 100%;\n}\n<\/style>\n\t<\/div>\n\t\n\n<div class=\"container section-title-container\" ><h3 class=\"section-title section-title-center\"><b aria-hidden=\"true\"><\/b><span class=\"section-title-main\" >EKSKLUZIVNE PARNE KUPELJI iz SOLEUMA\u00ae<\/span><b aria-hidden=\"true\"><\/b><\/h3><\/div>\n\n\t<div id=\"text-2289508656\" class=\"text\">\n\t\t\n\n<p>Osnovan u Austriji, SOLEUM je austrijski inovator s vi\u0161e od 20 godina iskustva u dizajniranju i proizvodnji visokokvalitetnih spa rje\u0161enja. Nude\u0107i jedinstven spoj moderne tehnologije i tradicionalnih ljekovitih koncepata, tvrtka je specijalizirana za proizvodnju luksuznih grijanih le\u017ealjki i inovativnih sauna za pronicljive kupce, luksuzne hotele i vrhunske spa sadr\u017eaje \u0161irom svijeta.<\/p>\n<p>Soleum je poznat po svojim prilago\u0111enim dizajnima i unaprijed sastavljenim jedinicama (KITS) prilago\u0111enim individualnim potrebama i mo\u017ee isporu\u010diti \u0161irom svijeta.<\/p>\n<p>Imate mogu\u0107nost kupiti potrebne komponente (SPA MODULE) za parnu kupelj, kao i sofisticiranu tehnologiju od nas, ili imati unaprijed proizvedenu kabinu izra\u0111enu po mjeri, koju isporu\u010dujemo ili sastavljamo (na odre\u0111enoj udaljenosti).<\/p>\n<p>Vi\u0161e o <a href=\"https:\/\/www.soleum.de\/hr\/opseg-usluga-izgradnje-parne-kupelji\/\">OPSEGU USLUGA u IZGRADNJI PARNE KUPELJI<\/a><\/p>\n\t\t\n<style>\n#text-2289508656 {\n  text-align: center;\n}\n<\/style>\n\t<\/div>\n\t\n<div id=\"portfolio-1672410630\" class=\"portfolio-element-wrapper has-filtering\">\n  \n    <div class=\"row large-columns-4 medium-columns-3 small-columns-2 row-small slider row-slider slider-nav-reveal slider-nav-push\"  data-flickity-options='{&quot;imagesLoaded&quot;: true, &quot;groupCells&quot;: &quot;100%&quot;, &quot;dragThreshold&quot; : 5, &quot;cellAlign&quot;: &quot;left&quot;,&quot;wrapAround&quot;: true,&quot;prevNextButtons&quot;: true,&quot;percentPosition&quot;: true,&quot;pageDots&quot;: false, &quot;rightToLeft&quot;: false, &quot;autoPlay&quot; : false}' >\n\n    <div class=\"col\" data-terms=\"[&quot;Ekskluzivne parne kupelji&quot;,&quot;Parna kupelj s le\u017ealjkama&quot;]\" >\n          <div class=\"col-inner\" >\n          <a href=\"https:\/\/www.soleum.de\/hr\/featured_item\/luksuzna-parna-kupelj\/\" class=\"plain \">\n          <div class=\"portfolio-box box has-hover\">\n            <div class=\"box-image\" >\n                <div class=\"image-cover\" style=\"padding-top:100%;\">\n                <img loading=\"lazy\" decoding=\"async\" width=\"500\" height=\"375\" src=\"https:\/\/www.soleum.de\/wp-content\/uploads\/2019\/03\/Luxusdampfbad-beitrag.jpg\" class=\"attachment-medium size-medium\" alt=\"\" \/>                                                <\/div>\n            <\/div>\n            <div class=\"box-text text-center\" >\n                  <div class=\"box-text-inner\">\n                      <h6 class=\"uppercase portfolio-box-title\">Luksuzna parna kupelj<\/h6>\n                      <p class=\"uppercase portfolio-box-category is-xsmall op-6\">\n                        <span class=\"show-on-hover\">\n                         Ekskluzivne parne kupelji, Parna kupelj s le\u017ealjkama                        <\/span>\n                      <\/p>\n                  <\/div>\n            <\/div>\n           <\/div>\n           <\/a>\n           <\/div>\n           <\/div><div class=\"col\" data-terms=\"[&quot;Ekskluzivne parne kupelji&quot;,&quot;Parna kupelj sa sjedalima&quot;]\" >\n          <div class=\"col-inner\" >\n          <a href=\"https:\/\/www.soleum.de\/hr\/featured_item\/hotel-damfpbad-seestuben-koruska\/\" class=\"plain \">\n          <div class=\"portfolio-box box has-hover\">\n            <div class=\"box-image\" >\n                <div class=\"image-cover\" style=\"padding-top:100%;\">\n                <img loading=\"lazy\" decoding=\"async\" width=\"500\" height=\"375\" src=\"https:\/\/www.soleum.de\/wp-content\/uploads\/2023\/06\/Dampfbad-Hotel-Seestuben-Kaernten-beitrag.jpg\" class=\"attachment-medium size-medium\" alt=\"\" \/>                                                <\/div>\n            <\/div>\n            <div class=\"box-text text-center\" >\n                  <div class=\"box-text-inner\">\n                      <h6 class=\"uppercase portfolio-box-title\">Hotel Damfpbad Seestuben Koru\u0161ka<\/h6>\n                      <p class=\"uppercase portfolio-box-category is-xsmall op-6\">\n                        <span class=\"show-on-hover\">\n                         Ekskluzivne parne kupelji, Parna kupelj sa sjedalima                        <\/span>\n                      <\/p>\n                  <\/div>\n            <\/div>\n           <\/div>\n           <\/a>\n           <\/div>\n           <\/div><div class=\"col\" data-terms=\"[&quot;Ekskluzivne parne kupelji&quot;,&quot;Parna kupelj sa sjedalima&quot;]\" >\n          <div class=\"col-inner\" >\n          <a href=\"https:\/\/www.soleum.de\/hr\/featured_item\/hotelska-parna-kupelj-stajerska\/\" class=\"plain \">\n          <div class=\"portfolio-box box has-hover\">\n            <div class=\"box-image\" >\n                <div class=\"image-cover\" style=\"padding-top:100%;\">\n                <img loading=\"lazy\" decoding=\"async\" width=\"533\" height=\"400\" src=\"https:\/\/www.soleum.de\/wp-content\/uploads\/2022\/10\/Dampfbad-Weinlandhof_beitrag-533x400.jpg\" class=\"attachment-medium size-medium\" alt=\"\" srcset=\"https:\/\/www.soleum.de\/wp-content\/uploads\/2022\/10\/Dampfbad-Weinlandhof_beitrag-533x400.jpg 533w, https:\/\/www.soleum.de\/wp-content\/uploads\/2022\/10\/Dampfbad-Weinlandhof_beitrag-510x383.jpg 510w, https:\/\/www.soleum.de\/wp-content\/uploads\/2022\/10\/Dampfbad-Weinlandhof_beitrag.jpg 600w\" sizes=\"auto, (max-width: 533px) 100vw, 533px\" \/>                                                <\/div>\n            <\/div>\n            <div class=\"box-text text-center\" >\n                  <div class=\"box-text-inner\">\n                      <h6 class=\"uppercase portfolio-box-title\">Hotelska parna kupelj \u0160tajerska<\/h6>\n                      <p class=\"uppercase portfolio-box-category is-xsmall op-6\">\n                        <span class=\"show-on-hover\">\n                         Ekskluzivne parne kupelji, Parna kupelj sa sjedalima                        <\/span>\n                      <\/p>\n                  <\/div>\n            <\/div>\n           <\/div>\n           <\/a>\n           <\/div>\n           <\/div><div class=\"col\" data-terms=\"[&quot;Ekskluzivne parne kupelji&quot;,&quot;Parna kupelj s le\u017ealjkama&quot;,&quot;Parna kupelj sa sjedalima&quot;]\" >\n          <div class=\"col-inner\" >\n          <a href=\"https:\/\/www.soleum.de\/hr\/featured_item\/parna-kupelj-na-dvije-razine\/\" class=\"plain \">\n          <div class=\"portfolio-box box has-hover\">\n            <div class=\"box-image\" >\n                <div class=\"image-cover\" style=\"padding-top:100%;\">\n                <img loading=\"lazy\" decoding=\"async\" width=\"533\" height=\"400\" src=\"https:\/\/www.soleum.de\/wp-content\/uploads\/2022\/10\/Soleum-Dampfbad-Leonding_022-Beitrag-533x400.jpg\" class=\"attachment-medium size-medium\" alt=\"\" srcset=\"https:\/\/www.soleum.de\/wp-content\/uploads\/2022\/10\/Soleum-Dampfbad-Leonding_022-Beitrag-533x400.jpg 533w, https:\/\/www.soleum.de\/wp-content\/uploads\/2022\/10\/Soleum-Dampfbad-Leonding_022-Beitrag-510x383.jpg 510w, https:\/\/www.soleum.de\/wp-content\/uploads\/2022\/10\/Soleum-Dampfbad-Leonding_022-Beitrag.jpg 600w\" sizes=\"auto, (max-width: 533px) 100vw, 533px\" \/>                                                <\/div>\n            <\/div>\n            <div class=\"box-text text-center\" >\n                  <div class=\"box-text-inner\">\n                      <h6 class=\"uppercase portfolio-box-title\">Parna kupelj na dvije razine<\/h6>\n                      <p class=\"uppercase portfolio-box-category is-xsmall op-6\">\n                        <span class=\"show-on-hover\">\n                         Ekskluzivne parne kupelji, Parna kupelj s le\u017ealjkama, Parna kupelj sa sjedalima                        <\/span>\n                      <\/p>\n                  <\/div>\n            <\/div>\n           <\/div>\n           <\/a>\n           <\/div>\n           <\/div><div class=\"col\" data-terms=\"[&quot;Ekskluzivne parne kupelji&quot;]\" >\n          <div class=\"col-inner\" >\n          <a href=\"https:\/\/www.soleum.de\/hr\/featured_item\/parna-kupelj-sa-slanom-vodom-u-bavarskoj\/\" class=\"plain \">\n          <div class=\"portfolio-box box has-hover\">\n            <div class=\"box-image\" >\n                <div class=\"image-cover\" style=\"padding-top:100%;\">\n                <img loading=\"lazy\" decoding=\"async\" width=\"300\" height=\"400\" src=\"https:\/\/www.soleum.de\/wp-content\/uploads\/2021\/10\/Soledampfbad-in-Bayern-7-1-1-300x400.jpg\" class=\"attachment-medium size-medium\" alt=\"\" srcset=\"https:\/\/www.soleum.de\/wp-content\/uploads\/2021\/10\/Soledampfbad-in-Bayern-7-1-1-300x400.jpg 300w, https:\/\/www.soleum.de\/wp-content\/uploads\/2021\/10\/Soledampfbad-in-Bayern-7-1-1-600x800.jpg 600w, https:\/\/www.soleum.de\/wp-content\/uploads\/2021\/10\/Soledampfbad-in-Bayern-7-1-1-768x1024.jpg 768w, https:\/\/www.soleum.de\/wp-content\/uploads\/2021\/10\/Soledampfbad-in-Bayern-7-1-1-510x680.jpg 510w, https:\/\/www.soleum.de\/wp-content\/uploads\/2021\/10\/Soledampfbad-in-Bayern-7-1-1.jpg 1000w\" sizes=\"auto, (max-width: 300px) 100vw, 300px\" \/>                                                <\/div>\n            <\/div>\n            <div class=\"box-text text-center\" >\n                  <div class=\"box-text-inner\">\n                      <h6 class=\"uppercase portfolio-box-title\">Parna kupelj sa slanom vodom u Bavarskoj<\/h6>\n                      <p class=\"uppercase portfolio-box-category is-xsmall op-6\">\n                        <span class=\"show-on-hover\">\n                         Ekskluzivne parne kupelji                        <\/span>\n                      <\/p>\n                  <\/div>\n            <\/div>\n           <\/div>\n           <\/a>\n           <\/div>\n           <\/div><div class=\"col\" data-terms=\"[&quot;Ekskluzivne parne kupelji&quot;,&quot;Parna kupelj s le\u017ealjkama&quot;]\" >\n          <div class=\"col-inner\" >\n          <a href=\"https:\/\/www.soleum.de\/hr\/featured_item\/parna-kupelj-s-mikrocementom\/\" class=\"plain \">\n          <div class=\"portfolio-box box has-hover\">\n            <div class=\"box-image\" >\n                <div class=\"image-cover\" style=\"padding-top:100%;\">\n                <img loading=\"lazy\" decoding=\"async\" width=\"500\" height=\"375\" src=\"https:\/\/www.soleum.de\/wp-content\/uploads\/2021\/10\/Dampfbad-mit-Mikrozementbeschichtung-Beitrag.jpg\" class=\"attachment-medium size-medium\" alt=\"\" \/>                                                <\/div>\n            <\/div>\n            <div class=\"box-text text-center\" >\n                  <div class=\"box-text-inner\">\n                      <h6 class=\"uppercase portfolio-box-title\">Parna kupelj s mikrocementom<\/h6>\n                      <p class=\"uppercase portfolio-box-category is-xsmall op-6\">\n                        <span class=\"show-on-hover\">\n                         Ekskluzivne parne kupelji, Parna kupelj s le\u017ealjkama                        <\/span>\n                      <\/p>\n                  <\/div>\n            <\/div>\n           <\/div>\n           <\/a>\n           <\/div>\n           <\/div><div class=\"col\" data-terms=\"[&quot;Ekskluzivne parne kupelji&quot;,&quot;Parna kupelj s le\u017ealjkama&quot;,&quot;Parna kupelj sa sjedalima&quot;]\" >\n          <div class=\"col-inner\" >\n          <a href=\"https:\/\/www.soleum.de\/hr\/featured_item\/parna-kupelj-u-bazenskoj-dvorani-kucici-na-bazenu\/\" class=\"plain \">\n          <div class=\"portfolio-box box has-hover\">\n            <div class=\"box-image\" >\n                <div class=\"image-cover\" style=\"padding-top:100%;\">\n                <img loading=\"lazy\" decoding=\"async\" width=\"500\" height=\"375\" src=\"https:\/\/www.soleum.de\/wp-content\/uploads\/2020\/07\/Dampfbad-in-Poolhalle-beitrag.jpg\" class=\"attachment-medium size-medium\" alt=\"\" \/>                                                <\/div>\n            <\/div>\n            <div class=\"box-text text-center\" >\n                  <div class=\"box-text-inner\">\n                      <h6 class=\"uppercase portfolio-box-title\">Parna kupelj u bazenskoj dvorani \/ ku\u0107ici na bazenu<\/h6>\n                      <p class=\"uppercase portfolio-box-category is-xsmall op-6\">\n                        <span class=\"show-on-hover\">\n                         Ekskluzivne parne kupelji, Parna kupelj s le\u017ealjkama, Parna kupelj sa sjedalima                        <\/span>\n                      <\/p>\n                  <\/div>\n            <\/div>\n           <\/div>\n           <\/a>\n           <\/div>\n           <\/div><div class=\"col\" data-terms=\"[&quot;Ekskluzivne parne kupelji&quot;,&quot;Parna kupelj s le\u017ealjkama&quot;,&quot;Parna kupelj sa sjedalima&quot;]\" >\n          <div class=\"col-inner\" >\n          <a href=\"https:\/\/www.soleum.de\/hr\/featured_item\/parna-kupelj-sa-slanom-vodom-za-4-osobe-u-blizini-koelna\/\" class=\"plain \">\n          <div class=\"portfolio-box box has-hover\">\n            <div class=\"box-image\" >\n                <div class=\"image-cover\" style=\"padding-top:100%;\">\n                <img loading=\"lazy\" decoding=\"async\" width=\"600\" height=\"400\" src=\"https:\/\/www.soleum.de\/wp-content\/uploads\/2020\/10\/Soledampfbad-Deutschland-1-600x400.jpg\" class=\"attachment-medium size-medium\" alt=\"\" srcset=\"https:\/\/www.soleum.de\/wp-content\/uploads\/2020\/10\/Soledampfbad-Deutschland-1-600x400.jpg 600w, https:\/\/www.soleum.de\/wp-content\/uploads\/2020\/10\/Soledampfbad-Deutschland-1-768x512.jpg 768w, https:\/\/www.soleum.de\/wp-content\/uploads\/2020\/10\/Soledampfbad-Deutschland-1-510x340.jpg 510w, https:\/\/www.soleum.de\/wp-content\/uploads\/2020\/10\/Soledampfbad-Deutschland-1.jpg 1000w\" sizes=\"auto, (max-width: 600px) 100vw, 600px\" \/>                                                <\/div>\n            <\/div>\n            <div class=\"box-text text-center\" >\n                  <div class=\"box-text-inner\">\n                      <h6 class=\"uppercase portfolio-box-title\">Parna kupelj sa slanom vodom za 4 osobe u blizini K\u00f6lna<\/h6>\n                      <p class=\"uppercase portfolio-box-category is-xsmall op-6\">\n                        <span class=\"show-on-hover\">\n                         Ekskluzivne parne kupelji, Parna kupelj s le\u017ealjkama, Parna kupelj sa sjedalima                        <\/span>\n                      <\/p>\n                  <\/div>\n            <\/div>\n           <\/div>\n           <\/a>\n           <\/div>\n           <\/div><div class=\"col\" data-terms=\"[&quot;Ekskluzivne parne kupelji&quot;,&quot;Parna kupelj s le\u017ealjkama&quot;,&quot;Parna kupelj sa sjedalima&quot;]\" >\n          <div class=\"col-inner\" >\n          <a href=\"https:\/\/www.soleum.de\/hr\/featured_item\/parna-kupelj-umjesto-saune\/\" class=\"plain \">\n          <div class=\"portfolio-box box has-hover\">\n            <div class=\"box-image\" >\n                <div class=\"image-cover\" style=\"padding-top:100%;\">\n                <img loading=\"lazy\" decoding=\"async\" width=\"600\" height=\"399\" src=\"https:\/\/www.soleum.de\/wp-content\/uploads\/2020\/10\/Wellnessbereich-im-Keller-mit-Soleum-Dampfbad-Beitrag.jpg\" class=\"attachment-medium size-medium\" alt=\"\" srcset=\"https:\/\/www.soleum.de\/wp-content\/uploads\/2020\/10\/Wellnessbereich-im-Keller-mit-Soleum-Dampfbad-Beitrag.jpg 600w, https:\/\/www.soleum.de\/wp-content\/uploads\/2020\/10\/Wellnessbereich-im-Keller-mit-Soleum-Dampfbad-Beitrag-510x339.jpg 510w\" sizes=\"auto, (max-width: 600px) 100vw, 600px\" \/>                                                <\/div>\n            <\/div>\n            <div class=\"box-text text-center\" >\n                  <div class=\"box-text-inner\">\n                      <h6 class=\"uppercase portfolio-box-title\">Parna kupelj umjesto saune!<\/h6>\n                      <p class=\"uppercase portfolio-box-category is-xsmall op-6\">\n                        <span class=\"show-on-hover\">\n                         Ekskluzivne parne kupelji, Parna kupelj s le\u017ealjkama, Parna kupelj sa sjedalima                        <\/span>\n                      <\/p>\n                  <\/div>\n            <\/div>\n           <\/div>\n           <\/a>\n           <\/div>\n           <\/div><div class=\"col\" data-terms=\"[&quot;Ekskluzivne parne kupelji&quot;,&quot;Parna kupelj s le\u017ealjkama&quot;]\" >\n          <div class=\"col-inner\" >\n          <a href=\"https:\/\/www.soleum.de\/hr\/featured_item\/luksuz-home-wellness-kod-kuce\/\" class=\"plain \">\n          <div class=\"portfolio-box box has-hover\">\n            <div class=\"box-image\" >\n                <div class=\"image-cover\" style=\"padding-top:100%;\">\n                <img loading=\"lazy\" decoding=\"async\" width=\"435\" height=\"400\" src=\"https:\/\/www.soleum.de\/wp-content\/uploads\/2020\/10\/SOLEUM-Dampfbad-in-Muenchen-Beitrag-435x400.jpg\" class=\"attachment-medium size-medium\" alt=\"\" srcset=\"https:\/\/www.soleum.de\/wp-content\/uploads\/2020\/10\/SOLEUM-Dampfbad-in-Muenchen-Beitrag-435x400.jpg 435w, https:\/\/www.soleum.de\/wp-content\/uploads\/2020\/10\/SOLEUM-Dampfbad-in-Muenchen-Beitrag-510x469.jpg 510w, https:\/\/www.soleum.de\/wp-content\/uploads\/2020\/10\/SOLEUM-Dampfbad-in-Muenchen-Beitrag.jpg 661w\" sizes=\"auto, (max-width: 435px) 100vw, 435px\" \/>                                                <\/div>\n            <\/div>\n            <div class=\"box-text text-center\" >\n                  <div class=\"box-text-inner\">\n                      <h6 class=\"uppercase portfolio-box-title\">Luksuz @ Home &#8211; Wellness kod ku\u0107e<\/h6>\n                      <p class=\"uppercase portfolio-box-category is-xsmall op-6\">\n                        <span class=\"show-on-hover\">\n                         Ekskluzivne parne kupelji, Parna kupelj s le\u017ealjkama                        <\/span>\n                      <\/p>\n                  <\/div>\n            <\/div>\n           <\/div>\n           <\/a>\n           <\/div>\n           <\/div><div class=\"col\" data-terms=\"[&quot;Ekskluzivne parne kupelji&quot;,&quot;Parna kupelj sa sjedalima&quot;]\" >\n          <div class=\"col-inner\" >\n          <a href=\"https:\/\/www.soleum.de\/hr\/featured_item\/parna-kupelj-slane-vode-njemacka\/\" class=\"plain \">\n          <div class=\"portfolio-box box has-hover\">\n            <div class=\"box-image\" >\n                <div class=\"image-cover\" style=\"padding-top:100%;\">\n                <img loading=\"lazy\" decoding=\"async\" width=\"533\" height=\"400\" src=\"https:\/\/www.soleum.de\/wp-content\/uploads\/2020\/02\/soledampfbad-Deutschland-8-533x400.jpg\" class=\"attachment-medium size-medium\" alt=\"\" srcset=\"https:\/\/www.soleum.de\/wp-content\/uploads\/2020\/02\/soledampfbad-Deutschland-8-533x400.jpg 533w, https:\/\/www.soleum.de\/wp-content\/uploads\/2020\/02\/soledampfbad-Deutschland-8-768x576.jpg 768w, https:\/\/www.soleum.de\/wp-content\/uploads\/2020\/02\/soledampfbad-Deutschland-8-510x383.jpg 510w, https:\/\/www.soleum.de\/wp-content\/uploads\/2020\/02\/soledampfbad-Deutschland-8.jpg 1000w\" sizes=\"auto, (max-width: 533px) 100vw, 533px\" \/>                                                <\/div>\n            <\/div>\n            <div class=\"box-text text-center\" >\n                  <div class=\"box-text-inner\">\n                      <h6 class=\"uppercase portfolio-box-title\">Parna kupelj slane vode Njema\u010dka<\/h6>\n                      <p class=\"uppercase portfolio-box-category is-xsmall op-6\">\n                        <span class=\"show-on-hover\">\n                         Ekskluzivne parne kupelji, Parna kupelj sa sjedalima                        <\/span>\n                      <\/p>\n                  <\/div>\n            <\/div>\n           <\/div>\n           <\/a>\n           <\/div>\n           <\/div><div class=\"col\" data-terms=\"[&quot;Ekskluzivne parne kupelji&quot;]\" >\n          <div class=\"col-inner\" >\n          <a href=\"https:\/\/www.soleum.de\/hr\/featured_item\/hamam-tepidarium\/\" class=\"plain \">\n          <div class=\"portfolio-box box has-hover\">\n            <div class=\"box-image\" >\n                <div class=\"image-cover\" style=\"padding-top:100%;\">\n                <img loading=\"lazy\" decoding=\"async\" width=\"500\" height=\"375\" src=\"https:\/\/www.soleum.de\/wp-content\/uploads\/2019\/06\/Hamam-Tepidarium.jpg\" class=\"attachment-medium size-medium\" alt=\"\" \/>                                                <\/div>\n            <\/div>\n            <div class=\"box-text text-center\" >\n                  <div class=\"box-text-inner\">\n                      <h6 class=\"uppercase portfolio-box-title\">Hamam Tepidarium<\/h6>\n                      <p class=\"uppercase portfolio-box-category is-xsmall op-6\">\n                        <span class=\"show-on-hover\">\n                         Ekskluzivne parne kupelji                        <\/span>\n                      <\/p>\n                  <\/div>\n            <\/div>\n           <\/div>\n           <\/a>\n           <\/div>\n           <\/div><div class=\"col\" data-terms=\"[&quot;Ekskluzivne parne kupelji&quot;]\" >\n          <div class=\"col-inner\" >\n          <a href=\"https:\/\/www.soleum.de\/hr\/featured_item\/ekskluzivna-parna-kupelj\/\" class=\"plain \">\n          <div class=\"portfolio-box box has-hover\">\n            <div class=\"box-image\" >\n                <div class=\"image-cover\" style=\"padding-top:100%;\">\n                <img loading=\"lazy\" decoding=\"async\" width=\"500\" height=\"331\" src=\"https:\/\/www.soleum.de\/wp-content\/uploads\/2017\/02\/exklusives-dampfbad-beitrag.jpg\" class=\"attachment-medium size-medium\" alt=\"\" \/>                                                <\/div>\n            <\/div>\n            <div class=\"box-text text-center\" >\n                  <div class=\"box-text-inner\">\n                      <h6 class=\"uppercase portfolio-box-title\">Ekskluzivna parna kupelj<\/h6>\n                      <p class=\"uppercase portfolio-box-category is-xsmall op-6\">\n                        <span class=\"show-on-hover\">\n                         Ekskluzivne parne kupelji                        <\/span>\n                      <\/p>\n                  <\/div>\n            <\/div>\n           <\/div>\n           <\/a>\n           <\/div>\n           <\/div><div class=\"col\" data-terms=\"[&quot;Ekskluzivne parne kupelji&quot;,&quot;Parna kupelj s le\u017ealjkama&quot;]\" >\n          <div class=\"col-inner\" >\n          <a href=\"https:\/\/www.soleum.de\/hr\/featured_item\/parna-kupelj-sa-slanom-vodom-u-becu\/\" class=\"plain \">\n          <div class=\"portfolio-box box has-hover\">\n            <div class=\"box-image\" >\n                <div class=\"image-cover\" style=\"padding-top:100%;\">\n                <img loading=\"lazy\" decoding=\"async\" width=\"500\" height=\"331\" src=\"https:\/\/www.soleum.de\/wp-content\/uploads\/2019\/03\/Soledampfbad-Wien-beitrag.jpg\" class=\"attachment-medium size-medium\" alt=\"\" \/>                                                <\/div>\n            <\/div>\n            <div class=\"box-text text-center\" >\n                  <div class=\"box-text-inner\">\n                      <h6 class=\"uppercase portfolio-box-title\">Parna kupelj sa slanom vodom u Be\u010du<\/h6>\n                      <p class=\"uppercase portfolio-box-category is-xsmall op-6\">\n                        <span class=\"show-on-hover\">\n                         Ekskluzivne parne kupelji, Parna kupelj s le\u017ealjkama                        <\/span>\n                      <\/p>\n                  <\/div>\n            <\/div>\n           <\/div>\n           <\/a>\n           <\/div>\n           <\/div><div class=\"col\" data-terms=\"[&quot;Ekskluzivne parne kupelji&quot;,&quot;Parna kupelj s le\u017ealjkama&quot;]\" >\n          <div class=\"col-inner\" >\n          <a href=\"https:\/\/www.soleum.de\/hr\/featured_item\/privatna-parna-kupelj-2\/\" class=\"plain \">\n          <div class=\"portfolio-box box has-hover\">\n            <div class=\"box-image\" >\n                <div class=\"image-cover\" style=\"padding-top:100%;\">\n                <img loading=\"lazy\" decoding=\"async\" width=\"500\" height=\"333\" src=\"https:\/\/www.soleum.de\/wp-content\/uploads\/2018\/10\/Dampfbad-privat-beitrag.jpg\" class=\"attachment-medium size-medium\" alt=\"\" \/>                                                <\/div>\n            <\/div>\n            <div class=\"box-text text-center\" >\n                  <div class=\"box-text-inner\">\n                      <h6 class=\"uppercase portfolio-box-title\">Privatna parna kupelj<\/h6>\n                      <p class=\"uppercase portfolio-box-category is-xsmall op-6\">\n                        <span class=\"show-on-hover\">\n                         Ekskluzivne parne kupelji, Parna kupelj s le\u017ealjkama                        <\/span>\n                      <\/p>\n                  <\/div>\n            <\/div>\n           <\/div>\n           <\/a>\n           <\/div>\n           <\/div><div class=\"col\" data-terms=\"[&quot;Ekskluzivne parne kupelji&quot;,&quot;Parna kupelj s le\u017ealjkama&quot;]\" >\n          <div class=\"col-inner\" >\n          <a href=\"https:\/\/www.soleum.de\/hr\/featured_item\/parna-kupelj-sa-zvjezdanim-nebom\/\" class=\"plain \">\n          <div class=\"portfolio-box box has-hover\">\n            <div class=\"box-image\" >\n                <div class=\"image-cover\" style=\"padding-top:100%;\">\n                <img loading=\"lazy\" decoding=\"async\" width=\"500\" height=\"333\" src=\"https:\/\/www.soleum.de\/wp-content\/uploads\/2018\/07\/Dampfbad-mit-Sternenhimmel-beitrag.jpg\" class=\"attachment-medium size-medium\" alt=\"\" \/>                                                <\/div>\n            <\/div>\n            <div class=\"box-text text-center\" >\n                  <div class=\"box-text-inner\">\n                      <h6 class=\"uppercase portfolio-box-title\">Parna kupelj sa zvjezdanim nebom<\/h6>\n                      <p class=\"uppercase portfolio-box-category is-xsmall op-6\">\n                        <span class=\"show-on-hover\">\n                         Ekskluzivne parne kupelji, Parna kupelj s le\u017ealjkama                        <\/span>\n                      <\/p>\n                  <\/div>\n            <\/div>\n           <\/div>\n           <\/a>\n           <\/div>\n           <\/div><div class=\"col\" data-terms=\"[&quot;Ekskluzivne parne kupelji&quot;]\" >\n          <div class=\"col-inner\" >\n          <a href=\"https:\/\/www.soleum.de\/hr\/featured_item\/hotelska-parna-kupelj-biljna-parna-kupelj\/\" class=\"plain \">\n          <div class=\"portfolio-box box has-hover\">\n            <div class=\"box-image\" >\n                <div class=\"image-cover\" style=\"padding-top:100%;\">\n                <img loading=\"lazy\" decoding=\"async\" width=\"602\" height=\"400\" src=\"https:\/\/www.soleum.de\/wp-content\/uploads\/2017\/12\/Hotel_Dampfbad_Flachau-09-602x400.jpg\" class=\"attachment-medium size-medium\" alt=\"\" srcset=\"https:\/\/www.soleum.de\/wp-content\/uploads\/2017\/12\/Hotel_Dampfbad_Flachau-09-602x400.jpg 602w, https:\/\/www.soleum.de\/wp-content\/uploads\/2017\/12\/Hotel_Dampfbad_Flachau-09-510x339.jpg 510w, https:\/\/www.soleum.de\/wp-content\/uploads\/2017\/12\/Hotel_Dampfbad_Flachau-09-768x511.jpg 768w, https:\/\/www.soleum.de\/wp-content\/uploads\/2017\/12\/Hotel_Dampfbad_Flachau-09.jpg 1000w\" sizes=\"auto, (max-width: 602px) 100vw, 602px\" \/>                                                <\/div>\n            <\/div>\n            <div class=\"box-text text-center\" >\n                  <div class=\"box-text-inner\">\n                      <h6 class=\"uppercase portfolio-box-title\">Hotelska parna kupelj biljna parna kupelj<\/h6>\n                      <p class=\"uppercase portfolio-box-category is-xsmall op-6\">\n                        <span class=\"show-on-hover\">\n                         Ekskluzivne parne kupelji                        <\/span>\n                      <\/p>\n                  <\/div>\n            <\/div>\n           <\/div>\n           <\/a>\n           <\/div>\n           <\/div><div class=\"col\" data-terms=\"[&quot;Ekskluzivne parne kupelji&quot;,&quot;Parna kupelj s le\u017ealjkama&quot;]\" >\n          <div class=\"col-inner\" >\n          <a href=\"https:\/\/www.soleum.de\/hr\/featured_item\/hotel-za-parnu-kupelj-sa-slanom-vodom\/\" class=\"plain \">\n          <div class=\"portfolio-box box has-hover\">\n            <div class=\"box-image\" >\n                <div class=\"image-cover\" style=\"padding-top:100%;\">\n                <img loading=\"lazy\" decoding=\"async\" width=\"500\" height=\"333\" src=\"https:\/\/www.soleum.de\/wp-content\/uploads\/2017\/11\/Soledampfbad-Hotel-500.jpg\" class=\"attachment-medium size-medium\" alt=\"\" \/>                                                <\/div>\n            <\/div>\n            <div class=\"box-text text-center\" >\n                  <div class=\"box-text-inner\">\n                      <h6 class=\"uppercase portfolio-box-title\">Hotel za parnu kupelj sa slanom vodom<\/h6>\n                      <p class=\"uppercase portfolio-box-category is-xsmall op-6\">\n                        <span class=\"show-on-hover\">\n                         Ekskluzivne parne kupelji, Parna kupelj s le\u017ealjkama                        <\/span>\n                      <\/p>\n                  <\/div>\n            <\/div>\n           <\/div>\n           <\/a>\n           <\/div>\n           <\/div><div class=\"col\" data-terms=\"[&quot;Ekskluzivne parne kupelji&quot;,&quot;Parna kupelj sa sjedalima&quot;]\" >\n          <div class=\"col-inner\" >\n          <a href=\"https:\/\/www.soleum.de\/hr\/featured_item\/privatni-wellness-centar\/\" class=\"plain \">\n          <div class=\"portfolio-box box has-hover\">\n            <div class=\"box-image\" >\n                <div class=\"image-cover\" style=\"padding-top:100%;\">\n                <img loading=\"lazy\" decoding=\"async\" width=\"599\" height=\"400\" src=\"https:\/\/www.soleum.de\/wp-content\/uploads\/2017\/10\/privater-Wellnessbereich-Sauna-Dampfbad-Beitrag-599x400.jpg\" class=\"attachment-medium size-medium\" alt=\"\" srcset=\"https:\/\/www.soleum.de\/wp-content\/uploads\/2017\/10\/privater-Wellnessbereich-Sauna-Dampfbad-Beitrag-599x400.jpg 599w, https:\/\/www.soleum.de\/wp-content\/uploads\/2017\/10\/privater-Wellnessbereich-Sauna-Dampfbad-Beitrag-510x341.jpg 510w, https:\/\/www.soleum.de\/wp-content\/uploads\/2017\/10\/privater-Wellnessbereich-Sauna-Dampfbad-Beitrag.jpg 600w\" sizes=\"auto, (max-width: 599px) 100vw, 599px\" \/>                                                <\/div>\n            <\/div>\n            <div class=\"box-text text-center\" >\n                  <div class=\"box-text-inner\">\n                      <h6 class=\"uppercase portfolio-box-title\">Privatni wellness centar<\/h6>\n                      <p class=\"uppercase portfolio-box-category is-xsmall op-6\">\n                        <span class=\"show-on-hover\">\n                         Ekskluzivne parne kupelji, Parna kupelj sa sjedalima                        <\/span>\n                      <\/p>\n                  <\/div>\n            <\/div>\n           <\/div>\n           <\/a>\n           <\/div>\n           <\/div><div class=\"col\" data-terms=\"[&quot;Ekskluzivne parne kupelji&quot;,&quot;Parna kupelj sa sjedalima&quot;]\" >\n          <div class=\"col-inner\" >\n          <a href=\"https:\/\/www.soleum.de\/hr\/featured_item\/hotelska-parna-kupelj\/\" class=\"plain \">\n          <div class=\"portfolio-box box has-hover\">\n            <div class=\"box-image\" >\n                <div class=\"image-cover\" style=\"padding-top:100%;\">\n                <img loading=\"lazy\" decoding=\"async\" width=\"600\" height=\"400\" src=\"https:\/\/www.soleum.de\/wp-content\/uploads\/2017\/05\/Hoteldampfbad-Hotel-Forsthofalm-600x400.jpg\" class=\"attachment-medium size-medium\" alt=\"\" srcset=\"https:\/\/www.soleum.de\/wp-content\/uploads\/2017\/05\/Hoteldampfbad-Hotel-Forsthofalm-600x400.jpg 600w, https:\/\/www.soleum.de\/wp-content\/uploads\/2017\/05\/Hoteldampfbad-Hotel-Forsthofalm-510x340.jpg 510w, https:\/\/www.soleum.de\/wp-content\/uploads\/2017\/05\/Hoteldampfbad-Hotel-Forsthofalm-768x512.jpg 768w, https:\/\/www.soleum.de\/wp-content\/uploads\/2017\/05\/Hoteldampfbad-Hotel-Forsthofalm.jpg 800w\" sizes=\"auto, (max-width: 600px) 100vw, 600px\" \/>                                                <\/div>\n            <\/div>\n            <div class=\"box-text text-center\" >\n                  <div class=\"box-text-inner\">\n                      <h6 class=\"uppercase portfolio-box-title\">Hotelska parna kupelj<\/h6>\n                      <p class=\"uppercase portfolio-box-category is-xsmall op-6\">\n                        <span class=\"show-on-hover\">\n                         Ekskluzivne parne kupelji, Parna kupelj sa sjedalima                        <\/span>\n                      <\/p>\n                  <\/div>\n            <\/div>\n           <\/div>\n           <\/a>\n           <\/div>\n           <\/div><div class=\"col\" data-terms=\"[&quot;Ekskluzivne parne kupelji&quot;]\" >\n          <div class=\"col-inner\" >\n          <a href=\"https:\/\/www.soleum.de\/hr\/featured_item\/parna-kupelj-sa-slanom-vodom-bec\/\" class=\"plain \">\n          <div class=\"portfolio-box box has-hover\">\n            <div class=\"box-image\" >\n                <div class=\"image-cover\" style=\"padding-top:100%;\">\n                <img loading=\"lazy\" decoding=\"async\" width=\"500\" height=\"334\" src=\"https:\/\/www.soleum.de\/wp-content\/uploads\/2017\/04\/Soledampfbad-Wien-beitrag.jpg\" class=\"attachment-medium size-medium\" alt=\"\" \/>                                                <\/div>\n            <\/div>\n            <div class=\"box-text text-center\" >\n                  <div class=\"box-text-inner\">\n                      <h6 class=\"uppercase portfolio-box-title\">Parna kupelj sa slanom vodom Be\u010d<\/h6>\n                      <p class=\"uppercase portfolio-box-category is-xsmall op-6\">\n                        <span class=\"show-on-hover\">\n                         Ekskluzivne parne kupelji                        <\/span>\n                      <\/p>\n                  <\/div>\n            <\/div>\n           <\/div>\n           <\/a>\n           <\/div>\n           <\/div><div class=\"col\" data-terms=\"[&quot;Ekskluzivne parne kupelji&quot;]\" >\n          <div class=\"col-inner\" >\n          <a href=\"https:\/\/www.soleum.de\/hr\/featured_item\/parna-kupelj-bec\/\" class=\"plain \">\n          <div class=\"portfolio-box box has-hover\">\n            <div class=\"box-image\" >\n                <div class=\"image-cover\" style=\"padding-top:100%;\">\n                <img loading=\"lazy\" decoding=\"async\" width=\"500\" height=\"333\" src=\"https:\/\/www.soleum.de\/wp-content\/uploads\/2017\/04\/Dampfbad-Wien-Beitrag.jpg\" class=\"attachment-medium size-medium\" alt=\"\" \/>                                                <\/div>\n            <\/div>\n            <div class=\"box-text text-center\" >\n                  <div class=\"box-text-inner\">\n                      <h6 class=\"uppercase portfolio-box-title\">Parna kupelj Be\u010d<\/h6>\n                      <p class=\"uppercase portfolio-box-category is-xsmall op-6\">\n                        <span class=\"show-on-hover\">\n                         Ekskluzivne parne kupelji                        <\/span>\n                      <\/p>\n                  <\/div>\n            <\/div>\n           <\/div>\n           <\/a>\n           <\/div>\n           <\/div><div class=\"col\" data-terms=\"[&quot;Ekskluzivne parne kupelji&quot;]\" >\n          <div class=\"col-inner\" >\n          <a href=\"https:\/\/www.soleum.de\/hr\/featured_item\/parna-kupelj-sa-slanom-vodom\/\" class=\"plain \">\n          <div class=\"portfolio-box box has-hover\">\n            <div class=\"box-image\" >\n                <div class=\"image-cover\" style=\"padding-top:100%;\">\n                <img loading=\"lazy\" decoding=\"async\" width=\"500\" height=\"333\" src=\"https:\/\/www.soleum.de\/wp-content\/uploads\/2017\/02\/soledampfbad-von-soleum-beitrag.jpg\" class=\"attachment-medium size-medium\" alt=\"\" \/>                                                <\/div>\n            <\/div>\n            <div class=\"box-text text-center\" >\n                  <div class=\"box-text-inner\">\n                      <h6 class=\"uppercase portfolio-box-title\">Parna kupelj sa slanom vodom<\/h6>\n                      <p class=\"uppercase portfolio-box-category is-xsmall op-6\">\n                        <span class=\"show-on-hover\">\n                         Ekskluzivne parne kupelji                        <\/span>\n                      <\/p>\n                  <\/div>\n            <\/div>\n           <\/div>\n           <\/a>\n           <\/div>\n           <\/div><div class=\"col\" data-terms=\"[&quot;Ekskluzivne parne kupelji&quot;]\" >\n          <div class=\"col-inner\" >\n          <a href=\"https:\/\/www.soleum.de\/hr\/featured_item\/soleum-maiers-hotel-loipersdorf\/\" class=\"plain \">\n          <div class=\"portfolio-box box has-hover\">\n            <div class=\"box-image\" >\n                <div class=\"image-cover\" style=\"padding-top:100%;\">\n                <img loading=\"lazy\" decoding=\"async\" width=\"500\" height=\"333\" src=\"https:\/\/www.soleum.de\/wp-content\/uploads\/2017\/02\/Soleum-hotel-maiers-500.jpg\" class=\"attachment-medium size-medium\" alt=\"\" \/>                                                <\/div>\n            <\/div>\n            <div class=\"box-text text-center\" >\n                  <div class=\"box-text-inner\">\n                      <h6 class=\"uppercase portfolio-box-title\">SOLEUM Maiers Hotel Loipersdorf<\/h6>\n                      <p class=\"uppercase portfolio-box-category is-xsmall op-6\">\n                        <span class=\"show-on-hover\">\n                         Ekskluzivne parne kupelji                        <\/span>\n                      <\/p>\n                  <\/div>\n            <\/div>\n           <\/div>\n           <\/a>\n           <\/div>\n           <\/div><\/div><\/div>\n\n<div id=\"portfolio-1318466647\" class=\"portfolio-element-wrapper has-filtering\">\n  \n    <div class=\"row large-columns-5 medium-columns-3 small-columns-2 row-large slider row-slider slider-nav-reveal slider-nav-push\"  data-flickity-options='{&quot;imagesLoaded&quot;: true, &quot;groupCells&quot;: &quot;100%&quot;, &quot;dragThreshold&quot; : 5, &quot;cellAlign&quot;: &quot;left&quot;,&quot;wrapAround&quot;: true,&quot;prevNextButtons&quot;: true,&quot;percentPosition&quot;: true,&quot;pageDots&quot;: false, &quot;rightToLeft&quot;: false, &quot;autoPlay&quot; : false}' >\n\n    <div class=\"col\" data-terms=\"[&quot;Kabine za morsku klimu&quot;]\" >\n          <div class=\"col-inner\" >\n          <a href=\"https:\/\/www.soleum.de\/hr\/featured_item\/vanjski-spa-za-vanjsku-upotrebu\/\" class=\"plain \">\n          <div class=\"portfolio-box box has-hover\">\n            <div class=\"box-image\" >\n                <div class=\"image-cover\" style=\"padding-top:100%;\">\n                <img loading=\"lazy\" decoding=\"async\" width=\"500\" height=\"311\" src=\"https:\/\/www.soleum.de\/wp-content\/uploads\/2021\/11\/Meeresklimakabine-fuer-den-Aussenbereich.jpg\" class=\"attachment-medium size-medium\" alt=\"\" \/>                                                <\/div>\n            <\/div>\n            <div class=\"box-text text-center\" >\n                  <div class=\"box-text-inner\">\n                      <h6 class=\"uppercase portfolio-box-title\">Vanjski SPA za vanjsku upotrebu<\/h6>\n                      <p class=\"uppercase portfolio-box-category is-xsmall op-6\">\n                        <span class=\"show-on-hover\">\n                         Kabine za morsku klimu                        <\/span>\n                      <\/p>\n                  <\/div>\n            <\/div>\n           <\/div>\n           <\/a>\n           <\/div>\n           <\/div><div class=\"col\" data-terms=\"[&quot;Kabine za morsku klimu&quot;]\" >\n          <div class=\"col-inner\" >\n          <a href=\"https:\/\/www.soleum.de\/hr\/featured_item\/soleum-morska-klimatska-kabina-omega-hirschenhotel-parsberg\/\" class=\"plain \">\n          <div class=\"portfolio-box box has-hover\">\n            <div class=\"box-image\" >\n                <div class=\"image-cover\" style=\"padding-top:100%;\">\n                <img loading=\"lazy\" decoding=\"async\" width=\"600\" height=\"400\" src=\"https:\/\/www.soleum.de\/wp-content\/uploads\/2021\/11\/Soleum-Omega-Meeresklimakabine-2.jpg\" class=\"attachment-medium size-medium\" alt=\"\" srcset=\"https:\/\/www.soleum.de\/wp-content\/uploads\/2021\/11\/Soleum-Omega-Meeresklimakabine-2.jpg 600w, https:\/\/www.soleum.de\/wp-content\/uploads\/2021\/11\/Soleum-Omega-Meeresklimakabine-2-510x340.jpg 510w\" sizes=\"auto, (max-width: 600px) 100vw, 600px\" \/>                                                <\/div>\n            <\/div>\n            <div class=\"box-text text-center\" >\n                  <div class=\"box-text-inner\">\n                      <h6 class=\"uppercase portfolio-box-title\">Soleum morska klimatska kabina OMEGA Hirschenhotel Parsberg<\/h6>\n                      <p class=\"uppercase portfolio-box-category is-xsmall op-6\">\n                        <span class=\"show-on-hover\">\n                         Kabine za morsku klimu                        <\/span>\n                      <\/p>\n                  <\/div>\n            <\/div>\n           <\/div>\n           <\/a>\n           <\/div>\n           <\/div><div class=\"col\" data-terms=\"[&quot;Kabine za morsku klimu&quot;]\" >\n          <div class=\"col-inner\" >\n          <a href=\"https:\/\/www.soleum.de\/hr\/featured_item\/parna-kupelj-za-vanjsku-upotrebu\/\" class=\"plain \">\n          <div class=\"portfolio-box box has-hover\">\n            <div class=\"box-image\" >\n                <div class=\"image-cover\" style=\"padding-top:100%;\">\n                <img loading=\"lazy\" decoding=\"async\" width=\"400\" height=\"400\" src=\"https:\/\/www.soleum.de\/wp-content\/uploads\/2022\/03\/Dampfbad-fuer-den-Aussenbereich-400x400.jpg\" class=\"attachment-medium size-medium\" alt=\"\" srcset=\"https:\/\/www.soleum.de\/wp-content\/uploads\/2022\/03\/Dampfbad-fuer-den-Aussenbereich-400x400.jpg 400w, https:\/\/www.soleum.de\/wp-content\/uploads\/2022\/03\/Dampfbad-fuer-den-Aussenbereich-280x280.jpg 280w, https:\/\/www.soleum.de\/wp-content\/uploads\/2022\/03\/Dampfbad-fuer-den-Aussenbereich-510x510.jpg 510w, https:\/\/www.soleum.de\/wp-content\/uploads\/2022\/03\/Dampfbad-fuer-den-Aussenbereich-100x100.jpg 100w, https:\/\/www.soleum.de\/wp-content\/uploads\/2022\/03\/Dampfbad-fuer-den-Aussenbereich.jpg 600w\" sizes=\"auto, (max-width: 400px) 100vw, 400px\" \/>                                                <\/div>\n            <\/div>\n            <div class=\"box-text text-center\" >\n                  <div class=\"box-text-inner\">\n                      <h6 class=\"uppercase portfolio-box-title\">Parna kupelj za vanjsku upotrebu<\/h6>\n                      <p class=\"uppercase portfolio-box-category is-xsmall op-6\">\n                        <span class=\"show-on-hover\">\n                         Kabine za morsku klimu                        <\/span>\n                      <\/p>\n                  <\/div>\n            <\/div>\n           <\/div>\n           <\/a>\n           <\/div>\n           <\/div><div class=\"col\" data-terms=\"[&quot;Kabine za morsku klimu&quot;]\" >\n          <div class=\"col-inner\" >\n          <a href=\"https:\/\/www.soleum.de\/hr\/featured_item\/vanjski-spa-soleum-elipsa\/\" class=\"plain \">\n          <div class=\"portfolio-box box has-hover\">\n            <div class=\"box-image\" >\n                <div class=\"image-cover\" style=\"padding-top:100%;\">\n                <img loading=\"lazy\" decoding=\"async\" width=\"500\" height=\"375\" src=\"https:\/\/www.soleum.de\/wp-content\/uploads\/2021\/11\/Outdoor-SPA-Meeresklimakabine-ELLIPSE-Beitrag.jpg\" class=\"attachment-medium size-medium\" alt=\"\" \/>                                                <\/div>\n            <\/div>\n            <div class=\"box-text text-center\" >\n                  <div class=\"box-text-inner\">\n                      <h6 class=\"uppercase portfolio-box-title\">Vanjski SPA SOLEUM ELIPSA<\/h6>\n                      <p class=\"uppercase portfolio-box-category is-xsmall op-6\">\n                        <span class=\"show-on-hover\">\n                         Kabine za morsku klimu                        <\/span>\n                      <\/p>\n                  <\/div>\n            <\/div>\n           <\/div>\n           <\/a>\n           <\/div>\n           <\/div><div class=\"col\" data-terms=\"[&quot;Kabine za morsku klimu&quot;]\" >\n          <div class=\"col-inner\" >\n          <a href=\"https:\/\/www.soleum.de\/hr\/featured_item\/luksuzna-parna-kupelj-s-udisanjem-soli\/\" class=\"plain \">\n          <div class=\"portfolio-box box has-hover\">\n            <div class=\"box-image\" >\n                <div class=\"image-cover\" style=\"padding-top:100%;\">\n                <img loading=\"lazy\" decoding=\"async\" width=\"400\" height=\"400\" src=\"https:\/\/www.soleum.de\/wp-content\/uploads\/2022\/03\/Soleum-Luxusdampfbad-mit-Salzinhalation-Meeresklimakabine-Beitrag-400x400.jpg\" class=\"attachment-medium size-medium\" alt=\"\" srcset=\"https:\/\/www.soleum.de\/wp-content\/uploads\/2022\/03\/Soleum-Luxusdampfbad-mit-Salzinhalation-Meeresklimakabine-Beitrag-400x400.jpg 400w, https:\/\/www.soleum.de\/wp-content\/uploads\/2022\/03\/Soleum-Luxusdampfbad-mit-Salzinhalation-Meeresklimakabine-Beitrag-280x280.jpg 280w, https:\/\/www.soleum.de\/wp-content\/uploads\/2022\/03\/Soleum-Luxusdampfbad-mit-Salzinhalation-Meeresklimakabine-Beitrag-510x510.jpg 510w, https:\/\/www.soleum.de\/wp-content\/uploads\/2022\/03\/Soleum-Luxusdampfbad-mit-Salzinhalation-Meeresklimakabine-Beitrag-100x100.jpg 100w, https:\/\/www.soleum.de\/wp-content\/uploads\/2022\/03\/Soleum-Luxusdampfbad-mit-Salzinhalation-Meeresklimakabine-Beitrag.jpg 600w\" sizes=\"auto, (max-width: 400px) 100vw, 400px\" \/>                                                <\/div>\n            <\/div>\n            <div class=\"box-text text-center\" >\n                  <div class=\"box-text-inner\">\n                      <h6 class=\"uppercase portfolio-box-title\">Luksuzna parna kupelj s udisanjem soli<\/h6>\n                      <p class=\"uppercase portfolio-box-category is-xsmall op-6\">\n                        <span class=\"show-on-hover\">\n                         Kabine za morsku klimu                        <\/span>\n                      <\/p>\n                  <\/div>\n            <\/div>\n           <\/div>\n           <\/a>\n           <\/div>\n           <\/div><div class=\"col\" data-terms=\"[&quot;Kabine za morsku klimu&quot;]\" >\n          <div class=\"col-inner\" >\n          <a href=\"https:\/\/www.soleum.de\/hr\/featured_item\/vanjska-parna-kupelj-za-vrt-spa\/\" class=\"plain \">\n          <div class=\"portfolio-box box has-hover\">\n            <div class=\"box-image\" >\n                <div class=\"image-cover\" style=\"padding-top:100%;\">\n                <img loading=\"lazy\" decoding=\"async\" width=\"600\" height=\"400\" src=\"https:\/\/www.soleum.de\/wp-content\/uploads\/2023\/05\/SOLEUM_Aussen-SPA-ELLIPSE_6_Sicis_Mosaic-600x400.jpg\" class=\"attachment-medium size-medium\" alt=\"\" srcset=\"https:\/\/www.soleum.de\/wp-content\/uploads\/2023\/05\/SOLEUM_Aussen-SPA-ELLIPSE_6_Sicis_Mosaic-600x400.jpg 600w, https:\/\/www.soleum.de\/wp-content\/uploads\/2023\/05\/SOLEUM_Aussen-SPA-ELLIPSE_6_Sicis_Mosaic-768x512.jpg 768w, https:\/\/www.soleum.de\/wp-content\/uploads\/2023\/05\/SOLEUM_Aussen-SPA-ELLIPSE_6_Sicis_Mosaic-510x340.jpg 510w, https:\/\/www.soleum.de\/wp-content\/uploads\/2023\/05\/SOLEUM_Aussen-SPA-ELLIPSE_6_Sicis_Mosaic.jpg 980w\" sizes=\"auto, (max-width: 600px) 100vw, 600px\" \/>                                                <\/div>\n            <\/div>\n            <div class=\"box-text text-center\" >\n                  <div class=\"box-text-inner\">\n                      <h6 class=\"uppercase portfolio-box-title\">Vanjska parna kupelj za vrt SPA<\/h6>\n                      <p class=\"uppercase portfolio-box-category is-xsmall op-6\">\n                        <span class=\"show-on-hover\">\n                         Kabine za morsku klimu                        <\/span>\n                      <\/p>\n                  <\/div>\n            <\/div>\n           <\/div>\n           <\/a>\n           <\/div>\n           <\/div><div class=\"col\" data-terms=\"[&quot;Kabine za morsku klimu&quot;]\" >\n          <div class=\"col-inner\" >\n          <a href=\"https:\/\/www.soleum.de\/hr\/featured_item\/luksuzna-parna-kupelj-za-vanjsku-upotrebu\/\" class=\"plain \">\n          <div class=\"portfolio-box box has-hover\">\n            <div class=\"box-image\" >\n                <div class=\"image-cover\" style=\"padding-top:100%;\">\n                <img loading=\"lazy\" decoding=\"async\" width=\"533\" height=\"400\" src=\"https:\/\/www.soleum.de\/wp-content\/uploads\/2023\/05\/Dampfbad_und_halotherapiekabine-533x400.jpg\" class=\"attachment-medium size-medium\" alt=\"\" srcset=\"https:\/\/www.soleum.de\/wp-content\/uploads\/2023\/05\/Dampfbad_und_halotherapiekabine-533x400.jpg 533w, https:\/\/www.soleum.de\/wp-content\/uploads\/2023\/05\/Dampfbad_und_halotherapiekabine-768x576.jpg 768w, https:\/\/www.soleum.de\/wp-content\/uploads\/2023\/05\/Dampfbad_und_halotherapiekabine-510x383.jpg 510w, https:\/\/www.soleum.de\/wp-content\/uploads\/2023\/05\/Dampfbad_und_halotherapiekabine.jpg 1000w\" sizes=\"auto, (max-width: 533px) 100vw, 533px\" \/>                                                <\/div>\n            <\/div>\n            <div class=\"box-text text-center\" >\n                  <div class=\"box-text-inner\">\n                      <h6 class=\"uppercase portfolio-box-title\">Luksuzna parna kupelj za vanjsku upotrebu<\/h6>\n                      <p class=\"uppercase portfolio-box-category is-xsmall op-6\">\n                        <span class=\"show-on-hover\">\n                         Kabine za morsku klimu                        <\/span>\n                      <\/p>\n                  <\/div>\n            <\/div>\n           <\/div>\n           <\/a>\n           <\/div>\n           <\/div><\/div><\/div>\n\n\t<div id=\"gap-447608045\" class=\"gap-element clearfix\" style=\"display:block; height:auto;\">\n\t\t\n<style>\n#gap-447608045 {\n  padding-top: 40px;\n}\n<\/style>\n\t<\/div>\n\t\n\n<div class=\"container section-title-container\" ><h3 class=\"section-title section-title-center\"><b aria-hidden=\"true\"><\/b><span class=\"section-title-main\" >Zanimljive informacije<\/span><b aria-hidden=\"true\"><\/b><\/h3><\/div>\n\n\n  \n    <div class=\"row large-columns-4 medium-columns-3 small-columns-1 slider row-slider slider-nav-reveal slider-nav-push\"  data-flickity-options='{&quot;imagesLoaded&quot;: true, &quot;groupCells&quot;: &quot;100%&quot;, &quot;dragThreshold&quot; : 5, &quot;cellAlign&quot;: &quot;left&quot;,&quot;wrapAround&quot;: true,&quot;prevNextButtons&quot;: true,&quot;percentPosition&quot;: true,&quot;pageDots&quot;: false, &quot;rightToLeft&quot;: false, &quot;autoPlay&quot; : false}' >\n\n  <div class=\"col post-item\" data-animate=\"fadeInLeft\">\n\t\t\t<div class=\"col-inner\">\n\t\t\t\t<div class=\"box box-bounce box-text-bottom box-blog-post has-hover\">\n            \t\t\t\t\t<div class=\"box-image\" >\n  \t\t\t\t\t\t<div class=\"image-cover\" style=\"padding-top:56%;\">\n\t\t\t\t\t\t\t<a href=\"https:\/\/www.soleum.de\/hr\/moc-haloterapije\/\" class=\"plain\" aria-label=\"Mo\u0107 haloterapije\">\n\t\t\t\t\t\t\t\t<img loading=\"lazy\" decoding=\"async\" width=\"600\" height=\"336\" src=\"https:\/\/www.soleum.de\/wp-content\/uploads\/2024\/02\/halotherapie-halotherapy.jpg\" class=\"attachment-medium size-medium wp-post-image\" alt=\"haloterapija-haloterapija\" srcset=\"https:\/\/www.soleum.de\/wp-content\/uploads\/2024\/02\/halotherapie-halotherapy.jpg 600w, https:\/\/www.soleum.de\/wp-content\/uploads\/2024\/02\/halotherapie-halotherapy-510x286.jpg 510w\" sizes=\"auto, (max-width: 600px) 100vw, 600px\" \/>\t\t\t\t\t\t\t<\/a>\n  \t\t\t\t\t\t\t  \t\t\t\t\t\t\t  \t\t\t\t\t\t<\/div>\n  \t\t\t\t\t\t  \t\t\t\t\t<\/div>\n          \t\t\t\t\t<div class=\"box-text text-center\" >\n\t\t\t\t\t<div class=\"box-text-inner blog-post-inner\">\n\n\t\t\t\t\t\n\t\t\t\t\t\t\t\t\t\t<h5 class=\"post-title is-large \">\n\t\t\t\t\t\t<a href=\"https:\/\/www.soleum.de\/hr\/moc-haloterapije\/\" class=\"plain\">Mo\u0107 haloterapije<\/a>\n\t\t\t\t\t<\/h5>\n\t\t\t\t\t\t\t\t\t\t<div class=\"is-divider\"><\/div>\n\t\t\t\t\t\t\t\t\t\t<p class=\"from_the_blog_excerpt \">\n\t\t\t\t\t\tJedna terapija koja je posljednjih godina postala popularna je haloterapija - tako\u0111er poznata kao terapija [...]\t\t\t\t\t<\/p>\n\t\t\t\t\t                    \n\t\t\t\t\t\n\t\t\t\t\t\n\t\t\t\t\t<\/div>\n\t\t\t\t\t<\/div>\n\t\t\t\t\t\t\t\t\t\t\t\t\t\t\t\t<div class=\"badge absolute top post-date badge-outline\">\n\t\t\t\t\t\t\t<div class=\"badge-inner\">\n\t\t\t\t\t\t\t\t<span class=\"post-date-day\">28<\/span><br>\n\t\t\t\t\t\t\t\t<span class=\"post-date-month is-xsmall\">velj<\/span>\n\t\t\t\t\t\t\t<\/div>\n\t\t\t\t\t\t<\/div>\n\t\t\t\t\t\t\t\t\t<\/div>\n\t\t\t<\/div>\n\t\t<\/div><div class=\"col post-item\" data-animate=\"fadeInLeft\">\n\t\t\t<div class=\"col-inner\">\n\t\t\t\t<div class=\"box box-bounce box-text-bottom box-blog-post has-hover\">\n            \t\t\t\t\t<div class=\"box-image\" >\n  \t\t\t\t\t\t<div class=\"image-cover\" style=\"padding-top:56%;\">\n\t\t\t\t\t\t\t<a href=\"https:\/\/www.soleum.de\/hr\/izgradite-vlastitu-parnu-kupelj\/\" class=\"plain\" aria-label=\"Izgradite vlastitu parnu kupelj\">\n\t\t\t\t\t\t\t\t<img loading=\"lazy\" decoding=\"async\" width=\"800\" height=\"400\" src=\"https:\/\/www.soleum.de\/wp-content\/uploads\/2023\/10\/Hamam-SPA-Modul-Kombination_T95-BTB-GK-800x400.jpg\" class=\"attachment-medium size-medium wp-post-image\" alt=\"Hamam-SPA-Module-Kombination_T95-BTB-GK\" srcset=\"https:\/\/www.soleum.de\/wp-content\/uploads\/2023\/10\/Hamam-SPA-Modul-Kombination_T95-BTB-GK-800x400.jpg 800w, https:\/\/www.soleum.de\/wp-content\/uploads\/2023\/10\/Hamam-SPA-Modul-Kombination_T95-BTB-GK-768x384.jpg 768w, https:\/\/www.soleum.de\/wp-content\/uploads\/2023\/10\/Hamam-SPA-Modul-Kombination_T95-BTB-GK-510x255.jpg 510w, https:\/\/www.soleum.de\/wp-content\/uploads\/2023\/10\/Hamam-SPA-Modul-Kombination_T95-BTB-GK.jpg 1200w\" sizes=\"auto, (max-width: 800px) 100vw, 800px\" \/>\t\t\t\t\t\t\t<\/a>\n  \t\t\t\t\t\t\t  \t\t\t\t\t\t\t  \t\t\t\t\t\t<\/div>\n  \t\t\t\t\t\t  \t\t\t\t\t<\/div>\n          \t\t\t\t\t<div class=\"box-text text-center\" >\n\t\t\t\t\t<div class=\"box-text-inner blog-post-inner\">\n\n\t\t\t\t\t\n\t\t\t\t\t\t\t\t\t\t<h5 class=\"post-title is-large \">\n\t\t\t\t\t\t<a href=\"https:\/\/www.soleum.de\/hr\/izgradite-vlastitu-parnu-kupelj\/\" class=\"plain\">Izgradite vlastitu parnu kupelj<\/a>\n\t\t\t\t\t<\/h5>\n\t\t\t\t\t\t\t\t\t\t<div class=\"is-divider\"><\/div>\n\t\t\t\t\t\t\t\t\t\t<p class=\"from_the_blog_excerpt \">\n\t\t\t\t\t\tIzgradite vlastitu parnu kupelj - sa SPA modulima tvrtke SOLEUM Za samostalnu konstrukciju parnih kupelji [...]\t\t\t\t\t<\/p>\n\t\t\t\t\t                    \n\t\t\t\t\t\n\t\t\t\t\t\n\t\t\t\t\t<\/div>\n\t\t\t\t\t<\/div>\n\t\t\t\t\t\t\t\t\t\t\t\t\t\t\t\t<div class=\"badge absolute top post-date badge-outline\">\n\t\t\t\t\t\t\t<div class=\"badge-inner\">\n\t\t\t\t\t\t\t\t<span class=\"post-date-day\">09<\/span><br>\n\t\t\t\t\t\t\t\t<span class=\"post-date-month is-xsmall\">lis<\/span>\n\t\t\t\t\t\t\t<\/div>\n\t\t\t\t\t\t<\/div>\n\t\t\t\t\t\t\t\t\t<\/div>\n\t\t\t<\/div>\n\t\t<\/div><div class=\"col post-item\" data-animate=\"fadeInLeft\">\n\t\t\t<div class=\"col-inner\">\n\t\t\t\t<div class=\"box box-bounce box-text-bottom box-blog-post has-hover\">\n            \t\t\t\t\t<div class=\"box-image\" >\n  \t\t\t\t\t\t<div class=\"image-cover\" style=\"padding-top:56%;\">\n\t\t\t\t\t\t\t<a href=\"https:\/\/www.soleum.de\/hr\/parna-kupelj-tehnickog-podrucja-2\/\" class=\"plain\" aria-label=\"Parna kupelj tehni\u010dkog podru\u010dja\">\n\t\t\t\t\t\t\t\t<img loading=\"lazy\" decoding=\"async\" width=\"480\" height=\"400\" src=\"https:\/\/www.soleum.de\/wp-content\/uploads\/2023\/10\/Dampfgenerator-Schema_1-480x400.jpg\" class=\"attachment-medium size-medium wp-post-image\" alt=\"Parna kupelj tehni\u010dkog podru\u010dja\" srcset=\"https:\/\/www.soleum.de\/wp-content\/uploads\/2023\/10\/Dampfgenerator-Schema_1-480x400.jpg 480w, https:\/\/www.soleum.de\/wp-content\/uploads\/2023\/10\/Dampfgenerator-Schema_1-959x800.jpg 959w, https:\/\/www.soleum.de\/wp-content\/uploads\/2023\/10\/Dampfgenerator-Schema_1-768x641.jpg 768w, https:\/\/www.soleum.de\/wp-content\/uploads\/2023\/10\/Dampfgenerator-Schema_1-510x425.jpg 510w, https:\/\/www.soleum.de\/wp-content\/uploads\/2023\/10\/Dampfgenerator-Schema_1.jpg 1000w\" sizes=\"auto, (max-width: 480px) 100vw, 480px\" \/>\t\t\t\t\t\t\t<\/a>\n  \t\t\t\t\t\t\t  \t\t\t\t\t\t\t  \t\t\t\t\t\t<\/div>\n  \t\t\t\t\t\t  \t\t\t\t\t<\/div>\n          \t\t\t\t\t<div class=\"box-text text-center\" >\n\t\t\t\t\t<div class=\"box-text-inner blog-post-inner\">\n\n\t\t\t\t\t\n\t\t\t\t\t\t\t\t\t\t<h5 class=\"post-title is-large \">\n\t\t\t\t\t\t<a href=\"https:\/\/www.soleum.de\/hr\/parna-kupelj-tehnickog-podrucja-2\/\" class=\"plain\">Parna kupelj tehni\u010dkog podru\u010dja<\/a>\n\t\t\t\t\t<\/h5>\n\t\t\t\t\t\t\t\t\t\t<div class=\"is-divider\"><\/div>\n\t\t\t\t\t\t\t\t\t\t<p class=\"from_the_blog_excerpt \">\n\t\t\t\t\t\tOvdje \u0107ete prona\u0107i informacije o tehni\u010dkom podru\u010dju parne kupelji. Tehnologija parne kupelji treba prostora!\t\t\t\t\t<\/p>\n\t\t\t\t\t                    \n\t\t\t\t\t\n\t\t\t\t\t\n\t\t\t\t\t<\/div>\n\t\t\t\t\t<\/div>\n\t\t\t\t\t\t\t\t\t\t\t\t\t\t\t\t<div class=\"badge absolute top post-date badge-outline\">\n\t\t\t\t\t\t\t<div class=\"badge-inner\">\n\t\t\t\t\t\t\t\t<span class=\"post-date-day\">04<\/span><br>\n\t\t\t\t\t\t\t\t<span class=\"post-date-month is-xsmall\">lis<\/span>\n\t\t\t\t\t\t\t<\/div>\n\t\t\t\t\t\t<\/div>\n\t\t\t\t\t\t\t\t\t<\/div>\n\t\t\t<\/div>\n\t\t<\/div><div class=\"col post-item\" data-animate=\"fadeInLeft\">\n\t\t\t<div class=\"col-inner\">\n\t\t\t\t<div class=\"box box-bounce box-text-bottom box-blog-post has-hover\">\n            \t\t\t\t\t<div class=\"box-image\" >\n  \t\t\t\t\t\t<div class=\"image-cover\" style=\"padding-top:56%;\">\n\t\t\t\t\t\t\t<a href=\"https:\/\/www.soleum.de\/hr\/vanjska-sauna-soleum-parna-sauna-za-vanjsku-upotrebu\/\" class=\"plain\" aria-label=\"Vanjska sauna SOLEUM &#8211; Parna sauna za vanjsku upotrebu\">\n\t\t\t\t\t\t\t\t<img loading=\"lazy\" decoding=\"async\" width=\"533\" height=\"400\" src=\"https:\/\/www.soleum.de\/wp-content\/uploads\/2023\/08\/Aussensauna-Outdoor-SPA-SOLEUM-533x400.jpg\" class=\"attachment-medium size-medium wp-post-image\" alt=\"Vanjska sauna, vanjski SPA by SOLEUM\" srcset=\"https:\/\/www.soleum.de\/wp-content\/uploads\/2023\/08\/Aussensauna-Outdoor-SPA-SOLEUM-533x400.jpg 533w, https:\/\/www.soleum.de\/wp-content\/uploads\/2023\/08\/Aussensauna-Outdoor-SPA-SOLEUM-768x576.jpg 768w, https:\/\/www.soleum.de\/wp-content\/uploads\/2023\/08\/Aussensauna-Outdoor-SPA-SOLEUM-510x383.jpg 510w, https:\/\/www.soleum.de\/wp-content\/uploads\/2023\/08\/Aussensauna-Outdoor-SPA-SOLEUM.jpg 800w\" sizes=\"auto, (max-width: 533px) 100vw, 533px\" \/>\t\t\t\t\t\t\t<\/a>\n  \t\t\t\t\t\t\t  \t\t\t\t\t\t\t  \t\t\t\t\t\t<\/div>\n  \t\t\t\t\t\t  \t\t\t\t\t<\/div>\n          \t\t\t\t\t<div class=\"box-text text-center\" >\n\t\t\t\t\t<div class=\"box-text-inner blog-post-inner\">\n\n\t\t\t\t\t\n\t\t\t\t\t\t\t\t\t\t<h5 class=\"post-title is-large \">\n\t\t\t\t\t\t<a href=\"https:\/\/www.soleum.de\/hr\/vanjska-sauna-soleum-parna-sauna-za-vanjsku-upotrebu\/\" class=\"plain\">Vanjska sauna SOLEUM &#8211; Parna sauna za vanjsku upotrebu<\/a>\n\t\t\t\t\t<\/h5>\n\t\t\t\t\t\t\t\t\t\t<div class=\"is-divider\"><\/div>\n\t\t\t\t\t\t\t\t\t\t<p class=\"from_the_blog_excerpt \">\n\t\t\t\t\t\tJedinstvena i s mnogim prednostima, predstavlja se parna sauna za vanjski prostor Soleuma\u00ae. To je [...]\t\t\t\t\t<\/p>\n\t\t\t\t\t                    \n\t\t\t\t\t\n\t\t\t\t\t\n\t\t\t\t\t<\/div>\n\t\t\t\t\t<\/div>\n\t\t\t\t\t\t\t\t\t\t\t\t\t\t\t\t<div class=\"badge absolute top post-date badge-outline\">\n\t\t\t\t\t\t\t<div class=\"badge-inner\">\n\t\t\t\t\t\t\t\t<span class=\"post-date-day\">23<\/span><br>\n\t\t\t\t\t\t\t\t<span class=\"post-date-month is-xsmall\">kol<\/span>\n\t\t\t\t\t\t\t<\/div>\n\t\t\t\t\t\t<\/div>\n\t\t\t\t\t\t\t\t\t<\/div>\n\t\t\t<\/div>\n\t\t<\/div><\/div>\n\n\n","protected":false},"excerpt":{"rendered":"<p>GRIJANE LE\u017dALJKE za hotelske SPA, privatne wellness prostore i dnevne sobe. Hotel SPA le\u017ealjke u svojoj klasi.<\/p>\n","protected":false},"author":1,"featured_media":21053,"parent":0,"menu_order":1,"comment_status":"closed","ping_status":"closed","template":"page-blank.php","meta":{"footnotes":""},"class_list":["post-22004","page","type-page","status-publish","has-post-thumbnail","hentry"],"_links":{"self":[{"href":"https:\/\/www.soleum.de\/hr\/wp-json\/wp\/v2\/pages\/22004","targetHints":{"allow":["GET"]}}],"collection":[{"href":"https:\/\/www.soleum.de\/hr\/wp-json\/wp\/v2\/pages"}],"about":[{"href":"https:\/\/www.soleum.de\/hr\/wp-json\/wp\/v2\/types\/page"}],"author":[{"embeddable":true,"href":"https:\/\/www.soleum.de\/hr\/wp-json\/wp\/v2\/users\/1"}],"replies":[{"embeddable":true,"href":"https:\/\/www.soleum.de\/hr\/wp-json\/wp\/v2\/comments?post=22004"}],"version-history":[{"count":5,"href":"https:\/\/www.soleum.de\/hr\/wp-json\/wp\/v2\/pages\/22004\/revisions"}],"predecessor-version":[{"id":32288,"href":"https:\/\/www.soleum.de\/hr\/wp-json\/wp\/v2\/pages\/22004\/revisions\/32288"}],"wp:featuredmedia":[{"embeddable":true,"href":"https:\/\/www.soleum.de\/hr\/wp-json\/wp\/v2\/media\/21053"}],"wp:attachment":[{"href":"https:\/\/www.soleum.de\/hr\/wp-json\/wp\/v2\/media?parent=22004"}],"curies":[{"name":"wp","href":"https:\/\/api.w.org\/{rel}","templated":true}]}}