{"id":21583,"date":"2013-08-11T19:06:15","date_gmt":"2013-08-11T17:06:15","guid":{"rendered":"https:\/\/www.soleum.de\/rolunk\/"},"modified":"2024-10-22T13:05:39","modified_gmt":"2024-10-22T11:05:39","slug":"rolunk","status":"publish","type":"page","link":"https:\/\/www.soleum.de\/hu\/rolunk\/","title":{"rendered":"R\u00f3lunk"},"content":{"rendered":"\n\n  <div class=\"banner has-hover has-parallax\" id=\"banner-1693854995\">\n          <div class=\"banner-inner fill\">\n        <div class=\"banner-bg fill\" data-parallax=\"-3\" data-parallax-container=\".banner\" data-parallax-background>\n            <img loading=\"lazy\" decoding=\"async\" width=\"1020\" height=\"546\" src=\"https:\/\/www.soleum.de\/wp-content\/uploads\/2017\/02\/Kompetenzzentrum-pregarten-slider_3.jpg\" class=\"bg attachment-large size-large\" alt=\"\" \/>                        <div class=\"overlay\"><\/div>            \n                    <\/div>\n\t\t\n        <div class=\"banner-layers container\">\n            <div class=\"fill banner-link\"><\/div>            \n\n   <div id=\"text-box-938744860\" class=\"text-box banner-layer x100 md-x100 lg-x100 y95 md-y95 lg-y95 res-text\">\n                                <div class=\"text-box-content text dark\">\n              \n              <div class=\"text-inner text-center\">\n                  \n\n<h1 class=\"lead\">SOLEUM GmbH<\/h1>\n<p class=\"lead\">Gy\u00e1rt\u00e1si helysz\u00edn Pregarten, Ausztria<\/p>\n<div class=\"module-wrapper no-cnt mod-paragraph\">\n<div>\n<div>\n<h1 class=\"page-title page-title-larger\">G\u0151zf\u00fcrd\u0151 egy profi szakembert\u0151l &#8211; Vel\u00fcnk vagy!<\/h1>\n<div class=\"page-intro\"><\/div>\n<\/div>\n<\/div>\n<\/div>\n<div class=\"module-wrapper mod-paragraph\">\n<div class=\"cnt-default default \">\n<div class=\"header\">\n<h1><u><strong>G\u0151zf\u00fcrd\u0151k saj\u00e1t gy\u00e1rt\u00e1sb\u00f3l \u00e9s a projekt megval\u00f3s\u00edt\u00e1sa az \u00d6n otthon\u00e1ban.<\/strong><\/u><\/h1>\n<div><\/div>\n<div>G\u0151zkabinok, s\u00f3oldatos g\u0151zf\u00fcrd\u0151k vagy g\u0151zzuhanyok \u00e9s g\u0151zf\u00fcrd\u0151k s\u00f3oldatos k\u00f6dk\u00e9pz\u00e9ssel vagy an\u00e9lk\u00fcl.<\/div>\n<div><\/div>\n<div>Ha Hamamm g\u0151z- vagy s\u00f3svizes barlangot tervez, forduljon hozz\u00e1nk bizalommal!<\/div>\n<\/div>\n<div class=\"body\">\n<div class=\"fl\">\n<div class=\"va-t\"><\/div>\n<div class=\"va-t\">\n<div><strong>A g\u0151zf\u00fcrd\u0151 saj\u00e1t maga \u00e9p\u00edt\u00e9se teh\u00e1t nem kell, hogy neh\u00e9z legyen, a g\u0151zf\u00fcrd\u0151 \u00e9p\u00edt\u00e9s\u00e9n\u00e9l az a fontos, hogy a megfelel\u0151 alkatr\u00e9szeket \u00e9s a h\u00e1tt\u00e9rszolg\u00e1ltat\u00e1st hozz\u00e1\u00e9rt\u0151 szakemberekt\u0151l szerezz\u00fck be!  <\/strong><\/div>\n<div><\/div>\n<div>A g\u0151zf\u00fcrd\u0151padokt\u00f3l kezdve a nyug\u00e1gyakon \u00e9s f\u00fclk\u00e9ken \u00e1t a g\u0151zgener\u00e1torig, itt k\u00edn\u00e1ljuk \u00d6nnek online g\u0151zf\u00fcrd\u0151-technol\u00f3gi\u00e1nkat. A legt\u00f6bb cikk megtekinthet\u0151 \u00e9s kipr\u00f3b\u00e1lhat\u00f3 t\u00f6bb mint 100m2-es bemutat\u00f3term\u00fcnkben.<\/div>\n<\/div>\n<\/div>\n<\/div>\n<\/div>\n<\/div>\n\n              <\/div>\n           <\/div>\n                            \n<style>\n#text-box-938744860 {\n  width: 52%;\n}\n#text-box-938744860 .text-box-content {\n  font-size: 122%;\n}\n<\/style>\n    <\/div>\n \n\n        <\/div>\n      <\/div>\n\n            \n<style>\n#banner-1693854995 {\n  padding-top: 507px;\n}\n#banner-1693854995 .overlay {\n  background-color: rgba(0, 0, 0, 0.49);\n}\n<\/style>\n  <\/div>\n\n\n<div class=\"row row-collapse\"  id=\"row-544412379\">\n\n\n\t<div id=\"col-954938556\" class=\"col small-12 large-12\"  >\n\t\t\t\t<div class=\"col-inner\"  >\n\t\t\t\n\t\t\t\n\n\t<div id=\"gap-899521656\" class=\"gap-element clearfix\" style=\"display:block; height:auto;\">\n\t\t\n<style>\n#gap-899521656 {\n  padding-top: 61px;\n}\n<\/style>\n\t<\/div>\n\t\n\n<div class=\"row\"  id=\"row-343701552\">\n\n\n\t<div id=\"col-164194583\" class=\"col medium-6 small-12 large-6\"  >\n\t\t\t\t<div class=\"col-inner\"  >\n\t\t\t\n\t\t\t\n\n<h3>KAPCSOLAT ADATOK<\/h3>\n<h1>SOLEUM GmbH<\/h1>\n<p><br><br>Gutauerstrasse 42 4230 Pregarten Tel: +43 7236-26200<\/p>\n<p>E-mail: info@soleum.at<\/p>\n<p><br><br>N<strong>yitva tart\u00e1s:<\/strong> H, T, P: 9:00-12:00 \u00e9s 14:00-17:00 Szerda: 9:00-12:00.<\/p>\n<p>A p\u00e9ntek nem munkanap.<\/p>\n<p><br>\u00e9s el\u0151zetes bejelentkez\u00e9s alapj\u00e1n!<\/p>\n<p><br><br><br>UID-sz\u00e1m: ATU66445199 ARA-LN:16346 Landesgericht Linz, FN 362383t A teljes\u00edt\u00e9s helye \u00e9s a joghat\u00f3s\u00e1g helye: LINZ.<\/p>\n\n\t\t<\/div>\n\t\t\t\t\t<\/div>\n\n\t\n\n\t<div id=\"col-485567114\" class=\"col medium-6 small-12 large-6\"  >\n\t\t\t\t<div class=\"col-inner\"  >\n\t\t\t\n\t\t\t\n\n<p>BEMUTAT\u00d3TERM\u00dcNK PREGARTENBEN \/ AUSZTRI\u00c1BAN<\/p>\n\n  \n    <div id=\"gallery-246467006\" class=\"row large-columns-2 medium-columns- small-columns- row-masonry\" data-packery-options='{\"itemSelector\": \".col\", \"gutter\": 0, \"presentageWidth\" : true}'>\n\n  <div class=\"gallery-col col\" >\n          <div class=\"col-inner\">\n            <a class=\"image-lightbox lightbox-gallery\" href=\"https:\/\/www.soleum.de\/wp-content\/uploads\/2023\/08\/Soleum-Schauraum-Pregarten4.jpg\" title=\"\">            <div class=\"box has-hover gallery-box box-overlay dark\">\n              <div class=\"box-image\" >\n                <img loading=\"lazy\" decoding=\"async\" width=\"533\" height=\"400\" src=\"https:\/\/www.soleum.de\/wp-content\/uploads\/2023\/08\/Soleum-Schauraum-Pregarten4-533x400.jpg\" class=\"attachment-medium size-medium\" alt=\"Soleum-Schauraum-Pregarten8\" ids=\"21099,21092,21085,21078,21071,21050,21057,21064\" type=\"masonry\" columns=\"2\" srcset=\"https:\/\/www.soleum.de\/wp-content\/uploads\/2023\/08\/Soleum-Schauraum-Pregarten4-533x400.jpg 533w, https:\/\/www.soleum.de\/wp-content\/uploads\/2023\/08\/Soleum-Schauraum-Pregarten4-768x576.jpg 768w, https:\/\/www.soleum.de\/wp-content\/uploads\/2023\/08\/Soleum-Schauraum-Pregarten4-510x383.jpg 510w, https:\/\/www.soleum.de\/wp-content\/uploads\/2023\/08\/Soleum-Schauraum-Pregarten4.jpg 1000w\" sizes=\"auto, (max-width: 533px) 100vw, 533px\" \/>                                  <div class=\"overlay fill\"\n                      style=\"background-color: rgba(0,0,0,.15)\">\n                  <\/div>\n                                                              <\/div>\n              <div class=\"box-text text-left\" >\n                 <p><\/p>\n              <\/div>\n            <\/div>\n            <\/a>          <\/div>\n         <\/div><div class=\"gallery-col col\" >\n          <div class=\"col-inner\">\n            <a class=\"image-lightbox lightbox-gallery\" href=\"https:\/\/www.soleum.de\/wp-content\/uploads\/2023\/08\/Soleum-Schauraum-Pregarten3.jpg\" title=\"\">            <div class=\"box has-hover gallery-box box-overlay dark\">\n              <div class=\"box-image\" >\n                <img loading=\"lazy\" decoding=\"async\" width=\"533\" height=\"400\" src=\"https:\/\/www.soleum.de\/wp-content\/uploads\/2023\/08\/Soleum-Schauraum-Pregarten3-533x400.jpg\" class=\"attachment-medium size-medium\" alt=\"Soleum-Schauraum-Pregarten8\" ids=\"21099,21092,21085,21078,21071,21050,21057,21064\" type=\"masonry\" columns=\"2\" srcset=\"https:\/\/www.soleum.de\/wp-content\/uploads\/2023\/08\/Soleum-Schauraum-Pregarten3-533x400.jpg 533w, https:\/\/www.soleum.de\/wp-content\/uploads\/2023\/08\/Soleum-Schauraum-Pregarten3-768x576.jpg 768w, https:\/\/www.soleum.de\/wp-content\/uploads\/2023\/08\/Soleum-Schauraum-Pregarten3-510x383.jpg 510w, https:\/\/www.soleum.de\/wp-content\/uploads\/2023\/08\/Soleum-Schauraum-Pregarten3.jpg 1000w\" sizes=\"auto, (max-width: 533px) 100vw, 533px\" \/>                                  <div class=\"overlay fill\"\n                      style=\"background-color: rgba(0,0,0,.15)\">\n                  <\/div>\n                                                              <\/div>\n              <div class=\"box-text text-left\" >\n                 <p><\/p>\n              <\/div>\n            <\/div>\n            <\/a>          <\/div>\n         <\/div><div class=\"gallery-col col\" >\n          <div class=\"col-inner\">\n            <a class=\"image-lightbox lightbox-gallery\" href=\"https:\/\/www.soleum.de\/wp-content\/uploads\/2023\/08\/Soleum-Schauraum-Pregarten2.jpg\" title=\"\">            <div class=\"box has-hover gallery-box box-overlay dark\">\n              <div class=\"box-image\" >\n                <img loading=\"lazy\" decoding=\"async\" width=\"533\" height=\"400\" src=\"https:\/\/www.soleum.de\/wp-content\/uploads\/2023\/08\/Soleum-Schauraum-Pregarten2-533x400.jpg\" class=\"attachment-medium size-medium\" alt=\"Soleum-Schauraum-Pregarten8\" ids=\"21099,21092,21085,21078,21071,21050,21057,21064\" type=\"masonry\" columns=\"2\" srcset=\"https:\/\/www.soleum.de\/wp-content\/uploads\/2023\/08\/Soleum-Schauraum-Pregarten2-533x400.jpg 533w, https:\/\/www.soleum.de\/wp-content\/uploads\/2023\/08\/Soleum-Schauraum-Pregarten2-768x576.jpg 768w, https:\/\/www.soleum.de\/wp-content\/uploads\/2023\/08\/Soleum-Schauraum-Pregarten2-510x383.jpg 510w, https:\/\/www.soleum.de\/wp-content\/uploads\/2023\/08\/Soleum-Schauraum-Pregarten2.jpg 1000w\" sizes=\"auto, (max-width: 533px) 100vw, 533px\" \/>                                  <div class=\"overlay fill\"\n                      style=\"background-color: rgba(0,0,0,.15)\">\n                  <\/div>\n                                                              <\/div>\n              <div class=\"box-text text-left\" >\n                 <p><\/p>\n              <\/div>\n            <\/div>\n            <\/a>          <\/div>\n         <\/div><div class=\"gallery-col col\" >\n          <div class=\"col-inner\">\n            <a class=\"image-lightbox lightbox-gallery\" href=\"https:\/\/www.soleum.de\/wp-content\/uploads\/2023\/08\/Soleum-Schauraum-Pregarten1.jpg\" title=\"\">            <div class=\"box has-hover gallery-box box-overlay dark\">\n              <div class=\"box-image\" >\n                <img loading=\"lazy\" decoding=\"async\" width=\"533\" height=\"400\" src=\"https:\/\/www.soleum.de\/wp-content\/uploads\/2023\/08\/Soleum-Schauraum-Pregarten1-533x400.jpg\" class=\"attachment-medium size-medium\" alt=\"Soleum-Schauraum-Pregarten8\" ids=\"21099,21092,21085,21078,21071,21050,21057,21064\" type=\"masonry\" columns=\"2\" srcset=\"https:\/\/www.soleum.de\/wp-content\/uploads\/2023\/08\/Soleum-Schauraum-Pregarten1-533x400.jpg 533w, https:\/\/www.soleum.de\/wp-content\/uploads\/2023\/08\/Soleum-Schauraum-Pregarten1-768x576.jpg 768w, https:\/\/www.soleum.de\/wp-content\/uploads\/2023\/08\/Soleum-Schauraum-Pregarten1-510x383.jpg 510w, https:\/\/www.soleum.de\/wp-content\/uploads\/2023\/08\/Soleum-Schauraum-Pregarten1.jpg 1000w\" sizes=\"auto, (max-width: 533px) 100vw, 533px\" \/>                                  <div class=\"overlay fill\"\n                      style=\"background-color: rgba(0,0,0,.15)\">\n                  <\/div>\n                                                              <\/div>\n              <div class=\"box-text text-left\" >\n                 <p><\/p>\n              <\/div>\n            <\/div>\n            <\/a>          <\/div>\n         <\/div><div class=\"gallery-col col\" >\n          <div class=\"col-inner\">\n            <a class=\"image-lightbox lightbox-gallery\" href=\"https:\/\/www.soleum.de\/wp-content\/uploads\/2023\/08\/Soleum-Schauraum-Pregarten8.jpg\" title=\"\">            <div class=\"box has-hover gallery-box box-overlay dark\">\n              <div class=\"box-image\" >\n                <img loading=\"lazy\" decoding=\"async\" width=\"533\" height=\"400\" src=\"https:\/\/www.soleum.de\/wp-content\/uploads\/2023\/08\/Soleum-Schauraum-Pregarten8-533x400.jpg\" class=\"attachment-medium size-medium\" alt=\"Soleum-Schauraum-Pregarten8\" ids=\"21099,21092,21085,21078,21071,21050,21057,21064\" type=\"masonry\" columns=\"2\" srcset=\"https:\/\/www.soleum.de\/wp-content\/uploads\/2023\/08\/Soleum-Schauraum-Pregarten8-533x400.jpg 533w, https:\/\/www.soleum.de\/wp-content\/uploads\/2023\/08\/Soleum-Schauraum-Pregarten8-768x576.jpg 768w, https:\/\/www.soleum.de\/wp-content\/uploads\/2023\/08\/Soleum-Schauraum-Pregarten8-510x383.jpg 510w, https:\/\/www.soleum.de\/wp-content\/uploads\/2023\/08\/Soleum-Schauraum-Pregarten8.jpg 1000w\" sizes=\"auto, (max-width: 533px) 100vw, 533px\" \/>                                  <div class=\"overlay fill\"\n                      style=\"background-color: rgba(0,0,0,.15)\">\n                  <\/div>\n                                                              <\/div>\n              <div class=\"box-text text-left\" >\n                 <p><\/p>\n              <\/div>\n            <\/div>\n            <\/a>          <\/div>\n         <\/div><div class=\"gallery-col col\" >\n          <div class=\"col-inner\">\n            <a class=\"image-lightbox lightbox-gallery\" href=\"https:\/\/www.soleum.de\/wp-content\/uploads\/2023\/08\/Soleum-Schauraum-Pregarten5.jpg\" title=\"Soleum SPA Design Schauraum in Pregarten\">            <div class=\"box has-hover gallery-box box-overlay dark\">\n              <div class=\"box-image\" >\n                <img loading=\"lazy\" decoding=\"async\" width=\"533\" height=\"400\" src=\"https:\/\/www.soleum.de\/wp-content\/uploads\/2023\/08\/Soleum-Schauraum-Pregarten5-533x400.jpg\" class=\"attachment-medium size-medium\" alt=\"\" ids=\"21099,21092,21085,21078,21071,21050,21057,21064\" type=\"masonry\" columns=\"2\" srcset=\"https:\/\/www.soleum.de\/wp-content\/uploads\/2023\/08\/Soleum-Schauraum-Pregarten5-533x400.jpg 533w, https:\/\/www.soleum.de\/wp-content\/uploads\/2023\/08\/Soleum-Schauraum-Pregarten5-768x576.jpg 768w, https:\/\/www.soleum.de\/wp-content\/uploads\/2023\/08\/Soleum-Schauraum-Pregarten5-510x383.jpg 510w, https:\/\/www.soleum.de\/wp-content\/uploads\/2023\/08\/Soleum-Schauraum-Pregarten5.jpg 1000w\" sizes=\"auto, (max-width: 533px) 100vw, 533px\" \/>                                  <div class=\"overlay fill\"\n                      style=\"background-color: rgba(0,0,0,.15)\">\n                  <\/div>\n                                                              <\/div>\n              <div class=\"box-text text-left\" >\n                 <p>Soleum SPA Design Schauraum in Pregarten<\/p>\n              <\/div>\n            <\/div>\n            <\/a>          <\/div>\n         <\/div><div class=\"gallery-col col\" >\n          <div class=\"col-inner\">\n            <a class=\"image-lightbox lightbox-gallery\" href=\"https:\/\/www.soleum.de\/wp-content\/uploads\/2023\/08\/Soleum-Schauraum-Pregarten6.jpg\" title=\"Soleum SPA Design bemutat\u00f3terem Pregartenben\">            <div class=\"box has-hover gallery-box box-overlay dark\">\n              <div class=\"box-image\" >\n                <img loading=\"lazy\" decoding=\"async\" width=\"533\" height=\"400\" src=\"https:\/\/www.soleum.de\/wp-content\/uploads\/2023\/08\/Soleum-Schauraum-Pregarten6-533x400.jpg\" class=\"attachment-medium size-medium\" alt=\"Soleum SPA Design bemutat\u00f3terem Pregartenben\" ids=\"21099,21092,21085,21078,21071,21050,21057,21064\" type=\"masonry\" columns=\"2\" srcset=\"https:\/\/www.soleum.de\/wp-content\/uploads\/2023\/08\/Soleum-Schauraum-Pregarten6-533x400.jpg 533w, https:\/\/www.soleum.de\/wp-content\/uploads\/2023\/08\/Soleum-Schauraum-Pregarten6-768x576.jpg 768w, https:\/\/www.soleum.de\/wp-content\/uploads\/2023\/08\/Soleum-Schauraum-Pregarten6-510x383.jpg 510w, https:\/\/www.soleum.de\/wp-content\/uploads\/2023\/08\/Soleum-Schauraum-Pregarten6.jpg 1000w\" sizes=\"auto, (max-width: 533px) 100vw, 533px\" \/>                                  <div class=\"overlay fill\"\n                      style=\"background-color: rgba(0,0,0,.15)\">\n                  <\/div>\n                                                              <\/div>\n              <div class=\"box-text text-left\" >\n                 <p>Soleum SPA Design bemutat\u00f3terem Pregartenben<\/p>\n              <\/div>\n            <\/div>\n            <\/a>          <\/div>\n         <\/div><div class=\"gallery-col col\" >\n          <div class=\"col-inner\">\n            <a class=\"image-lightbox lightbox-gallery\" href=\"https:\/\/www.soleum.de\/wp-content\/uploads\/2023\/08\/Soleum-Schauraum-Pregarten7.jpg\" title=\"\">            <div class=\"box has-hover gallery-box box-overlay dark\">\n              <div class=\"box-image\" >\n                <img loading=\"lazy\" decoding=\"async\" width=\"533\" height=\"400\" src=\"https:\/\/www.soleum.de\/wp-content\/uploads\/2023\/08\/Soleum-Schauraum-Pregarten7-533x400.jpg\" class=\"attachment-medium size-medium\" alt=\"\" ids=\"21099,21092,21085,21078,21071,21050,21057,21064\" type=\"masonry\" columns=\"2\" srcset=\"https:\/\/www.soleum.de\/wp-content\/uploads\/2023\/08\/Soleum-Schauraum-Pregarten7-533x400.jpg 533w, https:\/\/www.soleum.de\/wp-content\/uploads\/2023\/08\/Soleum-Schauraum-Pregarten7-768x576.jpg 768w, https:\/\/www.soleum.de\/wp-content\/uploads\/2023\/08\/Soleum-Schauraum-Pregarten7-510x383.jpg 510w, https:\/\/www.soleum.de\/wp-content\/uploads\/2023\/08\/Soleum-Schauraum-Pregarten7.jpg 1000w\" sizes=\"auto, (max-width: 533px) 100vw, 533px\" \/>                                  <div class=\"overlay fill\"\n                      style=\"background-color: rgba(0,0,0,.15)\">\n                  <\/div>\n                                                              <\/div>\n              <div class=\"box-text text-left\" >\n                 <p><\/p>\n              <\/div>\n            <\/div>\n            <\/a>          <\/div>\n         <\/div><\/div>\n\n\n\t\t<\/div>\n\t\t\t\t\t<\/div>\n\n\t\n\n<\/div>\n<div class=\"text-center\"><div class=\"is-divider divider clearfix\" ><\/div><\/div>\n\n\n\t\t<\/div>\n\t\t\t\t\t<\/div>\n\n\t\n\n<\/div>\n\n","protected":false},"excerpt":{"rendered":"<p>Soleum GmbH &#8211; Egyedi g\u0151zf\u00fcrd\u0151k gy\u00e1rt\u00f3ja Eur\u00f3p\u00e1ban. Bemutat\u00f3terem 4230 Pregarten , Ausztria<\/p>\n","protected":false},"author":1,"featured_media":10760,"parent":0,"menu_order":0,"comment_status":"closed","ping_status":"closed","template":"page-transparent-header-light.php","meta":{"footnotes":""},"class_list":["post-21583","page","type-page","status-publish","has-post-thumbnail","hentry"],"_links":{"self":[{"href":"https:\/\/www.soleum.de\/hu\/wp-json\/wp\/v2\/pages\/21583","targetHints":{"allow":["GET"]}}],"collection":[{"href":"https:\/\/www.soleum.de\/hu\/wp-json\/wp\/v2\/pages"}],"about":[{"href":"https:\/\/www.soleum.de\/hu\/wp-json\/wp\/v2\/types\/page"}],"author":[{"embeddable":true,"href":"https:\/\/www.soleum.de\/hu\/wp-json\/wp\/v2\/users\/1"}],"replies":[{"embeddable":true,"href":"https:\/\/www.soleum.de\/hu\/wp-json\/wp\/v2\/comments?post=21583"}],"version-history":[{"count":11,"href":"https:\/\/www.soleum.de\/hu\/wp-json\/wp\/v2\/pages\/21583\/revisions"}],"predecessor-version":[{"id":32365,"href":"https:\/\/www.soleum.de\/hu\/wp-json\/wp\/v2\/pages\/21583\/revisions\/32365"}],"wp:featuredmedia":[{"embeddable":true,"href":"https:\/\/www.soleum.de\/hu\/wp-json\/wp\/v2\/media\/10760"}],"wp:attachment":[{"href":"https:\/\/www.soleum.de\/hu\/wp-json\/wp\/v2\/media?parent=21583"}],"curies":[{"name":"wp","href":"https:\/\/api.w.org\/{rel}","templated":true}]}}