{"id":21977,"date":"2019-03-26T08:53:01","date_gmt":"2019-03-26T07:53:01","guid":{"rendered":"https:\/\/www.soleum.de\/ambito-dei-servizi-costruzione-di-un-bagno-di-vapore\/"},"modified":"2023-10-10T08:54:37","modified_gmt":"2023-10-10T06:54:37","slug":"ambito-dei-servizi-costruzione-di-un-bagno-di-vapore","status":"publish","type":"page","link":"https:\/\/www.soleum.de\/it\/ambito-dei-servizi-costruzione-di-un-bagno-di-vapore\/","title":{"rendered":"Ambito dei servizi Costruzione di un bagno di vapore"},"content":{"rendered":"\n<div class=\"container section-title-container\" ><h1 class=\"section-title section-title-bold-center\"><b aria-hidden=\"true\"><\/b><span class=\"section-title-main\" >Che cosa facciamo?<\/span><b aria-hidden=\"true\"><\/b><\/h1><\/div>\n\n\t<div class=\"box has-hover   has-hover box-default box-text-bottom\" >\n\n\t\t<div class=\"box-image\" style=\"width:77%;\">\n\t\t\t\t\t\t<div class=\"\" >\n\t\t\t\t<img loading=\"lazy\" decoding=\"async\" width=\"1200\" height=\"642\" src=\"https:\/\/www.soleum.de\/wp-content\/uploads\/2017\/02\/Kompetenzzentrum-pregarten-slider_3.jpg\" class=\"attachment- size-\" alt=\"\" srcset=\"https:\/\/www.soleum.de\/wp-content\/uploads\/2017\/02\/Kompetenzzentrum-pregarten-slider_3.jpg 1200w, https:\/\/www.soleum.de\/wp-content\/uploads\/2017\/02\/Kompetenzzentrum-pregarten-slider_3-510x273.jpg 510w, https:\/\/www.soleum.de\/wp-content\/uploads\/2017\/02\/Kompetenzzentrum-pregarten-slider_3-748x400.jpg 748w, https:\/\/www.soleum.de\/wp-content\/uploads\/2017\/02\/Kompetenzzentrum-pregarten-slider_3-768x411.jpg 768w\" sizes=\"auto, (max-width: 1200px) 100vw, 1200px\" \/>\t\t\t\t\t\t\t\t\t\t\t<\/div>\n\t\t\t\t\t<\/div>\n\n\t\t<div class=\"box-text text-center\" >\n\t\t\t<div class=\"box-text-inner\">\n\t\t\t\t\n\n<div class=\"row\"  id=\"row-542286872\">\n\n\n\t<div id=\"col-433973611\" class=\"col small-12 large-12\"  >\n\t\t\t\t<div class=\"col-inner\"  >\n\t\t\t\n\t\t\t\n\n<h1>Produttore di bagni di vapore SOLEUM GmbH<\/h1>\n<p style=\"text-align: left;\"><span style=\"font-size: 120%;\">SOLEUM GmbH, con sede a Pregarten vicino a LINZ \/ Alta Austria, progetta e produce bagni e docce a vapore individuali, principalmente per progetti di edilizia privata.<\/span><\/p>\n<p> <\/p>\n<p style=\"text-align: left;\"><span style=\"font-size: 120%;\">Offriamo quanto segue:<br><\/span><\/p>\n<ul>\n<li style=\"text-align: left;\"><span style=\"font-size: 120%;\">Su richiesta, solo i moduli grezzi<a href=\"https:\/\/www.soleum.de\/it\/costruire-un-bagno-turco-da-soli\/\">(moduli SPA<\/a>) come <a href=\"https:\/\/www.soleum.de\/it\/costruire-un-bagno-turco-da-soli\/\">panche<\/a>, lettini, cupole e in realt\u00e0 tutto il materiale per costruire il proprio bagno turco (acquisto di materiale puro)  <br><\/span><\/li>\n<li style=\"text-align: left;\"><span style=\"font-size: 120%;\">  la cabina completa prefabbricata da noi con la tecnologia del bagno turco desiderata<br><\/span><\/li>\n<li style=\"text-align: left;\"><span style=\"font-size: 120%;\">la cabina pre-prodotta da noi con montaggio professionale presso la vostra sede (entro un certo raggio)<br><\/span><\/li>\n<\/ul>\n<p style=\"text-align: left;\"><span style=\"font-size: 120%;\">Non siamo solo un negozio di bagni di vapore. Soleum GmbH produce bagni di vapore (docce a vapore) su misura per voi, su richiesta come pezzi stampati puri per l&#8217;autoassemblaggio o come <a href=\"https:\/\/www.soleum.de\/it\/kit-cabina-a-vapore-pre-prodotto\/\">kit pre-prodotto<\/a>.<\/span><\/p>\n<p> <\/p>\n<p style=\"text-align: left;\"><span style=\"font-size: 120%;\">Se non si desidera un bagno turco, le nostre panche possono sempre essere installate nelle normali docce!  <br><\/span><\/p>\n<p> <\/p>\n<p style=\"text-align: left;\"><span style=\"font-size: 120%;\">Nel nostro negozio online non \u00e8 possibile visualizzare tutte le diverse combinazioni di sedili. Questi vengono sempre offerti sotto forma di preventivo scritto, dopo aver ricevuto il vostro schizzo (progetto). Se lo si desidera, \u00e8 possibile fornire anche la consueta o necessaria tecnologia del bagno di vapore.<\/span><\/p>\n\n\t\t<\/div>\n\t\t\t\t\t<\/div>\n\n\t\n\n<\/div>\n\t<div id=\"gap-87705156\" class=\"gap-element clearfix\" style=\"display:block; height:auto;\">\n\t\t\n<style>\n#gap-87705156 {\n  padding-top: 40px;\n}\n<\/style>\n\t<\/div>\n\t\n\n<div class=\"container section-title-container\" ><h1 class=\"section-title section-title-bold-center\"><b aria-hidden=\"true\"><\/b><span class=\"section-title-main\" >Moduli SPA in EPS - costruzione in stampo individuale di SOLEUM<\/span><b aria-hidden=\"true\"><\/b><\/h1><\/div>\n\n\n  <div class=\"banner has-hover has-parallax\" id=\"banner-1652304060\">\n          <div class=\"banner-inner fill\">\n        <div class=\"banner-bg fill\" data-parallax=\"-8\" data-parallax-container=\".banner\" data-parallax-background>\n            <img loading=\"lazy\" decoding=\"async\" width=\"1000\" height=\"662\" src=\"https:\/\/www.soleum.de\/wp-content\/uploads\/2017\/02\/Dampfbad-Spa-Module-1000.jpg\" class=\"bg attachment-orginal size-orginal\" alt=\"Moduli spa per bagno turco\" \/>                                    \n                    <\/div>\n\t\t\n        <div class=\"banner-layers container\">\n            <div class=\"fill banner-link\"><\/div>            \n\n   <div id=\"text-box-369678819\" class=\"text-box banner-layer x50 md-x50 lg-x50 y50 md-y50 lg-y50 res-text\">\n              <div data-parallax=\"4\" data-parallax-fade=\"true\">                  <div class=\"text-box-content text dark\">\n              \n              <div class=\"text-inner text-center\">\n                  \n\n<h3 class=\"uppercase\"><strong>MODULO SPA<br>\n<\/strong><\/h3>\n<p>Un esclusivo bagno di vapore con i nostri moduli SPA e una grande cupola per il bagno di vapore, oltre a nicchie per il bagno di vapore.<\/p>\n\n              <\/div>\n           <\/div>\n              <\/div>              \n<style>\n#text-box-369678819 {\n  width: 60%;\n}\n#text-box-369678819 .text-box-content {\n  font-size: 151%;\n}\n<\/style>\n    <\/div>\n \n\n        <\/div>\n      <\/div>\n\n            \n<style>\n#banner-1652304060 {\n  padding-top: 662px;\n}\n<\/style>\n  <\/div>\n\n\n<div class=\"row\"  id=\"row-9931430\">\n\n\n\t<div id=\"col-1997504895\" class=\"col small-12 large-12\"  >\n\t\t\t\t<div class=\"col-inner\"  >\n\t\t\t\n\t\t\t\n\n<h2>Vantaggi dei moduli SPA in EPS<\/h2>\n<ul>\n<li><span style=\"font-size: 120%;\">&nbsp;&nbsp;&nbsp;  Veloce da installare (non \u00e8 necessario costruire e spolverare)<\/span><\/li>\n<li><span style=\"font-size: 120%;\">&nbsp;&nbsp;&nbsp;  Facile da modificare o cambiare<\/span><\/li>\n<li><span style=\"font-size: 120%;\">&nbsp;&nbsp;&nbsp;  Efficienza dei costi (perch\u00e9 non \u00e8 necessario un grande tempo di lavoro).<\/span><\/li>\n<\/ul>\n<div id=\"c1t44inlineContent\" class=\"s21inlineContent\" data-reactid=\".0.$SITE_ROOT.$desktop_siteRoot.$PAGES_CONTAINER.1.1.$SITE_PAGES.$c1t44.1\"><span style=\"font-size: 120%;\">Dalle piccole cabine doccia ai grandi bagni di vapore, i nostri moduli SPA offrono un&#8217;ampia gamma di possibilit\u00e0. Alcune delle forme di sedili EPS possono essere combinate in qualsiasi modo, dando vita a forme e bagni di vapore sempre pi\u00f9 interessanti, in base alle vostre esigenze.<\/span><\/div>\n<div class=\"s21inlineContent\" data-reactid=\".0.$SITE_ROOT.$desktop_siteRoot.$PAGES_CONTAINER.1.1.$SITE_PAGES.$c1t44.1\">&nbsp;<\/div>\n<div class=\"s21inlineContent\" data-reactid=\".0.$SITE_ROOT.$desktop_siteRoot.$PAGES_CONTAINER.1.1.$SITE_PAGES.$c1t44.1\"><span style=\"font-size: 120%;\">I moduli SPA o i pezzi stampati possono essere <a href=\"https:\/\/www.soleum.de\/it\/parete-a-secco-con-eps\/\">utilizzati<\/a> non solo nel bagno turco\/doccia a vapore o nella doccia normale, ma sono <a href=\"https:\/\/www.soleum.de\/it\/parete-a-secco-con-eps\/\">ideali<\/a> anche <a href=\"https:\/\/www.soleum.de\/it\/parete-a-secco-con-eps\/\">per l&#8217;impiego nella costruzione a secco<\/a>. Nell&#8217;area wellness, nel soggiorno o nel bagno, le forme curve e organiche attirano sempre l&#8217;attenzione.<\/span><\/div>\n\n  \n    <div class=\"row large-columns-2 medium-columns-1 small-columns-1 slider row-slider slider-nav-reveal\"  data-flickity-options='{&quot;imagesLoaded&quot;: true, &quot;groupCells&quot;: &quot;100%&quot;, &quot;dragThreshold&quot; : 5, &quot;cellAlign&quot;: &quot;left&quot;,&quot;wrapAround&quot;: true,&quot;prevNextButtons&quot;: true,&quot;percentPosition&quot;: true,&quot;pageDots&quot;: false, &quot;rightToLeft&quot;: false, &quot;autoPlay&quot; : false}' >\n\n  <div class=\"col post-item\" >\n\t\t\t<div class=\"col-inner\">\n\t\t\t\t<div class=\"box box-vertical box-text-bottom box-blog-post has-hover\">\n            \t\t\t\t\t<div class=\"box-image\" >\n  \t\t\t\t\t\t<div class=\"image-cover\" style=\"padding-top:100%;\">\n\t\t\t\t\t\t\t<a href=\"https:\/\/www.soleum.de\/it\/parete-a-secco-con-eps\/\" class=\"plain\" aria-label=\"Parete a secco con EPS\">\n\t\t\t\t\t\t\t\t<img loading=\"lazy\" decoding=\"async\" width=\"300\" height=\"400\" src=\"https:\/\/www.soleum.de\/wp-content\/uploads\/2017\/02\/EPS-Trockenbau-Deckengestaltung-19-300x400.jpg\" class=\"attachment-medium size-medium wp-post-image\" alt=\"\" srcset=\"https:\/\/www.soleum.de\/wp-content\/uploads\/2017\/02\/EPS-Trockenbau-Deckengestaltung-19-300x400.jpg 300w, https:\/\/www.soleum.de\/wp-content\/uploads\/2017\/02\/EPS-Trockenbau-Deckengestaltung-19-510x680.jpg 510w, https:\/\/www.soleum.de\/wp-content\/uploads\/2017\/02\/EPS-Trockenbau-Deckengestaltung-19-768x1024.jpg 768w, https:\/\/www.soleum.de\/wp-content\/uploads\/2017\/02\/EPS-Trockenbau-Deckengestaltung-19-600x800.jpg 600w, https:\/\/www.soleum.de\/wp-content\/uploads\/2017\/02\/EPS-Trockenbau-Deckengestaltung-19.jpg 900w\" sizes=\"auto, (max-width: 300px) 100vw, 300px\" \/>\t\t\t\t\t\t\t<\/a>\n  \t\t\t\t\t\t\t  \t\t\t\t\t\t\t  \t\t\t\t\t\t<\/div>\n  \t\t\t\t\t\t  \t\t\t\t\t<\/div>\n          \t\t\t\t\t<div class=\"box-text text-center\" >\n\t\t\t\t\t<div class=\"box-text-inner blog-post-inner\">\n\n\t\t\t\t\t\n\t\t\t\t\t\t\t\t\t\t<h5 class=\"post-title is-large uppercase\">\n\t\t\t\t\t\t<a href=\"https:\/\/www.soleum.de\/it\/parete-a-secco-con-eps\/\" class=\"plain\">Parete a secco con EPS<\/a>\n\t\t\t\t\t<\/h5>\n\t\t\t\t\t\t\t\t\t\t<div class=\"is-divider\"><\/div>\n\t\t\t\t\t\t\t\t\t\t<p class=\"from_the_blog_excerpt \">\n\t\t\t\t\t\tDesign esclusivo della stanza con forme in EPS (costruzione a secco)\t\t\t\t\t<\/p>\n\t\t\t\t\t                    \n\t\t\t\t\t\n\t\t\t\t\t\n\t\t\t\t\t<\/div>\n\t\t\t\t\t<\/div>\n\t\t\t\t\t\t\t\t\t\t\t\t\t\t\t\t<div class=\"badge absolute top post-date badge-outline\">\n\t\t\t\t\t\t\t<div class=\"badge-inner\">\n\t\t\t\t\t\t\t\t<span class=\"post-date-day\">14<\/span><br>\n\t\t\t\t\t\t\t\t<span class=\"post-date-month is-xsmall\">Feb<\/span>\n\t\t\t\t\t\t\t<\/div>\n\t\t\t\t\t\t<\/div>\n\t\t\t\t\t\t\t\t\t<\/div>\n\t\t\t<\/div>\n\t\t<\/div><\/div>\n\n\n\t\t<\/div>\n\t\t\t\t\t<\/div>\n\n\t\n\n<\/div>\n\t<div id=\"gap-360497954\" class=\"gap-element clearfix\" style=\"display:block; height:auto;\">\n\t\t\n<style>\n#gap-360497954 {\n  padding-top: 60px;\n}\n<\/style>\n\t<\/div>\n\t\n\n<div class=\"is-divider divider clearfix\" style=\"max-width:622px;\"><\/div>\n\n<div class=\"container section-title-container\" ><h1 class=\"section-title section-title-bold-center\"><b aria-hidden=\"true\"><\/b><span class=\"section-title-main\" >Pianificazione professionale del bagno turco<\/span><b aria-hidden=\"true\"><\/b><\/h1><\/div>\n\n<div class=\"row\"  id=\"row-1990690116\">\n\n\n\t<div id=\"col-926907306\" class=\"col small-12 large-12\"  >\n\t\t\t\t<div class=\"col-inner text-center\"  >\n\t\t\t\n\t\t\t\n\n\t<div class=\"img has-hover x md-x lg-x y md-y lg-y\" id=\"image_1655140754\">\n\t\t\t\t\t\t\t\t<div class=\"img-inner dark\" >\n\t\t\t<img loading=\"lazy\" decoding=\"async\" width=\"856\" height=\"604\" src=\"https:\/\/www.soleum.de\/wp-content\/uploads\/2019\/03\/Soleum-Dampfbadplanung-1.jpg\" class=\"attachment-original size-original\" alt=\"\" srcset=\"https:\/\/www.soleum.de\/wp-content\/uploads\/2019\/03\/Soleum-Dampfbadplanung-1.jpg 856w, https:\/\/www.soleum.de\/wp-content\/uploads\/2019\/03\/Soleum-Dampfbadplanung-1-567x400.jpg 567w, https:\/\/www.soleum.de\/wp-content\/uploads\/2019\/03\/Soleum-Dampfbadplanung-1-768x542.jpg 768w, https:\/\/www.soleum.de\/wp-content\/uploads\/2019\/03\/Soleum-Dampfbadplanung-1-510x360.jpg 510w\" sizes=\"auto, (max-width: 856px) 100vw, 856px\" \/>\t\t\t\t\t\t\n\t\t\t\t\t<\/div>\n\t\t\t\t\t\t\t\t\n<style>\n#image_1655140754 {\n  width: 74%;\n}\n<\/style>\n\t<\/div>\n\t\n\n\n\t\t<\/div>\n\t\t\t\t\t<\/div>\n\n\t\n\n<\/div>\n<p><span style=\"font-size: 120%;\">Eine Dampfbadplanung wird nur noch in Verbindung eines Gesamtauftrages angeboten.<\/span><\/p>\n<p>Bitte haben Sie Verst\u00e4ndnis, dass wir keine Informationen vorab weitergeben. Auf dieser Webseite sehen Sie die wichtigsten Informationen die Sie vorab ben\u00f6tigen wie zB. wie sieht der <a href=\"https:\/\/www.soleum.de\/it\/area-tecnica-bagno-turco\/\">Technikbereich<\/a> aus.<\/p>\n<p><span style=\"font-size: 120%;\">Bitte haben Sie Verst\u00e4ndnis, dass wir keine Informationen vorab weitergeben. Fragen wie &#8220;Der Installateur und Elektriker sind gerade auf der Baustelle und m\u00fcssen wissen wo was hinkommt&#8221; werden ohne Bestellung nicht mehr beantwortet. Um korrekte Angaben zu machen, m\u00fcssen wir uns seri\u00f6s mit Ihrer Baustellensituation auseinandersetzen, und in Ihr Projekt hineindenken. <br \/><\/span><\/p>\n<p>\u00a0<\/p>\n<p><span style=\"font-size: 120%;\">Nach Auftragseingang besch\u00e4ftigen wir uns mit Ihrem Projekt binnen einer Woche (je nach Auslastung) und Sie erhalten dann den Dampfbadplan. Diesen k\u00f6nnen wir gemeinsam auch mit Ihren Professionisten besprechen und gegebenenfalls auch ab\u00e4ndern. Selbstverst\u00e4ndlich erhalten Sie auch beim Kauf der <a href=\"https:\/\/www.soleum.de\/it\/area-tecnica-bagno-turco-2\/\">Dampfbadtechnik<\/a> (<a href=\"https:\/\/www.soleum.de\/it\/shop\/generatori-di-vapore\/generatore-di-vapore-sol-steam-flexline-hgm-fle15kg-kopie-kopie\/\">Dampfgenerator<\/a>, usw. ) die notwendigen Informationen zu den Vorbereitungs- bzw. Installationsarbeiten.<br \/><\/span><\/p>\n<p><span style=\"font-size: 120%;\"><strong>Wir begleiten auch Ihr Projekt<\/strong> beim Bau und sprechen uns -falls gew\u00fcnscht- mit Ihren Handwerkern ab damit alles richtig eingebaut und nichts vergessen wird.<\/span><\/p>\n<p>\u00a0<\/p>\n\t<div id=\"gap-1461162099\" class=\"gap-element clearfix\" style=\"display:block; height:auto;\">\n\t\t\n<style>\n#gap-1461162099 {\n  padding-top: 80px;\n}\n<\/style>\n\t<\/div>\n\t\n\n\t<div class=\"img has-hover x md-x lg-x y md-y lg-y\" id=\"image_101348869\">\n\t\t\t\t\t\t\t\t<div class=\"img-inner dark\" >\n\t\t\t<img loading=\"lazy\" decoding=\"async\" width=\"910\" height=\"643\" src=\"https:\/\/www.soleum.de\/wp-content\/uploads\/2019\/03\/Soleum-Heizmattenplan.jpg\" class=\"attachment-original size-original\" alt=\"\" srcset=\"https:\/\/www.soleum.de\/wp-content\/uploads\/2019\/03\/Soleum-Heizmattenplan.jpg 910w, https:\/\/www.soleum.de\/wp-content\/uploads\/2019\/03\/Soleum-Heizmattenplan-566x400.jpg 566w, https:\/\/www.soleum.de\/wp-content\/uploads\/2019\/03\/Soleum-Heizmattenplan-768x543.jpg 768w, https:\/\/www.soleum.de\/wp-content\/uploads\/2019\/03\/Soleum-Heizmattenplan-510x360.jpg 510w\" sizes=\"auto, (max-width: 910px) 100vw, 910px\" \/>\t\t\t\t\t\t\n\t\t\t\t\t<\/div>\n\t\t\t\t\t\t\t\t\n<style>\n#image_101348869 {\n  width: 58%;\n}\n<\/style>\n\t<\/div>\n\t\n\n\t<div id=\"gap-1775836083\" class=\"gap-element clearfix\" style=\"display:block; height:auto;\">\n\t\t\n<style>\n#gap-1775836083 {\n  padding-top: 30px;\n}\n<\/style>\n\t<\/div>\n\t\n\n<p><span style=\"font-size: 120%;\">Wir erstellen ihnen f\u00fcr unsere Module einen kostenpflichtigen Heizmattenplan (lt. Angebot) &#8211; die Heizmatten werden auf Ma\u00df f\u00fcr Ihr Projekt produziert. Auch beim Selbstbau k\u00f6nnen Sie hier keine Fehler machen.<\/span><\/p>\n\t<div id=\"gap-1058714072\" class=\"gap-element clearfix\" style=\"display:block; height:auto;\">\n\t\t\n<style>\n#gap-1058714072 {\n  padding-top: 80px;\n}\n<\/style>\n\t<\/div>\n\t\n\n<div class=\"container section-title-container\" ><h3 class=\"section-title section-title-normal\"><b aria-hidden=\"true\"><\/b><span class=\"section-title-main\" >Ordinazione di un kit cabina pre-prodotto - variante BASIC PRO<\/span><b aria-hidden=\"true\"><\/b><\/h3><\/div>\n\n<div class=\"row align-middle\"  id=\"row-1911317062\">\n\n\n\t<div id=\"col-202288800\" class=\"col medium-6 small-12 large-6\"  >\n\t\t\t\t<div class=\"col-inner\"  >\n\t\t\t\n\t\t\t\n\n\t<div class=\"img has-hover x md-x lg-x y md-y lg-y\" id=\"image_1397862149\">\n\t\t\t\t\t\t\t\t<div class=\"img-inner dark\" >\n\t\t\t<img loading=\"lazy\" decoding=\"async\" width=\"572\" height=\"800\" src=\"https:\/\/www.soleum.de\/wp-content\/uploads\/2019\/03\/Soleum-Bausatz-aufgestellt-1-572x800.jpg\" class=\"attachment-large size-large\" alt=\"Kit cabina a vapore\" srcset=\"https:\/\/www.soleum.de\/wp-content\/uploads\/2019\/03\/Soleum-Bausatz-aufgestellt-1-572x800.jpg 572w, https:\/\/www.soleum.de\/wp-content\/uploads\/2019\/03\/Soleum-Bausatz-aufgestellt-1-286x400.jpg 286w, https:\/\/www.soleum.de\/wp-content\/uploads\/2019\/03\/Soleum-Bausatz-aufgestellt-1-768x1074.jpg 768w, https:\/\/www.soleum.de\/wp-content\/uploads\/2019\/03\/Soleum-Bausatz-aufgestellt-1-510x713.jpg 510w, https:\/\/www.soleum.de\/wp-content\/uploads\/2019\/03\/Soleum-Bausatz-aufgestellt-1.jpg 1000w\" sizes=\"auto, (max-width: 572px) 100vw, 572px\" \/>\t\t\t\t\t\t\n\t\t\t\t\t<\/div>\n\t\t\t\t\t\t\t\t\n<style>\n#image_1397862149 {\n  width: 74%;\n}\n<\/style>\n\t<\/div>\n\t\n\n\n\t\t<\/div>\n\t\t\t\t\t<\/div>\n\n\t\n\n\t<div id=\"col-1966338765\" class=\"col medium-6 small-12 large-6\"  >\n\t\t\t\t<div class=\"col-inner\"  >\n\t\t\t\n\t\t\t\n\n<p style=\"text-align: left;\">Nella selezione BASIC-PRO, i moduli SPA richiesti vengono pre-prodotti nel nostro stabilimento.<\/p>\n<p>&nbsp;<\/p>\n<h2 style=\"text-align: left;\">Cosa sta succedendo esattamente?<\/h2>\n<ul style=\"text-align: left;\">\n<li>Rivestimento completo dei moduli SPA con griglie tessili in vetro<\/li>\n<li>dopo il processo di asciugatura, rivestimento con tappeti speciali (300W\/m2)<\/li>\n<li>dopo questo processo di asciugatura: installazione dei sensori di temperatura (ad es. superficie della parete, sedile)<\/li>\n<li>Incorporazione di profili in alluminio per la successiva installazione del vetro<\/li>\n<li>Installazione una tantum della cabina completa nella nostra produzione per il controllo dimensionale (cos\u00ec possiamo anche assicurarci che tutto entri nella vostra valigia!)<\/li>\n<\/ul>\n<p style=\"text-align: left;\">Questi pezzi di cabina pre-prodotti vengono successivamente imballati su un pallet e spediti da uno spedizioniere. Le spese di spedizione sono offerte e addebitate su base giornaliera.<\/p>\n<p style=\"text-align: left;\">&nbsp;<\/p>\n<h2 style=\"text-align: left;\">Chi allestisce di solito questa cabina in loco?<\/h2>\n<ul style=\"text-align: left;\">\n<li>Piastrellista<\/li>\n<li>Costruttori di muri a secco<\/li>\n<li>artigiani esperti<\/li>\n<\/ul>\n<p style=\"text-align: left;\">Quando acquistate i nostri prodotti, riceverete descrizioni dettagliate per il lavoro di preparazione e come aiuto per il montaggio della cabina.<\/p>\n<p style=\"text-align: left;\">Spediamo molti di questi kit ben studiati in Germania.<\/p>\n<p>&nbsp;<\/p>\n<blockquote>\n<p style=\"text-align: left;\">Siamo a disposizione per consigli e suggerimenti anche dopo l&#8217;acquisto!<\/p>\n<\/blockquote>\n<p>&nbsp;<\/p>\n\n\t\t<\/div>\n\t\t\t\t\t<\/div>\n\n\t\n\n<\/div>\n\n  \n    <div class=\"row large-columns-2 medium-columns-1 small-columns-1 has-shadow row-box-shadow-1\" >\n  <div class=\"col post-item\" >\n\t\t\t<div class=\"col-inner\">\n\t\t\t\t<div class=\"box box-default box-text-bottom box-blog-post has-hover\">\n            \t\t\t\t\t<div class=\"box-image\" style=\"width:34%;\">\n  \t\t\t\t\t\t<div class=\"image-cover\" style=\"padding-top:100%;\">\n\t\t\t\t\t\t\t<a href=\"https:\/\/www.soleum.de\/it\/kit-cabina-a-vapore-pre-prodotto\/\" class=\"plain\" aria-label=\"Kit cabina a vapore pre-prodotto\">\n\t\t\t\t\t\t\t\t<img loading=\"lazy\" decoding=\"async\" width=\"286\" height=\"400\" src=\"https:\/\/www.soleum.de\/wp-content\/uploads\/2019\/03\/Soleum-Bausatz-aufgestellt-1-286x400.jpg\" class=\"attachment-medium size-medium wp-post-image\" alt=\"Kit cabina a vapore\" srcset=\"https:\/\/www.soleum.de\/wp-content\/uploads\/2019\/03\/Soleum-Bausatz-aufgestellt-1-286x400.jpg 286w, https:\/\/www.soleum.de\/wp-content\/uploads\/2019\/03\/Soleum-Bausatz-aufgestellt-1-768x1074.jpg 768w, https:\/\/www.soleum.de\/wp-content\/uploads\/2019\/03\/Soleum-Bausatz-aufgestellt-1-572x800.jpg 572w, https:\/\/www.soleum.de\/wp-content\/uploads\/2019\/03\/Soleum-Bausatz-aufgestellt-1-510x713.jpg 510w, https:\/\/www.soleum.de\/wp-content\/uploads\/2019\/03\/Soleum-Bausatz-aufgestellt-1.jpg 1000w\" sizes=\"auto, (max-width: 286px) 100vw, 286px\" \/>\t\t\t\t\t\t\t<\/a>\n  \t\t\t\t\t\t\t  \t\t\t\t\t\t\t  \t\t\t\t\t\t<\/div>\n  \t\t\t\t\t\t  \t\t\t\t\t<\/div>\n          \t\t\t\t\t<div class=\"box-text text-center\" >\n\t\t\t\t\t<div class=\"box-text-inner blog-post-inner\">\n\n\t\t\t\t\t\n\t\t\t\t\t\t\t\t\t\t<h5 class=\"post-title is-large \">\n\t\t\t\t\t\t<a href=\"https:\/\/www.soleum.de\/it\/kit-cabina-a-vapore-pre-prodotto\/\" class=\"plain\">Kit cabina a vapore pre-prodotto<\/a>\n\t\t\t\t\t<\/h5>\n\t\t\t\t\t\t\t\t\t\t<div class=\"is-divider\"><\/div>\n\t\t\t\t\t\t\t\t\t\t<p class=\"from_the_blog_excerpt \">\n\t\t\t\t\t\t\t\t\t\t\t<\/p>\n\t\t\t\t\t                    \n\t\t\t\t\t\n\t\t\t\t\t\n\t\t\t\t\t<\/div>\n\t\t\t\t\t<\/div>\n\t\t\t\t\t\t\t\t\t\t\t\t\t\t\t\t<div class=\"badge absolute top post-date badge-outline\">\n\t\t\t\t\t\t\t<div class=\"badge-inner\">\n\t\t\t\t\t\t\t\t<span class=\"post-date-day\">11<\/span><br>\n\t\t\t\t\t\t\t\t<span class=\"post-date-month is-xsmall\">Feb<\/span>\n\t\t\t\t\t\t\t<\/div>\n\t\t\t\t\t\t<\/div>\n\t\t\t\t\t\t\t\t\t<\/div>\n\t\t\t<\/div>\n\t\t<\/div><div class=\"col post-item\" >\n\t\t\t<div class=\"col-inner\">\n\t\t\t\t<div class=\"box box-default box-text-bottom box-blog-post has-hover\">\n            \t\t\t\t\t<div class=\"box-image\" style=\"width:34%;\">\n  \t\t\t\t\t\t<div class=\"image-cover\" style=\"padding-top:100%;\">\n\t\t\t\t\t\t\t<a href=\"https:\/\/www.soleum.de\/it\/costruire-un-bagno-turco-da-soli\/\" class=\"plain\" aria-label=\"Costruire un bagno turco da soli\">\n\t\t\t\t\t\t\t\t<img loading=\"lazy\" decoding=\"async\" width=\"800\" height=\"400\" src=\"https:\/\/www.soleum.de\/wp-content\/uploads\/2023\/10\/Hamam-SPA-Modul-Kombination_T95-BTB-GK-800x400.jpg\" class=\"attachment-medium size-medium wp-post-image\" alt=\"Hamam-SPA-Modulo-Combinazione_T95-BTB-GK\" srcset=\"https:\/\/www.soleum.de\/wp-content\/uploads\/2023\/10\/Hamam-SPA-Modul-Kombination_T95-BTB-GK-800x400.jpg 800w, https:\/\/www.soleum.de\/wp-content\/uploads\/2023\/10\/Hamam-SPA-Modul-Kombination_T95-BTB-GK-768x384.jpg 768w, https:\/\/www.soleum.de\/wp-content\/uploads\/2023\/10\/Hamam-SPA-Modul-Kombination_T95-BTB-GK-510x255.jpg 510w, https:\/\/www.soleum.de\/wp-content\/uploads\/2023\/10\/Hamam-SPA-Modul-Kombination_T95-BTB-GK.jpg 1200w\" sizes=\"auto, (max-width: 800px) 100vw, 800px\" \/>\t\t\t\t\t\t\t<\/a>\n  \t\t\t\t\t\t\t  \t\t\t\t\t\t\t  \t\t\t\t\t\t<\/div>\n  \t\t\t\t\t\t  \t\t\t\t\t<\/div>\n          \t\t\t\t\t<div class=\"box-text text-center\" >\n\t\t\t\t\t<div class=\"box-text-inner blog-post-inner\">\n\n\t\t\t\t\t\n\t\t\t\t\t\t\t\t\t\t<h5 class=\"post-title is-large \">\n\t\t\t\t\t\t<a href=\"https:\/\/www.soleum.de\/it\/costruire-un-bagno-turco-da-soli\/\" class=\"plain\">Costruire un bagno turco da soli<\/a>\n\t\t\t\t\t<\/h5>\n\t\t\t\t\t\t\t\t\t\t<div class=\"is-divider\"><\/div>\n\t\t\t\t\t\t\t\t\t\t<p class=\"from_the_blog_excerpt \">\n\t\t\t\t\t\tCostruite voi stessi un bagno turco - con i moduli SPA di SOLEUM Offriamo un'ampia [...]\t\t\t\t\t<\/p>\n\t\t\t\t\t                    \n\t\t\t\t\t\n\t\t\t\t\t\n\t\t\t\t\t<\/div>\n\t\t\t\t\t<\/div>\n\t\t\t\t\t\t\t\t\t\t\t\t\t\t\t\t<div class=\"badge absolute top post-date badge-outline\">\n\t\t\t\t\t\t\t<div class=\"badge-inner\">\n\t\t\t\t\t\t\t\t<span class=\"post-date-day\">09<\/span><br>\n\t\t\t\t\t\t\t\t<span class=\"post-date-month is-xsmall\">Ott<\/span>\n\t\t\t\t\t\t\t<\/div>\n\t\t\t\t\t\t<\/div>\n\t\t\t\t\t\t\t\t\t<\/div>\n\t\t\t<\/div>\n\t\t<\/div><div class=\"col post-item\" >\n\t\t\t<div class=\"col-inner\">\n\t\t\t\t<div class=\"box box-default box-text-bottom box-blog-post has-hover\">\n            \t\t\t\t\t<div class=\"box-image\" style=\"width:34%;\">\n  \t\t\t\t\t\t<div class=\"image-cover\" style=\"padding-top:100%;\">\n\t\t\t\t\t\t\t<a href=\"https:\/\/www.soleum.de\/it\/area-tecnica-bagno-turco-2\/\" class=\"plain\" aria-label=\"Area tecnica bagno turco\">\n\t\t\t\t\t\t\t\t<img loading=\"lazy\" decoding=\"async\" width=\"480\" height=\"400\" src=\"https:\/\/www.soleum.de\/wp-content\/uploads\/2023\/10\/Dampfgenerator-Schema_1-480x400.jpg\" class=\"attachment-medium size-medium wp-post-image\" alt=\"Area tecnica bagno turco\" srcset=\"https:\/\/www.soleum.de\/wp-content\/uploads\/2023\/10\/Dampfgenerator-Schema_1-480x400.jpg 480w, https:\/\/www.soleum.de\/wp-content\/uploads\/2023\/10\/Dampfgenerator-Schema_1-959x800.jpg 959w, https:\/\/www.soleum.de\/wp-content\/uploads\/2023\/10\/Dampfgenerator-Schema_1-768x641.jpg 768w, https:\/\/www.soleum.de\/wp-content\/uploads\/2023\/10\/Dampfgenerator-Schema_1-510x425.jpg 510w, https:\/\/www.soleum.de\/wp-content\/uploads\/2023\/10\/Dampfgenerator-Schema_1.jpg 1000w\" sizes=\"auto, (max-width: 480px) 100vw, 480px\" \/>\t\t\t\t\t\t\t<\/a>\n  \t\t\t\t\t\t\t  \t\t\t\t\t\t\t  \t\t\t\t\t\t<\/div>\n  \t\t\t\t\t\t  \t\t\t\t\t<\/div>\n          \t\t\t\t\t<div class=\"box-text text-center\" >\n\t\t\t\t\t<div class=\"box-text-inner blog-post-inner\">\n\n\t\t\t\t\t\n\t\t\t\t\t\t\t\t\t\t<h5 class=\"post-title is-large \">\n\t\t\t\t\t\t<a href=\"https:\/\/www.soleum.de\/it\/area-tecnica-bagno-turco-2\/\" class=\"plain\">Area tecnica bagno turco<\/a>\n\t\t\t\t\t<\/h5>\n\t\t\t\t\t\t\t\t\t\t<div class=\"is-divider\"><\/div>\n\t\t\t\t\t\t\t\t\t\t<p class=\"from_the_blog_excerpt \">\n\t\t\t\t\t\tQui troverete informazioni sull'area tecnica di un bagno turco. La tecnologia del bagno turco ha [...]\t\t\t\t\t<\/p>\n\t\t\t\t\t                    \n\t\t\t\t\t\n\t\t\t\t\t\n\t\t\t\t\t<\/div>\n\t\t\t\t\t<\/div>\n\t\t\t\t\t\t\t\t\t\t\t\t\t\t\t\t<div class=\"badge absolute top post-date badge-outline\">\n\t\t\t\t\t\t\t<div class=\"badge-inner\">\n\t\t\t\t\t\t\t\t<span class=\"post-date-day\">04<\/span><br>\n\t\t\t\t\t\t\t\t<span class=\"post-date-month is-xsmall\">Ott<\/span>\n\t\t\t\t\t\t\t<\/div>\n\t\t\t\t\t\t<\/div>\n\t\t\t\t\t\t\t\t\t<\/div>\n\t\t\t<\/div>\n\t\t<\/div><\/div>\n\n\n\t\t\t<\/div>\n\t\t<\/div>\n\t<\/div>\n\t\n\n\t<section class=\"section\" id=\"section_1565698782\">\n\t\t<div class=\"section-bg fill\" >\n\t\t\t\t\t\t\t\t\t\n\t\t\t\n\t<div class=\"is-border\"\n\t\tstyle=\"border-width:1px 0px 1px 0px;\">\n\t<\/div>\n\n\t\t<\/div>\n\n\t\t\n\n\t\t<div class=\"section-content relative\">\n\t\t\t\n\n<div class=\"row align-equal\"  id=\"row-735595158\">\n\n\n\t<div id=\"col-480537675\" class=\"col medium-3 small-12 large-3\"  >\n\t\t\t\t<div class=\"col-inner\"  >\n\t\t\t\n\t\t\t\n\n<h2 class=\"uppercase\">Alcune informazioni<\/h2>\n<p>Leggete le nostre informazioni dettagliate su vari argomenti<\/p>\n<a class=\"button primary\" >\n\t\t<span>Bagno di vapore BLOG<\/span>\n\t<\/a>\n\n\n\n\t\t<\/div>\n\t\t\t\t\t<\/div>\n\n\t\n\n\t<div id=\"col-841405057\" class=\"col medium-9 small-12 large-9\"  >\n\t\t\t\t<div class=\"col-inner\"  >\n\t\t\t\n\t\t\t\n\n\n  \n    <div class=\"row large-columns-2 medium-columns- small-columns-1 has-shadow row-box-shadow-1 slider row-slider slider-nav-circle\"  data-flickity-options='{&quot;imagesLoaded&quot;: true, &quot;groupCells&quot;: &quot;100%&quot;, &quot;dragThreshold&quot; : 5, &quot;cellAlign&quot;: &quot;left&quot;,&quot;wrapAround&quot;: true,&quot;prevNextButtons&quot;: true,&quot;percentPosition&quot;: true,&quot;pageDots&quot;: false, &quot;rightToLeft&quot;: false, &quot;autoPlay&quot; : false}' >\n\n  <div class=\"col post-item\" >\n\t\t\t<div class=\"col-inner\">\n\t\t\t\t<div class=\"box box-vertical box-text-bottom box-blog-post has-hover\">\n            \t\t\t\t\t<div class=\"box-image\" style=\"width:40%;\">\n  \t\t\t\t\t\t<div class=\"image-cover\" style=\"padding-top:223px;\">\n\t\t\t\t\t\t\t<a href=\"https:\/\/www.soleum.de\/it\/il-potere-dellhaloterapia\/\" class=\"plain\" aria-label=\"Il potere dell&#8217;haloterapia\">\n\t\t\t\t\t\t\t\t<img loading=\"lazy\" decoding=\"async\" width=\"600\" height=\"336\" src=\"https:\/\/www.soleum.de\/wp-content\/uploads\/2024\/02\/halotherapie-halotherapy.jpg\" class=\"attachment-medium size-medium wp-post-image\" alt=\"haloterapia-aloterapia\" srcset=\"https:\/\/www.soleum.de\/wp-content\/uploads\/2024\/02\/halotherapie-halotherapy.jpg 600w, https:\/\/www.soleum.de\/wp-content\/uploads\/2024\/02\/halotherapie-halotherapy-510x286.jpg 510w\" sizes=\"auto, (max-width: 600px) 100vw, 600px\" \/>\t\t\t\t\t\t\t<\/a>\n  \t\t\t\t\t\t\t  \t\t\t\t\t\t\t  \t\t\t\t\t\t<\/div>\n  \t\t\t\t\t\t  \t\t\t\t\t<\/div>\n          \t\t\t\t\t<div class=\"box-text text-left\" style=\"background-color:rgb(255, 255, 255);\">\n\t\t\t\t\t<div class=\"box-text-inner blog-post-inner\">\n\n\t\t\t\t\t\n\t\t\t\t\t\t\t\t\t\t<h5 class=\"post-title is-large \">\n\t\t\t\t\t\t<a href=\"https:\/\/www.soleum.de\/it\/il-potere-dellhaloterapia\/\" class=\"plain\">Il potere dell&#8217;haloterapia<\/a>\n\t\t\t\t\t<\/h5>\n\t\t\t\t\t\t\t\t\t\t<div class=\"is-divider\"><\/div>\n\t\t\t\t\t\t\t\t\t\t<p class=\"from_the_blog_excerpt \">\n\t\t\t\t\t\tUna terapia che ha guadagnato popolarit\u00e0 negli ultimi anni \u00e8 l'haloterapia, nota anche come terapia [...]\t\t\t\t\t<\/p>\n\t\t\t\t\t                    \n\t\t\t\t\t\n\t\t\t\t\t\n\t\t\t\t\t<\/div>\n\t\t\t\t\t<\/div>\n\t\t\t\t\t\t\t\t\t\t\t\t\t\t\t\t<div class=\"badge absolute top post-date badge-outline\">\n\t\t\t\t\t\t\t<div class=\"badge-inner\">\n\t\t\t\t\t\t\t\t<span class=\"post-date-day\">28<\/span><br>\n\t\t\t\t\t\t\t\t<span class=\"post-date-month is-xsmall\">Feb<\/span>\n\t\t\t\t\t\t\t<\/div>\n\t\t\t\t\t\t<\/div>\n\t\t\t\t\t\t\t\t\t<\/div>\n\t\t\t<\/div>\n\t\t<\/div><div class=\"col post-item\" >\n\t\t\t<div class=\"col-inner\">\n\t\t\t\t<div class=\"box box-vertical box-text-bottom box-blog-post has-hover\">\n            \t\t\t\t\t<div class=\"box-image\" style=\"width:40%;\">\n  \t\t\t\t\t\t<div class=\"image-cover\" style=\"padding-top:223px;\">\n\t\t\t\t\t\t\t<a href=\"https:\/\/www.soleum.de\/it\/costruire-un-bagno-turco-da-soli\/\" class=\"plain\" aria-label=\"Costruire un bagno turco da soli\">\n\t\t\t\t\t\t\t\t<img loading=\"lazy\" decoding=\"async\" width=\"800\" height=\"400\" src=\"https:\/\/www.soleum.de\/wp-content\/uploads\/2023\/10\/Hamam-SPA-Modul-Kombination_T95-BTB-GK-800x400.jpg\" class=\"attachment-medium size-medium wp-post-image\" alt=\"Hamam-SPA-Modulo-Combinazione_T95-BTB-GK\" srcset=\"https:\/\/www.soleum.de\/wp-content\/uploads\/2023\/10\/Hamam-SPA-Modul-Kombination_T95-BTB-GK-800x400.jpg 800w, https:\/\/www.soleum.de\/wp-content\/uploads\/2023\/10\/Hamam-SPA-Modul-Kombination_T95-BTB-GK-768x384.jpg 768w, https:\/\/www.soleum.de\/wp-content\/uploads\/2023\/10\/Hamam-SPA-Modul-Kombination_T95-BTB-GK-510x255.jpg 510w, https:\/\/www.soleum.de\/wp-content\/uploads\/2023\/10\/Hamam-SPA-Modul-Kombination_T95-BTB-GK.jpg 1200w\" sizes=\"auto, (max-width: 800px) 100vw, 800px\" \/>\t\t\t\t\t\t\t<\/a>\n  \t\t\t\t\t\t\t  \t\t\t\t\t\t\t  \t\t\t\t\t\t<\/div>\n  \t\t\t\t\t\t  \t\t\t\t\t<\/div>\n          \t\t\t\t\t<div class=\"box-text text-left\" style=\"background-color:rgb(255, 255, 255);\">\n\t\t\t\t\t<div class=\"box-text-inner blog-post-inner\">\n\n\t\t\t\t\t\n\t\t\t\t\t\t\t\t\t\t<h5 class=\"post-title is-large \">\n\t\t\t\t\t\t<a href=\"https:\/\/www.soleum.de\/it\/costruire-un-bagno-turco-da-soli\/\" class=\"plain\">Costruire un bagno turco da soli<\/a>\n\t\t\t\t\t<\/h5>\n\t\t\t\t\t\t\t\t\t\t<div class=\"is-divider\"><\/div>\n\t\t\t\t\t\t\t\t\t\t<p class=\"from_the_blog_excerpt \">\n\t\t\t\t\t\tCostruite voi stessi un bagno turco - con i moduli SPA di SOLEUM Offriamo un'ampia [...]\t\t\t\t\t<\/p>\n\t\t\t\t\t                    \n\t\t\t\t\t\n\t\t\t\t\t\n\t\t\t\t\t<\/div>\n\t\t\t\t\t<\/div>\n\t\t\t\t\t\t\t\t\t\t\t\t\t\t\t\t<div class=\"badge absolute top post-date badge-outline\">\n\t\t\t\t\t\t\t<div class=\"badge-inner\">\n\t\t\t\t\t\t\t\t<span class=\"post-date-day\">09<\/span><br>\n\t\t\t\t\t\t\t\t<span class=\"post-date-month is-xsmall\">Ott<\/span>\n\t\t\t\t\t\t\t<\/div>\n\t\t\t\t\t\t<\/div>\n\t\t\t\t\t\t\t\t\t<\/div>\n\t\t\t<\/div>\n\t\t<\/div><div class=\"col post-item\" >\n\t\t\t<div class=\"col-inner\">\n\t\t\t\t<div class=\"box box-vertical box-text-bottom box-blog-post has-hover\">\n            \t\t\t\t\t<div class=\"box-image\" style=\"width:40%;\">\n  \t\t\t\t\t\t<div class=\"image-cover\" style=\"padding-top:223px;\">\n\t\t\t\t\t\t\t<a href=\"https:\/\/www.soleum.de\/it\/area-tecnica-bagno-turco-2\/\" class=\"plain\" aria-label=\"Area tecnica bagno turco\">\n\t\t\t\t\t\t\t\t<img loading=\"lazy\" decoding=\"async\" width=\"480\" height=\"400\" src=\"https:\/\/www.soleum.de\/wp-content\/uploads\/2023\/10\/Dampfgenerator-Schema_1-480x400.jpg\" class=\"attachment-medium size-medium wp-post-image\" alt=\"Area tecnica bagno turco\" srcset=\"https:\/\/www.soleum.de\/wp-content\/uploads\/2023\/10\/Dampfgenerator-Schema_1-480x400.jpg 480w, https:\/\/www.soleum.de\/wp-content\/uploads\/2023\/10\/Dampfgenerator-Schema_1-959x800.jpg 959w, https:\/\/www.soleum.de\/wp-content\/uploads\/2023\/10\/Dampfgenerator-Schema_1-768x641.jpg 768w, https:\/\/www.soleum.de\/wp-content\/uploads\/2023\/10\/Dampfgenerator-Schema_1-510x425.jpg 510w, https:\/\/www.soleum.de\/wp-content\/uploads\/2023\/10\/Dampfgenerator-Schema_1.jpg 1000w\" sizes=\"auto, (max-width: 480px) 100vw, 480px\" \/>\t\t\t\t\t\t\t<\/a>\n  \t\t\t\t\t\t\t  \t\t\t\t\t\t\t  \t\t\t\t\t\t<\/div>\n  \t\t\t\t\t\t  \t\t\t\t\t<\/div>\n          \t\t\t\t\t<div class=\"box-text text-left\" style=\"background-color:rgb(255, 255, 255);\">\n\t\t\t\t\t<div class=\"box-text-inner blog-post-inner\">\n\n\t\t\t\t\t\n\t\t\t\t\t\t\t\t\t\t<h5 class=\"post-title is-large \">\n\t\t\t\t\t\t<a href=\"https:\/\/www.soleum.de\/it\/area-tecnica-bagno-turco-2\/\" class=\"plain\">Area tecnica bagno turco<\/a>\n\t\t\t\t\t<\/h5>\n\t\t\t\t\t\t\t\t\t\t<div class=\"is-divider\"><\/div>\n\t\t\t\t\t\t\t\t\t\t<p class=\"from_the_blog_excerpt \">\n\t\t\t\t\t\tQui troverete informazioni sull'area tecnica di un bagno turco. La tecnologia del bagno turco ha [...]\t\t\t\t\t<\/p>\n\t\t\t\t\t                    \n\t\t\t\t\t\n\t\t\t\t\t\n\t\t\t\t\t<\/div>\n\t\t\t\t\t<\/div>\n\t\t\t\t\t\t\t\t\t\t\t\t\t\t\t\t<div class=\"badge absolute top post-date badge-outline\">\n\t\t\t\t\t\t\t<div class=\"badge-inner\">\n\t\t\t\t\t\t\t\t<span class=\"post-date-day\">04<\/span><br>\n\t\t\t\t\t\t\t\t<span class=\"post-date-month is-xsmall\">Ott<\/span>\n\t\t\t\t\t\t\t<\/div>\n\t\t\t\t\t\t<\/div>\n\t\t\t\t\t\t\t\t\t<\/div>\n\t\t\t<\/div>\n\t\t<\/div><div class=\"col post-item\" >\n\t\t\t<div class=\"col-inner\">\n\t\t\t\t<div class=\"box box-vertical box-text-bottom box-blog-post has-hover\">\n            \t\t\t\t\t<div class=\"box-image\" style=\"width:40%;\">\n  \t\t\t\t\t\t<div class=\"image-cover\" style=\"padding-top:223px;\">\n\t\t\t\t\t\t\t<a href=\"https:\/\/www.soleum.de\/it\/sauna-esterna-soleum-la-sauna-a-vapore-per-uso-esterno\/\" class=\"plain\" aria-label=\"Sauna esterna SOLEUM &#8211; La sauna a vapore per uso esterno\">\n\t\t\t\t\t\t\t\t<img loading=\"lazy\" decoding=\"async\" width=\"533\" height=\"400\" src=\"https:\/\/www.soleum.de\/wp-content\/uploads\/2023\/08\/Aussensauna-Outdoor-SPA-SOLEUM-533x400.jpg\" class=\"attachment-medium size-medium wp-post-image\" alt=\"Sauna esterna, SPA esterna da SOLEUM\" srcset=\"https:\/\/www.soleum.de\/wp-content\/uploads\/2023\/08\/Aussensauna-Outdoor-SPA-SOLEUM-533x400.jpg 533w, https:\/\/www.soleum.de\/wp-content\/uploads\/2023\/08\/Aussensauna-Outdoor-SPA-SOLEUM-768x576.jpg 768w, https:\/\/www.soleum.de\/wp-content\/uploads\/2023\/08\/Aussensauna-Outdoor-SPA-SOLEUM-510x383.jpg 510w, https:\/\/www.soleum.de\/wp-content\/uploads\/2023\/08\/Aussensauna-Outdoor-SPA-SOLEUM.jpg 800w\" sizes=\"auto, (max-width: 533px) 100vw, 533px\" \/>\t\t\t\t\t\t\t<\/a>\n  \t\t\t\t\t\t\t  \t\t\t\t\t\t\t  \t\t\t\t\t\t<\/div>\n  \t\t\t\t\t\t  \t\t\t\t\t<\/div>\n          \t\t\t\t\t<div class=\"box-text text-left\" style=\"background-color:rgb(255, 255, 255);\">\n\t\t\t\t\t<div class=\"box-text-inner blog-post-inner\">\n\n\t\t\t\t\t\n\t\t\t\t\t\t\t\t\t\t<h5 class=\"post-title is-large \">\n\t\t\t\t\t\t<a href=\"https:\/\/www.soleum.de\/it\/sauna-esterna-soleum-la-sauna-a-vapore-per-uso-esterno\/\" class=\"plain\">Sauna esterna SOLEUM &#8211; La sauna a vapore per uso esterno<\/a>\n\t\t\t\t\t<\/h5>\n\t\t\t\t\t\t\t\t\t\t<div class=\"is-divider\"><\/div>\n\t\t\t\t\t\t\t\t\t\t<p class=\"from_the_blog_excerpt \">\n\t\t\t\t\t\tLa sauna a vapore Soleum\u00ae per esterni \u00e8 unica e offre molti vantaggi. \u00c8 anche [...]\t\t\t\t\t<\/p>\n\t\t\t\t\t                    \n\t\t\t\t\t\n\t\t\t\t\t\n\t\t\t\t\t<\/div>\n\t\t\t\t\t<\/div>\n\t\t\t\t\t\t\t\t\t\t\t\t\t\t\t\t<div class=\"badge absolute top post-date badge-outline\">\n\t\t\t\t\t\t\t<div class=\"badge-inner\">\n\t\t\t\t\t\t\t\t<span class=\"post-date-day\">23<\/span><br>\n\t\t\t\t\t\t\t\t<span class=\"post-date-month is-xsmall\">Ago<\/span>\n\t\t\t\t\t\t\t<\/div>\n\t\t\t\t\t\t<\/div>\n\t\t\t\t\t\t\t\t\t<\/div>\n\t\t\t<\/div>\n\t\t<\/div><div class=\"col post-item\" >\n\t\t\t<div class=\"col-inner\">\n\t\t\t\t<div class=\"box box-vertical box-text-bottom box-blog-post has-hover\">\n            \t\t\t\t\t<div class=\"box-image\" style=\"width:40%;\">\n  \t\t\t\t\t\t<div class=\"image-cover\" style=\"padding-top:223px;\">\n\t\t\t\t\t\t\t<a href=\"https:\/\/www.soleum.de\/it\/area-tecnica-bagno-turco\/\" class=\"plain\" aria-label=\"Area tecnica bagno turco\">\n\t\t\t\t\t\t\t\t<img loading=\"lazy\" decoding=\"async\" width=\"300\" height=\"400\" src=\"https:\/\/www.soleum.de\/wp-content\/uploads\/2019\/03\/Technikbereich-dampfbad-soleum-1-300x400.jpg\" class=\"attachment-medium size-medium wp-post-image\" alt=\"Area tecnica dampfbad soleum tecnologia del bagno di vapore\" srcset=\"https:\/\/www.soleum.de\/wp-content\/uploads\/2019\/03\/Technikbereich-dampfbad-soleum-1-300x400.jpg 300w, https:\/\/www.soleum.de\/wp-content\/uploads\/2019\/03\/Technikbereich-dampfbad-soleum-1.jpg 480w\" sizes=\"auto, (max-width: 300px) 100vw, 300px\" \/>\t\t\t\t\t\t\t<\/a>\n  \t\t\t\t\t\t\t  \t\t\t\t\t\t\t  \t\t\t\t\t\t<\/div>\n  \t\t\t\t\t\t  \t\t\t\t\t<\/div>\n          \t\t\t\t\t<div class=\"box-text text-left\" style=\"background-color:rgb(255, 255, 255);\">\n\t\t\t\t\t<div class=\"box-text-inner blog-post-inner\">\n\n\t\t\t\t\t\n\t\t\t\t\t\t\t\t\t\t<h5 class=\"post-title is-large \">\n\t\t\t\t\t\t<a href=\"https:\/\/www.soleum.de\/it\/area-tecnica-bagno-turco\/\" class=\"plain\">Area tecnica bagno turco<\/a>\n\t\t\t\t\t<\/h5>\n\t\t\t\t\t\t\t\t\t\t<div class=\"is-divider\"><\/div>\n\t\t\t\t\t\t\t\t\t\t<p class=\"from_the_blog_excerpt \">\n\t\t\t\t\t\tQui troverete informazioni sull'area tecnica di un bagno turco. La tecnologia del bagno turco ha [...]\t\t\t\t\t<\/p>\n\t\t\t\t\t                    \n\t\t\t\t\t\n\t\t\t\t\t\n\t\t\t\t\t<\/div>\n\t\t\t\t\t<\/div>\n\t\t\t\t\t\t\t\t\t\t\t\t\t\t\t\t<div class=\"badge absolute top post-date badge-outline\">\n\t\t\t\t\t\t\t<div class=\"badge-inner\">\n\t\t\t\t\t\t\t\t<span class=\"post-date-day\">16<\/span><br>\n\t\t\t\t\t\t\t\t<span class=\"post-date-month is-xsmall\">Giu<\/span>\n\t\t\t\t\t\t\t<\/div>\n\t\t\t\t\t\t<\/div>\n\t\t\t\t\t\t\t\t\t<\/div>\n\t\t\t<\/div>\n\t\t<\/div><div class=\"col post-item\" >\n\t\t\t<div class=\"col-inner\">\n\t\t\t\t<div class=\"box box-vertical box-text-bottom box-blog-post has-hover\">\n            \t\t\t\t\t<div class=\"box-image\" style=\"width:40%;\">\n  \t\t\t\t\t\t<div class=\"image-cover\" style=\"padding-top:223px;\">\n\t\t\t\t\t\t\t<a href=\"https:\/\/www.soleum.de\/it\/lettino-riscaldato-spa-di-lusso-con-mosaico-di-vetro-sicis\/\" class=\"plain\" aria-label=\"Lettino riscaldato SPA di lusso con mosaico di vetro SICIS\">\n\t\t\t\t\t\t\t\t<img loading=\"lazy\" decoding=\"async\" width=\"600\" height=\"360\" src=\"https:\/\/www.soleum.de\/wp-content\/uploads\/2023\/05\/SOLEUM-Waermeliege-LAGOON-600.jpg\" class=\"attachment-medium size-medium wp-post-image\" alt=\"Lettino riscaldato SOLEUM LAGOON\" srcset=\"https:\/\/www.soleum.de\/wp-content\/uploads\/2023\/05\/SOLEUM-Waermeliege-LAGOON-600.jpg 600w, https:\/\/www.soleum.de\/wp-content\/uploads\/2023\/05\/SOLEUM-Waermeliege-LAGOON-600-510x306.jpg 510w\" sizes=\"auto, (max-width: 600px) 100vw, 600px\" \/>\t\t\t\t\t\t\t<\/a>\n  \t\t\t\t\t\t\t  \t\t\t\t\t\t\t  \t\t\t\t\t\t<\/div>\n  \t\t\t\t\t\t  \t\t\t\t\t<\/div>\n          \t\t\t\t\t<div class=\"box-text text-left\" style=\"background-color:rgb(255, 255, 255);\">\n\t\t\t\t\t<div class=\"box-text-inner blog-post-inner\">\n\n\t\t\t\t\t\n\t\t\t\t\t\t\t\t\t\t<h5 class=\"post-title is-large \">\n\t\t\t\t\t\t<a href=\"https:\/\/www.soleum.de\/it\/lettino-riscaldato-spa-di-lusso-con-mosaico-di-vetro-sicis\/\" class=\"plain\">Lettino riscaldato SPA di lusso con mosaico di vetro SICIS<\/a>\n\t\t\t\t\t<\/h5>\n\t\t\t\t\t\t\t\t\t\t<div class=\"is-divider\"><\/div>\n\t\t\t\t\t\t\t\t\t\t<p class=\"from_the_blog_excerpt \">\n\t\t\t\t\t\tLettini SPA di lusso per hotel, aree benessere e saune private Il relax perfettamente formato [...]\t\t\t\t\t<\/p>\n\t\t\t\t\t                    \n\t\t\t\t\t\n\t\t\t\t\t\n\t\t\t\t\t<\/div>\n\t\t\t\t\t<\/div>\n\t\t\t\t\t\t\t\t\t\t\t\t\t\t\t\t<div class=\"badge absolute top post-date badge-outline\">\n\t\t\t\t\t\t\t<div class=\"badge-inner\">\n\t\t\t\t\t\t\t\t<span class=\"post-date-day\">17<\/span><br>\n\t\t\t\t\t\t\t\t<span class=\"post-date-month is-xsmall\">Mag<\/span>\n\t\t\t\t\t\t\t<\/div>\n\t\t\t\t\t\t<\/div>\n\t\t\t\t\t\t\t\t\t<\/div>\n\t\t\t<\/div>\n\t\t<\/div><div class=\"col post-item\" >\n\t\t\t<div class=\"col-inner\">\n\t\t\t\t<div class=\"box box-vertical box-text-bottom box-blog-post has-hover\">\n            \t\t\t\t\t<div class=\"box-image\" style=\"width:40%;\">\n  \t\t\t\t\t\t<div class=\"image-cover\" style=\"padding-top:223px;\">\n\t\t\t\t\t\t\t<a href=\"https:\/\/www.soleum.de\/it\/art-spa-cabine-di-lusso-per-i-viaggiatori-piu-esigenti\/\" class=\"plain\" aria-label=\"Art &amp; SPA &#8211; Cabine di lusso per i viaggiatori pi\u00f9 esigenti\">\n\t\t\t\t\t\t\t\t<img loading=\"lazy\" decoding=\"async\" width=\"319\" height=\"400\" src=\"https:\/\/www.soleum.de\/wp-content\/uploads\/2022\/08\/ArtSPA-Luxus-Design-Wellness2-319x400.jpg\" class=\"attachment-medium size-medium wp-post-image\" alt=\"\" srcset=\"https:\/\/www.soleum.de\/wp-content\/uploads\/2022\/08\/ArtSPA-Luxus-Design-Wellness2-319x400.jpg 319w, https:\/\/www.soleum.de\/wp-content\/uploads\/2022\/08\/ArtSPA-Luxus-Design-Wellness2-638x800.jpg 638w, https:\/\/www.soleum.de\/wp-content\/uploads\/2022\/08\/ArtSPA-Luxus-Design-Wellness2-768x963.jpg 768w, https:\/\/www.soleum.de\/wp-content\/uploads\/2022\/08\/ArtSPA-Luxus-Design-Wellness2-510x639.jpg 510w, https:\/\/www.soleum.de\/wp-content\/uploads\/2022\/08\/ArtSPA-Luxus-Design-Wellness2.jpg 900w\" sizes=\"auto, (max-width: 319px) 100vw, 319px\" \/>\t\t\t\t\t\t\t<\/a>\n  \t\t\t\t\t\t\t  \t\t\t\t\t\t\t  \t\t\t\t\t\t<\/div>\n  \t\t\t\t\t\t  \t\t\t\t\t<\/div>\n          \t\t\t\t\t<div class=\"box-text text-left\" style=\"background-color:rgb(255, 255, 255);\">\n\t\t\t\t\t<div class=\"box-text-inner blog-post-inner\">\n\n\t\t\t\t\t\n\t\t\t\t\t\t\t\t\t\t<h5 class=\"post-title is-large \">\n\t\t\t\t\t\t<a href=\"https:\/\/www.soleum.de\/it\/art-spa-cabine-di-lusso-per-i-viaggiatori-piu-esigenti\/\" class=\"plain\">Art &amp; SPA &#8211; Cabine di lusso per i viaggiatori pi\u00f9 esigenti<\/a>\n\t\t\t\t\t<\/h5>\n\t\t\t\t\t\t\t\t\t\t<div class=\"is-divider\"><\/div>\n\t\t\t\t\t\t\t\t\t\t<p class=\"from_the_blog_excerpt \">\n\t\t\t\t\t\tArt &amp; SPA - cabine di lusso per viaggiatori esigenti. Un oggetto d'arte con numerose [...]\t\t\t\t\t<\/p>\n\t\t\t\t\t                    \n\t\t\t\t\t\n\t\t\t\t\t\n\t\t\t\t\t<\/div>\n\t\t\t\t\t<\/div>\n\t\t\t\t\t\t\t\t\t\t\t\t\t\t\t\t<div class=\"badge absolute top post-date badge-outline\">\n\t\t\t\t\t\t\t<div class=\"badge-inner\">\n\t\t\t\t\t\t\t\t<span class=\"post-date-day\">21<\/span><br>\n\t\t\t\t\t\t\t\t<span class=\"post-date-month is-xsmall\">Feb<\/span>\n\t\t\t\t\t\t\t<\/div>\n\t\t\t\t\t\t<\/div>\n\t\t\t\t\t\t\t\t\t<\/div>\n\t\t\t<\/div>\n\t\t<\/div><div class=\"col post-item\" >\n\t\t\t<div class=\"col-inner\">\n\t\t\t\t<div class=\"box box-vertical box-text-bottom box-blog-post has-hover\">\n            \t\t\t\t\t<div class=\"box-image\" style=\"width:40%;\">\n  \t\t\t\t\t\t<div class=\"image-cover\" style=\"padding-top:223px;\">\n\t\t\t\t\t\t\t<a href=\"https:\/\/www.soleum.de\/it\/arredi-spa-per-larea-benessere-e-gli-hotel\/\" class=\"plain\" aria-label=\"Arredi SPA per l&#8217;area benessere e gli hotel\">\n\t\t\t\t\t\t\t\t<img loading=\"lazy\" decoding=\"async\" width=\"533\" height=\"400\" src=\"https:\/\/www.soleum.de\/wp-content\/uploads\/2022\/07\/SPA-Moebel-soleum-1-533x400.jpg\" class=\"attachment-medium size-medium wp-post-image\" alt=\"\" srcset=\"https:\/\/www.soleum.de\/wp-content\/uploads\/2022\/07\/SPA-Moebel-soleum-1-533x400.jpg 533w, https:\/\/www.soleum.de\/wp-content\/uploads\/2022\/07\/SPA-Moebel-soleum-1-768x576.jpg 768w, https:\/\/www.soleum.de\/wp-content\/uploads\/2022\/07\/SPA-Moebel-soleum-1-510x383.jpg 510w, https:\/\/www.soleum.de\/wp-content\/uploads\/2022\/07\/SPA-Moebel-soleum-1.jpg 800w\" sizes=\"auto, (max-width: 533px) 100vw, 533px\" \/>\t\t\t\t\t\t\t<\/a>\n  \t\t\t\t\t\t\t  \t\t\t\t\t\t\t  \t\t\t\t\t\t<\/div>\n  \t\t\t\t\t\t  \t\t\t\t\t<\/div>\n          \t\t\t\t\t<div class=\"box-text text-left\" style=\"background-color:rgb(255, 255, 255);\">\n\t\t\t\t\t<div class=\"box-text-inner blog-post-inner\">\n\n\t\t\t\t\t\n\t\t\t\t\t\t\t\t\t\t<h5 class=\"post-title is-large \">\n\t\t\t\t\t\t<a href=\"https:\/\/www.soleum.de\/it\/arredi-spa-per-larea-benessere-e-gli-hotel\/\" class=\"plain\">Arredi SPA per l&#8217;area benessere e gli hotel<\/a>\n\t\t\t\t\t<\/h5>\n\t\t\t\t\t\t\t\t\t\t<div class=\"is-divider\"><\/div>\n\t\t\t\t\t\t\t\t\t\t<p class=\"from_the_blog_excerpt \">\n\t\t\t\t\t\tDa SOLEUM non troverete solo esclusivi bagni di vapore e saune, ma anche mobili SPA [...]\t\t\t\t\t<\/p>\n\t\t\t\t\t                    \n\t\t\t\t\t\n\t\t\t\t\t\n\t\t\t\t\t<\/div>\n\t\t\t\t\t<\/div>\n\t\t\t\t\t\t\t\t\t\t\t\t\t\t\t\t<div class=\"badge absolute top post-date badge-outline\">\n\t\t\t\t\t\t\t<div class=\"badge-inner\">\n\t\t\t\t\t\t\t\t<span class=\"post-date-day\">27<\/span><br>\n\t\t\t\t\t\t\t\t<span class=\"post-date-month is-xsmall\">Lug<\/span>\n\t\t\t\t\t\t\t<\/div>\n\t\t\t\t\t\t<\/div>\n\t\t\t\t\t\t\t\t\t<\/div>\n\t\t\t<\/div>\n\t\t<\/div><\/div>\n\n\n\t\t<\/div>\n\t\t\t\t\t<\/div>\n\n\t\n\n<\/div>\n\n\t\t<\/div>\n\n\t\t\n<style>\n#section_1565698782 {\n  padding-top: 43px;\n  padding-bottom: 43px;\n  min-height: 276px;\n  background-color: rgb(241, 241, 241);\n}\n<\/style>\n\t<\/section>\n\t\n<div class=\"slider-wrapper relative\" id=\"slider-1145168538\" >\n    <div class=\"slider slider-nav-circle slider-nav-large slider-nav-light slider-style-normal\"\n        data-flickity-options='{\n            \"cellAlign\": \"center\",\n            \"imagesLoaded\": true,\n            \"lazyLoad\": 1,\n            \"freeScroll\": false,\n            \"wrapAround\": true,\n            \"autoPlay\": 6000,\n            \"pauseAutoPlayOnHover\" : true,\n            \"prevNextButtons\": true,\n            \"contain\" : true,\n            \"adaptiveHeight\" : true,\n            \"dragThreshold\" : 10,\n            \"percentPosition\": true,\n            \"pageDots\": true,\n            \"rightToLeft\": false,\n            \"draggable\": true,\n            \"selectedAttraction\": 0.1,\n            \"parallax\" : 0,\n            \"friction\": 0.6        }'\n        >\n        \r\n\r\n\n  <div class=\"banner has-hover\" id=\"banner-1248175268\">\n          <div class=\"banner-inner fill\">\n        <div class=\"banner-bg fill\" >\n            <img loading=\"lazy\" decoding=\"async\" width=\"1000\" height=\"665\" src=\"https:\/\/www.soleum.de\/wp-content\/uploads\/2017\/08\/Dampfdusche-Soleum-oberoesterreich-4.jpg\" class=\"bg attachment-large size-large\" alt=\"\" \/>                        <div class=\"overlay\"><\/div>            \n                    <\/div>\n\t\t\n        <div class=\"banner-layers container\">\n            <div class=\"fill banner-link\"><\/div>            \r\n\r\n   <div id=\"text-box-1046912826\" class=\"text-box banner-layer x50 md-x50 lg-x50 y50 md-y50 lg-y50 res-text\">\n                                <div class=\"text-box-content text dark\">\n              \n              <div class=\"text-inner text-center\">\n                  \r\n\r\n  <div class=\"icon-box testimonial-box icon-box-left text-left\">\n                <div class=\"icon-box-img testimonial-image circle\" style=\"width: 142px\">\n                      <\/div>\n                <div class=\"icon-box-text p-last-0\">\n          <div class=\"star-rating\" role=\"img\" aria-label=\"Rated 5 out of 5\"><span style=\"width:100%\"><strong class=\"rating\"><\/strong><\/span><\/div>  \t\t\t\t<div class=\"testimonial-text line-height-small italic test_text first-reset last-reset is-italic\">\n            \r\n\r\n<p class=\"lead\"><span class=\"r-iUfEJpOtIAO0\"><span class=\"review-full-text\">Il sig. Kiesenebner mi ha sempre consigliato in modo molto amichevole e altamente professionale in numerose e-mail e conversazioni telefoniche.<br>La progettazione \u00e8 stata eseguita esattamente secondo le mie idee e con mia piena soddisfazione.<br>Montaggio della cabina e posa del sottofondo, nonch\u00e9 tutti i lavori di installazione<br>sono stati completati in modo rapido, preciso e perfetto dal montatore Christian.<br>Non posso raccomandare la Fa. Raccomandiamo vivamente Soleum con la migliore conoscenza e coscienza.<\/span><\/span><\/p>\r\n\r\n          <\/div>\n          <div class=\"testimonial-meta pt-half\">\n             <strong class=\"testimonial-name test_name\">Alfred F\u00fcrthauer<\/strong>\n             <span class=\"testimonial-name-divider\"> \/ <\/span>             <span class=\"testimonial-company test_company\">GOOGLE<\/span>\n          <\/div>\n        <\/div>\n  <\/div>\n\n  \r\n\r\n              <\/div>\n           <\/div>\n                            \n<style>\n#text-box-1046912826 {\n  width: 100%;\n}\n#text-box-1046912826 .text-box-content {\n  font-size: 100%;\n}\n@media (min-width:550px) {\n  #text-box-1046912826 {\n    width: 78%;\n  }\n}\n<\/style>\n    <\/div>\n \r\n\r\n        <\/div>\n      <\/div>\n\n            \n<style>\n#banner-1248175268 {\n  padding-top: 378px;\n}\n#banner-1248175268 .overlay {\n  background-color: rgba(0, 0, 0, 0.68);\n}\n#banner-1248175268 .banner-bg img {\n  object-position: 79% 68%;\n}\n<\/style>\n  <\/div>\n\n\r\n\n  <div class=\"banner has-hover\" id=\"banner-1637138627\">\n          <div class=\"banner-inner fill\">\n        <div class=\"banner-bg fill\" >\n            <img loading=\"lazy\" decoding=\"async\" width=\"1020\" height=\"680\" src=\"https:\/\/www.soleum.de\/wp-content\/uploads\/2017\/02\/Solekabine-mit-Dampfbadliege-01-1200x800.jpg\" class=\"bg attachment-large size-large\" alt=\"Lettino nel bagno turco\" \/>                        <div class=\"overlay\"><\/div>            \n                    <\/div>\n\t\t\n        <div class=\"banner-layers container\">\n            <div class=\"fill banner-link\"><\/div>            \r\n\r\n   <div id=\"text-box-1092315376\" class=\"text-box banner-layer x50 md-x50 lg-x50 y50 md-y50 lg-y50 res-text\">\n                                <div class=\"text-box-content text dark\">\n              \n              <div class=\"text-inner text-center\">\n                  \r\n\r\n  <div class=\"icon-box testimonial-box icon-box-left text-left\">\n                <div class=\"icon-box-img testimonial-image circle\" style=\"width: 142px\">\n                      <\/div>\n                <div class=\"icon-box-text p-last-0\">\n          <div class=\"star-rating\" role=\"img\" aria-label=\"Rated 5 out of 5\"><span style=\"width:100%\"><strong class=\"rating\"><\/strong><\/span><\/div>  \t\t\t\t<div class=\"testimonial-text line-height-small italic test_text first-reset last-reset is-italic\">\n            \r\n\r\n<p class=\"lead\"><span class=\"r-iSHFIgWrcIs4\">Siamo molto soddisfatti e desideriamo ringraziarvi ancora una volta per la vostra eccellente consulenza e affidabilit\u00e0.<\/span><\/p>\r\n\r\n          <\/div>\n          <div class=\"testimonial-meta pt-half\">\n             <strong class=\"testimonial-name test_name\">Paul Glaser<\/strong>\n             <span class=\"testimonial-name-divider\"> \/ <\/span>             <span class=\"testimonial-company test_company\">GOOGLE<\/span>\n          <\/div>\n        <\/div>\n  <\/div>\n\n  \r\n\r\n              <\/div>\n           <\/div>\n                            \n<style>\n#text-box-1092315376 {\n  width: 100%;\n}\n#text-box-1092315376 .text-box-content {\n  font-size: 100%;\n}\n@media (min-width:550px) {\n  #text-box-1092315376 {\n    width: 78%;\n  }\n}\n<\/style>\n    <\/div>\n \r\n\r\n        <\/div>\n      <\/div>\n\n            \n<style>\n#banner-1637138627 {\n  padding-top: 378px;\n}\n#banner-1637138627 .overlay {\n  background-color: rgba(0, 0, 0, 0.68);\n}\n#banner-1637138627 .banner-bg img {\n  object-position: 79% 68%;\n}\n<\/style>\n  <\/div>\n\n\r\n\n  <div class=\"banner has-hover\" id=\"banner-952579898\">\n          <div class=\"banner-inner fill\">\n        <div class=\"banner-bg fill\" >\n            <img loading=\"lazy\" decoding=\"async\" width=\"1020\" height=\"367\" src=\"https:\/\/www.soleum.de\/wp-content\/uploads\/2017\/02\/SOLEUM_dampfbad-testimonial-5-1400x504.jpg\" class=\"bg attachment-large size-large\" alt=\"\" \/>                        <div class=\"overlay\"><\/div>            \n                    <\/div>\n\t\t\n        <div class=\"banner-layers container\">\n            <div class=\"fill banner-link\"><\/div>            \r\n\r\n   <div id=\"text-box-1447779959\" class=\"text-box banner-layer x50 md-x50 lg-x50 y50 md-y50 lg-y50 res-text\">\n                                <div class=\"text-box-content text dark\">\n              \n              <div class=\"text-inner text-center\">\n                  \r\n\r\n  <div class=\"icon-box testimonial-box icon-box-left text-left\">\n                <div class=\"icon-box-img testimonial-image circle\" style=\"width: 142px\">\n                      <\/div>\n                <div class=\"icon-box-text p-last-0\">\n          <div class=\"star-rating\" role=\"img\" aria-label=\"Rated 5 out of 5\"><span style=\"width:100%\"><strong class=\"rating\"><\/strong><\/span><\/div>  \t\t\t\t<div class=\"testimonial-text line-height-small italic test_text first-reset last-reset is-italic\">\n            \r\n\r\n<p class=\"lead\"><span class=\"r-iSHFIgWrcIs4\"><span class=\"r-ibcvrFFu_zHM\">Consulenza accurata e consegna rapida dei componenti del bagno turco. Mia moglie ha sempre avuto problemi di sinusite, ma da quando abbiamo iniziato a usare Soleum i disturbi sono scomparsi.<\/span><\/span><\/p>\r\n\r\n          <\/div>\n          <div class=\"testimonial-meta pt-half\">\n             <strong class=\"testimonial-name test_name\">Georg Pointner<\/strong>\n             <span class=\"testimonial-name-divider\"> \/ <\/span>             <span class=\"testimonial-company test_company\">GOOGLE<\/span>\n          <\/div>\n        <\/div>\n  <\/div>\n\n  \r\n\r\n              <\/div>\n           <\/div>\n                            \n<style>\n#text-box-1447779959 {\n  width: 100%;\n}\n#text-box-1447779959 .text-box-content {\n  font-size: 100%;\n}\n@media (min-width:550px) {\n  #text-box-1447779959 {\n    width: 78%;\n  }\n}\n<\/style>\n    <\/div>\n \r\n\r\n        <\/div>\n      <\/div>\n\n            \n<style>\n#banner-952579898 {\n  padding-top: 378px;\n}\n#banner-952579898 .overlay {\n  background-color: rgba(0, 0, 0, 0.68);\n}\n#banner-952579898 .banner-bg img {\n  object-position: 79% 68%;\n}\n<\/style>\n  <\/div>\n\n\r\n\n  <div class=\"banner has-hover\" id=\"banner-1505762280\">\n          <div class=\"banner-inner fill\">\n        <div class=\"banner-bg fill\" >\n            <img loading=\"lazy\" decoding=\"async\" width=\"1000\" height=\"665\" src=\"https:\/\/www.soleum.de\/wp-content\/uploads\/2017\/09\/geflieste-Dampfdusche-07.jpg\" class=\"bg attachment-large size-large\" alt=\"\" \/>                        <div class=\"overlay\"><\/div>            \n                    <\/div>\n\t\t\n        <div class=\"banner-layers container\">\n            <div class=\"fill banner-link\"><\/div>            \r\n\r\n   <div id=\"text-box-79035241\" class=\"text-box banner-layer x50 md-x50 lg-x50 y50 md-y50 lg-y50 res-text\">\n                                <div class=\"text-box-content text dark\">\n              \n              <div class=\"text-inner text-center\">\n                  \r\n\r\n  <div class=\"icon-box testimonial-box icon-box-left text-left\">\n                <div class=\"icon-box-img testimonial-image circle\" style=\"width: 142px\">\n                      <\/div>\n                <div class=\"icon-box-text p-last-0\">\n          <div class=\"star-rating\" role=\"img\" aria-label=\"Rated 5 out of 5\"><span style=\"width:100%\"><strong class=\"rating\"><\/strong><\/span><\/div>  \t\t\t\t<div class=\"testimonial-text line-height-small italic test_text first-reset last-reset is-italic\">\n            \r\n\r\n<p class=\"lead\"><span class=\"r-iSHFIgWrcIs4\"><span class=\"r-ibcvrFFu_zHM\"><span class=\"r-iaXil3ZyWoYI\">Consulenza eccellente e consegna puntuale a un prezzo equo. Siamo molto soddisfatti<\/span><\/span><\/span><\/p>\r\n\r\n          <\/div>\n          <div class=\"testimonial-meta pt-half\">\n             <strong class=\"testimonial-name test_name\">Ing. Christian Weissmann<\/strong>\n             <span class=\"testimonial-name-divider\"> \/ <\/span>             <span class=\"testimonial-company test_company\">GOOGLE<\/span>\n          <\/div>\n        <\/div>\n  <\/div>\n\n  \r\n\r\n              <\/div>\n           <\/div>\n                            \n<style>\n#text-box-79035241 {\n  width: 100%;\n}\n#text-box-79035241 .text-box-content {\n  font-size: 100%;\n}\n@media (min-width:550px) {\n  #text-box-79035241 {\n    width: 78%;\n  }\n}\n<\/style>\n    <\/div>\n \r\n\r\n        <\/div>\n      <\/div>\n\n            \n<style>\n#banner-1505762280 {\n  padding-top: 378px;\n}\n#banner-1505762280 .overlay {\n  background-color: rgba(0, 0, 0, 0.68);\n}\n#banner-1505762280 .banner-bg img {\n  object-position: 79% 68%;\n}\n<\/style>\n  <\/div>\n\n\r\n\n  <div class=\"banner has-hover\" id=\"banner-545326906\">\n          <div class=\"banner-inner fill\">\n        <div class=\"banner-bg fill\" >\n            <img loading=\"lazy\" decoding=\"async\" width=\"1000\" height=\"750\" src=\"https:\/\/www.soleum.de\/wp-content\/uploads\/2017\/10\/Dampfbad-Liege-Dampfbadsitz-T85-2.jpg\" class=\"bg attachment-large size-large\" alt=\"\" \/>                        <div class=\"overlay\"><\/div>            \n                    <\/div>\n\t\t\n        <div class=\"banner-layers container\">\n            <div class=\"fill banner-link\"><\/div>            \r\n\r\n   <div id=\"text-box-1698539571\" class=\"text-box banner-layer x50 md-x50 lg-x50 y50 md-y50 lg-y50 res-text\">\n                                <div class=\"text-box-content text dark\">\n              \n              <div class=\"text-inner text-center\">\n                  \r\n\r\n  <div class=\"icon-box testimonial-box icon-box-left text-left\">\n                <div class=\"icon-box-img testimonial-image circle\" style=\"width: 142px\">\n                      <\/div>\n                <div class=\"icon-box-text p-last-0\">\n          <div class=\"star-rating\" role=\"img\" aria-label=\"Rated 5 out of 5\"><span style=\"width:100%\"><strong class=\"rating\"><\/strong><\/span><\/div>  \t\t\t\t<div class=\"testimonial-text line-height-small italic test_text first-reset last-reset is-italic\">\n            \r\n\r\n<p class=\"lead\"><span class=\"r-iSHFIgWrcIs4\"><span class=\"r-ibcvrFFu_zHM\"><span class=\"r-iaXil3ZyWoYI\"><span class=\"r-iVsFRIOyXZDI\">Super competente, consegna puntuale, il prossimo bagno turco sar\u00e0 di nuovo al Soleum!<\/span><\/span><\/span><\/span><\/p>\r\n\r\n          <\/div>\n          <div class=\"testimonial-meta pt-half\">\n             <strong class=\"testimonial-name test_name\">Wolfgang B\u00f6sch<\/strong>\n             <span class=\"testimonial-name-divider\"> \/ <\/span>             <span class=\"testimonial-company test_company\">GOOGLE<\/span>\n          <\/div>\n        <\/div>\n  <\/div>\n\n  \r\n\r\n              <\/div>\n           <\/div>\n                            \n<style>\n#text-box-1698539571 {\n  width: 100%;\n}\n#text-box-1698539571 .text-box-content {\n  font-size: 100%;\n}\n@media (min-width:550px) {\n  #text-box-1698539571 {\n    width: 78%;\n  }\n}\n<\/style>\n    <\/div>\n \r\n\r\n        <\/div>\n      <\/div>\n\n            \n<style>\n#banner-545326906 {\n  padding-top: 378px;\n}\n#banner-545326906 .overlay {\n  background-color: rgba(0, 0, 0, 0.68);\n}\n#banner-545326906 .banner-bg img {\n  object-position: 79% 68%;\n}\n<\/style>\n  <\/div>\n\n\r\n\n  <div class=\"banner has-hover\" id=\"banner-1475746378\">\n          <div class=\"banner-inner fill\">\n        <div class=\"banner-bg fill\" >\n            <img loading=\"lazy\" decoding=\"async\" width=\"1000\" height=\"665\" src=\"https:\/\/www.soleum.de\/wp-content\/uploads\/2017\/03\/Soledampfbad-Kompetenzzentrum-Pregarten-14.jpg\" class=\"bg attachment-large size-large\" alt=\"\" \/>                        <div class=\"overlay\"><\/div>            \n                    <\/div>\n\t\t\n        <div class=\"banner-layers container\">\n            <div class=\"fill banner-link\"><\/div>            \r\n\r\n   <div id=\"text-box-323318163\" class=\"text-box banner-layer x50 md-x50 lg-x50 y50 md-y50 lg-y50 res-text\">\n                                <div class=\"text-box-content text dark\">\n              \n              <div class=\"text-inner text-center\">\n                  \r\n\r\n  <div class=\"icon-box testimonial-box icon-box-left text-left\">\n                <div class=\"icon-box-img testimonial-image circle\" style=\"width: 142px\">\n                      <\/div>\n                <div class=\"icon-box-text p-last-0\">\n          <div class=\"star-rating\" role=\"img\" aria-label=\"Rated 5 out of 5\"><span style=\"width:100%\"><strong class=\"rating\"><\/strong><\/span><\/div>  \t\t\t\t<div class=\"testimonial-text line-height-small italic test_text first-reset last-reset is-italic\">\n            \r\n\r\n<p class=\"lead\"><span class=\"r-iSHFIgWrcIs4\"><span class=\"r-ibcvrFFu_zHM\"><span class=\"r-iaXil3ZyWoYI\"><span class=\"r-iVsFRIOyXZDI\"><span class=\"r-ib1kX0r6HX5A\">Molto soddisfatto<br>Informazioni tecniche<br>risposta rapida<\/span><\/span><\/span><\/span><\/span><\/p>\r\n\r\n          <\/div>\n          <div class=\"testimonial-meta pt-half\">\n             <strong class=\"testimonial-name test_name\">Claudia Burkert<\/strong>\n             <span class=\"testimonial-name-divider\"> \/ <\/span>             <span class=\"testimonial-company test_company\">GOOGLE<\/span>\n          <\/div>\n        <\/div>\n  <\/div>\n\n  \r\n\r\n              <\/div>\n           <\/div>\n                            \n<style>\n#text-box-323318163 {\n  width: 100%;\n}\n#text-box-323318163 .text-box-content {\n  font-size: 100%;\n}\n@media (min-width:550px) {\n  #text-box-323318163 {\n    width: 78%;\n  }\n}\n<\/style>\n    <\/div>\n \r\n\r\n        <\/div>\n      <\/div>\n\n            \n<style>\n#banner-1475746378 {\n  padding-top: 378px;\n}\n#banner-1475746378 .overlay {\n  background-color: rgba(0, 0, 0, 0.68);\n}\n#banner-1475746378 .banner-bg img {\n  object-position: 79% 68%;\n}\n<\/style>\n  <\/div>\n\n\r\n\r\n     <\/div>\n\n     <div class=\"loading-spin dark large centered\"><\/div>\n\n\t<\/div>\n\n\n\n<div class=\"message-box relative dark\" style=\"padding-top:36px;padding-bottom:36px;\"><div class=\"message-box-bg-image bg-fill fill\" ><\/div><div class=\"message-box-bg-overlay bg-fill fill\" style=\"background-color:rgb(34, 20, 81);\"><\/div><div class=\"container relative\"><div class=\"inner last-reset\">\n\n<div class=\"row align-middle\"  id=\"row-448247614\">\n\n\n\t<div id=\"col-453966110\" class=\"col medium-7 small-12 large-7\"  >\n\t\t\t\t<div class=\"col-inner\"  >\n\t\t\t\n\t\t\t\n\n<h2 class=\"uppercase\">QUI TROVERETE I NOSTRI MODULI SPA<\/h2>\n<p>Sfogliate il nostro negozio per conoscere le diverse possibilit\u00e0 dei nostri moduli SPA in EPS &#8211; siamo lieti di produrre moduli speciali per voi su richiesta!<\/p>\n\n\t\t<\/div>\n\t\t\t\t\t<\/div>\n\n\t\n\n\t<div id=\"col-883629377\" class=\"col medium-5 small-12 large-5\"  >\n\t\t\t\t<div class=\"col-inner text-right\"  >\n\t\t\t\n\t\t\t\n\n<a data-animate=\"flipInY\" href=\"https:\/\/www.soleum.de\/it\/produkt-kategorie\/parti-stampate-per-bagno-turco\/\" target=\"_blank\" class=\"button white is-outline is-larger\" rel=\"noopener\" >\n\t\t<span>MODANATURE PER BAGNO TURCO<\/span>\n\t<\/a>\n\n\n\n\t\t<\/div>\n\t\t\t\t\t<\/div>\n\n\t\n\n<\/div>\n\n<\/div><\/div><\/div>\n\n","protected":false},"excerpt":{"rendered":"","protected":false},"author":1,"featured_media":11923,"parent":0,"menu_order":1,"comment_status":"closed","ping_status":"closed","template":"page-blank.php","meta":{"footnotes":""},"class_list":["post-21977","page","type-page","status-publish","has-post-thumbnail","hentry"],"_links":{"self":[{"href":"https:\/\/www.soleum.de\/it\/wp-json\/wp\/v2\/pages\/21977","targetHints":{"allow":["GET"]}}],"collection":[{"href":"https:\/\/www.soleum.de\/it\/wp-json\/wp\/v2\/pages"}],"about":[{"href":"https:\/\/www.soleum.de\/it\/wp-json\/wp\/v2\/types\/page"}],"author":[{"embeddable":true,"href":"https:\/\/www.soleum.de\/it\/wp-json\/wp\/v2\/users\/1"}],"replies":[{"embeddable":true,"href":"https:\/\/www.soleum.de\/it\/wp-json\/wp\/v2\/comments?post=21977"}],"version-history":[{"count":7,"href":"https:\/\/www.soleum.de\/it\/wp-json\/wp\/v2\/pages\/21977\/revisions"}],"predecessor-version":[{"id":31514,"href":"https:\/\/www.soleum.de\/it\/wp-json\/wp\/v2\/pages\/21977\/revisions\/31514"}],"wp:featuredmedia":[{"embeddable":true,"href":"https:\/\/www.soleum.de\/it\/wp-json\/wp\/v2\/media\/11923"}],"wp:attachment":[{"href":"https:\/\/www.soleum.de\/it\/wp-json\/wp\/v2\/media?parent=21977"}],"curies":[{"name":"wp","href":"https:\/\/api.w.org\/{rel}","templated":true}]}}