{"id":21986,"date":"2023-08-28T10:18:26","date_gmt":"2023-08-28T08:18:26","guid":{"rendered":"https:\/\/www.soleum.de\/lettini-spa-dellhotel\/"},"modified":"2024-07-29T13:18:55","modified_gmt":"2024-07-29T11:18:55","slug":"lettini-spa-dellhotel","status":"publish","type":"page","link":"https:\/\/www.soleum.de\/it\/lettini-spa-dellhotel\/","title":{"rendered":"Lettini SPA dell&#8217;hotel"},"content":{"rendered":"\n\t<div id=\"gap-290332034\" class=\"gap-element clearfix\" style=\"display:block; height:auto;\">\n\t\t\n<style>\n#gap-290332034 {\n  padding-top: 40px;\n}\n<\/style>\n\t<\/div>\n\t\n\n<div class=\"container section-title-container\" ><h1 class=\"section-title section-title-center\"><b aria-hidden=\"true\"><\/b><span class=\"section-title-main\" >Lettini SPA dell&#039;hotel. BUGIE INFRAROSSE per le aree benessere<\/span><b aria-hidden=\"true\"><\/b><\/h1><\/div>\n\n\t<div id=\"text-2265185119\" class=\"text\">\n\t\t\n\n<h2 class=\"title-heading-left fusion-responsive-typography-calculated\">Esclusivi lettini a infrarossi di SOLEUM\u00ae<\/h2>\n\t\t\n<style>\n#text-2265185119 {\n  text-align: center;\n}\n<\/style>\n\t<\/div>\n\t\n\t<div id=\"text-3527676466\" class=\"text\">\n\t\t\n\n<div class=\"fusion-text fusion-text-1\">\n<h3 class=\"fusion-responsive-typography-calculated\" data-fontsize=\"50\" data-lineheight=\"50px\">NOVIT\u00c0 di SOLEUM\u00ae: <strong>Letti riscaldati<\/strong> per le SPA degli hotel, le aree benessere private e i soggiorni<\/h3>\n<p><strong>Lettini SPA per hotel<\/strong> dal design e dalla funzionalit\u00e0 sorprendenti. I nuovi esclusivi lettini di calore a infrarossi con temperatura regolabile sono opere d&#8217;arte funzionali adatte a qualsiasi ambiente.<\/p>\n<p><br>Lettini riscaldati unici che offrono comfort e stile in qualsiasi ambiente. \u00c8 disponibile una gamma completa di questi lettini che si adattano a qualsiasi stile di interni.&nbsp; Che si tratti di lettini riscaldati con piastrelle, lettini riscaldati in cemento o rivestimento in microcemento, lettini riscaldati in marmo o lettini a infrarossi con piastrelle di grande formato, da noi puoi trovare tutti i lettini riscaldati esclusivi per la tua area benessere.<\/p>\n<p>I lettini non solo fanno una buona impressione nell&#8217;area spa dell&#8217;hotel, ma sono perfetti anche per le suite degli hotel di lusso. Stupite l&#8217;ospite e date alla suite di lusso un &#8220;upgrade&#8221; in pi\u00f9.<\/p>\n<\/div>\n\t\t\n<style>\n#text-3527676466 {\n  text-align: center;\n}\n<\/style>\n\t<\/div>\n\t\n\t<div class=\"img has-hover x md-x lg-x y md-y lg-y\" id=\"image_1898833860\">\n\t\t\t\t\t\t\t\t<div class=\"img-inner dark\" >\n\t\t\t<img loading=\"lazy\" decoding=\"async\" width=\"1020\" height=\"505\" src=\"https:\/\/www.soleum.de\/wp-content\/uploads\/2023\/08\/Beheizte-Waermeliegen-ROSERED-4-1400x693.jpg\" class=\"attachment-large size-large\" alt=\"\" srcset=\"https:\/\/www.soleum.de\/wp-content\/uploads\/2023\/08\/Beheizte-Waermeliegen-ROSERED-4-1400x693.jpg 1400w, https:\/\/www.soleum.de\/wp-content\/uploads\/2023\/08\/Beheizte-Waermeliegen-ROSERED-4-800x396.jpg 800w, https:\/\/www.soleum.de\/wp-content\/uploads\/2023\/08\/Beheizte-Waermeliegen-ROSERED-4-768x380.jpg 768w, https:\/\/www.soleum.de\/wp-content\/uploads\/2023\/08\/Beheizte-Waermeliegen-ROSERED-4-1536x760.jpg 1536w, https:\/\/www.soleum.de\/wp-content\/uploads\/2023\/08\/Beheizte-Waermeliegen-ROSERED-4-510x252.jpg 510w, https:\/\/www.soleum.de\/wp-content\/uploads\/2023\/08\/Beheizte-Waermeliegen-ROSERED-4.jpg 2000w\" sizes=\"auto, (max-width: 1020px) 100vw, 1020px\" \/>\t\t\t\t\t\t\n\t\t\t\t\t<\/div>\n\t\t\t\t\t\t\t\t\n<style>\n#image_1898833860 {\n  width: 100%;\n}\n<\/style>\n\t<\/div>\n\t\n\n\t<div id=\"gap-531386748\" class=\"gap-element clearfix\" style=\"display:block; height:auto;\">\n\t\t\n<style>\n#gap-531386748 {\n  padding-top: 80px;\n}\n<\/style>\n\t<\/div>\n\t\n\n<h2>GEFLIESTE WELLNESSLIEGEN<\/h2>\n<p>&nbsp;<\/p>\n<div class=\"row row-collapse row-full-width\"  id=\"row-1353658449\">\n\n\n\t<div id=\"col-955987149\" class=\"col medium-6 large-6\"  >\n\t\t\t\t<div class=\"col-inner\"  >\n\t\t\t\n\t\t\t\n\n<h3><strong>Lettini SPA per hotel<\/strong> piastrellati con mosaico di vetro di lusso di SICIC\u00ae solo da SOLEUM\u00ae.<\/h3>\n<p><a href=\"https:\/\/www.soleum.de\/es\/featured_item\/tumbona-spa-de-lujo-climatizada-para-hoteles-y-uso-privado-lagoon\/\"><strong>I lettini riscaldati piastrellati<\/strong><\/a> vengono prodotte da SOLEUM in base alle scelte del cliente o dell&#8217;architetto. Preferiamo utilizzare la collezione di mosaici in vetro nobile di SICIS\u00ae. I lussuosi mosaici di vetro vengono posati da noi con stucchi in resina EPOXY in tinta!<\/p>\n<p>Le superfici laterali possono essere rivestite con lastre di pietra o piastrelle di grande formato. Nell&#8217;esempio del nostro esclusivo lettino wellness RED ROSE, \u00e8 stato utilizzato un microcemento bianco senza giunti sui lati.<\/p>\n\n\t\t<\/div>\n\t\t\t\t\t<\/div>\n\n\t\n\n\t<div id=\"col-1741280554\" class=\"col medium-6 large-6\"  >\n\t\t\t\t<div class=\"col-inner\"  >\n\t\t\t\n\t\t\t\n\n\t<div class=\"img has-hover x md-x lg-x y md-y lg-y\" id=\"image_1322994113\">\n\t\t\t\t\t\t\t\t<div class=\"img-inner dark\" >\n\t\t\t<img loading=\"lazy\" decoding=\"async\" width=\"1020\" height=\"612\" src=\"https:\/\/www.soleum.de\/wp-content\/uploads\/2023\/08\/geflieste_Waermeliege-ROSERED-1500-3-1333x800.jpg\" class=\"attachment-large size-large\" alt=\"\" srcset=\"https:\/\/www.soleum.de\/wp-content\/uploads\/2023\/08\/geflieste_Waermeliege-ROSERED-1500-3-1333x800.jpg 1333w, https:\/\/www.soleum.de\/wp-content\/uploads\/2023\/08\/geflieste_Waermeliege-ROSERED-1500-3-667x400.jpg 667w, https:\/\/www.soleum.de\/wp-content\/uploads\/2023\/08\/geflieste_Waermeliege-ROSERED-1500-3-768x461.jpg 768w, https:\/\/www.soleum.de\/wp-content\/uploads\/2023\/08\/geflieste_Waermeliege-ROSERED-1500-3-510x306.jpg 510w, https:\/\/www.soleum.de\/wp-content\/uploads\/2023\/08\/geflieste_Waermeliege-ROSERED-1500-3.jpg 1500w\" sizes=\"auto, (max-width: 1020px) 100vw, 1020px\" \/>\t\t\t\t\t\t\n\t\t\t\t\t<\/div>\n\t\t\t\t\t\t\t\t\n<style>\n#image_1322994113 {\n  width: 100%;\n}\n<\/style>\n\t<\/div>\n\t\n\n\n\t\t<\/div>\n\t\t\t\t\t<\/div>\n\n\t\n\n<\/div>\n\t<div id=\"gap-630474611\" class=\"gap-element clearfix\" style=\"display:block; height:auto;\">\n\t\t\n<style>\n#gap-630474611 {\n  padding-top: 40px;\n}\n<\/style>\n\t<\/div>\n\t\n\n\t<div id=\"text-1193493783\" class=\"text\">\n\t\t\n\n<h2 class=\"uppercase\">Qui potete vedere i nostri divani termici GEfliesten<\/h2>\n\t\t\n<style>\n#text-1193493783 {\n  text-align: center;\n}\n<\/style>\n\t<\/div>\n\t\n<div id=\"portfolio-718523273\" class=\"portfolio-element-wrapper has-filtering\">\n  \n    <div class=\"row large-columns-3 medium-columns- small-columns-2 row-small\" >\n    <div class=\"col\" data-terms=\"[&quot;Divani termici&quot;]\" >\n          <div class=\"col-inner\" >\n          <a href=\"https:\/\/www.soleum.de\/it\/featured_item\/lettino-riscaldante-piastrellato\/\" class=\"plain \">\n          <div class=\"portfolio-box box has-hover\">\n            <div class=\"box-image\" >\n                <div class=\"image-cover\" style=\"padding-top:100%;\">\n                <img loading=\"lazy\" decoding=\"async\" width=\"765\" height=\"379\" src=\"https:\/\/www.soleum.de\/wp-content\/uploads\/2023\/08\/Infrarot-Waermeliegen-Soleum-Design9.jpg\" class=\"attachment-medium size-medium\" alt=\"\" srcset=\"https:\/\/www.soleum.de\/wp-content\/uploads\/2023\/08\/Infrarot-Waermeliegen-Soleum-Design9.jpg 765w, https:\/\/www.soleum.de\/wp-content\/uploads\/2023\/08\/Infrarot-Waermeliegen-Soleum-Design9-510x253.jpg 510w\" sizes=\"auto, (max-width: 765px) 100vw, 765px\" \/>                                                <\/div>\n            <\/div>\n            <div class=\"box-text text-center\" >\n                  <div class=\"box-text-inner\">\n                      <h6 class=\"uppercase portfolio-box-title\">Lettino riscaldante piastrellato<\/h6>\n                      <p class=\"uppercase portfolio-box-category is-xsmall op-6\">\n                        <span class=\"show-on-hover\">\n                         Divani termici                        <\/span>\n                      <\/p>\n                  <\/div>\n            <\/div>\n           <\/div>\n           <\/a>\n           <\/div>\n           <\/div><div class=\"col\" data-terms=\"[&quot;Divani termici&quot;]\" >\n          <div class=\"col-inner\" >\n          <a href=\"https:\/\/www.soleum.de\/it\/featured_item\/lettino-riscaldato-spa-di-lusso-per-hotel-e-uso-privato-lagoon\/\" class=\"plain \">\n          <div class=\"portfolio-box box has-hover\">\n            <div class=\"box-image\" >\n                <div class=\"image-cover\" style=\"padding-top:100%;\">\n                <img loading=\"lazy\" decoding=\"async\" width=\"600\" height=\"360\" src=\"https:\/\/www.soleum.de\/wp-content\/uploads\/2023\/05\/SOLEUM-Waermeliege-LAGOON-600.jpg\" class=\"attachment-medium size-medium\" alt=\"Lettino riscaldato SOLEUM LAGOON\" srcset=\"https:\/\/www.soleum.de\/wp-content\/uploads\/2023\/05\/SOLEUM-Waermeliege-LAGOON-600.jpg 600w, https:\/\/www.soleum.de\/wp-content\/uploads\/2023\/05\/SOLEUM-Waermeliege-LAGOON-600-510x306.jpg 510w\" sizes=\"auto, (max-width: 600px) 100vw, 600px\" \/>                                                <\/div>\n            <\/div>\n            <div class=\"box-text text-center\" >\n                  <div class=\"box-text-inner\">\n                      <h6 class=\"uppercase portfolio-box-title\">Lettino riscaldato SPA di lusso per hotel e uso privato LAGOON<\/h6>\n                      <p class=\"uppercase portfolio-box-category is-xsmall op-6\">\n                        <span class=\"show-on-hover\">\n                         Divani termici                        <\/span>\n                      <\/p>\n                  <\/div>\n            <\/div>\n           <\/div>\n           <\/a>\n           <\/div>\n           <\/div><div class=\"col\" data-terms=\"[&quot;Divani termici&quot;]\" >\n          <div class=\"col-inner\" >\n          <a href=\"https:\/\/www.soleum.de\/it\/featured_item\/lettino-benessere-di-lusso\/\" class=\"plain \">\n          <div class=\"portfolio-box box has-hover\">\n            <div class=\"box-image\" >\n                <div class=\"image-cover\" style=\"padding-top:100%;\">\n                <img loading=\"lazy\" decoding=\"async\" width=\"466\" height=\"400\" src=\"https:\/\/www.soleum.de\/wp-content\/uploads\/2023\/08\/Luxus-Wellnessliege-Flying_Carpet-beitrag-466x400.jpg\" class=\"attachment-medium size-medium\" alt=\"\" srcset=\"https:\/\/www.soleum.de\/wp-content\/uploads\/2023\/08\/Luxus-Wellnessliege-Flying_Carpet-beitrag-466x400.jpg 466w, https:\/\/www.soleum.de\/wp-content\/uploads\/2023\/08\/Luxus-Wellnessliege-Flying_Carpet-beitrag-510x438.jpg 510w, https:\/\/www.soleum.de\/wp-content\/uploads\/2023\/08\/Luxus-Wellnessliege-Flying_Carpet-beitrag.jpg 600w\" sizes=\"auto, (max-width: 466px) 100vw, 466px\" \/>                                                <\/div>\n            <\/div>\n            <div class=\"box-text text-center\" >\n                  <div class=\"box-text-inner\">\n                      <h6 class=\"uppercase portfolio-box-title\">Lettino benessere di lusso<\/h6>\n                      <p class=\"uppercase portfolio-box-category is-xsmall op-6\">\n                        <span class=\"show-on-hover\">\n                         Divani termici                        <\/span>\n                      <\/p>\n                  <\/div>\n            <\/div>\n           <\/div>\n           <\/a>\n           <\/div>\n           <\/div><\/div><\/div>\n\n\t<div id=\"text-3903979678\" class=\"text\">\n\t\t\n\n<h2 class=\"fusion-responsive-typography-calculated\" data-fontsize=\"30\" data-lineheight=\"33px\">Sia che si tratti di una SPA privata, di un&#8217;area abitativa privata o di un settore alberghiero di lusso<\/h2>\n<p>Ciascuna delle nostre sedie a sdraio viene elaborata a mano nella nostra manifattura in base al colore e al materiale desiderato. Configurate i nostri lettini wellness riscaldati in base al vostro progetto SPA.<\/p>\n\t\t\n<style>\n#text-3903979678 {\n  font-size: 1rem;\n  text-align: center;\n}\n<\/style>\n\t<\/div>\n\t\n<h2>F\u00fcr die gehobene Wellnessbereiche bieten wir Betonliegen (Betonoptik) oder hochwertige geflieste Liegen im Gesamtkonzept an<\/h2>\n<p>Mit einer optisch ansprechenden Feuerbox machen die Beton(optik)liegen mit der dimmbaren LED Beleuchtung einen guten Auftritt. Beeindruckend stehen Sie im Raum und laden nicht nur die Blicke zu sich ein. F\u00fchlen, Sitzen und Hinlegen ist hier angesagt und erw\u00fcnscht!<\/p>\n\n  <div class=\"banner has-hover is-full-height\" id=\"banner-1572739807\">\n          <div class=\"banner-inner fill\">\n        <div class=\"banner-bg fill\" >\n            <img loading=\"lazy\" decoding=\"async\" width=\"1020\" height=\"505\" src=\"https:\/\/www.soleum.de\/wp-content\/uploads\/2023\/08\/Hotel-SPA-Waermeliegen-1400x693.jpg\" class=\"bg attachment-large size-large\" alt=\"\" \/>                                    \n                    <\/div>\n\t\t\n        <div class=\"banner-layers container\">\n            <div class=\"fill banner-link\"><\/div>            \n\n   <div id=\"text-box-1525252498\" class=\"text-box banner-layer x50 md-x50 lg-x50 y50 md-y50 lg-y50 res-text\">\n                                <div class=\"text-box-content text dark\">\n              \n              <div class=\"text-inner text-center\">\n                  \n\n<h1 class=\"uppercase\">AREA WELLNESS&nbsp; ridefinita<\/h1>\n<p class=\"lead\">Un aggiornamento dell&#8217;area benessere: lettini SPA con fuoco ultrasonico 3D.  <\/p>\n<a href=\"https:\/\/soleum.com\/produkte\/luxus-spa-konzept-fuer-spa-designer\/\" target=\"_blank\" class=\"button white is-large\" rel=\"noopener\" style=\"border-radius:3px;padding:7px 30px 7px 30px;\">\n\t\t<span>Per saperne di pi\u00f9<\/span>\n\t<\/a>\n\n\n\n              <\/div>\n           <\/div>\n                            \n<style>\n#text-box-1525252498 .text-inner {\n  padding: 30px 0px 0px 0px;\n}\n#text-box-1525252498 {\n  width: 83%;\n}\n#text-box-1525252498 .text-box-content {\n  font-size: 100%;\n}\n@media (min-width:550px) {\n  #text-box-1525252498 {\n    width: 81%;\n  }\n}\n@media (min-width:850px) {\n  #text-box-1525252498 {\n    width: 61%;\n  }\n}\n<\/style>\n    <\/div>\n \n   <div id=\"text-box-550106761\" class=\"text-box banner-layer x50 md-x50 lg-x50 y100 md-y100 lg-y100 res-text\">\n                                <div class=\"text-box-content text dark\">\n              \n              <div class=\"text-inner text-center\">\n                  \n\n<p>Offriamo nuove attrezzature esclusive per l&#8217;area benessere di alto livello<\/p>\n\t<div id=\"gap-1418154793\" class=\"gap-element clearfix\" style=\"display:block; height:auto;\">\n\t\t\n<style>\n#gap-1418154793 {\n  padding-top: 18px;\n}\n<\/style>\n\t<\/div>\n\t\n\n\n              <\/div>\n           <\/div>\n                            \n<style>\n#text-box-550106761 {\n  width: 60%;\n}\n#text-box-550106761 .text-box-content {\n  font-size: 100%;\n}\n<\/style>\n    <\/div>\n \n\n        <\/div>\n      <\/div>\n\n            \n<style>\n#banner-1572739807 {\n  padding-top: 140%;\n}\n#banner-1572739807 .banner-bg img {\n  object-position: 100% 54%;\n}\n@media (min-width:550px) {\n  #banner-1572739807 {\n    padding-top: 75%;\n  }\n}\n@media (min-width:850px) {\n  #banner-1572739807 {\n    padding-top: 100%;\n  }\n}\n<\/style>\n  <\/div>\n\n\n\t<div id=\"gap-893207107\" class=\"gap-element clearfix\" style=\"display:block; height:auto;\">\n\t\t\n<style>\n#gap-893207107 {\n  padding-top: 80px;\n}\n<\/style>\n\t<\/div>\n\t\n\n<div class=\"fusion-text fusion-text-6\">\n<h2 class=\"fusion-responsive-typography-calculated\" data-fontsize=\"30\" data-lineheight=\"33px\">Beheizte Liegen aus Beton-Beschichtung (Mikrozement)<\/h2>\n<p>Wir produzieren Betonliegen mit einer Schichtdicke von nur 3mm! Dadurch haben diese lediglich ein Gewicht von nur ca. 70kg!<\/p>\n<p>Wir geben diesem M\u00f6belst\u00fcck durch die <strong>h\u00e4ndische Beschichtung von Mikrozement<\/strong> eine tolle Betonoptik. Individuell nach Verarbeiter und Muster ergeben sich individuelle Strukturen. Verschiedene Farben sind hier m\u00f6glich.<\/p>\n<\/div>\n<div class=\"row row-collapse row-full-width\"  id=\"row-650888390\">\n\n\n\t<div id=\"col-130855483\" class=\"col medium-6 large-6\"  >\n\t\t\t\t<div class=\"col-inner\"  >\n\t\t\t\n\t\t\t\n\n\t<div class=\"img has-hover x md-x lg-x y md-y lg-y\" id=\"image_323101122\">\n\t\t\t\t\t\t\t\t<div class=\"img-inner dark\" >\n\t\t\t<img loading=\"lazy\" decoding=\"async\" width=\"765\" height=\"379\" src=\"https:\/\/www.soleum.de\/wp-content\/uploads\/2023\/08\/Infrarot-Waermeliegen-Soleum-Design23.jpg\" class=\"attachment-large size-large\" alt=\"\" srcset=\"https:\/\/www.soleum.de\/wp-content\/uploads\/2023\/08\/Infrarot-Waermeliegen-Soleum-Design23.jpg 765w, https:\/\/www.soleum.de\/wp-content\/uploads\/2023\/08\/Infrarot-Waermeliegen-Soleum-Design23-510x253.jpg 510w\" sizes=\"auto, (max-width: 765px) 100vw, 765px\" \/>\t\t\t\t\t\t\n\t\t\t\t\t<\/div>\n\t\t\t\t\t\t\t\t\n<style>\n#image_323101122 {\n  width: 100%;\n}\n<\/style>\n\t<\/div>\n\t\n\n<p>Offriamo OVERLAY al divano. Un overlay \u00e8 un rivestimento aggiuntivo con un elemento di design. Pu\u00f2 trattarsi del logo di un hotel o di un&#8217;azienda, di un marchio commerciale o privato.<\/p>\n\n\t\t<\/div>\n\t\t\t\t\t<\/div>\n\n\t\n\n\t<div id=\"col-103149651\" class=\"col medium-6 large-6\"  >\n\t\t\t\t<div class=\"col-inner\"  >\n\t\t\t\n\t\t\t\n\n\t<div class=\"img has-hover x md-x lg-x y md-y lg-y\" id=\"image_1272764263\">\n\t\t\t\t\t\t\t\t<div class=\"img-inner dark\" >\n\t\t\t<img loading=\"lazy\" decoding=\"async\" width=\"765\" height=\"379\" src=\"https:\/\/www.soleum.de\/wp-content\/uploads\/2023\/08\/Infrarot-Waermeliegen-Soleum-Design22.jpg\" class=\"attachment-large size-large\" alt=\"\" srcset=\"https:\/\/www.soleum.de\/wp-content\/uploads\/2023\/08\/Infrarot-Waermeliegen-Soleum-Design22.jpg 765w, https:\/\/www.soleum.de\/wp-content\/uploads\/2023\/08\/Infrarot-Waermeliegen-Soleum-Design22-510x253.jpg 510w\" sizes=\"auto, (max-width: 765px) 100vw, 765px\" \/>\t\t\t\t\t\t\n\t\t\t\t\t<\/div>\n\t\t\t\t\t\t\t\t\n<style>\n#image_1272764263 {\n  width: 100%;\n}\n<\/style>\n\t<\/div>\n\t\n\n<p>Il microcemento, rivestito a mano, conferisce al lettino un aspetto di cemento. A seconda del fabbricante e del modello, si ottengono strutture individuali.<\/p>\n\n\t\t<\/div>\n\t\t\t\t\t<\/div>\n\n\t\n\n<\/div>\n\n\t<section class=\"section\" id=\"section_1989348502\">\n\t\t<div class=\"section-bg fill\" >\n\t\t\t\t\t\t\t\t\t\n\t\t\t\n\n\t\t<\/div>\n\n\t\t\n\n\t\t<div class=\"section-content relative\">\n\t\t\t\n\n<div class=\"row align-bottom\" style=\"max-width:1200px\" id=\"row-1475627892\">\n\n\n\t<div id=\"col-1446639445\" class=\"col medium-9 small-12 large-10\"  >\n\t\t\t\t<div class=\"col-inner\"  >\n\t\t\t\n\t\t\t\n\n\t<div id=\"gap-725529397\" class=\"gap-element clearfix\" style=\"display:block; height:auto;\">\n\t\t\n<style>\n#gap-725529397 {\n  padding-top: 100px;\n}\n@media (min-width:550px) {\n  #gap-725529397 {\n    padding-top: 150px;\n  }\n}\n<\/style>\n\t<\/div>\n\t\n\n\n\t\t<\/div>\n\t\t\t\t\t<\/div>\n\n\t\n\n\t<div id=\"col-582835442\" class=\"col medium-3 small-12 large-2\"  >\n\t\t\t\t<div class=\"col-inner text-right\"  >\n\t\t\t\n\t\t\t\n\n\n\t\t<\/div>\n\t\t\t\t\t<\/div>\n\n\t\n\n<\/div>\n\n\t\t<\/div>\n\n\t\t\n<style>\n#section_1989348502 {\n  padding-top: 0px;\n  padding-bottom: 0px;\n}\n<\/style>\n\t<\/section>\n\t\n<div id=\"portfolio-982843440\" class=\"portfolio-element-wrapper has-filtering\">\n  \n    <div class=\"row large-columns-4 medium-columns-3 small-columns-2 row-small slider row-slider slider-nav-reveal slider-nav-push\"  data-flickity-options='{&quot;imagesLoaded&quot;: true, &quot;groupCells&quot;: &quot;100%&quot;, &quot;dragThreshold&quot; : 5, &quot;cellAlign&quot;: &quot;left&quot;,&quot;wrapAround&quot;: true,&quot;prevNextButtons&quot;: true,&quot;percentPosition&quot;: true,&quot;pageDots&quot;: false, &quot;rightToLeft&quot;: false, &quot;autoPlay&quot; : false}' >\n\n    <div class=\"col\" data-terms=\"[&quot;Divani termici&quot;]\" >\n          <div class=\"col-inner\" >\n          <a href=\"https:\/\/www.soleum.de\/it\/featured_item\/lettino-riscaldato-spa-di-lusso-per-hotel-e-uso-privato-lagoon\/\" class=\"plain \">\n          <div class=\"portfolio-box box has-hover\">\n            <div class=\"box-image\" >\n                <div class=\"image-cover\" style=\"padding-top:100%;\">\n                <img loading=\"lazy\" decoding=\"async\" width=\"600\" height=\"360\" src=\"https:\/\/www.soleum.de\/wp-content\/uploads\/2023\/05\/SOLEUM-Waermeliege-LAGOON-600.jpg\" class=\"attachment-medium size-medium\" alt=\"Lettino riscaldato SOLEUM LAGOON\" srcset=\"https:\/\/www.soleum.de\/wp-content\/uploads\/2023\/05\/SOLEUM-Waermeliege-LAGOON-600.jpg 600w, https:\/\/www.soleum.de\/wp-content\/uploads\/2023\/05\/SOLEUM-Waermeliege-LAGOON-600-510x306.jpg 510w\" sizes=\"auto, (max-width: 600px) 100vw, 600px\" \/>                                                <\/div>\n            <\/div>\n            <div class=\"box-text text-center\" >\n                  <div class=\"box-text-inner\">\n                      <h6 class=\"uppercase portfolio-box-title\">Lettino riscaldato SPA di lusso per hotel e uso privato LAGOON<\/h6>\n                      <p class=\"uppercase portfolio-box-category is-xsmall op-6\">\n                        <span class=\"show-on-hover\">\n                         Divani termici                        <\/span>\n                      <\/p>\n                  <\/div>\n            <\/div>\n           <\/div>\n           <\/a>\n           <\/div>\n           <\/div><div class=\"col\" data-terms=\"[&quot;Divani termici&quot;]\" >\n          <div class=\"col-inner\" >\n          <a href=\"https:\/\/www.soleum.de\/it\/featured_item\/lettino-riscaldante-piastrellato\/\" class=\"plain \">\n          <div class=\"portfolio-box box has-hover\">\n            <div class=\"box-image\" >\n                <div class=\"image-cover\" style=\"padding-top:100%;\">\n                <img loading=\"lazy\" decoding=\"async\" width=\"765\" height=\"379\" src=\"https:\/\/www.soleum.de\/wp-content\/uploads\/2023\/08\/Infrarot-Waermeliegen-Soleum-Design9.jpg\" class=\"attachment-medium size-medium\" alt=\"\" srcset=\"https:\/\/www.soleum.de\/wp-content\/uploads\/2023\/08\/Infrarot-Waermeliegen-Soleum-Design9.jpg 765w, https:\/\/www.soleum.de\/wp-content\/uploads\/2023\/08\/Infrarot-Waermeliegen-Soleum-Design9-510x253.jpg 510w\" sizes=\"auto, (max-width: 765px) 100vw, 765px\" \/>                                                <\/div>\n            <\/div>\n            <div class=\"box-text text-center\" >\n                  <div class=\"box-text-inner\">\n                      <h6 class=\"uppercase portfolio-box-title\">Lettino riscaldante piastrellato<\/h6>\n                      <p class=\"uppercase portfolio-box-category is-xsmall op-6\">\n                        <span class=\"show-on-hover\">\n                         Divani termici                        <\/span>\n                      <\/p>\n                  <\/div>\n            <\/div>\n           <\/div>\n           <\/a>\n           <\/div>\n           <\/div><div class=\"col\" data-terms=\"[&quot;Divani termici&quot;]\" >\n          <div class=\"col-inner\" >\n          <a href=\"https:\/\/www.soleum.de\/it\/featured_item\/lettino-benessere-di-lusso\/\" class=\"plain \">\n          <div class=\"portfolio-box box has-hover\">\n            <div class=\"box-image\" >\n                <div class=\"image-cover\" style=\"padding-top:100%;\">\n                <img loading=\"lazy\" decoding=\"async\" width=\"466\" height=\"400\" src=\"https:\/\/www.soleum.de\/wp-content\/uploads\/2023\/08\/Luxus-Wellnessliege-Flying_Carpet-beitrag-466x400.jpg\" class=\"attachment-medium size-medium\" alt=\"\" srcset=\"https:\/\/www.soleum.de\/wp-content\/uploads\/2023\/08\/Luxus-Wellnessliege-Flying_Carpet-beitrag-466x400.jpg 466w, https:\/\/www.soleum.de\/wp-content\/uploads\/2023\/08\/Luxus-Wellnessliege-Flying_Carpet-beitrag-510x438.jpg 510w, https:\/\/www.soleum.de\/wp-content\/uploads\/2023\/08\/Luxus-Wellnessliege-Flying_Carpet-beitrag.jpg 600w\" sizes=\"auto, (max-width: 466px) 100vw, 466px\" \/>                                                <\/div>\n            <\/div>\n            <div class=\"box-text text-center\" >\n                  <div class=\"box-text-inner\">\n                      <h6 class=\"uppercase portfolio-box-title\">Lettino benessere di lusso<\/h6>\n                      <p class=\"uppercase portfolio-box-category is-xsmall op-6\">\n                        <span class=\"show-on-hover\">\n                         Divani termici                        <\/span>\n                      <\/p>\n                  <\/div>\n            <\/div>\n           <\/div>\n           <\/a>\n           <\/div>\n           <\/div><div class=\"col\" data-terms=\"[&quot;Divani termici&quot;]\" >\n          <div class=\"col-inner\" >\n          <a href=\"https:\/\/www.soleum.de\/it\/featured_item\/lettino-riscaldante-spa\/\" class=\"plain \">\n          <div class=\"portfolio-box box has-hover\">\n            <div class=\"box-image\" >\n                <div class=\"image-cover\" style=\"padding-top:100%;\">\n                <img loading=\"lazy\" decoding=\"async\" width=\"765\" height=\"379\" src=\"https:\/\/www.soleum.de\/wp-content\/uploads\/2023\/08\/Infrarot-Waermeliegen-Soleum-Design21.jpg\" class=\"attachment-medium size-medium\" alt=\"\" srcset=\"https:\/\/www.soleum.de\/wp-content\/uploads\/2023\/08\/Infrarot-Waermeliegen-Soleum-Design21.jpg 765w, https:\/\/www.soleum.de\/wp-content\/uploads\/2023\/08\/Infrarot-Waermeliegen-Soleum-Design21-510x253.jpg 510w\" sizes=\"auto, (max-width: 765px) 100vw, 765px\" \/>                                                <\/div>\n            <\/div>\n            <div class=\"box-text text-center\" >\n                  <div class=\"box-text-inner\">\n                      <h6 class=\"uppercase portfolio-box-title\">lettino riscaldante SPA<\/h6>\n                      <p class=\"uppercase portfolio-box-category is-xsmall op-6\">\n                        <span class=\"show-on-hover\">\n                         Divani termici                        <\/span>\n                      <\/p>\n                  <\/div>\n            <\/div>\n           <\/div>\n           <\/a>\n           <\/div>\n           <\/div><div class=\"col\" data-terms=\"[&quot;Divani termici&quot;]\" >\n          <div class=\"col-inner\" >\n          <a href=\"https:\/\/www.soleum.de\/it\/featured_item\/lettino-in-cemento-a-infrarossi-bianco-neve\/\" class=\"plain \">\n          <div class=\"portfolio-box box has-hover\">\n            <div class=\"box-image\" >\n                <div class=\"image-cover\" style=\"padding-top:100%;\">\n                <img loading=\"lazy\" decoding=\"async\" width=\"765\" height=\"379\" src=\"https:\/\/www.soleum.de\/wp-content\/uploads\/2023\/08\/Infrarot-Waermeliegen-Soleum-Design3.jpg\" class=\"attachment-medium size-medium\" alt=\"\" srcset=\"https:\/\/www.soleum.de\/wp-content\/uploads\/2023\/08\/Infrarot-Waermeliegen-Soleum-Design3.jpg 765w, https:\/\/www.soleum.de\/wp-content\/uploads\/2023\/08\/Infrarot-Waermeliegen-Soleum-Design3-510x253.jpg 510w\" sizes=\"auto, (max-width: 765px) 100vw, 765px\" \/>                                                <\/div>\n            <\/div>\n            <div class=\"box-text text-center\" >\n                  <div class=\"box-text-inner\">\n                      <h6 class=\"uppercase portfolio-box-title\">Lettino in cemento a infrarossi BIANCO NEVE<\/h6>\n                      <p class=\"uppercase portfolio-box-category is-xsmall op-6\">\n                        <span class=\"show-on-hover\">\n                         Divani termici                        <\/span>\n                      <\/p>\n                  <\/div>\n            <\/div>\n           <\/div>\n           <\/a>\n           <\/div>\n           <\/div><div class=\"col\" data-terms=\"[&quot;Divani termici&quot;]\" >\n          <div class=\"col-inner\" >\n          <a href=\"https:\/\/www.soleum.de\/it\/featured_item\/lettino-riscaldante-mythos-in-look-cemento\/\" class=\"plain \">\n          <div class=\"portfolio-box box has-hover\">\n            <div class=\"box-image\" >\n                <div class=\"image-cover\" style=\"padding-top:100%;\">\n                <img loading=\"lazy\" decoding=\"async\" width=\"765\" height=\"379\" src=\"https:\/\/www.soleum.de\/wp-content\/uploads\/2023\/08\/Infrarot-Waermeliegen-Soleum-Design15.jpg\" class=\"attachment-medium size-medium\" alt=\"Infrarot-Waermeliegen-Soleum-MYTHOS\" srcset=\"https:\/\/www.soleum.de\/wp-content\/uploads\/2023\/08\/Infrarot-Waermeliegen-Soleum-Design15.jpg 765w, https:\/\/www.soleum.de\/wp-content\/uploads\/2023\/08\/Infrarot-Waermeliegen-Soleum-Design15-510x253.jpg 510w\" sizes=\"auto, (max-width: 765px) 100vw, 765px\" \/>                                                <\/div>\n            <\/div>\n            <div class=\"box-text text-center\" >\n                  <div class=\"box-text-inner\">\n                      <h6 class=\"uppercase portfolio-box-title\">Lettino riscaldante MYTHOS in look cemento<\/h6>\n                      <p class=\"uppercase portfolio-box-category is-xsmall op-6\">\n                        <span class=\"show-on-hover\">\n                         Divani termici                        <\/span>\n                      <\/p>\n                  <\/div>\n            <\/div>\n           <\/div>\n           <\/a>\n           <\/div>\n           <\/div><div class=\"col\" data-terms=\"[&quot;Divani termici&quot;]\" >\n          <div class=\"col-inner\" >\n          <a href=\"https:\/\/www.soleum.de\/it\/featured_item\/lettino-riscaldato-per-sauna-woodon\/\" class=\"plain \">\n          <div class=\"portfolio-box box has-hover\">\n            <div class=\"box-image\" >\n                <div class=\"image-cover\" style=\"padding-top:100%;\">\n                <img loading=\"lazy\" decoding=\"async\" width=\"765\" height=\"379\" src=\"https:\/\/www.soleum.de\/wp-content\/uploads\/2023\/08\/Infrarot-Waermeliegen-Soleum-Design5.jpg\" class=\"attachment-medium size-medium\" alt=\"\" srcset=\"https:\/\/www.soleum.de\/wp-content\/uploads\/2023\/08\/Infrarot-Waermeliegen-Soleum-Design5.jpg 765w, https:\/\/www.soleum.de\/wp-content\/uploads\/2023\/08\/Infrarot-Waermeliegen-Soleum-Design5-510x253.jpg 510w\" sizes=\"auto, (max-width: 765px) 100vw, 765px\" \/>                                                <\/div>\n            <\/div>\n            <div class=\"box-text text-center\" >\n                  <div class=\"box-text-inner\">\n                      <h6 class=\"uppercase portfolio-box-title\">Lettino riscaldato per sauna WOODON<\/h6>\n                      <p class=\"uppercase portfolio-box-category is-xsmall op-6\">\n                        <span class=\"show-on-hover\">\n                         Divani termici                        <\/span>\n                      <\/p>\n                  <\/div>\n            <\/div>\n           <\/div>\n           <\/a>\n           <\/div>\n           <\/div><\/div><\/div>\n\n\n\t<section class=\"section\" id=\"section_528280184\">\n\t\t<div class=\"section-bg fill\" >\n\t\t\t\t\t\t\t\t\t\n\t\t\t\n\n\t\t<\/div>\n\n\t\t\n\n\t\t<div class=\"section-content relative\">\n\t\t\t\n\n<div class=\"row align-bottom\" style=\"max-width:1200px\" id=\"row-1938282525\">\n\n\n\t<div id=\"col-115885930\" class=\"col medium-9 small-12 large-10\"  >\n\t\t\t\t<div class=\"col-inner\"  >\n\t\t\t\n\t\t\t\n\n\t<div id=\"gap-2111810270\" class=\"gap-element clearfix\" style=\"display:block; height:auto;\">\n\t\t\n<style>\n#gap-2111810270 {\n  padding-top: 100px;\n}\n@media (min-width:550px) {\n  #gap-2111810270 {\n    padding-top: 150px;\n  }\n}\n<\/style>\n\t<\/div>\n\t\n\n\t<div id=\"text-3117564857\" class=\"text\">\n\t\t\n\n<h2><span style=\"font-size: 190%;\">Per LUXURY SPA aree&#8230;..<br><\/span><\/h2>\n\t\t\n<style>\n#text-3117564857 {\n  font-size: 1rem;\n}\n@media (min-width:550px) {\n  #text-3117564857 {\n    font-size: 0.75rem;\n  }\n}\n@media (min-width:850px) {\n  #text-3117564857 {\n    font-size: 1rem;\n  }\n}\n<\/style>\n\t<\/div>\n\t\n\n\t\t<\/div>\n\t\t\t\t\t<\/div>\n\n\t\n\n\t<div id=\"col-1323963988\" class=\"col medium-3 small-12 large-2\"  >\n\t\t\t\t<div class=\"col-inner text-right\"  >\n\t\t\t\n\t\t\t\n\n<a href=\"https:\/\/www.soleum.de\/it\/contatto\/\" class=\"button secondary expand\" style=\"border-radius:30px;padding:5px 30px 5px 30px;\">\n\t\t<span>CONTATTO<\/span>\n\t<\/a>\n\n\n\n\t\t<\/div>\n\t\t\t\t\t<\/div>\n\n\t\n\n<\/div>\n\n\t\t<\/div>\n\n\t\t\n<style>\n#section_528280184 {\n  padding-top: 0px;\n  padding-bottom: 0px;\n}\n<\/style>\n\t<\/section>\n\t\n\n\t<section class=\"section has-parallax\" id=\"section_647238987\">\n\t\t<div class=\"section-bg fill\" data-parallax-container=\".section\" data-parallax-background data-parallax=\"-7\">\n\t\t\t<img loading=\"lazy\" decoding=\"async\" width=\"2000\" height=\"894\" src=\"https:\/\/www.soleum.de\/wp-content\/uploads\/2023\/08\/Hotel_SPA_Wellnessliege_Infrarotliege_FLYING-CARPET.jpg\" class=\"bg attachment-original size-original\" alt=\"\" \/>\t\t\t\t\t\t\n\t\t\t\n\n\t\t<\/div>\n\n\t\t\n\n\t\t<div class=\"section-content relative\">\n\t\t\t\n\n<p style=\"text-align: center;\"><span style=\"font-size: 500%; color: #ffffff;\">TAPPETO VOLANTE<\/span><\/p>\n\n\t\t<\/div>\n\n\t\t\n<style>\n#section_647238987 {\n  padding-top: 30px;\n  padding-bottom: 30px;\n  min-height: 350px;\n}\n#section_647238987 .section-bg img {\n  object-position: 48% 62%;\n}\n@media (min-width:550px) {\n  #section_647238987 {\n    min-height: 450px;\n  }\n}\n@media (min-width:850px) {\n  #section_647238987 {\n    min-height: 750px;\n  }\n}\n<\/style>\n\t<\/section>\n\t\n\n\t<section class=\"section\" id=\"section_858727063\">\n\t\t<div class=\"section-bg fill\" >\n\t\t\t\t\t\t\t\t\t\n\t\t\t\n\n\t\t<\/div>\n\n\t\t\n\n\t\t<div class=\"section-content relative\">\n\t\t\t\n\n<div class=\"row\" style=\"max-width:1200px\" id=\"row-1192298217\">\n\n\n\t<div id=\"col-23035034\" class=\"col small-12 large-12\"  >\n\t\t\t\t<div class=\"col-inner\" style=\"background-color:rgb(255, 255, 255);\" >\n\t\t\t\n\t\t\t\n\n<div class=\"row align-middle align-right\" style=\"max-width:1200px\" id=\"row-1441284162\">\n\n\n\t<div id=\"col-1074065517\" class=\"col medium-12 small-12 large-6\"  >\n\t\t\t\t<div class=\"col-inner\"  >\n\t\t\t\n\t\t\t\n\n\t<div id=\"gap-646792567\" class=\"gap-element clearfix\" style=\"display:block; height:auto;\">\n\t\t\n<style>\n#gap-646792567 {\n  padding-top: 5px;\n}\n@media (min-width:550px) {\n  #gap-646792567 {\n    padding-top: 50px;\n  }\n}\n<\/style>\n\t<\/div>\n\t\n\n<h6>eleganza e lusso<\/h6>\n\t<div id=\"text-1839738370\" class=\"text\">\n\t\t\n\n<h2>Lettino riscaldato di lusso<\/h2>\n\t\t\n<style>\n#text-1839738370 {\n  font-size: 1.75rem;\n}\n<\/style>\n\t<\/div>\n\t\n<p>Il <a href=\"https:\/\/soleum.com\/produkte\/luxus-waermeliege-fliegender-teppich\/\" target=\"_blank\" rel=\"noopener\"><strong>Tappeto volante<\/strong><\/a> \u00e8 un lussuoso lettino riscaldato piastrellato di SOLEUM\u00ae. Esclusivo <strong>mosaico di vetro<\/strong> e <strong>rivestimento in oro<\/strong> con sovrapposizione laterale. <br>Un elegante richiamo visivo in stile orientale. L&#8217;architettura del lettino con una leggera curva lo rende adatto a qualsiasi paesaggio lussuoso di wellness e sauna. Tuttavia, \u00e8 anche un mobile esclusivo e trova posto anche in salotti, loft, atri o persino in edifici aziendali per il power napping.<\/p>\n<a class=\"button secondary\" style=\"border-radius:30px;padding:5px 30px 5px 30px;\">\n\t\t<span>LEGGI TUTTO<\/span>\n\t<\/a>\n\n\n\n\t\t<\/div>\n\t\t\t\t\n<style>\n#col-1074065517 > .col-inner {\n  padding: 10px 30px 0px 30px;\n}\n@media (min-width:550px) {\n  #col-1074065517 > .col-inner {\n    padding: 0 50px 20px 50px;\n  }\n}\n@media (min-width:850px) {\n  #col-1074065517 > .col-inner {\n    padding: 50px 50px 50px 70px;\n  }\n}\n<\/style>\n\t<\/div>\n\n\t\n\n\t<div id=\"col-713679985\" class=\"col medium-12 small-12 large-6 medium-col-first\"  >\n\t\t\t\t<div class=\"col-inner\"  >\n\t\t\t\n\t\t\t\n\n\n  <div class=\"banner has-hover\" id=\"banner-444793377\">\n          <div class=\"banner-inner fill\">\n        <div class=\"banner-bg fill\" >\n            <img loading=\"lazy\" decoding=\"async\" width=\"765\" height=\"379\" src=\"https:\/\/www.soleum.de\/wp-content\/uploads\/2023\/08\/Infrarot-Waermeliegen-Soleum-Design17.jpg\" class=\"bg attachment-original size-original\" alt=\"\" \/>                                    \n                    <\/div>\n\t\t\n        <div class=\"banner-layers container\">\n            <div class=\"fill banner-link\"><\/div>            \n\n\n        <\/div>\n      <\/div>\n\n              <div class=\"height-fix is-invisible\"><img loading=\"lazy\" decoding=\"async\" width=\"765\" height=\"379\" src=\"https:\/\/www.soleum.de\/wp-content\/uploads\/2023\/08\/Infrarot-Waermeliegen-Soleum-Design17.jpg\" class=\"attachment-original size-original\" alt=\"\" srcset=\"https:\/\/www.soleum.de\/wp-content\/uploads\/2023\/08\/Infrarot-Waermeliegen-Soleum-Design17.jpg 765w, https:\/\/www.soleum.de\/wp-content\/uploads\/2023\/08\/Infrarot-Waermeliegen-Soleum-Design17-510x253.jpg 510w\" sizes=\"auto, (max-width: 765px) 100vw, 765px\" \/><\/div>\n            \n<style>\n#banner-444793377 {\n  padding-top: 300px;\n  background-color: rgb(255, 255, 255);\n}\n#banner-444793377 .banner-bg img {\n  object-position: 95% 100%;\n}\n@media (min-width:550px) {\n  #banner-444793377 {\n    padding-top: 400px;\n  }\n}\n<\/style>\n  <\/div>\n\n\n\n\t\t<\/div>\n\t\t\t\t\n<style>\n#col-713679985 > .col-inner {\n  padding: 20px 20px 10px 20px;\n}\n@media (min-width:550px) {\n  #col-713679985 > .col-inner {\n    padding: 50px 50px 0 50px;\n  }\n}\n@media (min-width:850px) {\n  #col-713679985 > .col-inner {\n    padding: 50px 50px 20px 0px;\n  }\n}\n<\/style>\n\t<\/div>\n\n\t\n\n<\/div>\n\n\t\t<\/div>\n\t\t\t\t\n<style>\n#col-23035034 > .col-inner {\n  margin: -100px 0px 0px 0px;\n}\n@media (min-width:550px) {\n  #col-23035034 > .col-inner {\n    margin: -150px 0px 0px 0px;\n  }\n}\n<\/style>\n\t<\/div>\n\n\t\n\n<\/div>\n\t<div id=\"gap-460986782\" class=\"gap-element clearfix\" style=\"display:block; height:auto;\">\n\t\t\n<style>\n#gap-460986782 {\n  padding-top: 15px;\n}\n@media (min-width:550px) {\n  #gap-460986782 {\n    padding-top: 55px;\n  }\n}\n<\/style>\n\t<\/div>\n\t\n\n\t<div id=\"gap-442012205\" class=\"gap-element clearfix\" style=\"display:block; height:auto;\">\n\t\t\n<style>\n#gap-442012205 {\n  padding-top: 30px;\n}\n<\/style>\n\t<\/div>\n\t\n\n\n\t\t<\/div>\n\n\t\t\n<style>\n#section_858727063 {\n  padding-top: 30px;\n  padding-bottom: 30px;\n  background-color: rgb(238, 238, 238);\n}\n<\/style>\n\t<\/section>\n\t\n\n\t<section class=\"section has-parallax\" id=\"section_581619079\">\n\t\t<div class=\"section-bg fill\" data-parallax-container=\".section\" data-parallax-background data-parallax=\"-7\">\n\t\t\t<img loading=\"lazy\" decoding=\"async\" width=\"2000\" height=\"990\" src=\"https:\/\/www.soleum.de\/wp-content\/uploads\/2023\/08\/Hotel_SPA_Liege_Infrarotliege_SNOW_WHITE.jpg\" class=\"bg attachment- size-\" alt=\"\" \/>\t\t\t\t\t\t\n\t\t\t\n\n\t\t<\/div>\n\n\t\t\n\n\t\t<div class=\"section-content relative\">\n\t\t\t\n\n\n\t\t<\/div>\n\n\t\t\n<style>\n#section_581619079 {\n  padding-top: 30px;\n  padding-bottom: 30px;\n  min-height: 300px;\n}\n@media (min-width:550px) {\n  #section_581619079 {\n    min-height: 350px;\n  }\n}\n@media (min-width:850px) {\n  #section_581619079 {\n    min-height: 600px;\n  }\n}\n<\/style>\n\t<\/section>\n\t\n\n\t<section class=\"section\" id=\"section_555594905\">\n\t\t<div class=\"section-bg fill\" >\n\t\t\t\t\t\t\t\t\t\n\t\t\t\n\n\t\t<\/div>\n\n\t\t\n\n\t\t<div class=\"section-content relative\">\n\t\t\t\n\n<div class=\"row\" style=\"max-width:1200px\" id=\"row-668072627\">\n\n\n\t<div id=\"col-439848123\" class=\"col small-12 large-12\"  >\n\t\t\t\t<div class=\"col-inner\" style=\"background-color:rgb(255, 255, 255);\" >\n\t\t\t\n\t\t\t\n\n<div class=\"row\" style=\"max-width:1200px\" id=\"row-957809235\">\n\n\n\t<div id=\"col-406230003\" class=\"col small-12 large-12\"  >\n\t\t\t\t<div class=\"col-inner\"  >\n\t\t\t\n\t\t\t\n\n\t<div id=\"text-1672682952\" class=\"text\">\n\t\t\n\n<h6>CALCESTRUZZO RISCALDANTE<\/h6>\n\t\t\n<style>\n#text-1672682952 {\n  text-align: center;\n}\n<\/style>\n\t<\/div>\n\t\n\t<div id=\"text-1771136320\" class=\"text\">\n\t\t\n\n<h2>Lettini in cemento riscaldati a infrarossi<\/h2>\n\t\t\n<style>\n#text-1771136320 {\n  font-size: 2rem;\n  text-align: center;\n}\n@media (min-width:550px) {\n  #text-1771136320 {\n    font-size: 1.75rem;\n  }\n}\n<\/style>\n\t<\/div>\n\t\n\n\t\t<\/div>\n\t\t\t\t\n<style>\n#col-406230003 > .col-inner {\n  padding: 50px 20px 0px 20px;\n}\n@media (min-width:550px) {\n  #col-406230003 > .col-inner {\n    padding: 50px 50px 0px 50px;\n  }\n}\n<\/style>\n\t<\/div>\n\n\t\n\n<\/div>\n<div class=\"row align-center\" style=\"max-width:1200px\" id=\"row-1531797888\">\n\n\n\t<div id=\"col-325048446\" class=\"col medium-6 small-12 large-6\"  >\n\t\t\t\t<div class=\"col-inner\"  >\n\t\t\t\n\t\t\t\n\n<h2 class=\"fusion-responsive-typography-calculated\" data-fontsize=\"30\" data-lineheight=\"33px\">Purista &#8211; cemento bianco<\/h2>\n<p>Un lettino riscaldato diverso dal solito.<br><br>Il microcemento bianco e sobrio di questo lettino wellness \u00e8 purista ed elegante. Con la grazia di una perla e il bianco innocente di un fiocco di neve, si distingue nettamente da altri design. Quando tocchi la superficie, scatta la prima ammirazione.<br><br>La freddezza esterna non deve indurti a pensare che questo splendido esemplare non ti coccoli con un piacevole calore interno. Puoi regolare tu stesso la temperatura desiderata, rilassarti su di esso e fare spazio ai tuoi sogni.<\/p>\n\n\t\t<\/div>\n\t\t\t\t\n<style>\n#col-325048446 > .col-inner {\n  padding: 0px 30px 0px 30px;\n  margin: -20px 0px 0px 0px;\n}\n@media (min-width:550px) {\n  #col-325048446 > .col-inner {\n    padding: 0px 0px 0px 50px;\n    margin: -25px 0px 0px 0px;\n  }\n}\n@media (min-width:850px) {\n  #col-325048446 > .col-inner {\n    padding: 0px 10px 0px 60px;\n  }\n}\n<\/style>\n\t<\/div>\n\n\t\n\n\t<div id=\"col-311515679\" class=\"col medium-6 small-12 large-6\"  >\n\t\t\t\t<div class=\"col-inner\"  >\n\t\t\t\n\t<div class=\"is-border\"\n\t\tstyle=\"border-width:0px 0px 0px 3px;margin:0px 0px 0px -17px;\">\n\t<\/div>\n\t\t\t\n\n<h2 class=\"fusion-responsive-typography-calculated\" data-fontsize=\"30\" data-lineheight=\"33px\">Opzione &#8220;Fiocchi di neve&#8221;: Questo modello \u00e8 impreziosito da un&#8217;accurata lavorazione a mano.<\/h2>\n<p><span class=\"ILfuVd\" lang=\"de\"><span class=\"hgKElc\">La radiazione infrarossa del lettino termico ha un effetto sulla salute, proprio come la radiazione solare. Le <b>radiazioni possono favorire la circolazione sanguigna, aiutare in caso di raffreddori, tensioni o reumatismi e aiutare a risolvere i problemi della pelle<\/b>. Impostare una temperatura che si ritiene confortevole (leggermente superiore alla temperatura del sangue). Tuttavia, l&#8217;impostazione pu\u00f2 essere effettuata in un intervallo molto ampio di 30-45\u00b0C. Un buon valore standard \u00e8 di circa 37\u00b0C.  <\/span><\/span><\/p>\n<p>Un lettino fatto a mano in look cemento <strong>bianco<\/strong>, che si integra sempre in modo neutro in qualsiasi concetto di stanza.<\/p>\n\n\t\t<\/div>\n\t\t\t\t\n<style>\n#col-311515679 > .col-inner {\n  padding: 0px 30px 0px 30px;\n  margin: -20px 0px 0px 0px;\n}\n@media (min-width:550px) {\n  #col-311515679 > .col-inner {\n    padding: 0px 20px 0px 30px;\n    margin: -25px 0px 0px 0px;\n  }\n}\n@media (min-width:850px) {\n  #col-311515679 > .col-inner {\n    padding: 0px 60px 0px 10px;\n  }\n}\n<\/style>\n\t<\/div>\n\n\t\n\n<\/div>\n\n\t\t<\/div>\n\t\t\t\t\n<style>\n#col-439848123 > .col-inner {\n  margin: -100px 0px 0px 0px;\n}\n<\/style>\n\t<\/div>\n\n\t\n\n<\/div>\n\n\t\t<\/div>\n\n\t\t\n<style>\n#section_555594905 {\n  padding-top: 30px;\n  padding-bottom: 30px;\n  background-color: rgb(237, 233, 227);\n}\n<\/style>\n\t<\/section>\n\t\n\n\t<section class=\"section dark\" id=\"section_1309916824\">\n\t\t<div class=\"section-bg fill\" >\n\t\t\t<img loading=\"lazy\" decoding=\"async\" width=\"2000\" height=\"990\" src=\"https:\/\/www.soleum.de\/wp-content\/uploads\/2023\/08\/Hotel_SPA_Liegen-Infrarotliege-WOODON.jpg\" class=\"bg attachment-original size-original\" alt=\"\" \/>\t\t\t\t\t\t<div class=\"section-bg-overlay absolute fill\"><\/div>\n\t\t\t\n\n\t\t<\/div>\n\n\t\t\n\n\t\t<div class=\"section-content relative\">\n\t\t\t\n\n\t<div id=\"gap-1154629225\" class=\"gap-element clearfix\" style=\"display:block; height:auto;\">\n\t\t\n<style>\n#gap-1154629225 {\n  padding-top: 30px;\n}\n<\/style>\n\t<\/div>\n\t\n\n<div class=\"row align-center\"  id=\"row-1842026439\">\n\n\n\t<div id=\"col-771647039\" class=\"col medium-9 small-12 large-7\"  >\n\t\t\t\t<div class=\"col-inner text-center\"  >\n\t\t\t\n\t\t\t\n\n\t<div id=\"text-1927536259\" class=\"text\">\n\t\t\n\n<h6>PRODOTTO IN AUSTRIA<\/h6>\n\t\t\n<style>\n#text-1927536259 {\n  line-height: 1;\n}\n<\/style>\n\t<\/div>\n\t\n\t<div id=\"text-3234896719\" class=\"text\">\n\t\t\n\n<h3>CHALET LIE<\/h3>\n\t\t\n<style>\n#text-3234896719 {\n  font-size: 2.75rem;\n  line-height: 1;\n}\n<\/style>\n\t<\/div>\n\t\n<h2 class=\"fusion-responsive-typography-calculated\" data-fontsize=\"30\" data-lineheight=\"33px\">La quercia incontra il cemento<\/h2>\n<h3>WOODON &#8211; il nostro lettino riscaldato per il benessere CHALET<\/h3>\n<p>Una sensazione di vicinanza alla natura \u00e8 quella che provano quando si rilassano sul nostro speciale tipo di lettino riscaldato. Il caldo legno di quercia circonda il lettino riscaldato a infrarossi e sulla superficie ci si riscalda sul cemento senza giunture.<\/p>\n<h2 class=\"fusion-responsive-typography-calculated\" data-fontsize=\"30\" data-lineheight=\"33px\">L&#8217;artigianato pi\u00f9 raffinato caratterizza il nostro prodotto.<\/h2>\n<p><br>Abbandonati a una decelerazione di classe extra. Sia nell&#8217;area privata che in quella dell&#8217;hotel, il nostro lettino benessere riscaldato pu\u00f2 attecchire ovunque grazie alla sua natura naturale.<\/p>\n<p>Si adatta perfettamente agli chalet di lusso, alle camere d&#8217;albergo in stile casa di campagna, ma naturalmente anche all&#8217;area benessere rustica.<\/p>\n<a class=\"button success\" style=\"border-radius:5px;padding:7px 30px 7px 30px;\">\n\t\t<span>Maggiori informazioni sul lettino wellness WOODON<\/span>\n\t<\/a>\n\n\n\n\t\t<\/div>\n\t\t\t\t\t<\/div>\n\n\t\n\n<\/div>\n\n\t\t<\/div>\n\n\t\t\n<style>\n#section_1309916824 {\n  padding-top: 30px;\n  padding-bottom: 30px;\n  min-height: 600px;\n}\n#section_1309916824 .section-bg-overlay {\n  background-color: rgba(0, 0, 0, 0.4);\n}\n@media (min-width:850px) {\n  #section_1309916824 {\n    min-height: 900px;\n  }\n}\n<\/style>\n\t<\/section>\n\t\n\n\t<section class=\"section has-parallax\" id=\"section_384375015\">\n\t\t<div class=\"section-bg fill\" data-parallax-container=\".section\" data-parallax-background data-parallax=\"-2\">\n\t\t\t<img loading=\"lazy\" decoding=\"async\" width=\"1000\" height=\"750\" src=\"https:\/\/www.soleum.de\/wp-content\/uploads\/2023\/08\/Soleum-Schauraum-Pregarten5.jpg\" class=\"bg attachment-original size-original\" alt=\"\" \/>\t\t\t\t\t\t\n\t\t\t\n\n\t\t<\/div>\n\n\t\t\n\n\t\t<div class=\"section-content relative\">\n\t\t\t\n\n\t<div id=\"gap-914645254\" class=\"gap-element clearfix\" style=\"display:block; height:auto;\">\n\t\t\n<style>\n#gap-914645254 {\n  padding-top: 30px;\n}\n<\/style>\n\t<\/div>\n\t\n\n<div class=\"row\" style=\"max-width:1200px\" id=\"row-874498097\">\n\n\n\t<div id=\"col-266140757\" class=\"col small-12 large-12\"  >\n\t\t\t\t<div class=\"col-inner text-center\"  >\n\t\t\t\n\t\t\t\n\n\t<div id=\"gap-6804955\" class=\"gap-element clearfix\" style=\"display:block; height:auto;\">\n\t\t\n<style>\n#gap-6804955 {\n  padding-top: 15px;\n}\n<\/style>\n\t<\/div>\n\t\n\n\t<div id=\"text-892036223\" class=\"text\">\n\t\t\n\n<h6>Contattateci<\/h6>\n\t\t\n<style>\n#text-892036223 {\n  text-align: center;\n}\n<\/style>\n\t<\/div>\n\t\n\t<div id=\"text-3023678635\" class=\"text\">\n\t\t\n\n<h2>Avete una domanda da farci?<\/h2>\n\t\t\n<style>\n#text-3023678635 {\n  font-size: 1.75rem;\n  text-align: center;\n}\n<\/style>\n\t<\/div>\n\t\n<a href=\"https:\/\/www.soleum.de\/it\/contatto\/\" class=\"button secondary\" style=\"border-radius:30px;padding:5px 30px 5px 30px;\">\n\t\t<span>Contatto SOLEUM<\/span>\n\t<\/a>\n\n\n\n\t\t<\/div>\n\t\t\t\t\n<style>\n#col-266140757 > .col-inner {\n  padding: 50px 50px 50px 50px;\n}\n<\/style>\n\t<\/div>\n\n\t\n\n\n<style>\n#row-874498097 > .col > .col-inner {\n  background-color: rgb(255, 255, 255);\n}\n<\/style>\n<\/div>\n\n\t\t<\/div>\n\n\t\t\n<style>\n#section_384375015 {\n  padding-top: 30px;\n  padding-bottom: 30px;\n  min-height: 400px;\n}\n#section_384375015 .section-bg img {\n  object-position: 74% 51%;\n}\n<\/style>\n\t<\/section>\n\t\n\t<div id=\"gap-19847081\" class=\"gap-element clearfix\" style=\"display:block; height:auto;\">\n\t\t\n<style>\n#gap-19847081 {\n  padding-top: 30px;\n}\n<\/style>\n\t<\/div>\n\t\n\n<div class=\"container section-title-container\" ><h3 class=\"section-title section-title-center\"><b aria-hidden=\"true\"><\/b><span class=\"section-title-main\" >PANORAMICA - Video di tutte le sedie a sdraio riscaldate SOLEUM<\/span><b aria-hidden=\"true\"><\/b><\/h3><\/div>\n\n<div class=\"video video-fit mb\" style=\"padding-top:56.25%;\"><div style=\"width: 640px;\" class=\"wp-video\"><video class=\"wp-video-shortcode\" id=\"video-29114-1\" width=\"640\" height=\"360\" preload=\"metadata\" controls=\"controls\"><source type=\"video\/mp4\" src=\"https:\/\/soleum.com\/wp-content\/uploads\/2023\/07\/Soleum-Heated-Loungers-EN_Full-HD-1080p.mp4?_=1\" \/><a href=\"https:\/\/soleum.com\/wp-content\/uploads\/2023\/07\/Soleum-Heated-Loungers-EN_Full-HD-1080p.mp4\">https:\/\/soleum.com\/wp-content\/uploads\/2023\/07\/Soleum-Heated-Loungers-EN_Full-HD-1080p.mp4<\/a><\/video><\/div><\/div>\n\n\t<div class=\"img has-hover x md-x lg-x y md-y lg-y\" id=\"image_1903557442\">\n\t\t<a class=\"\" href=\"https:\/\/soleum.com\/beheizte-liegen\/\" target=\"_blank\" rel=\"noopener\" >\t\t\t\t\t\t<div class=\"img-inner dark\" >\n\t\t\t<img loading=\"lazy\" decoding=\"async\" width=\"1020\" height=\"505\" src=\"https:\/\/www.soleum.de\/wp-content\/uploads\/2023\/08\/SOLEUM-Waermeliegen-Luxury-Relaxing-2000-1400x693.jpg\" class=\"attachment-large size-large\" alt=\"\" srcset=\"https:\/\/www.soleum.de\/wp-content\/uploads\/2023\/08\/SOLEUM-Waermeliegen-Luxury-Relaxing-2000-1400x693.jpg 1400w, https:\/\/www.soleum.de\/wp-content\/uploads\/2023\/08\/SOLEUM-Waermeliegen-Luxury-Relaxing-2000-800x396.jpg 800w, https:\/\/www.soleum.de\/wp-content\/uploads\/2023\/08\/SOLEUM-Waermeliegen-Luxury-Relaxing-2000-768x380.jpg 768w, https:\/\/www.soleum.de\/wp-content\/uploads\/2023\/08\/SOLEUM-Waermeliegen-Luxury-Relaxing-2000-1536x760.jpg 1536w, https:\/\/www.soleum.de\/wp-content\/uploads\/2023\/08\/SOLEUM-Waermeliegen-Luxury-Relaxing-2000-510x252.jpg 510w, https:\/\/www.soleum.de\/wp-content\/uploads\/2023\/08\/SOLEUM-Waermeliegen-Luxury-Relaxing-2000.jpg 2000w\" sizes=\"auto, (max-width: 1020px) 100vw, 1020px\" \/>\t\t\t\t\t\t\n\t\t\t\t\t<\/div>\n\t\t\t\t\t\t<\/a>\t\t\n<style>\n#image_1903557442 {\n  width: 100%;\n}\n<\/style>\n\t<\/div>\n\t\n\n<div class=\"container section-title-container\" ><h3 class=\"section-title section-title-center\"><b aria-hidden=\"true\"><\/b><span class=\"section-title-main\" >BANCHI DI VAPORE ESCLUSIVI da SOLEUM\u00ae<\/span><b aria-hidden=\"true\"><\/b><\/h3><\/div>\n\n\t<div id=\"text-2472646279\" class=\"text\">\n\t\t\n\n<p>SOLEUM \u00e8 stata fondata in Austria ed \u00e8 un innovatore austriaco con oltre 20 anni di esperienza nello sviluppo e nella produzione di soluzioni termali di alta qualit\u00e0. L&#8217;azienda offre una miscela unica di tecnologia moderna e concetti curativi tradizionali ed \u00e8 specializzata nella produzione di lussuosi lettini riscaldati e saune innovative per clienti esigenti, hotel di lusso e strutture termali di alto livello in tutto il mondo.<\/p>\n<p>Soleum \u00e8 nota per le sue progettazioni personalizzate e le unit\u00e0 preassemblate (BAUS\u00c4TZE) su misura per le esigenze individuali e pu\u00f2 consegnare in tutto il mondo.<\/p>\n<p>Avete la possibilit\u00e0 di acquistare da noi i componenti necessari (SPA MODULE) per un bagno turco e la sofisticata tecnologia, oppure di farvi consegnare o anche assemblare da noi (a una certa distanza) una cabina pre-prodotta su misura.<\/p>\n<p>Per saperne di pi\u00f9 sull&#8217;<a href=\"https:\/\/www.soleum.de\/it\/ambito-dei-servizi-costruzione-di-un-bagno-di-vapore\/\">ambito delle prestazioni nella costruzione di bagni a vapore<\/a><\/p>\n\t\t\n<style>\n#text-2472646279 {\n  text-align: center;\n}\n<\/style>\n\t<\/div>\n\t\n<div id=\"portfolio-529679743\" class=\"portfolio-element-wrapper has-filtering\">\n  \n    <div class=\"row large-columns-4 medium-columns-3 small-columns-2 row-small slider row-slider slider-nav-reveal slider-nav-push\"  data-flickity-options='{&quot;imagesLoaded&quot;: true, &quot;groupCells&quot;: &quot;100%&quot;, &quot;dragThreshold&quot; : 5, &quot;cellAlign&quot;: &quot;left&quot;,&quot;wrapAround&quot;: true,&quot;prevNextButtons&quot;: true,&quot;percentPosition&quot;: true,&quot;pageDots&quot;: false, &quot;rightToLeft&quot;: false, &quot;autoPlay&quot; : false}' >\n\n    <div class=\"col\" data-terms=\"[&quot;Bagno turco con lettini&quot;,&quot;Esclusivi bagni di vapore&quot;]\" >\n          <div class=\"col-inner\" >\n          <a href=\"https:\/\/www.soleum.de\/it\/featured_item\/bagno-di-vapore-di-lusso\/\" class=\"plain \">\n          <div class=\"portfolio-box box has-hover\">\n            <div class=\"box-image\" >\n                <div class=\"image-cover\" style=\"padding-top:100%;\">\n                <img loading=\"lazy\" decoding=\"async\" width=\"500\" height=\"375\" src=\"https:\/\/www.soleum.de\/wp-content\/uploads\/2019\/03\/Luxusdampfbad-beitrag.jpg\" class=\"attachment-medium size-medium\" alt=\"\" \/>                                                <\/div>\n            <\/div>\n            <div class=\"box-text text-center\" >\n                  <div class=\"box-text-inner\">\n                      <h6 class=\"uppercase portfolio-box-title\">Bagno di vapore di lusso<\/h6>\n                      <p class=\"uppercase portfolio-box-category is-xsmall op-6\">\n                        <span class=\"show-on-hover\">\n                         Bagno turco con lettini, Esclusivi bagni di vapore                        <\/span>\n                      <\/p>\n                  <\/div>\n            <\/div>\n           <\/div>\n           <\/a>\n           <\/div>\n           <\/div><div class=\"col\" data-terms=\"[&quot;Bagno turco con sedili&quot;,&quot;Esclusivi bagni di vapore&quot;]\" >\n          <div class=\"col-inner\" >\n          <a href=\"https:\/\/www.soleum.de\/it\/featured_item\/damfpbad-albergo-seestuben-carinzia\/\" class=\"plain \">\n          <div class=\"portfolio-box box has-hover\">\n            <div class=\"box-image\" >\n                <div class=\"image-cover\" style=\"padding-top:100%;\">\n                <img loading=\"lazy\" decoding=\"async\" width=\"500\" height=\"375\" src=\"https:\/\/www.soleum.de\/wp-content\/uploads\/2023\/06\/Dampfbad-Hotel-Seestuben-Kaernten-beitrag.jpg\" class=\"attachment-medium size-medium\" alt=\"\" \/>                                                <\/div>\n            <\/div>\n            <div class=\"box-text text-center\" >\n                  <div class=\"box-text-inner\">\n                      <h6 class=\"uppercase portfolio-box-title\">Damfpbad Albergo Seestuben Carinzia<\/h6>\n                      <p class=\"uppercase portfolio-box-category is-xsmall op-6\">\n                        <span class=\"show-on-hover\">\n                         Bagno turco con sedili, Esclusivi bagni di vapore                        <\/span>\n                      <\/p>\n                  <\/div>\n            <\/div>\n           <\/div>\n           <\/a>\n           <\/div>\n           <\/div><div class=\"col\" data-terms=\"[&quot;Bagno turco con sedili&quot;,&quot;Esclusivi bagni di vapore&quot;]\" >\n          <div class=\"col-inner\" >\n          <a href=\"https:\/\/www.soleum.de\/it\/featured_item\/albergo-bagno-turco-stiria\/\" class=\"plain \">\n          <div class=\"portfolio-box box has-hover\">\n            <div class=\"box-image\" >\n                <div class=\"image-cover\" style=\"padding-top:100%;\">\n                <img loading=\"lazy\" decoding=\"async\" width=\"533\" height=\"400\" src=\"https:\/\/www.soleum.de\/wp-content\/uploads\/2022\/10\/Dampfbad-Weinlandhof_beitrag-533x400.jpg\" class=\"attachment-medium size-medium\" alt=\"\" srcset=\"https:\/\/www.soleum.de\/wp-content\/uploads\/2022\/10\/Dampfbad-Weinlandhof_beitrag-533x400.jpg 533w, https:\/\/www.soleum.de\/wp-content\/uploads\/2022\/10\/Dampfbad-Weinlandhof_beitrag-510x383.jpg 510w, https:\/\/www.soleum.de\/wp-content\/uploads\/2022\/10\/Dampfbad-Weinlandhof_beitrag.jpg 600w\" sizes=\"auto, (max-width: 533px) 100vw, 533px\" \/>                                                <\/div>\n            <\/div>\n            <div class=\"box-text text-center\" >\n                  <div class=\"box-text-inner\">\n                      <h6 class=\"uppercase portfolio-box-title\">Albergo bagno turco Stiria<\/h6>\n                      <p class=\"uppercase portfolio-box-category is-xsmall op-6\">\n                        <span class=\"show-on-hover\">\n                         Bagno turco con sedili, Esclusivi bagni di vapore                        <\/span>\n                      <\/p>\n                  <\/div>\n            <\/div>\n           <\/div>\n           <\/a>\n           <\/div>\n           <\/div><div class=\"col\" data-terms=\"[&quot;Bagno turco con lettini&quot;,&quot;Bagno turco con sedili&quot;,&quot;Esclusivi bagni di vapore&quot;]\" >\n          <div class=\"col-inner\" >\n          <a href=\"https:\/\/www.soleum.de\/it\/featured_item\/bagno-di-vapore-su-due-livelli\/\" class=\"plain \">\n          <div class=\"portfolio-box box has-hover\">\n            <div class=\"box-image\" >\n                <div class=\"image-cover\" style=\"padding-top:100%;\">\n                <img loading=\"lazy\" decoding=\"async\" width=\"533\" height=\"400\" src=\"https:\/\/www.soleum.de\/wp-content\/uploads\/2022\/10\/Soleum-Dampfbad-Leonding_022-Beitrag-533x400.jpg\" class=\"attachment-medium size-medium\" alt=\"\" srcset=\"https:\/\/www.soleum.de\/wp-content\/uploads\/2022\/10\/Soleum-Dampfbad-Leonding_022-Beitrag-533x400.jpg 533w, https:\/\/www.soleum.de\/wp-content\/uploads\/2022\/10\/Soleum-Dampfbad-Leonding_022-Beitrag-510x383.jpg 510w, https:\/\/www.soleum.de\/wp-content\/uploads\/2022\/10\/Soleum-Dampfbad-Leonding_022-Beitrag.jpg 600w\" sizes=\"auto, (max-width: 533px) 100vw, 533px\" \/>                                                <\/div>\n            <\/div>\n            <div class=\"box-text text-center\" >\n                  <div class=\"box-text-inner\">\n                      <h6 class=\"uppercase portfolio-box-title\">Bagno di vapore su due livelli<\/h6>\n                      <p class=\"uppercase portfolio-box-category is-xsmall op-6\">\n                        <span class=\"show-on-hover\">\n                         Bagno turco con lettini, Bagno turco con sedili, Esclusivi bagni di vapore                        <\/span>\n                      <\/p>\n                  <\/div>\n            <\/div>\n           <\/div>\n           <\/a>\n           <\/div>\n           <\/div><div class=\"col\" data-terms=\"[&quot;Bagno turco con lettini&quot;,&quot;Esclusivi bagni di vapore&quot;]\" >\n          <div class=\"col-inner\" >\n          <a href=\"https:\/\/www.soleum.de\/it\/featured_item\/bagno-di-vapore-con-microcemento\/\" class=\"plain \">\n          <div class=\"portfolio-box box has-hover\">\n            <div class=\"box-image\" >\n                <div class=\"image-cover\" style=\"padding-top:100%;\">\n                <img loading=\"lazy\" decoding=\"async\" width=\"500\" height=\"375\" src=\"https:\/\/www.soleum.de\/wp-content\/uploads\/2021\/10\/Dampfbad-mit-Mikrozementbeschichtung-Beitrag.jpg\" class=\"attachment-medium size-medium\" alt=\"\" \/>                                                <\/div>\n            <\/div>\n            <div class=\"box-text text-center\" >\n                  <div class=\"box-text-inner\">\n                      <h6 class=\"uppercase portfolio-box-title\">Bagno di vapore con microcemento<\/h6>\n                      <p class=\"uppercase portfolio-box-category is-xsmall op-6\">\n                        <span class=\"show-on-hover\">\n                         Bagno turco con lettini, Esclusivi bagni di vapore                        <\/span>\n                      <\/p>\n                  <\/div>\n            <\/div>\n           <\/div>\n           <\/a>\n           <\/div>\n           <\/div><div class=\"col\" data-terms=\"[&quot;Esclusivi bagni di vapore&quot;]\" >\n          <div class=\"col-inner\" >\n          <a href=\"https:\/\/www.soleum.de\/it\/featured_item\/bagno-di-vapore-in-salamoia-in-baviera\/\" class=\"plain \">\n          <div class=\"portfolio-box box has-hover\">\n            <div class=\"box-image\" >\n                <div class=\"image-cover\" style=\"padding-top:100%;\">\n                <img loading=\"lazy\" decoding=\"async\" width=\"300\" height=\"400\" src=\"https:\/\/www.soleum.de\/wp-content\/uploads\/2021\/10\/Soledampfbad-in-Bayern-7-1-1-300x400.jpg\" class=\"attachment-medium size-medium\" alt=\"\" srcset=\"https:\/\/www.soleum.de\/wp-content\/uploads\/2021\/10\/Soledampfbad-in-Bayern-7-1-1-300x400.jpg 300w, https:\/\/www.soleum.de\/wp-content\/uploads\/2021\/10\/Soledampfbad-in-Bayern-7-1-1-600x800.jpg 600w, https:\/\/www.soleum.de\/wp-content\/uploads\/2021\/10\/Soledampfbad-in-Bayern-7-1-1-768x1024.jpg 768w, https:\/\/www.soleum.de\/wp-content\/uploads\/2021\/10\/Soledampfbad-in-Bayern-7-1-1-510x680.jpg 510w, https:\/\/www.soleum.de\/wp-content\/uploads\/2021\/10\/Soledampfbad-in-Bayern-7-1-1.jpg 1000w\" sizes=\"auto, (max-width: 300px) 100vw, 300px\" \/>                                                <\/div>\n            <\/div>\n            <div class=\"box-text text-center\" >\n                  <div class=\"box-text-inner\">\n                      <h6 class=\"uppercase portfolio-box-title\">Bagno di vapore in salamoia in Baviera<\/h6>\n                      <p class=\"uppercase portfolio-box-category is-xsmall op-6\">\n                        <span class=\"show-on-hover\">\n                         Esclusivi bagni di vapore                        <\/span>\n                      <\/p>\n                  <\/div>\n            <\/div>\n           <\/div>\n           <\/a>\n           <\/div>\n           <\/div><div class=\"col\" data-terms=\"[&quot;Bagno turco con lettini&quot;,&quot;Bagno turco con sedili&quot;,&quot;Esclusivi bagni di vapore&quot;]\" >\n          <div class=\"col-inner\" >\n          <a href=\"https:\/\/www.soleum.de\/it\/featured_item\/bagno-di-vapore-al-posto-della-sauna\/\" class=\"plain \">\n          <div class=\"portfolio-box box has-hover\">\n            <div class=\"box-image\" >\n                <div class=\"image-cover\" style=\"padding-top:100%;\">\n                <img loading=\"lazy\" decoding=\"async\" width=\"600\" height=\"399\" src=\"https:\/\/www.soleum.de\/wp-content\/uploads\/2020\/10\/Wellnessbereich-im-Keller-mit-Soleum-Dampfbad-Beitrag.jpg\" class=\"attachment-medium size-medium\" alt=\"\" srcset=\"https:\/\/www.soleum.de\/wp-content\/uploads\/2020\/10\/Wellnessbereich-im-Keller-mit-Soleum-Dampfbad-Beitrag.jpg 600w, https:\/\/www.soleum.de\/wp-content\/uploads\/2020\/10\/Wellnessbereich-im-Keller-mit-Soleum-Dampfbad-Beitrag-510x339.jpg 510w\" sizes=\"auto, (max-width: 600px) 100vw, 600px\" \/>                                                <\/div>\n            <\/div>\n            <div class=\"box-text text-center\" >\n                  <div class=\"box-text-inner\">\n                      <h6 class=\"uppercase portfolio-box-title\">Bagno di vapore al posto della sauna!<\/h6>\n                      <p class=\"uppercase portfolio-box-category is-xsmall op-6\">\n                        <span class=\"show-on-hover\">\n                         Bagno turco con lettini, Bagno turco con sedili, Esclusivi bagni di vapore                        <\/span>\n                      <\/p>\n                  <\/div>\n            <\/div>\n           <\/div>\n           <\/a>\n           <\/div>\n           <\/div><div class=\"col\" data-terms=\"[&quot;Bagno turco con lettini&quot;,&quot;Esclusivi bagni di vapore&quot;]\" >\n          <div class=\"col-inner\" >\n          <a href=\"https:\/\/www.soleum.de\/it\/featured_item\/luxury-home-benessere-a-casa-propria\/\" class=\"plain \">\n          <div class=\"portfolio-box box has-hover\">\n            <div class=\"box-image\" >\n                <div class=\"image-cover\" style=\"padding-top:100%;\">\n                <img loading=\"lazy\" decoding=\"async\" width=\"435\" height=\"400\" src=\"https:\/\/www.soleum.de\/wp-content\/uploads\/2020\/10\/SOLEUM-Dampfbad-in-Muenchen-Beitrag-435x400.jpg\" class=\"attachment-medium size-medium\" alt=\"\" srcset=\"https:\/\/www.soleum.de\/wp-content\/uploads\/2020\/10\/SOLEUM-Dampfbad-in-Muenchen-Beitrag-435x400.jpg 435w, https:\/\/www.soleum.de\/wp-content\/uploads\/2020\/10\/SOLEUM-Dampfbad-in-Muenchen-Beitrag-510x469.jpg 510w, https:\/\/www.soleum.de\/wp-content\/uploads\/2020\/10\/SOLEUM-Dampfbad-in-Muenchen-Beitrag.jpg 661w\" sizes=\"auto, (max-width: 435px) 100vw, 435px\" \/>                                                <\/div>\n            <\/div>\n            <div class=\"box-text text-center\" >\n                  <div class=\"box-text-inner\">\n                      <h6 class=\"uppercase portfolio-box-title\">Luxury @ Home &#8211; Benessere a casa propria<\/h6>\n                      <p class=\"uppercase portfolio-box-category is-xsmall op-6\">\n                        <span class=\"show-on-hover\">\n                         Bagno turco con lettini, Esclusivi bagni di vapore                        <\/span>\n                      <\/p>\n                  <\/div>\n            <\/div>\n           <\/div>\n           <\/a>\n           <\/div>\n           <\/div><div class=\"col\" data-terms=\"[&quot;Bagno turco con lettini&quot;,&quot;Bagno turco con sedili&quot;,&quot;Esclusivi bagni di vapore&quot;]\" >\n          <div class=\"col-inner\" >\n          <a href=\"https:\/\/www.soleum.de\/it\/featured_item\/bagno-turco-nella-sala-della-piscina-pool-house\/\" class=\"plain \">\n          <div class=\"portfolio-box box has-hover\">\n            <div class=\"box-image\" >\n                <div class=\"image-cover\" style=\"padding-top:100%;\">\n                <img loading=\"lazy\" decoding=\"async\" width=\"500\" height=\"375\" src=\"https:\/\/www.soleum.de\/wp-content\/uploads\/2020\/07\/Dampfbad-in-Poolhalle-beitrag.jpg\" class=\"attachment-medium size-medium\" alt=\"\" \/>                                                <\/div>\n            <\/div>\n            <div class=\"box-text text-center\" >\n                  <div class=\"box-text-inner\">\n                      <h6 class=\"uppercase portfolio-box-title\">Bagno turco nella sala della piscina \/ pool house<\/h6>\n                      <p class=\"uppercase portfolio-box-category is-xsmall op-6\">\n                        <span class=\"show-on-hover\">\n                         Bagno turco con lettini, Bagno turco con sedili, Esclusivi bagni di vapore                        <\/span>\n                      <\/p>\n                  <\/div>\n            <\/div>\n           <\/div>\n           <\/a>\n           <\/div>\n           <\/div><div class=\"col\" data-terms=\"[&quot;Bagno turco con lettini&quot;,&quot;Bagno turco con sedili&quot;,&quot;Esclusivi bagni di vapore&quot;]\" >\n          <div class=\"col-inner\" >\n          <a href=\"https:\/\/www.soleum.de\/it\/featured_item\/bagno-di-vapore-in-salamoia-per-4-persone-vicino-a-colonia\/\" class=\"plain \">\n          <div class=\"portfolio-box box has-hover\">\n            <div class=\"box-image\" >\n                <div class=\"image-cover\" style=\"padding-top:100%;\">\n                <img loading=\"lazy\" decoding=\"async\" width=\"600\" height=\"400\" src=\"https:\/\/www.soleum.de\/wp-content\/uploads\/2020\/10\/Soledampfbad-Deutschland-1-600x400.jpg\" class=\"attachment-medium size-medium\" alt=\"\" srcset=\"https:\/\/www.soleum.de\/wp-content\/uploads\/2020\/10\/Soledampfbad-Deutschland-1-600x400.jpg 600w, https:\/\/www.soleum.de\/wp-content\/uploads\/2020\/10\/Soledampfbad-Deutschland-1-768x512.jpg 768w, https:\/\/www.soleum.de\/wp-content\/uploads\/2020\/10\/Soledampfbad-Deutschland-1-510x340.jpg 510w, https:\/\/www.soleum.de\/wp-content\/uploads\/2020\/10\/Soledampfbad-Deutschland-1.jpg 1000w\" sizes=\"auto, (max-width: 600px) 100vw, 600px\" \/>                                                <\/div>\n            <\/div>\n            <div class=\"box-text text-center\" >\n                  <div class=\"box-text-inner\">\n                      <h6 class=\"uppercase portfolio-box-title\">Bagno di vapore in salamoia per 4 persone vicino a Colonia<\/h6>\n                      <p class=\"uppercase portfolio-box-category is-xsmall op-6\">\n                        <span class=\"show-on-hover\">\n                         Bagno turco con lettini, Bagno turco con sedili, Esclusivi bagni di vapore                        <\/span>\n                      <\/p>\n                  <\/div>\n            <\/div>\n           <\/div>\n           <\/a>\n           <\/div>\n           <\/div><div class=\"col\" data-terms=\"[&quot;Bagno turco con sedili&quot;,&quot;Esclusivi bagni di vapore&quot;]\" >\n          <div class=\"col-inner\" >\n          <a href=\"https:\/\/www.soleum.de\/it\/featured_item\/bagno-di-vapore-in-salamoia-germania\/\" class=\"plain \">\n          <div class=\"portfolio-box box has-hover\">\n            <div class=\"box-image\" >\n                <div class=\"image-cover\" style=\"padding-top:100%;\">\n                <img loading=\"lazy\" decoding=\"async\" width=\"533\" height=\"400\" src=\"https:\/\/www.soleum.de\/wp-content\/uploads\/2020\/02\/soledampfbad-Deutschland-8-533x400.jpg\" class=\"attachment-medium size-medium\" alt=\"\" srcset=\"https:\/\/www.soleum.de\/wp-content\/uploads\/2020\/02\/soledampfbad-Deutschland-8-533x400.jpg 533w, https:\/\/www.soleum.de\/wp-content\/uploads\/2020\/02\/soledampfbad-Deutschland-8-768x576.jpg 768w, https:\/\/www.soleum.de\/wp-content\/uploads\/2020\/02\/soledampfbad-Deutschland-8-510x383.jpg 510w, https:\/\/www.soleum.de\/wp-content\/uploads\/2020\/02\/soledampfbad-Deutschland-8.jpg 1000w\" sizes=\"auto, (max-width: 533px) 100vw, 533px\" \/>                                                <\/div>\n            <\/div>\n            <div class=\"box-text text-center\" >\n                  <div class=\"box-text-inner\">\n                      <h6 class=\"uppercase portfolio-box-title\">Bagno di vapore in salamoia Germania<\/h6>\n                      <p class=\"uppercase portfolio-box-category is-xsmall op-6\">\n                        <span class=\"show-on-hover\">\n                         Bagno turco con sedili, Esclusivi bagni di vapore                        <\/span>\n                      <\/p>\n                  <\/div>\n            <\/div>\n           <\/div>\n           <\/a>\n           <\/div>\n           <\/div><div class=\"col\" data-terms=\"[&quot;Esclusivi bagni di vapore&quot;]\" >\n          <div class=\"col-inner\" >\n          <a href=\"https:\/\/www.soleum.de\/it\/featured_item\/hamam-tepidarium\/\" class=\"plain \">\n          <div class=\"portfolio-box box has-hover\">\n            <div class=\"box-image\" >\n                <div class=\"image-cover\" style=\"padding-top:100%;\">\n                <img loading=\"lazy\" decoding=\"async\" width=\"500\" height=\"375\" src=\"https:\/\/www.soleum.de\/wp-content\/uploads\/2019\/06\/Hamam-Tepidarium.jpg\" class=\"attachment-medium size-medium\" alt=\"\" \/>                                                <\/div>\n            <\/div>\n            <div class=\"box-text text-center\" >\n                  <div class=\"box-text-inner\">\n                      <h6 class=\"uppercase portfolio-box-title\">Hamam Tepidarium<\/h6>\n                      <p class=\"uppercase portfolio-box-category is-xsmall op-6\">\n                        <span class=\"show-on-hover\">\n                         Esclusivi bagni di vapore                        <\/span>\n                      <\/p>\n                  <\/div>\n            <\/div>\n           <\/div>\n           <\/a>\n           <\/div>\n           <\/div><div class=\"col\" data-terms=\"[&quot;Esclusivi bagni di vapore&quot;]\" >\n          <div class=\"col-inner\" >\n          <a href=\"https:\/\/www.soleum.de\/it\/featured_item\/bagno-di-vapore-esclusivo\/\" class=\"plain \">\n          <div class=\"portfolio-box box has-hover\">\n            <div class=\"box-image\" >\n                <div class=\"image-cover\" style=\"padding-top:100%;\">\n                <img loading=\"lazy\" decoding=\"async\" width=\"500\" height=\"331\" src=\"https:\/\/www.soleum.de\/wp-content\/uploads\/2017\/02\/exklusives-dampfbad-beitrag.jpg\" class=\"attachment-medium size-medium\" alt=\"\" \/>                                                <\/div>\n            <\/div>\n            <div class=\"box-text text-center\" >\n                  <div class=\"box-text-inner\">\n                      <h6 class=\"uppercase portfolio-box-title\">Bagno di vapore esclusivo<\/h6>\n                      <p class=\"uppercase portfolio-box-category is-xsmall op-6\">\n                        <span class=\"show-on-hover\">\n                         Esclusivi bagni di vapore                        <\/span>\n                      <\/p>\n                  <\/div>\n            <\/div>\n           <\/div>\n           <\/a>\n           <\/div>\n           <\/div><div class=\"col\" data-terms=\"[&quot;Bagno turco con lettini&quot;,&quot;Esclusivi bagni di vapore&quot;]\" >\n          <div class=\"col-inner\" >\n          <a href=\"https:\/\/www.soleum.de\/it\/featured_item\/bagno-di-vapore-in-salamoia-a-vienna\/\" class=\"plain \">\n          <div class=\"portfolio-box box has-hover\">\n            <div class=\"box-image\" >\n                <div class=\"image-cover\" style=\"padding-top:100%;\">\n                <img loading=\"lazy\" decoding=\"async\" width=\"500\" height=\"331\" src=\"https:\/\/www.soleum.de\/wp-content\/uploads\/2019\/03\/Soledampfbad-Wien-beitrag.jpg\" class=\"attachment-medium size-medium\" alt=\"\" \/>                                                <\/div>\n            <\/div>\n            <div class=\"box-text text-center\" >\n                  <div class=\"box-text-inner\">\n                      <h6 class=\"uppercase portfolio-box-title\">Bagno di vapore in salamoia a Vienna<\/h6>\n                      <p class=\"uppercase portfolio-box-category is-xsmall op-6\">\n                        <span class=\"show-on-hover\">\n                         Bagno turco con lettini, Esclusivi bagni di vapore                        <\/span>\n                      <\/p>\n                  <\/div>\n            <\/div>\n           <\/div>\n           <\/a>\n           <\/div>\n           <\/div><div class=\"col\" data-terms=\"[&quot;Bagno turco con lettini&quot;,&quot;Esclusivi bagni di vapore&quot;]\" >\n          <div class=\"col-inner\" >\n          <a href=\"https:\/\/www.soleum.de\/it\/featured_item\/bagno-turco-privato\/\" class=\"plain \">\n          <div class=\"portfolio-box box has-hover\">\n            <div class=\"box-image\" >\n                <div class=\"image-cover\" style=\"padding-top:100%;\">\n                <img loading=\"lazy\" decoding=\"async\" width=\"500\" height=\"333\" src=\"https:\/\/www.soleum.de\/wp-content\/uploads\/2018\/10\/Dampfbad-privat-beitrag.jpg\" class=\"attachment-medium size-medium\" alt=\"\" \/>                                                <\/div>\n            <\/div>\n            <div class=\"box-text text-center\" >\n                  <div class=\"box-text-inner\">\n                      <h6 class=\"uppercase portfolio-box-title\">Bagno turco privato<\/h6>\n                      <p class=\"uppercase portfolio-box-category is-xsmall op-6\">\n                        <span class=\"show-on-hover\">\n                         Bagno turco con lettini, Esclusivi bagni di vapore                        <\/span>\n                      <\/p>\n                  <\/div>\n            <\/div>\n           <\/div>\n           <\/a>\n           <\/div>\n           <\/div><div class=\"col\" data-terms=\"[&quot;Bagno turco con lettini&quot;,&quot;Esclusivi bagni di vapore&quot;]\" >\n          <div class=\"col-inner\" >\n          <a href=\"https:\/\/www.soleum.de\/it\/featured_item\/bagno-di-vapore-con-cielo-stellato\/\" class=\"plain \">\n          <div class=\"portfolio-box box has-hover\">\n            <div class=\"box-image\" >\n                <div class=\"image-cover\" style=\"padding-top:100%;\">\n                <img loading=\"lazy\" decoding=\"async\" width=\"500\" height=\"333\" src=\"https:\/\/www.soleum.de\/wp-content\/uploads\/2018\/07\/Dampfbad-mit-Sternenhimmel-beitrag.jpg\" class=\"attachment-medium size-medium\" alt=\"\" \/>                                                <\/div>\n            <\/div>\n            <div class=\"box-text text-center\" >\n                  <div class=\"box-text-inner\">\n                      <h6 class=\"uppercase portfolio-box-title\">Bagno di vapore con cielo stellato<\/h6>\n                      <p class=\"uppercase portfolio-box-category is-xsmall op-6\">\n                        <span class=\"show-on-hover\">\n                         Bagno turco con lettini, Esclusivi bagni di vapore                        <\/span>\n                      <\/p>\n                  <\/div>\n            <\/div>\n           <\/div>\n           <\/a>\n           <\/div>\n           <\/div><div class=\"col\" data-terms=\"[&quot;Esclusivi bagni di vapore&quot;]\" >\n          <div class=\"col-inner\" >\n          <a href=\"https:\/\/www.soleum.de\/it\/featured_item\/hotel-bagno-di-vapore-alle-erbe\/\" class=\"plain \">\n          <div class=\"portfolio-box box has-hover\">\n            <div class=\"box-image\" >\n                <div class=\"image-cover\" style=\"padding-top:100%;\">\n                <img loading=\"lazy\" decoding=\"async\" width=\"602\" height=\"400\" src=\"https:\/\/www.soleum.de\/wp-content\/uploads\/2017\/12\/Hotel_Dampfbad_Flachau-09-602x400.jpg\" class=\"attachment-medium size-medium\" alt=\"\" srcset=\"https:\/\/www.soleum.de\/wp-content\/uploads\/2017\/12\/Hotel_Dampfbad_Flachau-09-602x400.jpg 602w, https:\/\/www.soleum.de\/wp-content\/uploads\/2017\/12\/Hotel_Dampfbad_Flachau-09-510x339.jpg 510w, https:\/\/www.soleum.de\/wp-content\/uploads\/2017\/12\/Hotel_Dampfbad_Flachau-09-768x511.jpg 768w, https:\/\/www.soleum.de\/wp-content\/uploads\/2017\/12\/Hotel_Dampfbad_Flachau-09.jpg 1000w\" sizes=\"auto, (max-width: 602px) 100vw, 602px\" \/>                                                <\/div>\n            <\/div>\n            <div class=\"box-text text-center\" >\n                  <div class=\"box-text-inner\">\n                      <h6 class=\"uppercase portfolio-box-title\">Hotel Bagno di vapore alle erbe<\/h6>\n                      <p class=\"uppercase portfolio-box-category is-xsmall op-6\">\n                        <span class=\"show-on-hover\">\n                         Esclusivi bagni di vapore                        <\/span>\n                      <\/p>\n                  <\/div>\n            <\/div>\n           <\/div>\n           <\/a>\n           <\/div>\n           <\/div><div class=\"col\" data-terms=\"[&quot;Bagno turco con lettini&quot;,&quot;Esclusivi bagni di vapore&quot;]\" >\n          <div class=\"col-inner\" >\n          <a href=\"https:\/\/www.soleum.de\/it\/featured_item\/bagno-di-vapore-in-salamoia-hotel\/\" class=\"plain \">\n          <div class=\"portfolio-box box has-hover\">\n            <div class=\"box-image\" >\n                <div class=\"image-cover\" style=\"padding-top:100%;\">\n                <img loading=\"lazy\" decoding=\"async\" width=\"500\" height=\"333\" src=\"https:\/\/www.soleum.de\/wp-content\/uploads\/2017\/11\/Soledampfbad-Hotel-500.jpg\" class=\"attachment-medium size-medium\" alt=\"\" \/>                                                <\/div>\n            <\/div>\n            <div class=\"box-text text-center\" >\n                  <div class=\"box-text-inner\">\n                      <h6 class=\"uppercase portfolio-box-title\">Bagno di vapore in salamoia Hotel<\/h6>\n                      <p class=\"uppercase portfolio-box-category is-xsmall op-6\">\n                        <span class=\"show-on-hover\">\n                         Bagno turco con lettini, Esclusivi bagni di vapore                        <\/span>\n                      <\/p>\n                  <\/div>\n            <\/div>\n           <\/div>\n           <\/a>\n           <\/div>\n           <\/div><div class=\"col\" data-terms=\"[&quot;Bagno turco con sedili&quot;,&quot;Esclusivi bagni di vapore&quot;]\" >\n          <div class=\"col-inner\" >\n          <a href=\"https:\/\/www.soleum.de\/it\/featured_item\/area-benessere-privata\/\" class=\"plain \">\n          <div class=\"portfolio-box box has-hover\">\n            <div class=\"box-image\" >\n                <div class=\"image-cover\" style=\"padding-top:100%;\">\n                <img loading=\"lazy\" decoding=\"async\" width=\"599\" height=\"400\" src=\"https:\/\/www.soleum.de\/wp-content\/uploads\/2017\/10\/privater-Wellnessbereich-Sauna-Dampfbad-Beitrag-599x400.jpg\" class=\"attachment-medium size-medium\" alt=\"\" srcset=\"https:\/\/www.soleum.de\/wp-content\/uploads\/2017\/10\/privater-Wellnessbereich-Sauna-Dampfbad-Beitrag-599x400.jpg 599w, https:\/\/www.soleum.de\/wp-content\/uploads\/2017\/10\/privater-Wellnessbereich-Sauna-Dampfbad-Beitrag-510x341.jpg 510w, https:\/\/www.soleum.de\/wp-content\/uploads\/2017\/10\/privater-Wellnessbereich-Sauna-Dampfbad-Beitrag.jpg 600w\" sizes=\"auto, (max-width: 599px) 100vw, 599px\" \/>                                                <\/div>\n            <\/div>\n            <div class=\"box-text text-center\" >\n                  <div class=\"box-text-inner\">\n                      <h6 class=\"uppercase portfolio-box-title\">Area benessere privata<\/h6>\n                      <p class=\"uppercase portfolio-box-category is-xsmall op-6\">\n                        <span class=\"show-on-hover\">\n                         Bagno turco con sedili, Esclusivi bagni di vapore                        <\/span>\n                      <\/p>\n                  <\/div>\n            <\/div>\n           <\/div>\n           <\/a>\n           <\/div>\n           <\/div><div class=\"col\" data-terms=\"[&quot;Bagno turco con sedili&quot;,&quot;Esclusivi bagni di vapore&quot;]\" >\n          <div class=\"col-inner\" >\n          <a href=\"https:\/\/www.soleum.de\/it\/featured_item\/bagno-di-vapore-dellhotel\/\" class=\"plain \">\n          <div class=\"portfolio-box box has-hover\">\n            <div class=\"box-image\" >\n                <div class=\"image-cover\" style=\"padding-top:100%;\">\n                <img loading=\"lazy\" decoding=\"async\" width=\"600\" height=\"400\" src=\"https:\/\/www.soleum.de\/wp-content\/uploads\/2017\/05\/Hoteldampfbad-Hotel-Forsthofalm-600x400.jpg\" class=\"attachment-medium size-medium\" alt=\"\" srcset=\"https:\/\/www.soleum.de\/wp-content\/uploads\/2017\/05\/Hoteldampfbad-Hotel-Forsthofalm-600x400.jpg 600w, https:\/\/www.soleum.de\/wp-content\/uploads\/2017\/05\/Hoteldampfbad-Hotel-Forsthofalm-510x340.jpg 510w, https:\/\/www.soleum.de\/wp-content\/uploads\/2017\/05\/Hoteldampfbad-Hotel-Forsthofalm-768x512.jpg 768w, https:\/\/www.soleum.de\/wp-content\/uploads\/2017\/05\/Hoteldampfbad-Hotel-Forsthofalm.jpg 800w\" sizes=\"auto, (max-width: 600px) 100vw, 600px\" \/>                                                <\/div>\n            <\/div>\n            <div class=\"box-text text-center\" >\n                  <div class=\"box-text-inner\">\n                      <h6 class=\"uppercase portfolio-box-title\">Bagno di vapore dell&#8217;hotel<\/h6>\n                      <p class=\"uppercase portfolio-box-category is-xsmall op-6\">\n                        <span class=\"show-on-hover\">\n                         Bagno turco con sedili, Esclusivi bagni di vapore                        <\/span>\n                      <\/p>\n                  <\/div>\n            <\/div>\n           <\/div>\n           <\/a>\n           <\/div>\n           <\/div><div class=\"col\" data-terms=\"[&quot;Esclusivi bagni di vapore&quot;]\" >\n          <div class=\"col-inner\" >\n          <a href=\"https:\/\/www.soleum.de\/it\/featured_item\/bagno-di-vapore-in-salamoia-vienna\/\" class=\"plain \">\n          <div class=\"portfolio-box box has-hover\">\n            <div class=\"box-image\" >\n                <div class=\"image-cover\" style=\"padding-top:100%;\">\n                <img loading=\"lazy\" decoding=\"async\" width=\"500\" height=\"334\" src=\"https:\/\/www.soleum.de\/wp-content\/uploads\/2017\/04\/Soledampfbad-Wien-beitrag.jpg\" class=\"attachment-medium size-medium\" alt=\"\" \/>                                                <\/div>\n            <\/div>\n            <div class=\"box-text text-center\" >\n                  <div class=\"box-text-inner\">\n                      <h6 class=\"uppercase portfolio-box-title\">Bagno di vapore in salamoia Vienna<\/h6>\n                      <p class=\"uppercase portfolio-box-category is-xsmall op-6\">\n                        <span class=\"show-on-hover\">\n                         Esclusivi bagni di vapore                        <\/span>\n                      <\/p>\n                  <\/div>\n            <\/div>\n           <\/div>\n           <\/a>\n           <\/div>\n           <\/div><div class=\"col\" data-terms=\"[&quot;Esclusivi bagni di vapore&quot;]\" >\n          <div class=\"col-inner\" >\n          <a href=\"https:\/\/www.soleum.de\/it\/featured_item\/bagno-di-vapore-vienna\/\" class=\"plain \">\n          <div class=\"portfolio-box box has-hover\">\n            <div class=\"box-image\" >\n                <div class=\"image-cover\" style=\"padding-top:100%;\">\n                <img loading=\"lazy\" decoding=\"async\" width=\"500\" height=\"333\" src=\"https:\/\/www.soleum.de\/wp-content\/uploads\/2017\/04\/Dampfbad-Wien-Beitrag.jpg\" class=\"attachment-medium size-medium\" alt=\"\" \/>                                                <\/div>\n            <\/div>\n            <div class=\"box-text text-center\" >\n                  <div class=\"box-text-inner\">\n                      <h6 class=\"uppercase portfolio-box-title\">Bagno di vapore Vienna<\/h6>\n                      <p class=\"uppercase portfolio-box-category is-xsmall op-6\">\n                        <span class=\"show-on-hover\">\n                         Esclusivi bagni di vapore                        <\/span>\n                      <\/p>\n                  <\/div>\n            <\/div>\n           <\/div>\n           <\/a>\n           <\/div>\n           <\/div><div class=\"col\" data-terms=\"[&quot;Esclusivi bagni di vapore&quot;]\" >\n          <div class=\"col-inner\" >\n          <a href=\"https:\/\/www.soleum.de\/it\/featured_item\/albergo-soleum-maiers-loipersdorf\/\" class=\"plain \">\n          <div class=\"portfolio-box box has-hover\">\n            <div class=\"box-image\" >\n                <div class=\"image-cover\" style=\"padding-top:100%;\">\n                <img loading=\"lazy\" decoding=\"async\" width=\"500\" height=\"333\" src=\"https:\/\/www.soleum.de\/wp-content\/uploads\/2017\/02\/Soleum-hotel-maiers-500.jpg\" class=\"attachment-medium size-medium\" alt=\"\" \/>                                                <\/div>\n            <\/div>\n            <div class=\"box-text text-center\" >\n                  <div class=\"box-text-inner\">\n                      <h6 class=\"uppercase portfolio-box-title\">Albergo SOLEUM Maiers Loipersdorf<\/h6>\n                      <p class=\"uppercase portfolio-box-category is-xsmall op-6\">\n                        <span class=\"show-on-hover\">\n                         Esclusivi bagni di vapore                        <\/span>\n                      <\/p>\n                  <\/div>\n            <\/div>\n           <\/div>\n           <\/a>\n           <\/div>\n           <\/div><div class=\"col\" data-terms=\"[&quot;Esclusivi bagni di vapore&quot;]\" >\n          <div class=\"col-inner\" >\n          <a href=\"https:\/\/www.soleum.de\/it\/featured_item\/bagno-di-vapore-in-salamoia\/\" class=\"plain \">\n          <div class=\"portfolio-box box has-hover\">\n            <div class=\"box-image\" >\n                <div class=\"image-cover\" style=\"padding-top:100%;\">\n                <img loading=\"lazy\" decoding=\"async\" width=\"500\" height=\"333\" src=\"https:\/\/www.soleum.de\/wp-content\/uploads\/2017\/02\/soledampfbad-von-soleum-beitrag.jpg\" class=\"attachment-medium size-medium\" alt=\"\" \/>                                                <\/div>\n            <\/div>\n            <div class=\"box-text text-center\" >\n                  <div class=\"box-text-inner\">\n                      <h6 class=\"uppercase portfolio-box-title\">Bagno di vapore in salamoia<\/h6>\n                      <p class=\"uppercase portfolio-box-category is-xsmall op-6\">\n                        <span class=\"show-on-hover\">\n                         Esclusivi bagni di vapore                        <\/span>\n                      <\/p>\n                  <\/div>\n            <\/div>\n           <\/div>\n           <\/a>\n           <\/div>\n           <\/div><\/div><\/div>\n\n<div id=\"portfolio-1451211510\" class=\"portfolio-element-wrapper has-filtering\">\n  \n    <div class=\"row large-columns-5 medium-columns-3 small-columns-2 row-large slider row-slider slider-nav-reveal slider-nav-push\"  data-flickity-options='{&quot;imagesLoaded&quot;: true, &quot;groupCells&quot;: &quot;100%&quot;, &quot;dragThreshold&quot; : 5, &quot;cellAlign&quot;: &quot;left&quot;,&quot;wrapAround&quot;: true,&quot;prevNextButtons&quot;: true,&quot;percentPosition&quot;: true,&quot;pageDots&quot;: false, &quot;rightToLeft&quot;: false, &quot;autoPlay&quot; : false}' >\n\n    <div class=\"col\" data-terms=\"[&quot;Cabine climatiche marine&quot;]\" >\n          <div class=\"col-inner\" >\n          <a href=\"https:\/\/www.soleum.de\/it\/featured_item\/cabina-climatica-marina-soleum-omega-hirschenhotel-parsberg\/\" class=\"plain \">\n          <div class=\"portfolio-box box has-hover\">\n            <div class=\"box-image\" >\n                <div class=\"image-cover\" style=\"padding-top:100%;\">\n                <img loading=\"lazy\" decoding=\"async\" width=\"600\" height=\"400\" src=\"https:\/\/www.soleum.de\/wp-content\/uploads\/2021\/11\/Soleum-Omega-Meeresklimakabine-2.jpg\" class=\"attachment-medium size-medium\" alt=\"\" srcset=\"https:\/\/www.soleum.de\/wp-content\/uploads\/2021\/11\/Soleum-Omega-Meeresklimakabine-2.jpg 600w, https:\/\/www.soleum.de\/wp-content\/uploads\/2021\/11\/Soleum-Omega-Meeresklimakabine-2-510x340.jpg 510w\" sizes=\"auto, (max-width: 600px) 100vw, 600px\" \/>                                                <\/div>\n            <\/div>\n            <div class=\"box-text text-center\" >\n                  <div class=\"box-text-inner\">\n                      <h6 class=\"uppercase portfolio-box-title\">Cabina climatica marina Soleum OMEGA Hirschenhotel Parsberg<\/h6>\n                      <p class=\"uppercase portfolio-box-category is-xsmall op-6\">\n                        <span class=\"show-on-hover\">\n                         Cabine climatiche marine                        <\/span>\n                      <\/p>\n                  <\/div>\n            <\/div>\n           <\/div>\n           <\/a>\n           <\/div>\n           <\/div><div class=\"col\" data-terms=\"[&quot;Cabine climatiche marine&quot;]\" >\n          <div class=\"col-inner\" >\n          <a href=\"https:\/\/www.soleum.de\/it\/featured_item\/spa-per-esterni-per-uso-esterno\/\" class=\"plain \">\n          <div class=\"portfolio-box box has-hover\">\n            <div class=\"box-image\" >\n                <div class=\"image-cover\" style=\"padding-top:100%;\">\n                <img loading=\"lazy\" decoding=\"async\" width=\"500\" height=\"311\" src=\"https:\/\/www.soleum.de\/wp-content\/uploads\/2021\/11\/Meeresklimakabine-fuer-den-Aussenbereich.jpg\" class=\"attachment-medium size-medium\" alt=\"\" \/>                                                <\/div>\n            <\/div>\n            <div class=\"box-text text-center\" >\n                  <div class=\"box-text-inner\">\n                      <h6 class=\"uppercase portfolio-box-title\">SPA per esterni per uso esterno<\/h6>\n                      <p class=\"uppercase portfolio-box-category is-xsmall op-6\">\n                        <span class=\"show-on-hover\">\n                         Cabine climatiche marine                        <\/span>\n                      <\/p>\n                  <\/div>\n            <\/div>\n           <\/div>\n           <\/a>\n           <\/div>\n           <\/div><div class=\"col\" data-terms=\"[&quot;Cabine climatiche marine&quot;]\" >\n          <div class=\"col-inner\" >\n          <a href=\"https:\/\/www.soleum.de\/it\/featured_item\/bagno-di-vapore-di-lusso-con-inalazione-di-sale\/\" class=\"plain \">\n          <div class=\"portfolio-box box has-hover\">\n            <div class=\"box-image\" >\n                <div class=\"image-cover\" style=\"padding-top:100%;\">\n                <img loading=\"lazy\" decoding=\"async\" width=\"400\" height=\"400\" src=\"https:\/\/www.soleum.de\/wp-content\/uploads\/2022\/03\/Soleum-Luxusdampfbad-mit-Salzinhalation-Meeresklimakabine-Beitrag-400x400.jpg\" class=\"attachment-medium size-medium\" alt=\"\" srcset=\"https:\/\/www.soleum.de\/wp-content\/uploads\/2022\/03\/Soleum-Luxusdampfbad-mit-Salzinhalation-Meeresklimakabine-Beitrag-400x400.jpg 400w, https:\/\/www.soleum.de\/wp-content\/uploads\/2022\/03\/Soleum-Luxusdampfbad-mit-Salzinhalation-Meeresklimakabine-Beitrag-280x280.jpg 280w, https:\/\/www.soleum.de\/wp-content\/uploads\/2022\/03\/Soleum-Luxusdampfbad-mit-Salzinhalation-Meeresklimakabine-Beitrag-510x510.jpg 510w, https:\/\/www.soleum.de\/wp-content\/uploads\/2022\/03\/Soleum-Luxusdampfbad-mit-Salzinhalation-Meeresklimakabine-Beitrag-100x100.jpg 100w, https:\/\/www.soleum.de\/wp-content\/uploads\/2022\/03\/Soleum-Luxusdampfbad-mit-Salzinhalation-Meeresklimakabine-Beitrag.jpg 600w\" sizes=\"auto, (max-width: 400px) 100vw, 400px\" \/>                                                <\/div>\n            <\/div>\n            <div class=\"box-text text-center\" >\n                  <div class=\"box-text-inner\">\n                      <h6 class=\"uppercase portfolio-box-title\">Bagno di vapore di lusso con inalazione di sale<\/h6>\n                      <p class=\"uppercase portfolio-box-category is-xsmall op-6\">\n                        <span class=\"show-on-hover\">\n                         Cabine climatiche marine                        <\/span>\n                      <\/p>\n                  <\/div>\n            <\/div>\n           <\/div>\n           <\/a>\n           <\/div>\n           <\/div><div class=\"col\" data-terms=\"[&quot;Cabine climatiche marine&quot;]\" >\n          <div class=\"col-inner\" >\n          <a href=\"https:\/\/www.soleum.de\/it\/featured_item\/bagno-di-vapore-allaperto\/\" class=\"plain \">\n          <div class=\"portfolio-box box has-hover\">\n            <div class=\"box-image\" >\n                <div class=\"image-cover\" style=\"padding-top:100%;\">\n                <img loading=\"lazy\" decoding=\"async\" width=\"400\" height=\"400\" src=\"https:\/\/www.soleum.de\/wp-content\/uploads\/2022\/03\/Dampfbad-fuer-den-Aussenbereich-400x400.jpg\" class=\"attachment-medium size-medium\" alt=\"\" srcset=\"https:\/\/www.soleum.de\/wp-content\/uploads\/2022\/03\/Dampfbad-fuer-den-Aussenbereich-400x400.jpg 400w, https:\/\/www.soleum.de\/wp-content\/uploads\/2022\/03\/Dampfbad-fuer-den-Aussenbereich-280x280.jpg 280w, https:\/\/www.soleum.de\/wp-content\/uploads\/2022\/03\/Dampfbad-fuer-den-Aussenbereich-510x510.jpg 510w, https:\/\/www.soleum.de\/wp-content\/uploads\/2022\/03\/Dampfbad-fuer-den-Aussenbereich-100x100.jpg 100w, https:\/\/www.soleum.de\/wp-content\/uploads\/2022\/03\/Dampfbad-fuer-den-Aussenbereich.jpg 600w\" sizes=\"auto, (max-width: 400px) 100vw, 400px\" \/>                                                <\/div>\n            <\/div>\n            <div class=\"box-text text-center\" >\n                  <div class=\"box-text-inner\">\n                      <h6 class=\"uppercase portfolio-box-title\">Bagno di vapore all&#8217;aperto<\/h6>\n                      <p class=\"uppercase portfolio-box-category is-xsmall op-6\">\n                        <span class=\"show-on-hover\">\n                         Cabine climatiche marine                        <\/span>\n                      <\/p>\n                  <\/div>\n            <\/div>\n           <\/div>\n           <\/a>\n           <\/div>\n           <\/div><div class=\"col\" data-terms=\"[&quot;Cabine climatiche marine&quot;]\" >\n          <div class=\"col-inner\" >\n          <a href=\"https:\/\/www.soleum.de\/it\/featured_item\/spa-esterna-soleum-ellipse\/\" class=\"plain \">\n          <div class=\"portfolio-box box has-hover\">\n            <div class=\"box-image\" >\n                <div class=\"image-cover\" style=\"padding-top:100%;\">\n                <img loading=\"lazy\" decoding=\"async\" width=\"500\" height=\"375\" src=\"https:\/\/www.soleum.de\/wp-content\/uploads\/2021\/11\/Outdoor-SPA-Meeresklimakabine-ELLIPSE-Beitrag.jpg\" class=\"attachment-medium size-medium\" alt=\"\" \/>                                                <\/div>\n            <\/div>\n            <div class=\"box-text text-center\" >\n                  <div class=\"box-text-inner\">\n                      <h6 class=\"uppercase portfolio-box-title\">SPA esterna SOLEUM ELLIPSE<\/h6>\n                      <p class=\"uppercase portfolio-box-category is-xsmall op-6\">\n                        <span class=\"show-on-hover\">\n                         Cabine climatiche marine                        <\/span>\n                      <\/p>\n                  <\/div>\n            <\/div>\n           <\/div>\n           <\/a>\n           <\/div>\n           <\/div><div class=\"col\" data-terms=\"[&quot;Cabine climatiche marine&quot;]\" >\n          <div class=\"col-inner\" >\n          <a href=\"https:\/\/www.soleum.de\/it\/featured_item\/bagno-di-vapore-allaperto-per-la-garden-spa\/\" class=\"plain \">\n          <div class=\"portfolio-box box has-hover\">\n            <div class=\"box-image\" >\n                <div class=\"image-cover\" style=\"padding-top:100%;\">\n                <img loading=\"lazy\" decoding=\"async\" width=\"600\" height=\"400\" src=\"https:\/\/www.soleum.de\/wp-content\/uploads\/2023\/05\/SOLEUM_Aussen-SPA-ELLIPSE_6_Sicis_Mosaic-600x400.jpg\" class=\"attachment-medium size-medium\" alt=\"\" srcset=\"https:\/\/www.soleum.de\/wp-content\/uploads\/2023\/05\/SOLEUM_Aussen-SPA-ELLIPSE_6_Sicis_Mosaic-600x400.jpg 600w, https:\/\/www.soleum.de\/wp-content\/uploads\/2023\/05\/SOLEUM_Aussen-SPA-ELLIPSE_6_Sicis_Mosaic-768x512.jpg 768w, https:\/\/www.soleum.de\/wp-content\/uploads\/2023\/05\/SOLEUM_Aussen-SPA-ELLIPSE_6_Sicis_Mosaic-510x340.jpg 510w, https:\/\/www.soleum.de\/wp-content\/uploads\/2023\/05\/SOLEUM_Aussen-SPA-ELLIPSE_6_Sicis_Mosaic.jpg 980w\" sizes=\"auto, (max-width: 600px) 100vw, 600px\" \/>                                                <\/div>\n            <\/div>\n            <div class=\"box-text text-center\" >\n                  <div class=\"box-text-inner\">\n                      <h6 class=\"uppercase portfolio-box-title\">Bagno di vapore all&#8217;aperto per la Garden SPA<\/h6>\n                      <p class=\"uppercase portfolio-box-category is-xsmall op-6\">\n                        <span class=\"show-on-hover\">\n                         Cabine climatiche marine                        <\/span>\n                      <\/p>\n                  <\/div>\n            <\/div>\n           <\/div>\n           <\/a>\n           <\/div>\n           <\/div><div class=\"col\" data-terms=\"[&quot;Cabine climatiche marine&quot;]\" >\n          <div class=\"col-inner\" >\n          <a href=\"https:\/\/www.soleum.de\/it\/featured_item\/bagno-di-vapore-di-lusso-per-esterni\/\" class=\"plain \">\n          <div class=\"portfolio-box box has-hover\">\n            <div class=\"box-image\" >\n                <div class=\"image-cover\" style=\"padding-top:100%;\">\n                <img loading=\"lazy\" decoding=\"async\" width=\"533\" height=\"400\" src=\"https:\/\/www.soleum.de\/wp-content\/uploads\/2023\/05\/Dampfbad_und_halotherapiekabine-533x400.jpg\" class=\"attachment-medium size-medium\" alt=\"\" srcset=\"https:\/\/www.soleum.de\/wp-content\/uploads\/2023\/05\/Dampfbad_und_halotherapiekabine-533x400.jpg 533w, https:\/\/www.soleum.de\/wp-content\/uploads\/2023\/05\/Dampfbad_und_halotherapiekabine-768x576.jpg 768w, https:\/\/www.soleum.de\/wp-content\/uploads\/2023\/05\/Dampfbad_und_halotherapiekabine-510x383.jpg 510w, https:\/\/www.soleum.de\/wp-content\/uploads\/2023\/05\/Dampfbad_und_halotherapiekabine.jpg 1000w\" sizes=\"auto, (max-width: 533px) 100vw, 533px\" \/>                                                <\/div>\n            <\/div>\n            <div class=\"box-text text-center\" >\n                  <div class=\"box-text-inner\">\n                      <h6 class=\"uppercase portfolio-box-title\">Bagno di vapore di lusso per esterni<\/h6>\n                      <p class=\"uppercase portfolio-box-category is-xsmall op-6\">\n                        <span class=\"show-on-hover\">\n                         Cabine climatiche marine                        <\/span>\n                      <\/p>\n                  <\/div>\n            <\/div>\n           <\/div>\n           <\/a>\n           <\/div>\n           <\/div><\/div><\/div>\n\n\t<div id=\"gap-2116407616\" class=\"gap-element clearfix\" style=\"display:block; height:auto;\">\n\t\t\n<style>\n#gap-2116407616 {\n  padding-top: 40px;\n}\n<\/style>\n\t<\/div>\n\t\n\n<div class=\"container section-title-container\" ><h3 class=\"section-title section-title-center\"><b aria-hidden=\"true\"><\/b><span class=\"section-title-main\" >Informazioni interessanti<\/span><b aria-hidden=\"true\"><\/b><\/h3><\/div>\n\n\n  \n    <div class=\"row large-columns-4 medium-columns-3 small-columns-1 slider row-slider slider-nav-reveal slider-nav-push\"  data-flickity-options='{&quot;imagesLoaded&quot;: true, &quot;groupCells&quot;: &quot;100%&quot;, &quot;dragThreshold&quot; : 5, &quot;cellAlign&quot;: &quot;left&quot;,&quot;wrapAround&quot;: true,&quot;prevNextButtons&quot;: true,&quot;percentPosition&quot;: true,&quot;pageDots&quot;: false, &quot;rightToLeft&quot;: false, &quot;autoPlay&quot; : false}' >\n\n  <div class=\"col post-item\" data-animate=\"fadeInLeft\">\n\t\t\t<div class=\"col-inner\">\n\t\t\t\t<div class=\"box box-bounce box-text-bottom box-blog-post has-hover\">\n            \t\t\t\t\t<div class=\"box-image\" >\n  \t\t\t\t\t\t<div class=\"image-cover\" style=\"padding-top:56%;\">\n\t\t\t\t\t\t\t<a href=\"https:\/\/www.soleum.de\/it\/il-potere-dellhaloterapia\/\" class=\"plain\" aria-label=\"Il potere dell&#8217;haloterapia\">\n\t\t\t\t\t\t\t\t<img loading=\"lazy\" decoding=\"async\" width=\"600\" height=\"336\" src=\"https:\/\/www.soleum.de\/wp-content\/uploads\/2024\/02\/halotherapie-halotherapy.jpg\" class=\"attachment-medium size-medium wp-post-image\" alt=\"haloterapia-aloterapia\" srcset=\"https:\/\/www.soleum.de\/wp-content\/uploads\/2024\/02\/halotherapie-halotherapy.jpg 600w, https:\/\/www.soleum.de\/wp-content\/uploads\/2024\/02\/halotherapie-halotherapy-510x286.jpg 510w\" sizes=\"auto, (max-width: 600px) 100vw, 600px\" \/>\t\t\t\t\t\t\t<\/a>\n  \t\t\t\t\t\t\t  \t\t\t\t\t\t\t  \t\t\t\t\t\t<\/div>\n  \t\t\t\t\t\t  \t\t\t\t\t<\/div>\n          \t\t\t\t\t<div class=\"box-text text-center\" >\n\t\t\t\t\t<div class=\"box-text-inner blog-post-inner\">\n\n\t\t\t\t\t\n\t\t\t\t\t\t\t\t\t\t<h5 class=\"post-title is-large \">\n\t\t\t\t\t\t<a href=\"https:\/\/www.soleum.de\/it\/il-potere-dellhaloterapia\/\" class=\"plain\">Il potere dell&#8217;haloterapia<\/a>\n\t\t\t\t\t<\/h5>\n\t\t\t\t\t\t\t\t\t\t<div class=\"is-divider\"><\/div>\n\t\t\t\t\t\t\t\t\t\t<p class=\"from_the_blog_excerpt \">\n\t\t\t\t\t\tUna terapia che ha guadagnato popolarit\u00e0 negli ultimi anni \u00e8 l'haloterapia, nota anche come terapia [...]\t\t\t\t\t<\/p>\n\t\t\t\t\t                    \n\t\t\t\t\t\n\t\t\t\t\t\n\t\t\t\t\t<\/div>\n\t\t\t\t\t<\/div>\n\t\t\t\t\t\t\t\t\t\t\t\t\t\t\t\t<div class=\"badge absolute top post-date badge-outline\">\n\t\t\t\t\t\t\t<div class=\"badge-inner\">\n\t\t\t\t\t\t\t\t<span class=\"post-date-day\">28<\/span><br>\n\t\t\t\t\t\t\t\t<span class=\"post-date-month is-xsmall\">Feb<\/span>\n\t\t\t\t\t\t\t<\/div>\n\t\t\t\t\t\t<\/div>\n\t\t\t\t\t\t\t\t\t<\/div>\n\t\t\t<\/div>\n\t\t<\/div><div class=\"col post-item\" data-animate=\"fadeInLeft\">\n\t\t\t<div class=\"col-inner\">\n\t\t\t\t<div class=\"box box-bounce box-text-bottom box-blog-post has-hover\">\n            \t\t\t\t\t<div class=\"box-image\" >\n  \t\t\t\t\t\t<div class=\"image-cover\" style=\"padding-top:56%;\">\n\t\t\t\t\t\t\t<a href=\"https:\/\/www.soleum.de\/it\/costruire-un-bagno-turco-da-soli\/\" class=\"plain\" aria-label=\"Costruire un bagno turco da soli\">\n\t\t\t\t\t\t\t\t<img loading=\"lazy\" decoding=\"async\" width=\"800\" height=\"400\" src=\"https:\/\/www.soleum.de\/wp-content\/uploads\/2023\/10\/Hamam-SPA-Modul-Kombination_T95-BTB-GK-800x400.jpg\" class=\"attachment-medium size-medium wp-post-image\" alt=\"Hamam-SPA-Modulo-Combinazione_T95-BTB-GK\" srcset=\"https:\/\/www.soleum.de\/wp-content\/uploads\/2023\/10\/Hamam-SPA-Modul-Kombination_T95-BTB-GK-800x400.jpg 800w, https:\/\/www.soleum.de\/wp-content\/uploads\/2023\/10\/Hamam-SPA-Modul-Kombination_T95-BTB-GK-768x384.jpg 768w, https:\/\/www.soleum.de\/wp-content\/uploads\/2023\/10\/Hamam-SPA-Modul-Kombination_T95-BTB-GK-510x255.jpg 510w, https:\/\/www.soleum.de\/wp-content\/uploads\/2023\/10\/Hamam-SPA-Modul-Kombination_T95-BTB-GK.jpg 1200w\" sizes=\"auto, (max-width: 800px) 100vw, 800px\" \/>\t\t\t\t\t\t\t<\/a>\n  \t\t\t\t\t\t\t  \t\t\t\t\t\t\t  \t\t\t\t\t\t<\/div>\n  \t\t\t\t\t\t  \t\t\t\t\t<\/div>\n          \t\t\t\t\t<div class=\"box-text text-center\" >\n\t\t\t\t\t<div class=\"box-text-inner blog-post-inner\">\n\n\t\t\t\t\t\n\t\t\t\t\t\t\t\t\t\t<h5 class=\"post-title is-large \">\n\t\t\t\t\t\t<a href=\"https:\/\/www.soleum.de\/it\/costruire-un-bagno-turco-da-soli\/\" class=\"plain\">Costruire un bagno turco da soli<\/a>\n\t\t\t\t\t<\/h5>\n\t\t\t\t\t\t\t\t\t\t<div class=\"is-divider\"><\/div>\n\t\t\t\t\t\t\t\t\t\t<p class=\"from_the_blog_excerpt \">\n\t\t\t\t\t\tCostruite voi stessi un bagno turco - con i moduli SPA di SOLEUM Offriamo un'ampia [...]\t\t\t\t\t<\/p>\n\t\t\t\t\t                    \n\t\t\t\t\t\n\t\t\t\t\t\n\t\t\t\t\t<\/div>\n\t\t\t\t\t<\/div>\n\t\t\t\t\t\t\t\t\t\t\t\t\t\t\t\t<div class=\"badge absolute top post-date badge-outline\">\n\t\t\t\t\t\t\t<div class=\"badge-inner\">\n\t\t\t\t\t\t\t\t<span class=\"post-date-day\">09<\/span><br>\n\t\t\t\t\t\t\t\t<span class=\"post-date-month is-xsmall\">Ott<\/span>\n\t\t\t\t\t\t\t<\/div>\n\t\t\t\t\t\t<\/div>\n\t\t\t\t\t\t\t\t\t<\/div>\n\t\t\t<\/div>\n\t\t<\/div><div class=\"col post-item\" data-animate=\"fadeInLeft\">\n\t\t\t<div class=\"col-inner\">\n\t\t\t\t<div class=\"box box-bounce box-text-bottom box-blog-post has-hover\">\n            \t\t\t\t\t<div class=\"box-image\" >\n  \t\t\t\t\t\t<div class=\"image-cover\" style=\"padding-top:56%;\">\n\t\t\t\t\t\t\t<a href=\"https:\/\/www.soleum.de\/it\/area-tecnica-bagno-turco-2\/\" class=\"plain\" aria-label=\"Area tecnica bagno turco\">\n\t\t\t\t\t\t\t\t<img loading=\"lazy\" decoding=\"async\" width=\"480\" height=\"400\" src=\"https:\/\/www.soleum.de\/wp-content\/uploads\/2023\/10\/Dampfgenerator-Schema_1-480x400.jpg\" class=\"attachment-medium size-medium wp-post-image\" alt=\"Area tecnica bagno turco\" srcset=\"https:\/\/www.soleum.de\/wp-content\/uploads\/2023\/10\/Dampfgenerator-Schema_1-480x400.jpg 480w, https:\/\/www.soleum.de\/wp-content\/uploads\/2023\/10\/Dampfgenerator-Schema_1-959x800.jpg 959w, https:\/\/www.soleum.de\/wp-content\/uploads\/2023\/10\/Dampfgenerator-Schema_1-768x641.jpg 768w, https:\/\/www.soleum.de\/wp-content\/uploads\/2023\/10\/Dampfgenerator-Schema_1-510x425.jpg 510w, https:\/\/www.soleum.de\/wp-content\/uploads\/2023\/10\/Dampfgenerator-Schema_1.jpg 1000w\" sizes=\"auto, (max-width: 480px) 100vw, 480px\" \/>\t\t\t\t\t\t\t<\/a>\n  \t\t\t\t\t\t\t  \t\t\t\t\t\t\t  \t\t\t\t\t\t<\/div>\n  \t\t\t\t\t\t  \t\t\t\t\t<\/div>\n          \t\t\t\t\t<div class=\"box-text text-center\" >\n\t\t\t\t\t<div class=\"box-text-inner blog-post-inner\">\n\n\t\t\t\t\t\n\t\t\t\t\t\t\t\t\t\t<h5 class=\"post-title is-large \">\n\t\t\t\t\t\t<a href=\"https:\/\/www.soleum.de\/it\/area-tecnica-bagno-turco-2\/\" class=\"plain\">Area tecnica bagno turco<\/a>\n\t\t\t\t\t<\/h5>\n\t\t\t\t\t\t\t\t\t\t<div class=\"is-divider\"><\/div>\n\t\t\t\t\t\t\t\t\t\t<p class=\"from_the_blog_excerpt \">\n\t\t\t\t\t\tQui troverete informazioni sull'area tecnica di un bagno turco. La tecnologia del bagno turco ha [...]\t\t\t\t\t<\/p>\n\t\t\t\t\t                    \n\t\t\t\t\t\n\t\t\t\t\t\n\t\t\t\t\t<\/div>\n\t\t\t\t\t<\/div>\n\t\t\t\t\t\t\t\t\t\t\t\t\t\t\t\t<div class=\"badge absolute top post-date badge-outline\">\n\t\t\t\t\t\t\t<div class=\"badge-inner\">\n\t\t\t\t\t\t\t\t<span class=\"post-date-day\">04<\/span><br>\n\t\t\t\t\t\t\t\t<span class=\"post-date-month is-xsmall\">Ott<\/span>\n\t\t\t\t\t\t\t<\/div>\n\t\t\t\t\t\t<\/div>\n\t\t\t\t\t\t\t\t\t<\/div>\n\t\t\t<\/div>\n\t\t<\/div><div class=\"col post-item\" data-animate=\"fadeInLeft\">\n\t\t\t<div class=\"col-inner\">\n\t\t\t\t<div class=\"box box-bounce box-text-bottom box-blog-post has-hover\">\n            \t\t\t\t\t<div class=\"box-image\" >\n  \t\t\t\t\t\t<div class=\"image-cover\" style=\"padding-top:56%;\">\n\t\t\t\t\t\t\t<a href=\"https:\/\/www.soleum.de\/it\/sauna-esterna-soleum-la-sauna-a-vapore-per-uso-esterno\/\" class=\"plain\" aria-label=\"Sauna esterna SOLEUM &#8211; La sauna a vapore per uso esterno\">\n\t\t\t\t\t\t\t\t<img loading=\"lazy\" decoding=\"async\" width=\"533\" height=\"400\" src=\"https:\/\/www.soleum.de\/wp-content\/uploads\/2023\/08\/Aussensauna-Outdoor-SPA-SOLEUM-533x400.jpg\" class=\"attachment-medium size-medium wp-post-image\" alt=\"Sauna esterna, SPA esterna da SOLEUM\" srcset=\"https:\/\/www.soleum.de\/wp-content\/uploads\/2023\/08\/Aussensauna-Outdoor-SPA-SOLEUM-533x400.jpg 533w, https:\/\/www.soleum.de\/wp-content\/uploads\/2023\/08\/Aussensauna-Outdoor-SPA-SOLEUM-768x576.jpg 768w, https:\/\/www.soleum.de\/wp-content\/uploads\/2023\/08\/Aussensauna-Outdoor-SPA-SOLEUM-510x383.jpg 510w, https:\/\/www.soleum.de\/wp-content\/uploads\/2023\/08\/Aussensauna-Outdoor-SPA-SOLEUM.jpg 800w\" sizes=\"auto, (max-width: 533px) 100vw, 533px\" \/>\t\t\t\t\t\t\t<\/a>\n  \t\t\t\t\t\t\t  \t\t\t\t\t\t\t  \t\t\t\t\t\t<\/div>\n  \t\t\t\t\t\t  \t\t\t\t\t<\/div>\n          \t\t\t\t\t<div class=\"box-text text-center\" >\n\t\t\t\t\t<div class=\"box-text-inner blog-post-inner\">\n\n\t\t\t\t\t\n\t\t\t\t\t\t\t\t\t\t<h5 class=\"post-title is-large \">\n\t\t\t\t\t\t<a href=\"https:\/\/www.soleum.de\/it\/sauna-esterna-soleum-la-sauna-a-vapore-per-uso-esterno\/\" class=\"plain\">Sauna esterna SOLEUM &#8211; La sauna a vapore per uso esterno<\/a>\n\t\t\t\t\t<\/h5>\n\t\t\t\t\t\t\t\t\t\t<div class=\"is-divider\"><\/div>\n\t\t\t\t\t\t\t\t\t\t<p class=\"from_the_blog_excerpt \">\n\t\t\t\t\t\tLa sauna a vapore Soleum\u00ae per esterni \u00e8 unica e offre molti vantaggi. \u00c8 anche [...]\t\t\t\t\t<\/p>\n\t\t\t\t\t                    \n\t\t\t\t\t\n\t\t\t\t\t\n\t\t\t\t\t<\/div>\n\t\t\t\t\t<\/div>\n\t\t\t\t\t\t\t\t\t\t\t\t\t\t\t\t<div class=\"badge absolute top post-date badge-outline\">\n\t\t\t\t\t\t\t<div class=\"badge-inner\">\n\t\t\t\t\t\t\t\t<span class=\"post-date-day\">23<\/span><br>\n\t\t\t\t\t\t\t\t<span class=\"post-date-month is-xsmall\">Ago<\/span>\n\t\t\t\t\t\t\t<\/div>\n\t\t\t\t\t\t<\/div>\n\t\t\t\t\t\t\t\t\t<\/div>\n\t\t\t<\/div>\n\t\t<\/div><\/div>\n\n\n","protected":false},"excerpt":{"rendered":"<p>LIEVI RISCALDATE per le SPA degli hotel, le aree benessere private e i salotti. I lettini della SPA dell&#8217;hotel hanno una classe a s\u00e9 stante.<\/p>\n","protected":false},"author":1,"featured_media":21058,"parent":0,"menu_order":1,"comment_status":"closed","ping_status":"closed","template":"page-blank.php","meta":{"footnotes":""},"class_list":["post-21986","page","type-page","status-publish","has-post-thumbnail","hentry"],"_links":{"self":[{"href":"https:\/\/www.soleum.de\/it\/wp-json\/wp\/v2\/pages\/21986","targetHints":{"allow":["GET"]}}],"collection":[{"href":"https:\/\/www.soleum.de\/it\/wp-json\/wp\/v2\/pages"}],"about":[{"href":"https:\/\/www.soleum.de\/it\/wp-json\/wp\/v2\/types\/page"}],"author":[{"embeddable":true,"href":"https:\/\/www.soleum.de\/it\/wp-json\/wp\/v2\/users\/1"}],"replies":[{"embeddable":true,"href":"https:\/\/www.soleum.de\/it\/wp-json\/wp\/v2\/comments?post=21986"}],"version-history":[{"count":5,"href":"https:\/\/www.soleum.de\/it\/wp-json\/wp\/v2\/pages\/21986\/revisions"}],"predecessor-version":[{"id":32291,"href":"https:\/\/www.soleum.de\/it\/wp-json\/wp\/v2\/pages\/21986\/revisions\/32291"}],"wp:featuredmedia":[{"embeddable":true,"href":"https:\/\/www.soleum.de\/it\/wp-json\/wp\/v2\/media\/21058"}],"wp:attachment":[{"href":"https:\/\/www.soleum.de\/it\/wp-json\/wp\/v2\/media?parent=21986"}],"curies":[{"name":"wp","href":"https:\/\/api.w.org\/{rel}","templated":true}]}}